{"version":"1.0","provider_name":"Sport24","provider_url":"https:\/\/sport24.24.hu","author_name":"Bruckner G\u00e1bor","author_url":"https:\/\/sport24.24.hu\/author\/brucknerg\/","title":"A Liverpool \u00faj szt\u00e1rja, Luis Diaz a kolumbiai sivatag kecskeny\u00e1jai mell\u0151l \u00e9rkezik","html":"\u201eA meg\u00e9rz\u00e9st nem szabad ignor\u00e1lni. Olyan adatot testes\u00edt meg, amelyek t\u00fal gyorsak, hogy az emberi elme felfogja \u0151ket\u201d \u2013 mondja a <strong>Benedict Cumberbatch<\/strong> \u00e1ltal j\u00e1tszott Sherlock Holmes h\u0171 t\u00e1rs\u00e1nak, John Watsonnak a Sherlock c\u00edm\u0171, BBC-gy\u00e1rt\u00e1s\u00fa sorozatban. N\u00e9h\u00e1nyan \u00fagy gondolhatj\u00e1k az, hogy a modern futball olyannyira a kutat\u00f3munk\u00e1ra, az elemz\u00e9sre, a t\u00e9nyekre, a statisztik\u00e1kra \u00e9p\u00fcl, kiszipolyozza ebb\u0151l a gy\u00f6ny\u00f6r\u0171 j\u00e1t\u00e9kb\u00f3l a lelket. \u00c9s persze r\u00e9gebben is fel\u00e9p\u00fcltek nagy csapatok, nem kellettek ahhoz matematikai k\u00e9pletek \u00e9s elm\u00e9leti filoz\u00f3fusok.\u201d\r\n\r\nMintha valamif\u00e9le k\u00fcl\u00f6nleges, var\u00e1zslatos intu\u00edci\u00f3val rendelkez\u0151 szakik m\u0171k\u00f6dtett\u00e9k volna azt a vil\u00e1got. Term\u00e9szetesen s\u00e9t\u00e1lgatnak a p\u00e1lya mellett olyanok, akiknek annyi az inform\u00e1ci\u00f3juk, annyi a tapasztalatuk, hogy t\u00e9nyleg egy-k\u00e9t mozdulatb\u00f3l l\u00e1tj\u00e1k, kib\u0151l lesz nagy labdar\u00fag\u00f3. Csakhogy az ilyen szem\u00e9ly ritka, \u00e9s \u00e9rtelemszer\u0171en az \u0151 meg\u00e9rz\u00e9sei sem csalhatatlanok. Ez\u00e9rt van sz\u00fcks\u00e9g adatb\u00e1zisokra, olyan anyagokra, amelyek kiindul\u00f3pontot jelenthetnek, \u00e9s seg\u00edts\u00e9g\u00fckkel \u00e9veken kereszt\u00fcl pontosan lehet k\u00f6vetni egy-egy futballista fejl\u0151d\u00e9s\u00e9t. Ezek mell\u00e9 elegend\u0151nek bizonyul olyasvalaki, aki tudja, az adott klub milyen \u00faton halad \u00e9s hogy azon milyen igazol\u00e1sokkal lehet tov\u00e1bb s\u00e9t\u00e1lni. \u00cdgy egyetlen csapat sincs kiszolg\u00e1ltatva a meg\u00e9rz\u00e9sek nagymestereinek, ha pedig ezek a l\u00e1ngelm\u00e9k eleve vel\u00fck dolgoznak, a hib\u00e1kat cs\u00f6kkentik minim\u00e1lisra.\r\n\r\n<span class=\"highlight-block-small\">Ennek az \u00fajszer\u0171, modern, \u00e1mulatba ejt\u0151 r\u00e9szletess\u00e9ggel oper\u00e1l\u00f3 megk\u00f6zel\u00edt\u00e9snek egy\u00e9rtelm\u0171en a Liverpool a legjelent\u0151sebb alkalmaz\u00f3ja. <\/span>\r\n\r\nMinden jel arra utal, hogy ez\u00fattal sem t\u00e9vednek \u00e9s \u00f3ri\u00e1sit h\u00faznak.\r\n<div class=\"payable-content-section\"><\/div>\r\n<strong>Luis Diaz<\/strong> az FC Port\u00f3b\u00f3l \u00e9rkezik a Mersey partj\u00e1ra \u2013 Anglia a m\u00e1sodik eur\u00f3pai \u00e1llom\u00e1sa lesz, Portug\u00e1li\u00e1ban k\u00e9t \u00e9s f\u00e9l \u00e9vet t\u00f6lt\u00f6tt el. A magass\u00e1ga 178 centim\u00e9ter k\u00f6r\u00fcli, 25 \u00e9ves, jobbl\u00e1bas balsz\u00e9ls\u0151k\u00e9nt szerepel \u00e9s m\u00e1ra a kolumbiai v\u00e1logatott oszlopos tagja. Akkor sem j\u00f6n zavarba, hogyha kifel\u00e9, a rosszabbik l\u00e1ba fel\u00e9 kell elindulni \u00e9s beadni, de els\u0151dlegesen befel\u00e9 szeret cselezni \u00e9s kapura t\u00f6rni. A sebess\u00e9ge szenz\u00e1ci\u00f3s, az els\u0151 l\u00e9p\u00e9se d\u00f6bbenetes, az ir\u00e1nyv\u00e1lt\u00e1sai frenetikusan gyorsak. K\u00e9pes r\u00e9szt venni az el\u0151k\u00e9sz\u00edt\u00e9sben, a legnagyobb er\u0151ss\u00e9ge m\u00e9gis az az elk\u00e9peszt\u0151 vesz\u00e9ly, amit az ellenfelek kapuj\u00e1ra jelent. T\u00f6m\u00e9ntelen mennyis\u00e9g\u0171 l\u00f6v\u00e9st ereszt el\u2026, \u00e9s ami m\u00e9g enn\u00e9l is sokkal, sokkal fontosabb, hogy egyre jobb helyekr\u0151l, egyre pontosabban t\u00fczel. A mostani megugr\u00e1sa g\u00f3lok ter\u00e9n ennek k\u00f6sz\u00f6nhet\u0151: m\u00edg a 2020\/21-es \u00e9vadban tizenegyszer fejezett be sikeresen t\u00e1mad\u00e1st (a bajnoks\u00e1gban hatszor), addig a 2021\/22-es szezonban feleannyi id\u0151 alatt 16 g\u00f3lig jutott (a portug\u00e1l lig\u00e1ban 14-ig). Amikor ekkora kit\u00e9r\u00e9st \u00e9szlel\u00fcnk, manaps\u00e1g arra k\u00f6vetkeztet\u00fcnk, hogy a puszta szerencse okozza; a csat\u00e1r minden bizonnyal fel\u00fclteljes\u00edti a v\u00e1rhat\u00f3 g\u00f3lok modellj\u00e9t. El\u0151sz\u00f6r hasonl\u00f3 felt\u00e9telez\u00e9s r\u00f6ppent fel Diazzal kapcsolatban is, mert az xG-t ezerf\u00e9lek\u00e9ppen m\u00e9rik \u00e9s s\u00falyozz\u00e1k, m\u00e1rpedig az egyik c\u00e9g statisztikai mutat\u00f3ja ezt \u00e1ll\u00edtotta. A val\u00f3s\u00e1g azonban az, hogy nagyj\u00e1b\u00f3l m\u00e1sf\u00e9l g\u00f3lnyi k\u00fcl\u00f6nbs\u00e9g h\u00faz\u00f3dik a k\u00e9t sz\u00e1m k\u00f6z\u00f6tt. Ez \u2013 amennyiben a t\u00e1mad\u00f3 kiv\u00e1l\u00f3 befejez\u0151 \u2013 elhanyagolhat\u00f3 differencia. \u00c9s Diaz b\u00e1mulatos. Az, hogy valaki k\u00edm\u00e9letlen a kapuval szemben, nem valamif\u00e9le m\u00e1gikus er\u00e9ny, hanem a lehet\u0151 legegyszer\u0171bb dologr\u00f3l van sz\u00f3. A sarkokat tal\u00e1lja el.\r\n\r\n<img class=\"alignnone size-full wp-image-3535\" src=\"https:\/\/sport24.24.hu\/app\/uploads\/sites\/24\/2022\/01\/diazkep.png\" alt=\"\" width=\"1600\" height=\"900\" \/>\r\n\r\nAzzal kombin\u00e1lva ezt, hogy az id\u00e9n mennyivel t\u00f6bbsz\u00f6r tud a tizenhatoson bel\u00fclr\u0151l l\u0151ni, hal\u00e1los elegyet kapunk, ami robban\u00e1sra k\u00e9sz.\r\n\r\nA G\u00e9n\u00e9ration Foot Akad\u00e9mia Szeneg\u00e1l elitint\u00e9zm\u00e9nye. Dakarban, az orsz\u00e1g f\u0151v\u00e1ros\u00e1ban tal\u00e1lhat\u00f3, \u00e9s a vid\u00e9kr\u0151l, az alacsony l\u00e9leksz\u00e1m\u00fa telep\u00fcl\u00e9sekr\u0151l \u00e9rkez\u0151knek ennek megfelel\u0151en m\u00e1r ide is hatalmas ugr\u00e1s eljutni. \u00cdgy volt ez a kis <strong>Sadio Man\u00e9<\/strong> eset\u00e9ben is; szer\u00e9ny k\u00f6r\u00fclm\u00e9nyek k\u00f6z\u00fcl kil\u00e9pve m\u00e1r ez az ugr\u00e1s is lemond\u00e1sokkal j\u00e1rt mind az \u0151, mind a csal\u00e1dja sz\u00e1m\u00e1ra. Amikor a nevel\u0151m\u0171helyt\u0151l elhozta \u0151t a Metz, eg\u00e9szen a m\u00e1sodik Eur\u00f3p\u00e1ban t\u00f6lt\u00f6tt napig m\u00e9g az \u00e9desanyj\u00e1nak sem sz\u00f3lt a transzferr\u0151l. \u201eK\u00e9pzeld, Franciaorsz\u00e1gban vagyok!\u201d \u2013 mondta. Mire a mama visszak\u00e9rdezett: \u201eMif\u00e9le Franciaorsz\u00e1g? Te Szeneg\u00e1lban \u00e9lsz!\u201d\r\n\r\nOlyannyira es\u00e9lytelennek t\u0171nt a profi karrier el\u00e9r\u00e9se, hogy Man\u00e9ban a saj\u00e1t sz\u00fclei sem hittek. Igyekeztek \u0151t seg\u00edteni a maguk m\u00f3dj\u00e1n, de nemcsak a vil\u00e1gnak, hanem m\u00e9g azoknak is bizony\u00edtania kellett, akik elvileg a felt\u00e9tlen szeretetet \u00e9s t\u00e1mogat\u00e1st biztos\u00edtan\u00e1k.\r\n\r\n<span class=\"highlight-block\">Ha igaz\u00e1n hiszel az \u00e1lmodban, az hegyeket mozgathat meg.<\/span>\r\n\r\nB\u00e1rmit megteszel \u00e9rte \u2013 ak\u00e1r oda-vissza (!) n\u00e9gy-\u00f6t \u00e1tsz\u00e1ll\u00e1ssal is buszozol n\u00e9gy \u00e9s f\u00e9l \u00f3r\u00e1t, az egyiptomi forr\u00f3s\u00e1gban. Reggel 7 \u00f3r\u00e1ra az iskol\u00e1ban, 9-kor a j\u00e1rm\u0171v\u00f6n, 3-kor az edz\u00e9sen, majd egy \u00fajabb zakatol\u00e1s hazafel\u00e9. Heti \u00f6t alkalommal, tin\u00e9dzserk\u00e9nt. <strong>Mohamed Szalah-nak<\/strong> ez kellett ahhoz, hogy Kair\u00f3ban, az els\u0151 komoly \u00e1llom\u00e1shely\u00e9n megfeleljen, \u00e9s megkapja a nagy es\u00e9lyt az \u00f6reg kontinensen. V\u00e9letlen\u00fcl sem lebut\u00e1zva \u0151t, de napi k\u00e9t \u00f3ra iskol\u00e1val sok sansza nem lett volna tov\u00e1bbtanulni a fels\u0151oktat\u00e1sban...no nem, mintha ez \u00e1llt volna a terveiben. A futballt akarta, a labdar\u00fag\u00e1s cs\u00facs\u00e1t \u2013 \u00e9s a c\u00e9l el\u00e9r\u00e9s\u00e9\u00e9rt rengeteg \u00e1ldozatot hozott.\r\n\r\nSajnos, ha az ember meghallja, hogy valaki egy brazil nagyv\u00e1ros egyik negyed\u00e9ben n\u0151tt fel, egyb\u0151l a fenomen\u00e1lis, Isten V\u00e1rosa c\u00edm\u0171 film k\u00f6rnyezet\u00e9re gondol. Omladoz\u00f3 t\u00e9gla\u00e9p\u00fcletek, fegyverrel rohang\u00e1l\u00f3 nyolc\u00e9vesek \u00e9s drog\u00fczlet minden sarkon. Ez persze sokszor el\u0151\u00edt\u00e9letess\u00e9g, \u00e1m <strong>Roberto Firmino<\/strong> eset\u00e9ben a legkev\u00e9sb\u00e9 sem t\u00falz\u00e1s. Macei\u00f3 egyik legbrut\u00e1lisabb k\u00f6rny\u00e9k\u00e9n nevelkedett, ahol a b\u0171n\u00f6z\u00e9s az egekben. A sz\u00fclei nem akart\u00e1k \u0151t elengedni edz\u00e9sekre, mert att\u00f3l f\u00e9ltek, val\u00f3j\u00e1ban valami banda mellett k\u00f6tne ki. A bar\u00e1tai \u00e9s a csapatt\u00e1rsai, s\u0151t az edz\u0151je is k\u00fcl\u00f6nb\u00f6z\u0151 \u0151r\u00fclt m\u00f3dszereket \u00f6tl\u00f6tt ki, hogy az a jellegzetes sz\u00e9les mosoly felvillanhasson a tr\u00e9ningeken. Az ificsapat messze legtehets\u00e9gesebb tagja el\u0151tt a kit\u00f6r\u00e9s v\u00edzi\u00f3ja lebegett; az, hogy a szeretteit kiemelje ebb\u0151l a k\u00f6rnyezetb\u0151l.\r\n\r\nA Wayuu n\u00e9pcsoport a La Guajira nev\u0171, Kolumbia \u00e9s Venezuela hat\u00e1r\u00e1n h\u00faz\u00f3d\u00f3 ter\u00fcleten \u00e9l. B\u00e1r \u00e9szakon a hat\u00e1rvid\u00e9k v\u00e9gig a Karib-tenger partj\u00e1n h\u00faz\u00f3dik, a t\u00e9rs\u00e9g a legkev\u00e9sb\u00e9 sem nevezhet\u0151 kellemesnek \u2013 a legnagyobb kiterjed\u00e9s\u0171 r\u00e9szben a siv\u00e1r Guajira-sivatag h\u00faz\u00f3dik. A wayuuk Kolumbia legnagyobb bennsz\u00fcl\u00f6tt etnikum\u00e1t alkotj\u00e1k, igencsak felismerhet\u0151 szok\u00e1sokkal. A n\u00e9pess\u00e9g k\u00fcl\u00f6nb\u00f6z\u0151 kl\u00e1nokra oszlik, emellett a lakhely\u00fck tradicion\u00e1lis fel\u00e9p\u00edt\u00e9s\u0171 \u00e9s eloszl\u00e1s\u00fa, gener\u00e1ci\u00f3k \u00f3ta. Ami szint\u00e9n fontos jellemz\u0151j\u00fck; b\u00e1r a glob\u00e1lis felmeleged\u00e9s egyik kev\u00e9sb\u00e9 fancy velej\u00e1r\u00f3ja, az elsivatagosod\u00e1s nagyon kem\u00e9nyen s\u00fajtotta az otthonukat az elm\u00falt \u00e9vtizedekben, nem kis akad\u00e1lyt \u00e1ll\u00edtva az \u00e9letform\u00e1juk fenntart\u00e1sa el\u00e9, a mai napig rengetegen tartanak kecsk\u00e9ket. Amikor Luis Diaz a csal\u00e1dja \u00e1ltal igazgatott kis falusi egy\u00fcttesb\u0151l a Barranquilla FC-hez ker\u00fclt, a legnagyobb probl\u00e9ma a s\u00faly\u00e1val ad\u00f3dott.\r\n\r\n<span class=\"highlight-block\">A wayuuk t\u00f6bbs\u00e9ge roppant m\u00f3d szeg\u00e9ny, ez al\u00f3l Diaz sem volt kiv\u00e9tel. <\/span>\r\n\r\nA gyerekkora sor\u00e1n a f\u0151 t\u00e1pl\u00e1l\u00e9kot a m\u00e1r eml\u00edtett haszon\u00e1llatok h\u00fasa \u00e9s a nem t\u00fal v\u00e1ltozatos helyi mez\u0151gazdas\u00e1gi term\u00e9kek jelentett\u00e9k. Annyira alult\u00e1pl\u00e1lt volt, hogy proteindi\u00e9t\u00e1ra k\u00fcldt\u00e9k \u2013 azt k\u00e9rt\u00e9k, pakoljon mag\u00e1ra t\u00edz kil\u00f3t. \u0150 sem tehetett m\u00e1st, mint rettent\u0151 kem\u00e9nyen kezdett mel\u00f3zni, mert semmi egy\u00e9b lehet\u0151s\u00e9ge nem ad\u00f3dott. \u00dagy hallgatta az edz\u0151i szavait, mint a szentbesz\u00e9det. Csakis ez vezetett ki a m\u00faltb\u00f3l, mind neki, mind a hozz\u00e1 legk\u00f6zelebb \u00e1ll\u00f3knak.\r\n\r\nhttps:\/\/twitter.com\/SimonEdwardsSAF\/status\/1487136935231598600\r\n\r\nEzernyi olyan t\u00f6rt\u00e9netet ismer\u00fcnk, amely a m\u00e1ra m\u00e1r r\u00e9g berobbant futballszt\u00e1rok gyerekkor\u00e1t ves\u00e9zgeti. \u00c1m \u2013 v\u00e9letlen\u00fcl sem lebecs\u00fclve vagy min\u0151s\u00edtve ak\u00e1rmelyiket \u2013 egy dolog a m\u00e9lyr\u0151l, olyan helyzetb\u0151l kit\u00f6rni, megcsin\u00e1lni, az es\u00e9lyeket meghazudtolni, illetve ugyanezt emellett m\u00e9g elhivatotts\u00e1ggal, a tieid megseg\u00edt\u00e9s\u00e9nek c\u00e9lj\u00e1val \u00e9s al\u00e1zattal f\u0171szerezni. Merthogy ut\u00f3bbi eset\u00e9ben a cs\u00facsra jut\u00e1sod a hozz\u00e1\u00e1ll\u00e1sod szimb\u00f3luma. Annak, hogy m\u00e1r kis korodt\u00f3l kezdve felfogtad, a k\u00fcl\u00f6nb\u00f6z\u0151 \u00e1llom\u00e1shelyeken a javadat akarj\u00e1k. Hogyha el akarsz jutni a v\u00e1gyott magass\u00e1gba, akkor b\u00e1rmilyen f\u00e1jdalmas vagy embert pr\u00f3b\u00e1l\u00f3 feladatot is k\u00e9rnek, meg kell ugranod azt. Az \u00e9let neh\u00e9z utat fektetett el\u00e9d \u00e9s ezen a kanyarg\u00f3s, szikl\u00e1s hegyoldalon m\u00e1szva \u00e9rhetsz csak a finisbe.\r\n<blockquote>\u00dagy gondoljuk, minden megvan benne, hogy alkalmazkodjon a mi filoz\u00f3fi\u00e1nkhoz \u00e9s a Premier League-hez, mind fizik\u00e1lisan, mind ment\u00e1lisan. Olyan j\u00e1t\u00e9kos, aki \u00e9hezik a sikerre, \u00e9s tudja, hogyan kell k\u00fczdeni az\u00e9rt, amit el akarsz \u00e9rni. \u0150 egy harcos, k\u00e9ts\u00e9g sem f\u00e9rhet hozz\u00e1<\/blockquote>\r\n\u2013 folytatta <strong>Klopp<\/strong> a cikk elej\u00e9n m\u00e1r id\u00e9zett \u00edr\u00e1sban. A Liverpool ezeket az embereket keresi.\r\n\r\n<img class=\"alignnone size-large wp-image-3542\" src=\"https:\/\/sport24.24.hu\/app\/uploads\/sites\/24\/2022\/01\/gettyimages-1232313189-1024x683.jpg\" alt=\"\" width=\"1024\" height=\"683\" \/>\r\n\r\nOdahaza nyilv\u00e1n nem tan\u00fas\u00edthatj\u00e1k ugyanezt a hozz\u00e1\u00e1ll\u00e1st, hiszen a Primeira Lig\u00e1ban \u0151k a nagyok, nekik kell domin\u00e1lni, de a Bajnokok Lig\u00e1j\u00e1ban t\u00f6bbsz\u00f6r is l\u00e1thattuk, hogy milyen gondolkod\u00e1s\u00fa edz\u0151 a Porto tr\u00e9nere, <strong>Sergio Conceicao<\/strong>. Nem \u00e9ppen a legproakt\u00edvabb. Att\u00f3l az eszement presszingel\u00e9st\u0151l, ami J\u00fcrgen Klopp Liverpoolj\u00e1t imm\u00e1ron hossz\u00fa \u00e9vek \u00f3ta jellemzi, Conceica\u00f3t a hideg r\u00e1zhatja. Ett\u0151l f\u00fcggetlen\u00fcl Diazr\u00f3l azt nem lehet elmondani, hogy passz\u00edv lenne el\u0151rev\u00e9dekez\u00e9s ter\u00e9n. Igenis mutat biztat\u00f3 jeleket let\u00e1mad\u00e1s k\u00f6zben \u2013 ez \u00e9s a t\u00f6rt\u00e9nete meggy\u0151zhette az angol klubot, hogy a p\u00e1lya mindk\u00e9t oldal\u00e1n be tudj\u00e1k majd \u00e9p\u00edteni. Mohamed Szalah \u00e9s f\u0151k\u00e9pp a ny\u00e1ron kifejezetten kontracsapatb\u00f3l \u00e9rkez\u0151 <strong>Diogo Jota<\/strong> (Wolverhampton, egy m\u00e1sik portug\u00e1l szakemberrel) sem akk\u00e9nt a megveszekedett g\u00e9pk\u00e9nt igyekezett hamv\u00e1ban kioltani az ellenfelek labdakihozatalait, ahogyan az manaps\u00e1g megfigyelhet\u0151. A legfontosabb a szem\u00e9lyis\u00e9g \u00e9s a motiv\u00e1ci\u00f3. Ha valaki rendelkezik minim\u00e1lis affinit\u00e1ssal, a heavy metal foci apostol\u00e1n\u00e1l el\u00e9g figyelni \u00e9s tanulni \u2013 id\u0151vel tev\u00e9kenyen r\u00e9szt tud v\u00e1llalni a let\u00e1mad\u00e1sban.\r\n\r\n<span class=\"highlight-block\">Ez a f\u00e9l \u00e9v pr\u00edma betanul\u00f3 id\u0151szakk\u00e9nt szolg\u00e1lhat. <\/span>\r\n\r\nHa Klopp \u00e9s a st\u00e1bja beilleszti \u0151t v\u00e9dekez\u00e9sben, akkor a V\u00f6r\u00f6s\u00f6k vezet\u0151s\u00e9g\u00e9nek m\u0171k\u00f6d\u00e9se alapj\u00e1n nem t\u00f6rt\u00e9nhet baj. Ahogyan azt m\u00e1r az elej\u00e9n lefektett\u00fck, eg\u00e9szen kiv\u00e9teles a kiv\u00e1laszt\u00e1suk \u2013 amikor Firmino \u00e9s Man\u00e9 m\u00e1r az Anfielden j\u00e1tszott, a tudom\u00e1nyos megk\u00f6zel\u00edt\u00e9s\u00fcknek k\u00f6sz\u00f6nhet\u0151en meg\u00e1llap\u00edtott\u00e1k, hogy Szalah az a harmadik, akivel makul\u00e1tlanul \u00f6sszehangolt tri\u00f3t alkothatnak. <strong>Michael Edwards<\/strong> sportigazgat\u00f3 febru\u00e1rt\u00f3l lek\u00f6sz\u00f6n (m\u00e1r ezt az \u00fczletet is a helyettese, <strong>Julian Ward<\/strong> vez\u00e9nyelte), de az alapelvek \u00e9s a siker kulcsai maradnak. Luis Diaz konkr\u00e9tan az a labdar\u00fag\u00f3, aki Man\u00e9, Szalah, Firmino \u00e9s Jota k\u00f6zvetlen\u00fcl a \u2018Poolba igazol\u00e1suk el\u0151tt volt. Kezdj\u00fck az alapokkal: a szeneg\u00e1li 24, az egyiptomi \u00e9s Diaz 25, m\u00edg a brazil \u00e9s a portug\u00e1l 23 \u00e9vesen ker\u00fclt hozz\u00e1juk. M\u00e1r b\u00edrnak n\u00e9mi tapasztalattal, m\u00e9gis fiatalok, \u00e9s a p\u00e1lyafut\u00e1suk legf\u00e9nyesebb \u00e9vei m\u00e9g csak most k\u00f6vetkeznek. Ami enn\u00e9l is l\u00e9nyegesebb, hogy az \u00e1tigazol\u00e1st megel\u0151z\u0151 k\u00e9t id\u00e9nyt figyelembe v\u00e9ve a mutat\u00f3ik k\u00eds\u00e9rtetiesen hasonl\u00f3ak. L\u00f6v\u00e9sek, kaput eltal\u00e1l\u00f3 k\u00eds\u00e9rletek \u00e9s a lehet\u0151s\u00e9geik min\u0151s\u00e9ge \u2013 olyan profil\u00fa gy\u00f6ngyszemet tal\u00e1lt a piacon a g\u00e1rda, amilyenben a k\u00f6zelm\u00faltban t\u00f6bbsz\u00f6r sem csal\u00f3dott.\r\n\r\n\u00c9s, ami minden eddigin\u00e9l sarkalatosabb. Az \u00e9let legt\u00f6bb ter\u00fclet\u00e9n a folyamatos, l\u00e9pcs\u0151zetes, apr\u00f3l\u00e9kos fejl\u0151d\u00e9sre \u00e9rdemes t\u00f6rekedni \u2013 nos, a Liverpool transzferek ter\u00e9n tot\u00e1lisan szembe megy ezzel. \u0150k olyanokat keresnek, akik a konzisztens el\u0151rel\u00e9peget\u00e9s ut\u00e1n egyik \u00e9vr\u0151l a m\u00e1sikra \u2013 j\u00f3l megindokolhat\u00f3 okokb\u00f3l \u2013 ugranak egyet, majd n\u00e1luk, kedvez\u0151 k\u00f6r\u00fclm\u00e9nyek k\u00f6zepette, a megfelel\u0151 t\u00e1rsakkal m\u00e9g egyet sz\u00f6kkennek. A f\u00fcrge kolumbiai az els\u0151 l\u00e9pcs\u0151fokot megtette, most j\u00f6n a neheze.\r\n\r\nAz garant\u00e1lt, hogy az \u00faj \u00e1llom\u00e1shely\u00e9n hisznek benne.\r\n\r\n<span class=\"highlight-block-small\">Azt a 23-as mezsz\u00e1mot kapta, amit<strong> Robbie Fowler<\/strong> \u00e9s <strong>Jamie Carragher<\/strong>, k\u00e9t klublegenda viselt kor\u00e1bban. <\/span>\r\n\r\n\u00c9vek \u00f3ta figyelt\u00e9k \u0151t, azt tervezt\u00e9k, a ny\u00e1ron tesznek aj\u00e1nlatot \u00e9rte. Amikor kider\u00fclt, hogy a Porto a terhes p\u00e9nz\u00fcgyi helyzete ok\u00e1n hirtelen p\u00e9nzre v\u00e1ltan\u00e1 \u0151t \u2013 r\u00e1ad\u00e1sul a kiv\u00e1s\u00e1rl\u00e1si \u00e1ra alatt \u2013 reag\u00e1lni kellett, mert a Tottenham is bevetette mag\u00e1t. Kidobt\u00e1k az eredeti \u00fctemtervet. Mert Luis Diaz t\u00f6k\u00e9letesen illik Liverpoolba.\r\n\r\n[prefabricated_shortcode in_app=\"0\" code=\"%3Cdiv%20class%3D%22article_box_border%22%20style%3D%22background%3A%20url%28%27https%3A%2F%2F24.p3k.hu%2Fapp%2Fuploads%2Fsites%2F24%2F2021%2F05%2Fsport24-pattern.png%27%29%20no-repeat%20left%20-16px%20%23f3f3f4%3B%20border%3A%20none%3B%22%3E%0D%0A%3Cdiv%20class%3D%22article_solidheader%22%3E%0D%0A%3Ch2%20style%3D%22color%3A%20%23111115%21important%3B%20font-size%3A%2036px%3B%20font-weight%3A%20bold%3B%20margin-bottom%3A%2030px%3B%20margin-top%3A%2020px%3B%20text-align%3A%20center%3B%20line-height%3A%2036px%3B%22%3E%3Cimg%20class%3D%22aligncenter%20size-full%20wp-image-141%22%20src%3D%22https%3A%2F%2F24.p3k.hu%2Fapp%2Fuploads%2Fsites%2F24%2F2021%2F05%2Fs24-logo-dt.png%22%20alt%3D%22%22%20width%3D%22408%22%20height%3D%2290%22%20%2F%3E%3C%2Fh2%3E%0D%0A%3Ch2%20style%3D%22color%3A%20%23111115%21important%3B%20font-size%3A%2036px%3B%20font-weight%3A%20bold%3B%20margin-bottom%3A%2030px%3B%20margin-top%3A%2020px%3B%20text-align%3A%20center%3B%20line-height%3A%2040px%3B%22%3ECsatlakozz%20a%20Sport24%20k%C3%B6z%C3%B6ss%C3%A9ghez%2C%20mondd%20el%20v%C3%A9lem%C3%A9nyedet%20z%C3%A1rt%20Facebook-csoportunkban%2C%20%C3%A9s%20vegy%C3%A9l%20r%C3%A9szt%20csak%20el%C5%91fizet%C5%91knek%20el%C3%A9rhet%C5%91%20exkluz%C3%ADv%20esem%C3%A9nyeinken.%3C%2Fh2%3E%0D%0A%3C%2Fdiv%3E%0D%0A%3Cp%20style%3D%22background%3A%20%2357A600%3B%20margin-top%3A%2020px%3B%20padding%3A%2020px%3B%20text-align%3A%20center%3B%22%3E%3Ca%20style%3D%22color%3A%20%23ffffff%3B%20font-size%3A%2026px%3B%20font-weight%3A%20600%3B%22%20href%3D%22https%3A%2F%2Fwww.facebook.com%2Fgroups%2F212344460412327%22%3ECSATLAKOZOM%3C%2Fa%3E%3C%2Fp%3E%0D%0A%0D%0A%3C%2Fdiv%3E\"]","type":"rich","thumbnail_url":"https:\/\/s.24.hu\/app\/uploads\/sites\/24\/2022\/01\/gettyimages-1327906901-150x150.jpg","thumbnail_width":150,"thumbnail_height":150}