{"version":"1.0","provider_name":"Sport24","provider_url":"https:\/\/sport24.24.hu","author_name":"Fut\u00f3 Csaba","author_url":"https:\/\/sport24.24.hu\/author\/futocs\/","title":"Mi\u00e9rt m\u00e9rhetetlen \u00e9s l\u00e1thatatlan a j\u00f3 v\u00e9dekez\u00e9s?","html":"Ak\u00e1r tetszik, ak\u00e1r nem, eljutottunk addig a pontig, m\u00edg a labdar\u00fag\u00e1s esem\u00e9nyeinek majd minden r\u00e9sze megm\u00e9rhet\u0151. B\u00e1r min\u0151s\u00e9gi s\u00falyoz\u00e1s tekintet\u00e9ben m\u00e9g van hova fejl\u0151dni, m\u00e1r nem csup\u00e1n egyszer\u0171 t\u00f6rt\u00e9n\u00e9seket, vagyis passzokat, l\u00f6v\u00e9seket, pontr\u00fag\u00e1sokat lehet megsz\u00e1molni, de ak\u00e1r helyzeteket, komplett szitu\u00e1ci\u00f3kat, kollekt\u00edv mozg\u00e1sokat tudunk ilyen m\u00f3dszerrel le\u00edrni. Ett\u0151l f\u00fcggetlen\u00fcl, tov\u00e1bbra is \u2013 \u00e9s ez a j\u00f6v\u0151ben is \u00edgy marad \u2013 l\u00e9tfontoss\u00e1g\u00fa ezek mell\u00e9 venni a kontextust, a csapatok megk\u00f6zel\u00edt\u00e9s\u00e9nek v\u00e1ltoz\u00e1s\u00e1t, a futballist\u00e1k j\u00e1t\u00e9kidej\u00e9t, a vide\u00f3s al\u00e1t\u00e1maszt\u00e1st.\r\n\r\nMeghat\u00e1rozhat\u00f3 egyes csat\u00e1rok profilja, hogy honnan k\u00e9pesek helyzetbe ker\u00fclni, honnan \u00e9s milyen m\u00f3don szeretnek t\u00fczelni. Kih\u00e1mozhat\u00f3, miben er\u0151sek egyes k\u00f6z\u00e9pp\u00e1ly\u00e1sok, hogy rendelkeznek-e azokkal a tulajdons\u00e1gokkal, amelyek k\u00fcl\u00f6nb\u00f6z\u0151 topcsapatok st\u00edlus\u00e1hoz simulnak. Hogy a sz\u00e9ls\u0151k \u00e9s a sz\u00e9ls\u0151v\u00e9d\u0151k a p\u00e1lya mely szakasz\u00e1ba szeretnek ink\u00e1bb kih\u00faz\u00f3dni \u00e9s, hogy a vonal mell\u0151l vagy a p\u00e1lya bels\u0151 r\u00e9sz\u00e9r\u0151l k\u00e9peznek komolyabb vesz\u00e9lyt. Hogy egy kapus egyszer\u0171en az\u00e9rt tal\u00e1lkozik-e olyan sokszor a labd\u00e1val, mert az egy\u00fcttese rengeteget v\u00e9dekezik, vagy t\u00e9nylegesen sok brav\u00fart mutat be \u00e9s g\u00f3lokt\u00f3l menti meg az \u00f6v\u00e9it.\r\n\r\n<span class=\"highlight-block\">Egyetlen egy dolog maradt a mai napig az \u00e1rny\u00e9kban: a v\u00e9dekez\u00e9s.<\/span>\r\n\r\n[caption id=\"attachment_3531\" align=\"alignnone\" width=\"2000\"]<img class=\"size-full wp-image-3531\" src=\"https:\/\/sport24.24.hu\/app\/uploads\/sites\/24\/2022\/01\/000_9vm6yd-copy.jpg\" alt=\"\" width=\"2000\" height=\"1255\" \/> A Tottenham Hotspur brazil k\u00f6z\u00e9pp\u00e1ly\u00e1sa, Lucas Moura (feh\u00e9rben) g\u00f3lj\u00e1t igyekeznek megakad\u00e1lyozni a Chelsea spanyol kapusa, Kepa Arrizabalagaand \u00e9s a spanyol v\u00e9d\u0151 szt\u00e1r Cesar Azpilicueta (k\u00e9kben).[\/caption]\r\n\r\nHogy meg\u00e9rts\u00fck, mi\u00e9rt, meg kell hat\u00e1roznunk az em\u00f6g\u00f6tt h\u00faz\u00f3d\u00f3 okokat. A futball alapvet\u0151en a labda k\u00f6r\u00fcl forog \u2013 \u00edgy a statisztikai mutat\u00f3k is \u00e1ltal\u00e1ban a labd\u00e1s megmozdul\u00e1sokat \u00f6sszes\u00edtik. Szerencs\u00e9re abban m\u00e1r nincs mulaszt\u00e1sunk, hogy ne ismerj\u00fck fel, mennyire hasznos lehet valaki egyszer\u0171en a fut\u00e1saival, beindul\u00e1saival, mag\u00e1ra vonva egy v\u00e9d\u0151 figyelm\u00e9t vagy tartva a szerkezetet. Csakhogy k\u00e9t k\u00fcl\u00f6n dolog egy g\u00f3llal v\u00e9gz\u0151d\u0151 t\u00e1mad\u00e1st elind\u00edtani egy elmozg\u00e1ssal, mint megakad\u00e1lyozni valamit. Ha egy t\u00e1mad\u00f3 nem is \u00e9r hozz\u00e1 a j\u00e1t\u00e9kszerhez, sokkal k\u00f6nnyebb meg\u00e1llap\u00edtani \u00e9s m\u00e9rni, hogy mekkora hat\u00e1st kelt. Ha \u00f6sszef\u00fcgg\u00e9sbe hozhat\u00f3, hogy egy adott t\u00edpus\u00fa cselekedete n\u00f6veli a csapata es\u00e9ly\u00e9t a g\u00f3ll\u00f6v\u00e9sre, akkor nyilv\u00e1nval\u00f3an l\u00e1tszik, mennyire n\u00e9lk\u00fcl\u00f6zhetetlen. Ezzel szemben, ha egy v\u00e9d\u0151 j\u00f3l helyezkedik, el\u0151fordulhat, hogy az ellenf\u00e9l egyszer\u0171en visszafordul vagy m\u00e1shova passzol. Megel\u0151z. B\u00e1r sokkal l\u00e1tv\u00e1nyosabb, ha egy bekknek egy-az-egyben kellene szerelnie, ak\u00e1rmilyen j\u00f3 is ezen a t\u00e9ren, megvan az es\u00e9lye annak, hogy elvesz\u00edti a p\u00e1rharcot. A val\u00f3di \u00e9rt\u00e9k annak a zseb\u00e9ben nyugszik, aki \u00fagy helyezkedik, hogy egy esem\u00e9ny meg se t\u00f6rt\u00e9nhessen. Ez teljess\u00e9ggel m\u00e9rhetetlen.\r\n<div class=\"payable-content-section\"><\/div>\r\nA 2019-20-as id\u00e9nyben, amikor <strong>Virgil van Dijk<\/strong> minden id\u0151k egyik legdomin\u00e1nsabb k\u00f6z\u00e9ph\u00e1tv\u00e9d teljes\u00edtm\u00e9ny\u00e9t mutatta be, \u00e9s az Aranylabda szavaz\u00e1s m\u00e1sodik hely\u00e9n v\u00e9gzett <strong>Lionel Messi<\/strong> m\u00f6g\u00f6tt, a Premier League 165. legt\u00f6bb sikeres szerel\u00e9se f\u0171z\u0151d\u00f6tt a nev\u00e9hez. Labdaszerz\u00e9sek ter\u00e9n a vonatkoz\u00f3 lista 72., blokkok eset\u00e9ben a 158. hely\u00e9n tal\u00e1ljuk. <strong>Giorgio Chiellini<\/strong> az elm\u00falt \u00f6t \u00e9vben m\u00e9g k\u00e9t szerel\u00e9st sem k\u00eds\u00e9relt meg 90 percenk\u00e9nt \u2013 ami viszont a legsokkol\u00f3bb, hogy az ellenfelek \u00e1tlagban egyn\u00e9l is kevesebbszer vezett\u00e9k r\u00e1 a labd\u00e1t 1v1-ben. Egy ekkor m\u00e1r b\u0151ven 30 f\u00f6l\u00f6tt j\u00e1r\u00f3 labdar\u00fag\u00f3ra, aki sohasem a f\u00fcrges\u00e9g\u00e9vel t\u0171nt ki a mez\u0151nyb\u0151l. A Liverpool holland klasszisa mindazon\u00e1ltal az emlegetett szezon sor\u00e1n a liga egyik legt\u00f6bb fejp\u00e1rbaj\u00e1n k\u00fczd\u00f6tte \u00e1t mag\u00e1t sikeresen; a Juventus olasz veter\u00e1nja pedig mindig is rengetegszer szabad\u00edtott fel. Olyan mutat\u00f3k ezek, amik tradicion\u00e1lisan a v\u00e9dekez\u00e9st m\u00e9rik. Van Dijk \u00e9s Chiellini is kolossz\u00e1lis alakjai a szakm\u00e1juknak, \u00e1m a precedens \u00e9pp azt mutatja, hogy kit\u0171nhet b\u00e1r valaki az egyik sz\u00e1mban, az semmit sem determin\u00e1l. Ha ez \u00edgy volna, a top5 bajnoks\u00e1gban a labd\u00e1t legalacsonyabb sz\u00e1zal\u00e9kban birtokl\u00f3 C\u00e1diz bels\u0151 v\u00e9d\u0151je, <strong>Alfonso Espino<\/strong> lenne a legjobb h\u00e1tv\u00e9d. Az uruguayi igen dolgos: l\u00e9v\u00e9n, hogy az egy\u00fcttese a m\u00e9rk\u0151z\u00e9sek messze t\u00falnyom\u00f3 t\u00f6bbs\u00e9g\u00e9t a saj\u00e1t tizenhatosa el\u0151tt t\u00f6lti, minden l\u00e9tez\u0151 statisztik\u00e1ban a La Liga legjobbjai k\u00f6z\u00e9 tartozik. Szerel\u00e9si k\u00eds\u00e9rletek, sikeres szerel\u00e9sek, blokkok, nyom\u00e1sgyakorl\u00e1sok, labdaszerz\u00e9sek. M\u00e9gis, hi\u00e1ba v\u00e9gzi a munkaad\u00f3ja taktik\u00e1j\u00e1hoz ill\u0151 munk\u00e1t kiv\u00e1l\u00f3an, nem nagyon hallottuk m\u00e9g, hogy <strong>R\u00faben Diassal<\/strong>, <strong>Milan Skriniarral<\/strong> vagy <strong>Marquinhosszal<\/strong> emlegetn\u00e9k \u0151t egy szinten.\r\n\r\n[caption id=\"attachment_3526\" align=\"alignnone\" width=\"2000\"]<img class=\"size-full wp-image-3526\" src=\"https:\/\/sport24.24.hu\/app\/uploads\/sites\/24\/2022\/01\/075_breton-valencia210104_npmii.jpg\" alt=\"\" width=\"2000\" height=\"1333\" \/> Alfonso Espino.[\/caption]\r\n\r\nA test orient\u00e1ci\u00f3ja labda\u00e1tv\u00e9telkor vagy cselez\u00e9s k\u00f6zben olyan apr\u00f3s\u00e1gok p\u00e9ld\u00e1ul, amelyeket csakis a m\u00e9rk\u0151z\u00e9sek n\u00e9z\u00e9se k\u00f6zben vehet\u00fcnk \u00e9szre. Ugyanakkor a j\u00f3 v\u00e9dekez\u00e9s szinte kiz\u00e1r\u00f3lag ilyen elemekre \u00e9p\u00fcl. Arra, hogy amikor egy h\u00e1tv\u00e9dnek a labd\u00e1val szemben, h\u00e1trafel\u00e9 kell futnia, melyik oldalra fordul, ez\u00e1ltal melyik ir\u00e1nyba tereli a csat\u00e1rokat \u2013 \u00e9s mennyire gyorsan tud megfordulni, ha ir\u00e1nyt v\u00e1ltanak vele szemben. Olvassa-e annyira a j\u00e1t\u00e9kot, hogy abban a pillanatban ott liheghessen a vet\u00e9lyt\u00e1rs nyak\u00e1ba, amikor ahhoz be\u00e9r egy \u00e1tad\u00e1s, vagy lemarad \u00e9s gondolatban lohol a t\u00e1mad\u00f3k ut\u00e1n. Mik\u00f6zben a kapu el\u0151tt nem csak lehet, de sz\u00fcks\u00e9g is van leoktatott mozg\u00e1sokra, automatizmusokra, a saj\u00e1t t\u00e9rf\u00e9len \u00e1lland\u00f3an a m\u00e1sikat kell monitorozni \u2013 \u00e9s ezt kommunik\u00e1lni. Ha nem besz\u00e9lnek eleget, nem seg\u00edtenek egym\u00e1snak a t\u00e1rsak, \u00f6sszeesik a h\u00e1ts\u00f3 sor.\r\n\r\n<span class=\"highlight-block-small\">Pontosan emiatt \u00e1ll fenn az, hogy m\u00edg a sz\u00e9ls\u0151ket vagy a t\u00e1mad\u00f3-k\u00f6z\u00e9pp\u00e1ly\u00e1sokat a kor lelass\u00edtja, elny\u00fcvi \u00e9s eltomp\u00edtja, a v\u00e9d\u0151k egyre id\u0151sebbek, ann\u00e1l tapasztaltabbak. Sokkal kevesebb k\u00e1rt tesz benn\u00fck, ha adott esetben megkopik a sebess\u00e9g \u2013 ugyanis az el\u0151bbiekben t\u00e1rgyalt apr\u00f3s\u00e1gokban m\u00e9ly\u00fclnek el felbecs\u00fclhetetlen r\u00e9szletess\u00e9ggel.<\/span>\r\n\r\nEz az oka annak, hogy a j\u00e1t\u00e9kosok felder\u00edt\u00e9se sor\u00e1n a h\u00e1tv\u00e9dek fejl\u0151d\u00e9s\u00e9t vagy beilleszked\u00e9s\u00e9t a legnehezebb megj\u00f3solni. Hogyha egy fiatal kiemelked\u0151 sz\u00e1mokat hoz, kor\u00e1ntsem biztos, hogy egy m\u00e1sik g\u00e1rd\u00e1n\u00e1l, m\u00e1s k\u00f6r\u00fclm\u00e9nyek k\u00f6z\u00f6tt is tartani tudn\u00e1 a szintet. V\u00e9gk\u00e9pp becsap\u00f3s, ha valaki hib\u00e1kat k\u00f6vet el, merthogy ett\u0151l f\u00fcggetlen\u00fcl m\u00e9g k\u00f6nnyed\u00e9n megeshet, hogy a megfelel\u0151 id\u0151 eltelt\u00e9vel, amikor elegend\u0151 szitu\u00e1ci\u00f3t \u00e9lt \u00e1t k\u00f6zvetlen\u00fcl, nagyszer\u0171 focista v\u00e1lik bel\u0151le a posztj\u00e1n. Az alapok, a m\u00e9rhetetlen apr\u00f3s\u00e1gok ez esetben nyilv\u00e1nval\u00f3an megvoltak neki fiatal kor\u00e1ban is. A milanos <strong>Simon Kjaer<\/strong> vagy a chelsea-s <strong>C\u00e9sar Azpilicueta<\/strong> pomp\u00e1s p\u00e9ld\u00e1i ennek a p\u00e1lya\u00edvnek. A klubok ezt a gordiuszi csom\u00f3t \u00e9rdekes kutat\u00e1ssal v\u00e1gj\u00e1k \u00e1t; azt figyelik, hogy a c\u00e9lpontjuk statisztikai profilja hasonl\u00edt-e egy m\u00e1r befutott szt\u00e1rra. Az is j\u00f3 jel, ha valami kev\u00e9snek t\u0171nik \u2013 ne feledj\u00fck, Van Dijk sem emelkedik ki sz\u00e1mszer\u0171leg mindenben. A l\u00e9nyeg, hogy ugyanabban, ugyanannyira legyenek \u201egyeng\u00e9k\u201d.\r\n\r\n[central_article_recommendation title=\"Kapcsol\u00f3d\u00f3\" url=\"https:\/\/rangado.24.hu\/nemzetkozi_foci\/2021\/12\/30\/simon-kjaer-vezerszerep-dan-valogatott-ac-milan-christian-eriksen\/\" image=\"1\" lead=\"1\"]\r\n\r\nEzen a nyomon haladva, mivel ezen az akad\u00e1lyon m\u00e9g egy ideig nem gazell\u00e1zunk \u00e1t, fel\u00e9p\u00edtettem egy rendszert, ami seg\u00edt oszt\u00e1lyozni a k\u00f6z\u00e9ps\u0151 v\u00e9d\u0151k t\u00edpusait. Mi\u00e9rt csak \u0151ket? A g\u00f3lok a p\u00e1lya k\u00f6zep\u00e9r\u0151l \u00e9rkeznek \u2013 ha term\u00e9szetesen nem is ott fut egy offenz\u00edva, a c\u00e9l az, hogy ott \u00e9rjen v\u00e9get. A vonal mell\u0151l nem lehet betal\u00e1lni. Enn\u00e9lfogva a sz\u00e9ls\u0151h\u00e1tv\u00e9dek ter\u00fclete egy \u00e1tj\u00e1r\u00f3h\u00e1z, egy csap\u00e1s, amin kereszt\u00fcl \u00e1t akarnak jutni a j\u00e1t\u00e9kosok, \u00edgy ott sokkal kisebb felel\u0151ss\u00e9g mellett lehet agressz\u00edvan fell\u00e9pni. Ha a t\u00falzott hevess\u00e9g miatt \u00e1t is b\u00fajik valaki, k\u00f6z\u00e9pen m\u00e9g rendbe tehetik a bakl\u00f6v\u00e9st. R\u00e1ad\u00e1sul a sz\u00e9len az egyik ir\u00e1nyban sz\u0171kebb a hely a cselek vagy a felgyorsul\u00e1sok kivitelez\u00e9s\u00e9re. K\u00f6vetkez\u00e9sk\u00e9ppen abszol\u00fat m\u00e1s a k\u00e9t poszt ar\u00e1nya mutat\u00f3k ter\u00e9n.\r\n\r\nA v\u00e9dekez\u0151-k\u00f6z\u00e9pp\u00e1ly\u00e1sok szint\u00e9n l\u00e9nyegesen elt\u00e9rnek; olyan \u00fctk\u00f6z\u0151, aki \u00f3vatoskodik vagy kiv\u00e1r, nincsen, \u0151 ugyanis meghazudtoln\u00e1 a k\u00f6telezetts\u00e9geit. \u00dajfent; m\u00e1shogy \u00e9p\u00fcl fel a statisztikai megoszl\u00e1s. Vagy sok sikeres szerel\u00e9sed, leny\u00falt labd\u00e1d \u00e9s lef\u00fclelt passzod van vagy gyeng\u00e9bb min\u0151s\u00e9get k\u00e9pviselsz.\r\n\r\n\u00dagyhogy k\u00f6vetkezzenek a k\u00f6z\u00e9ph\u00e1tv\u00e9dek \u201efajt\u00e1i\u201d.\r\n<h2>A Prad\u00e1k (szimb\u00f3lumok: David Alaba, Alessandro Bastoni, Aymeric Laporte)<\/h2>\r\nA luxusterm\u00e9kek. Mind nagy amb\u00edci\u00f3j\u00fa csapatban szerepelnek, mivel ott j\u00f6nnek ki az er\u0151ss\u00e9geik. T\u00f6k\u00e9letesen megfelelnek a modern foci elv\u00e1r\u00e1sainak l\u00e1bbal; nem csup\u00e1n elfogadhat\u00f3 a passzj\u00e1t\u00e9kuk, kifejezetten fontos szerepet t\u00f6ltenek be a labdakihozatalokban. B\u00e1r nem kiemelked\u0151 a szerel\u0151k\u00e9szs\u00e9g\u00fck, az agyuknak, illetve rendk\u00edv\u00fcli gyorsas\u00e1guknak k\u00f6sz\u00f6nhet\u0151en a legt\u00f6bbsz\u00f6r sikeresen megugorj\u00e1k az akad\u00e1lyokat. Kifog\u00e1stalan alapk\u00f6vei egy labdabirtokl\u00e1sra alapoz\u00f3, magas v\u00e9delmi vonallal oper\u00e1l\u00f3, agressz\u00edvan let\u00e1mad\u00f3 csapatnak.\r\n\r\n[caption id=\"attachment_3528\" align=\"alignnone\" width=\"2000\"]<img class=\"size-full wp-image-3528\" src=\"https:\/\/sport24.24.hu\/app\/uploads\/sites\/24\/2022\/01\/068_aa_23012022_586650.jpg\" alt=\"\" width=\"2000\" height=\"1296\" \/> David Alaba, a Real Madrid v\u00e9d\u0151je Diego Gonzalez-szel, az Elche j\u00e1t\u00e9kos\u00e1val szemben a La Liga egyik m\u00e9rk\u0151z\u00e9s\u00e9n.[\/caption]\r\n<h2>M\u00e1gneses t\u00e9rrel b\u00edr\u00f3k (szimb\u00f3lumok: Virgil van Dijk, Giorgio Chiellini)<\/h2>\r\nA legnagyobbak.\r\n\r\n<span class=\"highlight-block-small\">Azok, akik puszt\u00e1n a jelenl\u00e9t\u00fckkel megr\u00e9m\u00edtik a pr\u00f3b\u00e1lkoz\u00f3kat, akik a be nem k\u00f6vetkezett esem\u00e9nyek mesterei; vagy megel\u0151zik egy lehet\u0151s\u00e9g kialakul\u00e1s\u00e1t vagy a t\u00e1mad\u00f3k eleve visszafordulnak, ha vel\u00fck ker\u00fclnek szembe.<\/span>\r\n\r\nNem felt\u00e9tlen ultraprogressz\u00edv passzerek, de annyira sarkalatos \u00f6sszetev\u0151iv\u00e9 v\u00e1lhatnak egy v\u00e9d\u0151sornak, hogy sok esetben ez l\u00e9nyegtelen.\r\n<h2>Ir\u00e1nyt\u0171k (szimb\u00f3lumok: Conor Coady, Stefan de Vrij)<\/h2>\r\nAz igazi vez\u00e9rek. Els\u0151dleges tulajdons\u00e1guk: meg\u00e1ll\u00e1s n\u00e9lk\u00fcl, nonstop mutogatnak \u00e9s kalimp\u00e1lnak. \u0150k vez\u00e9nylik a t\u00f6bbieket, \u0151k figyelmeztetnek, miel\u0151tt megesne a baj, \u00e9s ugyan statisztikailag \u00e9rtelmezhetetlen az a v\u00e9d\u0151munka, amit ny\u00fajtanak, val\u00f3j\u00e1ban \u0151k m\u0171k\u00f6dtetik a csapat pajzs\u00e1t. Kicsit hasonl\u00edtanak a k\u00f6vetkez\u0151 kateg\u00f3ri\u00e1hoz, a t\u00fcrelmes vad\u00e1szokhoz \u2013 az akci\u00f3ik els\u0151 l\u00e9p\u00e9se hasonl\u00f3 m\u00f3don a kukkol\u00e1s \u00e9s a v\u00e1rakoz\u00e1s. Hozz\u00e1juk k\u00e9pest a plusz adal\u00e9k a vez\u00e9regy\u00e9nis\u00e9g, a kiugr\u00f3 karakter \u00e9s az az ir\u00e1ny\u00edt\u00f3i v\u00e9na, amivel a koll\u00e9g\u00e1kat koordin\u00e1lj\u00e1k.\r\n<h2>A t\u00fcrelmes vad\u00e1szok (szimb\u00f3lumok: Andreas Christensen, Marquinhos, Milan Skriniar, \u00c9der Militao)<\/h2>\r\nEz a legk\u00fcl\u00f6nlegesebb \u00e9s egyben a legbajosabban felfedezhet\u0151 fajta. \u0150k azok a nagymacsk\u00e1k, akik lassan, a magasra n\u0151tt f\u0171 m\u00f6g\u00f6tt k\u00f6zel\u00edtenek \u00e9s ugr\u00e1sra k\u00e9szen \u00fagy helyezkednek, hogy amikor elj\u0151 a megfelel\u0151 pillanat, r\u00e1vethess\u00e9k magukat az ellenf\u00e9lre. Az \u0151 sz\u00e1maik sem felt\u00e9tlen verdesik az eget \u2013 nem rohannak bele a kontaktokba. Ink\u00e1bb figyelnek, p\u00e1szt\u00e1zz\u00e1k a p\u00e1ly\u00e1t \u00e9s amint rosszul l\u00e9p a csat\u00e1r, amint a t\u00e1rsuk lelass\u00edtja az \u00e9rkez\u0151t, harapnak. Nem mindenhol m\u0171k\u00f6dnek, s\u0151t, sok esetben kiz\u00e1r\u00f3lag egy h\u00e1rom v\u00e9d\u0151s fel\u00e1ll\u00e1s dombor\u00edtja ki az er\u00e9nyeiket. De, ha a menedzser\u00fck k\u00e9pes beilleszteni \u0151ket, akkor megfizethetetlen \u00e9rt\u00e9ket k\u00e9pviselnek \u2013 f\u0151leg amiatt, mert az \u00e1tlagon fel\u00fcli j\u00e1t\u00e9kolvas\u00e1si adotts\u00e1guk nem csak h\u00e1trafel\u00e9 hasznos\u00edthat\u00f3. M\u00e1s t\u00e9ren is utat fog t\u00f6rni.\r\n<h2>Pitbullok (szimb\u00f3lumok: Dayot Upamecano, Gianluca Mancini, Fikayo Tomori)<\/h2>\r\nA klasszikus k\u00f6z\u00e9ph\u00e1tv\u00e9d-csoportos\u00edt\u00e1s szerint kuty\u00e1k \u00e9s macsk\u00e1k dolgoznak a kapusok el\u0151tt. Nos, a pitbullok hasonl\u00f3 anal\u00f3gia alapj\u00e1n kapt\u00e1k a nev\u00fcket. \u0150k a legagressz\u00edvebbek, azok, akik rombolnak, tombolnak \u00e9s t\u00f6rnek-z\u00faznak. T\u00f6bb, mint \u00e9szrevehet\u0151ek a mutat\u00f3ik; megannyiszor szerelnek \u00e9s mennek bele p\u00e1rbajokba, mind a f\u00f6ld\u00f6n, mind a leveg\u0151ben. Mint a t\u00fcrelmes vad\u00e1szok, ezek a harap\u00f3s fick\u00f3k sem tal\u00e1lnak otthonra ak\u00e1rhol \u2013 mindenk\u00e9pp sz\u00fcks\u00e9g mutatkozik egy seg\u00edt\u0151 k\u00e9zre, aki takar\u00edt m\u00f6g\u00f6tt\u00fck.\r\n\r\n[caption id=\"attachment_3527\" align=\"alignnone\" width=\"2000\"]<img class=\"size-full wp-image-3527\" src=\"https:\/\/sport24.24.hu\/app\/uploads\/sites\/24\/2022\/01\/051_xxjpbee007011_20211101_pepfn0a001.jpg\" alt=\"\" width=\"2000\" height=\"1375\" \/> Az AC Milan j\u00e1t\u00e9kos\u00e1t\u00f3l, Rafael Leao-t\u00f3l szerezte meg a labd\u00e1t a Roma v\u00e9d\u0151je, Gianluca Mancini.[\/caption]\r\n<h2>R\u00f6plabd\u00e1sok (szimb\u00f3lumok: James Tarkowski, Alfonso Espino)<\/h2>\r\nA kiscsapatok nagymen\u0151i. Beilleszthetetlenek egy kezdem\u00e9nyez\u0151 alakulatba \u00e9s nem is elemzik t\u00falont\u00fal kimagasl\u00f3an a j\u00e1t\u00e9kot. Az igaz\u00e1n els\u0151rang\u00fa k\u00e9pess\u00e9g\u00fck, hogy v\u00e9gtelen\u00fcl megb\u00edzhat\u00f3ak \u00e9s stabilak. Mindent igyekeznek visszak\u00fcldeni oda, ahonnan j\u00f6tt, \u00e1ltal\u00e1ban a lehet\u0151 legegyszer\u0171bb m\u00f3don. Ha a tal\u00e1lkoz\u00f3k z\u00f6m\u00e9ben bead\u00e1sokat is kell kiv\u00e1gniuk vagy beindul\u00e1sokat semleges\u00edteni\u00fck, nagyon ritk\u00e1n t\u00f6rnek meg a nyom\u00e1s alatt. Sok szerel\u00e9si k\u00eds\u00e9rlet, sok megnyert fejp\u00e1rbaj \u2013 azonban ne feledj\u00fck, ez semmit sem garant\u00e1l. Ha nem kies\u00e9s ellen k\u00fczd\u0151 klubokban futn\u00e1nak ki a z\u00f6ld gyepre, m\u00e1ris komoly gondjaik ad\u00f3dn\u00e1nak.\r\n\r\nN\u00e9h\u00e1nyukn\u00e1l kimondottan fontos, hogy mekkora teher helyezhet\u0151 a labdar\u00fag\u00f3ra a passzj\u00e1t\u00e9k sor\u00e1n, de ezt a hat \u201efajt\u201d ezzel a szemponttal m\u00e9g tov\u00e1bb lehetne \u00e1rnyalni, labd\u00e1val er\u0151s \u00e9s labd\u00e1val gyenge aloszt\u00e1lyokra. Ahogy egyesek nem illenek bele egyetlen profilba \u2013 hibridek. Kiv\u00e1ltk\u00e9pp igaz ez a veter\u00e1nokra, a magukra pakolt tapasztalatnak k\u00f6sz\u00f6nhet\u0151en. \u00c1lljon itt k\u00f6z\u00fcl\u00fck n\u00e9h\u00e1ny m\u00e9rvad\u00f3 n\u00e9v.\r\n<h2>Hibridek<\/h2>\r\n<ul>\r\n \t<li><strong>M\u00e1gneses ir\u00e1nyt\u0171:<\/strong> R\u00faben Dias<\/li>\r\n \t<li><strong>Ir\u00e1ny\u00edt\u00f3 pitbullok:<\/strong> Kalidou Koulibaly, Sergio Ramos, Simon Kjaer<\/li>\r\n \t<li><strong>T\u00fcrelmes Prad\u00e1k:<\/strong> John Stones, Gerard Piqu\u00e9, Jules Kound\u00e9, Niklas S\u00fcle<\/li>\r\n \t<li><strong>T\u00fcrelmes ir\u00e1ny\u00edt\u00f3k:<\/strong> Leonardo Bonucci, Thiago Silva<\/li>\r\n \t<li><strong>Luxus pitbull:<\/strong> Antonio R\u00fcdiger, Joel Matip<\/li>\r\n<\/ul>\r\nAz analitikus megk\u00f6zel\u00edt\u00e9s \u00e9s a statisztik\u00e1k hatalmas t\u00e1mogat\u00e1st ny\u00fajtanak a vezet\u0151s\u00e9gek, az edz\u0151k, az \u00fajs\u00e1g\u00edr\u00f3k \u00e9s a n\u00e9z\u0151k sz\u00e1m\u00e1ra is \u2013 f\u00f6l\u00f6tt\u00e9bb leegyszer\u0171s\u00edtik az ember dolg\u00e1t. Kiv\u00e9ve a v\u00e9dekez\u00e9st.\r\n\r\n<span class=\"highlight-block\">Ott egyel\u0151re marad a kitart\u00f3 megfigyel\u00e9s \u00e9s a kontextus folyamatos keres\u00e9se.<\/span>","type":"rich","thumbnail_url":"https:\/\/s.24.hu\/app\/uploads\/sites\/24\/2022\/01\/kiemelt-1-150x150.jpg","thumbnail_width":150,"thumbnail_height":150}