{"version":"1.0","provider_name":"Sport24","provider_url":"https:\/\/sport24.24.hu","author_name":"Fut\u00f3 Csaba","author_url":"https:\/\/sport24.24.hu\/author\/futocs\/","title":"\u201eAz lenne a legjobb, ha temet\u00e9s helyett kidobn\u00e1nak egy szem\u00e9tdomb tetej\u00e9re\u201d","html":"<ul>\r\n \t<li>Vajon a 64 \u00e9ves kor\u00e1ban elhunyt <strong>Kol\u00e1r Endre<\/strong> mi\u00e9rt menek\u00fclt el Magyarorsz\u00e1gr\u00f3l?<\/li>\r\n \t<li>Minek k\u00f6sz\u00f6nhet\u0151en szeg\u00e9nyedett el, majd cs\u00faszott egyre lejjebb?<\/li>\r\n \t<li>Hogyan lehets\u00e9ges, hogy egy \u00f6tsz\u00f6r\u00f6s v\u00e1logatott futballista csak 39 ezer forint nyugd\u00edjat kapott?<\/li>\r\n \t<li>Mi\u00e9rt nem seg\u00edtett neki sem az \u00dajpest FC, sem a Magyar Labdar\u00fag\u00f3 Sz\u00f6vets\u00e9g?<\/li>\r\n \t<li>Vajon siker\u00fcl-e a legenda f\u00f6ldi maradv\u00e1nyait k\u00fclf\u00f6ldr\u0151l hazahozni, \u00e9s k\u00edv\u00e1ns\u00e1ga szerint a Megyeri \u00faton \u00fajra eltemetni?<\/li>\r\n<\/ul>\r\n[central_article_recommendation title=\"Kapcsol\u00f3d\u00f3\" url=\"https:\/\/rangado.24.hu\/magyar_foci\/2021\/12\/17\/kolar-endre-ujpest-halal-fulop-szigetek\/\" image=\"1\" lead=\"1\"]\r\n\r\n<strong>K\u00e1lnoki Kis Attila<\/strong> a Ziccer Extr\u00e1ban <strong>Dunai Ede<\/strong> \u00edr\u00f3val, \u00e9s <strong>D\u00e9nes Tam\u00e1s<\/strong> sportt\u00f6rt\u00e9n\u00e9sszel a kor\u00e1bbi labdar\u00fag\u00f3 tragikus \u00e9lett\u00f6rt\u00e9net\u00e9n kereszt\u00fcl bepillant\u00e1st ny\u00fajt a hetvenes-nyolcvanas \u00e9vek magyar futballj\u00e1ba, a rendszerv\u00e1lt\u00e1s ut\u00e1ni \u00e9vek vadkapitalizmus\u00e1ba, \u00e9s abba, hogy szinte egy teljes, kor\u00e1bban \u00fcnnepelt gener\u00e1ci\u00f3 mi\u00e9rt \u00e9l napjainkban szeg\u00e9nysorban.\r\n\r\nA Ziccer Extra kor\u00e1bbi ad\u00e1sait <a href=\"https:\/\/sport24.24.hu\/ajto-ablak-ziccer-sport24-podcast\/\">ITT<\/a> tal\u00e1lja, m\u00edg a Ziccert <a href=\"https:\/\/24.hu\/24-podcast\/podcast-ziccer_24hu\/\">ITT<\/a> \u00e9ri el.","type":"rich","thumbnail_url":"https:\/\/s.24.hu\/app\/uploads\/sites\/24\/2022\/01\/kolar-endre-150x150.jpg","thumbnail_width":150,"thumbnail_height":150}