{"version":"1.0","provider_name":"Sport24","provider_url":"https:\/\/sport24.24.hu","author_name":"Bruckner G\u00e1bor","author_url":"https:\/\/sport24.24.hu\/author\/brucknerg\/","title":"Sch\u00e4fert futballistenn\u00e9 teszi az Union, de a klub \u00e1tveszi-e a hatalmat Berlinben?","html":"Mikor Isten megteremtette a vil\u00e1got, a k\u00f6vekhez is sz\u00f3lott.\r\n\r\n<span class=\"highlight-block\">\u2013 Akartok-e Union-drukkerek lenni? \u2013 k\u00e9rdezte Isten.\u00a0\u2013 Akarn\u00e1nk mi, de nem vagyunk el\u00e9g kem\u00e9nyek \u2013 felelt\u00e9k a k\u00f6vek.<\/span>\r\n\r\nA fenti vicc \u2013 melyet az \u00edr\u00f3-\u00fajs\u00e1g\u00edr\u00f3 (\u00e9s Union-drukker) <strong>Annett Gr\u00f6schner<\/strong> mes\u00e9lt el a <a href=\"https:\/\/www.german-times.com\/union-berlin-is-a-soccer-club-of-underdogs-but-only-the-well-behaved-honest-and-open-minded-kind\/\" target=\"_blank\" rel=\"noopener\">The German Timesban<\/a> \u2013 nagyon jellemz\u0151 a \u201ekisebbik\u201d berlini klubra, amelynek imm\u00e1r <strong>Sch\u00e4fer Andr\u00e1s<\/strong> is j\u00e1t\u00e9kosa. A kisebbik sz\u00f3 k\u00f6r\u00e9 \u00edrt id\u00e9z\u0151jelet az\u00e9rt is \u00e9rdemes kitenni, mert a piros-feh\u00e9r sz\u00edneket visel\u0151 egyes\u00fclet \u2013 ellent\u00e9tben a n\u00e9met f\u0151v\u00e1ros \u201e\u00d6reg H\u00f6lgy\u00e9vel\u201d, a Hertha BSC-vel \u2013 a legszebb napjait \u00e9li, a p\u00e1ly\u00e1n \u00e9s p\u00e1rtol\u00f3 tagjai sz\u00e1m\u00e1ban (!) is megel\u0151zi a riv\u00e1list. Nem tudjuk, hogy ez r\u00f6vid t\u00fcnd\u00f6kl\u00e9snek bizonyul-e, vagy az Union hossz\u00fa t\u00e1von is megragad a Bundeslig\u00e1ban, mindenesetre a futballtradicionalist\u00e1k egyik kedvenc klubj\u00e1hoz Sch\u00e4fer miatt sok magyar szimpatiz\u00e1ns is csap\u00f3dhat. Hogy j\u00f3l d\u00f6nt\u00f6tt-e 2021 magyar aranylabd\u00e1sa? Erre is megpr\u00f3b\u00e1lunk v\u00e1laszt tal\u00e1lni.\r\n<h2>Keleti vas<\/h2>\r\n\u201eBerlini vagyok. Kelet-berlini\u201d \u2013 hangzik el a 2004-es \u201eUnion f\u00fcrs Leben\u201d c\u00edm\u0171 filmben. Az 1. FC Union Berlin identit\u00e1s\u00e1nak egyik alapk\u00f6ve a keletis\u00e9g, a m\u00e1sik a munk\u00e1soszt\u00e1lyhoz tartoz\u00e1s. Amikor a Berliner Morgenpost zseni\u00e1lis interakt\u00edv t\u00e9rk\u00e9pet k\u00e9sz\u00edtett a f\u0151v\u00e1rosi futballt\u00f6r\u00e9svonalakr\u00f3l (<a href=\"https:\/\/interaktiv.morgenpost.de\/fussballkarte-berlin\/\" target=\"_blank\" rel=\"noopener\">aki szeretn\u00e9, itt b\u00f6ng\u00e9szheti<\/a>), \u00e9lesen kirajzol\u00f3dott a v\u00e1laszt\u00f3vonal a Hertha \u00e9s az Union p\u00e1rtol\u00f3i k\u00f6z\u00f6tt. Nyugat-Berlin a Hertha k\u00e9kj\u00e9be borul, m\u00edg kelet piros, K\u00f6penick \u00e9s k\u00f6rny\u00e9ke s\u00f6t\u00e9tv\u00f6r\u00f6s. Ez az Union otthona.\r\n\r\nEleinte sem keleti, sem piros-feh\u00e9r nem volt a csapat, mivel jogel\u0151dje, az Union (eredetileg Olympia) Obersch\u00f6neweide c\u00edmer\u00e9ben a Herth\u00e1hoz hasonl\u00f3an k\u00e9k-feh\u00e9r z\u00e1szl\u00f3 lobogott, Berlin kett\u00e9oszt\u00e1s\u00e1r\u00f3l pedig m\u00e9g sz\u00f3 sem esett. A csapat k\u00e9k, munk\u00e1soverallokra eml\u00e9keztet\u0151 szerel\u00e9se miatt kapta meg a Schlosserjungs (\u201eVasasok\u201d) becenevet, \u00e9s \u00e1ll\u00edt\u00f3lag ekkoriban ord\u00edtotta be valaki a p\u00e1ly\u00e1ra a csataki\u00e1lt\u00e1st, melyet mindenki \u00e1tvett, s a klub a mai napig haszn\u00e1l: Eisern Union, azaz \u201evas Union\u201d.\r\n\r\nA csapat 1923-ban n\u00e9met bajnoki d\u00f6nt\u0151t j\u00e1tszott (vesz\u00edtett), majd a k\u00f6z\u00e9pszer\u0171s\u00e9gbe s\u00fcllyedt. Amikor el\u0151bukkanhatott volna onnan a m\u00e1sodik vil\u00e1gh\u00e1bor\u00fa ut\u00e1n, akkor k\u00f6zbesz\u00f3lt a politika: az Union Obersch\u00f6neweide 1950-ben a berlini liga m\u00e1sodik helyezettjek\u00e9nt beker\u00fclt a n\u00e9met bajnoks\u00e1g r\u00e1j\u00e1tsz\u00e1s\u00e1ba, \u00e1m a szektort fel\u00fcgyel\u0151, m\u00e1r kor\u00e1bban is adminisztrat\u00edv akad\u00e1lyokat t\u00e1maszt\u00f3 szovjetek \u2013 n\u00e9h\u00e1ny h\u00f3nappal az NDK megalap\u00edt\u00e1sa ut\u00e1n j\u00e1runk \u2013 nem engedt\u00e9k el a csapatot a Hamburger SV elleni, kieli m\u00e9rk\u0151z\u00e9sre. Az Union m\u00e9gis lej\u00e1tszotta a meccset (a HSV 7-0-ra nyert), a keret meg a st\u00e1b nagy r\u00e9sze Nyugat-N\u00e9metorsz\u00e1gba ment, \u00e9s a vasf\u00fcgg\u00f6ny t\u00fals\u00f3 oldal\u00e1n tal\u00e1lt \u00faj otthonra. A k\u00e9k-feh\u00e9r sz\u00edneket visel\u0151 SC Union 06 Berlin a mai napig akt\u00edv, igaz, az alacsonyabb oszt\u00e1lyokban kell keresni a nev\u00e9t. Az Union 06 1957-ben Magyarorsz\u00e1gon is j\u00e1tszott, az MTK 10-2-re mosta le egy bar\u00e1ts\u00e1gos tal\u00e1lkoz\u00f3n.\r\n\r\n<span class=\"highlight-block-small\">A kv\u00e1zi j\u00e1t\u00e9kosok \u00e9s st\u00e1b n\u00e9lk\u00fcl maradt keletiek 13 \u00e9v alatt \u00f6t k\u00fcl\u00f6nb\u00f6z\u0151 nevet (Union Obersch\u00f6ngeweide, Motor Obersch\u00f6neweide, Motor Berlin, TSC Obersch\u00f6neweide, TSC Berlin) viseltek, m\u00edgnem egy \u00e1tszervez\u00e9s eredm\u00e9nyek\u00e9ppen megkapt\u00e1k a mait.<\/span>\r\n<div class=\"payable-content-section\"><\/div>\r\nAz NDK sportvezet\u0151i ugyanis 1965 v\u00e9g\u00e9n \u00fagy d\u00f6nt\u00f6ttek, a sportklubok labdar\u00fag\u00f3-szakoszt\u00e1lyak\u00e9nt m\u0171k\u00f6d\u0151 csapatoknak \u00f6n\u00e1ll\u00f3 futballklubokk\u00e1 kell v\u00e1lniuk. \u00cdgy is lett, az id\u0151k\u00f6zben k\u00e9k-feh\u00e9r sz\u00edneit a v\u00e1ros piros-feh\u00e9rj\u00e9re cser\u00e9l\u0151 TSC Berlin pedig \u00fajfent nevet v\u00e1ltott. Persze csak miut\u00e1n k\u00f6zbesz\u00f3lt a politika.\r\n\r\nAz eredeti terv szerint Kelet-Berlinnek csak k\u00e9t profi futballklubra volt sz\u00fcks\u00e9ge, \u00e9s m\u00e1r megvolt mindkett\u0151 a n\u00e9phadsereg (Vorw\u00e4rts Berlin) \u00e9s \u00e1llambiztons\u00e1g-bel\u00fcgy (Berliner FC Dynamo) csapata k\u00e9p\u00e9ben. M\u00e1snak nem osztottak lapot, illetve nem osztottak volna, ha a szakszervezeti vezet\u0151 Herbert Warnke nem kezd lobbizni az\u00e9rt, hogy a munk\u00e1soknak is legyen csapatuk, ne csak a k\u00e9t er\u0151szakszervezetnek. Kelet-Berlin munk\u00e1sai 1966. janu\u00e1r 20-\u00e1n megkapt\u00e1k \u00faj klubjukat, az 1. FC Uniont. Az Union alap\u00edt\u00e1sa \u00f3ta er\u0151s munk\u00e1soszt\u00e1lybeli hagyom\u00e1nnyal b\u00edrt, a k\u00f6rny\u00e9k is \u201ek\u00e9kgall\u00e9ros\u201d volt, a szurkol\u00f3kat sem kellett sokat noszogatni, hogy j\u00f6jjenek, pl\u00e1ne, hogy a hadsereg vagy a gy\u0171l\u00f6lt-rettegett Stasi csapat\u00e1nak sokan nem tudtak volna tiszta sz\u00edvb\u0151l drukkolni.\r\n\r\n\u201eK\u00e9t \u00e9vvel ezel\u0151tt alakult meg egyes\u00fclet\u00fcnk, \u00e9s tavaly siker\u00fclt felker\u00fclni a fels\u0151 lig\u00e1ba. Az elektrotechnikai szak\u00e1ghoz tartozik az Union, csapatunkban m\u00e9rn\u00f6k\u00f6k \u00e9ppen \u00fagy tal\u00e1lhat\u00f3k, mint lakatosok, de vannak, akik mint sportoktat\u00f3k szereznek k\u00e9pes\u00edt\u00e9st\u201d \u2013 besz\u00e9lt csapat\u00e1r\u00f3l<strong> Paul Fettback<\/strong>, az Union k\u00fcld\u00f6tts\u00e9gvezet\u0151je 1967-ben, amikor a berliniek Duna\u00fajv\u00e1rosban edz\u0151t\u00e1boroztak.\r\n\r\n<img class=\"alignnone size-large wp-image-3514\" src=\"https:\/\/sport24.24.hu\/app\/uploads\/sites\/24\/2022\/01\/gettyimages-542374699-1024x691.jpg\" alt=\"\" width=\"1024\" height=\"691\" \/>\r\n<h2>\u201e\u00c1llamellens\u00e9gb\u0151l\u201d kultklub<\/h2>\r\nHa az eddigiekb\u0151l azt a k\u00f6vetkeztet\u00e9st vonja le az olvas\u00f3, hogy az Union Berlin t\u00f6rt\u00e9nete h\u00e1nyatott, h\u00e1t igaza van, \u00e9s a java m\u00e9g csak most j\u00f6n! A klub 1968-ban az NDK k\u00f6zv\u00e9lem\u00e9nye \u00e9s saj\u00e1t drukkerei legnagyobb d\u00f6bbenet\u00e9re elh\u00f3d\u00edtotta els\u0151 \u00e9s egyetlen tr\u00f3fe\u00e1j\u00e1t, a Keletn\u00e9met Kup\u00e1t, a d\u00f6nt\u0151ben 2-1-re legy\u0151zve a favorit j\u00e9naiakat. A v\u00e1ratlan siker ut\u00e1n a KEK-ben indult az Union, illetve indult volna, mert a politika m\u00e1r megint k\u00f6zbesz\u00f3lt. A Vars\u00f3i Szerz\u0151d\u00e9s csapatai 1968-ban \u201ebar\u00e1ti seg\u00edts\u00e9gny\u00fajt\u00e1st\u201d v\u00e9geztek Csehszlov\u00e1ki\u00e1ban, azaz eltiport\u00e1k a pr\u00e1gai tavaszt. Az UEFA a kelet-nyugati p\u00e1ros\u00edt\u00e1sok \u201erobban\u00e1svesz\u00e9ly\u00e9t\u0151l\u201d tartva \u00fajrasorsolta a BEK \u00e9s KEK 1968\/69-es ki\u00edr\u00e1s\u00e1nak mez\u0151ny\u00e9t, \u00e9s a keleti blokk csapatait egym\u00e1ssal p\u00e1ros\u00edtotta \u00f6ssze. V\u00e1laszul a keletiek t\u00f6bbs\u00e9ge visszal\u00e9pett, bele\u00e9rtve az Uniont is, amely nem el\u00e9g, hogy nem l\u00e9phetett ki a nemzetk\u00f6zi porondra, de ugyanabban az id\u00e9nyben m\u00e9g ki is esett az NDK-\u00e9lvonalb\u00f3l\u2026\r\n\r\nAz ett\u0151l fogva az els\u0151 \u00e9s a m\u00e1sodoszt\u00e1ly k\u00f6z\u00f6tt joj\u00f3z\u00f3 Union legal\u00e1bb stadionja, az An der Alten F\u00f6rsterei csinos\u00edt\u00e1s\u00e1t megkapta aj\u00e1nd\u00e9kba, mert a l\u00e9tes\u00edtm\u00e9nyt a \u201eBerlin hilft Union\u201d akci\u00f3 keret\u00e9ben a drukkerek seg\u00edts\u00e9g\u00e9vel fel\u00faj\u00edtott\u00e1k (ez a mot\u00edvum a k\u00e9s\u0151bbiekben m\u00e9g visszat\u00e9r). Ha korabeli h\u00edrad\u00f3felv\u00e9teleket n\u00e9z\u00fcnk, egy hangos \u00e9s fanatikus t\u00e1borral b\u00edr\u00f3, \u00e1m el\u00e9g gyeng\u00e9cske csapatot l\u00e1tunk. Ahogy a kort\u00e1rsak tartott\u00e1k: az Union \u201ehangulatban elef\u00e1nt, sportszakmailag sz\u00fcrke eg\u00e9rke\u201d. Egy <a href=\"https:\/\/www.youtube.com\/watch?v=Fz3v41QbQBg\" target=\"_blank\" rel=\"noopener\">1978-as t\u00e9v\u00e9riportban<\/a> az \u201eunionist\u00e1k\u201d eg\u00e9szen \u00e9rdekes fejeket v\u00e1gtak arra a riporteri k\u00e9rd\u00e9sre, hogy mi\u00e9rt nem drukkolnak (mondjuk) a Dynam\u00f3nak, de azt t\u00f6bben is eml\u00edtik, hogy a Herth\u00e1t viszont cs\u00edpik. A szimp\u00e1tia k\u00f6lcs\u00f6n\u00f6s volt (b\u00e1r az\u00f3ta elm\u00falt): a hetvenes-nyolcvanas \u00e9vekb\u0151l l\u00e1thatunk <a href=\"https:\/\/www.youtube.com\/watch?v=c4OBYvxXLDc&amp;t=420s\" target=\"_blank\" rel=\"noopener\">olyan felv\u00e9teleke<\/a>t, amelyeken <a href=\"https:\/\/www.berlin-mauer.de\/videos\/grenzuebergreifende-fanfreundschaft-zwischen-hertha-und-union-653\/\" target=\"_blank\" rel=\"noopener\">a Nyugatr\u00f3l \u00e1tr\u00e1ndul\u00f3 herth\u00e1sok<\/a> er\u0151s\u00edtik az Union t\u00e1bor\u00e1t a keletn\u00e9met riv\u00e1lisok ellen, \u00e9s a keleti blokkba UEFA Kupa-meccsre utaz\u00f3 Hertha-fanatikusok k\u00f6z\u00f6tt is ott lengtek a FCU piros-feh\u00e9r z\u00e1szl\u00f3i. A klub szurkol\u00f3i k\u00f6z\u00e9 olyanok keveredtek, akiknek nem tetszett a keletn\u00e9met \u201emunk\u00e1s-paraszt paradicsom\u201d m\u0171k\u00f6d\u00e9se. Ahogy az Eulenspiegel szatirikus lap \u00edrta:\r\n<blockquote class=\"small-quote\">Nem minden Union-szurkol\u00f3 \u00e1llamellens\u00e9g \u2013 de minden \u00e1llamellens\u00e9g Union-szurkol\u00f3.<\/blockquote>\r\nM\u00e9g ha az Union rendszerellenes h\u00edrneve elt\u00falzott is, az t\u00e9ny, hogy a klub meccsein elhangzottak olyan rigmusok, amelyek az NDK-ban elfogadhatatlannak min\u0151s\u00fcltek; no meg az is t\u00e9ny, hogy az Union fanatikusai gy\u0171l\u00f6lt\u00e9k a hatalom k\u00f6zeli Dynamo drukkereit. Ahogyan a szurkol\u00f3i dal sz\u00f3l, a Spree partj\u00e1n csak k\u00e9t csapat van, az egyik az Union, a m\u00e1sik a Hertha BSC\u2026\r\n\r\nA berlini fal leoml\u00e1s\u00e1val v\u00e9gre \u00f6sszeborulhattak egy bar\u00e1ts\u00e1gos meccsen a Hertha- \u00e9s az Union-h\u00edvek, hogy azt\u00e1n mindenki menjen a saj\u00e1t \u00fatj\u00e1ra. Az Union\u00e9 legink\u00e1bb k\u00e1lv\u00e1ri\u00e1ra eml\u00e9keztetett. Az \u00fajraegyes\u00edtett N\u00e9metorsz\u00e1gban a harmadoszt\u00e1lyb\u00f3l rajtol\u00f3 klubt\u00f3l k\u00e9tszer is megtagadt\u00e1k a feljut\u00e1st \u2013 a Bundesliga 2-es klublicenchez sz\u00fcks\u00e9ges bankgaranci\u00e1k hi\u00e1nya, illetve meghamis\u00edt\u00e1sa miatt \u2013, id\u0151r\u0151l id\u0151re a cs\u0151d sz\u00e9l\u00e9n t\u00e1ncolt a csapat. Az Union 2001-ben v\u00e9gre feljutott a m\u00e1sodik lig\u00e1ba, \u00e9s m\u00e9g harmadoszt\u00e1ly\u00fak\u00e9nt kupad\u00f6nt\u0151t j\u00e1tszott a Schalke 04 ellen, keret\u00e9ben a magyar <strong>Bozsik Levent\u00e9vel<\/strong> \u2013 igaz, elvesz\u00edtette azt, de mivel a Schalke bejutott a BL-be, az eur\u00f3pai porondon is deb\u00fct\u00e1lhatott a klub.\r\n\r\nA m\u00e1sodoszt\u00e1lyb\u00f3l az els\u0151be jut\u00e1shoz kellett \u00fajabb sz\u0171k k\u00e9t \u00e9vtized (k\u00f6zben a klub a negyedik liga pokl\u00e1t is megj\u00e1rta, csak hogy legyen m\u00e9g csavar), \u00e9s az Union t\u00f6rt\u00e9net\u00e9nek ezt a fejezet\u00e9t m\u00e1r t\u00f6bben ismerik. A szurkol\u00f3k sz\u00f3 szerint v\u00e9r\u00fcket adt\u00e1k a klub\u00e9rt (v\u00e9rad\u00e1st szerveztek a neh\u00e9z anyagi helyzetbe ker\u00fclt egyes\u00fclet megseg\u00edt\u00e9s\u00e9re), saj\u00e1t kez\u00fckkel renov\u00e1lt\u00e1k a stadiont (ahogyan azt a hatvanas \u00e9s nyolcvanas \u00e9vekben is megtett\u00e9k), esztend\u0151r\u0151l esztend\u0151re hatalmas kar\u00e1csonyi \u00e9nekl\u00e9st rendeznek ar\u00e9n\u00e1jukban. Az Union Berlin kultklub lett, amely ha nem is tagadja meg a modern futballt, mindent megtesz az\u00e9rt, hogy ne vesz\u00edtse el a kapcsolatot szurkol\u00f3ival, ne kuncsaftokk\u00e9nt kezelje \u0151ket \u00e9s ne tagoz\u00f3djon be minden tekintetben a 21. sz\u00e1zadi labdar\u00fag\u00e1sba. A stadion n\u00e9gy lel\u00e1t\u00f3j\u00e1b\u00f3l h\u00e1rom \u00e1ll\u00f3helyes \u2013 az eur\u00f3pai m\u00e9rk\u0151z\u00e9seit emiatt az Olimpiai Stadionba kellett vinnie az Unionnak \u2013, a klubot k\u00f6rbelengi a k\u00edv\u00fcl\u00e1ll\u00f3s\u00e1g atmoszf\u00e9r\u00e1ja. Az Union antit\u00e9zise mindannak, amit a m\u00e1sik keleti Bundesliga-csapatn\u00e1l, az RB Leipzign\u00e9l gondolnak a futballr\u00f3l. A mind jobb eredm\u00e9nyekkel a klubvezet\u00e9s elv\u00e1r\u00e1sai is n\u0151ttek, s b\u00e1r az Union-ultr\u00e1k kor\u00e1bban maguk is r\u00e9m\u00fcld\u00f6ztek a t\u00e9nyen, hogy feljuthatnak, 2019-ben v\u00e9g\u00fcl megny\u00edlt a Bundesliga kapuja a k\u00f6penickiek el\u0151tt, akik els\u0151 id\u00e9ny\u00fckben a 11., a m\u00e1sodikban a 7. helyen v\u00e9geztek, ut\u00f3bbival kiharcolva az eur\u00f3pai kupaszerepl\u00e9s jog\u00e1t. \u00c9s itt j\u00f6n k\u00e9pbe Sch\u00e4fer, valamint az Union k\u00f6zelj\u00f6v\u0151je.\r\n<h2>M\u00e1r els\u0151k Berlinben<\/h2>\r\nOd\u00e1ig jutottunk, hogy feltehetj\u00fck m\u00e1r a k\u00e9rd\u00e9st: vajon 2022-ben az Union sz\u00e1m\u00edt Berlin els\u0151 sz\u00e1m\u00fa csapat\u00e1nak? A v\u00e1lasz pedig: meglehet, legal\u00e1bbis az eredm\u00e9nyeket, a klubv\u00edzi\u00f3 megval\u00f3s\u00edt\u00e1s\u00e1t, a hangulatot tekintve az Union az els\u0151 sz\u00e1m\u00fa.\r\n\r\nKezdj\u00fck az eredm\u00e9nyekkel! Ha \u201e\u00f6sszeolvasztjuk\u201d a n\u00e9met bajnoki oszt\u00e1lyokat \u00e9s \u00edgy k\u00e9sz\u00edt\u00fcnk rangsort, akkor l\u00e1tv\u00e1nyos, ahogyan az Union a negyedoszt\u00e1ly m\u00e9lys\u00e9g\u00e9b\u0151l el\u0151t\u00f6r \u00e9s megel\u0151zi a tradicion\u00e1lisan Berlin topklubj\u00e1nak min\u0151s\u00fcl\u0151 Herth\u00e1t. <strong>Urs Fischer<\/strong> vezet\u0151edz\u0151 egy\u00fcttese m\u00e1r els\u0151 Bundesliga-id\u00e9ny\u00e9ben is csak rosszabb g\u00f3lk\u00fcl\u00f6nbs\u00e9ggel szorult a Hertha m\u00f6g\u00e9, a m\u00e1sodikban h\u00e9t hellyel el\u0151zte meg riv\u00e1lis\u00e1t, most kilenccel \u00e1ll el\u0151tte. Ami\u00f3ta a k\u00f6penickiek feljutottak az els\u0151 oszt\u00e1lyba, 125 pontot szereztek, a Hertha ek\u00f6zben csak 98-at. Az Union ebben az \u00e9vadban a bajnoks\u00e1gban \u00e9s a kup\u00e1ban is legy\u0151zte a Herth\u00e1t, s imm\u00e1r pozit\u00edv a m\u00e9rlege a berlini derbin.\r\n\r\n<iframe class=\"flourish-embed-iframe\" style=\"width: 100%;height: 600px\" title=\"Interactive or visual content\" src=\"https:\/\/flo.uri.sh\/visualisation\/8512322\/embed\" frameborder=\"0\" scrolling=\"no\"><\/iframe>\r\n<div style=\"width: 100%!;margin-top: 4px!important;text-align: right!important\"><a class=\"flourish-credit\" style=\"text-decoration: none!important\" href=\"https:\/\/public.flourish.studio\/visualisation\/8512322\/?utm_source=embed&amp;utm_campaign=visualisation\/8512322\" target=\"_top\" rel=\"noopener\"><img style=\"width: 105px!important;height: 16px!important;border: none!important;margin: 0!important\" src=\"https:\/\/public.flourish.studio\/resources\/made_with_flourish.svg\" alt=\"Made with Flourish\" \/> <\/a><\/div>\r\n&nbsp;\r\n\r\nAz Union az els\u0151 a p\u00e1rtol\u00f3 tagok sz\u00e1m\u00e1ban is, ezzel Berlin legnagyobb t\u00e1mogatotts\u00e1g\u00fa egyes\u00fclet\u00e9nek sz\u00e1m\u00edt. A piros-feh\u00e9rekn\u00e9l szurkol\u00f3i boom van: 2012-ben m\u00e9g csak 10 000 t\u00e1mogat\u00f3juk volt, 2017-ben k\u00f6sz\u00f6nt\u00f6tt\u00e9k a 15 000. p\u00e1rtol\u00f3t. A 2010-es \u00e9vek k\u00f6zep\u00e9n a herth\u00e1sok sz\u00e1ma nagyj\u00e1b\u00f3l 3:1 ar\u00e1nyban m\u00falta fel\u00fcl az unionosok\u00e9t. Amikor a Morgenpost 2019-ben elk\u00e9sz\u00edtette az eml\u00edtett interakt\u00edv focit\u00e9rk\u00e9pet, a Hertha-t\u00e1mogat\u00f3k majdnem 37 ezren voltak, az unionosok m\u00e1r 29 ezren, teh\u00e1t k\u00e9t \u00e9ven bel\u00fcl megdupl\u00e1z\u00f3dott a p\u00e1rtol\u00f3k sz\u00e1ma, \u00e9s a piros-feh\u00e9rek kezdtek vet\u00e9lyt\u00e1rsuk nyom\u00e1ba \u00e9rni. Tavaly j\u00f6tt az \u0151rs\u00e9gv\u00e1lt\u00e1s: <a href=\"https:\/\/lsb-berlin.net\/fileadmin\/redaktion\/doc\/statistik\/Statistik_2021\/Auswertung_fuer_Sport_in_Berlin_2021\/STATISTIK_2021_Vereine_gro__sser_2.000_12.8.21_Mitglieder_Erga__nzungen.pdf\" target=\"_blank\" rel=\"noopener\">a hivatalos statisztika<\/a> szerint 2021 elej\u00e9n 37 360 Union- \u00e9s 37 192 Hertha-p\u00e1rtol\u00f3t regisztr\u00e1lt a berlini sporthivatal, majd a legut\u00f3bbi jelent\u00e9s is enyhe Union-el\u0151nyt (40 725 vs. 40 224) mutatott.\r\n\r\nEnn\u00e9l jobban semmi sem jelzi, hogy a sok\u00e1ig a k\u00edv\u00fcl\u00e1ll\u00f3 szerep\u00e9t mag\u00e1ra \u00f6lt\u0151 Union divatos csapat lett. A klub ereje, st\u00e1tusza annyira megn\u0151tt, hogy az t\u00f6rv\u00e9nyszer\u0171en v\u00e1ltoz\u00e1sokat hoz minden t\u00e9ren. Ahogyan az Unionr\u00f3l k\u00f6nyvet \u00edr\u00f3 tud\u00f3s\u00edt\u00f3,<strong> Kit Holden<\/strong> elmondta a Talking Fussball podcast egyik ad\u00e1s\u00e1ban: a k\u00f6penickiek m\u00e1r t\u00f6bbsz\u00f6r fl\u00f6rt\u00f6ltek a feljut\u00e1ssal, de 2019-ben, amikor v\u00e9grehajtott\u00e1k az \u00e1tt\u00f6r\u00e9st, m\u00e1r fel is voltak k\u00e9sz\u00fclve r\u00e1. Az \u00e9lvonalbeli szerepl\u00e9s \u2013 nem \u00fagy, mint kor\u00e1bban \u2013 szerves r\u00e9sze volt a klub k\u00f6z\u00e9p- \u00e9s hossz\u00fa t\u00e1v\u00fa terveinek. Elm\u00faltak azok az \u00e9vek, amikor az eredm\u00e9ny j\u00f3form\u00e1n nem sz\u00e1m\u00edtott. A klub hossz\u00fa t\u00e1von a Bundeslig\u00e1ban k\u00e9pzeli el mag\u00e1t.\r\n\r\nB\u00e1r az Union \u2013 els\u0151sorban a pand\u00e9mia \u00e9s a magas pr\u00e9miumok miatt \u2013 t\u00f6bb mint t\u00edzmilli\u00f3 eur\u00f3s m\u00ednuszt k\u00f6nyvelt el 2020\/21-ben, a p\u00e1ly\u00e1n aratott sikerek felhajt\u00f3ereje t\u00f6retlen. A klub k\u00f6lcs\u00f6n\u00f6ket vett fel, az \u00e1tigazol\u00e1si piacon a j\u00e1rv\u00e1ny ellen\u00e9re is nagyon akt\u00edv \u2013 k\u00e9t \u00e9s f\u00e9l id\u00e9ny alatt a Transfermarkt 18 olyan szerz\u0151dtet\u00e9st regisztr\u00e1lt, amelyn\u00e9l az Union \u00e1tigazol\u00e1si vagy k\u00f6lcs\u00f6nv\u00e9teli d\u00edjat fizetett \u2013, \u00e9s 2025-ig t\u00f6bb mint sz\u00e1zmilli\u00f3 eur\u00f3s befektet\u00e9s \u00e9rkezik.\r\n<blockquote>Befektet\u00fcnk az ut\u00e1np\u00f3tl\u00e1sk\u00e9pz\u00e9sbe, a stadionb\u0151v\u00edt\u00e9sbe, \u00faj edz\u0151komplexumot hozunk l\u00e9tre, befektet\u00fcnk mag\u00e1ba a szervezetbe \u00e9s annak digitaliz\u00e1ci\u00f3j\u00e1ba. \u00c9s term\u00e9szetesen befektet\u00fcnk a profi keretbe is<\/blockquote>\r\n\u2013 hangs\u00falyozta az \u00e9vz\u00e1r\u00f3 k\u00f6zgy\u0171l\u00e9sen a 2004 \u00f3ta ir\u00e1ny\u00edt\u00f3 <strong>Dirk Zingler<\/strong> klubeln\u00f6k. Az Union a 2021\/22-es \u00e9vadban v\u00e1rhat\u00f3an rekordbev\u00e9telt k\u00f6nyvel el, t\u00f6rt\u00e9nete sor\u00e1n el\u0151sz\u00f6r l\u00e9pi \u00e1t a sz\u00e1zmilli\u00f3 eur\u00f3s bev\u00e9teli hat\u00e1rt. A szponzori bev\u00e9telek szint\u00e9n rekordmagass\u00e1gban j\u00e1rnak: a csapatnak t\u00f6bb mint 240 t\u00e1mogat\u00f3ja van, nagyv\u00e1llalatokt\u00f3l kisebb helyi v\u00e1llalkoz\u00e1sokig.\r\n\r\nAz Union tiszta v\u00edzi\u00f3t, \u00e9rt\u00e9keket \u00e9s men\u0151 identit\u00e1st k\u00edn\u00e1l, nem csoda, hogy vonzereje \u00e9s t\u00e1mogat\u00f3i sz\u00e1ma rendk\u00edv\u00fcli m\u00f3don megugrott. Ez ugyanis hi\u00e1nycikk az \u00f6nmaga \u00fajradefini\u00e1l\u00e1s\u00e1val k\u00fcszk\u00f6d\u0151 berlini kirakatklub Herth\u00e1n\u00e1l, hi\u00e1ba \u00f6nt\u00f6tt 2019 \u00f3ta a milli\u00e1rdos <strong>Lars Windhorst<\/strong> rengeteg p\u00e9nzt a csapatba. A Windhorst \u00e1ltal kital\u00e1lt im\u00e1zsv\u00e1lt\u00e1s, a \u201eBig City Club\u201d szlogen meg\u00edt\u00e9l\u00e9se m\u00e9g a Hertha-szurkol\u00f3k k\u00f6r\u00e9ben is igen vegyes, a riv\u00e1lisok drukkerei meg legink\u00e1bb kir\u00f6h\u00f6gik azt. M\u00edg a Herth\u00e1n\u00e1l egym\u00e1st \u00e9rik a kr\u00edzisek, az Union eset\u00e9ben egy dinamikusan fejl\u0151d\u0151 klub k\u00e9pe t\u00e1rul a szeml\u00e9l\u0151 el\u00e9. A Hertha r\u00e9g\u00f3ta nagyot akar, \u00e1m sok\u00e1ig az anyagiak hi\u00e1nya tartotta vissza, most meg sikertelens\u00e9g h\u00e1tr\u00e1ltatja; ek\u00f6zben az Union eleinte nem akart nagyot, \u00e9s m\u00e9gis sikeresebb lett.\r\n\r\n\u201eAz Union a No. 1, a Hertha a No. 2, ezt most kimondhatjuk (\u2026) Az Unionn\u00e1l a futballigazgat\u00f3 <strong>Oliver Ruhnert<\/strong> szinte mindig telibe tal\u00e1l, a vezet\u0151edz\u0151 Urs Fischer meg mintha valami var\u00e1zsitalra lelt volna. A Bundesliga egyik legmen\u0151bb csapat\u00e1v\u00e1 v\u00e1ltak jobb\u00e1ra olyan j\u00e1t\u00e9kosokkal, akik vagy az ismeretlens\u00e9gb\u0151l l\u00e9ptek el\u0151, vagy nem kellettek m\u00e1shol. K\u00f6zben a Herth\u00e1n\u00e1l <strong>Fredi Bobicnak<\/strong> v\u00e9gre el kell takar\u00edtania a f\u00fcst\u00f6lg\u0151 romokat el\u0151dei ut\u00e1n. Feladata kett\u0151s: \u00fajj\u00e1\u00e9leszteni a Herth\u00e1t \u00e9s visszavenni az els\u0151s\u00e9get az Uniont\u00f3l\u201d \u2013 <a href=\"https:\/\/www.bz-berlin.de\/berlin-sport\/union-berlin\/union-ist-jetzt-der-big-city-club-in-berlin\" target=\"_blank\" rel=\"noopener\">\u00edrta jegyzet\u00e9ben<\/a> <strong>Robert Matiebel<\/strong>, a Berliner Zeitung \u00fajs\u00e1g\u00edr\u00f3ja.\r\n\r\n\u201eAz, hogy az Union lehagyta a Herth\u00e1t, m\u00e1r nem egy pillanatnyi \u00e1llapot. A siker\u00e9hes \u00faj fi\u00fak a v\u00e1ros d\u00e9lkeleti r\u00e9sz\u00e9b\u0151l maguk m\u00f6g\u00e9 utas\u00edtott\u00e1k Berlin gazdag, elk\u00e9nyelmesedett urait\u201d \u2013 \u00e1llap\u00edtotta meg a Tagesspiegel.\r\n\r\n<img class=\"alignnone size-large wp-image-3515\" src=\"https:\/\/sport24.24.hu\/app\/uploads\/sites\/24\/2022\/01\/000_9w949v-1024x683.jpg\" alt=\"\" width=\"1024\" height=\"683\" \/>\r\n<h2>Sch\u00e4ferrel egy\u00fctt, de merre?<\/h2>\r\nA tov\u00e1bbl\u00e9p\u00e9shez okos igazol\u00e1sokra van sz\u00fcks\u00e9ge az Unionnak, amely egyr\u00e9szt fiatal\u00edtani igyekszik, m\u00e1sr\u00e9szt kulcsemberei m\u00f6g\u00e9 hoz olyanokat, akik a k\u00e9s\u0151bbiekben \u00e1tvehetik a szerep\u00fcket. Sch\u00e4fer mind a k\u00e9t krit\u00e9riumnak megfelel. Az Unionnak sz\u00fcks\u00e9ge volt egy olyan k\u00f6z\u00e9pp\u00e1ly\u00e1sra, aki tud nyolcast, t\u00edzest \u00e9s sz\u00fcks\u00e9g eset\u00e9n hatost is j\u00e1tszani. Fiatal, b\u00e1tor, gyors, kreat\u00edv futballist\u00e1t kerestek \u2013 \u00e9s rem\u00e9nyeik szerint tal\u00e1ltak is a 2021-es magyar aranylabd\u00e1s szem\u00e9ly\u00e9ben. Elk\u00e9pzelhet\u0151, hogy Sch\u00e4fer <strong>Grischa Pr\u00f6mel<\/strong> ut\u00f3dja lesz, mivel a Kicker oszt\u00e1lyzatai alapj\u00e1n az Union legjobb k\u00f6z\u00e9pp\u00e1ly\u00e1s\u00e1nak sz\u00e1m\u00edt\u00f3 kulcsj\u00e1t\u00e9kos egyel\u0151re nem hosszabb\u00edtotta meg a ny\u00e1ron lej\u00e1r\u00f3 szerz\u0151d\u00e9s\u00e9t. A 27 \u00e9ves Pr\u00f6mel \u00e9rt\u00e9k\u00e9t 4 \u00e9s f\u00e9l milli\u00f3 eur\u00f3ra becslik, a WyScout rangsor\u00e1ban negyedik a Bundesliga bels\u0151 k\u00f6z\u00e9pp\u00e1ly\u00e1sai k\u00f6z\u00f6tt.\r\n\r\n<span class=\"highlight-block-small\">Sch\u00e4fernek tetszett, hogy az Union kitart\u00f3an \u201ehajtotta\u201d, \u00e9rezte a bizalmat, a klub k\u00f6r\u00fcli atmoszf\u00e9ra szint\u00e9n megnyer\u0151nek bizonyult.<\/span> R\u00e1ad\u00e1sul el\u00e9g j\u00f3 es\u00e9ly mutatkozik arra is, hogy a piros-feh\u00e9rek ism\u00e9t oda\u00e9rnek egy eur\u00f3pai kupaindul\u00f3 helyre, m\u00e9g ha a BL-indul\u00e1st \u00e9r\u0151 negyedik poz\u00edci\u00f3t aligha tartj\u00e1k meg. Az egyik legdinamikusabban fejl\u0151d\u0151 magyar j\u00e1t\u00e9kos az egyik legdinamikusabban fejl\u0151d\u0151 n\u00e9met klubhoz ker\u00fclt, \u00e9s ha mindkettej\u00fck felemelked\u00e9se t\u00f6retlen lesz, az igen j\u00f3 h\u00edr mind az Unionnak, mind a magyar v\u00e1logatottnak.\r\n\r\nA hogyan tov\u00e1bbal kapcsolatban rengeteg a k\u00e9rd\u00e9s, mert az Union Berlin saj\u00e1t hat\u00e1rait feszegeti. Stadionja, az An der Alten F\u00f6rsterei a m\u00e1sodik legkisebb a Bundeslig\u00e1ban, imm\u00e1r j\u00f3val t\u00f6bb a p\u00e1rtol\u00f3 tag, mint ah\u00e1nyan bef\u00e9rn\u00e9nek az erdei ar\u00e9n\u00e1ba. \u00c9vek \u00f3ta k\u00e9szen \u00e1llnak a tervek a stadion 22 ezresr\u0151l 37 ezresre b\u0151v\u00edt\u00e9s\u00e9re \u2013 a t\u00f6bbs\u00e9g\u00e9ben \u00e1ll\u00f3helyes koncepci\u00f3 megmaradna \u2013, de ehhez infrastruktur\u00e1lis fejleszt\u00e9s is kell, a f\u0151v\u00e1ros, a ker\u00fclet \u00e9s a n\u00e9met vas\u00fatt\u00e1rsas\u00e1g pedig \u201ekardozik\u201d arr\u00f3l, hogy melyik\u00fck \u00e1llja ennek a k\u00f6lts\u00e9geit. De meddig lehet n\u00f6velni a klubot, hogy meg\u0151rizze legfontosabb \u00e9rt\u00e9k\u00e9t, a szorosan \u00f6sszetart\u00f3 k\u00f6z\u00f6ss\u00e9get? Mikor \u00fct be az elker\u00fclhetetlen kr\u00edzis a futballp\u00e1ly\u00e1n? Nem esik-e nagyot a sz\u00e1rnyal\u00e1s ut\u00e1n, mint ahogyan t\u00f6rt\u00e9nt ez oly sok kiscsapattal a toplig\u00e1kban? Megrontja-e a Bundesliga \u00e9s a benne forg\u00f3 nagy p\u00e9nz az Uniont? Eladj\u00e1k-e a stadion nev\u00e9t a j\u00f6v\u0151ben, ha p\u00e9nzre lesz sz\u00fcks\u00e9g? Az Alten F\u00f6rsterei (illetve az azt \u00fczemeltet\u0151 gazdas\u00e1gi t\u00e1rsas\u00e1g) r\u00e9szben szurkol\u00f3i tulajdon, \u00e9s eddig a stadionn\u00e9vszponzort\u00f3l a g\u00f3l\u00f6r\u00f6mzen\u00e9ig sok, a t\u00f6bbi Bundesliga-stadionban megszokott dolgot siker\u00fclt t\u00e1vol tartani. M\u00e9g a szurkol\u00f3k sem tudj\u00e1k a v\u00e1laszt a k\u00e9rd\u00e9sekre, b\u00e1r az egyik Union-blog t\u00e1rsszerz\u0151je, a csapatnak negyven \u00e9ve drukkol\u00f3 <strong>Tobias Saalfeld<\/strong> \u00fagy gondolja, a piros-feh\u00e9rek \u00e9rt\u00e9keiket meg\u0151rizve lav\u00edrozhatnak tov\u00e1bb.\r\n\r\n\u201eAz euf\u00f3ria ellen\u00e9re vegyesek voltak az \u00e9rzelmeink, f\u0151leg a r\u00e9gi szurkol\u00f3knak. Megv\u00e1ltoztat-e minket a Bundesliga-biznisz? Csak a lend\u00fclet vitt-e minket? T\u00fal magasra ker\u00fclt\u00fcnk-e \u00e9s megfizet\u00fcnk-e dr\u00e1g\u00e1n ez\u00e9rt? Sok negat\u00edv p\u00e9lda van erre (\u2026) De minden elk\u00e9pzel\u00e9s\u00fcnket f\u00f6l\u00fclm\u00falta, ami t\u00f6rt\u00e9nt, \u00e9s \u00fagy t\u0171nik, az 1. FC Union olyan sikerformul\u00e1t tal\u00e1lt, amire m\u00e1s Bundesliga-csapat nem lelt r\u00e1. Ami r\u00e1ad\u00e1sul nagyon fontos: nem egy nagybefektet\u0151, hatalmas szponzor vagy egy sejk p\u00e9nze \u00e1ll a sikerek m\u00f6g\u00f6tt\u201d \u2013 <a href=\"https:\/\/www.tag24.de\/sport\/fussball\/verein\/1-fc-union-berlin\/bundesliga-union-berlin-blog-stolpert-schon-der-dritte-trainer-2124920\" target=\"_blank\" rel=\"noopener\">\u00edrta kar\u00e1csonyi bejegyz\u00e9s\u00e9ben<\/a>.\r\n\r\n<span class=\"highlight-block\">Az Union \u00fagy v\u00e1lt 2022-re Berlin legsikeresebb klubj\u00e1v\u00e1, hogy h\u0171 maradt az \u00e9rt\u00e9keihez. <\/span>\r\n\r\nHogy futballtradicionalist\u00e1k kedvenc\u00e9b\u0151l kin\u00f6vi-e mag\u00e1t a n\u00e9met f\u0151v\u00e1ros rangels\u0151 klubj\u00e1v\u00e1, az a k\u00f6zelj\u00f6v\u0151ben eld\u0151l. A m\u00e9ret \u00e9s a hagyom\u00e1ny a Hertha, a v\u00edzi\u00f3 \u00e9s a dinamizmus az Union mellett sz\u00f3l. De a \u201evas Uniont\u201d m\u00e1r senki sem kezelheti kiscsapatk\u00e9nt. Az pedig m\u00e1r csak id\u0151 k\u00e9rd\u00e9se, hogy mikor hangzik el szp\u00edkert\u0151l \u00e9s a lel\u00e1t\u00f3r\u00f3l a bemutat\u00e1sn\u00e1l: \u201eAndr\u00e1s Sch\u00e4fer \u2013 Fussballgott\u201d.\r\n\r\nTudniillik a futballisten jelz\u0151 minden Union-j\u00e1t\u00e9kosnak kij\u00e1r, akkor is, ha vadonat\u00faj igazol\u00e1s.\r\n\r\n[prefabricated_shortcode in_app=\"0\" code=\"%3Cdiv%20class%3D%22article_box_border%22%20style%3D%22background%3A%20url%28%27https%3A%2F%2F24.p3k.hu%2Fapp%2Fuploads%2Fsites%2F24%2F2021%2F05%2Fsport24-pattern.png%27%29%20no-repeat%20left%20-16px%20%23f3f3f4%3B%20border%3A%20none%3B%22%3E%0D%0A%3Cdiv%20class%3D%22article_solidheader%22%3E%0D%0A%3Ch2%20style%3D%22color%3A%20%23111115%21important%3B%20font-size%3A%2036px%3B%20font-weight%3A%20bold%3B%20margin-bottom%3A%2030px%3B%20margin-top%3A%2020px%3B%20text-align%3A%20center%3B%20line-height%3A%2036px%3B%22%3E%3Cimg%20class%3D%22aligncenter%20size-full%20wp-image-141%22%20src%3D%22https%3A%2F%2F24.p3k.hu%2Fapp%2Fuploads%2Fsites%2F24%2F2021%2F05%2Fs24-logo-dt.png%22%20alt%3D%22%22%20width%3D%22408%22%20height%3D%2290%22%20%2F%3E%3C%2Fh2%3E%0D%0A%3Ch2%20style%3D%22color%3A%20%23111115%21important%3B%20font-size%3A%2036px%3B%20font-weight%3A%20bold%3B%20margin-bottom%3A%2030px%3B%20margin-top%3A%2020px%3B%20text-align%3A%20center%3B%20line-height%3A%2040px%3B%22%3ECsatlakozz%20a%20Sport24%20k%C3%B6z%C3%B6ss%C3%A9ghez%2C%20mondd%20el%20v%C3%A9lem%C3%A9nyedet%20z%C3%A1rt%20Facebook-csoportunkban%2C%20%C3%A9s%20vegy%C3%A9l%20r%C3%A9szt%20csak%20el%C5%91fizet%C5%91knek%20el%C3%A9rhet%C5%91%20exkluz%C3%ADv%20esem%C3%A9nyeinken.%3C%2Fh2%3E%0D%0A%3C%2Fdiv%3E%0D%0A%3Cp%20style%3D%22background%3A%20%2357A600%3B%20margin-top%3A%2020px%3B%20padding%3A%2020px%3B%20text-align%3A%20center%3B%22%3E%3Ca%20style%3D%22color%3A%20%23ffffff%3B%20font-size%3A%2026px%3B%20font-weight%3A%20600%3B%22%20href%3D%22https%3A%2F%2Fwww.facebook.com%2Fgroups%2F212344460412327%22%3ECSATLAKOZOM%3C%2Fa%3E%3C%2Fp%3E%0D%0A%0D%0A%3C%2Fdiv%3E\"]","type":"rich","thumbnail_url":"https:\/\/s.24.hu\/app\/uploads\/sites\/24\/2022\/01\/af16c34d3e80c774cf846b252b328cf0-150x150.jpeg","thumbnail_width":150,"thumbnail_height":150}