{"version":"1.0","provider_name":"Sport24","provider_url":"https:\/\/sport24.24.hu","author_name":"Fut\u00f3 Csaba","author_url":"https:\/\/sport24.24.hu\/author\/futocs\/","title":"\u201eAz arcomba dobott \u00fcvegn\u00e9l jobban f\u00e1jt, hogy engem hib\u00e1ztattak\u201d","html":"Ahhoz, hogy felm\u00e9rj\u00fck a francia szurkol\u00f3i helyzet s\u00faly\u00e1t, \u00e9rdemes r\u00e1pillantani arra <a href=\"https:\/\/www.lemonde.fr\/idees\/article\/2021\/12\/15\/dimitri-payet-est-ce-que-je-dois-arreter-de-tirer-les-corners-est-ce-que-je-dois-arreter-de-jouer-au-football-dites-moi_6106190_3232.html\">a ny\u00edlt lev\u00e9lre<\/a>, amit <strong>Dimitri Payet<\/strong>, az Olympique Marseille labdar\u00fag\u00f3ja juttatott el a legnagyobb francia napilap, a Le Monde szerkeszt\u0151s\u00e9g\u00e9be 2021 december\u00e9ben.\r\n<blockquote>Ezt a levelet magamt\u00f3l \u00edrom, nem k\u00e9rt meg senki erre a feladatra. Ez nem egy el\u0151re megfontolt PR-fog\u00e1s<\/blockquote>\r\n\u2013 kezdi sorait Payet.\r\n\r\n\u201eR\u00e9szemr\u0151l sincs semmif\u00e9le h\u00e1ts\u00f3 sz\u00e1nd\u00e9k, nyom\u00e1st sem helyezek senkire, nem is \u00e9rdekel, mert semmi szem\u00e9lyes hasznom nem sz\u00e1rmazik ebb\u0151l. \u00c9n voltam a m\u00e9di\u00e1ban legt\u00f6bbet mutatott \u00e1ldozat, de nem az egyetlen. Az incidensek egyik els\u0151 elszenved\u0151je voltam, ami ad n\u00e9mi hiteless\u00e9get a k\u00e9rd\u00e9sben. Ez\u00e9rt sz\u00f3lalok fel.\u201d\r\n\r\nPayet n\u00e9h\u00e1ny h\u00e9t leforg\u00e1sa alatt k\u00e9t s\u00falyos szurkol\u00f3i rendbont\u00e1snak volt a f\u0151szerepl\u0151je. El\u0151sz\u00f6r augusztusban, egy Nice-Marseille meccsen, amikor egy sz\u00f6glethez k\u00e9sz\u00fcl\u0151dve h\u00e1tba dobt\u00e1k egy \u00fcveggel, amit Payet indulatosan visszadobott a lel\u00e1t\u00f3ra. A gesztus ut\u00e1n t\u00f6megvereked\u00e9s t\u00f6rt ki.\r\n\r\nhttps:\/\/www.youtube.com\/watch?v=snOevL3J52U&amp;ab_channel=AndrewJones\r\n\r\nA jelens\u00e9g nem volt \u00fajdons\u00e1g, viszont l\u00e1that\u00f3an sokan nem tudt\u00e1k a hely\u00e9n kezelni. T\u00f6bben ekkor m\u00e9g amellett \u00e9rveltek, hogy Payet abban a helyzetben elvesztette az \u00f6nuralm\u00e1t \u00e9s a visszadobott \u00fcveggel csak tov\u00e1bb sz\u00edtotta a t\u00fczet. Hetekkel k\u00e9s\u0151bb azonban Payet is kim\u00e9rt maradt, amikor egy Marseille-PSG m\u00e9rk\u0151z\u00e9sen a hazaiak a p\u00e1rizsi j\u00e1t\u00e9kosokat kezdt\u00e9k el dob\u00e1lni. Payet t\u00fcrelemre intett, s\u0151t a saj\u00e1t szurkol\u00f3i viselked\u00e9s\u00e9t is kifog\u00e1solta.\r\n\r\nhttps:\/\/twitter.com\/romcanuti\/status\/1452428156665843716?fbclid=IwAR17W8KP8Gyo6m3SsQnaHVquFrCokUYaTG9E6r73TZmiFC6KZi04fsIw0bQ\r\n\r\n\u201eL\u00e1ttam \u00fcvegeket, t\u00f6lt\u0151ket, \u00f6ngy\u00fajt\u00f3kat\u2026Engem is dob\u00e1ltak ilyenekkel, tudom, mir\u0151l van sz\u00f3 \u2013 mondta. \u2013 T\u00f6bbsz\u00f6r is nyugalomra intett\u00fcnk a klub eln\u00f6k\u00e9vel. Sajnos akadnak olyanok, akik t\u00fall\u00e9pnek a kereteken. \u0150k az \u00e9n szememben nem Marseille-szurkol\u00f3k. Tudjuk, hogy emiatt megb\u00fcntethetnek minket, pontlevon\u00e1st kaphatunk. M\u00e9gis miattuk ker\u00fclhet\u00fcnk eff\u00e9le helyzetbe. Ezek ut\u00e1n nekem senki ne s\u00edrjon, amikor a v\u00e9gelsz\u00e1mol\u00e1sn\u00e1l hi\u00e1nyozni fognak az \u00e9rt\u00e9kes pontok. Ezek az emberek nem szeretik az OM-et, nem b\u00fcszk\u00e9k a klubjukra. Term\u00e9szetesen vannak m\u00e1sok is, igazi szurkol\u00f3k, nem kell mindenkit egy kalap al\u00e1 venni. Azoknak a szurkol\u00f3knak szeretn\u00e9m megk\u00f6sz\u00f6nni, hogy els\u0151sorban szurkolni j\u00f6ttek ki a meccsre.\u201d\r\n\r\nPayet nyilatkozata ut\u00e1n nem sokkal esett meg a m\u00e1sodik, s\u00falyosabb atrocit\u00e1s. A j\u00e1t\u00e9kos egy Lyon elleni m\u00e9rk\u0151z\u00e9sen egy sz\u00f6glethez k\u00e9sz\u00fcl\u0151d\u00f6tt, amikor egy f\u00e9l literes flakonnal szab\u00e1lyosan arcon tal\u00e1lta az ellenf\u00e9l egyik szurkol\u00f3ja. Payet elter\u00fclt, a meccs f\u00e9lbeszakadt.\r\n<div class=\"payable-content-section\"><\/div>\r\nhttps:\/\/twitter.com\/InfosFrancaises\/status\/1462514865671655428\r\n\r\nA legszomor\u00fabb az, hogy ez nem volt egyedi eset. A 2021\/2022-es id\u00e9ny kezdete \u00f3ta szinte minden h\u00e9tre jutottak szurkol\u00f3i rendbont\u00e1sok. P\u00e9ldak\u00e9nt a legkir\u00edv\u00f3bbak:\r\n<ul>\r\n \t<li>Augusztusban a Montpellier szurkol\u00f3i dob\u00e1lt\u00e1k meg a Marseille g\u00f3ljukat \u00fcnnepl\u0151 j\u00e1t\u00e9kosait, egyik\u00fcket <a href=\"https:\/\/rmcsport.bfmtv.com\/football\/ligue-1\/montpellier-om-touche-par-un-projectile-rongier-montre-sa-blessure-et-repond-a-l-imbecile_AV-202108080198.html\">el is tal\u00e1lt\u00e1k<\/a>. A Montpellier-t h\u00e1rom z\u00e1rt kapus meccsel b\u00fcntett\u00e9k.<\/li>\r\n \t<li>Szeptemberben k\u00f6zel sz\u00e1z Lens-szurkol\u00f3 <a href=\"https:\/\/www.youtube.com\/watch?v=TARmZC6JSoA\">rohant be<\/a> a p\u00e1ly\u00e1ra, hogy \u00f6sszecsapjon a Lille drukkereivel \u2013 z\u00e1rt k\u00f6r\u0171 meccs \u00e9s t\u00f6bb szurkol\u00f3i kitilt\u00e1s lett az eredm\u00e9nye. Ugyanebben a h\u00f3napban egy PSG-Lyon meccsen a vend\u00e9gszektor egyik szurkol\u00f3ja egy leszak\u00edtott stadion\u00fcl\u00e9ssel <a href=\"https:\/\/rmcsport.bfmtv.com\/football\/ligue-1\/psg-un-jeune-supporter-blesse-par-un-siege-lance-par-des-lyonnais_AV-202109210493.html\">tal\u00e1lt el<\/a> egy 11 \u00e9ves gyereket. Szint\u00e9n dulakod\u00e1s t\u00f6rt ki egy Montpellier-Bordeax, valamint Angers-Marseille meccseken.<\/li>\r\n \t<li>Okt\u00f3berben <a href=\"https:\/\/www.marca.com\/en\/football\/ligue-1\/2021\/10\/25\/61769bc2268e3ebc208b45a7.html\">21 embert tart\u00f3ztattak le<\/a> a Marseille-PSG meccsen, ami\u00e9rt t\u00f6bben a lel\u00e1t\u00f3kon verekedtek \u00f6ssze. Egy Saint-\u00c9tienne-meccset csak <a href=\"https:\/\/www.lepoint.fr\/sport\/football\/ligue-1-des-incidents-avant-asse-angers-ont-retarde-le-coup-d-envoi-22-10-2021-2448953_1858.php\">k\u00e9s\u0151bb<\/a> tudtak elind\u00edtani a helyi B-k\u00f6z\u00e9p pirotechnikai mutatv\u00e1nya miatt.<\/li>\r\n \t<li>Novemberben t\u00f6rt\u00e9nt az omin\u00f3zus eset, amikor Payetet eltal\u00e1lt\u00e1k. A palackot eldob\u00f3 6 h\u00f3nap felf\u00fcggesztett szabads\u00e1gveszt\u00e9st \u00e9s 5 \u00e9vig terjed\u0151 stadionkitilt\u00e1st kapott.<\/li>\r\n \t<li>Decemberben egy Francia Kupa-meccsen a Paris FC \u00e9s a Lyon szurkol\u00f3i saj\u00e1t\u00edtottak ki egy kar\u00e9jt egy t\u00f6megvereked\u00e9shez.<\/li>\r\n<\/ul>\r\n[central_article_recommendation title=\"Kapcsol\u00f3d\u00f3\" url=\"https:\/\/rangado.24.hu\/nemzetkozi_foci\/2021\/12\/18\/paris-fc-olympique-lyon-francia-kupa-felbeszakadt\/\" image=\"1\" lead=\"1\"]\r\n\r\nA szurkol\u00f3k viselked\u00e9se egy dolog, a bajt viszont csak tet\u00e9zte a biztons\u00e1gi szolg\u00e1latok b\u00e9nults\u00e1ga \u00e9s a sportvezet\u0151k mism\u00e1sol\u00e1sa. Az eml\u00edtett Nizza-Marseille m\u00e9rk\u0151z\u00e9sen a hazai klub eln\u00f6ke, <strong>Jean-Pierre Rivere<\/strong> azzal <a href=\"https:\/\/www.sofoot.com\/jean-pierre-rivere-ce-qui-a-mis-le-feu-aux-poudres-c-est-la-reaction-de-deux-joueurs-marseillais-503293.html\">takar\u00f3zott<\/a>, hogy \u201ea marseille-i j\u00e1t\u00e9kosok reakci\u00f3ja csak olaj volt a t\u0171zre\u201d, m\u00edg a Payetet \u00e9rt s\u00falyos incidensn\u00e9l<strong> Jean-Michel Aulas<\/strong>, a Lyon els\u0151 embere hossz\u00fa perceken kereszt\u00fcl kritiz\u00e1lta a b\u00edr\u00f3 d\u00f6nt\u00e9s\u00e9t, ami\u00e9rt f\u00e9lbeszak\u00edtotta a m\u00e9rk\u0151z\u00e9st, majd az \u00f6lt\u00f6z\u0151ben megpr\u00f3b\u00e1lt nyom\u00e1st gyakorolni a meccs folytat\u00e1s\u00e1ra. (Az Aulas mellett \u00fcl\u0151, szakkomment\u00e1tork\u00e9nt dolgoz\u00f3 <strong>Thierry Henry<\/strong> <a href=\"https:\/\/www.youtube.com\/watch?v=NkDydUjfEsE&amp;ab_channel=Hkbbnamoin\">reakci\u00f3ja<\/a> az\u00f3ta k\u00f6rbej\u00e1rta a francia sajt\u00f3t.) A meccs k\u00f6r\u00fcli \u00e9rtetlens\u00e9get tov\u00e1bb fokozta, hogy am\u00edg a csapatok az \u00f6lt\u00f6z\u0151ben tan\u00e1cskoztak, a stadionbemond\u00f3 bejelentette, hogy a m\u00e9rk\u0151z\u00e9s hamarosan folytat\u00f3dik, mik\u00f6zben a j\u00e1t\u00e9kvezet\u0151 szerint err\u0151l sz\u00f3 sem volt.\r\n\r\n[caption id=\"attachment_3498\" align=\"alignnone\" width=\"1024\"]<img class=\"size-large wp-image-3498\" src=\"https:\/\/sport24.24.hu\/app\/uploads\/sites\/24\/2022\/01\/000_9lh7tr-1024x682.jpg\" alt=\"\" width=\"1024\" height=\"682\" \/> Incidens az eml\u00edtett Nizza-Marseille m\u00e9rk\u0151z\u00e9sen[\/caption]\r\n\r\nAz eseteket k\u00f6r\u00fclvev\u0151 m\u00e9diazajban \u00e9pp a l\u00e9nyeg sikkadt el: a j\u00e1t\u00e9kosok \u00e9s a p\u00e1ly\u00e1n dolgoz\u00f3k v\u00e9delme. Nem csoda, hogy Payet is \u00fagy fogalmazott Le Monde-nak \u00edrt jegyzet\u00e9ben, hogy\r\n<blockquote>az arcomba dobott \u00fcvegn\u00e9l jobban f\u00e1jt, hogy engem hib\u00e1ztattak. Ennek akarok v\u00e9get vetni! El\u00e9g volt.<\/blockquote>\r\nA k\u00e9rd\u00e9s felmer\u00fcl: mi\u00e9rt? Mi okozta ezt a szokatlan agresszi\u00f3hull\u00e1mot? T\u00f6bben is megpr\u00f3b\u00e1lt\u00e1k felt\u00e1rni az okokat, \u00e9s ut\u00f3lag n\u00e9zve nem lehet mindent egyetlen egy nagy indokra visszavezetni.\r\n\r\nA francia labdar\u00fag\u00e1snak ugyan akadtak olyan id\u0151szakai, melyekben a huliganizmus nagyobb teret nyert, de ezek ink\u00e1bb pontszer\u0171, egy-egy v\u00e1rosban tapasztalt kit\u00fcremked\u00e9sek voltak. Nem mondhat\u00f3, hogy akadtak volna olyan s\u00f6t\u00e9t korszakok, mint a hetvenes-nyolcvanas \u00e9vekbeli Angli\u00e1ban.\r\n\r\nAz ut\u00f3bbi id\u0151szak legnagyobb v\u00e1ltoz\u00e1sa a koronav\u00edrus-j\u00e1rv\u00e1nyhoz k\u00f6thet\u0151. T\u00f6bb szak\u00e9rt\u0151 is <a href=\"https:\/\/www.sofoot.com\/paris-fc-lyon-apres-les-incidents-la-question-de-la-responsabilite-pour-les-ultras-508494.html\">\u00fagy l\u00e1tja<\/a>, hogy a j\u00e1rv\u00e1ny kit\u00f6r\u00e9sekor, 2020 elej\u00e9n lef\u00fajt francia bajnoks\u00e1g elv\u00e1g\u00f3lag szak\u00edtotta el a t\u00f6megeket a sportt\u00f3l. Az sem seg\u00edtett, hogy az azt k\u00f6vet\u0151 18 h\u00f3napon \u00e1t nem lehetett meccsre j\u00e1rni. A szurkol\u00f3k t\u00f6bbs\u00e9ge egyet\u00e9rt abban, hogy a stadionok egyfajta agorak\u00e9nt, tal\u00e1lkoz\u00f3pontk\u00e9nt m\u0171k\u00f6dnek, ahol bar\u00e1tokkal, ismer\u0151s\u00f6kkel lehet \u00f6sszegy\u0171lni, ennek abbamarad\u00e1sa pedig komoly frusztr\u00e1ci\u00f3t okozott. Az \u00edns\u00e9ges id\u0151k bizonyos m\u00e9rt\u00e9kben biztosan hozz\u00e1j\u00e1rultak a helyzet elfajul\u00e1s\u00e1hoz, viszont ha k\u00f6r\u00fcln\u00e9z\u00fcnk a k\u00f6rnyez\u0151 orsz\u00e1gokban, ahol a j\u00e1rv\u00e1ny\u00fcgyi int\u00e9zked\u00e9sek mellett hasonl\u00f3an z\u00e1rt kapuk m\u00f6g\u00f6tt zavart\u00e1k le a bajnoks\u00e1gokat, nem l\u00e1that\u00f3, hogy ennyire kics\u00faszott volna az ir\u00e1ny\u00edt\u00e1s a szervez\u0151k kezei k\u00f6z\u00fcl.\r\n\r\nAz elz\u00e1rts\u00e1gon t\u00fal volt a j\u00e1rv\u00e1nynak egy m\u00e1sik hozad\u00e9ka is. Mivel a klubok hossz\u00fa id\u0151re leh\u00fazt\u00e1k a rol\u00f3t, a l\u00e9tes\u00edtm\u00e9nyek biztons\u00e1gi feladatai is megcsappantak, ez\u00e9rt sokan le\u00e9p\u00edtett\u00e9k a biztons\u00e1gi szem\u00e9lyzet\u00fcket, akik a fel\u00e9led\u0151 futball\u00e9let els\u0151 jeleire m\u00e1r nem t\u00e9rtek vissza, mert id\u0151k\u00f6zben felsz\u00edvta \u0151ket a munkaer\u0151piac. A klubok ez\u00e9rt alulfizetett, tapasztalatlan, s\u00e1rga mell\u00e9nyes rendez\u0151kre b\u00edzt\u00e1k a rend\u00e9szeti feladatokat, akik a r\u00e1z\u00f3sabb helyzetben m\u00e1r nem voltak felszerelkezve a megfelel\u0151 eszk\u00f6z\u00f6kkel a probl\u00e9ma kezel\u00e9s\u00e9hez.\r\n\r\n<img class=\"alignnone size-full wp-image-3501\" src=\"https:\/\/sport24.24.hu\/app\/uploads\/sites\/24\/2022\/01\/paris-lyon.jpg\" alt=\"\" width=\"1024\" height=\"682\" \/>\r\n\r\nFelt\u0171n\u0151 volt a a botr\u00e1nyok idej\u00e9n, hogy a hat\u00f3s\u00e1gok \u00e9s a d\u00f6nt\u00e9shoz\u00f3k mennyire vonakodtak fell\u00e9pni. Lehet, hogy kommunik\u00e1ci\u00f3s hiba volt, de az is lehet, hogy a folyamatok nem voltak leszab\u00e1lyozva, de egy pillanatra sem l\u00e1tszott \u00fagy, hogy az \u00e9rintettek tiszt\u00e1ban lenn\u00e9nek azzal, mit kell tenni, ha egy j\u00e1t\u00e9kost fejbe dobnak egy vaskos t\u00e1rggyal.\r\n\r\n<span class=\"highlight-block-small\">A j\u00e1t\u00e9kosok is menet k\u00f6zben \u201etanultak\u201d: Payet els\u0151 reakci\u00f3ja a d\u00fch volt, a t\u00e1rgyakat visszadobta a lel\u00e1t\u00f3ra, egy id\u0151 ut\u00e1n m\u00e1r a b\u00e9k\u00e9sebb \u00e9s hat\u00e1rozottabb utat v\u00e1lasztotta.<\/span>\r\n\r\nA megold\u00e1s, \u00fagy n\u00e9z ki, hossz\u00fa vaj\u00fad\u00e1s ut\u00e1n 2021 december\u00e9ben megsz\u00fcletett. A sokadik eset ut\u00e1n a Francia Labdar\u00fag\u00f3 Liga \u00e9s a Francia Labdar\u00fag\u00f3 Sz\u00f6vets\u00e9g eln\u00f6ke, a bel\u00fcgy- \u00e9s sportminiszter, valamint a szurkol\u00f3i k\u00e9pviselet tagjai egy munkacsoport l\u00e9trehoz\u00e1s\u00e1t kezdem\u00e9nyezt\u00e9k. A kupaktan\u00e1cs l\u00e9nyeg\u00e9ben egy int\u00e9zked\u00e9scsomagot <a href=\"https:\/\/www.sofoot.com\/violences-dans-les-stades-enfin-un-peu-de-bon-sens-508376.html\">\u00e1ll\u00edtott \u00f6ssze<\/a> a hasonl\u00f3 helyzetek kezel\u00e9s\u00e9re:\r\n<ul>\r\n \t<li>Els\u0151 k\u00f6rben kimondt\u00e1k, hogy egy meccs ezent\u00fal automatikusan f\u00e9lbeszakad, amint egy j\u00e1t\u00e9kost vagy edz\u0151i st\u00e1btagot eltal\u00e1lnak a lel\u00e1t\u00f3r\u00f3l.<\/li>\r\n \t<li>Ha ilyen eset el\u0151fordul, azonnal \u00f6ssze\u00fcl egy j\u00e1t\u00e9kosokb\u00f3l, edz\u0151kb\u0151l \u00e9s b\u00edr\u00f3kb\u00f3l \u00e1ll\u00f3 v\u00e1ls\u00e1gtan\u00e1cs, melyen tilos lesz a klubeln\u00f6k\u00f6k r\u00e9szv\u00e9tele (ez fontos kikacsint\u00e1s Rivere \u00e9s Aulas fel\u00e9 az eml\u00edtett esetek ut\u00e1n).<\/li>\r\n \t<li>A klubokat k\u00f6telezt\u00e9k arra, hogy megel\u0151z\u0151 jelleggel \u201edob\u00e1l\u00f3z\u00e1s elleni int\u00e9zked\u00e9scsomagot\u201d hozzanak l\u00e9tre a k\u00f6vetkez\u0151 szezont\u00f3l, emellett tilos b\u00e1rmif\u00e9le \u00fcveget vagy m\u0171anyag palackot bevinni a lel\u00e1t\u00f3ra.<\/li>\r\n \t<li>Tov\u00e1bb\u00e1 szigor\u00edtott\u00e1k a b\u00fcntet\u0151jogi felel\u0151ss\u00e9g\u00e9t azoknak, aki hasonl\u00f3 tettekre vetemedn\u00e9nek.<\/li>\r\n<\/ul>\r\nHa az int\u00e9zked\u00e9sek nem is oldanak meg mindent, de seg\u00edtenek abban, hogy a k\u00f6vetkez\u0151 eseteket k\u00e1osz n\u00e9lk\u00fcl, rendezett keretek k\u00f6z\u00f6tt tudj\u00e1k levez\u00e9nyelni a j\u00f6v\u0151ben. A d\u00f6nt\u00e9s ugyanakkor r\u00edmel azzal, amit Payet \u00e1lmodott meg a Le Monde-os cikk\u00e9ben:\r\n<blockquote>A k\u00f6vetkez\u0151 incidensn\u00e9l \u2013 t\u00f6rt\u00e9njen az a saj\u00e1t stadionomban, az Orange V\u00e9lodrome-ban, vagy b\u00e1rhol m\u00e1shol \u2013 azt szeretn\u00e9m, ha a k\u00e9t csapatkapit\u00e1ny, a k\u00e9t edz\u0151 \u00f6ssze\u00e1llna a kezd\u0151 k\u00f6rben \u00e9s arr\u00f3l d\u00f6nten\u00e9nek, hogy \u00edgy nem folytatj\u00e1k. A j\u00e1t\u00e9kosoknak is ideje felel\u0151ss\u00e9get v\u00e1llalniuk. Tudom, hogy a klubvezet\u0151knek \u00e9s a TV-csatorn\u00e1knak ett\u0151l bors\u00f3zik a h\u00e1tuk, de szeretn\u00e9m, ha ez \u00e1tmenne. Mert el\u00e9g volt. Azt v\u00e1rom, hogy a j\u00e1t\u00e9kosok szolid\u00e1risabbak legyenek egym\u00e1s ir\u00e1nt, f\u00fcggetlen\u00fcl att\u00f3l, milyen klubban j\u00e1tszanak.<\/blockquote>","type":"rich","thumbnail_url":"https:\/\/s.24.hu\/app\/uploads\/sites\/24\/2022\/01\/dimitri-payet-150x150.jpg","thumbnail_width":150,"thumbnail_height":150}