{"version":"1.0","provider_name":"Sport24","provider_url":"https:\/\/sport24.24.hu","author_name":"Bruckner G\u00e1bor","author_url":"https:\/\/sport24.24.hu\/author\/brucknerg\/","title":"T\u00e9nyleg a paksi \u00c1d\u00e1m Martin az NB I \u00faj csillaga?","html":"A most 27 \u00e9ves <strong>\u00c1d\u00e1m Martin<\/strong> feln\u0151ttp\u00e1lyafut\u00e1s\u00e1t a Vasasn\u00e1l kezdte. Alapembere volt a 2015-ben els\u0151 oszt\u00e1lyba feljut\u00f3, majd 2017-ben bajnoki bronz\u00e9rmes \u00e9s kupad\u00f6nt\u0151s Vasasnak, amelyet ekkoriban <strong>Michael Oenning<\/strong> vezetett \u00e9s amelyben \u00c1d\u00e1m ball\u00e1bask\u00e9nt bels\u0151 t\u00e1mad\u00f3t j\u00e1tszott a 3-4-3-as fel\u00e1ll\u00e1sban. A Vasas 2018-as kies\u00e9se ut\u00e1n a Kaposv\u00e1rhoz ker\u00fclt, az NB II-b\u0151l felker\u00fcl\u0151, majd k\u00f6vetkez\u0151 \u00e9vben sim\u00e1n ki is es\u0151 csapatnak szint\u00e9n oszlopos tagja volt, t\u00f6bbnyire egyetlen csat\u00e1rk\u00e9nt.\r\n\r\n[caption id=\"attachment_3474\" align=\"alignnone\" width=\"2000\"]<img class=\"size-full wp-image-3474\" src=\"https:\/\/sport24.24.hu\/app\/uploads\/sites\/24\/2022\/01\/d__yt20191026008.jpg\" alt=\"\" width=\"2000\" height=\"1333\" \/> \u00c1d\u00e1m Martin (66-ossal) 2019 \u0151sz\u00e9n m\u00e9g kaposv\u00e1ri sz\u00ednekben, a Honv\u00e9d elleni m\u00e9rk\u0151z\u00e9sen[\/caption]\r\n\r\n\u00c1d\u00e1m 2020 nyar\u00e1n ker\u00fclt a paksiakhoz. A gyenge szezonkezdet \u00e9s a Ferencv\u00e1rost\u00f3l elszenvedett \u00f6tg\u00f3los veres\u00e9g ok\u00e1n a tolnai z\u00f6ld-feh\u00e9r egy\u00fcttes edz\u0151t v\u00e1ltott: <strong>Oszterm\u00e1jer G\u00e1bor<\/strong> ut\u00f3da <strong>Bogn\u00e1r Gy\u00f6rgy<\/strong> lett a kispadon. Az \u00faj szakvezet\u0151 v\u00e1llaltan t\u00e1mad\u00f3 szellem\u0171 \u00e9s az ellenf\u00e9l magas let\u00e1mad\u00e1s\u00e1ra \u00e9p\u00fcl\u0151 j\u00e1t\u00e9kst\u00edlust honos\u00edtott meg az egy\u00fcttesn\u00e9l.\r\n\r\n<span class=\"highlight-block-small\">Az 5-3-2-es rendszerben a 191 centis \u00c1d\u00e1m t\u00f6bbnyire klasszikus er\u0151csat\u00e1rt j\u00e1tszik: er\u0151s fizikum\u00e1val \u00e9s magas s\u00falypontj\u00e1val \u00e1ltal\u00e1ban l\u00e1bra k\u00e9ri a labd\u00e1t, fizikai erej\u00e9t pedig gyakran haszn\u00e1lja v\u00e9d\u0151je kit\u00e1maszt\u00e1s\u00e1ra.<\/span>\r\n\r\nTermet\u00e9n\u00e9l \u00e9s alkat\u00e1n\u00e1l fogva a kapusfel\u00edvel\u00e9seknek is ide\u00e1lis c\u00e9lpontja lehet, l\u00e9v\u00e9n, a t\u00e1mad\u00f3 felfog\u00e1s ellen\u00e9re Bogn\u00e1r Gy\u00f6rgy csapata nem fetisiz\u00e1lja mindenekfelett a labdabirtokl\u00e1st. Csat\u00e1rj\u00e1t\u00e9k\u00e1t a statisztik\u00e1k is al\u00e1t\u00e1masztj\u00e1k: 15 g\u00f3lj\u00e1t \u00e9s 59 l\u00f6v\u00e9s\u00e9t 12,54-os xG-mutat\u00f3b\u00f3l hozta \u00f6ssze, ami a legmagasabb a mez\u0151nyben. Ez egy l\u00f6v\u00e9sre vet\u00edtve 0,21 xG-t jelent, ami befejez\u0151 csat\u00e1r eset\u00e9ben b\u0151ven magasnak mondhat\u00f3; a magyar mez\u0151nyben ebben az \u00e9vadban a honv\u00e9dos <strong>Nenad Lukic<\/strong> \u00e9s a ferencv\u00e1rosi <strong>Ryan Mmaee<\/strong> k\u00f6zel\u00edti meg ebben a tekintetben. \u00c1d\u00e1m Martin teh\u00e1t a kapuhoz min\u00e9l k\u00f6zelebbi, magas min\u0151s\u00e9g\u0171 helyzeteket keresi. Szinte az \u00f6sszes g\u00f3ll\u00f6v\u00e9shez, befejez\u00e9shez kapcsol\u00f3d\u00f3 mutat\u00f3ban kiemelkedik az NB I mez\u0151ny\u00e9b\u0151l.\r\n<div class=\"payable-content-section\"><\/div>\r\n<img class=\"alignnone size-full wp-image-3451\" src=\"https:\/\/sport24.24.hu\/app\/uploads\/sites\/24\/2022\/01\/stat1.png\" alt=\"\" width=\"1690\" height=\"563\" \/>\r\n\r\n<em>Balra a l\u00f6v\u00e9sek xG-\u00e9rt\u00e9k\u00e9nek megoszl\u00e1sa, jobbra a 90 percre vet\u00edtett statisztik\u00e1k. \u00c1d\u00e1m Martin ez ut\u00f3bbiakban az NB I \u00e9lmez\u0151ny\u00e9ben tal\u00e1lhat\u00f3. Az alacsony oszlopok azt mutatj\u00e1k: kev\u00e9s j\u00e1t\u00e9kos b\u00fcszk\u00e9lkedhet hasonl\u00f3 mutat\u00f3val.<\/em>\r\n\r\nB\u00e1r profilj\u00e1b\u00f3l k\u00f6vetkez\u0151en az \u00f6sszj\u00e1t\u00e9kb\u00f3l kev\u00e9sb\u00e9 veszi ki a r\u00e9sz\u00e9t, \u00e9s a fel\u00e1llt fal elleni j\u00e1t\u00e9kban is rendre legels\u0151 emberk\u00e9nt funkcion\u00e1l, m\u00e9gis van egy ritka k\u00e9pess\u00e9ge: bal l\u00e1bas. Nem meglep\u0151 m\u00f3don a k\u00e9t k\u00f6z\u00e9pcsat\u00e1rral oper\u00e1l\u00f3 rendszerben a legt\u00f6bbsz\u00f6r a jobb oldali k\u00f6z\u00e9pcsat\u00e1r poz\u00edci\u00f3j\u00e1b\u00f3l indul, csat\u00e1rt\u00e1rsa \u00e1ltal\u00e1ban <strong>B\u00f6de D\u00e1niel<\/strong>. \u00c1d\u00e1m Martin er\u0151sebb l\u00e1ba \u00edgy a kapuhoz k\u00f6zelebb ker\u00fcl, befel\u00e9 j\u00e1tszva pedig k\u00f6nnyebben alak\u00edthat ki l\u00f6v\u0151helyzetet vagy centr\u00e1lis passzs\u00e1vokat, mik\u00f6zben fizikai erej\u00e9vel sikerrel veheti a bels\u0151 v\u00e9d\u0151kkel szembeni esetleges p\u00e1rharcokat. Erre l\u00e1thattunk p\u00e9ld\u00e1t a Honv\u00e9d elleni m\u00e9rk\u0151z\u00e9sen:\r\n\r\n<img class=\"alignnone size-full wp-image-3452\" src=\"https:\/\/sport24.24.hu\/app\/uploads\/sites\/24\/2022\/01\/paks1.png\" alt=\"\" width=\"1920\" height=\"1080\" \/>\r\n\r\n<em>\u00c1d\u00e1m Martin jobb oldali k\u00f6z\u00e9pcsat\u00e1rk\u00e9nt l\u00e9p vissza a labd\u00e1\u00e9rt. A bels\u0151 v\u00e9d\u0151 kil\u00e9p r\u00e1, \u00e1m \u0151 a fizikum\u00e1val megtartja a labd\u00e1t, \u00e9s a kapuhoz k\u00f6zelebb es\u0151 l\u00e1b\u00e1val balra forgatja a j\u00e1t\u00e9kot.<\/em>\r\n\r\nB\u00e1r viszonylag nagy sz\u00e1zal\u00e9kban abszolv\u00e1lja sikerrel a cselez\u00e9si pr\u00f3b\u00e1lkoz\u00e1sait, a mez\u0151ny eg\u00e9sz\u00e9hez viszony\u00edtva keveset k\u00eds\u00e9rletezik ezzel, ami a profilj\u00e1b\u00f3l ad\u00f3d\u00f3an \u00e9rthet\u0151 is.\r\n\r\n<img class=\"alignnone size-full wp-image-3453\" src=\"https:\/\/sport24.24.hu\/app\/uploads\/sites\/24\/2022\/01\/stat2.png\" alt=\"\" width=\"1700\" height=\"720\" \/>\r\n\r\n<em>\u00c1d\u00e1m Martin cselez\u00e9si mutat\u00f3i a t\u00e1mad\u00f3harmadban.\u00a0<\/em>\r\n\r\nA t\u00e1mad\u00f3harmadban klasszikus befejez\u0151 csat\u00e1rk\u00e9nt funkcion\u00e1l: b\u00e1r B\u00f6de helyezked\u00e9s\u00e9t\u0151l f\u00fcgg\u0151en n\u00e9ha a m\u00e1sodik hull\u00e1mban is v\u00e1rja a labd\u00e1t, az esetek d\u00f6nt\u0151 t\u00f6bbs\u00e9g\u00e9ben \u0151 a csapat legels\u0151 embere. A lehet\u0151s\u00e9gekhez m\u00e9rten a kapuhoz min\u00e9l k\u00f6zelebb, az \u00f6t\u00f6s\u00f6n bel\u00fcl helyezkedik, \u00edgy nemcsak a kipattan\u00f3t szedheti \u00f6ssze, hanem magass\u00e1g\u00e1nak k\u00f6sz\u00f6nhet\u0151en a bead\u00e1sokhoz is el\u00e9rhet\u0151. A Paks direktebb t\u00e1mad\u00f3j\u00e1t\u00e9ka miatt ezt a klasszikus, magas be\u00edvel\u00e9sek eset\u00e9n \u2013 amelyek legink\u00e1bb a k\u00e9t sz\u00e1rnyv\u00e9d\u0151t\u0151l \u00e9rkeznek \u2013 gyakran ki is haszn\u00e1lj\u00e1k: a bal oldalon a rutinos <strong>Szab\u00f3 J\u00e1nos<\/strong>, a m\u00e1sikon legink\u00e1bb<strong> Osv\u00e1th Attila<\/strong> vagy <strong>Sajb\u00e1n M\u00e1t\u00e9<\/strong> felel ezek\u00e9rt.\r\n\r\nhttps:\/\/www.youtube.com\/watch?v=dmG_Ri_StsA\r\n\r\nTerm\u00e9szetesen egy el\u0151retolt k\u00f6z\u00e9pcsat\u00e1r eset\u00e9ben az is fontos k\u00e9rd\u00e9s, hogyan viselkedik kontrat\u00e1mad\u00e1sokn\u00e1l, mik\u00e9nt seg\u00edti csapata t\u00e1mad\u00e1sba t\u00f6rt\u00e9n\u0151 gyors \u00e1trendez\u0151d\u00e9s\u00e9t. A legels\u0151 k\u00f6z\u00e9pcsat\u00e1rnak kontrat\u00e1mad\u00e1sok sor\u00e1n gyakran feladata, hogy gyorsas\u00e1g\u00e1val min\u00e9l el\u0151bb a magasan fennragadt v\u00e9delmi vonal m\u00f6g\u00f6tt tal\u00e1lja mag\u00e1t. \u00c1d\u00e1m Martin profilj\u00e1ba nem ez illik igaz\u00e1n: a paksi csat\u00e1r ezekben a szitu\u00e1ci\u00f3kban is a v\u00e9d\u0151j\u00e9hez k\u00f6zel helyezkedik, hogy kisebb robban\u00e9konys\u00e1ggal, r\u00f6videbb t\u00e1vols\u00e1gb\u00f3l is hamar a v\u00e9d\u0151vonal m\u00f6g\u00e9 ker\u00fclhessen. \u00cdgy a <strong>Bogn\u00e1r Istv\u00e1n<\/strong> \u00e1ltal vezetett paksi k\u00f6z\u00e9pp\u00e1ly\u00e1nak figyelnie kell, hogy pontosan \u00c1d\u00e1m el\u00e9, ne t\u00fal hosszan sz\u00f6ktetve adja a labd\u00e1t, minek nyom\u00e1n \u0151 olyan g\u00f3lt tud szerezni, mint az MTK ellen december k\u00f6zep\u00e9n.\r\n\r\nhttps:\/\/www.youtube.com\/watch?v=jDd1t4CtEgo\r\n\r\nA kontrat\u00e1mad\u00e1sokban teh\u00e1t legink\u00e1bb utols\u00f3 ember, az xG-vel v\u00e9gz\u0151d\u0151 passzl\u00e1ncolatokban az NB I t\u00f6bbi j\u00e1t\u00e9kos\u00e1hoz k\u00e9pest k\u00f6zepesen vesz r\u00e9szt. Ennek ellen\u00e9re a zalaegerszegi <strong>Borukov<\/strong> m\u00f6g\u00f6tt m\u00e9g mindig \u0151 kapja a legt\u00f6bb hossz\u00fa passzt, meccsenk\u00e9nt 2,73-at.\r\n\r\n<img class=\"alignnone size-full wp-image-3454\" src=\"https:\/\/sport24.24.hu\/app\/uploads\/sites\/24\/2022\/01\/stat3.png\" alt=\"\" width=\"1694\" height=\"663\" \/>\r\n\r\n<em>\u00c1d\u00e1m Martin akci\u00f3i a kontrat\u00e1mad\u00e1sok sor\u00e1n.\u00a0<\/em>\r\n\r\nK\u00fcl\u00f6n sz\u00f3lnunk kell a Paks v\u00e9dekez\u00e9s\u00e9r\u0151l is, hiszen b\u00e1r Bogn\u00e1r csapata a legt\u00f6bb g\u00f3lt szerezte az \u0151szi szezonban, a legt\u00f6bbet is kapta, s ez \u00f6sszess\u00e9g\u00e9ben a tabella hetedik hely\u00e9re elegend\u0151 a t\u00e9li sz\u00fcnetben. A sok kapott g\u00f3l persze legink\u00e1bb a v\u00e9d\u0151sor \u00e9s a k\u00f6z\u00e9pp\u00e1ly\u00e1s v\u00e9dekez\u00e9s sz\u00e1ml\u00e1j\u00e1ra \u00edrhat\u00f3,\r\n\r\n<span class=\"highlight-block\">\u00c1d\u00e1m Martin labda ellen is csapata legels\u0151 emberek\u00e9nt funkcion\u00e1l. <\/span>\r\n\r\nEls\u0151dleges feladata, hogy helyezked\u00e9s\u00e9vel hossz\u00e1ban kett\u00e9v\u00e1gja a p\u00e1ly\u00e1t. Ilyenkor kicsit feljebb is helyezkedik csat\u00e1rt\u00e1rs\u00e1n\u00e1l, B\u00f6d\u00e9n\u00e9l, a fel\u00e1ll\u00e1st ink\u00e1bb 5-3-1-1-re alak\u00edtva \u2013 ha nagyon ragaszkodunk a sz\u00e1mh\u00e1bor\u00fahoz. Az el\u00fcls\u0151 \u00f6t j\u00e1t\u00e9kos ezekben a szitu\u00e1ci\u00f3kban is legink\u00e1bb emberfog\u00e1ssal, a k\u00f6zvetlen ellenfelet felv\u00e9ve vesz r\u00e9szt a let\u00e1mad\u00e1sban. A h\u00e1rom bels\u0151 v\u00e9d\u0151 pedig k\u00f6nnyebben lehet\u0151v\u00e9 teszi a labda elfejel\u00e9s\u00e9t. A legt\u00f6bb magyar csapat ugyanis nem a nyom\u00e1s alatti labdakihozatalr\u00f3l h\u00edres, s Bogn\u00e1r Gy\u00f6rgy egy\u00fcttese a szoros emberfog\u00e1sra \u00e9p\u00fcl\u0151 let\u00e1mad\u00e1ssal gyakorta tudja \u00edvel\u00e9sre k\u00e9sz\u00edteni az ellenfeleket. Ugyanakkor, ha a riv\u00e1lis sikeresen megkezdte a labdakihozatalt, el\u0151fordul, hogy a labd\u00e1s j\u00e1t\u00e9koson nincs kell\u0151 nyom\u00e1s, ami a let\u00e1mad\u00e1s elcs\u00fasz\u00e1s\u00e1hoz vezethet.\r\n\r\n<img class=\"alignnone size-full wp-image-3455\" src=\"https:\/\/sport24.24.hu\/app\/uploads\/sites\/24\/2022\/01\/paks2.png\" alt=\"\" width=\"1920\" height=\"1080\" \/>\r\n\r\n<em>T\u00f6bben is k\u00f6rbeveszik Beridz\u00e9t, \u00e1m a k\u00f6z\u00e9ps\u0151 v\u00e9d\u0151re nem jut ember, nyom\u00e1s n\u00e9lk\u00fcl kaphatja meg a labd\u00e1t. \u00c1d\u00e1m Martin testpoz\u00edci\u00f3j\u00e1val hossz\u00e1ban \u201eelfelezi\u201d a p\u00e1ly\u00e1t, a fedez\u0151\u00e1rny\u00e9k\u00e1val lez\u00e1rva a forgat\u00e1s lehet\u0151s\u00e9g\u00e9t.<\/em>\r\n\r\n<img class=\"alignnone size-full wp-image-3456\" src=\"https:\/\/sport24.24.hu\/app\/uploads\/sites\/24\/2022\/01\/paks4.png\" alt=\"\" width=\"1920\" height=\"1080\" \/>\r\n\r\n<em>Paksi let\u00e1mad\u00e1s a sz\u00e9len, \u00c1d\u00e1m most emberfog\u00e1ssal akad\u00e1lyozza meg a forgat\u00e1st.<\/em>\r\n\r\n\u00d6sszess\u00e9g\u00e9ben teh\u00e1t \u00c1d\u00e1m Martin klasszikus er\u0151csat\u00e1rk\u00e9nt \u00e1ll helyt a direkt st\u00edlusban j\u00e1tsz\u00f3 Paks egy\u00fcttes\u00e9ben. A fizikai k\u00e9pess\u00e9gei mellett ebben az \u00e9vadban a befejez\u00e9sek is k\u00fcl\u00f6n\u00f6sen j\u00f3l mennek neki. Ugyanakkor az \u00f6sszj\u00e1t\u00e9kban \u00e9s a kreat\u00edvabb megold\u00e1st ig\u00e9nyl\u0151 szitu\u00e1ci\u00f3kban kev\u00e9sb\u00e9 vesz r\u00e9szt, magasabban fel\u00e1llt v\u00e9delemmel szemben pedig \u00e9rthet\u0151, hogy els\u0151sorban nem a sebess\u00e9gre apell\u00e1l. A modern futballban nemzetk\u00f6zi szinten viszont m\u00e1r az el\u0151bbiek is elker\u00fclhetetlen csat\u00e1rer\u00e9nyek \u00ad\u00ad\u2013 gondoljunk csak <strong>Robert Lewandowskira, Kylian Mbapp\u00e9ra<\/strong> vagy <strong>Erling Haalandra<\/strong>. K\u00f6nnyen lehet teh\u00e1t, hogy nemzetk\u00f6zi szinten m\u00e1s k\u00e9pess\u00e9gekre lenne sz\u00fcks\u00e9g, mint a magyar bajnoks\u00e1g hetedik helyezett csapat\u00e1ban.\r\n\r\nAmi az esetleges v\u00e1logatottbeli megh\u00edv\u00f3t illeti, term\u00e9szetesen <strong>Marco Rossi<\/strong> sz\u00f6vets\u00e9gi kapit\u00e1ny is f\u00f6lfigyelt \u00c1d\u00e1m Martin kit\u0171n\u0151en siker\u00fclt \u0151szi id\u00e9ny\u00e9re, \u00e1m az esetleges beh\u00edv\u00e1s\u00e1val kapcsolatban azt mondta, vannak m\u00e9g hi\u00e1nyoss\u00e1gai.\r\n<blockquote>Nemzetk\u00f6zi szinten futnod kell. Sokat. F\u0151leg, ha topcsapatok ellen j\u00e1tszol, amikor ink\u00e1bb mi futunk a labda ut\u00e1n. A magyar v\u00e1logatott pedig nem engedheti meg mag\u00e1nak, hogy ak\u00e1r csak egy olyan j\u00e1t\u00e9kosa legyen a p\u00e1ly\u00e1n, aki ezt a temp\u00f3t nem tudja felvenni. Ha a v\u00e1logatottban akar szerepelni, sokkal t\u00f6bbet kell futnia, ehhez pedig v\u00e1ltoztatnia kell bizonyos dolgokon.<\/blockquote>\r\nA l\u00e1tottak alapj\u00e1n Rossi nyilatkozata \u00e9rthet\u0151 is. B\u00e1r \u00c1d\u00e1m Martinra profilj\u00e1t tekintve a v\u00e1logatott keretb\u0151l \u00e9ppen az els\u0151sz\u00e1m\u00fa k\u00f6z\u00e9pcsat\u00e1r, <strong>Szalai \u00c1d\u00e1m<\/strong> hasonl\u00edt legink\u00e1bb, a csapat kilences\u00e9nek a labda n\u00e9lk\u00fcli mozg\u00e1sban, a mez\u0151nymunk\u00e1ban, a let\u00e1mad\u00e1sok megind\u00edt\u00e1s\u00e1ban \u00e9s a k\u00f6z\u00e9pmagas v\u00e9dekez\u00e9sben is kulcsszerepe van, ami kompenz\u00e1lja az esetleges technikai hi\u00e1nyoss\u00e1gait. R\u00e1ad\u00e1sul a v\u00e1logatott el\u0151tt \u00e1ll\u00f3 leg\u00fajabb kih\u00edv\u00e1s \u00e9ppen az lenne, hogy fel\u00e1llt fal ellen, a Szalaihoz fel\u00edvelget\u00e9st\u0151l eltekintve is b\u00e1tor, kreat\u00edv futballt val\u00f3s\u00edtson meg.\r\n\r\n[prefabricated_shortcode in_app=\"0\" code=\"%3Cdiv%20class%3D%22article_box_border%22%20style%3D%22background%3A%20url%28%27https%3A%2F%2F24.p3k.hu%2Fapp%2Fuploads%2Fsites%2F24%2F2021%2F05%2Fsport24-pattern.png%27%29%20no-repeat%20left%20-16px%20%23f3f3f4%3B%20border%3A%20none%3B%22%3E%0D%0A%3Cdiv%20class%3D%22article_solidheader%22%3E%0D%0A%3Ch2%20style%3D%22color%3A%20%23111115%21important%3B%20font-size%3A%2036px%3B%20font-weight%3A%20bold%3B%20margin-bottom%3A%2030px%3B%20margin-top%3A%2020px%3B%20text-align%3A%20center%3B%20line-height%3A%2036px%3B%22%3E%3Cimg%20class%3D%22aligncenter%20size-full%20wp-image-141%22%20src%3D%22https%3A%2F%2F24.p3k.hu%2Fapp%2Fuploads%2Fsites%2F24%2F2021%2F05%2Fs24-logo-dt.png%22%20alt%3D%22%22%20width%3D%22408%22%20height%3D%2290%22%20%2F%3E%3C%2Fh2%3E%0D%0A%3Ch2%20style%3D%22color%3A%20%23111115%21important%3B%20font-size%3A%2036px%3B%20font-weight%3A%20bold%3B%20margin-bottom%3A%2030px%3B%20margin-top%3A%2020px%3B%20text-align%3A%20center%3B%20line-height%3A%2040px%3B%22%3ECsatlakozz%20a%20Sport24%20k%C3%B6z%C3%B6ss%C3%A9ghez%2C%20mondd%20el%20v%C3%A9lem%C3%A9nyedet%20z%C3%A1rt%20Facebook-csoportunkban%2C%20%C3%A9s%20vegy%C3%A9l%20r%C3%A9szt%20csak%20el%C5%91fizet%C5%91knek%20el%C3%A9rhet%C5%91%20exkluz%C3%ADv%20esem%C3%A9nyeinken.%3C%2Fh2%3E%0D%0A%3C%2Fdiv%3E%0D%0A%3Cp%20style%3D%22background%3A%20%2357A600%3B%20margin-top%3A%2020px%3B%20padding%3A%2020px%3B%20text-align%3A%20center%3B%22%3E%3Ca%20style%3D%22color%3A%20%23ffffff%3B%20font-size%3A%2026px%3B%20font-weight%3A%20600%3B%22%20href%3D%22https%3A%2F%2Fwww.facebook.com%2Fgroups%2F212344460412327%22%3ECSATLAKOZOM%3C%2Fa%3E%3C%2Fp%3E%0D%0A%0D%0A%3C%2Fdiv%3E\"]","type":"rich","thumbnail_url":"https:\/\/s.24.hu\/app\/uploads\/sites\/24\/2022\/01\/262058561_4652377571512977_3843072355821601880_n-150x150.jpg","thumbnail_width":150,"thumbnail_height":150}