{"version":"1.0","provider_name":"Sport24","provider_url":"https:\/\/sport24.24.hu","author_name":"Bruckner G\u00e1bor","author_url":"https:\/\/sport24.24.hu\/author\/brucknerg\/","title":"Janu\u00e1ri j\u00e9glabd\u00e1ban elbukott az \u00dajpest, fagyos maradt a l\u00e9gk\u00f6r 1970-ben, k\u00f6zvetlen\u00fcl Marseille ut\u00e1n","html":"A marseille-i csap\u00e1st n\u00e9gy nappal k\u00f6vette az utols\u00f3 bajnoki fordul\u00f3. A nyolc m\u00e9rk\u0151z\u00e9sen \u00f6sszesen 12 400 n\u00e9z\u0151 jelent meg, ezt akkoriban a \u201ej\u00f6nnek a csehszlov\u00e1kokn\u00e1l\u201d is nehezebben lehetett felfogni. A Ferencv\u00e1ros\u2013Honv\u00e9d rangad\u00f3n 1660 n\u00e9z\u0151 volt a N\u00e9pstadionban, a bev\u00e9tel 15 355 forintot tett ki. Az \u00e9vad \u00e1tlag n\u00e9z\u0151sz\u00e1ma \u00edgy 8320-ra esett vissza, j\u00f3llehet a hatvanas \u00e9vekben mindv\u00e9gig magas volt a k\u00f6z\u00e9p\u00e9rt\u00e9k, b\u00e1r a dek\u00e1d m\u00e1sodik fel\u00e9ben n\u00e9mi cs\u00f6kken\u00e9s mutatkozott (nek\u00fcnk legyen mondva). \u00cdme!\r\n\r\n1960\/61: 13 769, 1961\/62: 13 175, 1962\/63: 13 164, 1963 \u0151sz: 12 824, 1964: 13 259, 1965: 11 379, 1966: 10 766, 1967: 10 637, 1968: 9405.\r\n\r\n<span class=\"highlight-block-small\">A publikum a z\u00e1r\u00f3 fordul\u00f3ban sz\u00f3 szerint t\u00fcntetett a t\u00e1voll\u00e9t\u00e9vel, a bajnoki c\u00edmv\u00e9d\u0151 \u00dajpest pedig szinte \u201einkognit\u00f3ban\u201d \u00e1llapodott meg az EVK-nyolcadd\u00f6nt\u0151 id\u0151pontjair\u00f3l a keletn\u00e9met Carl Zeiss Jen\u00e1val.<\/span> A felek kar\u00e1csonyra egyeztek meg janu\u00e1r 14-\u00e9ben \u00e9s 21-\u00e9ben. Ugyanabban a k\u00f6rben a Barcelona\u2013Internazionale m\u00e9rk\u0151z\u00e9seket (1-2, 0-1) janu\u00e1r 14-\u00e9n \u00e9s 28-\u00e1n rendezt\u00e9k, de arrafel\u00e9 az \u00e9v elej\u00e9n kicsit jobb id\u0151 van, mint n\u00e1lunk. Hab\u00e1r... A visszav\u00e1g\u00f3t a k\u00f6d miatt, 1-0-\u00e1s Inter vezet\u00e9sn\u00e9l a 33. percben lef\u00fajt\u00e1k, a meccset febru\u00e1r 4-\u00e9n \u00fajraj\u00e1tszott\u00e1k. A tal\u00e1lkoz\u00f3 1-1-gyel \u00e9rt v\u00e9get, az olasz egy\u00fcttes a Katal\u00f3ni\u00e1ban aratott 2-1-gyel tov\u00e1bbjutott.\r\n\r\nA Carl Zeiss Jena nem volt gyenge partner. Az el\u0151z\u0151 n\u00e9gy eur\u00f3pai kupameccs\u00e9n egyetlen g\u00f3lt sem kapott, \u00e9s kiejtette azt a Cagliarit, amely 1969-ben ez\u00fcst\u00e9rmes, 1970-ben bajnok volt a Serie A-ban <strong>Albertosival, Cer\u00e1val, Domeghinivel, Riv\u00e1val,<\/strong> az az \u00e9vi vil\u00e1gbajnoks\u00e1g d\u00f6nt\u0151seivel. A Jena 1957-ben jutott fel a keletn\u00e9met \u00e9lvonalba, azt\u00e1n 1963-ban, 1968-ban \u00e9s 1970-ben els\u0151, m\u00edg 1958-ban, 1965-ben, 1966-ban \u00e9s 1969-ben m\u00e1sodik helyez\u00e9st \u00e9rt el.\r\n<div class=\"payable-content-section\"><\/div>\r\n\u201e\u00dajpesti\u201d kerete tele volt v\u00e1logatottal. <strong>Wolfgang Blochwitz<\/strong> kapus 19-szer, <strong>Michael Strempel<\/strong> 15-sz\u00f6r, <strong>Harald Irmscher<\/strong> 41-szer, <strong>Roland Ducke<\/strong> 37-szer, <strong>Peter Ducke<\/strong> 63-szor, <strong>Helmut Stein<\/strong> 22-szer szerepelt az NDK A csapat\u00e1ban, \u00e1m a lil\u00e1knak el\u0151zetesen csak a hideg miatt kellett vacogniuk, mivel t\u00edz mez\u0151nyj\u00e1t\u00e9kosuk \u2013 az eg\u00e9sz p\u00e1lyafut\u00e1st tekintve \u2013 403 v\u00e1logatotts\u00e1got sz\u00e1ml\u00e1lt. Csak <strong>Borb\u00e9ly<\/strong> kapus nem szerepelt a c\u00edmeres mezben, de h\u00e1t \u0151 rendszerint tartal\u00e9k volt, csakhogy a \u201ef\u0151port\u00e1s\u201d <strong>Szentmih\u00e1lyi<\/strong> \u201970 elej\u00e9n s\u00e9r\u00fcl\u00e9s miatt hi\u00e1nyzott.\r\n\r\n<span class=\"highlight-block\">Az id\u0151j\u00e1r\u00e1s s\u00falyosabb aggodalmat keltett. <\/span>\r\n\r\nHaz\u00e1nkban \u00fagy kezd\u0151d\u00f6tt az \u00fajesztend\u0151, hogy a h\u00f3 magass\u00e1ga nem egy helyen a hetven centit is el\u00e9rte. Az orsz\u00e1g k\u00fcl\u00f6nb\u00f6z\u0151 r\u00e9szein nyolcvanhat als\u00f3bbrend\u0171 \u00fat v\u00e1lt j\u00e1rhatatlann\u00e1, \u00e9s m\u00e9g a visszav\u00e1g\u00f3 napj\u00e1n, janu\u00e1r harmadik het\u00e9ben is azt prognosztiz\u00e1lta a meteorol\u00f3giai int\u00e9zet: \u201eHideg id\u0151, sz\u00f3rv\u00e1nyosan kisebb havaz\u00e1ssal. A v\u00e1rhat\u00f3 legmagasabb h\u0151m\u00e9rs\u00e9klet m\u00ednusz 2\u20137 fok k\u00f6z\u00f6tt.\u201d N\u00e9h\u00e1nyan azt tan\u00e1csolt\u00e1k, a lil\u00e1k vigy\u00e9k el J\u00e9n\u00e1ba <strong>Vedrest, Palot\u00e1st, Szelest, B\u00e1nk\u00fatit, Klinket,<\/strong> az \u00fajpesti j\u00e9gkorongszakoszt\u00e1ly legjobbjait. <strong>G\u00f6r\u00f6cs J\u00e1nos<\/strong> f\u00e1zott a korai premiert\u0151l: \u201eNem hiszem, hogy az NDK-ban gy\u0151z\u00fcnk, de rem\u00e9lem, tov\u00e1bbjutunk.\u201d\r\n\r\nPedig az \u00dajpest a korszak kiemelked\u0151en legjobb magyar csapata volt, 1969 \u00e9s 1975 k\u00f6z\u00f6tt sz\u00e9ri\u00e1ban h\u00e9tszer nyerte el a bajnoki c\u00edmet. Majd, amikor 1976-ban az FTC futott be els\u0151k\u00e9nt, 8-3-ra kalap\u00e1lta el a z\u00f6ld-feh\u00e9r egy\u00fcttest, <strong>Fazekas L\u00e1szl\u00f3<\/strong> \u00f6tsz\u00f6r cs\u00f6ngetett. Az 1969-es v\u00e9geredm\u00e9ny \u00edgy festett: 1. \u00dajpest 48 pont, 2. Honv\u00e9d 44, 3. FTC 39 (56:33-as g\u00f3lar\u00e1ny), 4. Vasas 39 (72:43). A mesterl\u00f6v\u00e9sz a lil\u00e1k kir\u00e1lya, <strong>Bene Ferenc<\/strong> (27) volt, megel\u0151zve <strong>Pusk\u00e1s Lajost<\/strong> (Vasas, 25), valamint a szint\u00e9n angyalf\u00f6ldi <strong>Farkas J\u00e1nost<\/strong> \u00e9s a kispesti <strong>Kozma Mih\u00e1lyt<\/strong> (21\u201321).\r\n\r\nAz EVK-ban akadtak neh\u00e9zs\u00e9gek. A belgr\u00e1di Partizant szoros k\u00fczdelemben siker\u00fclt fel\u00fclm\u00falni (1-2, 2-0), Bruges-ben viszont 5-2-re ki\u00fct\u00f6tt\u00e9k az \u00fajpestieket \u00fagy, hogy Fazekas az utols\u00f3 percben sz\u00e9p\u00edtett. A k\u00e9s\u0151bb k\u00e9tszeres vb-ez\u00fcst\u00e9rmes holland<strong> Rob Rensenbrink<\/strong>, aki k\u00e9t esztendeje, 2020. janu\u00e1r 24-\u00e9n hunyt el, mesterh\u00e1rmast jegyzett, Fazekas g\u00f3lj\u00e1nak viszont hasonl\u00f3 jelent\u0151s\u00e9ge volt, mert a visszav\u00e1g\u00f3n az \u00dajpest \u2013 Fazekas dupl\u00e1j\u00e1val, valamint Bene alak\u00edt\u00e1s\u00e1val \u2013 3-0-ra nyert, \u00e9s tov\u00e1bbjutott. A diadalhoz nagy seg\u00edts\u00e9get ny\u00fajtott <strong>Kurt Tschenscher<\/strong> nyugatn\u00e9met j\u00e1t\u00e9kvezet\u0151, aki 1-0-n\u00e1l ki\u00e1ll\u00edtotta Rensenbrink csat\u00e1rt\u00e1rs\u00e1t, a 22-szeres sv\u00e9d v\u00e1logatott <strong>Tom Turessont<\/strong>. A vend\u00e9gek esk\u00fcdtek r\u00e1, hogy nem is \u0151 l\u00f6kte meg egy tumultusban a b\u00edr\u00f3t...\r\n\r\n<span class=\"highlight-block-small\">Cs\u0151d\u00fclet, az t\u00e1madt J\u00e9n\u00e1ban is, m\u00e9gpedig az \u00fajpestiek tizenhatos\u00e1n\u00e1l, mert a keletn\u00e9metek v\u00e9gigt\u00e1madt\u00e1k a m\u00e9rk\u0151z\u00e9st a fagyos talajon. <\/span>\r\n\r\nSzurkol\u00f3ik nem t\u00f6r\u0151dtek a t\u00e9llel, 15 ezren egybegy\u0171ltek, j\u00f3llehet a telev\u00edzi\u00f3 (n\u00e1lunk is) egyenesben k\u00f6zvet\u00edtette a h\u00e9tk\u00f6znap d\u00e9lut\u00e1n k\u00e9t \u00f3rakor kezd\u0151d\u0151 tal\u00e1lkoz\u00f3t. Borb\u00e9ly L\u00e1szl\u00f3 \u00e9lt a lehet\u0151s\u00e9ggel, \u00e9s \u00fagy v\u00e9dett, hogy m\u00e1snap a Deutsches Sportecho azt \u00edrta: \u201ea tartal\u00e9k kapus nagy napja\u201d, noha <strong>Werner Krauss<\/strong> a 88. percben a h\u00e1l\u00f3ba k\u00fcldte a labd\u00e1t (1-0).\r\n\r\n<img class=\"alignnone size-large wp-image-3445\" src=\"https:\/\/sport24.24.hu\/app\/uploads\/sites\/24\/2022\/01\/estihirlap_1970_01__pages95-95-1024x977.jpg\" alt=\"\" width=\"1024\" height=\"977\" \/>\r\n\r\nA k\u00e9sei g\u00f3l mindj\u00e1rt m\u00e1s optik\u00e1ba helyezte az es\u00e9lyeket, ha m\u00e1r a Carl Zeiss M\u0171vek l\u00e1tszer\u00e9sz \u00fczem volt. A tizenkilencedik sz\u00e1zad k\u00f6zep\u00e9n alap\u00edtott\u00e1k, s amikor N\u00e9metorsz\u00e1g NSZK-ra \u00e9s NDK-ra oszlott, a c\u00e9g egyik r\u00e9sze J\u00e9n\u00e1ban maradt, a m\u00e1sikat Stuttgartba telep\u00edtett\u00e9k. A keletn\u00e9met r\u00e9szleget annak ellen\u00e9re megtartott\u00e1k, hogy a gy\u00e1r \u2013 megannyi m\u00e1s kombin\u00e1thoz hasonl\u00f3an \u2013 hazai \u00e9s k\u00fclf\u00f6ldi k\u00e9nyszermunk\u00e1sok t\u00f6meg\u00e9t dolgoztatta a h\u00edrhedt n\u00e1ci Zwangsarbeiter program keret\u00e9ben.\r\n\r\nA visszav\u00e1g\u00f3ra csak a m\u00e9rk\u0151z\u00e9s el\u0151tti nap d\u00e9lut\u00e1nj\u00e1n \u00e9rkezett a vend\u00e9gcsapat, az \u00dajpest pedig a Vol\u00e1n elleni edz\u0151meccsel k\u00e9sz\u00fclt mack\u00f3ban, s\u00edsapk\u00e1ban, h\u00f3ban R\u00e1koscsab\u00e1n. A lil\u00e1k kil\u00e1t\u00e1sait rontotta, hogy 1969 \u0151sz\u00e9n a Magdeburg kiejtette a KEK-b\u0151l az MTK-t. Lehet \u00fagy is mondani, az NDK valaha volt legkiv\u00e1l\u00f3bb csat\u00e1rainak egyike, <strong>J\u00fcrgen Sparwasser<\/strong> ejtette ki a k\u00e9k-feh\u00e9reket, mert a keletn\u00e9met v\u00e1rosban gy\u0151ztes g\u00f3lt szerzett (1-0), m\u00edg a Hung\u00e1ria k\u00f6r\u00faton a 113. percben egyenl\u00edtett (1-1). A finom technik\u00e1j\u00fa Sparwasser az 1974-es vil\u00e1gbajnoks\u00e1gon brav\u00faros g\u00f3llal lepte meg az NSZK csapat\u00e1t a Hamburgban rendezett \u201eKelet\u2013Nyugat\u201d csoportm\u00e9rk\u0151z\u00e9sen (1-0). Az NDK a \u201970-es vb-re nem jutott ki, de akadt ments\u00e9ge: a selejtez\u0151csoportban az ut\u00f3bb a brazilokkal d\u00f6nt\u0151t v\u00edv\u00f3 olasz v\u00e1logatott el\u0151zte meg.\r\n\r\nA Megyeri \u00faton ak\u00e1r ragyog\u00f3an is kezd\u0151dhetett volna a j\u00e9glabd\u00e1z\u00e1s, mert a harmadik percben Bene kiugrott, \u00e1m a kiszolg\u00e1ltatott helyzetben l\u00e9v\u0151 Blochwitz h\u00e1r\u00edtott. K\u00e9t perccel k\u00e9s\u0151bb Krauss be\u00edvel\u00e9s\u00e9t Borb\u00e9ly kiejtette, <strong>Rainer Schuttler<\/strong> pedig az \u00f6sszes\u00edt\u00e9sben 2-0-ra n\u00f6velte a keletn\u00e9met el\u0151nyt. A m\u00e9lt\u00e1n nagy tekint\u00e9ly\u0171<strong> N\u00e9meth Gyula<\/strong> \u00edgy \u00edrt a N\u00e9psportban: \u201eElemi kapushiba, ut\u00e1na lelki defekt.\u201d Bizony, mert a Jena \u00e1tg\u00e1zolt a lil\u00e1kon: a sz\u00fcnet el\u0151tt Stein, majd az 55. percben Peter Ducke szerzett g\u00f3lt (0-3). G\u00f6r\u00f6cs a meccs ut\u00e1n azt mondta:\r\n<blockquote class=\"small-quote\">Meg\u00e1ll az ember esze...<\/blockquote>\r\nA szurkol\u00f3k apatikusabban fogadt\u00e1k az \u00fajabb kudarcot, Marseille ut\u00e1n m\u00e1r nem lehetett nekik csal\u00f3d\u00e1st okozni. (Ha tudt\u00e1k volna, mi lesz f\u00e9l \u00e9vsz\u00e1zaddal k\u00e9s\u0151bb!) Az MLSZ az \u00e1tszervez\u00e9sben l\u00e1tta a megold\u00e1st, ez\u00e9rt 1970 tavasz\u00e1ra f\u00e9lid\u00e9nyes bajnoks\u00e1got \u00edrt ki k\u00e9t csoportban: \u00dajpest, Vasas, Gy\u0151r, Tatab\u00e1nya, MTK, Koml\u00f3, Di\u00f3sgy\u0151r, Videoton (A), Honv\u00e9d, FTC, P\u00e9cs, Csepel, Szeged, Salg\u00f3tarj\u00e1n, Szombathely, Duna\u00fajv\u00e1ros (B). Az els\u0151 fordul\u00f3ban, febru\u00e1r 28-\u00e1n a nyolc tal\u00e1lkoz\u00f3t 36 000 n\u00e9z\u0151 l\u00e1tta a helysz\u00ednen, igaz, megint \u00edt\u00e9letid\u0151 volt. Szegedr\u0151l azt jelentette N\u00e9meth P\u00e9ter: \u201eA meccs kezdet\u00e9ig cs\u00f6ng\u00f6tt a telefon a SZEOL p\u00e1ly\u00e1j\u00e1nak szert\u00e1r\u00e1ban. Mindenki \u00e9rdekl\u0151d\u00f6tt, lesz-e m\u00e9rk\u0151z\u00e9s?\u201d Lett, \u00e9s a P\u00e9cs 1-3-r\u00f3l ford\u00edtott 4-3-ra a h\u00e1zigazda egy\u00fcttes ellen, csak\u00fagy, mint nemr\u00e9giben a Juventus R\u00f3m\u00e1ban.\r\n\r\nA magyar csapatoknak Eur\u00f3p\u00e1ban csak a K\u00f6z\u00e9p-eur\u00f3pai Kupa maradt 1970 tavasz\u00e1n, azt meg is nyerte a Vasas. Az FTC-t a Leeds \u00fct\u00f6tte ki a BEK-b\u0151l (3-0, 3-0), a Gy\u0151rt a Barcelona a KEK-b\u0151l (3-2, 2-0). Az itthon sorozatban bajnok \u00dajpest 1970 \u0151sz\u00e9n az els\u0151 fordul\u00f3ban b\u00facs\u00fazott a Crvena Zvezda, 1972-ben a negyedd\u00f6nt\u0151ben k\u00f6sz\u00f6nt el a Celtic ellen\u00e9ben. Azt\u00e1n hetvenh\u00e1rom tavasz\u00e1n \u00f3ri\u00e1si lehet\u0151s\u00e9get szalasztott el: a legjobb nyolc k\u00f6z\u00f6tt a torin\u00f3i 0-0 ut\u00e1n itthon az els\u0151 negyed\u00f3r\u00e1ban 2-0-s vezet\u00e9st szerzett a Juventusszal szemben, majd 2-2-vel, idegenben el\u00e9rt g\u00f3ljaival az \u201e\u00d6reg H\u00f6lgy\u201d ment tov\u00e1bb. Egy \u00e9vvel k\u00e9s\u0151bb v\u00e9gre siker\u00fclt a n\u00e9gy k\u00f6z\u00e9 ker\u00fclni a BEK-ben, az el\u0151d\u00f6nt\u0151ben azonban a Bayern M\u00fcnchen stopt\u00e1bl\u00e1t \u00e1ll\u00edtott a lil\u00e1k el\u00e9.\r\n\r\n<span class=\"highlight-block\">Magyar klubcsapat az\u00f3ta sem \u00e9rte meg a tavaszt a kontinens els\u0151 sz\u00e1m\u00fa klubtorn\u00e1j\u00e1n. <\/span>\r\n\r\nHetvenn\u00e9gy \u00e9s 2022 k\u00f6z\u00f6tt negyvennyolc \u00e9v telt el. Ahogyan a csillagok \u00e1llnak, lehet abb\u00f3l k\u00e9tszer negyvennyolc is...\r\n\r\n[prefabricated_shortcode in_app=\"0\" code=\"%3Cdiv%20class%3D%22article_box_border%22%20style%3D%22background%3A%20url%28%27https%3A%2F%2F24.p3k.hu%2Fapp%2Fuploads%2Fsites%2F24%2F2021%2F05%2Fsport24-pattern.png%27%29%20no-repeat%20left%20-16px%20%23f3f3f4%3B%20border%3A%20none%3B%22%3E%0D%0A%3Cdiv%20class%3D%22article_solidheader%22%3E%0D%0A%3Ch2%20style%3D%22color%3A%20%23111115%21important%3B%20font-size%3A%2036px%3B%20font-weight%3A%20bold%3B%20margin-bottom%3A%2030px%3B%20margin-top%3A%2020px%3B%20text-align%3A%20center%3B%20line-height%3A%2036px%3B%22%3E%3Cimg%20class%3D%22aligncenter%20size-full%20wp-image-141%22%20src%3D%22https%3A%2F%2F24.p3k.hu%2Fapp%2Fuploads%2Fsites%2F24%2F2021%2F05%2Fs24-logo-dt.png%22%20alt%3D%22%22%20width%3D%22408%22%20height%3D%2290%22%20%2F%3E%3C%2Fh2%3E%0D%0A%3Ch2%20style%3D%22color%3A%20%23111115%21important%3B%20font-size%3A%2036px%3B%20font-weight%3A%20bold%3B%20margin-bottom%3A%2030px%3B%20margin-top%3A%2020px%3B%20text-align%3A%20center%3B%20line-height%3A%2040px%3B%22%3ECsatlakozz%20a%20Sport24%20k%C3%B6z%C3%B6ss%C3%A9ghez%2C%20mondd%20el%20v%C3%A9lem%C3%A9nyedet%20z%C3%A1rt%20Facebook-csoportunkban%2C%20%C3%A9s%20vegy%C3%A9l%20r%C3%A9szt%20csak%20el%C5%91fizet%C5%91knek%20el%C3%A9rhet%C5%91%20exkluz%C3%ADv%20esem%C3%A9nyeinken.%3C%2Fh2%3E%0D%0A%3C%2Fdiv%3E%0D%0A%3Cp%20style%3D%22background%3A%20%2357A600%3B%20margin-top%3A%2020px%3B%20padding%3A%2020px%3B%20text-align%3A%20center%3B%22%3E%3Ca%20style%3D%22color%3A%20%23ffffff%3B%20font-size%3A%2026px%3B%20font-weight%3A%20600%3B%22%20href%3D%22https%3A%2F%2Fwww.facebook.com%2Fgroups%2F212344460412327%22%3ECSATLAKOZOM%3C%2Fa%3E%3C%2Fp%3E%0D%0A%0D%0A%3C%2Fdiv%3E\"]","type":"rich","thumbnail_url":"https:\/\/s.24.hu\/app\/uploads\/sites\/24\/2022\/01\/nemzetisport_1970_01__pages115-115-150x150.jpg","thumbnail_width":150,"thumbnail_height":150}