{"version":"1.0","provider_name":"Sport24","provider_url":"https:\/\/sport24.24.hu","author_name":"Bruckner G\u00e1bor","author_url":"https:\/\/sport24.24.hu\/author\/brucknerg\/","title":"B\u00facs\u00fa a Pusk\u00e1s, Gento balsz\u00e1rny sz\u00e9ls\u0151j\u00e9t\u0151l, aki 11 m\u00e1sodpercen bel\u00fcl futotta a 100 m\u00e9tert \u2013 labd\u00e1val","html":"Semmi t\u00falz\u00e1s nincs abban, hogy <strong>Gento<\/strong> a magyarok nagy bar\u00e1tja volt, elv\u00e9gre hossz\u00fa \u00e9vekig<strong> Pusk\u00e1s Ferenccel<\/strong> alkotta a balsz\u00e1rnyat a kir\u00e1lyi g\u00e1rd\u00e1ban, m\u00edg akkor, amikor \u2013 1955-ben, az angolok elleni madridi 1-1 alkalm\u00e1val \u2013 bemutatkozott a spanyol v\u00e1logatottban, <strong>Kubala L\u00e1szl\u00f3<\/strong> j\u00e1tszott centert. A b\u00facs\u00fameccs\u00e9n pedig <strong>Bene Ferenc<\/strong> futballozott a Real Madrid csat\u00e1rsor\u00e1nak jobb oldal\u00e1n.\r\n\r\nA Pac\u00f3nak bec\u00e9zett Gento tizenk\u00e9t bajnoki c\u00edmet nyert a nagy feh\u00e9rekkel, \u00e9s\r\n\r\n<span class=\"highlight-block\">hatszor h\u00f3d\u00edtotta el a Bajnokcsapatok Eur\u00f3pa Kup\u00e1j\u00e1t.<\/span>\r\n\r\nA \u201enyolcszor j\u00e1tszott BEK-d\u00f6nt\u0151t\u201d megfogalmaz\u00e1s pedig sz\u00f3 szerint \u00e9rtend\u0151, mert valamennyi cs\u00facstal\u00e1lkoz\u00f3n p\u00e1ly\u00e1ra l\u00e9pett, s az azokon kiv\u00edvott hat diadal egyed\u00fcl\u00e1ll\u00f3 teljes\u00edtm\u00e9ny.\r\n\r\nNem mellesleg: 1957-ben \u0151 szerezte a m\u00e1sodik g\u00f3lt a Fiorentina-fin\u00e1l\u00e9n (2-0). Egy \u00e9vvel k\u00e9s\u0151bb m\u00e9g \u00e9rt\u00e9kesebbet l\u0151tt, mert a hosszabb\u00edt\u00e1sos br\u00fcsszeli d\u00f6nt\u0151ben a 107. percben k\u00fcldte a labd\u00e1t a k\u00e9tszer is vezet\u0151 Milan h\u00e1l\u00f3j\u00e1ba (3-2). Ezzel az alak\u00edt\u00e1s\u00e1val gy\u0151z\u00f6tt harmadszor a Real Madrid, a spanyol sajt\u00f3 elnevezte Gent\u00f3t \u201eEur\u00f3pa Kupa \u00farnak\u201d.\r\n<div class=\"payable-content-section\"><\/div>\r\nA Madridnak \u00e9s sz\u00e9ls\u0151j\u00e9nek k\u00e9t eg\u00e9szen k\u00fcl\u00f6nleges \u00f6t\u00f6s sorozata volt. A csapat 1956 \u00e9s 1960 k\u00f6z\u00f6tt egym\u00e1s ut\u00e1n \u00f6tsz\u00f6r nyerte el a BEK-et, majd 1961-t\u0151l 1965-ig sz\u00e9ri\u00e1ban vitte el a p\u00e1lm\u00e1t a spanyol bajnoks\u00e1gban. Az egy\u00fcttes az 1960\/61-es \u00e9vadban csak k\u00e9t veres\u00e9get szenvedett, az Atletico Madridt\u00f3l \u00e9s a Valladolidt\u00f3l kapott ki, majd az 1968\/69-es szezonban csup\u00e1n egyszer maradt alul (az Elche m\u00e9rt r\u00e1 1-0-s csap\u00e1st). Pedig akkor m\u00e1r nem volt <strong>Di Stefano,<\/strong> Pusk\u00e1s, <strong>Rial<\/strong>...\r\n\r\nAhogyan az 1964-es Eb-n sem volt. Meg Gento sem. <strong>Jos\u00e9 Villalonga<\/strong> sz\u00f6vets\u00e9gi kapit\u00e1nynak elege lett abb\u00f3l, hogy a v\u00e1logatott folyton bef\u00fcrdik a klubfutball legragyog\u00f3bb szt\u00e1rjaival, \u00e9s a fiatalokat \u2013<strong> Marcelino, Pereda, Lapetra<\/strong> \u2013 kezdte forsz\u00edrozni. Gento a nyolcadd\u00f6nt\u0151b\u0151l m\u00e9g tov\u00e1bbl\u0151tte a csapatot a legjobb nyolc k\u00f6z\u00e9: az otthoni szer\u00e9ny 1-1 ut\u00e1n Belfastban gy\u0151ztes g\u00f3lt r\u00fagott az \u00e9szak\u00edreknek (1-0). H\u00e1l\u00e1b\u00f3l az \u00f6sszes tov\u00e1bbi meccsen Carlos Lapetra j\u00e1tszott balsz\u00e9ls\u0151t. Villalonga nagy rizik\u00f3t v\u00e1llalt az \u00faj t\u00e1mad\u00f3sorral, de sajnos bej\u00f6tt a h\u00faz\u00e1sa: a spanyolok a madridi el\u0151d\u00f6nt\u0151ben \u2013 k\u00e9tszer negyed\u00f3r\u00e1s hosszabb\u00edt\u00e1s ut\u00e1n \u2013 2-1-re legy\u0151zt\u00e9k a magyarokat, majd a rendes j\u00e1t\u00e9kid\u0151ben ugyancsak 2-1-re nyertek a szovjet v\u00e1logatottal v\u00edvott d\u00f6nt\u0151ben.\r\n\r\n[caption id=\"attachment_3431\" align=\"alignnone\" width=\"3465\"]<img class=\"size-full wp-image-3431\" src=\"https:\/\/sport24.24.hu\/app\/uploads\/sites\/24\/2022\/01\/real-73.jpg\" alt=\"\" width=\"3465\" height=\"1701\" \/> A Real Madrid csapata, Pusk\u00e1s Ferenc \u00e9s Gento a k\u00e9p jobb oldal\u00e1n.[\/caption]\r\n\r\nGento m\u00e1skor tal\u00e1lkozott honfit\u00e1rsainkkal. El\u0151sz\u00f6r az 1958-as BEK-el\u0151d\u00f6nt\u0151ben j\u00e1rt Budapesten, \u00e9s nem b\u00e1nta, hogy <strong>Pierre Schwint\u00e9<\/strong> francia j\u00e1t\u00e9kvezet\u0151 a m\u00e1sodik f\u00e9lid\u0151 els\u0151 negyed\u00f3r\u00e1j\u00e1ban, 2-0-s Vasas-vezet\u00e9sn\u00e9l nem \u00edt\u00e9lt \u00fajabb g\u00f3lt, j\u00f3llehet <strong>Jos\u00e9 Maria Zarraga<\/strong> a korabeli fot\u00f3k tan\u00fas\u00e1ga szerint a kapuvonalr\u00f3l bel\u00fclr\u0151l v\u00e1gta ki a labd\u00e1t. A Madrid 4-0-s el\u0151nnyel \u00e9rkezett, de nem v\u00e1rt neh\u00e9zs\u00e9gekbe \u00fctk\u00f6z\u00f6tt. M\u00e1sodszorra, 1961 \u0151sz\u00e9n j\u00f3val k\u00f6nnyebb \u00fatjuk volt Gent\u00f3nak \u00e9s t\u00e1rsainak: <strong>Justo Tejada<\/strong> laza dupl\u00e1val d\u00f6nt\u00f6tte el az ism\u00e9t a Vasassal v\u00edvott BEK-tal\u00e1lkoz\u00f3t (2-0). A k\u00e9t tal\u00e1lkoz\u00f3nak 190 ezer n\u00e9z\u0151je volt a N\u00e9pstadionban, \u00e9s 220 ezer Madridban.\r\n\r\nA k\u00e9tszeres vil\u00e1gbajnok brazil <strong>Djalma Santos<\/strong> azt mondta az ikonikus Gent\u00f3r\u00f3l:\r\n<blockquote class=\"small-quote\">Ezt az alacsony, vill\u00e1mgyors, \u00f6rd\u00f6ng\u00f6sen cselez\u0151, kit\u0171n\u0151en l\u00f6v\u0151 csat\u00e1rt m\u0171v\u00e9szet feltart\u00f3ztatni.<\/blockquote>\r\nAz \u0151t oly nagyra tart\u00f3 jobbh\u00e1tv\u00e9ddel azt\u00e1n egy\u00fctt j\u00e1tszott a Vil\u00e1gv\u00e1logatottban 1963 okt\u00f3ber\u00e9ben, az angol sz\u00f6vets\u00e9g centen\u00e1rium\u00e1n. Megh\u00edvt\u00e1k <strong>Raymond Kop\u00e1t,<\/strong> Alfredo di Stefan\u00f3t \u00e9s Pusk\u00e1s Ferencet is, hogy Gento ne \u00e9rezze mag\u00e1t egyed\u00fcl, s ott volt m\u00e9g \u2013 Di Stefan\u00f3n k\u00edv\u00fcl \u2013 tov\u00e1bbi n\u00e9gy aranylabd\u00e1s, a szovjet <strong>Lev Jasin<\/strong>, a csehszlov\u00e1k <strong>Masopust<\/strong>, a sk\u00f3t <strong>Denis Law<\/strong>, a portug\u00e1l<strong> Eusebio<\/strong>. (Plusz az angol<strong> Bobby Charlton<\/strong>.)\r\n\r\nAzt nem lehet mondani, hogy a Real Madrid rossz v\u00e1s\u00e1rt csin\u00e1lt, mert 1750 pezet\u00e1\u00e9rt szerz\u0151dtette Gent\u00f3t a Santandert\u0151l. Ha a csat\u00e1r \u00f6sszes \u201ekir\u00e1lyi\u201d meccs\u00e9t, a 761 tal\u00e1lkoz\u00f3t vessz\u00fck, akkor m\u00e9rk\u0151z\u00e9senk\u00e9nt 2,29 pezet\u00e1ba ker\u00fclt. Ha csak a 620 t\u00e9tmeccset sz\u00e1moljuk, akkor 2,82-re megy fel az \u00e1tlag. T\u00fal a tizenk\u00e9t bajnoki els\u0151s\u00e9gen \u00e9s a hat BEK-gy\u0151zelmen \u201etizenh\u00e1rom \u00e9ves\u201d kapit\u00e1nyt is v\u00e1s\u00e1roltak a bagatell \u00f6sszeg\u00e9rt: Gento ennyi esztend\u0151n \u00e1t viselte a karszalagot.\r\n\r\n[caption id=\"attachment_3432\" align=\"alignnone\" width=\"3260\"]<img class=\"size-full wp-image-3432\" src=\"https:\/\/sport24.24.hu\/app\/uploads\/sites\/24\/2022\/01\/puskas-gento.jpg\" alt=\"\" width=\"3260\" height=\"4096\" \/> Pusk\u00e1s, Di Stefano \u00e9s Gento 1964-ben.[\/caption]\r\n\r\nK\u00f6zben r\u00e9szt vett k\u00e9t vb-n (1962, 1966), m\u00edg 1960-ban r\u00e9szese volt az els\u0151 \u00edzben ki\u00edrt klub Vil\u00e1g Kupa megnyer\u00e9s\u00e9nek. A montevide\u00f3i 0-0 ut\u00e1n a Real Madrid 5-1-re g\u00e1zolta le az uruguayi Penarolt, Pusk\u00e1s k\u00e9t, Gento egy g\u00f3lt szerzett. A sz\u00e9ls\u0151 azt mondta \u00f6sszek\u00f6t\u0151j\u00e9r\u0151l: \u201eHa a tizenhatoson bel\u00fcl Panch\u00f3hoz ker\u00fclt a labda, mi m\u00e1r fordultunk is vissza. Azt\u00e1n a k\u00f6z\u00e9pkezd\u00e9s el\u0151tt csak azt k\u00e9rdezt\u00fck meg t\u0151le: melyik sarokba l\u0151tted? Mert az, hogy ballal r\u00fagta, nem volt vit\u00e1s.\u201d\r\n\r\nMajd el\u00e9rkezett a p\u00e1lyafut\u00e1s befejez\u00e9se.\r\n\r\n<span class=\"highlight-block-small\">Akkor Gento m\u00e1r nem sz\u00e1guldozott, mint legjobb napjaiban, amikor labd\u00e1val (!) 11 m\u00e1sodpercen bel\u00fcl futotta a sz\u00e1zat. <\/span>\r\n\r\nB\u00facs\u00fafell\u00e9p\u00e9se el\u0151tt m\u00e1sf\u00e9l \u00e9vvel j\u00e1tszotta utols\u00f3 eur\u00f3pai kupad\u00f6nt\u0151j\u00e9t, kiv\u00e9telesen a KEK-\u00e9rt, amelyr\u0151l a Real Madridnak megism\u00e9telt m\u00e9rk\u0151z\u00e9sen kellett lemondania Ath\u00e9nban a Chelsea ellen (1-2). Az els\u0151 meccsen <strong>Ignacio Zoco<\/strong> a 90. percben egyenl\u00edtett 1-1-re. Majd 1972. december 14-\u00e9n a k\u00f6vetkez\u0151 csat\u00e1rsor szerepelt a kir\u00e1lyi g\u00e1rd\u00e1ban a Belenenses ellen: Bene, Eusebio, <strong>Santillana<\/strong> (<strong>Vel\u00e1zquez<\/strong>, helyette <strong>Aguilar<\/strong>), <strong>Dobrin<\/strong>, Gento (<strong>Dzajic<\/strong>). A balsz\u00e9ls\u0151 jutalomj\u00e1t\u00e9k\u00e1t a Bernabeu stadion avat\u00e1s\u00e1nak huszon\u00f6t\u00f6dik \u00e9vfordul\u00f3j\u00e1ra id\u0151z\u00edtett\u00e9k, \u00e9s az\u00e9rt a Belenenses volt az ellenf\u00e9l, mert a nyit\u00e1nyon is a portug\u00e1l egy\u00fcttes vend\u00e9gszerepelt Madridban.\r\n\r\nBene pedig a Dobrin-hadm\u0171velet keret\u00e9ben \u00e9rkezett. <strong>Santiago Bernabeu<\/strong> klubeln\u00f6k a kir\u00e1lyi g\u00e1rd\u00e1hoz akarta cs\u00e1b\u00edtani a rom\u00e1n Nicolae Dobrint, m\u00e9g<strong> Nicolae Ceausescun\u00e1l<\/strong> is kilincselt \u00e9rte, de k\u00e9tmilli\u00f3 doll\u00e1r\u00e9rt \u2013 akkoriban \u201ecruyffi\u201d \u00f6sszeg\u00e9rt \u2013 sem szerz\u0151dtethette. Ez\u00e9rt elh\u00edvta a g\u00e1lameccsre, s hogy ne legyen felt\u0171n\u0151, Madridba invit\u00e1lt m\u00e9g k\u00e9t keleti extraklasszist, Ben\u00e9t \u00e9s a jugoszl\u00e1v Dragan Dzajicot. \u00c1m hi\u00e1ba volt minden furfang, Dobrint nem k\u00e1pr\u00e1ztatta el Spanyolorsz\u00e1g, a finom technik\u00e1j\u00fa j\u00e1t\u00e9kos visszament Pitesti v\u00e1ros\u00e1ba az Argeshez.\r\n\r\nGento 2-1-gyel, g\u00f3llal \u00e9s azzal a h\u00e1l\u00e1s tudattal k\u00f6sz\u00f6nt el, hogy 1971 j\u00falius\u00e1ban \u00fajj\u00e1sz\u00fcletett. Kocsij\u00e1val egy teheraut\u00f3nak rohant, de meg\u00faszta k\u00f6nnyebb s\u00e9r\u00fcl\u00e9sekkel.\r\n\r\n<span class=\"highlight-block\">A futballvil\u00e1g szomor\u00fas\u00e1g\u00e1t enyh\u00edti, hogy t\u00f6bb mint f\u00e9l \u00e9vsz\u00e1zadot kapott aj\u00e1nd\u00e9kba.<\/span>\r\n\r\n[prefabricated_shortcode in_app=\"0\" code=\"%3Cdiv%20class%3D%22article_box_border%22%20style%3D%22background%3A%20url%28%27https%3A%2F%2F24.p3k.hu%2Fapp%2Fuploads%2Fsites%2F24%2F2021%2F05%2Fsport24-pattern.png%27%29%20no-repeat%20left%20-16px%20%23f3f3f4%3B%20border%3A%20none%3B%22%3E%0D%0A%3Cdiv%20class%3D%22article_solidheader%22%3E%0D%0A%3Ch2%20style%3D%22color%3A%20%23111115%21important%3B%20font-size%3A%2036px%3B%20font-weight%3A%20bold%3B%20margin-bottom%3A%2030px%3B%20margin-top%3A%2020px%3B%20text-align%3A%20center%3B%20line-height%3A%2036px%3B%22%3E%3Cimg%20class%3D%22aligncenter%20size-full%20wp-image-141%22%20src%3D%22https%3A%2F%2F24.p3k.hu%2Fapp%2Fuploads%2Fsites%2F24%2F2021%2F05%2Fs24-logo-dt.png%22%20alt%3D%22%22%20width%3D%22408%22%20height%3D%2290%22%20%2F%3E%3C%2Fh2%3E%0D%0A%3Ch2%20style%3D%22color%3A%20%23111115%21important%3B%20font-size%3A%2036px%3B%20font-weight%3A%20bold%3B%20margin-bottom%3A%2030px%3B%20margin-top%3A%2020px%3B%20text-align%3A%20center%3B%20line-height%3A%2040px%3B%22%3ECsatlakozz%20a%20Sport24%20k%C3%B6z%C3%B6ss%C3%A9ghez%2C%20mondd%20el%20v%C3%A9lem%C3%A9nyedet%20z%C3%A1rt%20Facebook-csoportunkban%2C%20%C3%A9s%20vegy%C3%A9l%20r%C3%A9szt%20csak%20el%C5%91fizet%C5%91knek%20el%C3%A9rhet%C5%91%20exkluz%C3%ADv%20esem%C3%A9nyeinken.%3C%2Fh2%3E%0D%0A%3C%2Fdiv%3E%0D%0A%3Cp%20style%3D%22background%3A%20%2357A600%3B%20margin-top%3A%2020px%3B%20padding%3A%2020px%3B%20text-align%3A%20center%3B%22%3E%3Ca%20style%3D%22color%3A%20%23ffffff%3B%20font-size%3A%2026px%3B%20font-weight%3A%20600%3B%22%20href%3D%22https%3A%2F%2Fwww.facebook.com%2Fgroups%2F212344460412327%22%3ECSATLAKOZOM%3C%2Fa%3E%3C%2Fp%3E%0D%0A%0D%0A%3C%2Fdiv%3E\"]","type":"rich","thumbnail_url":"https:\/\/s.24.hu\/app\/uploads\/sites\/24\/2022\/01\/francisco-gento-150x150.jpg","thumbnail_width":150,"thumbnail_height":150}