{"version":"1.0","provider_name":"Sport24","provider_url":"https:\/\/sport24.24.hu","author_name":"Bruckner G\u00e1bor","author_url":"https:\/\/sport24.24.hu\/author\/brucknerg\/","title":"Klopp \u00e9s Tuchel ut\u00e1n \u00fajabb szt\u00e1redz\u0151 kov\u00e1csol\u00f3dik a mainzi m\u0171helyben","html":"A 2020\/21-es \u00e9vad fel\u00e9n\u00e9l 1. FSV Mainz 05 mind\u00f6ssze h\u00e9t pontot gy\u0171jtve az utols\u00f3 el\u0151tti helyen \u00e1llt a Bundeslig\u00e1ban, \u00e9s <strong>Achim Beierloizer<\/strong>, valamint <strong>Jan-Moritz Licht<\/strong>e szem\u00e9ly\u00e9ben k\u00e9t vezet\u0151edz\u0151t is elfogyasztott. Szinte elker\u00fclhetetlennek t\u0171nt, hogy a csapat tizenk\u00e9t \u00e9v ut\u00e1n ism\u00e9t a m\u00e1sodoszt\u00e1lyba ker\u00fclj\u00f6n, de ekkor visszat\u00e9rt a kor\u00e1bban \u00e1ltal\u00e1nos igazgat\u00f3k\u00e9nt nagy sikereket el\u00e9r\u0151 <strong>Christian Heidl<\/strong>, aki egy\u00fattal kinevezte sportigazgat\u00f3nak a csapatot el\u0151z\u0151leg edz\u0151k\u00e9nt ir\u00e1ny\u00edt\u00f3 <strong>Martin Schmidtet<\/strong>. A legnagyobb h\u00faz\u00e1snak viszont nem ez bizonyult, hanem<strong> Bo Svensson<\/strong> megszerz\u00e9se a vezet\u0151edz\u0151 poz\u00edci\u00f3j\u00e1ra.\r\n\r\nA Mainzn\u00e1l j\u00e1t\u00e9kosk\u00e9nt h\u00e9t \u00e9vet elt\u00f6lt\u0151 d\u00e1n szakember\u00e9rt \u2013 aki el\u0151sz\u00f6r \u00e9ppen Schmidt seg\u00edt\u0151je, majd k\u00e9s\u0151bb a klub ut\u00e1np\u00f3tl\u00e1sedz\u0151je is volt \u2013 a n\u00e9metek nem kevesebb, mint 1,6 milli\u00f3 eur\u00f3t fizettek a Red Bull Salzburg fi\u00f3kcsapatak\u00e9nt szolg\u00e1l\u00f3 FC Lieferingnek. Annak a csapatnak, amelyn\u00e9l Svensson m\u00e9g csup\u00e1n az els\u0151 feln\u0151ttedz\u0151i megb\u00edzat\u00e1s\u00e1t t\u00f6lt\u00f6tte.\r\n\r\n<span class=\"highlight-block\">A befektet\u00e9s azonban alaposan megt\u00e9r\u00fclt, <\/span>\r\n\r\nhiszen a Mainz v\u00e9g\u00fcl nemcsak bennmaradt a Bundeslig\u00e1ban, hanem az eg\u00e9szen leny\u0171g\u00f6z\u0151 tavaszi menetel\u00e9ssel \u2013 amelynek sor\u00e1n m\u00e9g a Bayern M\u00fcnchent is siker\u00fclt legy\u0151znie \u2013 eg\u00e9szen a 12. helyig felkapaszkodott.\r\n\r\nA csoda pedig nem h\u00e1rom napig, vagy ebben az esetben egy id\u00e9nyen \u00e1t tartott. A 2021\/22-es \u00e9vad els\u0151 fel\u00e9t a Svensson \u00e1ltal ir\u00e1ny\u00edtott Mainz a 9. helyen z\u00e1rta, \u00e9s mind\u00f6ssze 5 pont v\u00e1lasztja el a dobog\u00f3s Freiburgt\u00f3l, m\u00edg egyar\u00e1nt 3 a Konferencia Liga-indul\u00e1st \u00e9r\u0151 helyen \u00e1ll\u00f3 Union Berlint\u0151l meg az Eur\u00f3pa Liga-r\u00e9szv\u00e9telt jelent\u0151 helyen tany\u00e1z\u00f3 Eintracht Frankfurtt\u00f3l. \u00cdgy pedig a tavaszi id\u00e9ny el\u0151tt egyel\u0151re b\u0151ven fenn\u00e1ll annak az es\u00e9lye, hogy a 2013\/14-es szezon ut\u00e1n a klub ism\u00e9t eur\u00f3pai kup\u00e1ban szerepeljen. Amikor ez legut\u00f3bb \u00f6sszej\u00f6tt, akkor bizonyos <strong>Thomas Tuchel<\/strong> \u00fclt az egy\u00fcttes kispadj\u00e1n.\r\n\r\n<img class=\"alignnone size-full wp-image-3300\" src=\"https:\/\/sport24.24.hu\/app\/uploads\/sites\/24\/2022\/01\/gettyimages-1350227340.jpg\" alt=\"\" width=\"1500\" height=\"1108\" \/>\r\n<h2>Nagy el\u0151d\u00f6k nyom\u00e1ban<\/h2>\r\nBo Svensson nem az els\u0151 edz\u0151, akit Christian Heidl \u00fagy \u00fcltetett le a kispadra, hogy minim\u00e1lis, vagy szinte semmilyen tapasztalata nem volt feln\u0151ttedz\u0151k\u00e9nt. <strong>J\u00fcrgen Klopp<\/strong> 2001-ben egyik pillanatr\u00f3l a m\u00e1sikra lett j\u00e1t\u00e9kosb\u00f3l a csapat tr\u00e9nere, miut\u00e1n az akkoriban N\u00e9metorsz\u00e1gban m\u00e9g forradalminak sz\u00e1m\u00edt\u00f3 z\u00f3nav\u00e9dekez\u00e9st a klubn\u00e1l meghonos\u00edt\u00f3 <strong>Wolfgang Frankot<\/strong> k\u00f6vet\u0151 k\u00e9t vezet\u0151edz\u0151 vill\u00e1mgyorsan megbukott.\r\n<div class=\"payable-content-section\"><\/div>\r\n\u00c9vekkel k\u00e9s\u0151bb a Mainz hi\u00e1ba jutott vissza a Bundeslig\u00e1ba<strong> Jorn Andersen<\/strong> ir\u00e1ny\u00edt\u00e1s\u00e1val, a norv\u00e9g szakvezet\u0151 az els\u0151 oszt\u00e1lyra k\u00e9sz\u00fclve igyekezett alaposan \u00e1talak\u00edtani a m\u00f3dszereit, ami nem a legjobban csap\u00f3dott le a j\u00e1t\u00e9kosokn\u00e1l, \u00e9s Heidl m\u00e9g az els\u0151 fordul\u00f3 el\u0151tt menesztette. A hely\u00e9t az addig kiz\u00e1r\u00f3lag ut\u00e1np\u00f3tl\u00e1skor\u00faakkal dolgoz\u00f3 Thomas Tuchel vette \u00e1t.\r\n\r\nBo Svensson egy \u00e9vig volt Klopp j\u00e1t\u00e9kosa, \u00e9s\r\n\r\n<span class=\"highlight-block-small\">\u00f6t esztend\u0151n \u00e1t figyelhette testk\u00f6zelb\u0151l Tuchel gyakran embert pr\u00f3b\u00e1l\u00f3, nemcsak a testet, hanem az elm\u00e9t is f\u00e1raszt\u00f3\u00a0 edz\u00e9sm\u00f3dszereit, amelyekb\u0151l viszont rengeteg inspir\u00e1ci\u00f3t mer\u00edtett k\u00e9s\u0151bbi saj\u00e1t karrierj\u00e9hez.<\/span>\r\n\r\n\u201eSok mindenre eml\u00e9kszem azokb\u00f3l az id\u0151kb\u0151l azzal kapcsolatban, hogyan kell megbirk\u00f3zni a j\u00e1t\u00e9kosokkal, mik\u00e9nt kell vezetni a csapatot. Mindkettej\u00fckt\u0151l sokat tanultam a Mainz j\u00e1t\u00e9k\u00e1t illet\u0151en, \u00e9s sz\u00e1mos tapasztalatot vittem ezekb\u0151l magammal\u201d \u2013 mondta Svensson a nagy el\u0151d\u00f6kr\u0151l.\r\n\r\nA d\u00e1n kinevez\u00e9se azonban nem csak szakmai \u00e9rtelemben volt fontos Heidl sz\u00e1m\u00e1ra. A r\u00e9gi-\u00faj igazgat\u00f3 \u00fagy \u00e9rezte, hogy a Mainzra m\u00e1r nem jellemz\u0151 az a fajta kult\u00fara, mint az els\u0151 regn\u00e1l\u00e1sa alatt, \u00e9s sokan csak ugr\u00f3deszkak\u00e9nt tekintenek a csapatra. \u00c9ppen ez\u00e9rt tartotta fontosnak, hogy a kulcspoz\u00edci\u00f3kba olyanok ker\u00fcljenek, akik nem csak kiv\u00e1l\u00f3 szakemberek, hanem pontosan \u00e1t is \u00e9rzik a klub fontoss\u00e1g\u00e1t.\r\n\r\nEnnek megfelel\u0151en a j\u00e1t\u00e9koskeretben is t\u00f6rt\u00e9ntek v\u00e1ltoz\u00e1sok m\u00e1r abban a h\u00f3napban, amikor Svensson is meg\u00e9rkezett az egy\u00fctteshez. T\u00e1vozott a legeredm\u00e9nyesebb g\u00f3ll\u00f6v\u0151, <strong>Jean-Philipp Mateta<\/strong>, ami nem sok j\u00f3t \u00edg\u00e9rt a folytat\u00e1sra n\u00e9zve, de Svensson ir\u00e1ny\u00edt\u00e1sa alatt nem az egy\u00e9nek, hanem a csapat kezdett el f\u0151szerepet j\u00e1tszani.\r\n<h2>Red Bull Mainz<\/h2>\r\nAz \u00faj vezet\u0151edz\u0151nek els\u0151sorban a v\u00e9delmet kellett rendbe tennie, miut\u00e1n a Mainz a 2020\/21-es \u00e9vad els\u0151 fel\u00e9ben nem kevesebb mint 31 g\u00f3lt kapott, az engedett helyzetek mennyis\u00e9ge \u00e9s min\u0151s\u00e9ge alapj\u00e1n v\u00e1rhat\u00f3an kapott g\u00f3lokat (xGA) tekintve pedig csak a Hoffenheim, az Arminia Bielefeld \u00e9s a Schalke teljes\u00edtett rosszabbul n\u00e1luk.\r\n\r\nSvensson a kinevez\u00e9s\u00e9t k\u00f6vet\u0151en azonnal m\u00f3dos\u00edtott is az eddig haszn\u00e1lt 4-2-3-1-es j\u00e1t\u00e9krendszeren, \u00e9s egy extra k\u00f6z\u00e9ph\u00e1tv\u00e9d csapatba helyez\u00e9s\u00e9vel 3-5-2-re \u00e1llt \u00e1t, ami azt is lehet\u0151v\u00e9 tette, hogy sokkal agressz\u00edvabban kezdjenek el v\u00e9dekezni. A d\u00e1n szakember el\u0151tt a Mainz 14,34-es PPDA sz\u00e1mot produk\u00e1lt, ami azt jelenti, hogy ennyi \u00e1tad\u00e1st engedtek az ellenfeleknek, miel\u0151tt valamilyen v\u00e9dekez\u0151 akci\u00f3t hajtottak volna v\u00e9gre. Ez a sz\u00e1m Svensonnal 11,51-re cs\u00f6kkent, amivel a negyedik legpassz\u00edvabban v\u00e9dekez\u0151 csapatb\u00f3l az \u00f6t\u00f6dik legagressz\u00edvebben presszingel\u0151 egy\u00fcttess\u00e9 avanzs\u00e1ltak.\r\n\r\nEnnek a kapott g\u00f3lokon \u00e9s az engedett helyzeteken is megl\u00e1tsz\u00f3dott a hat\u00e1sa. Svensson \u00e9rkez\u00e9s\u00e9t k\u00f6vet\u0151en a Mainz az \u00f6t\u00f6dik legkevesebb g\u00f3lt kapta a Bundesliga mez\u0151ny\u00e9ben, \u00e9s a v\u00e1rhat\u00f3 kapott g\u00f3lok mennyis\u00e9ge is a nyolcadik legalacsonyabb volt, ami \u00f3ri\u00e1si fejl\u0151d\u00e9st jelentett az azt megel\u0151z\u0151 id\u0151szakhoz k\u00e9pest. Ha pedig csak a d\u00e1n szakember alatt lej\u00e1tszott meccseket vessz\u00fck figyelembe, akkor a Mainz a hatodik legjobb csapat volt a megszerzett pontok tekintet\u00e9ben az el\u0151z\u0151 szezonban.\r\n\r\n<img class=\"alignnone size-full wp-image-3290\" src=\"https:\/\/sport24.24.hu\/app\/uploads\/sites\/24\/2022\/01\/1-kep.jpeg\" alt=\"\" width=\"1536\" height=\"1486\" \/>\r\n\r\nA labda n\u00e9lk\u00fcli agressz\u00edv j\u00e1t\u00e9k a 2021\/22-es \u00e9vadban is a csapat v\u00e9djegye maradt, \u00e9s az Opta adatai szerint csak n\u00e9gy egy\u00fcttes v\u00e9dekezik agressz\u00edvebben Svensson g\u00e1rd\u00e1j\u00e1n\u00e1l. Ennek is k\u00f6sz\u00f6nhet\u0151en csak a Bayern M\u00fcnchen ellen termeltek kevesebb xG-t az ellenfelek, \u00e9s csak a Freiburg kapott kevesebb g\u00f3lt a Mainzn\u00e1l. Az agressz\u00edv let\u00e1mad\u00e1s pedig nemcsak a v\u00e9dekez\u00e9s hat\u00e9konys\u00e1g\u00e1ra van nagy hat\u00e1ssal, hanem a t\u00e1mad\u00f3j\u00e1t\u00e9knak is fontos eleme.\r\n\r\nA Svensson-\u00e9ra kezdete \u00f3ta a Bundeslig\u00e1ban csup\u00e1n n\u00e9gy csapat szerzett t\u00f6bb labd\u00e1t az ellenf\u00e9l kapuj\u00e1t\u00f3l maximum 40 m\u00e9terre, \u00e9s csak h\u00e1rom csapat \u00e9rt el ezekb\u0151l t\u00f6bb l\u00f6v\u00e9st. A Mainz j\u00e1t\u00e9kst\u00edlusa teh\u00e1t minden \u00e9rtelemben az agresszivit\u00e1sra \u00e9p\u00fcl labd\u00e1val \u00e9s labda n\u00e9lk\u00fcl is. Egyr\u00e9szt a keret sem lenne felt\u00e9tlen\u00fcl alkalmas arra, hogy hossz\u00fa labdaj\u00e1rat\u00e1si f\u00e1zisokkal domin\u00e1lja a m\u00e9rk\u0151z\u00e9st, m\u00e1sr\u00e9szt Svensson is hozta mag\u00e1val a <a href=\"https:\/\/sport24.24.hu\/foci\/2021\/10\/23\/jesse-marsch-csak-elore-menne-megis-visszafele-halad-az-rb-leipzig\/\" target=\"_blank\" rel=\"noopener\">Red Bull-iskola alapelveit<\/a> a Lieferingn\u00e9l elt\u00f6lt\u00f6tt m\u00e1sf\u00e9l \u00e9ve ut\u00e1n.\r\n\r\n<img class=\"alignnone size-full wp-image-3292\" src=\"https:\/\/sport24.24.hu\/app\/uploads\/sites\/24\/2022\/01\/2-kep.png\" alt=\"\" width=\"1569\" height=\"741\" \/>\r\n\r\nA fenti \u00e1br\u00e1n is az l\u00e1that\u00f3, hogy mennyire direkt Svensson csapat\u00e1nak labd\u00e1s j\u00e1t\u00e9ka. Kiz\u00e1r\u00f3lag a Bielefeld halad el\u0151re t\u00f6bb m\u00e9tert a labd\u00e1val m\u00e1sodpercenk\u00e9nt, \u00e9s csak h\u00e1rom csapat hajt v\u00e9gre kevesebb \u00e1tad\u00e1st egy-egy labdabirtokl\u00e1si peri\u00f3dus sor\u00e1n.\r\n\r\nSvensson m\u00e9g a szezon elej\u00e9n, a F\u00fcrth elleni 3-0-s gy\u0151zelmet k\u00f6vet\u0151 nyilatkozat\u00e1ban is utalt arra, mennyire fontos, hogy csapata a p\u00e1ly\u00e1n pontosan v\u00e9grehajtsa j\u00e1t\u00e9k\u00e1nak alapelveit.\r\n\r\n\u201eAmikor \u00edgy j\u00e1tszunk, akkor tudjuk kihozni magunkb\u00f3l el\u0151l a legt\u00f6bbet. Gyorsan \u00e9s el\u0151refel\u00e9 akarunk futballozni, \u00e9s ez ma kiv\u00e1l\u00f3an m\u0171k\u00f6d\u00f6tt, el\u00f6l<strong> Szalai \u00c1d\u00e1mmal<\/strong>. A Bochum elleni meccsen t\u00fal sokat passzoltunk oldalir\u00e1nyba, \u00e9s emiatt szenvedt\u00fcnk.\u201d\r\n\r\n<span class=\"highlight-block\">Svensson akkor nem v\u00e9letlen\u00fcl emelte ki Szalait, <\/span>\r\n\r\naki remek\u00fcl k\u00e9pes megtartani \u00e9s leosztani a gyorsan felpasszolt labd\u00e1kat. Ebben a rendszerben ugyanis nem csak a g\u00f3ll\u00f6v\u00e9sben van kiemelked\u0151 szerep\u00fck a csat\u00e1roknak. B\u00e1r a magyar v\u00e1logatott csapatkapit\u00e1nya k\u00fcl\u00f6nb\u00f6z\u0151 s\u00e9r\u00fcl\u00e9sek miatt az \u0151sz nagy r\u00e9sz\u00e9t kihagyta, <strong>Jonathan Burkardt<\/strong> \u00e9s <strong>Karim Onisiwo<\/strong> szem\u00e9ly\u00e9ben k\u00e9t egym\u00e1st t\u00f6k\u00e9letesen kieg\u00e9sz\u00edt\u0151 \u00e9s a koncepci\u00f3ba remek\u00fcl ill\u0151 j\u00e1t\u00e9kossal tudott rohamozni a Mainz.\r\n\r\n<img class=\"alignnone size-full wp-image-3293\" src=\"https:\/\/sport24.24.hu\/app\/uploads\/sites\/24\/2022\/01\/3-kep.png\" alt=\"\" width=\"2188\" height=\"1224\" \/>\r\n\r\nA fenti k\u00e9pen is kiv\u00e1l\u00f3an l\u00e1tsz\u00f3dik, ahogyan Svensson csapata azonnal el\u0151refel\u00e9 j\u00e1tszik, hogy a t\u00e1mad\u00f3k min\u00e9l gyorsabban be tudj\u00e1k fejezni az akci\u00f3t a rendezetlen ellenf\u00e9llel szemben.\r\n\r\nEnnek persze megvannak a maga h\u00e1tr\u00e1nyai is: mivel a Mainz folyamatosan az akci\u00f3k gyors v\u00e9gigvitel\u00e9re \u00e9s lez\u00e1r\u00e1s\u00e1ra t\u00f6rekszik, hi\u00e1ba \u00e1tlagolja a hetedik legt\u00f6bb l\u00f6v\u00e9st ebben a szezonban, a kialak\u00edtott helyzetek min\u0151s\u00e9g\u00e9t tekintve csak hat csapat teljes\u00edt gyeng\u00e9bben az eg\u00e9sz Bundeslig\u00e1ban.\r\n\r\nEz pedig Bo Svensson j\u00f6v\u0151je kapcs\u00e1n is fontos k\u00e9rd\u00e9seket vet fel.\r\n\r\n<span class=\"highlight-block\">Az szinte biztosra vehet\u0151, hogy a d\u00e1n szakember nem marad m\u00e1r sok\u00e1ig a Mainzn\u00e1l, <\/span>\r\n\r\nde egy nagyobb klubn\u00e1l sokkal nagyobb hangs\u00falyt kell majd fektetnie a labd\u00e1s kontroll kialak\u00edt\u00e1s\u00e1ra is. Ebben mindenesetre haszn\u00e1ra v\u00e1lhatnak a Thomas Tuchel mellett tanultak, aki a Mainzt\u00f3l a Borussia Dortmundhoz ker\u00fclve k\u00e9pes volt rendk\u00edv\u00fcl l\u00e1tv\u00e1nyos poz\u00edci\u00f3s j\u00e1t\u00e9kot kialak\u00edtani.\r\n\r\nHa ebb\u0151l Svensson val\u00f3ban ellesett valamit, akkor aligha jut az RB Leipzign\u00e9l p\u00f3rul j\u00e1r\u00f3 <strong>Jesse Marsch<\/strong> sors\u00e1ra.\r\n\r\n[prefabricated_shortcode in_app=\"0\" code=\"%3Cdiv%20class%3D%22article_box_border%22%20style%3D%22background%3A%20url%28%27https%3A%2F%2F24.p3k.hu%2Fapp%2Fuploads%2Fsites%2F24%2F2021%2F05%2Fsport24-pattern.png%27%29%20no-repeat%20left%20-16px%20%23f3f3f4%3B%20border%3A%20none%3B%22%3E%0D%0A%3Cdiv%20class%3D%22article_solidheader%22%3E%0D%0A%3Ch2%20style%3D%22color%3A%20%23111115%21important%3B%20font-size%3A%2036px%3B%20font-weight%3A%20bold%3B%20margin-bottom%3A%2030px%3B%20margin-top%3A%2020px%3B%20text-align%3A%20center%3B%20line-height%3A%2036px%3B%22%3E%3Cimg%20class%3D%22aligncenter%20size-full%20wp-image-141%22%20src%3D%22https%3A%2F%2F24.p3k.hu%2Fapp%2Fuploads%2Fsites%2F24%2F2021%2F05%2Fs24-logo-dt.png%22%20alt%3D%22%22%20width%3D%22408%22%20height%3D%2290%22%20%2F%3E%3C%2Fh2%3E%0D%0A%3Ch2%20style%3D%22color%3A%20%23111115%21important%3B%20font-size%3A%2036px%3B%20font-weight%3A%20bold%3B%20margin-bottom%3A%2030px%3B%20margin-top%3A%2020px%3B%20text-align%3A%20center%3B%20line-height%3A%2040px%3B%22%3ECsatlakozz%20a%20Sport24%20k%C3%B6z%C3%B6ss%C3%A9ghez%2C%20mondd%20el%20v%C3%A9lem%C3%A9nyedet%20z%C3%A1rt%20Facebook-csoportunkban%2C%20%C3%A9s%20vegy%C3%A9l%20r%C3%A9szt%20csak%20el%C5%91fizet%C5%91knek%20el%C3%A9rhet%C5%91%20exkluz%C3%ADv%20esem%C3%A9nyeinken.%3C%2Fh2%3E%0D%0A%3C%2Fdiv%3E%0D%0A%3Cp%20style%3D%22background%3A%20%2357A600%3B%20margin-top%3A%2020px%3B%20padding%3A%2020px%3B%20text-align%3A%20center%3B%22%3E%3Ca%20style%3D%22color%3A%20%23ffffff%3B%20font-size%3A%2026px%3B%20font-weight%3A%20600%3B%22%20href%3D%22https%3A%2F%2Fwww.facebook.com%2Fgroups%2F212344460412327%22%3ECSATLAKOZOM%3C%2Fa%3E%3C%2Fp%3E%0D%0A%0D%0A%3C%2Fdiv%3E\"]","type":"rich","thumbnail_url":"https:\/\/s.24.hu\/app\/uploads\/sites\/24\/2022\/01\/gettyimages-1234808718-150x150.jpg","thumbnail_width":150,"thumbnail_height":150}