{"version":"1.0","provider_name":"Sport24","provider_url":"https:\/\/sport24.24.hu","author_name":"Bruckner G\u00e1bor","author_url":"https:\/\/sport24.24.hu\/author\/brucknerg\/","title":"\u00cdme, a Kobra, a Serie A kir\u00e1lycsin\u00e1l\u00f3ja","html":"Olaszorsz\u00e1gban a futballcsapatokat egy szakmai agytr\u00f6szt, az \u00fagynevezett tri\u00e1sz ir\u00e1ny\u00edtja. A minden egy\u00fcttest \u00e9rint\u0151 d\u00f6nt\u00e9st meghoz\u00f3 csoport tagja term\u00e9szetesen az edz\u0151, azt\u00e1n a klubigazgat\u00f3, aki az anyagi term\u00e9szet\u0171 k\u00e9rd\u00e9sekben d\u00f6nt, illetve a sportigazgat\u00f3, aki al\u00e1 az \u00e1tigazol\u00e1sok tartoznak. Az ut\u00f3bbi kasztba tartozik h\u0151s\u00fcnk, <strong>Beppe Marotta<\/strong>, aki n\u00e9lk\u00fcl az elm\u00falt \u00e9vtizedben csak egyetlen egyszer lehetett bajnoki c\u00edmet szerezni, \u00e9s nagyon \u00fagy n\u00e9z ki, hogy az id\u00e9n is c\u00e9lba viszi aktu\u00e1lis csapat\u00e1t, az Intert.\r\n\r\nMarotta mind\u00f6ssze 22 \u00e9vesen lett el\u0151sz\u00f6r sportigazgat\u00f3, \u00e9s sz\u00fcl\u0151v\u00e1ros\u00e1ban, Vares\u00e9ben egy \u00e9vvel k\u00e9s\u0151bb m\u00e1r \u00e1ltal\u00e1nos igazgat\u00f3k\u00e9nt dolgozott. A Vares\u00e9hez hasonl\u00f3an k\u00e9s\u0151bb a Monza, majd a Venezia vezet\u0151jek\u00e9nt is szintet l\u00e9pett, innen ker\u00fclt a Sampdori\u00e1hoz, ahol szint\u00e9n nagyszer\u0171 munk\u00e1t v\u00e9gzett. Csak id\u0151 k\u00e9rd\u00e9se volt, hogy az igaz\u00e1n nagy csapatok k\u00f6z\u00fcl is kisz\u00farja valaki, \u00e9s ez v\u00e9g\u00fcl a t\u00f6rt\u00e9nelmi m\u00e9lypontok fel\u00e9 sz\u00e1guld\u00f3 Juventus lett 2010-ben.\r\n<h2>Dupla hetedikb\u0151l 9-szeres bajnok<\/h2>\r\nA t\u00f6rt\u00e9nelmi m\u00e9lypont egy\u00e1ltal\u00e1n nem t\u00falz\u00e1s: a Juve el\u0151bb Giuseppe Marotta ir\u00e1ny\u00edt\u00e1s\u00e1val lett hetedik, majd egy \u00e9vvel k\u00e9s\u0151bb (m\u00e1r Marott\u00e1val, illetve a Sampt\u00f3l vele egy\u00fctt \u00e9rkez\u0151 <strong>Gigi Delnerivel<\/strong> a fed\u00e9lzeten) v\u00e9gzett ugyanolyan sz\u00e9d\u00edt\u0151 m\u00e9lys\u00e9gben. R\u00e1f\u00e9rt az \u00e9rt\u0151 szem a csapatra, az biztos.\r\n\r\nMarotta nemcsak a Juve legend\u00e1j\u00e1t, <strong>Antonio Cont\u00e9t<\/strong> hozta el a kispadra 2012-ben, de olyan kulcsigazol\u00e1sokat eszk\u00f6z\u00f6lt, mint Andrea Pirlo (ingyen), <strong>Arturo Vidal<\/strong> (rongyos 12 milli\u00f3\u00e9rt), vagy <strong>Andrea Barzagli<\/strong> (aki\u00e9rt mind\u00f6ssze 300 ezer eur\u00f3t fizetett a Wolfsburgnak), egy \u00e9vvel k\u00e9s\u0151bb pedig szint\u00e9n ingyen szerezte meg <strong>Paul Pogb\u00e1t<\/strong>. A sportigazgat\u00f3 t\u00e9vedhetetlen szem\u00e9nek, illetve rendk\u00edv\u00fcl okos gazdas\u00e1gpolitik\u00e1j\u00e1nak k\u00f6sz\u00f6nhet\u0151en a Juventus \u00fajra a r\u00e9gi f\u00e9ny\u00e9ben csillogott, \u00e9s\r\n\r\n<span class=\"highlight-block\">az olasz futball t\u00f6rt\u00e9net\u00e9ben p\u00e9ld\u00e1tlan sorozatba kezdett, <\/span>\r\n\r\naminek \u00f6sszesen kilenc, zsin\u00f3rban megszerzett bajnoki c\u00edm lett az eredm\u00e9nye.\r\n<div class=\"payable-content-section\"><\/div>\r\nMarotta menet k\u00f6zben tov\u00e1bbi j\u00e1t\u00e9kosokat szerzett meg ingyen, vagy \u00e9rt\u00e9k\u00fckh\u00f6z k\u00e9pest rendk\u00edv\u00fcl olcs\u00f3n. Ilyen volt <strong>Carlos T\u00e9vez, Patrice Evra<\/strong> vagy <strong>Dani Alves,<\/strong> \u00e9s Conte t\u00e1voz\u00e1sa ut\u00e1n m\u00e1r nemcsak Olaszorsz\u00e1gban, hanem Eur\u00f3p\u00e1ban is alaposan letette a n\u00e9vjegy\u00e9t a Juve: Marotta vigy\u00e1z\u00f3 szeme alatt a klub k\u00e9t \u2013 \u201eszok\u00e1s szerint\u201d vesztes \u2013 BL-d\u00f6nt\u0151t is j\u00e1tszott. Az \u00e9rkez\u00e9sekor k\u00e9tszer is a hetedik helyen v\u00e9gz\u0151 csapat visszat\u00e9rt oda, ahol a 2006-os calciopoli el\u0151tt tartott.\r\n<h2>El\u0151re l\u00e1tta, hogy nem kell Ronaldo<\/h2>\r\nA 2017-es, a Real Madriddal szemben elbukott Bajnokok Lig\u00e1ja-d\u00f6nt\u0151 okozott n\u00e9mi turbulenci\u00e1t a Juventusn\u00e1l. B\u00e1r soha nem er\u0151s\u00edtett\u00e9k meg, valami biztosan t\u00f6rt\u00e9nt a d\u00f6nt\u0151 sz\u00fcnet\u00e9ben. Hiszen a Juve jobban j\u00e1tszott a Realn\u00e1l az els\u0151 f\u00e9lid\u0151ben, \u00e9s 1-1-re \u00e1lltak a csapatok, amikor az \u00f6lt\u00f6z\u0151ben \u00fcv\u00f6lt\u00f6z\u00e9s, s\u0151t egyes h\u00edrek szerint vereked\u00e9s t\u00f6rt ki, <strong>Allegri<\/strong> pedig szemmel l\u00e1that\u00f3an idegesen j\u00f6tt ki az ajt\u00f3n. A m\u00e1sodik f\u00e9lid\u0151ben a spanyolok romm\u00e1 vert\u00e9k a legkisebb ellen\u00e1ll\u00e1sra is k\u00e9ptelen Juv\u00e9t.\r\n\r\nA 2017\/18-as \u00e9vad v\u00edzv\u00e1laszt\u00f3 volt, mert a becsv\u00e1gy\u00f3 eln\u00f6k, <strong>Andrea Agnelli<\/strong> m\u00e1r csak a rem\u00e9nytelen\u00fcl \u00fcld\u00f6z\u00f6tt BL-tr\u00f3fe\u00e1ban l\u00e1tta a sikert, \u00e9s mivel a Real Madrid ellen csak majdnem j\u00f6tt \u00f6ssze a ford\u00edt\u00e1s a torin\u00f3i 0-3 ut\u00e1n, az eln\u00f6k hite is megt\u00f6rt Marott\u00e1ban. Hi\u00e1ba az \u00fajabb bajnoki c\u00edm, Agnelliben csak annyi ragadt meg, hogy megint nem siker\u00fclt BL-t nyerni, pedig a ny\u00e1ron vonakodva hallgatott Allegrire \u00e9s Marott\u00e1ra, akik szerint komoly v\u00e9rfriss\u00edt\u00e9sre volt sz\u00fcks\u00e9g Torin\u00f3ban. Abba belement, hogy<strong> Leonardo Bonuccit<\/strong> \u00e9s<strong> Kingsley Comant<\/strong> eladj\u00e1k, de <strong>Paulo Dybal\u00e1hoz<\/strong> ragaszkodott.\r\n\r\n[caption id=\"attachment_3254\" align=\"aligncenter\" width=\"1024\"]<img class=\"wp-image-3254 size-large\" src=\"https:\/\/sport24.24.hu\/app\/uploads\/sites\/24\/2022\/01\/gettyimages-114194317-1024x752.jpg\" alt=\"\" width=\"1024\" height=\"752\" \/> A Juventusban t\u00f6bbsz\u00f6r is k\u00fczdenie kellett Agnellivel.[\/caption]\r\n\r\nA t\u00f6r\u00e9spontot v\u00e9g\u00fcl <strong>Cristiano Ronaldo<\/strong> szerz\u0151dtet\u00e9se hozta el: 2018 nyar\u00e1n a Juve nagyj\u00e1b\u00f3l 120 milli\u00f3 eur\u00f3\u00e9rt, \u00e9vi 31 milli\u00f3s fizet\u00e9st \u00edg\u00e9rve igazolta le Madridb\u00f3l a megaszt\u00e1rt, ami els\u0151re nem is t\u0171nt rossz \u00fczletnek. Ha BL-t akarsz nyerni, Ronaldo lehet r\u00e1 a garancia, r\u00e1ad\u00e1sul a vaskos fizet\u00e9s\u00e9nek egy r\u00e9sze is visszaj\u00f6n a topkateg\u00f3ri\u00e1s klasszis nev\u00e9b\u0151l, m\u00e1rpedig ekkorra a Szuperliga gondolat\u00e1val a fej\u00e9ben kelt \u00e9s fek\u00fcdt Agnelli.\r\n\r\n<span class=\"highlight-block-small\">Marotta azonban \u00fagy gondolta, a j\u00e1t\u00e9kos t\u00falvan a legprodukt\u00edvabb id\u0151szak\u00e1n, a fizet\u00e9se \u00e9s a st\u00e1tusza pedig csak romboln\u00e1 a Juventus \u00f6lt\u00f6z\u0151j\u00e9nek egys\u00e9g\u00e9t. <\/span>\r\n\r\nNem volt kifejezetten a transzfer ellen, de gazdas\u00e1gilag racion\u00e1liss\u00e1 szerette volna tenni azt, \u00e9s hozz\u00e1ny\u00falt volna a kerethez is, mert el\u0151re l\u00e1tta, hogy Ronaldo csapatba illeszt\u00e9se komoly \u00e1ldozatokkal fog j\u00e1rni. Agnelli azonban se l\u00e1tott, se hallott, \u00e9s \u00e9pphogy elkezd\u0151d\u00f6tt a 2018\/19-es \u00e9vad, kir\u00fagta Marott\u00e1t.\r\n<h2>Mindenben igaza lett<\/h2>\r\nHogy a Ronaldo-k\u00e9rd\u00e9sben kinek volt igaza, azt ma m\u00e1r nem neh\u00e9z megmondani: 2018 \u00f3ta a portug\u00e1l minden egyes edz\u0151j\u00e9t kir\u00fagta a klub. Kezd\u0151d\u00f6tt <strong>Maurizio Sarrival<\/strong>, majd<strong> Andrea Pirlo<\/strong> is hasonl\u00f3 sorsra jutott, \u00e9s az id\u0151k\u00f6zben Manchesterbe igazol\u00f3 CR m\u00e1r Angli\u00e1ban is t\u00falvan az els\u0151 edz\u0151v\u00e1lt\u00e1s\u00e1n.\r\n\r\nMa m\u00e1r azt is tudjuk, hogy Marotta t\u00e1voz\u00e1sa a Juventus hanyatl\u00e1s\u00e1nak orig\u00f3ja is lett. Ut\u00f3dja, a Sampdori\u00e1n\u00e1l kinevelt j\u00e1t\u00e9kosmegfigyel\u0151, <strong>Fabio Paratici<\/strong> munk\u00e1ss\u00e1g\u00e1nak hat\u00e9konys\u00e1ga meg sem k\u00f6zel\u00edtette az \u00f6v\u00e9t, \u00e9s b\u00e1r t\u00e9ny, hogy a j\u00e1rv\u00e1ny \u00e9s Ronaldo miatt borzaszt\u00f3 neh\u00e9z helyzetbe ker\u00fclt a klub, Paratici sz\u00e1mtalan rossz d\u00f6nt\u00e9st hozott, ezekt\u0151l pedig elszoktak Torin\u00f3ban. Az ut\u00f3d is pr\u00f3b\u00e1lt olcs\u00f3n, vagy ingyen igazolni, de <strong>Aaron Ramsey<\/strong> \u00e9s <strong>Adrien Rabiot<\/strong> cs\u00fany\u00e1n fels\u00fclt, \u00e9s a sok p\u00e9nz\u00e9rt szerz\u0151dtetett j\u00e1t\u00e9kosok sem mind v\u00e1ltak be. A Juventus dominanci\u00e1ja Marotta t\u00e1voz\u00e1sa ut\u00e1n megrend\u00fclt; a k\u00f6vetkez\u0151 k\u00e9t \u00e9vben m\u00e9g \u00f6sszej\u00f6tt a bajnoki c\u00edm, de az \u00fcld\u00f6z\u0151k egyre k\u00f6zelebb araszoltak a Juv\u00e9hoz. K\u00fcl\u00f6n\u00f6sen az Inter, \u00e9s ez egy\u00e1ltal\u00e1n nem v\u00e9letlen.\r\n<h2>\u00dajra \u00f6ssze\u00e1ll a Conte, Marotta p\u00e1ros<\/h2>\r\nAz Inter boszork\u00e1nykonyh\u00e1j\u00e1ban nem kezdtek \u00faj, m\u00e1gikus f\u0151zet kikever\u00e9s\u00e9be, egyszer\u0171en csak fogt\u00e1k a k\u00e9t torin\u00f3i sikerkov\u00e1csot, \u00e9s r\u00e1juk b\u00edzt\u00e1k a csapatot. Conte \u00e9s Marotta az els\u0151 k\u00f6z\u00f6s \u00e9v\u00e9ben mind\u00f6ssze egy ponttal maradt le a viharvert Juventust\u00f3l, \u00e1m a m\u00e1sodik esztend\u0151ben m\u00e1r \u00f6sszej\u00f6tt a tr\u00f3nfoszt\u00e1s: az Inter egy \u00e9vtized ut\u00e1n bajnoki c\u00edmet nyert.\r\n\r\nAz m\u00e1r \u00f6nmag\u00e1ban el\u00e9g nagy dolog, hogy a 2019\/20-as \u00e9vadot lesz\u00e1m\u00edtva Marotta az elm\u00falt t\u00edz \u00e9vben minden bajnoki c\u00edmnek r\u00e9szese volt, de a fontoss\u00e1g\u00e1t akkor \u00e9rtj\u00fck meg igaz\u00e1n, ha \u00f6sszevetj\u00fck az \u00e9rkez\u00e9sekor, illetve a t\u00e1voz\u00e1sakor l\u00e1tott Juventust. Vagy, ha m\u00e1r itt tartunk: ak\u00e1r az Intert.\r\n\r\n<span class=\"highlight-block-small\">Marotta nem egyszer\u0171en legy\u0151zte a Juventust, hanem olyan \u0151rs\u00e9gv\u00e1lt\u00e1st gr\u00fcndolt az Intern\u00e9l, aminek k\u00f6sz\u00f6nhet\u0151en a k\u00e9t csapat helyet cser\u00e9lt. <\/span>\r\n\r\nMost a Juventusn\u00e1l n\u00e9zik irigykedve a mil\u00e1n\u00f3i vet\u00e9lyt\u00e1rsat, \u00e9s akkora k\u00fcl\u00f6nbs\u00e9g t\u00e1tong a k\u00e9t csapat k\u00f6z\u00f6tt, mint Marotta torin\u00f3i idej\u00e9n \u2013 csak \u00e9ppen ford\u00edtva. A Kobra r\u00e1ad\u00e1sul v\u00e1ls\u00e1gkezel\u00e9sb\u0151l is \u00f6t\u00f6st \u00e9rdemel, hiszen a pand\u00e9mia az Intert is alaposan meggy\u00f6t\u00f6rte, ez\u00e9rt a bajnokcsapat k\u00e9nytelen volt t\u00f6bb \u00e9rt\u00e9k\u00e9t\u0151l (k\u00f6zt\u00fck Cont\u00e9t\u00f3l) megv\u00e1lni, de az \u0151szi szezon azt mutatja: a csapat b\u00e1r kisebb d\u00f6ccen\u0151kkel, tulajdonk\u00e9ppen m\u00e9gis el\u00e9g sim\u00e1n v\u00e9szelte \u00e1t a neh\u00e9z id\u0151szakot.\r\n\r\n[caption id=\"attachment_3252\" align=\"aligncenter\" width=\"1024\"]<img class=\"wp-image-3252 size-large\" src=\"https:\/\/sport24.24.hu\/app\/uploads\/sites\/24\/2022\/01\/gettyimages-1319873482-1024x683.jpg\" alt=\"\" width=\"1024\" height=\"683\" \/> Az Inter bajnoki c\u00edmet \u00fcnnepelhetett Marotta remek munk\u00e1j\u00e1nak h\u00e1la.[\/caption]\r\n\r\nMarotta igazol\u00e1sai f\u00e9nyesen bev\u00e1ltak, a Szard\u00edni\u00e1r\u00f3l szerz\u0151dtetett <strong>Nicolo Barella<\/strong> a legjobb olasz k\u00f6z\u00e9pp\u00e1ly\u00e1ss\u00e1 n\u0151tte ki mag\u00e1t, a visszat\u00e9r\u0151 <strong>Ivan Perisic<\/strong> \u00e9lete form\u00e1j\u00e1ban j\u00e1tszik, \u00e9s akik kor\u00e1bban \u00e9rkeztek, azok is kiv\u00e1l\u00f3 form\u00e1ban futballoznak. Marotta szem\u00e9t dics\u00e9ri Conte ut\u00f3dj\u00e1nak kiv\u00e1laszt\u00e1sa is, hab\u00e1r <strong>Simone Inzaghit<\/strong> nem volt nagy kunszt kisz\u00farni. Mindenesetre a Lazi\u00f3n\u00e1l folyamatosan er\u0151n fel\u00fcl teljes\u00edt\u0151 edz\u0151 az Intern\u00e9l is gyorsan \u00f6sszerakta a saj\u00e1t j\u00e1t\u00e9k\u00e1t, \u00e9s a mil\u00e1n\u00f3iak b\u00fcszk\u00e9n fesz\u00edtenek a tabella \u00e9l\u00e9n 2022 elej\u00e9n.\r\n\r\nAz \u0151rs\u00e9gv\u00e1lt\u00e1st az teszi teljess\u00e9, hogy az Intern\u00e9l a j\u00f6v\u0151 is sokkal jobban n\u00e9z ki, mint ak\u00e1r a Juventusn\u00e1l, ak\u00e1r a Milann\u00e1l \u2013 \u00e9s m\u00e9g csak nem is a v\u00e1rhat\u00f3 sza\u00fadi t\u0151keinjekci\u00f3ra gondolok. Hanem arra, hogy Marotta \u2013 az el\u0151dei \u00e1ltal r\u00e1hagyott probl\u00e9m\u00e1t is kezelve \u2013 a ny\u00e1ron elengedheti a sokat keres\u0151, id\u0151s j\u00e1t\u00e9kosait, \u00e9s \u0151t ismerve t\u00e9vedhetetlen\u00fcl fogja kisz\u00farni a helyetteseket.\r\n\r\nChiellini csod\u00e1s j\u00e1t\u00e9kos, de az elm\u00falt \u00e9vtized h\u0151se a Serie A-ban nem \u0151, hanem Beppe Marotta.\r\n\r\n<span class=\"highlight-block\">\u00c9s tal\u00e1n a k\u00f6vetkez\u0151\u00e9 is \u0151 lesz.<\/span>\r\n\r\n[prefabricated_shortcode in_app=\"0\" code=\"%3Cdiv%20class%3D%22article_box_border%22%20style%3D%22background%3A%20url%28%27https%3A%2F%2F24.p3k.hu%2Fapp%2Fuploads%2Fsites%2F24%2F2021%2F05%2Fsport24-pattern.png%27%29%20no-repeat%20left%20-16px%20%23f3f3f4%3B%20border%3A%20none%3B%22%3E%0D%0A%3Cdiv%20class%3D%22article_solidheader%22%3E%0D%0A%3Ch2%20style%3D%22color%3A%20%23111115%21important%3B%20font-size%3A%2036px%3B%20font-weight%3A%20bold%3B%20margin-bottom%3A%2030px%3B%20margin-top%3A%2020px%3B%20text-align%3A%20center%3B%20line-height%3A%2036px%3B%22%3E%3Cimg%20class%3D%22aligncenter%20size-full%20wp-image-141%22%20src%3D%22https%3A%2F%2F24.p3k.hu%2Fapp%2Fuploads%2Fsites%2F24%2F2021%2F05%2Fs24-logo-dt.png%22%20alt%3D%22%22%20width%3D%22408%22%20height%3D%2290%22%20%2F%3E%3C%2Fh2%3E%0D%0A%3Ch2%20style%3D%22color%3A%20%23111115%21important%3B%20font-size%3A%2036px%3B%20font-weight%3A%20bold%3B%20margin-bottom%3A%2030px%3B%20margin-top%3A%2020px%3B%20text-align%3A%20center%3B%20line-height%3A%2040px%3B%22%3ECsatlakozz%20a%20Sport24%20k%C3%B6z%C3%B6ss%C3%A9ghez%2C%20mondd%20el%20v%C3%A9lem%C3%A9nyedet%20z%C3%A1rt%20Facebook-csoportunkban%2C%20%C3%A9s%20vegy%C3%A9l%20r%C3%A9szt%20csak%20el%C5%91fizet%C5%91knek%20el%C3%A9rhet%C5%91%20exkluz%C3%ADv%20esem%C3%A9nyeinken.%3C%2Fh2%3E%0D%0A%3C%2Fdiv%3E%0D%0A%3Cp%20style%3D%22background%3A%20%2357A600%3B%20margin-top%3A%2020px%3B%20padding%3A%2020px%3B%20text-align%3A%20center%3B%22%3E%3Ca%20style%3D%22color%3A%20%23ffffff%3B%20font-size%3A%2026px%3B%20font-weight%3A%20600%3B%22%20href%3D%22https%3A%2F%2Fwww.facebook.com%2Fgroups%2F212344460412327%22%3ECSATLAKOZOM%3C%2Fa%3E%3C%2Fp%3E%0D%0A%0D%0A%3C%2Fdiv%3E\"]","type":"rich","thumbnail_url":"https:\/\/s.24.hu\/app\/uploads\/sites\/24\/2022\/01\/gettyimages-1155753384-e1641315565979-150x150.jpg","thumbnail_width":150,"thumbnail_height":150}