{"version":"1.0","provider_name":"Sport24","provider_url":"https:\/\/sport24.24.hu","author_name":"Bruckner G\u00e1bor","author_url":"https:\/\/sport24.24.hu\/author\/brucknerg\/","title":"Kicsoda Sztanyiszlav Csercseszov, \u00e9s mit hozhat Magyarorsz\u00e1gra?","html":"<strong>Sztanyiszlav Szalamovics Csercseszov<\/strong> 1963. szeptember 2-\u00e1n sz\u00fcletett az \u00e9szak-osz\u00e9tiai Alagirban. J\u00e1t\u00e9kos kor\u00e1ban kapusk\u00e9nt futott be eg\u00e9szen komoly p\u00e1ly\u00e1t: a Szpartak Moszkv\u00e1ban k\u00e9t id\u0151szakban \u00f6sszesen t\u00f6bb mint sz\u00e1z els\u0151 oszt\u00e1ly\u00fa m\u00e9rk\u0151z\u00e9sen v\u00e9dett. A v\u00e1logatottban m\u00e1r a szovjet id\u0151szakban is bemutatkozhatott, a rendszerv\u00e1lt\u00e1s ut\u00e1n pedig <strong>Dmitrij Harinnal<\/strong> felv\u00e1ltva \u0151rizte az oroszok h\u00e1l\u00f3j\u00e1t. P\u00e1ly\u00e1ra l\u00e9pett az 1994-es vil\u00e1gbajnoks\u00e1gon a Kamerun elleni, eml\u00e9kezetes 6-1-es gy\u0151zelem alkalm\u00e1val, valamint az 1996-os Eur\u00f3pa-bajnoks\u00e1g k\u00e9t csoportm\u00e9rk\u0151z\u00e9s\u00e9n. Nyugaton is j\u00e1tszott: 1993 \u00e9s 1995 k\u00f6z\u00f6tt N\u00e9metorsz\u00e1gban l\u00e9gi\u00f3skodott a Dynamo Dresden csapat\u00e1ban, azt k\u00f6vet\u0151en hat \u00e9vet t\u00f6lt\u00f6tt Ausztri\u00e1ban a Tirol Innsbruck csapat\u00e1ban. Sorozatban h\u00e1rom osztr\u00e1k bajnoki c\u00edmb\u0151l vette ki a r\u00e9sz\u00e9t az egy\u00fcttes els\u0151 sz\u00e1m\u00fa kapusak\u00e9nt 2000 \u00e9s 2002 k\u00f6z\u00f6tt, \u00e1m klubja a sikerek ellen\u00e9re is cs\u0151dbe ment, \u00e9s alacsonyabb oszt\u00e1lyba sorolt\u00e1k vissza. Ezt m\u00e9g egy r\u00f6vid visszat\u00e9r\u00e9s k\u00f6vette a Szpartak Moszkv\u00e1hoz, ahonnan\r\n\r\n<span class=\"highlight-block\">v\u00e9g\u00fcl 40 \u00e9vesen vonult vissza az akt\u00edv j\u00e1t\u00e9kt\u00f3l.<\/span>\r\n\r\nEls\u0151 komolyabb edz\u0151i megb\u00edzat\u00e1s\u00e1t Oroszorsz\u00e1gon k\u00edv\u00fcl, Ausztri\u00e1ban kapta: a 2005\/06-os \u00e9vadban a Wacker Tirol csapat\u00e1t siker\u00fclt benntartania az osztr\u00e1k Bundeslig\u00e1ban. A k\u00f6vetkez\u0151 ny\u00e1ron az orosz \u00e9lvonalban is bemutatkozhatott tr\u00e9nerk\u00e9nt: \u00e9v k\u00f6zben vette \u00e1t a Szpartak Moszkv\u00e1t az akkor m\u00e9g tavaszi-\u0151szi rendszerben szervezett bajnoks\u00e1gban. A z egy\u00fcttest ez\u00fcst\u00e9rmes poz\u00edci\u00f3ba vitte, igaz, az UEFA Kup\u00e1b\u00f3l 2008 febru\u00e1rj\u00e1ban viszonylag sim\u00e1n kiesett a g\u00e1rda a Marseille ellen\u00e9ben. Annak az \u00e9vnek az augusztus\u00e1ban kellett t\u00e1voznia, amikor csapata a Dinamo Kijev elleni hazai BL-selejtez\u0151n szenvedett sima veres\u00e9get. Ebben a Szpartakban m\u00e1sok mellett olyan neves orosz j\u00e1t\u00e9kosok l\u00e9ptek p\u00e1ly\u00e1ra, mint <strong>Vlagyimir Bisztrov, Roman Pavljucsenko<\/strong>, vagy <strong>Fjodor Kudrjaszov<\/strong>.\r\n\r\nA 2010-es \u00e9vek elej\u00e9n Csercseszov m\u00e9g t\u00f6bb orosz \u00e9lvonalbeli alakulatn\u00e1l megfordult: a Tyerek Groznij, az Amkar Perm \u00e9s a Dinamo Moszkva kispadj\u00e1n is \u00fclt; ut\u00f3bbin\u00e1l egy\u00fctt dolgozott <strong>Dzsudzs\u00e1k Bal\u00e1zzsal<\/strong>.\r\n\r\n[caption id=\"attachment_3146\" align=\"alignnone\" width=\"2809\"]<img class=\"size-full wp-image-3146\" src=\"https:\/\/sport24.24.hu\/app\/uploads\/sites\/24\/2021\/12\/csercseszov.jpg\" alt=\"\" width=\"2809\" height=\"2165\" \/> Csercseszov m\u00e9g j\u00e1t\u00e9koskor\u00e1ban.[\/caption]\r\n\r\nA 2015\/16-os \u00e9vadban Lengyelorsz\u00e1gban pr\u00f3b\u00e1lta ki mag\u00e1t: okt\u00f3berben, beugr\u00f3k\u00e9nt vette \u00e1t a Legia Warszaw\u00e1t. Az Eur\u00f3pa Liga csoportk\u00f6r\u00e9b\u0151l ugyan nem siker\u00fclt a tov\u00e1bbjut\u00e1s, \u00e1m hazai porondon megszerezte els\u0151 edz\u0151i tr\u00f3fe\u00e1it: a vars\u00f3iak a lengyel bajnoks\u00e1got \u00e9s a lengyel kup\u00e1t is beh\u00fazt\u00e1k. Csercseszov itt sem maradt magyar j\u00e1t\u00e9kos n\u00e9lk\u00fcl, olyannyira, hogy <strong>Nemanja Nikolics<\/strong> 28 g\u00f3llal az Ekstraklasa g\u00f3lkir\u00e1lya lett.<span class=\"highlight-block-small\">Csercseszov m\u00e1r ekkor is r\u00e9gi v\u00e1g\u00e1s\u00fa edz\u0151k\u00e9nt volt ismert, olyank\u00e9nt, aki a klasszikus orosz iskol\u00e1t k\u00e9pviseli: az els\u00f6pr\u0151 kreativit\u00e1s \u00e9s a t\u00e1mad\u00f3futball helyett a csapatszellem \u00e9s a fegyelmezett v\u00e9dekez\u00e9s volt sz\u00e1m\u00e1ra az els\u0151dleges. <\/span>\r\n\r\n\u201eAz elm\u00falt \u00e9vekben szinte az \u00f6sszes csapat a z\u00f3nav\u00e9dekez\u00e9s valamelyik vari\u00e1ns\u00e1t alkalmazta; a ter\u00fcletv\u00e9dekez\u00e9s biztos\u00edtja, hogy a labd\u00e1t birtokl\u00f3 ellenf\u00e9lnek ne \u00e1lljon el\u00e9g t\u00e9r \u00e9s id\u0151 a rendelkez\u00e9s\u00e9re \u2013 \u00edrta egy blogbejegyz\u00e9sben m\u00e9g 2011-ben. \u2013 Az els\u0151dleges feladat az ellenfelet a p\u00e1lya olyan ter\u00fcleteire k\u00e9nyszer\u00edteni, ahol a labd\u00e1s vagy labd\u00e1t kap\u00f3 ellenf\u00e9l nyom\u00e1s al\u00e1 helyezhet\u0151\u201d.\r\n<div class=\"payable-content-section\"><\/div>\r\nSzint\u00e9n fontos sz\u00e1m\u00e1ra a kompakts\u00e1g, hogy a csapat sz\u0171ken egy\u00fctt mozogva elz\u00e1rja a kapuhoz vezet\u0151 legfontosabb ter\u00fcleteket. \u201eMivel egy j\u00e1t\u00e9kos fizikai \u00e9s technikai k\u00e9pess\u00e9gei csak mintegy sz\u00e1z n\u00e9gyzetm\u00e9tert tudnak lefedni, a csapatr\u00e9szek k\u00f6z\u00f6tt maximum 12\u201315 m\u00e9ter, az egym\u00e1s mellett j\u00e1tsz\u00f3k k\u00f6z\u00f6tt pedig 8\u201310 m\u00e9ter t\u00e1vols\u00e1g lehet. \u00cdgy \u2013 a form\u00e1ci\u00f3t\u00f3l f\u00fcggetlen\u00fcl \u2013 az eg\u00e9sz csapatnak egy 25x30 m\u00e9teres szab\u00e1lytalan t\u00e9glalapon bel\u00fcl kell egy\u00fctt mozognia\u201d \u2013 \u00adfejtette ki.\r\n\r\nA 2016-os Eur\u00f3pa-bajnoks\u00e1got az orosz v\u00e1logatott cs\u00fafos buk\u00e1ssal z\u00e1rta. M\u00e1r az Anglia elleni nyit\u00e1nyon is csak m\u00e9retes szerencs\u00e9vel j\u00f6tt \u00f6ssze az egy pont, Szlov\u00e1kia pedig a m\u00e1sodik k\u00f6rben, 2-1-re legy\u0151zte a Szbornaj\u00e1t. Az utols\u00f3 csoportm\u00e9rk\u0151z\u00e9sen \u00edgy a torna k\u00e9s\u0151bbi meglepet\u00e9scsapat\u00e1t, Walest kellett volna fel\u00fclm\u00falni az esetleges tov\u00e1bbjut\u00e1shoz. A v\u00e9gs\u0151 \u00f6sszeoml\u00e1s ekkor k\u00f6vetkezett be: a CSZKA Moszkv\u00e1t \u00e9s a v\u00e1logatottat ekkor m\u00e1r p\u00e1rhuzamosan ir\u00e1ny\u00edt\u00f3, t\u00f6bbsz\u00f6r\u00f6s orosz bajnok edz\u0151, <strong>Leonyid Szluckij<\/strong> egy\u00fcttese az eg\u00e9sz torn\u00e1n meglehet\u0151sen szervezetlennek \u00e9s elk\u00e9pzel\u00e9s n\u00e9lk\u00fclinek t\u0171nt, a <strong>Gareth Bale<\/strong> vezette walesi kontrat\u00e1mad\u00e1sok pedig val\u00f3s\u00e1ggal kiv\u00e9gezt\u00e9k az orosz v\u00e1logatottat. A sima, 3-0-s veres\u00e9g m\u00e9g bar\u00e1tinak is mondhat\u00f3 a j\u00e1t\u00e9k k\u00e9p\u00e9t tekintve. Az Eb-n mutatott siralmas teljes\u00edtm\u00e9ny semmi j\u00f3val nem kecsegtetett, hiszen a 2018-as, hazai rendez\u00e9s\u0171 vil\u00e1gbajnoks\u00e1gra Oroszorsz\u00e1gnak versenyk\u00e9pes csapatot kellett fel\u00e9p\u00edtenie.\r\n\r\nEkkor esett a v\u00e1laszt\u00e1s Sztanyiszlav Csercseszovra.\r\n\r\n<span class=\"highlight-block-small\">A szakember kinevez\u00e9s\u00e9t r\u00e9szint k\u0151kem\u00e9ny, autoriter vezet\u0151i st\u00edlusa \u00e9s katon\u00e1s fegyelemre alapul\u00f3 munkamor\u00e1lja indokolta: benne l\u00e1tt\u00e1k azt, aki k\u00e9pes lehet a sz\u00e9tesett v\u00e1logatottb\u00f3l fegyelmezett, \u00f6sszeszedett t\u00e1rsas\u00e1got kov\u00e1csolni ak\u00e1r k\u00e9t \u00e9v alatt. <\/span>\r\n\r\nR\u00e9szint pedig tudvalev\u0151 volt, hogy Csercseszov bar\u00e1ti kapcsolatot \u00e1pol <strong>Vlagyimir Putyin<\/strong> orosz eln\u00f6kkel, aki a hazai rendez\u00e9s\u0171 vil\u00e1gesem\u00e9nyb\u0151l \u00e9rthet\u0151en preszt\u00edzsk\u00e9rd\u00e9st csin\u00e1lt.\r\n\r\nA vil\u00e1gbajnoki selejtez\u0151ket a h\u00e1zigazda oroszok kihagyhatt\u00e1k, \u00edgy Csercseszov jobb\u00e1ra bar\u00e1ts\u00e1gos m\u00e9rk\u0151z\u00e9seken tudott k\u00eds\u00e9rletezgetni. Az egyetlen t\u00e9thelyzet a 2017 ny\u00e1ri Konf\u00f6der\u00e1ci\u00f3s Kupa volt, amelyen Oroszorsz\u00e1g hazai p\u00e1ly\u00e1n bizony\u00edthatott volna. Az egyre f\u00f6l\u00f6slegesebb\u00e9 v\u00e1l\u00f3, akkor utolj\u00e1ra megrendezett torn\u00e1n azonban a vend\u00e9gl\u00e1t\u00f3k a csoportb\u00f3l sem tudtak tov\u00e1bbjutni, \u00daj-Z\u00e9land legy\u0151z\u00e9se ut\u00e1n Portug\u00e1li\u00e1t\u00f3l \u00e9s Mexik\u00f3t\u00f3l is kikapott Csercseszov csapata. \u00d6tv\u00e9d\u0151s, stabil, de t\u00e1mad\u00e1sban nem t\u00fal kifinomult j\u00e1t\u00e9k\u00e1val a futballeszt\u00e9t\u00e1k sz\u00edv\u00e9be sem lopta be mag\u00e1t a Szbornaja. R\u00e1ad\u00e1sul Csercseszov \u2013 vezet\u0151i st\u00edlus\u00e1hoz h\u00edven \u2013 ez id\u0151 t\u00e1jt t\u00f6bb kulcsj\u00e1t\u00e9kossal, p\u00e9ld\u00e1ul a <strong>Berezuckij<\/strong>-fiv\u00e9rekkel is \u00f6sszeveszett, \u00e9s ilyen el\u0151zm\u00e9nyek ut\u00e1n er\u0151sen k\u00e9rd\u00e9ses volt, hogy 2018-ra hov\u00e1 fut ki a projekt.\r\n\r\n[caption id=\"attachment_3147\" align=\"alignnone\" width=\"1024\"]<img class=\"size-full wp-image-3147\" src=\"https:\/\/sport24.24.hu\/app\/uploads\/sites\/24\/2021\/12\/csercseszov1.jpg\" alt=\"\" width=\"1024\" height=\"682\" \/> M\u00e1r az orosz v\u00e1logatott kapit\u00e1nyak\u00e9nt.[\/caption]\r\n\r\nA csoportk\u00f6r sorsol\u00e1sa 2017 december\u00e9ben el\u00e9g kegyes volt az oroszokhoz: a h\u00e1zigazda mell\u00e9 az Uruguay, Sza\u00fad-Ar\u00e1bia, Egyiptom h\u00e1rmas ker\u00fclt az A-csoportba, ugyanakkor Csercseszov\u00e9k tov\u00e1bbjut\u00e1s eset\u00e9n, vagyis a 16 k\u00f6z\u00f6tt legink\u00e1bb a spanyol vagy a portug\u00e1l v\u00e1logatottra sz\u00e1m\u00edthattak. A Konf\u00f6der\u00e1ci\u00f3s Kupa-kies\u00e9st k\u00f6vet\u0151en a felk\u00e9sz\u00fcl\u00e9si m\u00e9rk\u0151z\u00e9sek sem siker\u00fcltek j\u00f3l: Ir\u00e1nt ugyan siker\u00fclt legy\u0151zni 4-2-re, \u00e1m a folytat\u00e1sban az egy\u00fcttes egyetlen \u00f6sszecsap\u00e1st sem nyert meg a h\u00e1tral\u00e9v\u0151 h\u00e9tb\u0151l.\r\n\r\nA Sza\u00fad-Ar\u00e1bia elleni nyit\u00f3m\u00e9rk\u0151z\u00e9s az el\u0151zm\u00e9nyek ismeret\u00e9ben nem v\u00e1rt sikert hozott. Csercseszov m\u00e1r a meccset megel\u0151z\u0151en meglepet\u00e9st okozott azzal, hogy az addig bej\u00e1ratott h\u00e1rom bels\u0151 v\u00e9d\u0151s rendszer helyett 4-2-3-1-re \u00e1ll\u00edtotta \u00e1t csapat\u00e1t. Az orosz v\u00e1logatott egy sz\u00f6gletb\u0151l hamar vezet\u00e9st szerzett, hogy azt\u00e1n nyugodtan vissza\u00e1llva, m\u00e1sodik sz\u00e1nd\u00e9kb\u00f3l rohanjon \u00e1t a sterilen labd\u00e1zgat\u00f3 sza\u00fadiakon. B\u00e1r a csapat szinte minden helyzet\u00e9t g\u00f3lra v\u00e1ltotta, az 5-0-s gy\u0151zelem \u00edgy is tekint\u00e9lyt parancsol\u00f3 volt. A m\u00e1sodik tal\u00e1lkoz\u00f3n hasonl\u00f3an sim\u00e1n b\u00e1ntak el a <strong>Mohamed Szalah<\/strong> k\u00f6r\u00e9 \u00e9p\u00edtett, igencsak elk\u00e9pzel\u00e9stelen Egyiptomon. Az utols\u00f3 k\u00f6rben t\u00e9t n\u00e9lk\u00fcli m\u00e9rk\u0151z\u00e9sen 3-0-ra legy\u0151zt\u00e9k Uruguayt, a legv\u00e1ratlanabb eredm\u00e9nyt azonban a nyolcadd\u00f6nt\u0151ben \u00e9rte el Csercseszov csapata: a n\u00e9gy-\u00e9s \u00f6tv\u00e9d\u0151s rendszer k\u00f6z\u00f6tt menet k\u00f6zben v\u00e1ltva, magabiztosan lev\u00e9dekezte a spanyol v\u00e1logatott teljesen steril, U-alak\u00fa passzolgat\u00e1s\u00e1t, hogy azt\u00e1n a b\u00fcntet\u0151p\u00e1rbajban minden tizenegyest \u00e9rt\u00e9kes\u00edtve a tov\u00e1bbjut\u00e1st is kiharcolja. A nem t\u00fal l\u00e1tv\u00e1nyosan futballoz\u00f3 oroszok a horv\u00e1tok elleni negyedd\u00f6nt\u0151ben is hosszabb\u00edt\u00e1sra k\u00e9nyszer\u00fcltek, \u00e9s a tizenegyesr\u00fag\u00e1sok ez\u00fattal nem nekik kedveztek. A h\u00e1zigazda negyedd\u00f6nt\u0151s szerepl\u00e9se az el\u0151zm\u00e9nyek t\u00fckr\u00e9ben p\u00e9ld\u00e1tlan siker volt, \u00edgy Csercseszov tervezgetni kezdhetett a 2020-as Eur\u00f3pa-bajnoks\u00e1g kvalifik\u00e1ci\u00f3j\u00e1ra.\r\n\r\nAz orosz v\u00e1logatott nem j\u00e1tszott l\u00e1tv\u00e1nyosan, b\u00e1r ez \u00e9ppen a v\u00e9gs\u0151 gy\u0151ztes francia v\u00e1logatottr\u00f3l sem volt elmondhat\u00f3.\r\n\r\n<span class=\"highlight-block\">Csercseszov hazai p\u00e1ly\u00e1n is sz\u00e9gyenp\u00edr n\u00e9lk\u00fcl felv\u00e1llalta a m\u00e1sodik sz\u00e1nd\u00e9k\u00fa j\u00e1t\u00e9kot. <\/span>\r\n\r\n<strong>Igor Akinfejev<\/strong> el\u0151tt a brazil sz\u00e1rmaz\u00e1s\u00fa <strong>Mario Fernandes<\/strong> mellett \u00e1ltal\u00e1ban<strong> Kutyepov, Ignasevics<\/strong> \u00e9s a fiatalkor\u00e1ban a Chelsea-t is megj\u00e1rt <strong>Jurij Zsirkov<\/strong> alkotta a n\u00e9gyf\u0151s v\u00e9delmet. El\u0151tt\u00fck <strong>Zobnyin<\/strong> \u00e9s <strong>Gazinszkij<\/strong> sz\u0171r\u0151k\u00e9nt \u0151rj\u00e1ratozott, a kreativit\u00e1s\u00e9rt pedig <strong>Golovin, Cserisev<\/strong> \u00e9s <strong>Szamedov<\/strong> felelt a h\u00f3rihorgas <strong>Artyom Dzjuba<\/strong> m\u00f6g\u00f6tt, akire sz\u00fcks\u00e9g eset\u00e9n direktben is fel lehetett \u00edvelni a labd\u00e1kat. \u00a0A piros mezesek \u00e1ltal\u00e1ban k\u00f6z\u00e9pmagasan v\u00e9dekeztek, a 4-4-2-es z\u00f3nav\u00e9dekez\u00e9st sz\u00fcks\u00e9g eset\u00e9n emberfog\u00e1ssal kieg\u00e9sz\u00edtve. A lapos passzos j\u00e1t\u00e9kot z\u00e1r\u00f3jelbe t\u00e9ve Akinfejev gyakran egyenesen Dzjub\u00e1t kereste a kir\u00fag\u00e1ssal. Sz\u00fcks\u00e9g eset\u00e9n az\u00e9rt kombin\u00e1lni is tudtak az ellenf\u00e9l t\u00e9rfel\u00e9n, ilyenkor els\u0151sorban a bal oldal ker\u00fclt t\u00falt\u00f6lt\u00e9sre, megnyitva a ter\u00fcletet a t\u00faloldalt felfut\u00f3 Mario Fernandesnek. Az orosz v\u00e1logatott sikeress\u00e9g\u00e9t azonban ink\u00e1bb a fegyelmezett v\u00e9dekez\u00e9s \u00e9s a magas szint\u0171 csapatszellem, mintsem az els\u00f6pr\u0151 kreativit\u00e1s eredm\u00e9nyezte.\r\n\r\nA csapat j\u00e1t\u00e9k\u00e1t az al\u00e1bbi n\u00e9gy k\u00e9p j\u00f3l \u00f6sszefoglalja (2018. j\u00fanius 14-\u00e9n, a Sza\u00fad-Ar\u00e1bia elleni nyit\u00f3meccsen j\u00e1runk):\r\n\r\n<img class=\"alignnone size-full wp-image-3139\" src=\"https:\/\/sport24.24.hu\/app\/uploads\/sites\/24\/2021\/12\/rus1.png\" alt=\"\" width=\"1024\" height=\"576\" \/>\r\n\r\n<em>Az orosz v\u00e1logatott 4-4-2-ben ter\u00fcletet v\u00e9d, de a j\u00e1t\u00e9kosok a saj\u00e1t z\u00f3n\u00e1jukon bel\u00fcl sz\u00fcks\u00e9g eset\u00e9n szorosan is foghatj\u00e1k az ellenfel\u00fcket. Itt a balh\u00e1tv\u00e9d Zsirkov l\u00e9p fel a labd\u00e1t kap\u00f3 ellenf\u00e9lre, mik\u00f6zben a beindul\u00f3 j\u00e1t\u00e9kost Gazinszkij emberfog\u00e1ssal k\u00f6veti visszafel\u00e9.<\/em>\r\n\r\n<img class=\"alignnone size-full wp-image-3140\" src=\"https:\/\/sport24.24.hu\/app\/uploads\/sites\/24\/2021\/12\/rus2.png\" alt=\"\" width=\"1024\" height=\"576\" \/>\r\n\r\n<em>A sza\u00fadi labdabirtokl\u00e1s a sz\u00e9lre szor\u00edtva, mindenki els\u0151dlegesen az ellenf\u00e9l j\u00e1t\u00e9kos\u00e1hoz igazodik, a c\u00e9l az egy\u00e9ni p\u00e1rharcokban megszerezni a labd\u00e1t. Figyelj\u00fck meg, hogy a labd\u00e1t birtokl\u00f3 sza\u00fadi csapat jobb oldala teljesen elszigetel\u0151dik, labdaszerz\u00e9s eset\u00e9n Dzagojev \u00fcresen kaphatja a labd\u00e1t.<\/em>\r\n\r\n<img class=\"alignnone size-full wp-image-3141\" src=\"https:\/\/sport24.24.hu\/app\/uploads\/sites\/24\/2021\/12\/rus3.png\" alt=\"\" width=\"1024\" height=\"576\" \/>\r\n\r\n<em>Indul az orosz kontra: Golovin \u00e9s Szmolov keresztbe mozog, Dzagojev \u00e9s Szmolov azonnal az \u00fcres ter\u00fcletekbe v\u00e1gt\u00e1zik. A sza\u00fadi v\u00e1logatottnak es\u00e9lye sincs visszaszerezni az elvesz\u00edtett labd\u00e1t.<\/em>\r\n\r\n<img class=\"alignnone size-full wp-image-3142\" src=\"https:\/\/sport24.24.hu\/app\/uploads\/sites\/24\/2021\/12\/rus4.png\" alt=\"\" width=\"1024\" height=\"576\" \/>\r\n\r\n<em>A n\u00e9gy t\u00e1mad\u00f3 a p\u00e1lya bal fel\u00e9re koncentr\u00e1l, megnyitva a ter\u00fcletet a t\u00faloldalon felfut\u00f3 jobbh\u00e1tv\u00e9d, Mario Fernandes sz\u00e1m\u00e1ra.<\/em>\r\n\r\nB\u00e1r 2018 \u0151sz\u00e9n a Nemzetek Lig\u00e1j\u00e1ban nem siker\u00fclt a feljut\u00e1s az A csoportba, a 2020-as Eb-selejtez\u0151ket sikerrel vette Csercseszov csapata: a belg\u00e1k elleni oda-vissza veres\u00e9get kiv\u00e9ve minden m\u00e9rk\u0151z\u00e9st siker\u00fclt megnyernie, \u00edgy csoportm\u00e1sodikk\u00e9nt jutott ki a kontinenstorn\u00e1ra. Az Eur\u00f3pa-bajnoks\u00e1g cs\u00fasz\u00e1sa miatt 2020 \u0151sz\u00e9n Csercseszov felhaszn\u00e1lhatta a Nemzetek Lig\u00e1j\u00e1t a tov\u00e1bbi felk\u00e9sz\u00fcl\u00e9sre, \u00e1m az utols\u00f3 fordul\u00f3ban a csapat sokkol\u00f3, 5-0-s ver\u00e9st kapott Szerbi\u00e1ban, \u00edgy a T\u00f6r\u00f6korsz\u00e1got id\u0151k\u00f6zben 2-0-ra legy\u0151z\u0151 magyar v\u00e1logatott ker\u00fclt fel az elitoszt\u00e1lyba.\r\n\r\nAz Eur\u00f3pa-bajnoks\u00e1g a v\u00e1rtn\u00e1l sokkal gyeng\u00e9bben siker\u00fclt: sima 3-0-s veres\u00e9g a v\u00e9gig domin\u00e1l\u00f3 Belgium ellen hazai p\u00e1ly\u00e1n, Finnorsz\u00e1g sz\u0171k legy\u0151z\u00e9se szint\u00e9n Szentp\u00e9terv\u00e1ron, majd 4-1-es veres\u00e9g az utols\u00f3 csoportmeccsen a tov\u00e1bbjut\u00e1s\u00e9rt (\u00e9s <strong>Christian Eriksen\u00e9rt<\/strong>) k\u00fczd\u0151, k\u00e9s\u0151bbi meglepet\u00e9scsapat D\u00e1nia ellen. Az orosz v\u00e1logatott ezen a torn\u00e1n is legink\u00e1bb m\u00e1sodik sz\u00e1nd\u00e9kb\u00f3l j\u00e1tszott, labd\u00e1val a megfelel\u0151 pillanatokban sosem tudott igaz\u00e1n domin\u00e1lni, a n\u00e1luk j\u00f3val kifinomultabb poz\u00edci\u00f3s j\u00e1t\u00e9kot alkalmaz\u00f3 belga vagy d\u00e1n csapat k\u00f6nnyed\u00e9n t\u00fall\u00e9pett rajta.\r\n\r\nEzzel az el\u0151\u00e9lettel \u00e9rkezik teh\u00e1t a magyar bajnok frissen kinevezett edz\u0151je,\r\n\r\n<span class=\"highlight-block\">k\u00e9rd\u00e9s, mennyiben tud \u00faj arculatot adni a Ferencv\u00e1ros j\u00e1t\u00e9k\u00e1nak.<\/span>\r\n\r\nMint kor\u00e1bban \u00edrtunk r\u00f3la, a <strong>St\u00f6gerre<\/strong> jellemz\u0151 st\u00edlus nem \u00e9rte el a Rebrov \u00e1ltal magasra tett m\u00e9rc\u00e9t. F\u0151leg fel\u00e1llt fal ellen, poz\u00edci\u00f3s j\u00e1t\u00e9kban kell fejl\u0151dnie a Fradinak, ha nemzetk\u00f6zi szinten is versenyk\u00e9pes akar lenni.\r\n\r\nB\u00e1r az \u00f6lt\u00f6z\u0151ben St\u00f6ger kompromisszumk\u00e9sz, kev\u00e9sb\u00e9 szigor\u00fa mentalit\u00e1sa ut\u00e1n Csercseszov rendet tarthat, a p\u00e1ly\u00e1n mutatott j\u00e1t\u00e9kkal m\u00e1r nem ennyire egy\u00e9rtelm\u0171 a helyzet.\u00a0 Az 58 \u00e9ves tr\u00e9ner sz\u00e1m\u00e1ra az a feladat, hogy megval\u00f3s\u00edtson egy olyan j\u00e1t\u00e9kst\u00edlust, amely eddig nem kimondottan volt jellemz\u0151 a csapataira.\r\n\r\n[prefabricated_shortcode in_app=\"0\" code=\"%3Cdiv%20class%3D%22article_box_border%22%20style%3D%22background%3A%20url%28%27https%3A%2F%2F24.p3k.hu%2Fapp%2Fuploads%2Fsites%2F24%2F2021%2F05%2Fsport24-pattern.png%27%29%20no-repeat%20left%20-16px%20%23f3f3f4%3B%20border%3A%20none%3B%22%3E%0D%0A%3Cdiv%20class%3D%22article_solidheader%22%3E%0D%0A%3Ch2%20style%3D%22color%3A%20%23111115%21important%3B%20font-size%3A%2036px%3B%20font-weight%3A%20bold%3B%20margin-bottom%3A%2030px%3B%20margin-top%3A%2020px%3B%20text-align%3A%20center%3B%20line-height%3A%2036px%3B%22%3E%3Cimg%20class%3D%22aligncenter%20size-full%20wp-image-141%22%20src%3D%22https%3A%2F%2F24.p3k.hu%2Fapp%2Fuploads%2Fsites%2F24%2F2021%2F05%2Fs24-logo-dt.png%22%20alt%3D%22%22%20width%3D%22408%22%20height%3D%2290%22%20%2F%3E%3C%2Fh2%3E%0D%0A%3Ch2%20style%3D%22color%3A%20%23111115%21important%3B%20font-size%3A%2036px%3B%20font-weight%3A%20bold%3B%20margin-bottom%3A%2030px%3B%20margin-top%3A%2020px%3B%20text-align%3A%20center%3B%20line-height%3A%2040px%3B%22%3ECsatlakozz%20a%20Sport24%20k%C3%B6z%C3%B6ss%C3%A9ghez%2C%20mondd%20el%20v%C3%A9lem%C3%A9nyedet%20z%C3%A1rt%20Facebook-csoportunkban%2C%20%C3%A9s%20vegy%C3%A9l%20r%C3%A9szt%20csak%20el%C5%91fizet%C5%91knek%20el%C3%A9rhet%C5%91%20exkluz%C3%ADv%20esem%C3%A9nyeinken.%3C%2Fh2%3E%0D%0A%3C%2Fdiv%3E%0D%0A%3Cp%20style%3D%22background%3A%20%2357A600%3B%20margin-top%3A%2020px%3B%20padding%3A%2020px%3B%20text-align%3A%20center%3B%22%3E%3Ca%20style%3D%22color%3A%20%23ffffff%3B%20font-size%3A%2026px%3B%20font-weight%3A%20600%3B%22%20href%3D%22https%3A%2F%2Fwww.facebook.com%2Fgroups%2F212344460412327%22%3ECSATLAKOZOM%3C%2Fa%3E%3C%2Fp%3E%0D%0A%0D%0A%3C%2Fdiv%3E\"]","type":"rich","thumbnail_url":"https:\/\/s.24.hu\/app\/uploads\/sites\/24\/2021\/12\/gettyimages-993433280-150x150.jpg","thumbnail_width":150,"thumbnail_height":150}