{"version":"1.0","provider_name":"Sport24","provider_url":"https:\/\/sport24.24.hu","author_name":"Bruckner G\u00e1bor","author_url":"https:\/\/sport24.24.hu\/author\/brucknerg\/","title":"Ap\u00e1tia, l\u00e9gi\u00f3shad, Bogn\u00e1rball: \u00e9rt\u00e9kelj\u00fck az NB I \u0151szi szezonj\u00e1t","html":"Morognak \u00dajpesten, morognak Kispesten, morognak az MTK-n\u00e1l, morognak a DVSC-n\u00e9l, morognak Feh\u00e9rv\u00e1ron, az \u0151szi els\u0151 Ferencv\u00e1ros pedig edz\u0151v\u00e1lt\u00e1ssal demonstr\u00e1lta: az EL-csoportk\u00f6r\u00f6s szerepl\u00e9s \u00e9s a harc a bajnoki els\u0151s\u00e9g\u00e9rt m\u00e9g nem ment meg egy szakvezet\u0151t. Az NB I-es klubok fel\u00e9n\u00e9l er\u0151teljes frusztr\u00e1ci\u00f3t lehet \u00e9rezni, s ahol nem, ott vagy tiszt\u00e1ban vannak azzal, hogy a k\u00f6z\u00e9pmez\u0151nybeli helyez\u00e9s a jelenlegi lehet\u0151s\u00e9gek maximaliz\u00e1l\u00e1sa (ZTE, Paks), vagy nincs olyan \u00e9lvonalbeli m\u00falt, ami miatt magasak lenn\u00e9nek a szurkol\u00f3k elv\u00e1r\u00e1sai (Gyirm\u00f3t, Mez\u0151k\u00f6vesd, Pusk\u00e1s Akad\u00e9mia, Kisv\u00e1rda).\r\n\r\nA NER-korszak tizenk\u00e9t csapatos NB I-e \u2013 a jelens\u00e9ggel <a href=\"https:\/\/sport24.24.hu\/foci\/2021\/12\/18\/falurangadoktol-hangos-az-elso-osztaly-az-nb-ii-be-koltozott-a-magyar-futball\/\" target=\"_blank\" rel=\"noopener\">ebben az \u00edr\u00e1sunkban<\/a> foglalkoztunk b\u0151vebben \u2013 saj\u00e1tos bubor\u00e9kban l\u00e9tezik. Eur\u00f3pai szinten is extr\u00e9m ritkas\u00e1g, hogy az \u00e9lvonalbeli csapatok harmad\u00e1t olyan kisv\u00e1rosok \u00e9s k\u00f6zs\u00e9gek adj\u00e1k, amelyek nem szerepelnek az orsz\u00e1g 50 legnagyobb telep\u00fcl\u00e9se k\u00f6z\u00f6tt; a tizenkett\u0151b\u0151l \u00f6t csapat (PAFC, Gyirm\u00f3t, Mez\u0151k\u00f6vesd, Paks, Kisv\u00e1rda) nem gy\u0171jt\u00f6tt \u201et\u00f6rt\u00e9nelmi\u201d vagy region\u00e1lis szurkol\u00f3t\u00e1bort, legfeljebb a lok\u00e1lpatri\u00f3t\u00e1kra vagy a klubhoz m\u00e1s okokb\u00f3l k\u00f6t\u0151d\u0151kre sz\u00e1m\u00edthat. Ez mind a hangulathoz (hangulattalans\u00e1ghoz), mind a bajnoks\u00e1got k\u00f6r\u00fclleng\u0151 f\u00e1sults\u00e1ghoz hozz\u00e1j\u00e1rul.\r\n\r\n[caption id=\"attachment_3123\" align=\"alignnone\" width=\"2000\"]<img class=\"wp-image-3123 size-full\" src=\"https:\/\/sport24.24.hu\/app\/uploads\/sites\/24\/2021\/12\/debre20211017001.jpg\" alt=\"\" width=\"2000\" height=\"1333\" \/> A mez\u0151k\u00f6vesdi Luka Lakvekheliani (s\u00e1rga mezben) \u00e9s a debreceni Solt\u00e9sz Dominik p\u00e1rharca[\/caption]\r\n\r\nA megyesz\u00e9khelyek t\u00f6bbs\u00e9g\u00e9nek a csapata az NB II-ben j\u00e1tszik, a f\u0151v\u00e1rosi nagyok az FTC kiv\u00e9tel\u00e9vel szakmai v\u00e1ls\u00e1gban verg\u0151dnek. Ek\u00f6zben az \u00e1llami t\u00e1mogat\u00e1snak k\u00f6sz\u00f6nhet\u0151en az infrastrukt\u00fara kiemelked\u0151en j\u00f3, az NB I csapatai minden kor\u00e1bbin\u00e1l jobb l\u00e9gi\u00f3sokat tudnak megfizetni. Piaci alapon sosem j\u00f6hetett volna l\u00e9tre a mostanihoz hasonl\u00f3 NB I, de itt tegy\u00fck hozz\u00e1: a magyar labdar\u00fag\u00e1s t\u00f6rt\u00e9net\u00e9ben piaci alapon sosem siker\u00fclt (j\u00f3l) meg\u00e9lni. Az, hogy a h\u00e1tt\u00e9rb\u0151l valamilyen entit\u00e1s (mec\u00e9n\u00e1s, helyi fontos ember hatalom k\u00f6zeli kapcsolatokkal, v\u00e1llalat, szakszervezet, \u00e1llami szerv stb.) fogja a klubok kez\u00e9t, hozz\u00e1tartozik a magyar futballm\u00falthoz \u00e9s a jelenhez is.\r\n\r\n\u00c9vtizedek \u00f3ta nem l\u00e1tott anyagi biztons\u00e1gban \u00e9s sosem l\u00e1tott min\u0151s\u00e9g\u0171 infrastrukt\u00far\u00e1val a h\u00e1tuk m\u00f6g\u00f6tt k\u00e9sz\u00fclhetnek a klubok, a produktum viszont nem villanyozza fel a szurkol\u00f3kat. Az \u0151szi szezon \u00e1tlag n\u00e9z\u0151sz\u00e1ma a magyarfutball.hu statisztik\u00e1i szerint 2544. Csak teljes bajnoks\u00e1gokkal tudjuk ezt az adatot \u00f6sszevetni, de\r\n\r\n<span class=\"highlight-block\">ha \u00edgy marad, akkor ez az els\u0151 vil\u00e1gh\u00e1bor\u00fa \u00f3ta m\u00e9rt m\u00e1sodik legalacsonyabb n\u00e9z\u0151sz\u00e1m lesz. \u00a0<\/span>\r\n\r\nAz elm\u00falt b\u0151 \u00e9vtizedben csak egyszer sz\u00f6k\u00f6tt az id\u00e9ny v\u00e9gi \u00e1tlag 3500 f\u00f6l\u00e9. Tal\u00e1n sosem volt ekkora h\u00e1tszele a labdar\u00fag\u00e1snak, de k\u00f6zben mindent k\u00f6r\u00fclleng az ap\u00e1tia. Hogy mi\u00e9rt? Ennek alighanem h\u00e1rom f\u0151 oka van:\r\n<div class=\"payable-content-section\"><\/div>\r\n<ol>\r\n \t<li>Az \u00e9lvonalban a legut\u00f3bbi tizen\u00f6t \u00e9vben bemutatkoz\u00f3 klubok alkotj\u00e1k az NB I t\u00f6bb mint harmad\u00e1t, ezeknek a csapatoknak nincs jelent\u0151s szurkol\u00f3t\u00e1boruk \u00e9s nagy preszt\u00edzs\u00fck sem, sz\u00e9khely\u00fck gyakran kisv\u00e1ros vagy k\u00f6zs\u00e9g. Jelenl\u00e9t\u00fck nem dobja meg az \u00e1tlag n\u00e9z\u0151sz\u00e1mot \u00e9s vend\u00e9gk\u00e9nt nem sz\u00e1m\u00edtanak k\u00f6z\u00f6ns\u00e9gvonz\u00f3 csapatnak, b\u00e1rmilyen j\u00f3l is szerepelnek.<\/li>\r\n \t<li>Az \u00e9lvonal \u201ebundeslig\u00e1sodik\u201d: a Ferencv\u00e1ros \u2013 amely a legnagyobb, a legn\u00e9pszer\u0171bb, az \u00a0legtehet\u0151sebb \u00e9s a legmagasabb preszt\u00edzs\u0171 csapat \u2013 a Bayern M\u00fcnchenhez hasonl\u00f3an kiemelkedik a mez\u0151nyb\u0151l. A nemzetk\u00f6zi kupaszerepl\u00e9s extra bev\u00e9telhez \u00e9s reput\u00e1ci\u00f3n\u00f6veked\u00e9shez juttatja, \u00edgy k\u00e9pes megfizetni olyan l\u00e9gi\u00f3sokat, amelyek m\u00e1s magyar csapatba nem menn\u00e9nek el. A minden \u00fct\u0151k\u00e1rty\u00e1t k\u00e9zben tart\u00f3 Fradi 13, 13, majd 20 ponttal nyerte meg a legut\u00f3bbi h\u00e1rom \u00e9vadot, most pedig egy olyan \u0151szi szezont k\u00f6vet\u0151en is vezeti a mez\u0151nyt, amelynek v\u00e9g\u00e9n fel\u00e1ll\u00edtott\u00e1k a kispadr\u00f3l a ny\u00e1ron kinevezett <strong>Peter St\u00f6gert<\/strong>. J\u00f3form\u00e1n nem az a k\u00e9rd\u00e9s egy-egy id\u00e9ny el\u0151tt, hogy a Fradi megnyeri-e a bajnoks\u00e1got, hanem az, hogy mennyivel nyeri azt meg.<\/li>\r\n \t<li>Az NB I t\u00f6bbi nagy hagyom\u00e1ny\u00fa csapata rosszul szerepel, \u00e9s nem hogy a Ferencv\u00e1rossal nem tudja felvenni a versenyt, de a j\u00f3val kisebb trad\u00edci\u00f3j\u00fa csapatok m\u00f6g\u00e9 szorul.<\/li>\r\n<\/ol>\r\n[caption id=\"attachment_3117\" align=\"alignnone\" width=\"2000\"]<img class=\"size-full wp-image-3117\" src=\"https:\/\/sport24.24.hu\/app\/uploads\/sites\/24\/2021\/12\/74067100.jpg\" alt=\"\" width=\"2000\" height=\"1333\" \/> Ferencv\u00e1ros - Celtic m\u00e9rk\u0151z\u00e9s a Groupama ar\u00e9n\u00e1ban 2021 november 4-\u00e9n. Az EL-csoportk\u00f6r negyedik \u00f6sszecsap\u00e1s\u00e1n sem siker\u00fclt a pontszerz\u00e9s a Fradinak, amely 3-2-re kikapott a Celtict\u0151l.[\/caption]\r\n<h2>A l\u00e1that\u00f3 l\u00e9gi\u00f3<\/h2>\r\n<strong>Cs\u00e1nyi S\u00e1ndor<\/strong>, az MLSZ eln\u00f6ke nyilv\u00e1nosan is kifejezte el\u00e9gedetlens\u00e9g\u00e9t a l\u00e9gi\u00f3sok ar\u00e1nya miatt, de az ir\u00e1ny\u00edt\u00f3 test\u00fclet nem szab jelenleg korl\u00e1tokat a k\u00fclf\u00f6ldi j\u00e1t\u00e9kosok alkalmaz\u00e1s\u00e1val kapcsolatban, nem megy a klubok \u00e9rdekei ellen. Ostobas\u00e1g lenne azt \u00e1ll\u00edtani, hogy l\u00e9gi\u00f3s = rossz (\u00e9s azt is \u00e1ll\u00edthatjuk, hogy m\u00e9g sosem volt ilyen magas min\u0151s\u00e9g\u0171 l\u00e9gi\u00f3shad az NB I-ben), ugyanakkor nem j\u00f3 jel, ha a hazai akad\u00e9mi\u00e1k n\u00f6vend\u00e9kei helyett a legt\u00f6bb klubnak l\u00e9gi\u00f3sok a h\u00faz\u00f3emberei. Ez megnehez\u00edti a sz\u00f6vets\u00e9gi kapit\u00e1ny, <strong>Marco Rossi<\/strong> dolg\u00e1t, a szurkol\u00f3i azonosul\u00e1st nemk\u00fcl\u00f6nben, no meg k\u00e9rd\u00e9seket vet fel a kiv\u00e1laszt\u00e1ssal \u00e9s a k\u00e9pz\u00e9ssel kapcsolatban, k\u00fcl\u00f6n\u00f6sen a ter\u00fcletbe inveszt\u00e1lt p\u00e9nzt tekintve.\r\n\r\n<span class=\"highlight-block-small\">Hivatkozni ugyan lehet arra, hogy a vil\u00e1g elit bajnoks\u00e1gaiban is magas a l\u00e9gi\u00f3sok ar\u00e1nya, \u00e1m ez szerept\u00e9veszt\u00e9s. <\/span>\r\n\r\nAz NB I t\u00e1vol \u00e1ll az elitt\u0151l, Eur\u00f3p\u00e1ban nem t\u00e9nyez\u0151, a Ferencv\u00e1ros kiv\u00e9tel\u00e9vel egyik kupacsapatunk sem mutogathat a t\u00e1bl\u00e1ra a nemzetk\u00f6zi eredm\u00e9nyess\u00e9gre c\u00e9lozva. A klubvezet\u0151k v\u00e1laszt\u00e1sa valamennyire az\u00e9rt \u00e9rthet\u0151: a 12 csapatos NB I igen s\u0171r\u0171, az eredm\u00e9nyk\u00e9nyszer fesz\u00edt\u0151, a kies\u00e9s azonnali keretle\u00e9p\u00edt\u00e9st \u00e9s \u00f3ri\u00e1si bev\u00e9telzuhan\u00e1st eredm\u00e9nyez, s minden jel arra utal, nincs elegend\u0151 sz\u00e1m\u00fa, megfelel\u0151 szint\u0171 magyar futballista. Az NB I tizenk\u00e9t egy\u00fcttes\u00e9b\u0151l csak \u00f6t olyan volt (Paks, DVSC, Gyirm\u00f3t, ZTE, Honv\u00e9d) az \u0151sszel, amelyben t\u00f6bb hazai futballista szerepelt a legt\u00f6bb lehet\u0151s\u00e9get kap\u00f3 tizenhat j\u00e1t\u00e9kos n\u00e9vsor\u00e1ban, mint k\u00fclf\u00f6ldi. Az els\u0151 k\u00e9t helyezett (FTC, Kisv\u00e1rda) eset\u00e9ben az ar\u00e1ny 2 magyar futballista a legt\u00f6bbet j\u00e1tsz\u00f3 16-b\u00f3l.\r\n\r\nAz NB I-ben a l\u00e9gi\u00f3sok j\u00e1t\u00e9kperceinek ar\u00e1nya megk\u00f6zel\u00edti az 50 sz\u00e1zal\u00e9kot, \u00e9s k\u00f6nnyen elk\u00e9pzelhet\u0151, hogy a k\u00f6zelj\u00f6v\u0151ben 50 f\u00f6l\u00e9 k\u00faszik a mutat\u00f3. Az MLSZ d\u00f6nt\u00e9se, mellyel megsz\u00fcntette a 2020\/21-es \u00e9vad el\u0151tt a l\u00e9gi\u00f3skorl\u00e1tot, azonnali, jelent\u0151s n\u00f6veked\u00e9st okozott. \u00c9rdemes \u00e1tn\u00e9zni a szomsz\u00e9dba is: Ausztri\u00e1ban 2011\u201321 k\u00f6z\u00f6tt v\u00e9gig 65,7 \u00e9s 73,5 sz\u00e1zal\u00e9k k\u00f6z\u00f6tt volt a hazai futballist\u00e1k j\u00e1t\u00e9kidej\u00e9nek ar\u00e1nya. A bajnoks\u00e1g l\u00e9tsz\u00e1memel\u00e9se \u00f3ta cs\u00f6kken az osztr\u00e1kok ar\u00e1nya (t\u00edz\u00e9ves t\u00e1vlatban a 2021 \u0151szi a legalacsonyabb adat), \u00e1m \u00edgy is k\u00e9tharmadr\u00e9szt hazai j\u00e1t\u00e9kosokat l\u00e1thatnak a szurkol\u00f3k a p\u00e1ly\u00e1n, ellent\u00e9tben az NB I fele-fele ar\u00e1ny\u00e1val.\r\n\r\n<iframe class=\"flourish-embed-iframe\" style=\"width: 100%;height: 600px\" title=\"Interactive or visual content\" src=\"https:\/\/flo.uri.sh\/visualisation\/8192683\/embed\" frameborder=\"0\" scrolling=\"no\"><\/iframe>\r\n<div style=\"width: 100%!;margin-top: 4px!important;text-align: right!important\"><a class=\"flourish-credit\" style=\"text-decoration: none!important\" href=\"https:\/\/public.flourish.studio\/visualisation\/8192683\/?utm_source=embed&amp;utm_campaign=visualisation\/8192683\" target=\"_top\" rel=\"noopener\"><img style=\"width: 105px!important;height: 16px!important;border: none!important;margin: 0!important\" src=\"https:\/\/public.flourish.studio\/resources\/made_with_flourish.svg\" alt=\"Made with Flourish\" \/> <\/a><\/div>\r\n<h2>Csapatr\u00f3l csapatra<\/h2>\r\n<strong>FERENCV\u00c1ROS (1., 35 pont).<\/strong> Ha az \u0151szi id\u00e9ny v\u00e9ge el\u0151tt kir\u00fagj\u00e1k a n\u00e9h\u00e1ny h\u00f3nappal kor\u00e1bban kinevezett vezet\u0151edz\u0151t, az egyr\u00e9szt t\u00fckr\u00f6zi az elv\u00e1r\u00e1sokat, m\u00e1sr\u00e9szt azt, hogy a Fradinak nem volt j\u00f3 szezonja. A WyScout rendszer\u00e9ben kev\u00e9s az olyan mutat\u00f3 (ak\u00e1r t\u00e1mad\u00f3, ak\u00e1r v\u00e9dekez\u0151 m\u00e9r\u0151sz\u00e1m), amelyben a c\u00edmv\u00e9d\u0151 volt a legjobb, az el\u0151z\u0151 id\u00e9nybeli tot\u00e1lis dominancia pedig nagyon messze van. BL-csoportk\u00f6r helyett EL-csoportk\u00f6r, a hazai mez\u0151ny led\u00f3zerol\u00e1sa helyett csak egypontos el\u0151ny, domin\u00e1ns futball helyett sebezhet\u0151s\u00e9g, az el\u0151z\u0151 id\u00e9nybeli egy veres\u00e9g helyett m\u00e1r az \u0151sszel h\u00e1rom, a ny\u00e1ron igazolt j\u00e1t\u00e9kosok eddigi teljes\u00edtm\u00e9nye hull\u00e1mz\u00f3. Nem v\u00e9letlen\u00fcl \u00e9rezt\u00e9k \u00fagy a szurkol\u00f3k, hogy nem el\u0151re, hanem h\u00e1tra tett egy l\u00e9p\u00e9st a Fradi, amely<strong> Sztanyiszlav Csercseszov<\/strong> kinevez\u00e9s\u00e9vel\r\n\r\n<span class=\"highlight-block\">ism\u00e9t a posztszovjet, munka- \u00e9s fegyelemk\u00f6zpont\u00fa iskol\u00e1ra szavazott. <\/span>\r\n\r\nHa a Ferencv\u00e1ros megnyeri a bajnoks\u00e1got, a hetvenes \u00e9vek nagy \u00dajpestje \u00f3ta els\u0151 csapatk\u00e9nt v\u00e9gez legal\u00e1bb n\u00e9gy, egym\u00e1st k\u00f6vet\u0151 \u00e9vadban az \u00e9len. Erre minden es\u00e9lye meg is van \u2013 \u00e9s eljutottunk arra a pontra, hogy a Fradinak nem az NB I, hanem az eur\u00f3pai porond \u00e9s az ott ny\u00fajtott teljes\u00edtm\u00e9ny az igazi m\u00e9rce. A bajnoki c\u00edm pedig minim\u00e1lis elv\u00e1r\u00e1s.\r\n\r\n<strong>KISV\u00c1RDA (2., 34 pont).<\/strong> Ha van \u00e1r\/\u00e9rt\u00e9k bajnoka az NB I-nek, az minden bizonnyal a Kisv\u00e1rda, amely edz\u0151v\u00e1lt\u00e1s (<strong>Joao Janeir\u00f3t<\/strong> elcs\u00e1b\u00edtotta a DAC) ut\u00e1n is tartotta a hely\u00e9t a dobog\u00f3n, \u00e9s m\u00e9g az \u0151szi els\u0151s\u00e9g is a kez\u00e9ben volt. A v\u00e1rdaiak az els\u0151 \u00e9lvonalbeli id\u00e9ny\u00fckben 38, a m\u00e1sodikban 42, a harmadikban 46 pontot szereztek, most az \u0151szi szezon 17 meccs\u00e9n 34-et, a klubrekord (mind helyez\u00e9sben, mind pontsz\u00e1mban) nagyon val\u00f3sz\u00edn\u0171. A Kisv\u00e1rda kapta a m\u00e1sodik legkevesebb g\u00f3lt \u00e9s engedte kapuj\u00e1ra a legkevesebb l\u00f6v\u00e9st, nyerte meg legnagyobb sz\u00e1zal\u00e9kban a v\u00e9dekez\u0151 p\u00e1rharcait, \u00e9s t\u00e1mad\u00e1sban sem rossz: az egyik leghat\u00e9konyabb csapatr\u00f3l van sz\u00f3. K\u00e9rd\u0151jel lehet a brav\u00faros szerepl\u00e9s fenntarthat\u00f3s\u00e1g\u00e1val kapcsolatban, hogy az elv\u00e1rt g\u00f3lmutat\u00f3t (xG) jelent\u0151sen fel\u00fclm\u00falja a szerzett g\u00f3lok sz\u00e1ma (23,84 az xG, 31 a g\u00f3lok sz\u00e1ma), \u00e9s az elv\u00e1rt kapott g\u00f3lokat (xGA) tekintve is borul az el\u0151rejelz\u00e9s (20,58 xGA, de csak 17 kapott g\u00f3l). Az eg\u00e9sz NB I-ben csak a Debrecen m\u00falta fel\u00fcl a Kisv\u00e1rd\u00e1n\u00e1l jobban az xG- \u00e9s xGA-el\u0151rejelz\u00e9st, \u00e9s az ekkora differencia (+7,16) olyan id\u00e9nyt mutat, amelyben minden bej\u00f6n. K\u00e9rd\u00e9s, meddig.\r\n\r\n<strong>PUSK\u00c1S AKAD\u00c9MIA (3., 31 pont).<\/strong> <strong>Horny\u00e1k Zsolt<\/strong> kinevez\u00e9s\u00e9vel nagyot h\u00faztak a felcs\u00fatiak, a szlov\u00e1kiai szakember ugyanis egym\u00e1s ut\u00e1n a harmadik id\u00e9nyben tereli a PAFC-ot a dobog\u00f3 fel\u00e9. A kiemelked\u0151 infrastrukt\u00fara \u00e9s a lehet\u0151s\u00e9gek ellen\u00e9re el\u0151dei ennek a k\u00f6zel\u00e9ben sem voltak. Az el\u0151rej\u00e1t\u00e9k id\u0151nk\u00e9nt d\u00f6c\u00f6g\u00f6tt az \u0151sszel, hi\u00e1nyzik egy igaz\u00e1n g\u00f3ler\u0151s t\u00e1mad\u00f3, a v\u00e9delem viszont szeptember-okt\u00f3berben szinte \u00e1thatolhatatlannak bizonyult, \u00e9s ez er\u0151s poz\u00edci\u00f3ba juttatta a Pusk\u00e1s Akad\u00e9mi\u00e1t. Csak a Paks ne volna: a felcs\u00fatiak k\u00e9t meccsen t\u00edz g\u00f3lt (1-6, 1-4) kaptak a mumus tolnaiakt\u00f3l, a t\u00f6bbi 14 meccs\u00fck\u00f6n \u00f6sszesen csak nyolcat. A paksiak elleni m\u00e9rk\u0151z\u00e9sekt\u0151l eltekintve 9\u20134\u20131-es m\u00e9rlege \u00e9s 23\u20138-as g\u00f3lk\u00fcl\u00f6nbs\u00e9ge lenne a PAFC-nak, ami az\u00e9rt el\u00e9g meggy\u0151z\u0151\u2026\r\n\r\n[caption id=\"attachment_3121\" align=\"alignnone\" width=\"2000\"]<img class=\"wp-image-3121 size-full\" src=\"https:\/\/sport24.24.hu\/app\/uploads\/sites\/24\/2021\/12\/debre20211024026.jpg\" alt=\"\" width=\"2000\" height=\"1333\" \/> Horny\u00e1k Zsolt[\/caption]\r\n\r\n<span class=\"highlight-block\">A j\u00f3 h\u00edr sz\u00e1mukra: tavasszal m\u00e1r csak egyszer j\u00e1tszanak a Pakssal. <\/span>\r\n\r\nKereter\u0151ss\u00e9g\u00fck \u00e9s poz\u00edci\u00f3juk alapj\u00e1n egyar\u00e1nt a dobog\u00f3ra v\u00e1rhat\u00f3k.\r\n\r\n<strong>MOL FEH\u00c9RV\u00c1R FC (4., 29 pont).<\/strong> <strong>Szabics Imre<\/strong> m\u00e9g mindig a Vidi kispadj\u00e1n \u00fcl, pedig az ingott n\u00e9ha alatta \u2013 a k\u00f6z\u00f6ns\u00e9g rendre hangot adott el\u00e9gedetlens\u00e9g\u00e9nek\u2026 A Feh\u00e9rv\u00e1r a 2017\/18-as id\u00e9ny \u00f3ta nem tud vissza\u00fclni az NB I tr\u00f3nj\u00e1ra, az oll\u00f3 egyre ny\u00edlik a Ferencv\u00e1roshoz k\u00e9pest, r\u00e1ad\u00e1sul a csapat magyar v\u00e1logatott kulcsemberei (<strong>Nikolics Nemanja, Fiola Attila, Loic Nego<\/strong>) is m\u00e1r a harmincon t\u00fal bandukolnak. A Vidi borzaszt\u00f3 id\u00e9nykezdet\u00e9nek <strong>Kov\u00e1cs Zolt\u00e1n<\/strong> sportigazgat\u00f3 itta meg a lev\u00e9t, <strong>Sall\u00f3i Istv\u00e1n<\/strong> v\u00e1ltotta. Lesz dolga b\u0151ven, mert a kereten van m\u00e9g alak\u00edtanival\u00f3 \u2013 ha olyan er\u0151s\u00edt\u00e9seket tal\u00e1l, mint <strong>Jevhen Makarenko<\/strong> vagy <strong>Kenan Kodro<\/strong>, akkor az nem j\u00f6n rosszul a feh\u00e9rv\u00e1riaknak. Az m\u00e1r a szakmai st\u00e1b reszortja, hogy jav\u00edtson a Vidi halov\u00e1ny idegenbeli m\u00e9rleg\u00e9n, ugyanis a jobb helyez\u00e9s eddig azon megy el, hogy az otthon kit\u0171n\u0151 feh\u00e9rv\u00e1riak csak egyszer nyertek vend\u00e9gk\u00e9nt. Meglep\u0151 lehet, de a kapura l\u00f6v\u00e9sek 90 percre vet\u00edtett sz\u00e1m\u00e1t (9,88) tekintve a Feh\u00e9rv\u00e1r kimondottan gyeng\u00e9n \u00e1ll, csak a DVSC, a Gyirm\u00f3t \u00e9s az MTK, azaz h\u00e1rom als\u00f3h\u00e1zbeli csapat teljes\u00edtett rosszabbul. A Vidi \u0151sze \u201ekifel\u00e9 pattan\u00f3s\u201d volt, a szerzett g\u00f3lok sz\u00e1ma \u00f6ttel m\u00falta alul az xG-t. Lehet, hogy a kell\u0151 l\u00f6k\u00e9st az adn\u00e1 meg, ha Nikolics megtal\u00e1ln\u00e1 az elvesztett fonalat: az NB I egyik legjobb befejez\u0151 csat\u00e1ra 15 bajnokin csak 3-szor tal\u00e1lt be, p\u00e1lyafut\u00e1sa egyetlen id\u00e9ny\u00e9ben sem volt ilyen rossz a g\u00f3l\u00e1tlaga. Elj\u00e1rt felette az id\u0151 vagy csak formahanyatl\u00e1sr\u00f3l van sz\u00f3?\r\n\r\n<strong>ZTE FC (5., 23 pont).<\/strong> Ha felaj\u00e1nlan\u00e1k a bajnoks\u00e1g v\u00e9gi 5. helyez\u00e9st a zalaegerszegieknek, alighanem csak annyit k\u00e9rdezn\u00e9nek, hogy hol \u00edrj\u00e1k al\u00e1? A Feh\u00e9rv\u00e1rral lez\u00e1rul az \u00e9lmez\u0151ny (\u00e9s a dobog\u00f3es\u00e9lyesek k\u00f6re), a ZTE a nagyon s\u0171r\u0171 k\u00f6z\u00e9pmez\u0151ny legjobbjak\u00e9nt keveredett ki az \u0151szi keresztbever\u00e9sekb\u0151l, \u00e9s erre joggal lehet b\u00fcszke. A keret\u00fck jelent\u0151s r\u00e9sz\u00e9t minden id\u00e9ny ut\u00e1n kicser\u00e9l\u0151, szabadon igazolhat\u00f3 j\u00e1t\u00e9kosokra \u00e9s k\u00f6lcs\u00f6n\u00f6kre \u201evad\u00e1sz\u00f3\u201d egerszegiek \u00f6tmeccses veretlens\u00e9gi sorozattal z\u00e1rt\u00e1k az \u0151szt. A csapatv\u00e9dekez\u00e9sen van jav\u00edtanival\u00f3juk: csak a Paks kapitul\u00e1lt n\u00e1luk t\u00f6bbsz\u00f6r, 90 percre vet\u00edtve csak a DVSC engedett ellenfeleinek t\u00f6bb k\u00eds\u00e9rletet \u00e9s csak a Paks, valamint az \u00dajpest vesz\u00edtett a Zet\u00e9n\u00e9l t\u00f6bb labd\u00e1t. Az \u00f6sszk\u00e9p ett\u0151l eltekintve pozit\u00edv.\r\n\r\n<strong>MEZ\u0150K\u00d6VESD (6., 22 pont).<\/strong> A sz\u00fcnet el\u0151tti n\u00e9gy meccs\u00e9b\u0151l h\u00e1rmat elvesz\u00edtett a Mez\u0151k\u00f6vesd, de ett\u0151l f\u00fcggetlen\u00fcl sem lehet el\u00e9gedetlen: a l\u00e1tottak alapj\u00e1n a kies\u00e9s aligha fenyegeti, a dobog\u00f3 t\u00fal messze van, marad a harc a legjobb k\u00f6z\u00e9pmez\u0151nybeli csapat k\u00e9pzeletbeli c\u00edm\u00e9\u00e9rt. A <strong>Pint\u00e9r Attil\u00e1t<\/strong> v\u00e1lt\u00f3 <strong>Supka Attila<\/strong> Kisv\u00e1rda ut\u00e1n most is a der\u00e9khad s\u0171r\u0171j\u00e9be vezette aktu\u00e1lis csapat\u00e1t, \u00e9s ha a t\u00e1mad\u00f3j\u00e1t\u00e9kon siker\u00fcl jav\u00edtani (17 meccsen 19 tal\u00e1lat; a k\u00f6vesdiek az xG-j\u00fckh\u00f6z k\u00e9pest m\u00ednusz 5,31-gyel \u00e1llnak g\u00f3lok sz\u00e1m\u00e1ban), akkor el\u0151re is lehet m\u00e9g l\u00e9pni. A sz\u00fcnetet k\u00f6vet\u0151 h\u00e9t fordul\u00f3ban a Mez\u0151k\u00f6vesd csak egyszer j\u00e1tszik \u00e9lcsapattal.\r\n\r\n<strong>PAKS (7., 21 pont).<\/strong> Ha semlegesk\u00e9nt n\u00e9zz\u00fck az NB I-et, akkor a Paks m\u00e9rk\u0151z\u00e9sei a legsz\u00f3rakoztat\u00f3bbak, k\u00f6sz\u00f6nhet\u0151en Bogn\u00e1r Gy\u00f6rgy edz\u0151i felfog\u00e1s\u00e1nak.\r\n\r\n<span class=\"highlight-block-small\">A tolnaiak mindent a t\u00e1mad\u00f3j\u00e1t\u00e9kra \u00e9s a kezdem\u00e9nyez\u0151 futballra tesznek fel, a legt\u00f6bb g\u00f3lt \u0151k szerezt\u00e9k, de a legt\u00f6bbet is \u0151k kapt\u00e1k. <\/span>\r\n\r\nA Paks minden m\u00e9rk\u0151z\u00e9s\u00e9n szerzett \u00e9s kapott is g\u00f3lt, meccsein a g\u00f3l\u00e1tlag eg\u00e9szen elk\u00e9peszt\u0151, 4,59! A \u201eBogn\u00e1rball\u201d hat\u00e1s\u00e1ra val\u00f3s\u00e1ggal kivirulnak a t\u00e1mad\u00f3k, j\u00f3 es\u00e9ly van arra, hogy <strong>Hahn J\u00e1nos<\/strong> ut\u00e1n <strong>\u00c1d\u00e1m Martin<\/strong> is g\u00f3lkir\u00e1ly legyen; a kanadai t\u00e1bl\u00e1zat \u00e9l\u00e9n \u00c1d\u00e1m \u00e9s <strong>Bogn\u00e1r Istv\u00e1n<\/strong> \u00e1ll. A legt\u00f6bb g\u00f3l, a legmagasabb xG, messze a legt\u00f6bb l\u00f6v\u00e9s, a legt\u00f6bb labda\u00e9rint\u00e9s a tizenhatoson bel\u00fcl \u2013 a Paks t\u00e1mad\u00f3 statisztik\u00e1k sor\u00e1t vezeti az \u00e9lvonalban. A v\u00e9dekez\u0151 mutat\u00f3kat tekintve m\u00e1r nem ilyen j\u00f3\u2026 Csak magyar j\u00e1t\u00e9kosokkal \u00e9s visszafogott k\u00f6lts\u00e9gvet\u00e9ssel siker\u00fclt \u00f6sszehozni az NB I egyik leg\u00e9lvezetesebb futballt j\u00e1tsz\u00f3 csapat\u00e1t; megl\u00e1tszik, hogy Bogn\u00e1rra nagy hat\u00e1ssal volt egykori edz\u0151je, <strong>Verebes J\u00f3zsef<\/strong>.\r\n\r\n[caption id=\"attachment_3118\" align=\"alignnone\" width=\"2000\"]<img class=\"wp-image-3118 size-full\" src=\"https:\/\/sport24.24.hu\/app\/uploads\/sites\/24\/2021\/12\/267626269_4697408737009860_3125805422398176006_n.jpg\" alt=\"\" width=\"2000\" height=\"1333\" \/> A paksi \u00c1d\u00e1m Martin g\u00f3lkir\u00e1ly lehet[\/caption]\r\n\r\n<strong>8. BP. HONV\u00c9D (20 pont).<\/strong> \u00c1tl\u00e9p\u00fcnk a v\u00e1ls\u00e1gz\u00f3n\u00e1ba, hiszen a Honv\u00e9ddal kezd\u0151d\u0151en minden csapat el\u00e9gedetlen lehet az \u0151szi szerepl\u00e9s\u00e9vel. A kispestiek edz\u0151je, <strong>Horv\u00e1th Ferenc<\/strong> az utols\u00f3 fordul\u00f3 ut\u00e1n m\u00e1r nehezen tal\u00e1lta a szavakat, nem is csoda: a kispestiek csak egy m\u00e9rk\u0151z\u00e9st tudtak kapott g\u00f3l n\u00e9lk\u00fcl hozni az \u0151sszel, nyolcszor kapitul\u00e1ltak a meccsek hajr\u00e1j\u00e1ban, \u00e9s ha nem lenne az egyik legjobb ny\u00e1ri igazol\u00e1snak bizonyul\u00f3 <strong>Nenad Lukics<\/strong> 12 g\u00f3lja \u00e9s 2 g\u00f3lpassza, a baj m\u00e9g nagyobb volna. A Honv\u00e9d v\u00e9dekez\u00e9sben nem volt valami szerencs\u00e9s: a 25,96-os xGA-hoz k\u00e9pest 32 g\u00f3lt kapott a csapat. Kis t\u00falz\u00e1ssal minden, ami rosszul pattanhatott, rosszul is pattant.\r\n\r\n<strong>9. DVSC (18 pont).<\/strong> A debreceniek feljut\u00e1sa nem volt t\u00fck\u00f6rsima, \u00e9s edz\u0151v\u00e1lt\u00e1s is t\u00f6rt\u00e9nt id\u00e9ny k\u00f6zben. Az akkor kinevezett <strong>Huszti Szabolcs, Toldi G\u00e1bor<\/strong> edz\u0151p\u00e1rosnak viszont az NB I-es szerepl\u00e9s olyan rosszul siker\u00fclt, hogy menni\u00fck kellett, az \u0151szt m\u00e1r <strong>Joan Carrill\u00f3val<\/strong> fejezte be a Loki. A szezon egyik bizarr pillanata volt, amikor T\u0151zs\u00e9r D\u00e1niel sportigazgat\u00f3 felh\u00e1nytorgatta a csapat\u00e1t \u00e9s \u0151t \u00e9rt \u201eigazs\u00e1gtalan t\u00e1mad\u00e1sokat\u201d \u2013 mindenesetre a vezet\u0151s\u00e9g \u00e9s az egy\u00fcttes nem k\u00e1pr\u00e1ztatta el a szurkol\u00f3it, lesz\u00e1m\u00edtva a Fradi elleni brav\u00fargy\u0151zelmet. R\u00e1ad\u00e1sul\r\n\r\n<span class=\"highlight-block\">a Loki xG- \u00e9s xGA-mutat\u00f3ja teljesen sz\u00fcrre\u00e1lis.<\/span>\r\n\r\nA kett\u0151t egy\u00fctt tekintve +16,58-ban vannak a debreceniek, els\u0151sorban az xG f\u00f6l\u00fclm\u00fal\u00e1sa elk\u00e9peszt\u0151. Ez r\u00e9szben az\u00e9rt lehet, mert <strong>Dzsudzs\u00e1k Bal\u00e1zs<\/strong> \u00e9s <strong>Ugrai Roland<\/strong> igen j\u00f3l l\u0151 alacsony min\u0151s\u00e9g\u0171 helyzetekb\u0151l, de ett\u0151l f\u00fcggetlen\u00fcl fenntarthatatlannak t\u0171nik a mutat\u00f3k ilyen m\u00e9rt\u00e9k\u0171 f\u00f6l\u00fclm\u00fal\u00e1sa. Dzsudzs\u00e1k a 30 Loki-g\u00f3l k\u00f6zel fel\u00e9ben volt benne, pontr\u00fag\u00e1sai n\u00e9lk\u00fcl nagyot esne a csapat g\u00f3lk\u00e9pess\u00e9ge.\r\n\r\n<strong>10. \u00daJPEST (17 pont).<\/strong> \u00dagy t\u0171nik, a <strong>Duchatelet<\/strong>-\u00e9ra lassan v\u00e9get \u00e9rhet \u00dajpesten, \u00e9s aligha van szurkol\u00f3, aki ezt b\u00e1nja, mivel jelenleg a \u201eminim\u00e1lis befektet\u00e9ssel minim\u00e1lis eredm\u00e9ny\u201d mondattal \u00edrhatjuk le a lila-feh\u00e9rek szerepl\u00e9s\u00e9t. Az \u00dajpest er\u0151s\u00edt\u00e9sre szorul \u2013 nagyon sz\u0171k a kerete \u2013, kies\u0151jel\u00f6lt, a drukkerek pedig m\u00e1r mintha nem is rem\u00e9nykedn\u00e9nek, az \u00e9lvonal egyik legpatin\u00e1sabb klubja a semmi \u00e1g\u00e1n \u00fcl. Ha j\u00f6n (NER-k\u00f6zeli?) befektet\u0151, az p\u00e9nzinjekci\u00f3val is egy\u00fctt j\u00e1rhat, ennek hi\u00e1ny\u00e1ban marad a harc a t\u00fal\u00e9l\u00e9s\u00e9rt, ami az\u00e9rt el\u00e9g hervaszt\u00f3 perspekt\u00edva az \u00fajpestieknek. \u00c9rdekes m\u00f3don a lil\u00e1k t\u00e1mad\u00f3 statisztik\u00e1kban nem is \u00e1llnak rosszul (csak a Paks l\u0151 n\u00e1luk t\u00f6bbet kapura \u00e9s csup\u00e1n a Paks, FTC, Feh\u00e9rv\u00e1r tri\u00f3 j\u00e1t\u00e9kosainak van t\u00f6bb labda\u00e9rint\u00e9se a b\u00fcntet\u0151ter\u00fcleten bel\u00fcl), \u00e1m rengeteg labd\u00e1t vesz\u00edtenek \u00e9s a hat\u00e9konys\u00e1guk sem az igazi.\r\n\r\n<strong>11. MTK (15 pont).<\/strong> Az \u0151szi id\u00e9ny legnagyobb csal\u00f3d\u00e1sa az MTK, amely hervaszt\u00f3 j\u00e1t\u00e9kkal keser\u00edtette el szurkol\u00f3it. A v\u00e1logatott st\u00e1bj\u00e1t\u00f3l elcs\u00e1b\u00edtott <strong>Giovanni Costantino<\/strong> alatt is l\u00e1tszott m\u00e1r, hogy nagyon d\u00f6c\u00f6g\u0151s a j\u00e1t\u00e9k, azt\u00e1n az olasz tr\u00e9nert menesztett\u00e9k okt\u00f3berben \u2013 igaz, az MTK ekkor m\u00e9g nem is \u00e1llt annyira rosszul. Ezt k\u00f6vet\u0151en m\u00e9lyrep\u00fcl\u00e9s k\u00f6vetkezett, <strong>M\u00e1rton G\u00e1bornak<\/strong> kinevez\u00e9se ut\u00e1n m\u00e9g nem volt el\u00e9g ideje azt meg\u00e1ll\u00edtani. <strong>Michael Boris<\/strong> az el\u0151z\u0151 id\u00e9nyben fiatal magyar j\u00e1t\u00e9kosokkal telet\u0171zdelt, gyors \u00e9s energikus csapatot hozott \u00f6ssze, \u00e1m a gyorsas\u00e1g \u00e9s az energia elt\u0171nt, a fiatalok pedig kevesebbet (de az NB I \u00e1tlag\u00e1hoz k\u00e9pest \u00edgy is sokat) j\u00e1tszanak. Az MTK legnagyobb gondja a t\u00e1mad\u00e1s\u00e9p\u00edt\u00e9s: az xG-mutat\u00f3, a kialak\u00edtott helyzetek min\u0151s\u00e9ge messze a leggyeng\u00e9bb az NB I-ben, a k\u00e9k-feh\u00e9rek l\u0151nek a legkevesebbet kapura, illetve a m\u00e1sodik legkevesebb tizenhatoson bel\u00fcli labda\u00e9rint\u00e9st is \u0151k regisztr\u00e1lj\u00e1k. H\u00e1tul s\u00falyos gond, hogy az MTK nagyon rossz ar\u00e1nyban nyeri meg a l\u00e9gi p\u00e1rbajokat \u00e9s a legt\u00f6bb g\u00f3lt (9) kapta fejesekb\u0151l. Az MTK idegenbeli m\u00e9rlege a legrosszabb a mez\u0151nyben, az eredm\u00e9nyess\u00e9g pedig nagyban a k\u00e9t l\u00e9gi\u00f3s t\u00e1mad\u00f3, <strong>Bojan Miovszki<\/strong> \u00e9s <strong>Gheorghe Grozav<\/strong> teljes\u00edtm\u00e9ny\u00e9n m\u00falik. Ha most is kiesik az MTK, akkor 11 \u00e9ven bel\u00fcl negyedszer zuhan ki az \u00e9lvonalb\u00f3l, holott az azt megel\u0151z\u0151 107 esztend\u0151ben ez csak k\u00e9tszer fordult el\u0151. A magyar futball egyik legnagyobb trad\u00edci\u00f3j\u00fa egy\u00fcttes\u00e9b\u0151l ingacsapat lett?\r\n\r\n<strong>12. GYIRM\u00d3T (14 pont).<\/strong> A Gyirm\u00f3t d\u00f6nt\u0151en a feljut\u00e1st brav\u00farral kiharcol\u00f3 keret\u00e9re \u00e9p\u00edtett, jelent\u0151s er\u0151s\u00edt\u00e9s n\u00e9lk\u00fcl viszont ez ennyire el\u00e9g: alighanem a szurkol\u00f3k j\u00f3 r\u00e9sze is az utols\u00f3 helyre tippelte volna a gy\u0151ri kiscsapatot. Biztat\u00f3 azonban, hogy a gyirm\u00f3tiak nem szakadtak le, h\u00e1tr\u00e1nyuk a bennmarad\u00f3 10. helyhez k\u00e9pest csak 3 pont. A t\u00e1mad\u00f3 mutat\u00f3k t\u00f6bbs\u00e9g\u00e9ben csak az MTK \u00e1ll rosszabbul a Gyirm\u00f3tn\u00e1l, egyel\u0151re neh\u00e9z elk\u00e9pzelni, hogy Csert\u0151i Aur\u00e9l csapata \u00e1tl\u00e9pi az \u00e1rny\u00e9k\u00e1t, \u00e9s bennmarad az NB I-ben. A hazai eredm\u00e9nyess\u00e9gen mindenk\u00e9ppen jav\u00edtani kell, hiszen a Gyirm\u00f3t aratta otthon a legkevesebb gy\u0151zelmet (1) \u00e9s szerezte a legkevesebb pontot (7).\r\n\r\n<iframe class=\"flourish-embed-iframe\" style=\"width: 100%;height: 600px\" title=\"Interactive or visual content\" src=\"https:\/\/flo.uri.sh\/visualisation\/8193849\/embed\" frameborder=\"0\" scrolling=\"no\"><\/iframe>\r\n<div style=\"width: 100%!;margin-top: 4px!important;text-align: right!important\"><a class=\"flourish-credit\" style=\"text-decoration: none!important\" href=\"https:\/\/public.flourish.studio\/visualisation\/8193849\/?utm_source=embed&amp;utm_campaign=visualisation\/8193849\" target=\"_top\" rel=\"noopener\"><img style=\"width: 105px!important;height: 16px!important;border: none!important;margin: 0!important\" src=\"https:\/\/public.flourish.studio\/resources\/made_with_flourish.svg\" alt=\"Made with Flourish\" \/> <\/a><\/div>\r\n&nbsp;\r\n\r\nA csapatoknak b\u0151 egy h\u00f3napjuk van a pihen\u00e9sre, felk\u00e9sz\u00fcl\u00e9sre: janu\u00e1r 27-\u00e9n a Pusk\u00e1s Akad\u00e9mia\u2013Ferencv\u00e1ros rangad\u00f3val folytat\u00f3dik a bajnoks\u00e1g, a j\u00f6v\u0151 \u00e9vi els\u0151 teljes fordul\u00f3ban (janu\u00e1r 30.) pedig \u00dajpest\u2013Ferencv\u00e1ros derbit rendeznek. Az id\u00e9ny m\u00e1jus 14-\u00e9n z\u00e1rul a tervek szerint \u2013 az els\u0151 f\u00e9l\u00e9vben l\u00e1tottak alapj\u00e1n nagy meglepet\u00e9s lenne, ha nem a fradist\u00e1k \u00fcnnepelhetn\u00e9nek, sorozatban m\u00e1r negyedszer.\r\n\r\n[prefabricated_shortcode in_app=\"0\" code=\"%3Cdiv%20class%3D%22article_box_border%22%20style%3D%22background%3A%20url%28%27https%3A%2F%2F24.p3k.hu%2Fapp%2Fuploads%2Fsites%2F24%2F2021%2F05%2Fsport24-pattern.png%27%29%20no-repeat%20left%20-16px%20%23f3f3f4%3B%20border%3A%20none%3B%22%3E%0D%0A%3Cdiv%20class%3D%22article_solidheader%22%3E%0D%0A%3Ch2%20style%3D%22color%3A%20%23111115%21important%3B%20font-size%3A%2036px%3B%20font-weight%3A%20bold%3B%20margin-bottom%3A%2030px%3B%20margin-top%3A%2020px%3B%20text-align%3A%20center%3B%20line-height%3A%2036px%3B%22%3E%3Cimg%20class%3D%22aligncenter%20size-full%20wp-image-141%22%20src%3D%22https%3A%2F%2F24.p3k.hu%2Fapp%2Fuploads%2Fsites%2F24%2F2021%2F05%2Fs24-logo-dt.png%22%20alt%3D%22%22%20width%3D%22408%22%20height%3D%2290%22%20%2F%3E%3C%2Fh2%3E%0D%0A%3Ch2%20style%3D%22color%3A%20%23111115%21important%3B%20font-size%3A%2036px%3B%20font-weight%3A%20bold%3B%20margin-bottom%3A%2030px%3B%20margin-top%3A%2020px%3B%20text-align%3A%20center%3B%20line-height%3A%2040px%3B%22%3ECsatlakozz%20a%20Sport24%20k%C3%B6z%C3%B6ss%C3%A9ghez%2C%20mondd%20el%20v%C3%A9lem%C3%A9nyedet%20z%C3%A1rt%20Facebook-csoportunkban%2C%20%C3%A9s%20vegy%C3%A9l%20r%C3%A9szt%20csak%20el%C5%91fizet%C5%91knek%20el%C3%A9rhet%C5%91%20exkluz%C3%ADv%20esem%C3%A9nyeinken.%3C%2Fh2%3E%0D%0A%3C%2Fdiv%3E%0D%0A%3Cp%20style%3D%22background%3A%20%2357A600%3B%20margin-top%3A%2020px%3B%20padding%3A%2020px%3B%20text-align%3A%20center%3B%22%3E%3Ca%20style%3D%22color%3A%20%23ffffff%3B%20font-size%3A%2026px%3B%20font-weight%3A%20600%3B%22%20href%3D%22https%3A%2F%2Fwww.facebook.com%2Fgroups%2F212344460412327%22%3ECSATLAKOZOM%3C%2Fa%3E%3C%2Fp%3E%0D%0A%0D%0A%3C%2Fdiv%3E\"]","type":"rich","thumbnail_url":"https:\/\/s.24.hu\/app\/uploads\/sites\/24\/2021\/12\/d__yt20210926039-150x150.jpg","thumbnail_width":150,"thumbnail_height":150}