{"version":"1.0","provider_name":"Sport24","provider_url":"https:\/\/sport24.24.hu","author_name":"Bruckner G\u00e1bor","author_url":"https:\/\/sport24.24.hu\/author\/brucknerg\/","title":"Mi\u00e9rt vallott kudarcot St\u00f6ger a Ferencv\u00e1rosn\u00e1l?","html":"A 2020\/21-es \u00e9vad az \u00e9vezred eddigi legsikeresebb peri\u00f3dusak\u00e9nt vonult be az FTC t\u00f6rt\u00e9net\u00e9be: a z\u00f6ld-feh\u00e9rek zsin\u00f3rban harmadszor nyert\u00e9k meg bajnoks\u00e1got, mik\u00f6zben negyed \u00e9vsz\u00e1zad ut\u00e1n a Bajnokok Lig\u00e1ja csoportk\u00f6r\u00e9ben szerepeltek. A 2018 \u00e9s 2021 k\u00f6z\u00f6tti rendk\u00edv\u00fcl sikeres, h\u00e1rom bajnoki aranyat, egy-egy Eur\u00f3pa Liga- \u00e9s BL-f\u0151t\u00e1bl\u00e1t hoz\u00f3 id\u0151szak f\u0151 sikerkov\u00e1csa az ukr\u00e1n <strong>Szerhij Rebrov<\/strong> volt.\r\n\r\nA <strong>Lobanovszkij<\/strong>-f\u00e9le, kijevi iskol\u00e1t j\u00e1t\u00e9kosk\u00e9nt \u00e9s edz\u0151k\u00e9nt is ismer\u0151, azt a modern poz\u00edci\u00f3s j\u00e1t\u00e9k elemeivel kit\u0171n\u0151en \u00f6tv\u00f6z\u0151 szakember a klub egyre tudatosabb igazol\u00e1spolitik\u00e1j\u00e1val megt\u00e1mogatva l\u00e9gi\u00f3sokra \u00e9p\u00fcl\u0151, \u00e1m nemzetk\u00f6zi szinten is versenyk\u00e9pes csapatot \u00e9p\u00edtett fel a szakmai st\u00e1bj\u00e1val.\r\n\r\n<span class=\"highlight-block\"> A Fradi hazai p\u00e1ly\u00e1n domin\u00e1ns futballt j\u00e1tszott, <\/span>\r\n\r\ns\u0151t az eur\u00f3pai sz\u00ednt\u00e9ren is k\u00e9pes volt helyt\u00e1llni, ak\u00e1r a Barcelona vagy a Juventus ellen. \u00c1m Rebrov kapcsolata a sikerek ellen\u00e9re sem maradt felh\u0151tlen a klubvezet\u00e9ssel, <strong>Kubatov G\u00e1bor<\/strong> klubeln\u00f6k szerint m\u00e1r febru\u00e1rban k\u00f6z\u00f6lte t\u00e1voz\u00e1si sz\u00e1nd\u00e9k\u00e1t. Maga az edz\u0151 pedig nem sokkal t\u00e1voz\u00e1sa el\u0151tt egy ukr\u00e1n lapnak ny\u00edltan besz\u00e9lt arr\u00f3l: n\u00e9zetk\u00fcl\u00f6nbs\u00e9gei voltak a vezet\u0151kkel, \u00fagy \u00e9rezte, az \u00e1tigazol\u00e1si k\u00e9rd\u00e9sekben nem k\u00e9rt\u00e9k ki a v\u00e9lem\u00e9ny\u00e9t.\r\n\r\n[caption id=\"attachment_3086\" align=\"alignnone\" width=\"1500\"]<img class=\"wp-image-3086 size-full\" src=\"https:\/\/sport24.24.hu\/app\/uploads\/sites\/24\/2021\/12\/dszzs20170510011.jpg\" alt=\"\" width=\"1500\" height=\"1000\" \/> Kubatov G\u00e1bor[\/caption]\r\n\r\nAz ut\u00f3d a n\u00e9mileg m\u00e1s futballfiloz\u00f3fi\u00e1t vall\u00f3, osztr\u00e1k <strong>Peter St\u00f6ger<\/strong> lett. Az 55 \u00e9ves szakember m\u00e1r a Borussia Dortmundot is dirig\u00e1lta, a 2017\/18-as \u00e9vad nagy r\u00e9sz\u00e9ben, beugr\u00f3k\u00e9nt. Hi\u00e1ba volt azonban a 12 veretlen\u00fcl megv\u00edvott Bundesliga-m\u00e9rk\u0151z\u00e9s, az Eur\u00f3pa Lig\u00e1b\u00f3l a nyolcadd\u00f6nt\u0151ben igen gyenge j\u00e1t\u00e9kkal esett ki az egy\u00fcttes, h\u00fasv\u00e9tra pedig megsemmis\u00edt\u0151, 6-0-s veres\u00e9get szenvedett a csapat az akkor <strong>Jupp Heynckes<\/strong> ir\u00e1ny\u00edtotta Bayern M\u00fcnchent\u0151l. A roml\u00f3 eredm\u00e9nyek mellett St\u00f6ger kev\u00e9sb\u00e9 t\u00e1mad\u00f3 felfog\u00e1s\u00e1t is kritik\u00e1k \u00e9rt\u00e9k.\r\n\r\nEls\u0151 edz\u0151i siker\u00e9t egy\u00e9bk\u00e9nt 2012\/13-ban \u00e9rte el, amikor vezet\u00e9s\u00e9vel az Austria Wien egy\u00fcttese megel\u0151zte a szomsz\u00e9dban egyeduralkod\u00f3 Red Bull Salzburgot; ez az\u00f3ta sem siker\u00fclt senkinek. A k\u00f6vetkez\u0151 \u00e1llom\u00e1s K\u00f6ln volt, r\u00f6gt\u00f6n az els\u0151 szezonban siker\u00fclt is megnyerni a n\u00e9met m\u00e1sodoszt\u00e1ly 2013\/14-es ki\u00edr\u00e1s\u00e1t. A csapat a legfels\u0151 oszt\u00e1lyban is stabilan benn tudott maradni szervezett, k\u00f6z\u00e9ps\u0151 blokkban t\u00f6rt\u00e9n\u0151 v\u00e9dekez\u00e9ssel \u00e9s gyors kontraj\u00e1t\u00e9kkal. A cs\u00facsot v\u00e9g\u00fcl a harmadik, 2016\/17-es \u00e9vad hozta el, amikor is az <strong>Anthony Modeste, Yuya Osako <\/strong>\u00e9s <strong>Leonardo Bittencourt<\/strong> f\u00e9mjelezte csapat az \u00f6t\u00f6dik helyen v\u00e9gzett, \u00e9s az Eur\u00f3pa Liga-szerepl\u00e9st is kiv\u00edvta. A k\u00f6vetkez\u0151 \u0151sz azonban katasztrof\u00e1lisan indult: b\u00e1r az EL-csoportban legal\u00e1bb a harmadik helyet siker\u00fclt megszerezni, a Bundeslig\u00e1ban az els\u0151 16 m\u00e9rk\u0151z\u00e9sen nyeretlen maradt a csapat, t\u00f6rt\u00e9nelmi m\u00e9lys\u00e9get jelent\u0151 3 pontot gy\u0171jtve. St\u00f6gernek 2017 december\u00e9ben mennie kellett, Dortmundban m\u00e9gis benne l\u00e1tt\u00e1k <strong>Peter Bosz<\/strong> ut\u00f3dj\u00e1t.\r\n\r\nK\u00e9rd\u00e9ses volt teh\u00e1t, milyen j\u00e1t\u00e9kot ny\u00fajt majd a Fradi Peter St\u00f6ger ir\u00e1ny\u00edt\u00e1s\u00e1val, siker\u00fcl-e tov\u00e1bb emelni a Rebrov \u00e1ltal igen magasra tett m\u00e9rc\u00e9n.\r\n\r\n<span class=\"highlight-block\">A keretben is komoly v\u00e1ltoz\u00e1sok t\u00f6rt\u00e9ntek a ny\u00e1ron. <\/span>\r\n\r\nAz el\u0151z\u0151 csapat alapemberei k\u00f6z\u00fcl t\u00e1vozott az ukr\u00e1n <strong>Ihor Haratyin<\/strong>, \u00e9s <strong>Lovrencsics Gerg\u0151<\/strong>, az elm\u00falt \u00e9vek kapit\u00e1nya sem hosszabb\u00edtott szerz\u0151d\u00e9st, r\u00e1ad\u00e1sul a 2019\/20 k\u00f6rny\u00e9k\u00e9n m\u00e9g alapember <strong>Skvarka<\/strong> meg a brazil <strong>Isael<\/strong> is elment. \u00c9rkezett ellenben a marokk\u00f3i k\u00f6z\u00e9ph\u00e1tv\u00e9d <strong>Sammy Mmaee<\/strong> testv\u00e9re, a mozg\u00e9kony k\u00f6z\u00e9pcsat\u00e1r<strong> Ryan Mmaee<\/strong>. A k\u00f6z\u00e9pp\u00e1ly\u00e1ra a norv\u00e9g <strong>Kristoffer Zachariassen<\/strong> mellett k\u00e9t bosny\u00e1kot igazoltak:<strong> Stjepan Loncart<\/strong>, akit a Rijek\u00e1b\u00f3l siker\u00fclt elhozni, \u00e9s az Evertont\u00f3l \u2013 nagy visszat\u00e9r\u0151k\u00e9nt \u2013 a <strong>Moniz<\/strong>-korszak egyik alapember\u00e9t, <strong>Muhamed Besicet<\/strong>.\r\n<div class=\"payable-content-section\"><\/div>\r\n\r\n[caption id=\"attachment_3087\" align=\"alignnone\" width=\"1500\"]<img class=\"size-full wp-image-3087\" src=\"https:\/\/sport24.24.hu\/app\/uploads\/sites\/24\/2021\/12\/k_epa20211125157.jpg\" alt=\"\" width=\"1500\" height=\"1188\" \/> Ryan Mmaee jobbra[\/caption]\r\n\r\nM\u00edg Rebrov ellenf\u00e9lt\u0151l \u00e9s j\u00e1t\u00e9kkoncepci\u00f3t\u00f3l f\u00fcgg\u0151en v\u00e1ltogatta a 4-3-3-as \u00e9s a 4-2-3-1-es j\u00e1t\u00e9krendszert, addig St\u00f6ger m\u00e1r a kezdetekn\u00e9l meg\u00e1llapodni l\u00e1tszott az ut\u00f3bbi, duplasz\u0171r\u0151s megold\u00e1s mellett \u2013 igaz, a nemzetk\u00f6zi porondon a h\u00e1rom bels\u0151 v\u00e9d\u0151s rendszert is t\u00f6bbsz\u00f6r el\u0151vette. Az id\u00e9ny els\u0151 m\u00e9rk\u0151z\u00e9sein \u2013 Haratyin t\u00e1voz\u00e1sa el\u0151tt \u2013 m\u0171k\u00f6dni l\u00e1tszott a klasszikus st\u00f6geri recept: a k\u00e9t v\u00e9dekez\u0151 k\u00f6z\u00e9pp\u00e1ly\u00e1ssal megt\u00e1mogatott v\u00e9delem k\u00fcl\u00f6n v\u00e1lik a n\u00e9gy t\u00e1mad\u00f3t\u00f3l, \u00e9s az agressz\u00edv labdaszerz\u00e9st k\u00f6vet\u0151en a csat\u00e1rok egym\u00e1shoz k\u00f6zel futballozva, direktben t\u00e1madhatj\u00e1k a kaput.\r\n\r\nAz osztr\u00e1k mester az id\u0151 el\u0151rehaladt\u00e1val a lehet\u0151s\u00e9gekhez m\u00e9rten pr\u00f3b\u00e1lt a Ferencv\u00e1ros trad\u00edci\u00f3ihoz ill\u0151, domin\u00e1ns j\u00e1t\u00e9kot megval\u00f3s\u00edtani. A k\u00f6z\u00e9pp\u00e1ly\u00e1n 4-2-3-1-ben, 4-3-3-ban \u00e9s 5-3-2-ben is \u00e1ltal\u00e1ban h\u00e1rom, kev\u00e9sb\u00e9 sz\u0171r\u0151 t\u00edpus\u00fa, a labd\u00e1val j\u00e1tszani is tud\u00f3 k\u00f6z\u00e9pp\u00e1ly\u00e1s kapott helyet \u2013 t\u00f6bbnyire <strong>Laidouni<\/strong>, <strong>V\u00e9csei<\/strong> \u00e9s Zachariassen. A k\u00e9t sz\u00e9ls\u0151h\u00e1tv\u00e9d k\u00f6z\u00fcl legal\u00e1bb az egyik fell\u00e9pett a t\u00e1mad\u00e1ssal, hogy <strong>Uzuni, Tokmac<\/strong> vagy \u00e9ppen <strong>Zubkov<\/strong> befel\u00e9 mozogva, a t\u00e1rsakhoz k\u00f6zel j\u00e1tszva tudjon egy\u00fcttm\u0171k\u00f6dni. M\u00e9g a k\u00f6z\u00e9pcsat\u00e1r poz\u00edci\u00f3j\u00e1ban is egy mozg\u00e9kony \u00e9s labda\u00fcgyes j\u00e1t\u00e9kos, Ryan Mmaee kapott helyet, akinek \u00edgy nemcsak a sebess\u00e9g\u00e9b\u0151l siker\u00fclt a kontr\u00e1k alkalm\u00e1val profit\u00e1lni, hanem a kombinat\u00edv j\u00e1t\u00e9k sor\u00e1n is plusz embert lehetett bevonni a j\u00e1t\u00e9kba. Ez hazai p\u00e1ly\u00e1n t\u00f6bb\u00e9-kev\u00e9sb\u00e9 folyamatos j\u00e1t\u00e9kot eredm\u00e9nyezett, \u00e1m voltak pillanatok \u2013 k\u00fcl\u00f6n\u00f6sen egy sz\u0171r\u0151vel j\u00e1tszva \u2013 amikor a sok felfut\u00f3 j\u00e1t\u00e9kos t\u00fals\u00e1gosan is elszak\u00edtotta egym\u00e1st\u00f3l a csapat h\u00e1tuls\u00f3 \u00e9s el\u00fcls\u0151 j\u00e1t\u00e9kosait.\r\n\r\n<img class=\"alignnone size-full wp-image-3073\" src=\"https:\/\/sport24.24.hu\/app\/uploads\/sites\/24\/2021\/12\/fradi6.png\" alt=\"\" width=\"1280\" height=\"720\" \/>\r\n\r\n<em>A Feh\u00e9rv\u00e1r elleni idegenbeli m\u00e9rk\u0151z\u00e9s: Wingo kapja jobbh\u00e1tv\u00e9dk\u00e9nt a labd\u00e1t, de Laidouni nincs annak felv\u00e9tel\u00e9re alkalmas testpoz\u00edci\u00f3ban. Zachariassen is el\u0151refel\u00e9 mozog, a Feh\u00e9rv\u00e1r let\u00e1mad\u00e1sa \u00edgy kik\u00e9nyszer\u00edti az \u00edvel\u00e9st.<\/em>\r\n\r\n<img class=\"alignnone size-full wp-image-3074\" src=\"https:\/\/sport24.24.hu\/app\/uploads\/sites\/24\/2021\/12\/fradi4.png\" alt=\"\" width=\"1280\" height=\"720\" \/>\r\n\r\n<em>A Celtic elleni, idegenbeli veres\u00e9g. M\u00e1r a labdakihozatal kezdet\u00e9n komoly gondban az FTC; a h\u00e1tv\u00e9dsor tagjai k\u00f6z\u00f6tt t\u00fal nagy a passzt\u00e1vols\u00e1g, a k\u00f6z\u00e9pp\u00e1ly\u00e1n gyakorlatilag mindenki el van szigetelve.\u00a0 Sammy Mmaee megzavar\u00e1s\u00e1hoz egy ellenf\u00e9l is elegend\u0151, \u00edvel\u00e9s lesz a v\u00e9ge.<\/em>\r\n\r\nNemzetk\u00f6zi szinten St\u00f6ger az itthon alkalmazott 4-2-3-1 vagy 4-3-3 mellett t\u00f6bb alkalommal az 5-3-2-es j\u00e1t\u00e9krendszert is el\u0151nyben r\u00e9szes\u00edtette. Ennek oka az volt, hogy plusz egy emberrel a v\u00e9d\u0151sorban sz\u00e1mbeli f\u00f6l\u00e9nyt lehetett kialak\u00edtani az itthoni ellenfelekn\u00e9l potenci\u00e1lisan vesz\u00e9lyesebb t\u00e1mad\u00f3sorokkal szemben. Az alkalmazkod\u00e1s mellett elm\u00e9letileg az el\u0151ny\u00f6ket is megtartotta a rendszer: a v\u00e9dekez\u00e9sen k\u00edv\u00fcl a p\u00e1lya k\u00f6zep\u00e9n az el\u00fcls\u0151 \u00f6t\u00f6s r\u00e9v\u00e9n agressz\u00edv labdaszerz\u00e9sekre is volt m\u00f3d, t\u00e1mad\u00e1sban pedig a k\u00e9t felfut\u00f3 sz\u00e1rnyv\u00e9d\u0151 mellett meg lehetett sz\u00e1llni a p\u00e1lya k\u00f6zep\u00e9t. Ez mind sz\u00e9pen hangzik a m\u00e1gnes t\u00e1bl\u00e1n, de akkor mi\u00e9rt nem m\u0171k\u00f6d\u00f6tt nemzetk\u00f6zi szinten?\r\n\r\n<span class=\"highlight-block\">St\u00f6ger t\u00e1mad\u00f3j\u00e1t\u00e9ka Rebrov\u00e9hoz k\u00e9pest kev\u00e9sb\u00e9 \u00e9p\u00fclt a labdabirtokl\u00e1sra. <\/span>\r\n\r\nA t\u00e1mad\u00e1s\u00e9p\u00edt\u00e9s kezdeti f\u00e1zis\u00e1ban a csapat a p\u00e1lya centrum\u00e1t t\u00falt\u00f6ltve gyakran folytatta a j\u00e1t\u00e9kot hosszabb ind\u00edt\u00e1ssal is a k\u00e9t sz\u00e9ls\u0151h\u00e1tv\u00e9d fel\u00e9. \u00c9rdekess\u00e9g ennek ellen\u00e9re, hogy labdabirtokl\u00e1sban mindk\u00e9t sz\u00e9ls\u0151h\u00e1tv\u00e9d, <strong>Wingo<\/strong> \u00e9s <strong>Civic<\/strong> is felfuthatott a t\u00e1mad\u00e1sokkal \u2013 ez nincs szinkronban St\u00f6ger \u00e1ll\u00edt\u00f3lagosan kev\u00e9sb\u00e9 t\u00e1mad\u00f3 felfog\u00e1s\u00e1val, \u00e9s a kontr\u00e1kn\u00e1l megny\u00edl\u00f3 ter\u00fcletek m\u00e1r a dortmundi id\u0151szakban is gyenge pontot jelentettek az elk\u00e9pzel\u00e9seiben. A j\u00e1t\u00e9k s\u00falypontja teh\u00e1t legink\u00e1bb a p\u00e1lya k\u00f6zep\u00e9n volt, amire viszont az ellenf\u00e9l is jobban figyelt, \u00e9s gyakran egyb\u0151l kellett ind\u00edtani a sz\u00e9ls\u0151h\u00e1tv\u00e9deket. R\u00e1ad\u00e1sul a p\u00e1lya k\u00f6zep\u00e9r\u0151l az egyik sz\u00e9l fel\u00e9 a riv\u00e1lisnak is kevesebbet kellett tol\u00f3dnia, mintha a p\u00e1lya egyik oldal\u00e1r\u00f3l a m\u00e1sik fel\u00e9 forgatj\u00e1k a j\u00e1t\u00e9kot. A taktikailag legfelk\u00e9sz\u00fcltebb topcsapatok j\u00e1t\u00e9k\u00e1ban \u2013 a Manchester Cityt\u0151l a Liverpoolon \u00e1t a Bayern M\u00fcnchenig \u2013 hellyel-k\u00f6zzel megfigyelhet\u0151: a t\u00e1mad\u00e1s kezdeti s\u00falypontj\u00e1t a p\u00e1lya egyik oldal\u00e1ra teszik, hogy innen kezdem\u00e9nyezve t\u00f6rjenek \u00e1t a m\u00e1sik oldalon. St\u00f6ger klasszikusabb, direktebb j\u00e1t\u00e9ka hazai p\u00e1ly\u00e1n sokszor m\u0171k\u00f6d\u0151k\u00e9pes volt a k\u00f6z\u00e9ps\u0151 j\u00e1t\u00e9kosok kombin\u00e1ci\u00f3it \u00e9s a k\u00e9t sz\u00e9ls\u0151h\u00e1tv\u00e9d egy\u00e9ni gyorsas\u00e1g\u00e1t kihaszn\u00e1lva, er\u0151sebb ellenfelekkel szemben azonban m\u00e1r gyakran d\u00f6c\u00f6g\u00f6tt az elk\u00e9pzel\u00e9s.\r\n\r\n<img class=\"alignnone size-full wp-image-3075\" src=\"https:\/\/sport24.24.hu\/app\/uploads\/sites\/24\/2021\/12\/fradi7.png\" alt=\"\" width=\"1280\" height=\"720\" \/>\r\n\r\n<em>A Feh\u00e9rv\u00e1r elleni, hazai m\u00e9rk\u0151z\u00e9s: \u00edgy t\u00e1madott otthon a St\u00f6ger-f\u00e9le Ferencv\u00e1ros. Mindk\u00e9t sz\u00e9ls\u0151h\u00e1tv\u00e9d feljebb l\u00e9p (Civic k\u00fcl\u00f6n\u00f6sen), a k\u00e9t bels\u0151 k\u00f6z\u00e9pp\u00e1ly\u00e1s egyike (itt V\u00e9csei) l\u00e9p vissza a labdaj\u00e1rat\u00e1st seg\u00edteni. A n\u00e9gy t\u00e1mad\u00f3 is alapvet\u0151en k\u00f6z\u00e9pre t\u00f6m\u00f6r\u00fcl, csak Zubkov helyezkedik kicsit sz\u00e9lesebben a jobb oldalon. Az alapkoncepci\u00f3 teh\u00e1t a centrumban megind\u00edtani a j\u00e1t\u00e9kot, majd gyorsan megindulni a sz\u00e9lek fel\u00e9. A jelenet v\u00e9g\u00e9n a k\u00e9pen nem l\u00e1tsz\u00f3 Civic kapja a labd\u00e1t.<\/em>\r\n\r\n<img class=\"alignnone size-full wp-image-3076\" src=\"https:\/\/sport24.24.hu\/app\/uploads\/sites\/24\/2021\/12\/fradi5.png\" alt=\"\" width=\"1280\" height=\"720\" \/>\r\n\r\n<em>A Celtic elleni, idegenbeli EL-csoportmeccs: b\u00e1r a p\u00e1lya k\u00f6zepe t\u00falt\u00f6ltve, gyakorlatilag senki nem megj\u00e1tszhat\u00f3, V\u00e9csei a direkt j\u00e1t\u00e9kot v\u00e1lasztja a sz\u00e9len izol\u00e1lt Civic fel\u00e9.<\/em>\r\n\r\nSok esetben \u00fagy t\u0171nt, az egy\u00e9ni mozzanatok nincsenek kell\u0151en \u00f6sszehangolva, ami egy nyom\u00e1st gyakorl\u00f3 ellenf\u00e9llel szemben vagy a kock\u00e1zatos passz elker\u00fcl\u00e9s\u00e9t, vagy \u00e9ppen meggondolatlan labdaveszt\u00e9st eredm\u00e9nyezett. Eml\u00e9kezz\u00fcnk csak vissza a Betis elleni hazai m\u00e9rk\u0151z\u00e9sen <strong>Nabil Fekir<\/strong> csodag\u00f3lj\u00e1t megel\u0151z\u0151 labdaveszt\u00e9sre!\r\n\r\n<img class=\"alignnone size-full wp-image-3077\" src=\"https:\/\/sport24.24.hu\/app\/uploads\/sites\/24\/2021\/12\/fradi1.png\" alt=\"\" width=\"1024\" height=\"576\" \/>\r\n\r\n<em>A Betis elleni, hazai EL-csoportmeccs. A k\u00e9pen a Fekir g\u00f3lj\u00e1t megel\u0151z\u0151 labdaveszt\u00e9st l\u00e1thatjuk: amikor Mmaee Laidounihoz passzol, a k\u00e9kmezes t\u00e1mad\u00f3 m\u00e9g szemben van vele. Labdavezet\u00e9ssel bel\u00e9p a j\u00e1t\u00e9kba, de a v\u00e9d\u0151 helyzeti el\u0151nyben van (a passz mindig gyorsabb, mint a labdavezet\u00e9s!), r\u00e1ad\u00e1sul nincs is \u00e9rdemi passzopci\u00f3ja.<\/em>\r\n\r\nSzint\u00e9n sz\u00f3t kell ejten\u00fcnk a Ferencv\u00e1ros labda elleni j\u00e1t\u00e9k\u00e1r\u00f3l. Hazai p\u00e1ly\u00e1n a z\u00f6ld-feh\u00e9rekt\u0151l \u00e9rtelemszer\u0171en domin\u00e1ns, a m\u00e9rk\u0151z\u00e9seket ural\u00f3 j\u00e1t\u00e9kfelfog\u00e1s volt elv\u00e1rhat\u00f3, amihez term\u00e9szetesen magasra tolt v\u00e9d\u0151vonal \u00e9s agressz\u00edv let\u00e1mad\u00e1s duk\u00e1l. Amint kor\u00e1bban, <a href=\"https:\/\/sport24.24.hu\/foci\/2021\/11\/24\/ftc-fehervar-csak-a-neveben-volt-rangado-de-miert\/\">a Feh\u00e9rv\u00e1r elleni meccsr\u0151l sz\u00f3l\u00f3 elemz\u00e9s\u00fcnkben m\u00e1r sz\u00f3 volt r\u00f3la<\/a>, a magyar bajnokikon a rekordbajnok n\u00e9gyf\u0151s v\u00e9delme el\u0151tt \u00e1ltal\u00e1ban k\u00e9t j\u00e1t\u00e9kos sz\u0171ri az ellenf\u00e9l passzait, m\u00edg az el\u00fcls\u0151 n\u00e9gyes a let\u00e1mad\u00e1s megind\u00edt\u00e1s\u00e1\u00e9rt, a csapd\u00e1k el\u0151k\u00e9sz\u00edt\u00e9s\u00e9\u00e9rt felel. Az Eur\u00f3pa Liga csoportk\u00f6r\u00e9ben id\u0151nk\u00e9nt alkalmazott \u00f6tv\u00e9d\u0151s rendszert viszont a v\u00e9delmi vonal meger\u0151s\u00edt\u00e9se indokolta, hiszen a plusz ember sz\u00fcks\u00e9g eset\u00e9n b\u00e1tran kil\u00e9phet a v\u00e9d\u0151falb\u00f3l. Elm\u00e9letben term\u00e9szetesen h\u00e1rom bels\u0151 v\u00e9d\u0151vel is lehets\u00e9ges a magas let\u00e1mad\u00e1s, de ez a gyakorlatban \u00e1ltal\u00e1ban l\u00e9tsz\u00e1mh\u00e1tr\u00e1nyt jelent a k\u00f6z\u00e9pp\u00e1ly\u00e1n, hiszen az emberfog\u00e1ssal fell\u00e9p\u0151 k\u00f6z\u00e9ps\u0151 v\u00e9d\u0151 labdaszerz\u00e9skor k\u00f6nnyed\u00e9n megzavarhat\u00f3. Az FTC a Leverkusen \u00e9s a Betis elleni els\u0151 k\u00e9t tal\u00e1lkoz\u00f3n hellyel-k\u00f6zzel megoldotta a m\u00e9lyebb v\u00e9dekez\u00e9st, \u00e1m a Celtic-kel szembeni, glasgow-i m\u00e9rk\u0151z\u00e9sen a St\u00f6ger-\u00e9ra tal\u00e1n leggyeng\u00e9bb teljes\u00edtm\u00e9nye k\u00f6vetkezett: az egy\u00fcttes intenzit\u00e1s n\u00e9lk\u00fcl, a csapatr\u00e9szek \u00e9s az egym\u00e1s mellett j\u00e1tsz\u00f3k k\u00f6z\u00f6tt is \u00f3ri\u00e1si t\u00e1vols\u00e1got tartva v\u00e9dekezett, a kor\u00e1bbi ausztr\u00e1l kapit\u00e1ny <strong>Postecoglou<\/strong> \u00e1ltal vezetett, j\u00f3l szervezett poz\u00edci\u00f3s j\u00e1t\u00e9kot j\u00e1tsz\u00f3 sk\u00f3tok pedig ak\u00e1r komolyabban is ki\u00fcthett\u00e9k volna a ment\u00e1lisan is \u00f6sszeoml\u00f3 magyar bajnokot.\r\n\r\n<img class=\"alignnone size-full wp-image-3078\" src=\"https:\/\/sport24.24.hu\/app\/uploads\/sites\/24\/2021\/12\/fradi2.png\" alt=\"\" width=\"1024\" height=\"576\" \/>\r\n\r\n<em>A Betis elleni, hazai m\u00e9rk\u0151z\u00e9s: \u00a0v\u00e9dekez\u00e9s \u00f6t v\u00e9d\u0151vel. Az alapfel\u00e1ll\u00e1s ink\u00e1bb 5-4-1, a k\u00e9t sz\u00e9ls\u0151 t\u00e1mad\u00f3 k\u00f6z\u00fcl csak az egyik l\u00e9p fel a labd\u00e1s j\u00e1t\u00e9kosra. Ek\u00f6zben a k\u00e9t bels\u0151 k\u00f6z\u00e9pp\u00e1ly\u00e1s is gyakran emberfog\u00e1st alkalmaz, a Betis a vonalak k\u00f6z\u00f6tti ter\u00fclet jobb kihaszn\u00e1l\u00e1s\u00e1val t\u00f6bb ter\u00fcletet is nyithatott volna a k\u00f6z\u00e9pp\u00e1ly\u00e1n<\/em>\r\n\r\n<img class=\"alignnone size-full wp-image-3079\" src=\"https:\/\/sport24.24.hu\/app\/uploads\/sites\/24\/2021\/12\/fradi3.png\" alt=\"\" width=\"1280\" height=\"720\" \/>\r\n\r\n<em>A Celtic elleni, idegenbeli m\u00e9rk\u0151z\u00e9s: v\u00e9dekez\u00e9s 4-3-3-ban. A k\u00f6z\u00e9pp\u00e1lya rendk\u00edv\u00fcl sz\u00e9tsz\u00f3rt, V\u00e9csei l\u00e9p ki a labd\u00e1s j\u00e1t\u00e9kosra, de nincs es\u00e9lye oda\u00e9rni. Messze elt\u00e1volodik a t\u00f6bbi t\u00e1rst\u00f3l, \u00edgy b\u0151ven van hely \u00e9s id\u0151 felpasszolni a labd\u00e1t a vonalak k\u00f6z\u00e9.<\/em>\r\n\r\n\u00d6sszess\u00e9g\u00e9ben teh\u00e1t nem siker\u00fclt az FTC sz\u00e1m\u00e1ra a tov\u00e1bbi el\u0151rel\u00e9p\u00e9s a Rebrov-korszakhoz k\u00e9pest. Az ukr\u00e1n mester idej\u00e9ben l\u00e1tott, id\u0151nk\u00e9nt n\u00e9mileg passz\u00edv, de nemzetk\u00f6zi m\u00e9rc\u00e9vel is helyt\u00e1ll\u00f3 poz\u00edci\u00f3s j\u00e1t\u00e9k m\u00e1r nem felismerhet\u0151 a csapat j\u00e1t\u00e9k\u00e1ban. Ugyanakkor a kor\u00e1bban j\u00f3l m\u0171k\u00f6d\u0151, s\u0151t id\u0151nk\u00e9nt kifejezetten eredm\u00e9nyes m\u00e1sodik sz\u00e1nd\u00e9k\u00fa j\u00e1t\u00e9kot is mindink\u00e1bb felv\u00e1ltotta a kev\u00e9sb\u00e9 kompakt \u00e9s intenz\u00edv v\u00e9dekez\u00e9s. A komolyabb toplig\u00e1s tapasztalat\u00fa edz\u0151 teh\u00e1t nem mindig jelent automatikus el\u0151rel\u00e9p\u00e9st, sokat sz\u00e1m\u00edt a pontosan tiszt\u00e1zott filoz\u00f3fia, illetve az egyes j\u00e1t\u00e9kosprofilok csapatba integr\u00e1l\u00e1s\u00e1nak k\u00e9pess\u00e9ge is.\r\n\r\n<span class=\"highlight-block\">Vagyis a klub vezet\u00e9s\u00e9nek komolyan fel van adva a lecke, <\/span>\r\n\r\nha olyan edz\u0151t keres, aki a kispadon \u00fclve m\u00e9g magasabb hozz\u00e1adott \u00e9rt\u00e9ket k\u00e9pvisel \u00e9s identit\u00e1st ad a csapatnak. A lehets\u00e9ges jel\u00f6ltek k\u00f6z\u00f6tt van az AS Rom\u00e1val BL-el\u0151d\u00f6nt\u0151t is megj\u00e1rt <strong>Eus\u00e9bio Di Francesco<\/strong>, a legut\u00f3bb <strong>Koeman<\/strong> barcelonai seg\u00edt\u0151jek\u00e9nt dolgoz\u00f3 holland <strong>Alfred Schreuder<\/strong>, m\u00edg az orosz vonal k\u00e9pvisel\u0151i k\u00f6z\u00fcl a kor\u00e1bbi sz\u00f6vets\u00e9gi kapit\u00e1ny<strong> Sztanyiszlav Csercseszov<\/strong> \u00e9s a Werder Bremenn\u00e9l megfordult <strong>Viktor Szkripnyik<\/strong> neve van a kalapban.\r\n\r\n[prefabricated_shortcode in_app=\"0\" code=\"%3Cdiv%20class%3D%22article_box_border%22%20style%3D%22background%3A%20url%28%27https%3A%2F%2F24.p3k.hu%2Fapp%2Fuploads%2Fsites%2F24%2F2021%2F05%2Fsport24-pattern.png%27%29%20no-repeat%20left%20-16px%20%23f3f3f4%3B%20border%3A%20none%3B%22%3E%0D%0A%3Cdiv%20class%3D%22article_solidheader%22%3E%0D%0A%3Ch2%20style%3D%22color%3A%20%23111115%21important%3B%20font-size%3A%2036px%3B%20font-weight%3A%20bold%3B%20margin-bottom%3A%2030px%3B%20margin-top%3A%2020px%3B%20text-align%3A%20center%3B%20line-height%3A%2036px%3B%22%3E%3Cimg%20class%3D%22aligncenter%20size-full%20wp-image-141%22%20src%3D%22https%3A%2F%2F24.p3k.hu%2Fapp%2Fuploads%2Fsites%2F24%2F2021%2F05%2Fs24-logo-dt.png%22%20alt%3D%22%22%20width%3D%22408%22%20height%3D%2290%22%20%2F%3E%3C%2Fh2%3E%0D%0A%3Ch2%20style%3D%22color%3A%20%23111115%21important%3B%20font-size%3A%2036px%3B%20font-weight%3A%20bold%3B%20margin-bottom%3A%2030px%3B%20margin-top%3A%2020px%3B%20text-align%3A%20center%3B%20line-height%3A%2040px%3B%22%3ECsatlakozz%20a%20Sport24%20k%C3%B6z%C3%B6ss%C3%A9ghez%2C%20mondd%20el%20v%C3%A9lem%C3%A9nyedet%20z%C3%A1rt%20Facebook-csoportunkban%2C%20%C3%A9s%20vegy%C3%A9l%20r%C3%A9szt%20csak%20el%C5%91fizet%C5%91knek%20el%C3%A9rhet%C5%91%20exkluz%C3%ADv%20esem%C3%A9nyeinken.%3C%2Fh2%3E%0D%0A%3C%2Fdiv%3E%0D%0A%3Cp%20style%3D%22background%3A%20%2357A600%3B%20margin-top%3A%2020px%3B%20padding%3A%2020px%3B%20text-align%3A%20center%3B%22%3E%3Ca%20style%3D%22color%3A%20%23ffffff%3B%20font-size%3A%2026px%3B%20font-weight%3A%20600%3B%22%20href%3D%22https%3A%2F%2Fwww.facebook.com%2Fgroups%2F212344460412327%22%3ECSATLAKOZOM%3C%2Fa%3E%3C%2Fp%3E%0D%0A%0D%0A%3C%2Fdiv%3E\"]","type":"rich","thumbnail_url":"https:\/\/s.24.hu\/app\/uploads\/sites\/24\/2021\/12\/debre20211212007-150x150.jpg","thumbnail_width":150,"thumbnail_height":150}