{"version":"1.0","provider_name":"Sport24","provider_url":"https:\/\/sport24.24.hu","author_name":"Bruckner G\u00e1bor","author_url":"https:\/\/sport24.24.hu\/author\/brucknerg\/","title":"D\u00fasgazdagon a kies\u00e9s ellen: mit tanulhat a Newcastle a Man City k\u00ednos kar\u00e1csony\u00e1b\u00f3l?","html":"<strong>Amanda Staveley<\/strong>, a Newcastle United kisebbs\u00e9gi tulajdonosa, a sza\u00fadi Public Investment Funddal megk\u00f6t\u00f6tt \u00fczlet tet\u0151 al\u00e1 hoz\u00f3ja maga is elismerte, az \u00faj befektet\u0151k j\u00f3kora kock\u00e1zatot v\u00e1llaltak azzal, hogy m\u00e1r az \u0151sszel \u00e1tvett\u00e9k a klub ir\u00e1ny\u00edt\u00e1s\u00e1t.\r\n<blockquote class=\"small-quote\">A k\u00f6nnyebb \u00fat az lett volna, ha kiv\u00e1runk kar\u00e1csonyig vagy a janu\u00e1ri \u00e1tigazol\u00e1si id\u0151szak v\u00e9g\u00e9ig, r\u00e1n\u00e9z\u00fcnk a tabell\u00e1ra, \u00e9s akkor v\u00e1s\u00e1roljuk meg a klubot.<\/blockquote>\r\nBefektet\u0151i szempontb\u00f3l ez sokkal biztons\u00e1gosabb d\u00f6nt\u00e9s. Mi nem ezt tett\u00fck. Ha nem l\u00e9p\u00fcnk most, nincs \u00fczlet, \u00edgy v\u00e1llaltuk a kock\u00e1zatot egy klubbal, amely a 19. helyen \u00e1llt a tabell\u00e1n. <strong>Eddie Howe<\/strong>, az \u00faj vezet\u0151edz\u0151 ugyancsak v\u00e1llalta a rizik\u00f3t, hiszen megvan az es\u00e9ly a kies\u00e9sre\u201d \u2013 fogalmazott a Newcastle hivatalos t\u00e9v\u00e9j\u00e9nek (NUFC TV) november v\u00e9g\u00e9n.\r\n\r\n[caption id=\"attachment_3048\" align=\"alignnone\" width=\"2000\"]<img class=\"wp-image-3048 size-full\" src=\"https:\/\/sport24.24.hu\/app\/uploads\/sites\/24\/2021\/12\/000_9tp6w9.jpg\" alt=\"\" width=\"2000\" height=\"1333\" \/> Eddie Howe[\/caption]\r\n\r\nDecember k\u00f6zep\u00e9n a Szark\u00e1k helyzete nem sokkal sz\u00edvder\u00edt\u0151bb. A 16. fordul\u00f3 ut\u00e1n a Newcastle a 19., az utols\u00f3 el\u0151tti hely\u00e9n \u00e1llt, csup\u00e1n 10 pontot gy\u0171jt\u00f6tt, \u00e9s december 4-\u00e9n, a Burnley elleni 1-0-val szerezte meg id\u00e9nybeli els\u0151 bajnoki siker\u00e9t. A Premier League t\u00f6rt\u00e9net\u00e9ben a United a tizenhatodik egy\u00fcttes, amely t\u00edzm\u00e9rk\u0151z\u00e9ses vagy hosszabb nyeretlens\u00e9gi sz\u00e9ri\u00e1val kezdte az \u00e9vadot, az eddigi tizen\u00f6t ilyenb\u0151l tizenegy kiesett az \u00e9vad v\u00e9g\u00e9n. Igaz, legut\u00f3bb \u00e9ppen a Newcastle \u00e9lt t\u00fal hasonl\u00f3t: a 2018\/19-es id\u00e9nyben 11 nyeretlen m\u00e9rk\u0151z\u00e9st k\u00f6vet\u0151en is bent tudott maradni. Az m\u00e1s k\u00e9rd\u00e9s, hogy most a sz\u00e9ria csak 14 meccs ut\u00e1n t\u00f6rt meg, \u00e9s m\u00e9g sosem maradt benn PL-csapat, ha az els\u0151 14 bajnokij\u00e1n nem tudott gy\u0151zni\r\n\r\n\u201eHa ezt m\u00e9g egy csapat sem csin\u00e1lta meg, annak megvan az\u00e9rt az oka. P\u00e9ld\u00e1ul az, hogy ilyen sz\u00e9ri\u00e1b\u00f3l rettent\u0151 neh\u00e9z kikeveredni. De mi\u00e9rt ne lehetn\u00e9nk mi az els\u0151k?\u201d \u2013 harciaskodott Howe december elej\u00e9n, a Burnley elleni (gy\u0151ztes) bajnoki el\u0151tt.\r\n\r\nA Newcastle helyzete ett\u0151l m\u00e9g riaszt\u00f3.\r\n\r\n<span class=\"highlight-block-small\">A keretet a hossz\u00fa nyeretlens\u00e9gi sorozat okozta \u00f6nbizalomhi\u00e1ny \u00e9s alacsony mor\u00e1l nyomasztja \u2013 a Burnley elleni 1-0-t a Leicester elleni 4-0-s veres\u00e9g k\u00f6vette \u2013, a sorsol\u00e1s pedig pokoli. <\/span>\r\n\r\nMiel\u0151tt a Newcastle egy\u00e1ltal\u00e1n elkezdhetne tev\u00e9kenykedni az \u00e1tigazol\u00e1si piacon, j\u00f6n gyors egym\u00e1sut\u00e1nban a Liverpool, a Manchester City, a Manchester United \u00e9s az Everton elleni m\u00e9rk\u0151z\u00e9s, m\u00e1r ha a koronav\u00edrus omikron vari\u00e1nsa k\u00f6zbe nem sz\u00f3l. Ha minden meccset siker\u00fcl lej\u00e1tszani, akkor 20 fordul\u00f3 eltelt\u00e9vel lehet el\u0151sz\u00f6r igazolni, de mivel a Southampton elleni bajnoki t\u00fal k\u00f6zel van az \u00e1tigazol\u00e1si id\u0151szak nyit\u00e1ny\u00e1hoz, m\u00e9g ezen a tal\u00e1lkoz\u00f3n sem lehet er\u0151s\u00edt\u00e9sekkel sz\u00e1molni. Az els\u0151 fecsk\u00e9k alighanem az ezt k\u00f6vet\u0151, k\u00f6zel k\u00e9thetes bajnoki sz\u00fcnetben futnak be, s a Watford elleni m\u00e9rk\u0151z\u00e9sen (janu\u00e1r 15.) l\u00e9phetnek p\u00e1ly\u00e1ra.\r\n<div class=\"payable-content-section\"><\/div>\r\nA Szark\u00e1k addig m\u00e9g a jelenlegin\u00e9l is rosszabb helyzetbe ker\u00fclhetnek, b\u00e1rmennyi p\u00e9nz\u00fck is van, illetve lesz. M\u00e1rpedig p\u00e9nzb\u0151l nem lesz hi\u00e1ny, hiszen ideiglenes blokkol\u00e1s ut\u00e1n kedden a Premier League tulajdonosai enged\u00e9lyezt\u00e9k, hogy a Newcastle szponzori szerz\u0151d\u00e9seket k\u00f6ss\u00f6n sza\u00fadi c\u00e9gekkel, amennyiben a l\u00e9trej\u00f6v\u0151 \u00fczletek val\u00f3s piaci \u00e9rt\u00e9ket t\u00fckr\u00f6znek.\r\n\r\n<img class=\"wp-image-3051 size-full\" src=\"https:\/\/sport24.24.hu\/app\/uploads\/sites\/24\/2021\/12\/075_fletcher-leiceste211212_npi2s.jpg\" alt=\"\" width=\"2000\" height=\"1333\" \/>\r\n<h2>A City k\u00ednos kar\u00e1csonya<\/h2>\r\nHa a Newcastle vezet\u0151i p\u00e9ld\u00e1t akarnak keresni arra, hogy egy d\u00fasgazdag klub bajban volt kar\u00e1csonykor, nem kell messzire visszalapozniuk a t\u00f6rt\u00e9nelemk\u00f6nyvben: a 2008\/09-es \u00e9vadban a Manchester City ugyanis kies\u0151 helyen v\u00e1rta az \u00fcnnepi \u201eer\u0151ltetett menetet\u201d.\r\n\r\nA Cityhez m\u00e1r augusztusban meg\u00e9rkeztek az arab em\u00edrs\u00e9gekbeli befektet\u0151k (b\u00e1r <strong>Mansz\u00far<\/strong> sejk csak szeptember v\u00e9g\u00e9n vette \u00e1t teljesen az ir\u00e1ny\u00edt\u00e1st), \u00e9s ennek meg is lett az eredm\u00e9nye, hiszen a manchesteriek az \u00e1tigazol\u00e1si id\u0151szak v\u00e9g\u00e9n sokkolt\u00e1k a futballvil\u00e1got <strong>Robinho<\/strong> megv\u00e1s\u00e1rl\u00e1s\u00e1val. De Robinho ide, Robinho oda, az \u0151sz a szenved\u00e9sr\u0151l sz\u00f3lt: a 16. fordul\u00f3 ut\u00e1n csak 14. helyen tany\u00e1zott a City, majd kikapott az Evertont\u00f3l \u00e9s a West Bromwich Albiont\u00f3l, \u00edgy a kar\u00e1csonyi \u201eaj\u00e1nd\u00e9k\u201d a 18., kies\u00e9st jelent\u0151 hely volt. Az \u00e9v v\u00e9gi hajt\u00e1sban azt\u00e1n a csapat szerzett n\u00e9gy pontot, ezzel kiverekedte mag\u00e1t a kies\u0151 z\u00f3n\u00e1b\u00f3l, \u00e1m csak k\u00e9tpontnyira volt a vesz\u00e9lyes ter\u00fclett\u0151l.\r\n\r\nAmi ekkor t\u00f6rt\u00e9nt, j\u00f3l mutatja, hogy\r\n\r\n<span class=\"highlight-block\">a (szinte) korl\u00e1tlan er\u0151forr\u00e1sokb\u00f3l m\u00e9g nem k\u00f6vetkeznek a szt\u00e1rigazol\u00e1sok, <\/span>\r\n\r\npl\u00e1ne janu\u00e1rban. A Manchester Cityt a m\u00e9dia mindenkivel \u00f6sszeboron\u00e1lta, aki \u00e9lt \u00e9s mozgott: a Daily Mail bulv\u00e1rlap a <strong>Kak\u00e1, Lionel Messi, David Villa, John Terry<\/strong> kvartettb\u0151l \u201eadott el\u201d valakit a <strong>Mark Hughes<\/strong> ir\u00e1ny\u00edtotta csapatnak. A Milanban j\u00e1tsz\u00f3 Kak\u00e1t t\u00e9nyleg megk\u00f6rny\u00e9kezte a City, \u00e1m az \u00fczletb\u0151l semmi sem lett.\r\n\r\n\u201eNagyon meglepett a Manchester City aj\u00e1nlata, k\u00fcl\u00f6n\u00f6sen, hogy janu\u00e1rban \u00e9rkezett, az id\u00e9ny k\u00f6zep\u00e9n. A Milan el\u00e9gedett volt az \u00e1tigazol\u00e1si d\u00edjjal, \u00e9s z\u00f6ld utat adott, hogy t\u00e1rgyaljunk. Nagyon k\u00edv\u00e1ncsi voltam, mit mondanak a projektr\u0151l, \u00e9desap\u00e1m t\u00f6bbsz\u00f6r is le\u00fclt a City akkori menedzser\u00e9vel, Mark Hughes-zal \u00e9s a vezet\u0151kkel (\u2026). Az, hogy a Milan enged\u00e9lyt adott a t\u00e1rgyal\u00e1sokra, elgondolkodtatott a j\u00f6v\u0151mmel kapcsolatban. Az id\u0151z\u00edt\u00e9s viszont rossz volt, janu\u00e1rban eladni \u00e9s venni sem ide\u00e1lis. Egy j\u00e1t\u00e9kosnak sem j\u00f3 ez \u2013 \u00faj bajnoks\u00e1gba, \u00faj kult\u00far\u00e1ba igazolni, \u00faj nyelvet megtanulni. Hogy \u0151szinte legyek, nem sok mindent tudtam a Manchester Cityr\u0151l. Annyit igen, hogy Mansz\u00far sejk \u00e1tvette a klubot, \u00e9s azt \u00edg\u00e9rte, teljesen \u00fajj\u00e1\u00e9p\u00edti azt, valamint a vil\u00e1g legjobb j\u00e1t\u00e9kosait szeretn\u00e9 megv\u00e1s\u00e1rolni. Robinho m\u00e1r n\u00e9h\u00e1ny h\u00f3napja ott volt. De a City m\u00e9g nem az a City volt, amit ma ismer\u00fcnk. Hossz\u00fa \u00fat vezetett a vil\u00e1g legjobb \u00e9s leger\u0151sebb klubjai k\u00f6z\u00e9, \u00e9s m\u00e9g az \u00fat elej\u00e9n j\u00e1rtak. Nem k\u00f6rvonalaz\u00f3dott a keret, amellyel tr\u00f3fe\u00e1kat tudtak volna nyerni. \u00c9n lettem volna az egyik legels\u0151 szt\u00e1rigazol\u00e1s, akinek a megv\u00e1s\u00e1rl\u00e1s\u00e1val beker\u00fclnek a nagyok k\u00f6z\u00e9. Ez h\u00edzelgett, de bizonytalan voltam. Megpr\u00f3b\u00e1ltuk felm\u00e9rni, mi \u00e1ll pontosan az aj\u00e1nlat m\u00f6g\u00f6tt. Hogyan szeretn\u00e9k a rendk\u00edv\u00fcl ambici\u00f3zus terv\u00fcket megval\u00f3s\u00edtani, \u00e9s a vil\u00e1g legjobb klubjai k\u00f6z\u00e9 ker\u00fclni? Ki van m\u00e9g a projektben? Kik azok a j\u00e1t\u00e9kosok, akik m\u00e9g odaigazoln\u00e1nak? Melyek a r\u00f6vid \u00e9s a hossz\u00fa t\u00e1v\u00fa c\u00e9lok? Sok\u00e1ig eljutottunk a t\u00e1rgyal\u00e1sok sor\u00e1n, megegyezt\u00fcnk a r\u00e9szletekben, \u00e9s a v\u00e9g\u00e9n m\u00e1r csak az \u00e9n al\u00e1\u00edr\u00e1som hi\u00e1nyzott\u201d \u2013 eml\u00e9kezett vissza Kak\u00e1 a Four Four Two magazin angol kiad\u00e1s\u00e1ban a t\u00f6rt\u00e9ntekre majdnem egy \u00e9vtizeddel k\u00e9s\u0151bb.\r\n\r\n[caption id=\"attachment_3049\" align=\"alignnone\" width=\"2000\"]<img class=\"wp-image-3049 size-full\" src=\"https:\/\/sport24.24.hu\/app\/uploads\/sites\/24\/2021\/12\/000_par2239359.jpg\" alt=\"\" width=\"2000\" height=\"1333\" \/> Kak\u00e1[\/caption]\r\n\r\nA klubnak aj\u00e1nlott \u00f3ri\u00e1si \u00f6sszeg teh\u00e1t a Milant meggy\u0151zte, \u00e1m hi\u00e1ba kapott volna Kak\u00e1 rekordfizet\u00e9st, v\u00e9g\u00fcl nemleges volt a v\u00e1lasza. F\u00e9l \u00e9vvel k\u00e9s\u0151bb elhagyta ugyan a Milant, de a Real Madrid kedv\u00e9\u00e9rt.\r\n\r\n\u201eMa m\u00e1r a Manchester City sokkal stabilabb l\u00e1bakon \u00e1ll, teh\u00e1t k\u00f6nnyebb lenne meghoznom a d\u00f6nt\u00e9st. Akinek ma aj\u00e1nlatot tesznek, annak nem okoz olyan fejf\u00e1j\u00e1st az \u00e1tigazol\u00e1s, mint amilyet akkoriban nekem okozott. Ha ebben az \u00e9vben j\u00f6ttek volna az aj\u00e1nlattal, m\u00e1sk\u00e9pp d\u00f6nt\u00f6ttem volna. De akkor nem. Eur\u00f3pa egyik legpatin\u00e1sabb, legsikeresebb klubj\u00e1t kellett volna elhagynom egy teljesen \u00faj projekt\u00e9rt. Biztosabb volt Mil\u00e1n\u00f3ban maradni.\u201d\r\n<h2>Nem minden a p\u00e9nz<\/h2>\r\nKak\u00e1 hajdani dilemm\u00e1ja j\u00f3l mutatja azt, amivel a Newcastle United tulajdonosainak most meg kell k\u00fczdeni\u00fck. Hi\u00e1ba \u00edg\u00e9rnek b\u00e1rmennyi p\u00e9nzt, ez \u00f6nmag\u00e1ban nem el\u00e9g a j\u00e1t\u00e9kosoknak, s\u0151t a p\u00e9nzn\u00e9l is fontosabb az, hogy a kiszemelt futballist\u00e1kat meggy\u0151zz\u00e9k a projekt \u00e9letk\u00e9pess\u00e9g\u00e9r\u0151l. Ez a Newcastle eset\u00e9ben nem lesz k\u00f6nny\u0171: a keret sokkal rosszabb, mint anno a City\u00e9 volt. M\u00edg a City er\u0151ss\u00e9ge alapj\u00e1n a k\u00f6z\u00e9pmez\u0151nybe tartozott, eur\u00f3pai kupaszerepl\u0151 is volt \u2013 csak kifogott egy rossz sz\u00e9ri\u00e1t \u2013, a Newcastle virtigli kies\u0151jel\u00f6lt.\r\n\r\nV\u00e9g\u00fcl nem a Robinh\u00f3hoz hasonl\u00f3 szt\u00e1rok \u2013 a brazilt egy franciaorsz\u00e1gi eset miatt nemi er\u0151szak v\u00e1dj\u00e1val letart\u00f3ztatt\u00e1k janu\u00e1r v\u00e9g\u00e9n, form\u00e1ja visszaesett 2009\/10-re, \u00e9s hamar t\u00e1vozott is \u2013 \u00e1ll\u00edtott\u00e1k felfel\u00e9 \u00edvel\u0151 p\u00e1ly\u00e1ra a Manchester Cityt, hanem a 2008\/09-ben megszerzett sz\u00fcrk\u00e9bb j\u00e1t\u00e9kosok. Olyanok, mint m\u00e9g az arab felv\u00e1s\u00e1rl\u00e1s el\u0151tt szerz\u0151dtetett <strong>Vincent Kompany<\/strong> \u00e9s <strong>Pablo Zabaleta<\/strong>, vagy a t\u00e9len megvett <strong>Nigel de Jong, Shay Given<\/strong> \u00e9s <strong>Craig Bellamy<\/strong>.\r\n\r\n\u00c9ppen ez\u00e9rt \u00e9rdemes er\u0151s szkepticizmussal kezelni a newcastle-i nagybev\u00e1s\u00e1rl\u00e1sr\u00f3l sz\u00f3l\u00f3 h\u00edreket. A szakkomment\u00e1tork\u00e9nt dolgoz\u00f3 <strong>Joe Cole<\/strong> 200-300 milli\u00f3 fontos v\u00e1rhat\u00f3 k\u00f6ltekez\u00e9sr\u0151l besz\u00e9lt nemr\u00e9giben, de val\u00f3sz\u00edn\u0171leg korl\u00e1tozott lesz azoknak a futballist\u00e1knak a sz\u00e1ma, akik szeretn\u00e9nek v\u00e9gleges szerz\u0151d\u00e9st al\u00e1\u00edrni a Szark\u00e1kkal, mivel fenyeget\u0151 \u00e9s re\u00e1lis a kies\u00e9s lehet\u0151s\u00e9ge.\r\n\r\n[caption id=\"attachment_3046\" align=\"alignnone\" width=\"2000\"]<img class=\"wp-image-3046 size-full\" src=\"https:\/\/sport24.24.hu\/app\/uploads\/sites\/24\/2021\/12\/000_9pc6cb.jpg\" alt=\"\" width=\"2000\" height=\"1274\" \/> A Newcastle United szurkol\u00f3i \u00fcnnepelnek a klub stadionja el\u0151tt okt\u00f3ber 7-\u00e9n, miut\u00e1n meger\u0151s\u00edtett\u00e9k a klub elad\u00e1s\u00e1nak h\u00edr\u00e9t[\/caption]\r\n\r\n<span class=\"highlight-block\">A kiszemeltek egy r\u00e9sze val\u00f3sz\u00edn\u0171leg kiv\u00e1r a ny\u00e1rig, \u00e9s akkor t\u00e1rgyal csak, ha bent maradt a Newcastle. <\/span>\r\n\r\nArra pedig Cole is r\u00e1mutatott, hogy ha december m\u00e1sodik fel\u00e9ben leszakad a klub \u2013 a sorsol\u00e1sa alapj\u00e1n van es\u00e9ly erre \u2013, akkor az sokakat elt\u00e1ntor\u00edthat.\r\n\r\nA k\u00f6zvetlen vet\u00e9lyt\u00e1rsak aligha adnak el j\u00e1t\u00e9kost az \u00fajgazdag Unitednek, \u00e9s k\u00e9rd\u00e9s, hogy a Newcastle-\u00fczletetet ferde szemmel n\u00e9z\u0151 ligariv\u00e1lisok mennyire lesznek hajland\u00f3 egy\u00e1ltal\u00e1n \u00fczletelni a sza\u00fadi k\u00e9zbe ker\u00fclt klubbal. Amikor a Manchester City 2009 tel\u00e9n er\u0151s\u00edteni akart, akkor ezzel a probl\u00e9m\u00e1val is k\u00fczd\u00f6tt: a Blackburnnek hi\u00e1ba j\u00f6tt volna j\u00f3l a g\u00f3lv\u00e1g\u00f3j\u00e9rt, <strong>Roque Santa Cruz\u00e9rt<\/strong> aj\u00e1nlott \u00f6sszeg, a Rovers nem volt hajland\u00f3 eladni a paraguayi csat\u00e1rt k\u00f6zvetlen riv\u00e1lis\u00e1nak janu\u00e1rban, b\u00e1r a bajnoks\u00e1g v\u00e9g\u00e9n m\u00e1r \u00e1ld\u00e1s\u00e1t adta az \u00fczletre.\r\n\r\nRizik\u00f3s m\u00e1s bajnoks\u00e1gb\u00f3l PL-tapasztalat n\u00e9lk\u00fcli j\u00e1t\u00e9kosok szerz\u0151dtet\u00e9se: semmi sem garant\u00e1lja a z\u00f6kken\u0151mentes beilleszked\u00e9st, m\u00e1rpedig a Newcastle-nak olyan futballist\u00e1k kellenek, akik azonnal jav\u00edtani tudnak a csapat eredm\u00e9nyess\u00e9g\u00e9n. A legrealist\u00e1bb forgat\u00f3k\u00f6nyv az, hogy a Newcastle olyan j\u00e1t\u00e9kosokat pr\u00f3b\u00e1l k\u00f6lcs\u00f6n- vagy v\u00e9gleges szerz\u0151d\u00e9ssel mag\u00e1hoz \u00e9desgetni, akiknek m\u00e1r van PL-rutinjuk, bizony\u00edtottak az angol \u00e9lvonalban, de valamilyen okb\u00f3l perif\u00e9ri\u00e1ra ker\u00fcltek; ezen k\u00edv\u00fcl egy-k\u00e9t transzfert m\u00e9g ny\u00e9lbe \u00fct k\u00fclf\u00f6ldi vagy a k\u00f6z\u00e9pmez\u0151nybe tartoz\u00f3 angol csapatokkal. \u00c9ppen \u00fagy, ahogyan a Manchester City 2009-ben megszerezte a Chelsea-t\u0151l a kispadoz\u00f3 <strong>Wayne Bridge-t<\/strong> , a West Hamt\u0151l a kiv\u00e1l\u00f3 k\u00e9pess\u00e9g\u0171, \u00e1m nehezen kezelhet\u0151 Craig Bellamyt, az el\u0151rel\u00e9p\u00e9s lehet\u0151s\u00e9g\u00e9t felcsillantva a Newcastle-t\u0151l Shay Givent, vagy a n\u00e9met HSV-t\u0151l a holland Nigel de Jongot. A Citynek azonban k\u00f6nnyebb dolga volt, mint most a Newcastle-nak, hiszen jobb alapokra \u00e9s er\u0151sebb keretre \u00e9p\u00edthetett, \u00edgy a meggy\u0151z\u00e9si potenci\u00e1lja is nagyobb volt.\r\n\r\n<img class=\"wp-image-3050 size-full\" src=\"https:\/\/sport24.24.hu\/app\/uploads\/sites\/24\/2021\/12\/075_fletcher-crystalp211023_npzww.jpg\" alt=\"\" width=\"2000\" height=\"1334\" \/>\r\n<h2>Nagybev\u00e1s\u00e1rl\u00e1s, nagy k\u00e9rd\u0151jellel<\/h2>\r\nAz angol sajt\u00f3ban (f\u0151leg a bulv\u00e1rlapokban) elk\u00e9peszt\u0151 mennyis\u00e9g\u0171 j\u00e1t\u00e9kost boron\u00e1ltak \u00f6ssze az elm\u00falt hetekben a csapattal: csak a Sky Sports \u00e1tigazol\u00e1si pletykagy\u0171jt\u0151j\u00e9ben 41 n\u00e9v szerepel. A fogad\u00f3irod\u00e1kn\u00e1l <strong>James Tarkowski<\/strong> (Burnley), <strong>Aaron Ramsey<\/strong> (Juventus), <strong>Nathan Ak\u00e9<\/strong> (Manchester City), <strong>Wilfried Zaha<\/strong> (Crystal Palace), <strong>Ousmane Demb\u00e9l\u00e9<\/strong> (Barcelona), <strong>Philippe Coutinho<\/strong> (Barcelona) \u00e9s <strong>Jesse Lingard<\/strong> (Manchester United) fizeti a legkevesebbet.\r\n\r\nMeglep\u0151 lenne, ha err\u0151l a list\u00e1r\u00f3l egy vagy k\u00e9t j\u00e1t\u00e9kosn\u00e1l t\u00f6bbet beh\u00fazna janu\u00e1rban a NUFC, m\u00e9g a Juv\u00e9n\u00e1l feleslegess\u00e9 v\u00e1lt Ramsey, vagy a lej\u00e1r\u00f3 szerz\u0151d\u00e9s\u0171 Tarkowski leigazol\u00e1s\u00e1t a legk\u00f6nnyebb elk\u00e9pzelni. Csakhogy Ramsey-re k\u00f6z\u00e9pcsapatok is r\u00e1mozdulhatnak, Tarkowskit pedig egy k\u00f6zvetlen riv\u00e1list\u00f3l kellene megvenni, amely aligha adn\u00e1 el j\u00f3 sz\u00edvvel az egyik legjobbj\u00e1t egy m\u00e1sik kies\u0151jel\u00f6ltnek. A Daily Mirror \u00e1ltal megszell\u0151ztetett lista \u2013 <strong>Mohamed el-Neni<\/strong> (Arsenal),<strong> Lloyd Kelly<\/strong> (Bournemouth), <strong>Joe Rodon<\/strong> (Tottenham), <strong>Sven Botman<\/strong> (Lille), <strong>Matthias Ginter<\/strong> (M\u00f6nchengladbach) \u2013 m\u00e1r f\u00f6ldh\u00f6zragadtabb, itt a k\u00e9rd\u00e9s ink\u00e1bb az, a felsoroltak mennyit tudn\u00e1nak dobni a kies\u00e9s ellen k\u00fczd\u0151 csapaton.\r\n\r\nPersze feltehetj\u00fck ak\u00e1r azt a k\u00e9rd\u00e9st is:\r\n\r\n<span class=\"highlight-block\">akkora baj lenne a projekt szempontj\u00e1b\u00f3l, ha a Newcastle United kiesne? <\/span>\r\n\r\nTiszta lappal le lehetne vez\u00e9nyelni egy teljes \u00e1talak\u00edt\u00e1st, \u00e9s b\u00e1r a Championship brut\u00e1lis dar\u00e1l\u00f3j\u00e1b\u00f3l neh\u00e9z visszajutni, a kiesettek t\u00f6bbs\u00e9g\u00e9vel ellent\u00e9tben a tulajdonosi p\u00e9nzhalom biztos alapot teremtene az \u00fajj\u00e1\u00e9p\u00edt\u00e9shez a Tyne foly\u00f3 partj\u00e1n.\r\n\r\nPreszt\u00edzsszempontb\u00f3l ez az \u00fat mindenk\u00e9ppen ker\u00fclend\u0151 lenne, mivel \u00e9gig \u00e9rne a k\u00e1r\u00f6rvend\u0151 r\u00f6h\u00f6g\u00e9s, ha a vil\u00e1g egyik leggazdagabb klubja kiesne a Premier League-b\u0151l, f\u0151leg, hogy a sza\u00fadi hatalom\u00e1tv\u00e9tel k\u00fcl\u00f6nf\u00e9le okokb\u00f3l sokak szem\u00e9t sz\u00farja. Az A-terv valahogy bent maradni, \u00e9s azt k\u00f6vet\u0151en er\u0151s keret\u00e1talak\u00edt\u00e1s, ahogy azt a Chelsea-n\u00e9l, a Manchester Cityn\u00e9l vagy a Liverpooln\u00e1l is levez\u00e9nyelt\u00e9k az \u00faj befektet\u0151k meg\u00e9rkez\u00e9se ut\u00e1n. Az eml\u00edtettekn\u00e9l a csapat magj\u00e1t alkot\u00f3 j\u00e1t\u00e9kosok fel\u00e9t kicser\u00e9lt\u00e9k k\u00e9t id\u00e9nyen bel\u00fcl, a Newcastle-n\u00e1l ugyanez v\u00e1rhat\u00f3, s\u0151t, n\u00e9h\u00e1ny \u00e9v m\u00falva alighanem h\u00edrmond\u00f3 is alig marad a mostani keretb\u0151l. Csak az nem biztos, hogy az igazi \u00e1talak\u00edt\u00e1s m\u00e1r j\u00f6v\u0151 janu\u00e1rban megkezd\u0151dik.\r\n\r\nMost ugyanis ink\u00e1bb a t\u0171zolt\u00e1s, mintsem az \u00e9p\u00edtkez\u00e9s ideje j\u00f6tt el.\r\n\r\n[prefabricated_shortcode in_app=\"0\" code=\"%3Cdiv%20class%3D%22article_box_border%22%20style%3D%22background%3A%20url%28%27https%3A%2F%2F24.p3k.hu%2Fapp%2Fuploads%2Fsites%2F24%2F2021%2F05%2Fsport24-pattern.png%27%29%20no-repeat%20left%20-16px%20%23f3f3f4%3B%20border%3A%20none%3B%22%3E%0D%0A%3Cdiv%20class%3D%22article_solidheader%22%3E%0D%0A%3Ch2%20style%3D%22color%3A%20%23111115%21important%3B%20font-size%3A%2036px%3B%20font-weight%3A%20bold%3B%20margin-bottom%3A%2030px%3B%20margin-top%3A%2020px%3B%20text-align%3A%20center%3B%20line-height%3A%2036px%3B%22%3E%3Cimg%20class%3D%22aligncenter%20size-full%20wp-image-141%22%20src%3D%22https%3A%2F%2F24.p3k.hu%2Fapp%2Fuploads%2Fsites%2F24%2F2021%2F05%2Fs24-logo-dt.png%22%20alt%3D%22%22%20width%3D%22408%22%20height%3D%2290%22%20%2F%3E%3C%2Fh2%3E%0D%0A%3Ch2%20style%3D%22color%3A%20%23111115%21important%3B%20font-size%3A%2036px%3B%20font-weight%3A%20bold%3B%20margin-bottom%3A%2030px%3B%20margin-top%3A%2020px%3B%20text-align%3A%20center%3B%20line-height%3A%2040px%3B%22%3ECsatlakozz%20a%20Sport24%20k%C3%B6z%C3%B6ss%C3%A9ghez%2C%20mondd%20el%20v%C3%A9lem%C3%A9nyedet%20z%C3%A1rt%20Facebook-csoportunkban%2C%20%C3%A9s%20vegy%C3%A9l%20r%C3%A9szt%20csak%20el%C5%91fizet%C5%91knek%20el%C3%A9rhet%C5%91%20exkluz%C3%ADv%20esem%C3%A9nyeinken.%3C%2Fh2%3E%0D%0A%3C%2Fdiv%3E%0D%0A%3Cp%20style%3D%22background%3A%20%2357A600%3B%20margin-top%3A%2020px%3B%20padding%3A%2020px%3B%20text-align%3A%20center%3B%22%3E%3Ca%20style%3D%22color%3A%20%23ffffff%3B%20font-size%3A%2026px%3B%20font-weight%3A%20600%3B%22%20href%3D%22https%3A%2F%2Fwww.facebook.com%2Fgroups%2F212344460412327%22%3ECSATLAKOZOM%3C%2Fa%3E%3C%2Fp%3E%0D%0A%0D%0A%3C%2Fdiv%3E\"]","type":"rich","thumbnail_url":"https:\/\/s.24.hu\/app\/uploads\/sites\/24\/2021\/12\/000_9tp4j6-150x150.jpg","thumbnail_width":150,"thumbnail_height":150}