{"version":"1.0","provider_name":"Sport24","provider_url":"https:\/\/sport24.24.hu","author_name":"Bruckner G\u00e1bor","author_url":"https:\/\/sport24.24.hu\/author\/brucknerg\/","title":"A magyar futballnak sosem volt Kisv\u00e1rd\u00e1ja, de vid\u00e9ki csod\u00e1ja nem is egy akadt","html":"A BTC k\u00e9t els\u0151s\u00e9ge ut\u00e1n az els\u0151 olyan bajnok, amely nem az FTC, MTK, \u00dajpest h\u00e1rmasb\u00f3l ker\u00fclt ki, a Csepel volt. Amikor felt\u00f6rt, kis klubnak m\u00e1r nem lehetett nevezni, mert az 1922-ben elhunyt <strong>Weiss Manfr\u00e9d<\/strong> csal\u00e1dja 1937-ben megv\u00e1s\u00e1rolta az egyes\u00fcletet, \u00e9s 1938-ban megt\u00f6rt\u00e9nt az \u00faj stadion els\u0151 kapav\u00e1g\u00e1sa. A csapat 1940-ben jutott fel az els\u0151 oszt\u00e1lyba, s 1942 nyar\u00e1n m\u00e1r arany\u00e9rmet \u00fcnnepelt. A Nemzeti Sport azt \u00edrta: \u201eNem vit\u00e1s, hogy a Csepelnek a bajnoks\u00e1got els\u0151sorban a v\u00e9delme szerezte meg.\u201d Na most, a diadalmas g\u00e1rda g\u00f3lar\u00e1nya 92:49 volt...\r\n\r\n<strong>Szabadkai Lajos<\/strong> egymaga 27 g\u00f3lt \u00e9rt el, a Gamma elleni 8-4 alkalm\u00e1val p\u00e9ld\u00e1ul, amely v\u00e9glegess\u00e9 tette a \u201eszigetv\u00e1rosi\u201d els\u0151s\u00e9get, hatot v\u00e1gott be. Hat tov\u00e1bbi tal\u00e1lkoz\u00f3n dupl\u00e1zott, a Horthy Mikl\u00f3s stadionban mesterh\u00e1rmast \u00e9rt el az \u00dajvid\u00e9k ellen (3-1). A csapat a legt\u00f6bbsz\u00f6r a <strong>D\u00f3sai \u2013 K\u00e1ll\u00f3i, Szalai \u2013 Kapta, Olajk\u00e1r II, Dud\u00e1s \u2013 Kiss II, Marosv\u00e1ri,<\/strong> Szabadkai, <strong>J\u00e4ger, Pint\u00e9r<\/strong> \u00f6ssze\u00e1ll\u00edt\u00e1sban l\u00e9pett fel, \u00e9s 17 meccsen szerepelt bizonyos V\u00e1radi B\u00e9la is. A kerethez tartozott <strong>R\u00e1kosi Ferenc<\/strong>, aki ut\u00f3bb k\u00e9tszeres v\u00e1logatott\u00e1 l\u00e9pett el\u0151. A keretben t\u00f6bbsz\u00f6r is megfordult, \u00e9s 1948-ban, a 9-0-s magyar\u2013rom\u00e1non, amely ut\u00e1n <strong>R\u00e1kosi M\u00e1ty\u00e1s<\/strong> bel\u00e1togatott az ellenfel\u00e9t megsz\u00f3r\u00f3 v\u00e1logatott \u00f6lt\u00f6z\u0151j\u00e9be, <strong>Pusk\u00e1s Ferenc<\/strong> elki\u00e1ltotta mag\u00e1t:\r\n<blockquote class=\"small-quote\">R\u00e1kosi, adj egy t\u00f6r\u00fclk\u00f6z\u0151t!<\/blockquote>\r\nA csepeli fedezet Rottenbillerr\u0151l magyaros\u00edtott R\u00e1kosira, majd felsz\u00f3l\u00edt\u00e1st kapott a kedves vezet\u0151 titk\u00e1rs\u00e1g\u00e1r\u00f3l, hogy a j\u00f6v\u0151ben sz\u00edveskedj\u00e9k m\u00e1s n\u00e9ven futballozni. Hallgatott az esz\u00e9re, R\u00e1tkai lett bel\u0151le...\r\n\r\nA Csepel az 1942\/43-as \u00e9vadban megism\u00e9telte siker\u00e9t, ez\u00fattal 90:51-es g\u00f3lar\u00e1nnyal \u00e9s k\u00e9tszer annyi veres\u00e9ggel (hattal), mint az el\u0151z\u0151 szezonban. Igaz, a gy\u0151zelmek sz\u00e1ma (21, nyer\u0151) megegyezett. A nyit\u00e1ny aggaszt\u00f3 volt \u2013 2-1-es veres\u00e9g Szombathelyen \u2013, a hatodik fordul\u00f3 meg egyenesen sz\u00f6rny\u0171, mert a Nagyv\u00e1rad 8-2-es csap\u00e1st m\u00e9rt a piros-k\u00e9kekre. A NAC v\u00e9gig szorongatta a Csepelt, a vet\u00e9lked\u00e9s csak az utols\u00f3 fordul\u00f3ban d\u0151lt el, amikor a c\u00edmv\u00e9d\u0151k \u2013 Marosv\u00e1ri B\u00e9la \u00e9s a felejthetetlen <strong>Fuszek Kamill<\/strong> g\u00f3lj\u00e1val \u2013 2-0-ra nyertek Salg\u00f3tarj\u00e1nban.\r\n<div class=\"payable-content-section\"><\/div>\r\nAz \u00fajabb diadalokat megg\u00e1tolta a Weiss csal\u00e1d t\u00f6bb tagj\u00e1nak letart\u00f3ztat\u00e1sa \u00e9s l\u00e1gerbe sz\u00e1ll\u00edt\u00e1sa. Mivel a Weiss, valamint az abba beh\u00e1zasodott Chorin \u00e9s Kornfeld csal\u00e1d termelte Magyarorsz\u00e1g korabeli GDP-j\u00e9nek t\u00edz sz\u00e1zal\u00e9k\u00e1t, <strong>Heinrich Himmler<\/strong> szemet vetett a vagyonra, \u00e9s megb\u00edzottj\u00e1n kereszt\u00fcl azt az aj\u00e1nlatot tette az elhurcolt <strong>dr. Chorin Ferencnek<\/strong>, hogy amennyiben a fam\u00edlia huszon\u00f6t \u00e9vre \u00e1tengedi \u00f6sszes v\u00e1llalat\u00e1t az SS-nek, \u00fagy a csal\u00e1d negyven tagja szabadon t\u00e1vozhat. \u00cdgy is t\u00f6rt\u00e9nt, a t\u00f6bbs\u00e9g Portug\u00e1li\u00e1ba \u00e9s Sv\u00e1jcba ment, \u00f6ten pedig \u201ebiztos\u00edt\u00e9kk\u00e9nt\u201d B\u00e9csben maradtak, ahol a v\u00e1roson bel\u00fcl mozoghattak, de a telep\u00fcl\u00e9st nem hagyhatt\u00e1k el.\r\n\r\n<span class=\"highlight-block\">A csepeli csoda 1948-ban folytat\u00f3dott.<\/span>\r\n\r\nAz utols\u00f3 fordul\u00f3 el\u0151tt az volt a helyzet: a Csepel\u2013FTC-n b\u00e1rmelyik csapat nyer, bajnok, ha viszont d\u00f6ntetlennel z\u00e1rul a tal\u00e1lkoz\u00f3, \u00e9s a Vasas gy\u0151z \u00dajpesten az MTK ellen, akkor az angyalf\u00f6ldi csapat az els\u0151. A csepeli sporttelepet \u2013 nem vicc \u2013 34 ezresre b\u0151v\u00edtett\u00e9k, a szurkol\u00f3kat sz\u00e1ll\u00edt\u00f3 buszok percenk\u00e9nt indultak a Bor\u00e1ros t\u00e9rr\u0151l. \u00dagy n\u00e9zett ki, nem lesz izgalom, mert a Ferencv\u00e1ros m\u00e1r a harmadik percben 2-0-ra vezetett. Hanem azt\u00e1n... Az utols\u00f3 t\u00edz perchez 3-3-mal \u00e9rkeztek a vet\u00e9lyt\u00e1rsak, \u00e1m addigra a Csepelb\u0151l <strong>R\u00e9deit<\/strong> \u00e9s <strong>Szentesit<\/strong>, az FTC-b\u0151l <strong>Lakatot<\/strong> ki\u00e1ll\u00edtotta <strong>Kamar\u00e1s<\/strong> j\u00e1t\u00e9kvezet\u0151. R\u00e1ad\u00e1sul k\u00e9t hazai j\u00e1t\u00e9kos, K\u00f3nya \u00e9s Nagy II \u00f6sszefejelt, s mind\u00f6ssze h\u00e9t csepeli labdar\u00fag\u00f3 volt a p\u00e1ly\u00e1n, amikor <strong>Henni<\/strong> kapus kiejtett egy k\u00f6nny\u0171 labd\u00e1t, \u00e9s Pint\u00e9r bepasszolta a vend\u00e9gl\u00e1t\u00f3k gy\u0151ztes g\u00f3lj\u00e1t (4-3).\r\n\r\nEkkor m\u00e1r a Vasas-drukkerek tobz\u00f3dtak Megyeren (20 000 n\u00e9z\u0151), mert ott az a h\u00edr terjedt el, hogy Csepelen 3-3 a v\u00e9geredm\u00e9ny. K\u00e9pzelj\u00e9k a 2-0-s angyalf\u00f6ldi sikert \u00e9s a bajnoki c\u00edmet \u00fcnnepl\u0151 szurkol\u00f3k csal\u00f3d\u00e1s\u00e1t, amikor kider\u00fclt, hogy az arany\u00e9rem k\u00e9ts\u00e9gk\u00edv\u00fcl piros-k\u00e9kek\u00e9, de nem a Vasas\u00e9...\r\n\r\n<img class=\"size-full wp-image-3021 aligncenter\" src=\"https:\/\/sport24.24.hu\/app\/uploads\/sites\/24\/2021\/12\/csepel.jpg\" alt=\"\" width=\"757\" height=\"513\" \/>\r\n\r\nA tizenharmadik ker\u00fcletiek m\u00e9g egyszer megj\u00e1rt\u00e1k a Csepellel. Az 1958\/59-es \u00e9vad utols\u00f3 el\u0151tti fordul\u00f3j\u00e1t megel\u0151z\u0151en a Csepel \u00e9s a Vasas \u00e1llt az els\u0151 k\u00e9t helyen, \u00edgy az MLSZ kett\u0151s rangad\u00f3t szervezett a N\u00e9pstadionba, FTC\u2013\u00da. D\u00f3zsa el\u0151m\u00e9rk\u0151z\u00e9ssel. Csakhogy k\u00e9t nappal a dupla derbi el\u0151tt a Vasas beadv\u00e1nnyal fordult a sz\u00f6vets\u00e9ghez, eml\u00e9keztetve a vez\u00e9rkart arra, hogy a ki\u00edr\u00e1s szerint az utols\u00f3 h\u00e1rom fordul\u00f3 m\u00e9rk\u0151z\u00e9seit egy id\u0151ben kell megrendezni. M\u00e1rpedig az FTC\u2013\u00dajpest \u00e9s a Csepel\u2013Vasas m\u00e9rk\u0151z\u00e9s szerepl\u0151i a m\u0171sorrend alapj\u00e1n aligha lehetnek ugyanakkor a p\u00e1ly\u00e1n... Az MLSZ nem tehetett m\u00e1st, helyt adott az \u00f3v\u00e1snak, \u00e9s minden drukker, aki nem akart kimenni a sz\u00f3l\u00f3 z\u00f6ld\u2013lila tal\u00e1lkoz\u00f3ra, visszav\u00e1lthatta a jegy\u00e9t.\r\n\r\nA Vasas pedig a F\u00e1y utc\u00e1ban fogadta a Csepelt, \u00e9s a nagy es\u0151ben is \u00e9gett. A vend\u00e9gcsapat <strong>Bulla<\/strong> szabadr\u00fag\u00e1s\u00e1val a tizedik percben v\u00e1ratlanul vezet\u00e9st szerzett, s ez \u00f6sszezavarta az els\u0151 bajnoki c\u00edm\u00e9t 1957-ben \u00fcnnepl\u0151 hazai csapatot. A v\u00e9ge 0-3 lett, majd az arany\u00e9rem favoritj\u00e1nak tartott Vasas m\u00e9g a dobog\u00f3ra sem ker\u00fclt! A v\u00e9geredm\u00e9ny ez volt: 1. Csepel 34 pont, 2. MTK 34, 3. Honv\u00e9d 33, 4. Vasas 33.\r\n\r\nS ha m\u00e1r a Nagyv\u00e1rad sz\u00f3ba ker\u00fclt, h\u00e1t\r\n\r\n<span class=\"highlight-block\">a NAC els\u0151s\u00e9ge is meg\u00e9r egy mis\u00e9t. <\/span>\r\n\r\nEl\u0151sz\u00f6r \u00e9s utolj\u00e1ra fordult el\u0151 a futball t\u00f6rt\u00e9net\u00e9ben, hogy a partiumi v\u00e1ros csapata magyar bajnok lett. Tizenh\u00e1rom pontot vert az ez\u00fcst\u00e9rmes FTC-re, amelyet 1944. m\u00e1jus 21-\u00e9n 5-1-re legy\u0151z\u00f6tt. H\u00e1rom nappal k\u00e9s\u0151bb a Nemzeti Sport n\u00e9gysoros szalagc\u00edmben m\u00e9ltatta, hogy \u201e<strong>Szt\u00f3jay D\u00f6me<\/strong> minisztereln\u00f6k hatalmas besz\u00e9d\u00e9ben hitet tett a magyar ifj\u00fas\u00e1g sp\u00e1rtai szellem\u0171 nevel\u00e9se mellett\u201d. A cikkben \u2013 egyebek k\u00f6zt \u2013 ez \u00e1llt: \u201eA n\u00e9met n\u00e9p vez\u00e9re is \u00e1lland\u00f3an \u00e9s nyomat\u00e9kosan hangs\u00falyozta, hogy a korszer\u0171 nevel\u00e9sben mindenn\u00e9l fontosabb a makkeg\u00e9szs\u00e9ges test, a szil\u00e1rd jellem, az akarater\u0151, az elhat\u00e1roz\u00f3k\u00e9pess\u00e9g \u00e9s a felel\u0151ss\u00e9g\u00e9rzet.\u00a0 (\u2026) Minisztereln\u00f6k\u00fcnk szavai ism\u00e9t meger\u0151s\u00edtenek minket abban a szent meggy\u0151z\u0151d\u00e9s\u00fcnkben, hogy ez az egyed\u00fcli helyes \u00fat.\u201d\r\n\r\nA F\u00fchrer \u00fatja, tetszik \u00e9rteni.\r\n\r\nA <strong>V\u00e9csey \u2013 M\u00e9sz\u00e1ros, \u00d3nody \u2013 Per\u00e9nyi, Juh\u00e1sz, Dem\u00e9nyi \u2013 L\u00f3r\u00e1nt, Bodola, S\u00e1rv\u00e1ri, Barna, T\u00f3th III<\/strong> \u00f6sszet\u00e9tel\u0171 NAC a BSzKRT 9-2-es legy\u0151z\u00e9s\u00e9vel z\u00e1rta a szezont. E meccsen a jobbsz\u00e9ls\u0151t j\u00e1tsz\u00f3 L\u00f3r\u00e1nt Gyula \u00f6t g\u00f3lt szerzett. Aznap a Kinizsi 5-3-ra kikapott az \u00dajpestt\u0151l, \u00e9s kiesett. A Kinizsi a Vasas volt. Kiss\u00e9 megv\u00e1ltoztatt\u00e1k a nev\u00e9t, az elnyom\u00e1sos alapon elkeresztelt klubok els\u0151 Kinizsije lett. Az FTC-Kinizsit m\u00e1r csak lem\u00e1solt\u00e1k. (Annak ellen\u00e9re is, hogy a m\u00e1sodik vil\u00e1gh\u00e1bor\u00fa ut\u00e1n a rend\u0151r-f\u0151kapit\u00e1ny, majd bel\u00fcgyminiszter, 1958 \u00e9s 1961 k\u00f6z\u00f6tt minisztereln\u00f6k <strong>M\u00fcnnich Ferenc<\/strong> is volt az FTC eln\u00f6ke.)\r\n\r\n<span class=\"highlight-block-small\">Az \u00fajabb vid\u00e9ki bajnoki c\u00edmet 1963-ban a Gy\u0151ri ETO nyerte. De a Ferencv\u00e1ros hozta \u00f6ssze. <\/span>\r\n\r\nAz FTC az utols\u00f3 h\u00e1rom fordul\u00f3ban 7-2-re kikapott a Honv\u00e9dt\u00f3l, majd egyar\u00e1nt 2-1-re a Szegedt\u0151l \u00e9s a Dorogt\u00f3l. Egy pont is el\u00e9g lett volna az els\u0151s\u00e9g\u00e9hez... Az ETO-nak annyi es\u00e9lye volt, hogy aznap, amikor a Ferencv\u00e1ros Dorogon l\u00e9pett p\u00e1ly\u00e1ra, a gy\u0151riek edz\u0151meccset j\u00e1tszottak Sopronban a helyi Textilessel. Ott \u00e9rtes\u00fcltek arr\u00f3l: a klub t\u00f6rt\u00e9net\u00e9ben el\u0151sz\u00f6r NB I-es arany\u00e9rmet nyertek. Abbahagyt\u00e1k a j\u00e1t\u00e9kot, \u00e9s indultak vissza Gy\u0151rbe, ahol t\u00f6bb ezren v\u00e1rt\u00e1k \u0151ket az utc\u00e1kon. A kiz\u00e1r\u00f3lag \u0151szi id\u00e9nyben, teh\u00e1t egyfelvon\u00e1sos bajnoks\u00e1gban a legt\u00f6bbsz\u00f6r ez a csapat szerepelt: <strong>Barna<\/strong> (7 m\u00e9rk\u0151z\u00e9s) \u2013 <strong>Keglovich<\/strong> (13), <strong>Kiss<\/strong> (7), <strong>Tam\u00e1s<\/strong> (11) \u2013 <strong>Palotai<\/strong> (13), <strong>M\u00e1t\u00e9<\/strong> (12) \u2013 <strong>Szal\u00f3<\/strong> (8), <strong>Ko\u00f3s<\/strong> (8), <strong>Orosz<\/strong> (12), <strong>Kors\u00f3s<\/strong> (13), <strong>Pov\u00e1zsai<\/strong> (11). A Dorogon \u00f6t perccel a befejez\u00e9s el\u0151tt az FTC h\u00e1l\u00f3j\u00e1ba z\u00f6rget\u0151 <strong>Szuromi Antalt<\/strong> pedig Gy\u0151r tiszteletbeli d\u00edszpolg\u00e1r\u00e1v\u00e1 avatt\u00e1k...\r\n\r\nEltelt tizenkilenc \u00e9v, \u00e9s az ETO ism\u00e9t lapot h\u00fazott. A csapat 1980\/81-es n\u00e9z\u0151\u00e1tlaga 3500 volt. Ez a k\u00f6vetkez\u0151 szezonban felment 10 559-re, majd 1982\/83-ban 16 667-re. Mindk\u00e9t \u00e9vadban a Gy\u0151r h\u00f3d\u00edtotta el az arany\u00e9rmet, els\u0151re 102-50-es, meglehet\u0151sen meggy\u0151z\u0151 g\u00f3lk\u00fcl\u00f6nbs\u00e9ggel. A hazai m\u00e9rleg \u00edgy festett: 17 m\u00e9rk\u0151z\u00e9s, 16 gy\u0151zelem, egy d\u00f6ntetlen, 72-15. A k\u00f6z\u00e9pp\u00e1ly\u00e1s \u00e9s a csat\u00e1rh\u00e1rmas tagjai 92 g\u00f3lt szereztek a 102-b\u0151l: <strong>Hannich<\/strong> 22-t, <strong>P\u00f3czik<\/strong> 10-et, <strong>Burcsa<\/strong> 12-t, <strong>Szab\u00f3 Ott\u00f3<\/strong> szint\u00e9n 12-t, <strong>Szentes<\/strong> 21-et, <strong>Hajsz\u00e1n<\/strong> 15-\u00f6t jegyzett. A g\u00e1rda az els\u0151 fordul\u00f3ban 4-3-ra kikapott \u00d3zdon, a d\u00f6nt\u0151 rangad\u00f3n viszont 4-3-ra nyert az FTC ellen az \u00dcll\u0151i \u00faton.\r\n\r\nA nyom\u00e1s a gy\u0151ri vend\u00e9geken az \u00fajabb bajnoks\u00e1gban sem cs\u00f6kkent: az ETO-stadionban 13-szor gy\u0151z\u00f6tt, m\u00edg a Vasas (2-2) \u00e9s az FTC ellen (3-3) d\u00f6ntetlent \u00e9rt el a csapat. A diadalok h\u00e1rom legnagyobbja \u00edgy sorakozott: MTK 6-0, \u00dajpest 6-1, Di\u00f3sgy\u0151r 7-3. A Kisalf\u00f6ld azt \u00edrta az arany\u00e9rmes egy\u00fcttes teljes\u00edtm\u00e9ny\u00e9r\u0151l: \u201eValahogy \u00edgy k\u00e9pzelj\u00fck a Nagy J\u00e1t\u00e9kot, a labdar\u00fag\u00e1st.\u201d\r\n\r\n<span class=\"highlight-block-small\">Verebes J\u00f3zsef edz\u0151, mik\u00e9nt az el\u0151z\u0151 \u00e9vadz\u00e1r\u00e1skor, labdar\u00fag\u00f3i v\u00e1ll\u00e1n vonult az \u00f6lt\u00f6z\u0151be, a v\u00e1rosban aznap ism\u00e9t meg\u00e1llt, pontosabban akkor kezd\u0151d\u00f6tt csak igaz\u00e1n az \u00e9let. <\/span>\r\n\r\nA gy\u0151riek vigass\u00e1g\u00e1n az sem v\u00e1ltoztatott, hogy a bajnokavat\u00e1sr\u00f3l az MLSZ t\u00e1vol maradt...\r\n<h3>A Ferencv\u00e1ros elleni 3-3-as d\u00f6ntetlen:<\/h3>\r\nhttps:\/\/www.youtube.com\/watch?v=iEHIDhWhY0w&amp;ab_channel=MLSZTVArch%C3%ADv\r\n\r\nAzt\u00e1n \u00fajabb tizenegy esztend\u0151t kellett v\u00e1rni vid\u00e9ki bajnokra. Azoknak, akik az ut\u00f3bbi dek\u00e1dokban szocializ\u00e1l\u00f3dtak, el kell mondani, hogy a magyar futball kr\u00e9mje valaha sok \u00e9vtizeden \u00e1t egyet jelentett a f\u0151v\u00e1rossal. A Debrecenr\u0151l, Duna\u00fajv\u00e1rosr\u00f3l vagy a Videoton bajnoki c\u00edmeir\u0151l az\u00e9rt nem esik sz\u00f3, mert ezek m\u00e1r akkor keletkeztek, amikor a pesti prim\u00e1tus nemhogy megsz\u0171nt, de a szuter\u00e9nbe hurcolkodtak a valaha a penthouse-ok terasz\u00e1n napf\u00fcrd\u0151z\u0151 f\u0151v\u00e1rosi futballist\u00e1k. A V\u00e1c 1994-es bajnoks\u00e1ga hat\u00e1reset, m\u00e9gpedig az\u00e9rt, mert az FTC 1995-ben bejutott a Bajnokok Lig\u00e1j\u00e1ba, s\u0151t ott \u00f6t pontot szerzett. \u00c1m n\u00e9gy nappal az utols\u00f3 NB I-es fordul\u00f3 el\u0151tt, 1994. j\u00fanius elsej\u00e9n a v\u00e1logatott 7-1-es veres\u00e9get szenvedett Eindhovenben a hollandokt\u00f3l. A magyarok k\u00f6z\u00fcl egyed\u00fcl a v\u00e1ci <strong>Puglits G\u00e1bor<\/strong> kapott 5-\u00f6s oszt\u00e1lyzatot, mindenki m\u00e1s \u2013 <strong>Lipcsei P\u00e9tert\u0151l Ill\u00e9s B\u00e9l\u00e1ig<\/strong> \u2013 4-essel vagy 3-assal volt k\u00e9nytelen be\u00e9rni (1-t\u0151l 10-ig).\r\n\r\nA V\u00e1c az el\u0151z\u0151 k\u00e9t szezonban egyar\u00e1nt ez\u00fcst\u00e9rmes volt, mindk\u00e9tszer egy ponttal szorult az FTC, illetve a Honv\u00e9d m\u00f6g\u00e9. Majd az 1993\/94-es \u00e9vad els\u0151 fordul\u00f3j\u00e1ban 2-1-re gy\u0151z\u00f6tt Kispesten. Ez megalapozta a folytat\u00e1st, a Pest megyei csapat az eg\u00e9sz vet\u00e9lked\u00e9s sor\u00e1n mind\u00f6ssze h\u00e1rom veres\u00e9get szenvedett. Az alapfel\u00e1ll\u00e1s ez volt: <strong>Koszta<\/strong> (29 m\u00e9rk\u0151z\u00e9s) \u2013 Puglits (27), <strong>Nagy Tibor<\/strong> (27), <strong>Hahn<\/strong> (30), <strong>Aranyos<\/strong> (26) \u2013 <strong>Nyilas<\/strong> (29), <strong>Kriska<\/strong> (27), <strong>Simon Antal<\/strong> (21), <strong>V\u00edg<\/strong> (21) \u2013 <strong>F\u00fcle<\/strong> (25), <strong>Romanek<\/strong> (26). A szaksajt\u00f3 azt \u00edrta r\u00f3luk:\r\n<blockquote class=\"small-quote\">Nyolcvan sz\u00e1zal\u00e9kuk nem tartozik az isten\u00e1ldotta tehets\u00e9gek k\u00f6z\u00e9.<\/blockquote>\r\nA v\u00e1ci \u00e1tlag n\u00e9z\u0151sz\u00e1m csak 4100-ra r\u00fagott, \u00e1m akkoriban m\u00e1r a Vasas\u00e9 is 4347, az \u00dajpest\u00e9 4033, az MTK-\u00e9 2533 volt. Ez azonban a legkev\u00e9sb\u00e9 sem befoly\u00e1solta a szegedi ifj\u00fa kor\u00e1ban opera\u00e9nekesnek k\u00e9sz\u00fcl\u0151 L\u00e1szl\u00f3 Attil\u00e1t. A technikai vezet\u0151 a Sz\u00f6ktet\u00e9s a szer\u00e1jb\u00f3l c\u00edm\u0171 Mozart-dalj\u00e1t\u00e9kot t\u0171zte m\u0171sorra, abb\u00f3l \u00e9nekelte m\u00e1morosan: \u201eAkinek ennyi j\u00f3 kev\u00e9s, azt \u00e9rje g\u00e1ncs \u00e9s megvet\u00e9s...\u201d\r\n\r\n[prefabricated_shortcode in_app=\"0\" code=\"%3Cdiv%20class%3D%22article_box_border%22%20style%3D%22background%3A%20url%28%27https%3A%2F%2F24.p3k.hu%2Fapp%2Fuploads%2Fsites%2F24%2F2021%2F05%2Fsport24-pattern.png%27%29%20no-repeat%20left%20-16px%20%23f3f3f4%3B%20border%3A%20none%3B%22%3E%0D%0A%3Cdiv%20class%3D%22article_solidheader%22%3E%0D%0A%3Ch2%20style%3D%22color%3A%20%23111115%21important%3B%20font-size%3A%2036px%3B%20font-weight%3A%20bold%3B%20margin-bottom%3A%2030px%3B%20margin-top%3A%2020px%3B%20text-align%3A%20center%3B%20line-height%3A%2036px%3B%22%3E%3Cimg%20class%3D%22aligncenter%20size-full%20wp-image-141%22%20src%3D%22https%3A%2F%2F24.p3k.hu%2Fapp%2Fuploads%2Fsites%2F24%2F2021%2F05%2Fs24-logo-dt.png%22%20alt%3D%22%22%20width%3D%22408%22%20height%3D%2290%22%20%2F%3E%3C%2Fh2%3E%0D%0A%3Ch2%20style%3D%22color%3A%20%23111115%21important%3B%20font-size%3A%2036px%3B%20font-weight%3A%20bold%3B%20margin-bottom%3A%2030px%3B%20margin-top%3A%2020px%3B%20text-align%3A%20center%3B%20line-height%3A%2040px%3B%22%3ECsatlakozz%20a%20Sport24%20k%C3%B6z%C3%B6ss%C3%A9ghez%2C%20mondd%20el%20v%C3%A9lem%C3%A9nyedet%20z%C3%A1rt%20Facebook-csoportunkban%2C%20%C3%A9s%20vegy%C3%A9l%20r%C3%A9szt%20csak%20el%C5%91fizet%C5%91knek%20el%C3%A9rhet%C5%91%20exkluz%C3%ADv%20esem%C3%A9nyeinken.%3C%2Fh2%3E%0D%0A%3C%2Fdiv%3E%0D%0A%3Cp%20style%3D%22background%3A%20%2357A600%3B%20margin-top%3A%2020px%3B%20padding%3A%2020px%3B%20text-align%3A%20center%3B%22%3E%3Ca%20style%3D%22color%3A%20%23ffffff%3B%20font-size%3A%2026px%3B%20font-weight%3A%20600%3B%22%20href%3D%22https%3A%2F%2Fwww.facebook.com%2Fgroups%2F212344460412327%22%3ECSATLAKOZOM%3C%2Fa%3E%3C%2Fp%3E%0D%0A%0D%0A%3C%2Fdiv%3E\"]","type":"rich","thumbnail_url":"https:\/\/s.24.hu\/app\/uploads\/sites\/24\/2021\/12\/cirkovic-150x150.jpg","thumbnail_width":150,"thumbnail_height":150}