{"version":"1.0","provider_name":"Sport24","provider_url":"https:\/\/sport24.24.hu","author_name":"Bruckner G\u00e1bor","author_url":"https:\/\/sport24.24.hu\/author\/brucknerg\/","title":"Kamikaze foci, nyeretlen k\u00e9t\u00e9ves \u2013 ilyen volt az olasz csapatok kupa\u0151sze","html":"<strong>JUVENTUS <\/strong><strong>(Bajnokok Lig\u00e1ja-csoport, 1. hely, 5 gy\u0151zelem, 1 veres\u00e9g, 10-6-os g\u00f3lk\u00fcl\u00f6nbs\u00e9g)<\/strong>\r\n\r\nA Chelsea elleni hazai m\u00e9rk\u0151z\u00e9s (1-0) ut\u00e1n \u00fagy t\u0171nt, a Juventus k\u00f6zel \u00e1ll ahhoz, hogy el\u00e9rje a hat-nyolc \u00e9vvel ezel\u0151tti topkateg\u00f3ri\u00e1s szintj\u00e9t. N\u00e9h\u00e1ny h\u00e9ttel k\u00e9s\u0151bb, a Chelsea elleni m\u00e1sik meccsen (0-4) azt\u00e1n kider\u00fclt, hogy ez jelenleg csak \u00e1lom. Ami emellett t\u00f6rt\u00e9nt \u2013 k\u00e9t-k\u00e9t gy\u0151zelem a Zenit \u00e9s a Malm\u00f6 ellen \u2013, a BL-nyolcadd\u00f6nt\u0151 szempontj\u00e1b\u00f3l nem m\u00e9rvad\u00f3. \u00d6r\u00f6m, hogy <strong>Kean<\/strong> v\u00e9gre szerzett egy g\u00f3lt, m\u00e9g nagyobb \u00f6r\u00f6m, hogy <strong>Bernardeschi<\/strong> is elkezdett g\u00f3lpasszokat adni, de ez a Juventus egyel\u0151re er\u0151s k\u00f6zepes. A nyolcadd\u00f6nt\u0151s tov\u00e1bbjut\u00e1s nem rem\u00e9nytelen \u2013 hacsak nem a PSG-t h\u00fazz\u00e1k ki a csapatnak \u2013, de azt\u00e1n\r\n\r\n<span class=\"highlight-block\">nem t\u00fal nagy rem\u00e9nyekkel \u00fcln\u00e9k le egy Bayern vagy Manchester City elleni p\u00e1ros meccs el\u00e9. <\/span>\r\n\r\nAz el\u0151z\u0151 h\u00e1rom szezon t\u00fckr\u00e9ben, persze, ne legy\u00fcnk maximalist\u00e1k: jelenleg a Juve sz\u00e1m\u00e1ra a negyedd\u00f6nt\u0151 is hatalmas el\u0151rel\u00e9p\u00e9s lenne.\r\n\r\n<strong>INTERNAZIONALE <\/strong><strong>(Bajnokok Lig\u00e1ja-csoport, 2. hely, 3 gy\u0151zelem, 1 d\u00f6ntetlen, 2 veres\u00e9g, 8-5-\u00f6s g\u00f3lk\u00fcl\u00f6nbs\u00e9g)<\/strong>\r\n\r\nA Sheriff Tiraspol \u00e9s a Sahtar Donyeck ellen \u00f6sszej\u00f6tt 10 pont, amire ak\u00e1r legyinthetn\u00e9nk is, ha nem tudn\u00e1nk, hogy az Internazionale t\u00edz \u00e9v ut\u00e1n el\u0151sz\u00f6r \u00e9lte t\u00fal a csoportk\u00f6rt a Bajnokok Lig\u00e1j\u00e1ban. A Real Madrid ellen ugyanakkor a g\u00f3lszerz\u00e9s sem siker\u00fclt, \u00e9s a madridi meccs BL-rekordot \u00e9r\u0151 statisztik\u00e1ja (17 kapura l\u00f6v\u00e9s, 0 g\u00f3l) el\u00e1rulja, mi a gond id\u00e9n az Interrel: hosszan lehetne sorolni azokat a tal\u00e1lkoz\u00f3kat (a BL-b\u0151l mindj\u00e1rt a Real elleni mil\u00e1n\u00f3i \u00e9s a Sahtar elleni ukrajnai meccset), amelyeken a helyzetek \u00e9s a j\u00e1t\u00e9k k\u00e9pe alapj\u00e1n az Internek gy\u0151znie kellett volna, m\u00e9gsem gy\u0151z\u00f6tt. P\u00e1nikra \u00edgy sincs azonban ok: <strong>Lukaku<\/strong> \u00e9s <strong>Conte<\/strong> t\u00e1voz\u00e1sa ut\u00e1n meglep\u0151en sima az \u00e1tmenet, a horv\u00e1tok (<strong>Brozovic, Perisic<\/strong>) brill\u00edroznak, \u00e9s egyel\u0151re <strong>Dzeko<\/strong> sem nyugd\u00edjas temp\u00f3ban futballozik.\r\n<div class=\"payable-content-section\"><\/div>\r\n<strong>ATALANTA <\/strong><strong>(Bajnokok Lig\u00e1ja-csoport, 3. hely, 1 gy\u0151zelem, 3 d\u00f6ntetlen, 2 veres\u00e9g, 12-13-as g\u00f3lk\u00fcl\u00f6nbs\u00e9g)<\/strong>\r\n\r\n<strong>Gasperini<\/strong> \u00e9vek \u00f3ta mantr\u00e1zza, hogy az Atalant\u00e1nak tapasztalatra van sz\u00fcks\u00e9ge ahhoz, hogy a fontos meccseket megnyerje. Hogy a csapat ne kapjon folyton g\u00f3lokat a hajr\u00e1ban, hogy ne legyen annyi egy\u00e9ni hiba. Erre mi t\u00f6rt\u00e9nik a Villarreal elleni sorsd\u00f6nt\u0151 meccs harmadik perc\u00e9ben? A presszing sor\u00e1n <strong>Demiral<\/strong> \u00e9s <strong>De Roon<\/strong> egym\u00e1sra v\u00e1r, az Atalanta t\u00e9rfele \u00fcresen marad, <strong>Danjuma<\/strong> pedig a kapuig gyalogol. El\u00e9g ideges\u00edt\u0151. A m\u00e1sodik f\u00e9lid\u0151 elej\u00e9n m\u00e1r 3-0-ra vezetett a Villarreal, \u00e9s b\u00e1r a hajr\u00e1 izgalmass\u00e1 v\u00e1lt, a bergam\u00f3iaknak maradt az Eur\u00f3pa Liga. Hat meccsen egy sov\u00e1nyka gy\u0151zelem a Young Boys ellen \u2013 ez marad meg az eml\u00e9kezetben, nem az, hogy a Manchester United ellen milyen j\u00f3l j\u00e1tszott a csapat. Ett\u0151l f\u00fcggetlen\u00fcl\r\n\r\n<span class=\"highlight-block\">az Atalanta kamikaze focija kimondottan sz\u00f3rakoztat\u00f3<\/span>\r\n\r\n(12-13-as g\u00f3lk\u00fcl\u00f6nbs\u00e9g, \u0151r\u00fclet!). Hogy ebbe bele van k\u00f3dolva a hiba, a veres\u00e9g? Lehet. Rem\u00e9lem, komolyan veszik az EL-t.\r\n\r\n<img class=\"size-full wp-image-3008\" src=\"https:\/\/sport24.24.hu\/app\/uploads\/sites\/24\/2021\/12\/gettyimages-1358169497.jpg\" alt=\"\" width=\"1500\" height=\"1000\" \/>\r\n\r\n<strong>MILAN <\/strong><strong>(Bajnokok Lig\u00e1ja-csoport, 4. hely, 1 gy\u0151zelem, 1 d\u00f6ntetlen, 4 veres\u00e9g, 6-9-es g\u00f3lk\u00fcl\u00f6nbs\u00e9g)<\/strong>\r\n\r\nNyolc \u00e9v ut\u00e1n t\u00e9rt vissza a Bajnokok Lig\u00e1j\u00e1ba a h\u00e9tszeres gy\u0151ztes AC Milan, de a csoportk\u00f6rben ink\u00e1bb nyeretlen k\u00e9t\u00e9vesnek t\u0171nt. Az Atl\u00e9tico ellen mindk\u00e9tszer j\u00f3l teljes\u00edtettek <strong>Pioli\u00e9k<\/strong>, a Liverpool azonban m\u00e1s lig\u00e1ban j\u00e1tszik a Milanhoz k\u00e9pest, a Porto elleni betlire pedig nincs ments\u00e9g. Ez a csoport negyedik hely\u00e9re volt el\u00e9g, azonban a sz\u00e1mok nem hazudnak. A csoportk\u00f6rben a Milan j\u00e1t\u00e9kosai 48 alkalommal pr\u00f3b\u00e1lkoztak kapura l\u00f6v\u00e9ssel, ezzel csak h\u00e1rom csapatot (Dinamo Kijev, Wolfsburg, Malm\u00f6) el\u0151ztek meg a mez\u0151nyben. Ezt m\u00e9g visszaolvasni is rossz. Egy r\u00f6pke came\u00f3nak ez megfelelt a Milant\u00f3l, a k\u00e9t szerzett g\u00f3llal kies\u0151 Barcelon\u00e1n\u00e1l most nincs, ami k\u00ednosabb lenne. De egy csapat, amelyben a k\u00e9t legjobb csat\u00e1r \u00f6ssz\u00e9letkora k\u00e1b\u00e9 100 \u00e9v, j\u00f6v\u0151re is csak \u00e1lmodozhat a tov\u00e1bbjut\u00e1sr\u00f3l.\r\n\r\n<strong>NAPOLI <\/strong><strong>(Eur\u00f3pa Liga-csoport, 2. hely, 3 gy\u0151zelem, 1 d\u00f6ntetlen, 2 veres\u00e9g, 15-10-es g\u00f3lk\u00fcl\u00f6nbs\u00e9g)<\/strong>\r\n\r\nA bajnoki vill\u00e1mrajt ut\u00e1n azt hihett\u00fck, hogy csak ny\u0171g lesz az Eur\u00f3pa Liga a Napoli sz\u00e1m\u00e1ra, amely az utols\u00f3 k\u00f6rben h\u00e1rom legjobbja (<strong>Koulibaly, Anguissa, Oshimen<\/strong>) n\u00e9lk\u00fcl h\u00fazta be a tov\u00e1bbjut\u00e1st a Leicesterrel szemben. Ehhez k\u00e9pest a csapat a kor\u00e1bbi \u00e9vekhez k\u00e9pest meglep\u0151en motiv\u00e1ltan j\u00e1tszott az EL-ben, tal\u00e1n <strong>Spallettit<\/strong> frusztr\u00e1lja, hogy a Zenittel 2012-ben megszerzett bajnoki c\u00edm \u00f3ta egyetlen tr\u00f3fe\u00e1t sem nyert a csapataival. Spalletti egy\u00e9bk\u00e9nt is kulcsszerepl\u0151, a Napoli az \u0151 ir\u00e1ny\u00edt\u00e1s\u00e1val ism\u00e9t olyan g\u00f6rd\u00fcl\u00e9keny t\u00e1mad\u00f3focit mutat, mint <strong>Sarri<\/strong> idej\u00e9n. Tal\u00e1n szerepe lehet ebben annak is, hogy az idei szezonban a kieg\u00e9sz\u00edt\u0151 emberek (<strong>Demme, Politano<\/strong> vagy <strong>Petagna<\/strong>) is megb\u00edzhat\u00f3, j\u00f3 j\u00e1t\u00e9kot mutatnak, a Napoli v\u00e9gre nem 11+3 emberb\u0151l \u00e1ll\u00f3 csapat.\r\n\r\n<strong>LAZIO <\/strong><strong>(Eur\u00f3pa Liga-csoport, 2. hely, 2 gy\u0151zelem, 3 d\u00f6ntetlen, 1 veres\u00e9g, 7-3-as g\u00f3lk\u00fcl\u00f6nbs\u00e9g)<\/strong>\r\n\r\nA Lazio egy fordul\u00f3val a csoportk\u00f6r v\u00e9ge el\u0151tt kiv\u00edvta a tov\u00e1bbjut\u00e1st az Eur\u00f3pa Lig\u00e1ban, \u00e9s v\u00e9g\u00fcl a Galatasaray m\u00f6g\u00f6tt a m\u00e1sodik helyet szerezte meg. Sz\u00e9p. De mit lehet mondani erre a teljes\u00edtm\u00e9nyre, ha \u00fagy n\u00e9zz\u00fck: a csoportk\u00f6rben sem a Marseille, sem a Galatasaray ellen nem tudott nyerni a Lazio, amely csak a Lokomot\u00edv Moszkva elleni gy\u0151zelmeinek k\u00f6sz\u00f6nheti a tov\u00e1bbjut\u00e1st. Nem t\u00fal sz\u00e9p. Ahogy a bajnoks\u00e1gban is: k\u00f6z\u00e9pszer\u0171s\u00e9gbe s\u00fcllyedni l\u00e1tszik a klub, a BL-b\u0151l \u00e9rkez\u0151 riv\u00e1lis k\u00f6nnyen az eur\u00f3pai sztori v\u00e9g\u00e9t jelentheti a Lazi\u00f3nak, m\u00e1r a legjobb 32 k\u00f6z\u00f6tt.\r\n\r\n<img class=\"alignnone size-full wp-image-3009\" src=\"https:\/\/sport24.24.hu\/app\/uploads\/sites\/24\/2021\/12\/gettyimages-1237125543.jpg\" alt=\"\" width=\"1500\" height=\"1000\" \/>\r\n\r\n<strong>AS ROMA <\/strong><strong>(Konferencia Liga-csoport, 1. hely, 4 gy\u0151zelem, 1 d\u00f6ntetlen, 1 veres\u00e9g, 18-11-es g\u00f3lk\u00fcl\u00f6nbs\u00e9g)<\/strong>\r\n\r\nAz AS Rom\u00e1nak voltak m\u00e1r kor\u00e1bban is ki\u00fct\u00e9ses veres\u00e9gei a nemzetk\u00f6zi kupaporondon. A BL-ben 1-7 a Bayern M\u00fcnchen \u00e9s a Manchester United ellen, de a Barcelon\u00e1nak is \u00f6sszej\u00f6tt egy 6-1-es siker a Roma ellen. A KEK-ben a Jena \u00fct\u00f6tte ki 4-0-ra a Farkasokat 1980-ban, de az Eur\u00f3pa Liga is tartogatott olyan k\u00ednos eredm\u00e9nyeket, mint a Manchester United elleni tavaszi 2-6. Ehhez k\u00e9pest is szintl\u00e9p\u00e9s (lefel\u00e9), hogy a Konferencia Lig\u00e1ban a Roma 6-1-re kikapott a Bod\u00f6\/Glimt egy\u00fcttes\u00e9t\u0151l.\r\n\r\n<span class=\"highlight-block\">Ok\u00e9, j\u00e9gp\u00e1ly\u00e1n, m\u0171f\u00fcv\u00f6n, sz\u00e9lviharban, fagypont alatt, sarkk\u00f6r f\u00f6l\u00f6tt, de az 1-6, az 1-6. <\/span>\r\n\r\nA meccs ut\u00e1n <strong>Jos\u00e9 Mourinho<\/strong> \u2013 vitathat\u00f3 m\u00f3don \u2013 a csapat gyenge j\u00e1t\u00e9koskeret\u00e9r\u0151l besz\u00e9lt, \u00e9s csak nehezen ismerte el a felel\u0151ss\u00e9g\u00e9t a k\u00ednos kudarcban. Mert egyel\u0151re az, hogy a CSZKA Sz\u00f3fia \u00e9s az egzotikus nev\u0171 Zorja Luhanszk (Luhanszk <strong>Szergej Bubka<\/strong> sz\u00fcl\u0151v\u00e1rosa, ahol a XVIII. sz\u00e1zad v\u00e9g\u00e9n egy <strong>Gascoigne<\/strong> nev\u0171 angol alap\u00edtott f\u00e9m\u00fczemet!) ellen j\u00f6ttek a gy\u0151zelmek, a nemzetk\u00f6zi porondon \u00e9rtelmezhetetlen. Valljuk meg, a Konferencia Lig\u00e1t pont az olyan csapatok kedv\u00e9\u00e9rt hozt\u00e1k l\u00e9tre, mint a Luhanszk vagy a Bod\u00f6. Toplig\u00e1s klub itt csak vesz\u00edthet: egy id\u0151 el\u0151tti kies\u00e9s ciki, de a v\u00e9gs\u0151 gy\u0151zelem megszerz\u00e9s\u00e9re is csak halk kuncog\u00e1s lehet a v\u00e1lasz a BL-nagy\u00e1gy\u00fak r\u00e9sz\u00e9r\u0151l.\r\n\r\n<strong>\u00d6SSZES\u00cdTETT M\u00c9RLEG:<\/strong>\u00a042 m\u00e9rk\u0151z\u00e9s, 19 gy\u0151zelem, 10 d\u00f6ntetlen, 13 veres\u00e9g, 76-57-es g\u00f3lk\u00fcl\u00f6nbs\u00e9g.\r\n\r\n[prefabricated_shortcode in_app=\"0\" code=\"%3Cdiv%20class%3D%22article_box_border%22%20style%3D%22background%3A%20url%28%27https%3A%2F%2F24.p3k.hu%2Fapp%2Fuploads%2Fsites%2F24%2F2021%2F05%2Fsport24-pattern.png%27%29%20no-repeat%20left%20-16px%20%23f3f3f4%3B%20border%3A%20none%3B%22%3E%0D%0A%3Cdiv%20class%3D%22article_solidheader%22%3E%0D%0A%3Ch2%20style%3D%22color%3A%20%23111115%21important%3B%20font-size%3A%2036px%3B%20font-weight%3A%20bold%3B%20margin-bottom%3A%2030px%3B%20margin-top%3A%2020px%3B%20text-align%3A%20center%3B%20line-height%3A%2036px%3B%22%3E%3Cimg%20class%3D%22aligncenter%20size-full%20wp-image-141%22%20src%3D%22https%3A%2F%2F24.p3k.hu%2Fapp%2Fuploads%2Fsites%2F24%2F2021%2F05%2Fs24-logo-dt.png%22%20alt%3D%22%22%20width%3D%22408%22%20height%3D%2290%22%20%2F%3E%3C%2Fh2%3E%0D%0A%3Ch2%20style%3D%22color%3A%20%23111115%21important%3B%20font-size%3A%2036px%3B%20font-weight%3A%20bold%3B%20margin-bottom%3A%2030px%3B%20margin-top%3A%2020px%3B%20text-align%3A%20center%3B%20line-height%3A%2040px%3B%22%3ECsatlakozz%20a%20Sport24%20k%C3%B6z%C3%B6ss%C3%A9ghez%2C%20mondd%20el%20v%C3%A9lem%C3%A9nyedet%20z%C3%A1rt%20Facebook-csoportunkban%2C%20%C3%A9s%20vegy%C3%A9l%20r%C3%A9szt%20csak%20el%C5%91fizet%C5%91knek%20el%C3%A9rhet%C5%91%20exkluz%C3%ADv%20esem%C3%A9nyeinken.%3C%2Fh2%3E%0D%0A%3C%2Fdiv%3E%0D%0A%3Cp%20style%3D%22background%3A%20%2357A600%3B%20margin-top%3A%2020px%3B%20padding%3A%2020px%3B%20text-align%3A%20center%3B%22%3E%3Ca%20style%3D%22color%3A%20%23ffffff%3B%20font-size%3A%2026px%3B%20font-weight%3A%20600%3B%22%20href%3D%22https%3A%2F%2Fwww.facebook.com%2Fgroups%2F212344460412327%22%3ECSATLAKOZOM%3C%2Fa%3E%3C%2Fp%3E%0D%0A%0D%0A%3C%2Fdiv%3E\"]","type":"rich","thumbnail_url":"https:\/\/s.24.hu\/app\/uploads\/sites\/24\/2021\/12\/gettyimages-1237113724-150x150.jpg","thumbnail_width":150,"thumbnail_height":150}