{"version":"1.0","provider_name":"Sport24","provider_url":"https:\/\/sport24.24.hu","author_name":"Bruckner G\u00e1bor","author_url":"https:\/\/sport24.24.hu\/author\/brucknerg\/","title":"Mit\u0151l ilyen gyenge a Paris Saint-Germain?","html":"A Manchester City\u2013Paris Saint-Germain Bajnokok Lig\u00e1ja-m\u00e9rk\u0151z\u00e9sen a k\u00e9perny\u0151n l\u00e1that\u00f3 sz\u00e1ml\u00e1l\u00f3 42 perc 21 m\u00e1sodpercet mutatott. A PSG \u00e9ppen visszaszerezte a labd\u00e1t, \u00e1m a City nem h\u00e1tr\u00e1lt meg, \u00e9s ink\u00e1bb nyom\u00e1st helyezett ellenfel\u00e9re. A p\u00e1rizsiak j\u00e1t\u00e9kosa, <strong>Ander Herrera<\/strong> visszal\u00e9pett elk\u00e9rni a labd\u00e1t, megkapta, a hurok azonban \u00f6sszeszorult k\u00f6r\u00fcl\u00f6tte, igyekezet\u00e9ben felpasszolta, de a labda nem tal\u00e1lt fogad\u00f3hoz. Ekkor t\u00e1rult el\u00e9nk az al\u00e1bbi k\u00e9p.\r\n\r\n<img class=\"alignnone size-full wp-image-2879\" src=\"https:\/\/sport24.24.hu\/app\/uploads\/sites\/24\/2021\/12\/mi-a-baj-a-psg-vel.png\" alt=\"\" width=\"1916\" height=\"956\" \/>\r\n\r\n<strong>Kylian Mbapp\u00e9<\/strong> (7), <strong>Neymar<\/strong> (10) \u00e9s <strong>Lionel Messi<\/strong> (30) az esem\u00e9nyek epicentrum\u00e1t\u00f3l messze, k\u00fcl\u00f6n\u00f6sebb meger\u0151ltet\u00e9s n\u00e9lk\u00fcl s\u00e9t\u00e1lt vissza saj\u00e1t t\u00e9rfel\u00e9re.\r\n\r\nPedig <strong>Mauricio Pochettino<\/strong>, a PSG vezet\u0151edz\u0151je aznap egy \u00faj, kor\u00e1bban csak \u00f3vatosan tesztelgetett fel\u00e1ll\u00e1si form\u00e1val pr\u00f3b\u00e1lkozott. A 4-3-2-1-es (kar\u00e1csonyfa-) alakzattal azt pr\u00f3b\u00e1lta el\u00e9rni, hogy elz\u00e1rja a City el\u0151l a p\u00e1lya bels\u0151 ter\u00fcleteit, \u00e9s a sz\u00e9lekre helyezze ki a hangs\u00falyt. A PSG csapatszerkezete keskeny maradt, a City viszont a sz\u00e9ls\u0151t\u00e1mad\u00f3in \u00e9s a felfut\u00f3 k\u00f6z\u00e9pp\u00e1ly\u00e1sain kereszt\u00fcl kisz\u00e9les\u00edtette a j\u00e1t\u00e9kot, \u00edgy a h\u00e1rom p\u00e1rizsi k\u00f6z\u00e9pp\u00e1ly\u00e1snak (<strong>Idrissa Gueye, Leandro Paredes, <\/strong>Herrera) gyorsan \u00e9s a megfelel\u0151 \u00fctemben kellett ki\u00e9rnie a sz\u00e9lekre beseg\u00edteni a sz\u00e9ls\u0151 h\u00e1tv\u00e9deknek.\r\n\r\nH\u00fasz perc ut\u00e1n a t\u00e1mad\u00f3h\u00e1rmast\u00f3l gyakorlatilag semmilyen seg\u00edts\u00e9get nem kaptak: a csapat kett\u00e9t\u00f6rt (broken team) az egyik oldalon 4+3 ember (\u00e9s a kapus) s\u00fcndiszn\u00f3zott, m\u00edg a t\u00faloldalon h\u00e1rman v\u00e1rt\u00e1k, hogy feljuttass\u00e1k hozz\u00e1juk a labd\u00e1t. \u00c9s a PSG ezt a t\u00f6r\u00f6tt l\u00e1tszatot keltette a meccs h\u00e1tralev\u0151 r\u00e9sz\u00e9ben is.\r\n\r\n<strong>Jonathan Wilson<\/strong>, a neves angol szak\u00edr\u00f3 ezt \u00edrta a PSG-r\u0151l: \u201eHa h\u00e1rom t\u00e1mad\u00f3t el\u00f6l hagyunk, \u00e9s azt v\u00e1rjuk t\u0151l\u00fck, hogy id\u0151nk\u00e9nt oldjanak meg helyzeteket a saj\u00e1t tr\u00fckkjeikkel, az ideig-\u00f3r\u00e1ig elmegy a Ligue 1-ben (\u2026), de egy \u00e9pk\u00e9zl\u00e1b ellenf\u00e9l ellen ez \u00e9deskev\u00e9s lesz. A mez\u00fck\u00f6n vir\u00edt\u00f3 Air Jordan-felirat lehet, hogy ad egy l\u00f6ketet a m\u00e1rk\u00e1juknak, de ink\u00e1bb azt sugallja: k\u00e9rlek, adj egy k\u00f6t\u00e9nyt, am\u00edg \u00e9n kedvtelen\u00fcl integetek, hogy f\u00fajjanak be egy lest!\u201d\r\n\r\nIsmer\u0151sen cseng? A dolog pikant\u00e9ri\u00e1ja, hogy Wilson ezeket a sorokat nem most \u00edrta, hanem 2018-ban, amikor m\u00e9g <strong>Thomas Tuchel<\/strong> volt a p\u00e1rizsiak edz\u0151je.\r\n\r\n<span class=\"highlight-block\">H\u00e1rom \u00e9vvel k\u00e9s\u0151bb a PSG m\u00e9g mindig ugyanott toporog. Ez hogy lehet?<\/span>\r\n\r\n\u00dagy, hogy az edz\u0151k v\u00e1ltoztak, de a klub vezet\u0151s\u00e9g\u00e9nek v\u00edzi\u00f3ja ugyanaz maradt.\r\n<div class=\"payable-content-section\"><\/div>\r\nA PSG \u00fagy fest, mintha megragadt volna egy tragikom\u00e9dia megszak\u00edt\u00e1s n\u00e9lk\u00fcli vet\u00edt\u00e9s\u00e9ben, amelyben \u00e9vr\u0151l-\u00e9vre \u00e1h\u00edtoznak a Bajnokok Lig\u00e1ja-tr\u00f3fea ut\u00e1n, m\u00e9g t\u00f6bb er\u0151forr\u00e1st mozg\u00f3s\u00edtanak az\u00e9rt, hogy m\u00e9g t\u00f6bb szt\u00e1rt cs\u00e1b\u00edtsanak magukhoz, csakhogy ezzel a saj\u00e1t csapd\u00e1jukat \u00e9p\u00edtik: min\u00e9l ink\u00e1bb er\u0151s\u00f6dnek a francia bajnoks\u00e1gban, ann\u00e1l gyeng\u00e9bbnek t\u0171nnek a nemzetk\u00f6zi porondon. Jelenleg nem is tekinthet\u0151k a Bajnokok Lig\u00e1ja es\u00e9lyes\u00e9nek.\r\n\r\n[central_article_recommendation title=\"Kapcsol\u00f3d\u00f3\" url=\"https:\/\/sport24.24.hu\/foci\/2021\/11\/25\/bajnokok-ligaja-otodik-fordulo-elemzes-psg\/\" image=\"1\" lead=\"1\"]\r\n\r\nA PSG persze megteheti. A 2011 \u00f3ta hatalmon l\u00e9v\u0151 katari tulajdonos az ut\u00f3bbi id\u0151ben m\u00e9g jobban felb\u00e1torodott: a koronav\u00edrus-j\u00e1rv\u00e1ny k\u00f6vetkezt\u00e9ben az UEFA puh\u00edtott a p\u00e9nz\u00fcgyi fair play szab\u00e1lyoz\u00e1sain, \u00e9s a k\u00f6zvetlen versenyt\u00e1rsaik is benyeltek egy-egy komolyabb gyomrost a bev\u00e9telkies\u00e9sek miatt. Az id\u00e9n azt a l\u00e1tszatot kelti a PSG, mint egy Football Manager-csapat a j\u00f3l siker\u00fclt karrierm\u00f3d ut\u00e1n. Pap\u00edron \u00f6v\u00e9k a vil\u00e1g leg\u00ednycsiklandoz\u00f3bb kerete, de a j\u00e1t\u00e9kot n\u00e9zve hamar r\u00e1j\u00f6het\u00fcnk, hogy a kir\u00e1ly meztelen: ez a foci nem t\u00fal magas sz\u00ednvonal\u00fa. De mi\u00e9rt alakult ez \u00edgy?\r\n\r\n[caption id=\"attachment_2890\" align=\"alignnone\" width=\"1500\"]<img class=\"wp-image-2890 size-full\" src=\"https:\/\/sport24.24.hu\/app\/uploads\/sites\/24\/2021\/12\/075_breton-parissai211120_npkcw.jpg\" alt=\"\" width=\"1500\" height=\"1000\" \/> Mbapp\u00e9 j\u00f6v\u0151je tov\u00e1bbra is k\u00e9rd\u00e9ses, mivel nem hosszabb\u00edtott a klubbal[\/caption]\r\n\r\nIgencsak \u00e1rulkod\u00f3, hogy a p\u00e1rizsi \u201e4+3\u201d annak a Pochettin\u00f3nak az ir\u00e1ny\u00edt\u00e1sa alatt jelent meg, aki 2017-ben m\u00e9g \u00edgy nyilatkozott a The Guardiannak.\r\n<blockquote>Amikor nincs n\u00e1lunk a labda, az is a futball r\u00e9sze. Harcolni kell, nyom\u00e1st gyakorolni, p\u00e1rharcokra oda\u00e9rni, nem szabad v\u00e1rni vagy passz\u00edvan futballozni. Egyszerre kell agressz\u00edvnak \u00e9s proakt\u00edvnak lenn\u00fcnk, hogy kij\u00e1tsszuk az ellenfelet.<\/blockquote>\r\nPochettino kor\u00e1bbi csapatain\u00e1l, az Espanyoln\u00e1l, a Southamptonn\u00e1l \u00e9s a Tottenhamn\u00e9l is el\u0151szeretettel haszn\u00e1lta a magas, agressz\u00edv, passzra pontosan be\u00fctemezett let\u00e1mad\u00e1st, mik\u00f6zben csapat\u00e1t a FIFO-elv (\u201eFit In or Fuck Off\u201d), magyarul, udvariasan: a \u201emegszoksz, vagy megsz\u00f6ksz\u201d elv szerint menedzselte. A PSG-n\u00e9l viszont mintha megzavarodott volna a bels\u0151 ir\u00e1nyt\u0171je \u2013 pontosan \u00fagy, ahogyan az t\u00f6rt\u00e9nt Thomas Tuchellel is 2018 \u00e9s 2020 k\u00f6z\u00f6tt. T\u00fal sok az alku, a kompromisszum \u00e9s a f\u00e9lmegold\u00e1s. A szt\u00e1rok nem azt ny\u00fajtj\u00e1k, amit a j\u00e1t\u00e9k megk\u00edv\u00e1n, \u00e9s ford\u00edtva. L\u00e1tva, hogyan cs\u00f6m\u00f6rl\u00f6tt meg Tuchel az ott t\u00f6lt\u00f6tt id\u0151szaka alatt, el tudjuk k\u00e9pzelni, mekkora nyom\u00e1s nehezedik most Pochettin\u00f3ra.\r\n\r\nA helyzet ett\u0151l m\u00e9g v\u00e1ltozhat, Pochettin\u00f3nak maradtak tartal\u00e9kai, \u00e9s k\u00e9t \u00fat k\u00f6z\u00fcl v\u00e1laszthat.\r\n\r\nAz egyik, hogy Tuchelhez hasonl\u00f3an megk\u00f6ti a maga alkuit. Megel\u00e9gszik azzal, hogy a v\u00e9dekez\u00e9sben csak \u00edmmel-\u00e1mmal r\u00e9sztvev\u0151 Messi \u00e9s Mbapp\u00e9 tov\u00e1bbra is \u00e1lland\u00f3 kezd\u0151 marad, valamint ha Neymar is visszat\u00e9r a s\u00e9r\u00fcl\u00e9s\u00e9b\u0151l, visszakapja a b\u00e9relt hely\u00e9t. B\u00edzhat abban, hogy <strong>Sergio Ramos<\/strong> be\u00e9p\u00fcl a v\u00e9delembe, \u00e9s a labda n\u00e9lk\u00fcli j\u00e1t\u00e9kban hozza a Real Madridban megszokott kem\u00e9ny, p\u00e1rharcokban domin\u00e1ns j\u00e1t\u00e9k\u00e1t, mik\u00f6zben a labd\u00e1s kihozatalokn\u00e1l lehet \u00e9p\u00edteni j\u00f3 technik\u00e1j\u00e1ra, passzj\u00e1t\u00e9k\u00e1ra \u00e9s keresztlabd\u00e1ira.\r\n\r\nMindemellett megv\u00e1rhatja, am\u00edg visszaj\u00f6n a k\u00f6z\u00e9pp\u00e1ly\u00e1ra \u2013 a nagyj\u00e1b\u00f3l h\u00e1romhetente les\u00e9r\u00fcl\u0151 \u2013 <strong>Marco Verratti<\/strong>, akinek nyom\u00e1st\u0171r\u00e9se, labdatart\u00e1sa, sok-sok csele \u00e9s felpassza ord\u00edt\u00f3an hi\u00e1nyzott a City ellen. Ennek a hajb\u00f3kol\u00f3, a \u201elegjobbakat a kedvenc hely\u00fckre\u201d \u2013 elv\u0171 politik\u00e1nak a legf\u0151bb vesz\u00e9lye az, hogy s\u00e9r\u00fcl\u00e9s eset\u00e9n m\u00e1r k\u00f6zel sem m\u0171k\u00f6dik megfelel\u0151 hat\u00e9konys\u00e1ggal a g\u00e9pezet. Pochettino azt kock\u00e1ztatja, hogy a legfontosabb tavaszi BL-meccseknek hi\u00e1nyos puzzle-lal fut neki.\r\n\r\n[caption id=\"attachment_2891\" align=\"alignnone\" width=\"1500\"]<img class=\"size-full wp-image-2891\" src=\"https:\/\/sport24.24.hu\/app\/uploads\/sites\/24\/2021\/12\/gettyimages-1354503891.jpg\" alt=\"\" width=\"1500\" height=\"922\" \/> Verratti hi\u00e1ny\u00e1t nagyon meg\u00e9rzi a PSG[\/caption]\r\n\r\nA m\u00e1sik egy er\u0151sebb \u00fct\u0151k\u00e1rtya:\r\n\r\n<span class=\"highlight-block-small\">beleny\u00falhat a csapat szerkezet\u00e9be \u00fagy, hogy nem ford\u00edtja maga ellen az \u00f6lt\u00f6z\u0151t, \u00e9s k\u00f6zben az \u00e9p\u00fclet is stabilabb\u00e1 v\u00e1lik. <\/span>\r\n\r\nA PSG az eg\u00e9sz \u0151sszel egy n\u00e9gyv\u00e9d\u0151s j\u00e1t\u00e9krendszerben j\u00e1tszott, legt\u00f6bbsz\u00f6r 4-3-3-ban, amelynek t\u00f6bb h\u00e1tr\u00e1nya is van: k\u00e9t sz\u00e9ls\u0151h\u00e1tv\u00e9dje, <strong>Achraf Hakimi<\/strong> \u00e9s <strong>Nuno Mendes<\/strong> ink\u00e1bb a t\u00e1mad\u00e1sban kimagasl\u00f3, \u00e1m a kett\u0151snek ebben a szerkezetben t\u00fals\u00e1gosan lent kell helyezkednie, \u00e9s ez elfedi az er\u0151ss\u00e9geit. Ha Pochettino h\u00e1rom bels\u0151 v\u00e9d\u0151vel j\u00e1tszana, akkor egyszerre lehetne a p\u00e1ly\u00e1n <strong>Marquinhos, Presnel Kimpembe<\/strong> \u00e9s Sergio Ramos \u2013 h\u00e1rom v\u00e9rsz\u00edv\u00f3, ugyanakkor a labd\u00e1s j\u00e1t\u00e9kban is az elithez tartoz\u00f3 h\u00e1tv\u00e9d.\r\n\r\nHa a PSG \u00e1t\u00e1llna egy 3-4-3-as fel\u00e1ll\u00e1sra, mindenki kicsit k\u00f6zelebb ker\u00fclne a komfortz\u00f3n\u00e1j\u00e1hoz: a bels\u0151 v\u00e9d\u0151k k\u00f6z\u00fcl egy ember mindig feljebb l\u00e9phetne a k\u00f6z\u00e9pp\u00e1ly\u00e1ra, mik\u00f6zben a sz\u00e1rnyv\u00e9d\u0151k is feljebb helyezkedhetn\u00e9nek. Nem besz\u00e9lve arr\u00f3l, hogy a t\u00e1mad\u00f3h\u00e1rmas megmaradna l\u00e9tsz\u00e1mban, s\u0151t a folyos\u00f3kon \u00e9rkez\u0151 seg\u00edts\u00e9gnek k\u00f6sz\u00f6nhet\u0151en \u0151k m\u00e9g k\u00f6zelebb is j\u00e1tszhatn\u00e1nak egym\u00e1shoz, ami kimondottan fekszik Messinek \u00e9s Mbapp\u00e9nak. A francia v\u00e1logatottnak eddig bej\u00f6tt egy hasonl\u00f3 v\u00e1lt\u00e1s \u2013 a PSG-nek is j\u00f3 oka lenne kipr\u00f3b\u00e1lni.\r\n\r\nA p\u00e1rizsi csapat probl\u00e9m\u00e1i ugyanazok, de a szezonon bel\u00fcli tendenci\u00e1k is ism\u00e9tl\u0151dnek: az egy\u00fcttes \u2013 minden hib\u00e1j\u00e1val egy\u00fctt \u2013 tavaszra rendre felsz\u00edvta mag\u00e1t, \u00e9s tudott emelni a j\u00e1t\u00e9ka sz\u00ednvonal\u00e1n. Pochettino egy \u00e9v leforg\u00e1sa alatt nem csin\u00e1lt forradalmat, \u00e9s v\u00e1rhat\u00f3an ezut\u00e1n sem fog. De tal\u00e1n maradt ideje olyan d\u00f6nt\u00e9seket hozni, amivel a PSG\r\n\r\n<span class=\"highlight-block\">legal\u00e1bb k\u00f6zel\u00edteni tud ahhoz a n\u00edv\u00f3hoz, amit pap\u00edron k\u00e9pvisel.<\/span>\r\n\r\n[prefabricated_shortcode in_app=\"0\" code=\"%3Cdiv%20class%3D%22article_box_border%22%20style%3D%22background%3A%20url%28%27https%3A%2F%2F24.p3k.hu%2Fapp%2Fuploads%2Fsites%2F24%2F2021%2F05%2Fsport24-pattern.png%27%29%20no-repeat%20left%20-16px%20%23f3f3f4%3B%20border%3A%20none%3B%22%3E%0D%0A%3Cdiv%20class%3D%22article_solidheader%22%3E%0D%0A%3Ch2%20style%3D%22color%3A%20%23111115%21important%3B%20font-size%3A%2036px%3B%20font-weight%3A%20bold%3B%20margin-bottom%3A%2030px%3B%20margin-top%3A%2020px%3B%20text-align%3A%20center%3B%20line-height%3A%2036px%3B%22%3E%3Cimg%20class%3D%22aligncenter%20size-full%20wp-image-141%22%20src%3D%22https%3A%2F%2F24.p3k.hu%2Fapp%2Fuploads%2Fsites%2F24%2F2021%2F05%2Fs24-logo-dt.png%22%20alt%3D%22%22%20width%3D%22408%22%20height%3D%2290%22%20%2F%3E%3C%2Fh2%3E%0D%0A%3Ch2%20style%3D%22color%3A%20%23111115%21important%3B%20font-size%3A%2036px%3B%20font-weight%3A%20bold%3B%20margin-bottom%3A%2030px%3B%20margin-top%3A%2020px%3B%20text-align%3A%20center%3B%20line-height%3A%2040px%3B%22%3ECsatlakozz%20a%20Sport24%20k%C3%B6z%C3%B6ss%C3%A9ghez%2C%20mondd%20el%20v%C3%A9lem%C3%A9nyedet%20z%C3%A1rt%20Facebook-csoportunkban%2C%20%C3%A9s%20vegy%C3%A9l%20r%C3%A9szt%20csak%20el%C5%91fizet%C5%91knek%20el%C3%A9rhet%C5%91%20exkluz%C3%ADv%20esem%C3%A9nyeinken.%3C%2Fh2%3E%0D%0A%3C%2Fdiv%3E%0D%0A%3Cp%20style%3D%22background%3A%20%2357A600%3B%20margin-top%3A%2020px%3B%20padding%3A%2020px%3B%20text-align%3A%20center%3B%22%3E%3Ca%20style%3D%22color%3A%20%23ffffff%3B%20font-size%3A%2026px%3B%20font-weight%3A%20600%3B%22%20href%3D%22https%3A%2F%2Fwww.facebook.com%2Fgroups%2F212344460412327%22%3ECSATLAKOZOM%3C%2Fa%3E%3C%2Fp%3E%0D%0A%0D%0A%3C%2Fdiv%3E\"]","type":"rich","thumbnail_url":"https:\/\/s.24.hu\/app\/uploads\/sites\/24\/2021\/12\/000_9ry2jg-150x150.jpg","thumbnail_width":150,"thumbnail_height":150}