{"version":"1.0","provider_name":"Sport24","provider_url":"https:\/\/sport24.24.hu","author_name":"Bruckner G\u00e1bor","author_url":"https:\/\/sport24.24.hu\/author\/brucknerg\/","title":"Rangnick kem\u00e9ny keze \u00e1ld\u00e1snak t\u0171nik, de \u00e1tok is lehet a Manchester Unitedre","html":"Megpr\u00f3b\u00e1lt\u00e1k <strong>David Moyesszal<\/strong>, mint <strong>Sir Alex Ferguson<\/strong> szem\u00e9lyesen kinevezett \u00f6r\u00f6k\u00f6s\u00e9vel. Nem ment. Megpr\u00f3b\u00e1lt\u00e1k az edz\u0151i renesz\u00e1nsz\u00e1t \u00e9l\u0151 <strong>Louis van Gaallal<\/strong>. Nem ment. Megpr\u00f3b\u00e1lt\u00e1k a jelenkor egyik legsikeresebb, \u00e1m lefel\u00e9 \u00edvel\u0151 p\u00e1ly\u00e1ra \u00e1llt edz\u0151j\u00e9vel, <strong>Jos\u00e9 Mourinh\u00f3val<\/strong>. Ez sem ment \u2013 a klub legut\u00f3bbi tr\u00f3fe\u00e1i ugyan ekkor ker\u00fcltek a vitrinbe, de portug\u00e1l f\u00fcst\u00f6lg\u0151 romokat hagyott maga ut\u00e1n az \u00f6lt\u00f6z\u0151ben. Megpr\u00f3b\u00e1lt\u00e1k a Ferguson-j\u00e1t\u00e9kos <strong>Ole Gunnar Solskjaerrel<\/strong>. Ez sem ment. A Ferguson visszavonul\u00e1sa \u00f3ta eltelt, sikertelennek b\u00e1tran nevezhet\u0151 id\u0151szakban a j\u00f3 (klub)vezet\u00e9s \u00e9s a v\u00edzi\u00f3 hi\u00e1nyzott a Manchester Unitedb\u0151l, nem csoda, hogy a vil\u00e1g legn\u00e9pszer\u0171bb klubjainak egyike most egy futballprofesszornak tartott szakembert szerz\u0151dtetett. <strong>Rangnick<\/strong> <a href=\"https:\/\/www.manutd.com\/en\/news\/detail\/man-utd-official-statement-to-confirm-ralf-rangnick-appointment-as-interim-manager\" target=\"_blank\" rel=\"noopener\">f\u00e9l \u00e9vre \u00e1tveszi az MU ir\u00e1ny\u00edt\u00e1s\u00e1t<\/a> megb\u00edzott edz\u0151k\u00e9nt, majd k\u00e9t \u00e9vig konzult\u00e1ci\u00f3s szerepben seg\u00edti a Unitedet.\r\n<blockquote>\u201eRalf az eur\u00f3pai labdar\u00fag\u00e1s egyik legnagyobb becsben tartott edz\u0151je \u00e9s innov\u00e1tora. \u0150 volt az els\u0151 sz\u00e1m\u00fa v\u00e1laszt\u00e1sunk megb\u00edzott edz\u0151nek, k\u00f6zel n\u00e9gy \u00e9vtized vezet\u0151i tapasztalat\u00e1t hozza mag\u00e1val\u201d<\/blockquote>\r\n\u2013 dics\u00e9rte az \u00faj szerzem\u00e9nyt a futballigazgat\u00f3 <strong>John Murtough<\/strong>, akivel kapcsolatban k\u00e9rd\u00e9s: milyen szerep v\u00e1r r\u00e1, ha Rangnick 2022 nyar\u00e1n \u201efell\u00e9p\u201d a strat\u00e9giai d\u00f6nt\u00e9shoz\u00f3k k\u00f6z\u00e9?\r\n\r\nA Manchester United f\u0151n\u00f6ks\u00e9ge v\u00e9gre felismerte: nem lehet rendbe tenni a klub h\u00e1za t\u00e1j\u00e1t an\u00e9lk\u00fcl, hogy kinevezn\u00e9nek egy elismert klubvezet\u0151t. Erre m\u00e9g nagyobb sz\u00fcks\u00e9g\u00fck van, mint az \u00faj vezet\u0151edz\u0151re (hogy Rangnick ideiglenesen ezt a szerepk\u00f6rt is meg tudja kompetensen oldani, csak plusz el\u0151ny). Ez m\u00e9g nagyon j\u00f3l is els\u00fclhet. Vagy nagyon rosszul, mert egy ekkora klubn\u00e1l sok csapda \u00e9s konfliktus v\u00e1rhat egy k\u00edv\u00fclr\u0151l \u00e9rkez\u0151re\u2026\r\n<h2>Kev\u00e9s tr\u00f3fea, nagy hat\u00e1s<\/h2>\r\nRangnick p\u00e1lyafut\u00e1s\u00e1t k\u00e9t t\u00e9nyez\u0151 miatt neh\u00e9z \u00e9rt\u00e9kelni. Az egyik, hogy a 63 \u00e9ves szakember a 2010-es \u00e9vek nagy r\u00e9sz\u00e9t strat\u00e9giai vezet\u0151i poz\u00edci\u00f3ban t\u00f6lt\u00f6tte, nem pedig a kispadon. N\u00e9gy \u00e9s f\u00e9l \u00e9vnyi munka ut\u00e1n 2011 janu\u00e1rj\u00e1ban t\u00e1vozott a Hoffenheimt\u0151l, az\u00f3ta vezet\u0151i poz\u00edci\u00f3kban (sportigazgat\u00f3 a Red Bull Salzburgn\u00e1l \u00e9s az RB Leipzign\u00e9l, glob\u00e1lis sportigazgat\u00f3ja a Red Bull-futballprojektnek, \u00fcgyvezet\u0151 igazgat\u00f3 a Lokomotiv Moszkv\u00e1n\u00e1l) t\u00f6lt\u00f6tte ideje nagy r\u00e9sz\u00e9t, \u00e9s csak 111 m\u00e9rk\u0151z\u00e9sen vezetett csapatot edz\u0151k\u00e9nt.\r\n\r\n[caption id=\"attachment_2870\" align=\"alignnone\" width=\"2000\"]<img class=\"size-full wp-image-2870\" src=\"https:\/\/sport24.24.hu\/app\/uploads\/sites\/24\/2021\/11\/043_dpa-pa_190511-99-177740_dpai.jpg\" alt=\"\" width=\"2000\" height=\"1238\" \/> A Bundesliga RB Lipcse - FC Bayern M\u00fcnchen rangad\u00f3n a Lipcse csapat\u00e1t vezeti Ralf Rangnick.[\/caption]\r\n\r\nA m\u00e1sik, hogy alig van szakvezet\u0151, aki ennyire kev\u00e9s nagy sikert aratott, m\u00e9gis \u00f3ri\u00e1si a hat\u00e1sa \u00e9s a respektje szakmai k\u00f6r\u00f6kben \u2013 Rangnick ilyen, \u00e9s tal\u00e1n a szint\u00e9n kultfavorit <strong>Marcelo Bielsa<\/strong> hasonl\u00edthat\u00f3 m\u00e9g hozz\u00e1. Rangnick szem\u00e9lyes tr\u00f3feagy\u0171jtem\u00e9nye gyakorlatilag nevets\u00e9ges a legt\u00f6bb magas preszt\u00edzs\u0171 tr\u00e9ner\u00e9vel \u00f6sszehasonl\u00edtva: az ut\u00e1np\u00f3tl\u00e1sfutballban \u00e9s a n\u00e9met als\u00f3bb oszt\u00e1lyokban megszerzett bajnoki c\u00edmek, egy N\u00e9met Kupa (ez a legnagyobb sikere), egy n\u00e9met Szuperkupa, egy n\u00e9met Ligakupa. Ha \u00f6sszehasonl\u00edt\u00e1st akarunk tenni, Ole Gunnar Solskjaer \u2013 akinek a hi\u00e1nyoss\u00e1gai finoman fogalmazva is ki\u00fctk\u00f6ztek az MU kispadj\u00e1n \u2013 k\u00e9tszer nyert norv\u00e9g bajnoks\u00e1got, egyszer nyert Norv\u00e9g Kup\u00e1t, \u00e9s Eur\u00f3pa-liga d\u00f6nt\u0151t j\u00e1tszott a manchesteriekkel\u2026 Lehet mondani, hogy ez alacsonyabb szint, mint amelyen Rangnick dolgozott, \u00e1m nem \u00e9g \u00e9s f\u00f6ld a k\u00e9t eredm\u00e9nysor k\u00f6zti k\u00fcl\u00f6nbs\u00e9g.\r\n\r\n\u201eMi\u00e9rt kell a Manchester Unitednek megb\u00edzott edz\u0151? Mert \u2013 legal\u00e1bbis \u00e9n \u00edgy gondolom \u2013 fogalmuk sincs arr\u00f3l, mit csin\u00e1lnak! Sosem tudt\u00e1k volna elk\u00e9pzelni, hogy \u00edgy le\u00e9gnek Watfordban, \u00e9s ha nincs az utols\u00f3 percekben kapott k\u00e9t g\u00f3l, Ole maradt volna a hely\u00e9n. Nem volt itt tervez\u00e9s. Most meg hoznak egy edz\u0151t\u2026 Hallom, hogy mindenki azt mondja, mennyire kiv\u00e1l\u00f3 szakember. De sosem edz\u0151sk\u00f6d\u00f6tt Angli\u00e1ban \u00e9s sosem edz\u0151sk\u00f6d\u00f6tt a vil\u00e1g topcsapatain\u00e1l. Mi\u00e9rt van ez? Mi\u00e9rt nem akarta senki megszerezni, ha t\u00e9nyleg ennyire j\u00f3? Nagyszer\u0171 dolgokat mondanak r\u00f3la. Munkam\u00e1ni\u00e1s, agressz\u00edv let\u00e1mad\u00e1st j\u00e1tszat, kisebb csapatokb\u00f3l bajnokes\u00e9lyest csin\u00e1lt. De az m\u00e1s k\u00e1v\u00e9h\u00e1z. M\u00e1s k\u00e1v\u00e9h\u00e1z egy Hoffenheimn\u00e9l vagy Schalk\u00e9n\u00e1l dolgozni. Ez a vil\u00e1g egyik legnagyobb klubja, tele vil\u00e1gszt\u00e1rral. A Schalk\u00e9n\u00e1l \u00e9s a Hoffenheimn\u00e9l a j\u00e1t\u00e9kosok elhitt\u00e9k, amit mondott, mert el\u0151re akartak l\u00e9pni. A Unitedn\u00e9l neh\u00e9z lesz ugyanezt el\u00e9rni\u2026 szerintem j\u00f3val nehezebb ann\u00e1l, mint ahogyan azt a legt\u00f6bben gondolj\u00e1k\u201d \u2013 v\u00e9lekedett <strong>Paul Merson<\/strong> a Sky Sports st\u00fadi\u00f3j\u00e1ban. Lehet Mersont futballdinoszaurusznak tartani (a Rangnickot nagy becsben tart\u00f3 futballhipszter r\u00e9teg val\u00f3sz\u00edn\u0171leg ezt is teszi), \u00e1m az \u00e1ltala megfogalmazott k\u00e9ts\u00e9geknek van alapja.\r\n\r\nDe m\u00e9gis: Rangnicknak \u00f3ri\u00e1si a h\u00edre \u00e9s a respektje.\r\n\r\n<span class=\"highlight-block\">Az \u00fajhull\u00e1mos n\u00e9met edz\u0151k szinte mind az \u0151 k\u00f6p\u00f6nyeg\u00e9b\u0151l b\u00fajtak el\u0151.<\/span>\r\n<div class=\"payable-content-section\"><\/div>\r\nA legjobbakt\u00f3l tanult: \u201emegvil\u00e1gosod\u00e1s\u00e1t\u201d egy Dinamo Kijev elleni m\u00e9rk\u0151z\u00e9shez k\u00f6ti. A r\u00e9szletek kicsit hom\u00e1lyosak. A legt\u00f6bb forr\u00e1s \u2013 Rangnick elbesz\u00e9l\u00e9se alapj\u00e1n \u2013 egy 1983 febru\u00e1ri m\u00e9rk\u0151z\u00e9sr\u0151l sz\u00e1mol be, \u00e1m a klubkr\u00f3nik\u00e1k szerint 1985 elej\u00e9n csapott \u00f6ssze egy\u00fcttese, az amat\u0151r Viktoria Backnang <strong>Valerij Lobanovszkij<\/strong> szt\u00e1rcsapat\u00e1val. Az \u00e9lm\u00e9ny egyszerre volt nyomaszt\u00f3 \u00e9s felvillanyoz\u00f3 (a Dinamo 7-2-re nyert), \u00e9s a Lobanovszkij edz\u00e9seire is kij\u00e1r\u00f3 Rangnick eg\u00e9sz edz\u0151i filoz\u00f3fi\u00e1j\u00e1t innen vezeti le. <strong>Raphael Honigstein<\/strong>, a n\u00e9met futball reformj\u00e1r\u00f3l \u00e9s leg\u00fajabb kori sikereir\u0151l sz\u00f3l\u00f3 Das Reboot (\u00dajra a cs\u00facson!) c\u00edm\u0171 k\u00f6nyv szerz\u0151je teljes fejezetet szentelt Rangnick munk\u00e1j\u00e1nak, \u00e9s benne a tr\u00e9ner err\u0151l a meghat\u00e1roz\u00f3 \u00e9lm\u00e9nyr\u0151l is besz\u00e9lt.\r\n\r\n[caption id=\"attachment_2867\" align=\"alignnone\" width=\"2000\"]<img class=\"size-full wp-image-2867\" src=\"https:\/\/sport24.24.hu\/app\/uploads\/sites\/24\/2021\/11\/000_1gy0qd.jpg\" alt=\"\" width=\"2000\" height=\"1309\" \/> A Lipcse edz\u0151j\u00e9t, Ralf Rangnicket \u00fcdv\u00f6zlik a rajong\u00f3k a N\u00e9met Kupa megnyer\u00e9se ut\u00e1n 2019-ben.[\/caption]\r\n\r\n\u201eP\u00e1r perc telt el, kiment bedob\u00e1sra a labda, \u00e9s elkezdtem sz\u00e1molni az ellenf\u00e9l j\u00e1t\u00e9kosait. Tizenh\u00e1rman vannak? Tizenn\u00e9gyen? \u00c9letemben el\u0151sz\u00f6r \u00e9reztem, hogy a csapatszint\u0171, j\u00f3l szervezett let\u00e1mad\u00e1s milyen hat\u00e1ssal van az ellenf\u00e9lre. M\u00e1r azel\u0151tt is j\u00e1tszottam nagy proficsapatok ellen, \u00e9s persze sim\u00e1n elvesz\u00edtett\u00fck azokat a meccseket is, de legal\u00e1bb volt egy kis id\u0151nk j\u00e1tszani, f\u00fajhattunk egyet, ha n\u00e1lunk volt a labda. A Kijev ellen pillanatnyi nyugtunk nem volt. Folyamatos nyom\u00e1s alatt tartottak minket. Mindig is azt \u00e9reztem, a futball t\u00f6bbr\u0151l sz\u00f3l, mint hogy szoros emberfog\u00e1ssal k\u00f6vetj\u00fck az ellenfel\u00fcnket, ha kell, a v\u00e9c\u00e9re is. V\u00e9dekez\u0151 k\u00f6z\u00e9pp\u00e1ly\u00e1st j\u00e1tszottam, \u00e9s sokszor j\u00f3 oszt\u00e1lyzatot kaptam, ha kivettem az ellenf\u00e9l ir\u00e1ny\u00edt\u00f3j\u00e1t a j\u00e1t\u00e9kb\u00f3l, de k\u00f6zben tal\u00e1n ha \u00f6tsz\u00f6r \u00e9rtem labd\u00e1hoz. Azt gondoltam, hogy ez nincs \u00edgy rendben. A kijeviek ellen azt \u00e9reztem: ez teljesen m\u00e1s t\u00edpus\u00fa futball\u201d \u2013 mes\u00e9lte.\r\n\r\nA megvil\u00e1gosod\u00e1st egy \u00fajabb k\u00f6vette. R\u00e1\u00e9bredt, hogy hi\u00e1ba volt a nyolcvanas \u00e9vekben sikeres a n\u00e9met futball, nagyon kev\u00e9s az innov\u00e1ci\u00f3 m\u00e1s orsz\u00e1gokhoz k\u00e9pest. Rangnick elmond\u00e1sa szerint az edz\u0151i k\u00e9zik\u00f6nyvek a hetvenes \u00e9vekben ragadtak, a minim\u00e1lis innov\u00e1ci\u00f3t k\u00fclf\u00f6ldi tr\u00e9nerek (a magyar Csernai P\u00e1l \u00e9s az osztr\u00e1k Ernst Happel) hozt\u00e1k. Nem volt megfelel\u0151 terminol\u00f3gia a m\u00e1s orsz\u00e1gokban bevezetett \u00faj\u00edt\u00e1sok le\u00edr\u00e1s\u00e1hoz. Rangnicknak m\u00e1sfel\u00e9 kellett fordulnia: <strong>Arrigo Sacchi<\/strong> AC Milanj\u00e1ban tal\u00e1lta meg az inspir\u00e1ci\u00f3s forr\u00e1st, Sacchi pedig (m\u00e1r csak az\u00e9rt is, mert k\u00edv\u00fclr\u0151l \u00e9rkezett, nem az olasz futball-establishmentb\u0151l) szem\u00e9lyes p\u00e9ldak\u00e9pe lett. Sacchin k\u00edv\u00fcl az ultraagressz\u00edv futballj\u00e1r\u00f3l ismert<strong> Zdenek Zeman<\/strong> m\u00f3dszereit is tanulm\u00e1nyozta, \u00e9s r\u00e1j\u00f6tt, milyen k\u0151kem\u00e9ny fizik\u00e1lis felk\u00e9sz\u00edt\u00e9s kell az \u00e1ltala megk\u00f6vetelt let\u00e1mad\u00e1shoz. Ahogy Rangnick bonmot-ja sz\u00f3l:\r\n\r\n<span class=\"highlight-block\">kicsit let\u00e1madni \u00e9pp\u00fagy nem lehet, mint kicsit terhesnek lenni. <\/span>\r\n\r\nEzt pedig csapataival is \u00e9rezteti.\r\n\r\n\u201eA futball dr\u00e1maian megv\u00e1ltozott az elm\u00falt b\u0151 \u00e9vtizedben. Brut\u00e1lis m\u00e9rt\u00e9kben. A j\u00e1t\u00e9k m\u00e9g mindig arr\u00f3l sz\u00f3l, hogy mit csin\u00e1lunk a labd\u00e1val \u00e9s a labda n\u00e9lk\u00fcl. De az \u00e1tmenet a k\u00e9t f\u00e1zis k\u00f6z\u00f6tt elk\u00e9peszt\u0151en nagyot v\u00e1ltozott. A legnagyobb es\u00e9ly a g\u00f3lszerz\u00e9sre a labdaszerz\u00e9st\u0151l sz\u00e1m\u00edtott t\u00edz m\u00e1sodpercen bel\u00fcl mutatkozik. A legnagyobb es\u00e9ly a labda visszaszerz\u00e9sre a labdaveszt\u00e9st\u0151l sz\u00e1m\u00edtott nyolc m\u00e1sodpercen bel\u00fcl van. Gondolkozzanak el, mit jelent ez. Minden m\u00e1s ennek a k\u00e9t sz\u00e1mnak a k\u00f6vetkezm\u00e9nye. A j\u00e1t\u00e9kosok t\u00f6bbet futnak \u00e9s t\u00f6bb nagy sebess\u00e9g\u0171 sprintet mutatnak be. \u00a0Ha valakiben nincs meg az akarat vagy az er\u0151nl\u00e9t ehhez, az nem lesz sikeres. A padl\u00f3 r\u00e9sein \u00e1t a pinc\u00e9be esik. Felzab\u00e1lja \u00e9s kik\u00f6pi a rendszer\u201d \u2013 magyar\u00e1zta Rangnick, aki a gyors, proakt\u00edv \u00e9s izgalmas jelz\u0151kkel jellemzi st\u00edlus\u00e1t.\r\n\r\nEbb\u0151l a le\u00edr\u00e1sb\u00f3l (ami a Gegenpressing alapja) vehetj\u00fck \u00e9szre Rangnick hat\u00e1s\u00e1t. Amit mond, az ma m\u00e1r nem hogy nem \u00fajdons\u00e1g, de szinte alapvet\u00e9snek sz\u00e1m\u00edt. De \u0151 ezt m\u00e1r akkor mondta, amikor m\u00e1s n\u00e9met edz\u0151k m\u00e9g nem \u2013 t\u00f6bb \u00f6ssze\u00fctk\u00f6z\u00e9se volt is az \u0151t szem\u00fcveges szobatud\u00f3snak tart\u00f3 establishment tagjaival, f\u0151leg telev\u00edzi\u00f3s szak\u00e9rt\u0151i szerepl\u00e9se miatt. Rangnick l\u00e1t\u00e1sm\u00f3dja minden csapat\u00e1ra r\u00e1nyomta a b\u00e9lyeg\u00e9t, akkor is, amikor \u201ekicsikkel\u201d dolgozott, akkor is, amikor a Hoffenheim vagy a Red Bull-projekt strat\u00e9giai vezet\u0151k\u00e9nt alkalmazta. Nem \u00e1rul zs\u00e1kbamacsk\u00e1t. Munk\u00e1ss\u00e1ga seg\u00edtett megreform\u00e1lni a n\u00e9met futballt, filoz\u00f3fi\u00e1ja tetten \u00e9rhet\u0151 az \u00fcnnepelt n\u00e9met topedz\u0151k (<strong>J\u00fcrgen Klopp, Thomas Tuchel<\/strong>) munk\u00e1j\u00e1ban, tev\u00e9kenys\u00e9g\u00e9vel utat nyitott az alulr\u00f3l \u00e9s k\u00edv\u00fclr\u0151l \u00e9rkez\u0151, fiatal koll\u00e9g\u00e1knak.\r\n\r\n[caption id=\"attachment_2871\" align=\"alignnone\" width=\"2000\"]<img class=\"size-full wp-image-2871\" src=\"https:\/\/sport24.24.hu\/app\/uploads\/sites\/24\/2021\/11\/043_dpa-pa_120583084.jpg\" alt=\"\" width=\"2000\" height=\"1333\" \/> Rajong\u00f3k fogj\u00e1k k\u00f6zre a 2019-es N\u00e9met Kup\u00e1t elnyer\u0151 Lipcse edz\u0151j\u00e9t, Ralf Rangnicket.[\/caption]\r\n\r\n\u201eKinyitotta a szem\u00fcnket egy m\u00e1s t\u00edpus\u00fa futballra. A j\u00e1t\u00e9kosa voltam Ulmban. \u0150 mutatta meg el\u0151sz\u00f6r a z\u00f3nav\u00e9dekez\u00e9st; azt, hogy mik\u00e9nt kell n\u00e9gyes v\u00e9d\u0151l\u00e1ncban dolgozni \u00e9s azt, hogy nem sz\u00fcks\u00e9ges mindenhov\u00e1 emberfog\u00e1ssal elk\u00eds\u00e9rn\u00fcnk a t\u00e1mad\u00f3kat. Megv\u00e1ltoztatta azt, ahogy a futballt n\u00e9ztem a t\u00e9v\u00e9ben. K\u0151kem\u00e9nyen k\u00f6vetelt, mi pedig t\u00falteljes\u00edtett\u00fcnk. R\u00e1\u00e9bresztett arra, hogy el\u0151rel\u00e9phet\u00fcnk a m\u00e1sodoszt\u00e1lyba, az \u00e9lvonalba, pedig ebben mi sem igaz\u00e1n hitt\u00fcnk. Megs\u00e9r\u00fcltem \u00e9s \u00e9ppen rehabilit\u00e1ci\u00f3n voltam \u2013 k\u00f6zben meg egy b\u00e1rban is dolgoztam \u2013, amikor felh\u00edvott, m\u00e1r a Stuttgart mesterek\u00e9nt. Megk\u00e9rdezte, nem akarom-e magam kipr\u00f3b\u00e1lni edz\u0151k\u00e9nt az akad\u00e9mi\u00e1n, mert \u0151 \u00fagy gondolja, ez hozz\u00e1m ill\u0151 hivat\u00e1s lenne. Nem voltam err\u0151l meggy\u0151z\u0151dve, de gyakornokk\u00e9nt belev\u00e1gtam, im\u00e1dtam, \u00e9s ezt k\u00f6vet\u0151en t\u00f6bb\u00e9 m\u00e1r nem is n\u00e9ztem vissza\u201d \u2013 mes\u00e9lte Tuchel a Sky Sportsnak. Az \u00e9vek sor\u00e1n Rangnick sz\u00e1mos magyar futballist\u00e1val \u00e9s edz\u0151vel is kapcsolatba ker\u00fclt: edz\u0151je volt t\u00f6bbek k\u00f6z\u00f6tt<strong> Lisztes Kriszti\u00e1nnak, B\u00f3dog Tam\u00e1snak<\/strong>, \u0151 adott lehet\u0151s\u00e9get a Red Bull-projektben <strong>L\u0151w Zsoltnak<\/strong> (aki j\u00e1t\u00e9kosa is volt \u00e9s aki most Tuchel asszisztense), \u00e9s persze a lipcsei magyar l\u00e9gi\u00f3 tagjaival is dolgozott.\r\n<h2>Kap-e tiszta lapot?<\/h2>\r\nRangnickra a Manchester Unitedn\u00e9l val\u00f3sz\u00edn\u0171leg h\u00e1rom nagy vesz\u00e9ly leselkedik. Az egyik az, hogy ha nem tudja felfel\u00e9 \u00edvel\u0151 p\u00e1ly\u00e1ra \u00e1ll\u00edtani a megrogyott csapatot \u2013 id\u00e9ny eleji szenved\u00e9s ide vagy oda, a negyedik hely nincs messze, \u00e9s az MU j\u00e1t\u00e9koskeret\u00e9vel illene azt el\u00e9rni. Ha nem siker\u00fcl, az al\u00e1\u00e1shatja hiteless\u00e9g\u00e9t \u00e9s ronthatja a meg\u00edt\u00e9l\u00e9s\u00e9t, az \u00e9rkez\u00e9s\u00e9t \u00fcnnepl\u0151 szurkol\u00f3k ki\u00e1br\u00e1ndulhatnak bel\u0151le. Ugyanakkor tal\u00e1n ez a legkisebb vesz\u00e9ly.\r\n\r\nNagyobb az, amit Merson is eml\u00edtett: Rangnick m\u00e9g nem dolgozott igazi nagycsapatn\u00e1l, szt\u00e1rokkal telizs\u00fafolt \u00f6lt\u00f6z\u0151ben. A Stuttgart, a Schalke vagy az RB Leipzig sem sz\u00e1m\u00edt ebbe a kateg\u00f3ri\u00e1ba. A n\u00e9met edz\u0151nek \u00f6ssze kell kapnia a csapatot, \u201eel kell adnia\u201d elk\u00e9pzel\u00e9seit a keretnek, csatasorba kell \u00e1ll\u00edtania az MU jelent\u0151s eg\u00f3val b\u00edr\u00f3 szt\u00e1rjait (most nem csak <strong>Cristiano Ronald\u00f3r\u00f3l<\/strong> van sz\u00f3) \u00e9s valahogy el kell ker\u00fclnie a s\u00e9rt\u0151d\u00e9seket is. M\u00e1rpedig Rangnick nem sokat sz\u00f3rakozik: ahogyan Honigstein is c\u00e9lzott r\u00e1, n\u00e1la a j\u00e1t\u00e9kosok vagy \u00fagy dolgoznak, ahogy \u0151 akarja, vagy fel is \u00fat, le is \u00fat. Viszont (a hozz\u00e1 hasonl\u00f3an kompromisszummentesnek ismert <strong>Antonio Cont\u00e9val<\/strong> ellent\u00e9tben) \u0151 a tr\u00f3fe\u00e1ira sem tud r\u00e1mutatni.\r\n\r\nA harmadik csapda: vajon kap-e el\u00e9g hatalmat \u00e9s tiszta lapra \u00edrhat-e Rangnick, hogy megval\u00f3s\u00edtsa elk\u00e9pzel\u00e9seit? V\u00edzi\u00f3nak, hossz\u00fa t\u00e1v\u00fa tervez\u00e9snek csak akkor van \u00e9rtelme, ha a Manchester United hagyja \u0151t dolgozni. De a n\u00e9met edz\u0151 maga is tapasztalta, hogy\r\n\r\n<span class=\"highlight-block\">a nagy hagyom\u00e1ny\u00fa klubokban sokszor neh\u00e9z felforgatni a strukt\u00far\u00e1t.<\/span>\r\n\r\n\u201eA Hoffenheimn\u00e9l teljesen tiszta, \u00fcres lapot kaptam. Nem voltak j\u00e1t\u00e9kosmegfigyel\u0151k. Nem volt semmi. Ha azt mondtam, kell nekem egy sportpszichol\u00f3gus, h\u00e1t hoztak egyet. A Schalk\u00e9n\u00e1l meg azt mondt\u00e1k, hogy enn\u00e9l a klubn\u00e1l m\u00e9g sosem volt sportpszichol\u00f3gus, h\u00e1t most sem lesz, nincs sz\u00fcks\u00e9g r\u00e1, v\u00e9ge a megbesz\u00e9l\u00e9snek.\u201d<img class=\"alignnone size-full wp-image-2865\" src=\"https:\/\/sport24.24.hu\/app\/uploads\/sites\/24\/2021\/11\/043_dpa-pa_120739698.jpg\" alt=\"\" width=\"2000\" height=\"1239\" \/>\r\n\r\nElk\u00e9pzelhet\u0151, hogy ebben rejlik a legnagyobb csapda. Most nem a Hoffenheimn\u00e9l, nem az RB Leipzign\u00e9l, nem \u201esemmib\u0151l j\u00f6tt\u201d, \u00fajhull\u00e1mos klubokn\u00e1l kell dolgozni, hanem a Manchester Unitedn\u00e9l, a vil\u00e1g egyik legsikeresebb \u00e9s legnagyobb hagyom\u00e1ny\u00fa csapat\u00e1n\u00e1l, gigantikus fergusoni \u00e1rny\u00e9kkal, az \u00c1lmok Sz\u00ednh\u00e1z\u00e1val, milli\u00e1rdnyi rajong\u00f3val. Ha Rangnick nagy hagyom\u00e1ny\u00fa, magas preszt\u00edzs\u0171 klubn\u00e1l (Stuttgart, Schalke) dolgozott az els\u0151 csapattal, egyszer sem b\u00edrta ki k\u00e9t \u00e9vig a kispadon. M\u00e9g \u201eszerencse\u201d, hogy most csak f\u00e9l \u00e9vre kell le\u00fclnie, \u00e9s kinevez\u00e9s\u00e9b\u0151l az is felsejlik: az edz\u0151ut\u00f3d kiv\u00e1laszt\u00e1s\u00e1ban meghat\u00e1roz\u00f3 szava lesz.\r\n\r\nB\u00e1r nyilv\u00e1n cikkek sora sz\u00fcletik majd els\u0151 meccse(i) ut\u00e1n, Rangnick Manchester Unitedn\u00e9l v\u00e9gzett munk\u00e1j\u00e1t alighanem csak a kinevez\u00e9sekor eml\u00edtett k\u00e9t\u00e9ves tan\u00e1csad\u00f3i peri\u00f3dus ut\u00e1n lehet \u00e9rt\u00e9kelni \u2013 m\u00e1r ha kit\u00f6lti ezt az id\u0151szakot. Ha igen, akkor az val\u00f3sz\u00edn\u0171leg azt jelenti, hogy a klub (minimum) ism\u00e9t re\u00e1lis es\u00e9llyel sz\u00e1ll harcba az angol bajnoki c\u00edm\u00e9rt \u00e9s meghat\u00e1roz\u00f3 er\u0151t k\u00e9pvisel a Bajnokok Lig\u00e1j\u00e1ban. Ha nem, akkor lehet, hogy az MU a jelenlegi k\u00e1oszn\u00e1l is nagyobba s\u00fcllyed.\r\n\r\nFigyelmeztet\u0151 jel lehet, hogy Rangnick a legut\u00f3bbi \u00e1llom\u00e1shely\u00e9n, a Lokomotiv Moszkv\u00e1n\u00e1l teljes felfordul\u00e1st csin\u00e1lt: \u00e1talak\u00edtotta a keretet, a h\u00e1tt\u00e9rcsapatot (t\u00edz olyan st\u00e1btagot hozott, akit ismert kor\u00e1bbr\u00f3l), az orosz sajt\u00f3h\u00edrek szerepe volt a Magyarorsz\u00e1got is megj\u00e1rt vezet\u0151edz\u0151, <strong>Marko Nikolics<\/strong> elt\u00e1vol\u00edt\u00e1s\u00e1ban, akinek t\u00f6bbek k\u00f6z\u00f6tt abb\u00f3l lett elege, hogy nem kapott belesz\u00f3l\u00e1st az \u00e1tigazol\u00e1sokba.\r\n\r\n\u201eA klubot \u00fagy ir\u00e1ny\u00edtotta, hogy arra csak a diktat\u00f3rikus jelz\u0151t haszn\u00e1lhatjuk\u201d \u2013 \u00edrta az orosz futballal foglalkoz\u00f3 legnagyobb angol nyelv\u0171 oldal, a Russian Football News. A Lokomotiv Moszkva \u201eb\u00facs\u00faztat\u00f3 \u00fczenet\u00e9ben\u201d azt jelezte, a Rangnick hozta \u00faj\u00edt\u00e1sok nem szem\u00e9lyf\u00fcgg\u0151k, a vasutascsapat tov\u00e1bbra is hossz\u00fa t\u00e1v\u00fa strat\u00e9giai terv\u00e9t k\u00f6veti. A rossz nyelvek szerint a klubh\u00e1zban az\u00e9rt t\u00f6bb pezsg\u0151sdug\u00f3 pukkant\u2026 Sz\u00f3val \u00e1ld\u00e1s \u00e9s \u00e1tok is lehet egy csapatra Rangnick kem\u00e9ny keze.\r\n\r\nUgyanakkor azt is mondhatjuk: az Old Traffordon hossz\u00fa \u00e9vek c\u00e9ltalans\u00e1ga \u00e9s \u00fatkeres\u00e9se ut\u00e1n \u00e9ppen egy kem\u00e9nykez\u0171 futballvizion\u00e1riusra van sz\u00fcks\u00e9g.\r\n\r\n<span class=\"highlight-block\">Hisz semmi m\u00e1s nem m\u0171k\u00f6d\u00f6tt.<\/span>\r\n\r\n[prefabricated_shortcode in_app=\"0\" code=\"%3Cdiv%20class%3D%22article_box_border%22%20style%3D%22background%3A%20url%28%27https%3A%2F%2F24.p3k.hu%2Fapp%2Fuploads%2Fsites%2F24%2F2021%2F05%2Fsport24-pattern.png%27%29%20no-repeat%20left%20-16px%20%23f3f3f4%3B%20border%3A%20none%3B%22%3E%0D%0A%3Cdiv%20class%3D%22article_solidheader%22%3E%0D%0A%3Ch2%20style%3D%22color%3A%20%23111115%21important%3B%20font-size%3A%2036px%3B%20font-weight%3A%20bold%3B%20margin-bottom%3A%2030px%3B%20margin-top%3A%2020px%3B%20text-align%3A%20center%3B%20line-height%3A%2036px%3B%22%3E%3Cimg%20class%3D%22aligncenter%20size-full%20wp-image-141%22%20src%3D%22https%3A%2F%2F24.p3k.hu%2Fapp%2Fuploads%2Fsites%2F24%2F2021%2F05%2Fs24-logo-dt.png%22%20alt%3D%22%22%20width%3D%22408%22%20height%3D%2290%22%20%2F%3E%3C%2Fh2%3E%0D%0A%3Ch2%20style%3D%22color%3A%20%23111115%21important%3B%20font-size%3A%2036px%3B%20font-weight%3A%20bold%3B%20margin-bottom%3A%2030px%3B%20margin-top%3A%2020px%3B%20text-align%3A%20center%3B%20line-height%3A%2040px%3B%22%3ECsatlakozz%20a%20Sport24%20k%C3%B6z%C3%B6ss%C3%A9ghez%2C%20mondd%20el%20v%C3%A9lem%C3%A9nyedet%20z%C3%A1rt%20Facebook-csoportunkban%2C%20%C3%A9s%20vegy%C3%A9l%20r%C3%A9szt%20csak%20el%C5%91fizet%C5%91knek%20el%C3%A9rhet%C5%91%20exkluz%C3%ADv%20esem%C3%A9nyeinken.%3C%2Fh2%3E%0D%0A%3C%2Fdiv%3E%0D%0A%3Cp%20style%3D%22background%3A%20%2357A600%3B%20margin-top%3A%2020px%3B%20padding%3A%2020px%3B%20text-align%3A%20center%3B%22%3E%3Ca%20style%3D%22color%3A%20%23ffffff%3B%20font-size%3A%2026px%3B%20font-weight%3A%20600%3B%22%20href%3D%22https%3A%2F%2Fwww.facebook.com%2Fgroups%2F212344460412327%22%3ECSATLAKOZOM%3C%2Fa%3E%3C%2Fp%3E%0D%0A%0D%0A%3C%2Fdiv%3E\"]","type":"rich","thumbnail_url":"https:\/\/s.24.hu\/app\/uploads\/sites\/24\/2021\/11\/043_dpa-pa_190425-99-952397_dpai-e1638275050981-150x150.jpg","thumbnail_width":150,"thumbnail_height":150}