{"version":"1.0","provider_name":"Sport24","provider_url":"https:\/\/sport24.24.hu","author_name":"Bruckner G\u00e1bor","author_url":"https:\/\/sport24.24.hu\/author\/brucknerg\/","title":"Kell\u0151k\u00e9ppen \u00e9rt\u00e9kelni kellene a g\u00f3lokat, avagy: mi\u00e9rt ne Jorginho kapja az Aranylabd\u00e1t","html":"A labdar\u00fag\u00e1s t\u00f6rt\u00e9nelme sor\u00e1n a fene sem tudja, h\u00e1ny, a maga posztj\u00e1n kiv\u00e1l\u00f3, kiemelked\u0151, netal\u00e1nt\u00e1n vil\u00e1gklasszis j\u00e1t\u00e9kos neve mer\u00fclt feled\u00e9sbe. A b\u0171n\u00fck: nem g\u00f3ll\u00f6v\u0151 csat\u00e1rk\u00e9nt remekeltek, hanem a csapatukat megment\u0151 v\u00e9d\u0151k\u00e9nt, pontos bead\u00e1sokat k\u00f6z\u00e9pre kanyarint\u00f3, vill\u00e1mgyors sz\u00e9ls\u0151k\u00e9nt vagy a t\u00f6bbiek helyett is dupl\u00e1n mel\u00f3z\u00f3 v\u00e9dekez\u0151-k\u00f6z\u00e9pp\u00e1ly\u00e1sk\u00e9nt. Ma m\u00e1r kiz\u00e1r\u00f3lag a leg\u00ednyencebbek, a lok\u00e1lis m\u00fazeumok vagy az egykori t\u00e1rsak \u0151rzik az eml\u00e9k\u00fcket.\r\n\r\n<span class=\"highlight-block-small\">Az ugyanis m\u00e1r senkit nem \u00e9rdekel, hogy ki mentett az utols\u00f3 pillanatban k\u00e9tszer \u2013 csak az maradt fenn, hogy ki d\u00f6nt\u00f6tte el a tal\u00e1lkoz\u00f3t az ellenf\u00e9l kapuja el\u0151tt.<\/span>\r\n\r\nEz a g\u00f3lfetisizmus tal\u00e1n \u00e9ppen a mi k\u00e9t kis f\u00f6ld\u00f6nk\u00edv\u00fclink k\u00e1pr\u00e1zatos verseng\u00e9se k\u00f6zepette \u00fclt tort. <strong>Cristiano Ronaldo<\/strong> \u00e9s <strong>Lionel Messi<\/strong> annyira \u0151r\u00fclt \u00e9s feldolgozhatatlan mutat\u00f3kat produk\u00e1lt \u00e9vr\u0151l-\u00e9vre, ami minden m\u00e1st elhom\u00e1lyos\u00edtott. J\u00f6hetett ak\u00e1r a t\u00f6k\u00e9letes t\u00e1mad\u00f3-k\u00f6z\u00e9pp\u00e1ly\u00e1s teljes\u00edtm\u00e9nyt el\u0151vezet\u0151 <strong>Wesley Sneijder<\/strong> vagy <strong>Andr\u00e9s Iniesta<\/strong> \u2013 ez nem \u00e9rdekelt minket. Minek foglalkozn\u00e1nk ilyen j\u00e1t\u00e9kossal, ha a m\u00e1sik 50 g\u00f3lt v\u00e1gott abban az \u00e9vben?!\r\n\r\nFurcsa organizmus a labdar\u00fag\u00e1s vil\u00e1ga \u2013 folyton v\u00e1ltoz\u00f3, narrat\u00edv\u00e1ra narrat\u00edv\u00e1val v\u00e1laszol\u00f3, hat\u00e1s-ellenhat\u00e1sokkal t\u0171zdelt term\u00e9szet. A portug\u00e1l \u00e9s az argentin korszaka le sem csengett, a nyilv\u00e1noss\u00e1g m\u00e9gis sarkon fordult, \u00e9s az ellenkez\u0151 ir\u00e1nyba rohan. A trend cs\u00facs\u00e1r\u00f3l egyenest a m\u00e9lybe zuhantunk. Ma este \u2013 egy\u00e9ves kihagy\u00e1s ut\u00e1n \u2013 megtartj\u00e1k az Aranylabda-d\u00edj\u00e1tad\u00f3t, \u00e9s <strong>Jorginh\u00f3nak<\/strong>, egy regist\u00e1nak re\u00e1lis es\u00e9lye ny\u00edlik a gy\u0151zelemre. Mi t\u00f6bb, eg\u00e9sz t\u00f6megek t\u00e1mogatj\u00e1k az elismer\u00e9s\u00e9t.\r\n\r\nKockapokalipszis \u00e9s kompenz\u00e1l\u00e1s.\r\n<div class=\"payable-content-section\"><\/div>\r\n\r\n[caption id=\"attachment_2853\" align=\"alignnone\" width=\"2000\"]<img class=\"size-full wp-image-2853\" src=\"https:\/\/sport24.24.hu\/app\/uploads\/sites\/24\/2021\/11\/000_9nh4j2.jpg\" alt=\"\" width=\"2000\" height=\"1333\" \/> A Chelsea francia k\u00f6z\u00e9pp\u00e1ly\u00e1sa, N'Golo Kante fejeli a ladb\u00e1t a Manchester City elleni rangad\u00f3n, a Premier League-ben.[\/caption]\r\n\r\nSneijder \u00e9s Iniesta \u00f3ta futottunk m\u00e1r egy Manuel Neuer-k\u00f6rt is, majd 2019-ben <strong>Virgil van Dijk<\/strong> \u2013 ejha, egy k\u00f6z\u00e9ps\u0151 v\u00e9d\u0151, skandallum! \u2013 v\u00e9gzett a m\u00e1sodik helyen. A m\u00f6g\u00f6tt\u00fcnk hagyott h\u00f3napokban m\u00e1r <strong>N\u2019Golo Kant\u00e9<\/strong> neve is felvet\u0151d\u00f6tt, a csapatj\u00e1t\u00e9kosok h\u00edveinek seregei azonban Jorginho z\u00e1szlai m\u00f6g\u00f6tt sorakoztak fel. T\u00e9ny: az olasz kiv\u00e9telesen eredm\u00e9nyes szezont futott \u2013 az aktu\u00e1lis ny\u00e1ri v\u00e1logatott-tornaels\u0151s\u00e9g + Bajnokok Lig\u00e1ja-arany\u00e9rem komb\u00f3 \u00e1ltal\u00e1ban el\u00e9g sok mindenre el\u00e9g szokott lenni ebben a tekintetben. Az szint\u00e9n kikezdhetetlen, hogy mind az Azzurri, mind a Chelsea eset\u00e9ben kulcsfontoss\u00e1g\u00fa a szerepe. Az \u0151 apr\u00f3, sokszor l\u00e1thatatlan megmozdul\u00e1sai teszik lehet\u0151v\u00e9 ezen egy\u00fcttesek olajozott m\u0171k\u00f6d\u00e9s\u00e9t. \u00c9s \u2013 megel\u0151zv\u00e9n a puszt\u00edt\u00f3 haragot \u2013 ez r\u00e9szint \u00f6r\u00f6mteli. Az a csod\u00e1latos sport, amit mind im\u00e1dunk, sokkal t\u00f6bb, mint n\u00e9h\u00e1ny kapuba sz\u00e1ll\u00f3 l\u00f6v\u00e9s. Hogyha sokan k\u00e9pesek \u00e9szrevenni \u00e9s \u00e9rt\u00e9kelni a labdaj\u00e1rat\u00e1shoz elengedhetetlen passzokat, az olyan el\u0151k\u00e9sz\u00edt\u0151ket, akik a mutat\u00f3s g\u00f3lpasszok el\u0151tti \u00e1tad\u00e1st juttatj\u00e1k el a megfelel\u0151 ter\u00fcletre, vagy azokat a v\u00e9d\u0151ket, akik nem h\u00e1rom m\u00e9terr\u0151l cs\u00fasznak-m\u00e1sznak be az utols\u00f3 pillanatban, hanem eleve megakad\u00e1lyozz\u00e1k a lehet\u0151s\u00e9gek kialakul\u00e1s\u00e1t, az az eg\u00e9sz k\u00f6zeg fejl\u0151d\u00e9s\u00e9t jelk\u00e9pezi. Bloggerek, kanap\u00e9szak\u00e9rt\u0151k, twitter-elemz\u0151k, pontr\u00fag\u00e1s-m\u00e1ni\u00e1sok, ezer \u00e9s ezer ember igyekszik \u00e9vek \u00f3ta az\u00e9rt, hogy a mindennapok r\u00e9sz\u00e9v\u00e9 \u00e9s a t\u00e1rsalg\u00e1sok term\u00e9szetes elem\u00e9v\u00e9 emelj\u00e9k az eff\u00e9le, nehezebben \u00e9szlelhet\u0151 j\u00e1t\u00e9kelemeket. Pillanatra sem lebecs\u00fclve senkit, de\r\n\r\n<span class=\"highlight-block\">azt n\u00e9zni, hogy a labda merre j\u00e1r, k\u00f6nny\u0171. <\/span>\r\n\r\nTudni, hol j\u00e1r a labda, \u00e9s k\u00f6zben a t\u00f6bbiek mozg\u00e1s\u00e1t is figyelni, energiabefektet\u00e9s. \u00c9s ez a j\u00e1t\u00e9k kiz\u00e1r\u00f3lag az ut\u00f3bbi m\u00f3don megismerhet\u0151 teljesen.\r\n\r\nEnnek ellen\u00e9re, az az ember \u00e9rz\u00e9se, hogy B\u00e9l\u00e1im, ezt t\u00faltoltuk. \u00d6rvendetes az a felismer\u00e9s, hogy Jorginho vagy Kant\u00e9 mennyire esszenci\u00e1lis r\u00e9sz\u00e9t alkotj\u00e1k a g\u00e1rd\u00e1iknak\u2026mindazon\u00e1ltal, vigy\u00e1zni k\u00e9ne arra, hogy ne ess\u00fcnk \u00e1t a l\u00f3 t\u00faloldal\u00e1ra.\r\n\r\nA p\u00e1lya nagys\u00e1ga, a r\u00e9sztvev\u0151k magas sz\u00e1ma \u00e9s a j\u00e1t\u00e9kid\u0151 hossza miatt a foci abnorm\u00e1lis csibefutam. Kilencven perce alatt t\u00f6bb ezer m\u00e9rhet\u0151 esem\u00e9ny t\u00f6rt\u00e9nik. Nagy \u00e1tlagban a toplig\u00e1s klubok j\u00e1t\u00e9kosai 500-550 passzt k\u00eds\u00e9relnek meg, 11-13 alkalommal l\u0151nek, a csapatok 130-140-szer helyezik nyom\u00e1s al\u00e1 az ellenfelet\u2026\u00e9s a sort a v\u00e9gtelens\u00e9gig lehetne folytatni. S mik\u00f6zben ezek a nyilv\u00e1nval\u00f3, m\u00e9rhet\u0151 akci\u00f3k, a t\u00f6bbiek helyezkednek, tartj\u00e1k a szerkezetet, megpr\u00f3b\u00e1lj\u00e1k elvinni a v\u00e9d\u0151ket. Mindenkinek megvan a maga szerepe, feladata \u00e9s felel\u0151ss\u00e9ge \u2013 amelyek a m\u00e9rk\u0151z\u00e9sek t\u00falnyom\u00f3 t\u00f6bbs\u00e9g\u00e9ben l\u00e9tfontoss\u00e1g\u00faak ahhoz, hogy a tizenegy ember alkotta t\u00e1rsas\u00e1g ne essen sz\u00e9t. M\u00e9gis \u00fagy alakult, hogy ebb\u0151l a k\u00e1oszb\u00f3l tal\u00e1lkoz\u00f3nk\u00e9nt csup\u00e1n egy csipetnyi momentum vezet ki. A m\u00falt \u00e9vben a Premier League-ben \u00e1tlagban 2,69 g\u00f3l sz\u00fcletett, m\u00edg a La Lig\u00e1ban 2,51, a Ligue 1-ben 2,88, a Bundeslig\u00e1ban 3,03, a Serie A-ban pedig 3,06. Vagyis:\r\n\r\n<span class=\"highlight-block-small\">hi\u00e1ba ez a sok \u00e9rt\u00e9kes megmozdul\u00e1s, kett\u0151 vagy h\u00e1rom esem\u00e9ny mindent fel\u00fcl\u00edrt, illetve eld\u00f6nt\u00f6tt.<\/span>\r\n\r\n[caption id=\"attachment_2857\" align=\"alignnone\" width=\"1024\"]<img class=\"size-full wp-image-2857\" src=\"https:\/\/sport24.24.hu\/app\/uploads\/sites\/24\/2021\/11\/lewandowski.jpg\" alt=\"\" width=\"1024\" height=\"748\" \/> Robert Lewandowski ipari mennyis\u00e9gben termeli a g\u00f3lokat, \u0151 az egyik nagy es\u00e9lyese id\u00e9n az Aranylabd\u00e1nak.[\/caption]\r\n\r\nJoggal vet\u0151dhetne fel a k\u00e9rd\u00e9s, hogyha \u00e9ppen egy bekezd\u00e9ssel ezel\u0151tt fix\u00e1ltuk, mekkora a jelent\u0151s\u00e9ge azoknak a t\u00f6rt\u00e9n\u00e9seknek, amelyek a g\u00f3lokig vezetnek el, m\u00e9gis mire f\u00f6l ez az \u00e1ll\u00edt\u00e1s? Nos, arra, hogy ez itt a probl\u00e9ma. Ez a p\u00f3lusv\u00e1lt\u00e1s \u00e9s f\u00f6ldcsuszaml\u00e1s adja az ellentmond\u00e1s velej\u00e9t. Nem a l\u00f6v\u00e9st megel\u0151z\u0151 akci\u00f3k teszik a g\u00f3lt; ellenkez\u0151leg. Att\u00f3l lesz k\u00fcl\u00f6nleges, eredm\u00e9nyes, hovatov\u00e1bb egy\u00e1ltal\u00e1n fontos egy passz vagy egy keresztbe fut\u00e1s, hogy valaki a t\u00e1mad\u00e1st befejezi. Ne becs\u00fclj\u00fck ezt al\u00e1; ha olyan k\u00f6nny\u0171 volna, akkor nem k\u00e9t-h\u00e1rom esetben \u00fcnnepelhetn\u00e9nek a topj\u00e1t\u00e9kosok. Ha nincs a g\u00f3l, az az asszisztot megel\u0151z\u0151 passz egy szimpl\u00e1n vesz\u00e9lyes poz\u00edci\u00f3ba eljuttatott labda, semmi t\u00f6bb. Ha nincs a g\u00f3l, az a fut\u00e1s, ami elvitte a h\u00e1tv\u00e9det, semmilyen fontoss\u00e1ggal nem b\u00edr\u00f3 pr\u00f3b\u00e1lkoz\u00e1s.\r\n\r\nEbb\u0151l k\u00f6vetkez\u0151en k\u00e9nytelenek vagyunk kimondani: ak\u00e1rmilyen l\u00e9nyeges egy-egy pontos passz,\r\n\r\n<span class=\"highlight-block\">a g\u00f3l messze-messze \u00e9rt\u00e9kesebb. <\/span>\r\n\r\nHogy mi a v\u00e1lt\u00f3sz\u00e1m e k\u00e9t valuta k\u00f6z\u00f6tt, meg\u00e1llap\u00edthatatlan. Viszont ak\u00e1rhonnan is n\u00e9zz\u00fck, ak\u00e1rmilyen szemsz\u00f6gb\u0151l is vizsg\u00e1ljuk, egy\u00e9rtelm\u0171, hogy a h\u00e1l\u00f3 megz\u00f6rget\u00e9se becsesebb.\r\n\r\nA csapatsportokban az az igaz\u00e1n gy\u00f6ny\u00f6r\u0171, hogy nem kiz\u00e1r\u00f3lag egy ember megfesz\u00edtett munk\u00e1j\u00e1nak gy\u00fcm\u00f6lcs\u00e9t l\u00e1thatjuk, hanem sok k\u00fcl\u00f6nb\u00f6z\u0151 karakter\u0171, tud\u00e1s\u00fa \u00e9s k\u00e9pess\u00e9g\u0171 sportol\u00f3 k\u00f6z\u00f6s pr\u00f3b\u00e1lkoz\u00e1s\u00e1nak eredm\u00e9ny\u00e9t. Egy\u00fctt, egy csoportk\u00e9nt k\u00fczdenek a c\u00e9l \u00e9rdek\u00e9ben \u00e9s komplex folyamat sor\u00e1n diadalmaskodnak vagy buknak el, amelyben mindennek \u00e9s mindenkinek stimmelnie kell. Ett\u0151l f\u00fcggetlen\u00fcl az egy\u00e9ni zsenialit\u00e1s hatalmas szerepet j\u00e1tszik a sikerben. (Arr\u00f3l nem is besz\u00e9lve, hogy mi legink\u00e1bb szem\u00e9lyis\u00e9gekhez tudunk k\u00f6t\u0151dni, \u00edgy mindenk\u00e9ppen legitim ilyen d\u00edjakat osztogatni.) \u00c9s \u00e9ppen ez\u00e9rt, ezekn\u00e9l a kit\u00fcntet\u00e9sekn\u00e9l el\u0151r\u00e9bb val\u00f3 szempont, hogy ki emelkedik a t\u00f6bbiek f\u00f6l\u00e9 azon n\u00e9h\u00e1ny pillanatban, amely a m\u00e9rk\u0151z\u00e9seket eld\u00f6nteni, mint hogy ki az, aki n\u00e9lk\u00fcl a Chelsea \u00e9p\u00edtkez\u00e9sei akadozn\u00e1nak. Ha adott \u00e9vben tal\u00e1lunk olyat, aki a kapu el\u0151tt messze a mez\u0151ny f\u00f6l\u00e9 emelkedett, \u00e9s ezzel tr\u00f3fe\u00e1hoz juttatta a klubj\u00e1t, nem \u00e9rdemes a m\u00e9lys\u00e9gi ir\u00e1ny\u00edt\u00f3k fel\u00e9 n\u00e9zegetni.\r\n\r\n[caption id=\"attachment_2858\" align=\"alignnone\" width=\"4096\"]<img class=\"wp-image-2858 size-full\" src=\"https:\/\/sport24.24.hu\/app\/uploads\/sites\/24\/2021\/11\/messi.jpg\" alt=\"\" width=\"4096\" height=\"2731\" \/> Lionel Messi a hetedik Aranylabd\u00e1j\u00e1ra hajt.[\/caption]\r\n\r\nAmennyiben nincs ilyen alakja az \u00e9vadnak, szinte mag\u00e1t\u00f3l \u00e9rtet\u0151dik, hogy \u00f6sszess\u00e9g\u00e9ben egy \u00e1thatolhatatlan bekk vagy egy g\u00f3lpasszgy\u00e1ros k\u00f6z\u00e9pp\u00e1ly\u00e1s nagyobb hat\u00e1st gyakorolhatott, mint valamelyik csat\u00e1r. Ilyenkor mutathatjuk majd meg, hogy el\u0151rel\u00e9pt\u00fcnk, hogy nem csak a nyilv\u00e1nval\u00f3t ismerj\u00fck fel. Hogy a kiss\u00e9 dicstelenebb, kevesebb reflektorf\u00e9nyt kap\u00f3 er\u0151fesz\u00edt\u00e9st is m\u00e9lt\u00e1nyoljuk. De addig is: ne kompenz\u00e1ljunk! Ne akarjunk minden \u00e1ron igazs\u00e1got szolg\u00e1ltatni a m\u00falt figyelmetlens\u00e9g\u00e9\u00e9rt! Maguk a j\u00e1t\u00e9kosok is tiszt\u00e1ban vannak vele, hogy megtehetnek \u0151k b\u00e1rmit, amit az edz\u0151j\u00fck k\u00e9r, ha a v\u00e9g\u00e9n nincs valaki, aki mattolja a kapust, mehet az eg\u00e9sz a levesbe. N\u00e1lunk sokkal m\u00e9lyrehat\u00f3bban ismerik a labdar\u00fag\u00e1s term\u00e9szet\u00e9t;\r\n\r\n<span class=\"highlight-block\">nincs sz\u00fcks\u00e9g\u00fck ara, hogy t\u00e1rsadalmilag kiegyenl\u00edts\u00fcnk egy k\u00e9pzeletbeli tartoz\u00e1st.<\/span>\r\n\r\nAd\u00f3dik majd alkalom, amikor ezt a jelenben, jogosan, meg\u00e9rdemelten honor\u00e1lhatjuk. Addig is, tegy\u00fck a legt\u00f6bbet, mi tehet\u0151: \u00e9rt\u00e9kelj\u00fcnk mindent a maga hely\u00e9n. A passzokat, a szerel\u00e9seket, a v\u00e9d\u00e9seket, a taktikai fegyelmezetts\u00e9get vagy a beindul\u00e1sokat \u2013 \u00e9s a g\u00f3lokat.\r\n\r\n[prefabricated_shortcode in_app=\"0\" code=\"%3Cdiv%20class%3D%22article_box_border%22%20style%3D%22background%3A%20url%28%27https%3A%2F%2F24.p3k.hu%2Fapp%2Fuploads%2Fsites%2F24%2F2021%2F05%2Fsport24-pattern.png%27%29%20no-repeat%20left%20-16px%20%23f3f3f4%3B%20border%3A%20none%3B%22%3E%0D%0A%3Cdiv%20class%3D%22article_solidheader%22%3E%0D%0A%3Ch2%20style%3D%22color%3A%20%23111115%21important%3B%20font-size%3A%2036px%3B%20font-weight%3A%20bold%3B%20margin-bottom%3A%2030px%3B%20margin-top%3A%2020px%3B%20text-align%3A%20center%3B%20line-height%3A%2036px%3B%22%3E%3Cimg%20class%3D%22aligncenter%20size-full%20wp-image-141%22%20src%3D%22https%3A%2F%2F24.p3k.hu%2Fapp%2Fuploads%2Fsites%2F24%2F2021%2F05%2Fs24-logo-dt.png%22%20alt%3D%22%22%20width%3D%22408%22%20height%3D%2290%22%20%2F%3E%3C%2Fh2%3E%0D%0A%3Ch2%20style%3D%22color%3A%20%23111115%21important%3B%20font-size%3A%2036px%3B%20font-weight%3A%20bold%3B%20margin-bottom%3A%2030px%3B%20margin-top%3A%2020px%3B%20text-align%3A%20center%3B%20line-height%3A%2040px%3B%22%3ECsatlakozz%20a%20Sport24%20k%C3%B6z%C3%B6ss%C3%A9ghez%2C%20mondd%20el%20v%C3%A9lem%C3%A9nyedet%20z%C3%A1rt%20Facebook-csoportunkban%2C%20%C3%A9s%20vegy%C3%A9l%20r%C3%A9szt%20csak%20el%C5%91fizet%C5%91knek%20el%C3%A9rhet%C5%91%20exkluz%C3%ADv%20esem%C3%A9nyeinken.%3C%2Fh2%3E%0D%0A%3C%2Fdiv%3E%0D%0A%3Cp%20style%3D%22background%3A%20%2357A600%3B%20margin-top%3A%2020px%3B%20padding%3A%2020px%3B%20text-align%3A%20center%3B%22%3E%3Ca%20style%3D%22color%3A%20%23ffffff%3B%20font-size%3A%2026px%3B%20font-weight%3A%20600%3B%22%20href%3D%22https%3A%2F%2Fwww.facebook.com%2Fgroups%2F212344460412327%22%3ECSATLAKOZOM%3C%2Fa%3E%3C%2Fp%3E%0D%0A%0D%0A%3C%2Fdiv%3E\"]","type":"rich","thumbnail_url":"https:\/\/s.24.hu\/app\/uploads\/sites\/24\/2021\/11\/kiemelt-1-150x150.jpg","thumbnail_width":150,"thumbnail_height":150}