{"version":"1.0","provider_name":"Sport24","provider_url":"https:\/\/sport24.24.hu","author_name":"Bruckner G\u00e1bor","author_url":"https:\/\/sport24.24.hu\/author\/brucknerg\/","title":"A v\u00e9g\u00e9n m\u00e9g szimpatikus csapat lesz a Chelsea?","html":"A Chelsea-n\u00e9l \u00faj korszak kezd\u0151d\u00f6tt 2003 nyar\u00e1n, amikor <strong>Roman Abramovics<\/strong> megv\u00e1s\u00e1rolta a londoni klubot, \u00e1m a K\u00e9kek m\u00e1r azt megel\u0151z\u0151en is nagy kan\u00e1llal fogyasztott\u00e1k a k\u00fclf\u00f6ldi szt\u00e1rokat, miut\u00e1n a Premier League \u00fajgazdag egy\u00fcttesei r\u00e1szabadultak a kontinent\u00e1lis piacra a kilencvenes \u00e9vek m\u00e1sodik fel\u00e9ben. A legkozmopolit\u00e1bbnak bizonyul\u00f3 Chelsea t\u00fal is tett a riv\u00e1lisain: els\u0151k\u00e9nt jutott el oda, hogy brit j\u00e1t\u00e9kos n\u00e9lk\u00fcl \u00e1lljon fel, amikor 1999 kar\u00e1csony\u00e1n <strong>Gianluca Vialli<\/strong> a <strong>De Goey \u2013 Ferrer, Emerson Thome, Leboeuf, Babayaro \u2013 Petrescu, Deschamps, Di Matteo, Poyet \u2013 Ambrosetti, Flo<\/strong> tizenegyet k\u00fcldte p\u00e1ly\u00e1ra a Southampton ellen.\r\n\r\n<span class=\"highlight-block-small\">Hi\u00e1ba j\u00f6ttek azonban sorban a klasszisok a csatorn\u00e1n t\u00falr\u00f3l, a Chelsea csak nem tudott belesz\u00f3lni a Manchester United \u00e9s az Arsenal vet\u00e9lked\u00e9s\u00e9be. <\/span>\r\n\r\nAhhoz nemcsak t\u00f6bb p\u00e9nz, hanem szeml\u00e9letv\u00e1lt\u00e1s is kellett a klubvezet\u00e9s r\u00e9sz\u00e9r\u0151l is. B\u00e1r az Abramovics-korszak kezdet\u00e9t sosem l\u00e1tott bev\u00e1s\u00e1rl\u00e1s jellemezte, \u00e9s a f\u0151v\u00e1rosiak m\u00e9g sok\u00e1ig a tulajdonos gyan\u00fas eredet\u0171 milli\u00f3ira \u00e9p\u00edtettek, a j\u00e1t\u00e9kosv\u00e1s\u00e1rl\u00e1sokhoz hasonl\u00f3 jelent\u0151s\u00e9g\u0171 l\u00e9p\u00e9s volt, hogy elhozt\u00e1k magukhoz a Manchester United \u00fcgyvezet\u0151 igazgat\u00f3j\u00e1t, <strong>Peter Kenyont<\/strong>. Noha ma m\u00e1r jellemz\u0151en a z\u0171r\u00f6s \u00fcgyei miatt szok\u00e1s \u0151t emlegetni (p\u00e9ld\u00e1ul <strong>Ashley Cole<\/strong> illeg\u00e1lis \u00e1tcs\u00e1b\u00edt\u00e1sa az Arsenalt\u00f3l), Kenyonnak fontos szerepe volt abban, hogy a klub megvetette a l\u00e1b\u00e1t az elitben.\r\n\r\nA Chelsea ugyanis egy\u00e9rtelm\u0171en hossz\u00fa t\u00e1vra tervezett, \u00e9s ebben kiemelt szerepet sz\u00e1ntak a Cobhamben 20 milli\u00f3 fontos beruh\u00e1z\u00e1sk\u00e9nt l\u00e9trehozott, modern edz\u0151k\u00f6zpontnak, amely 2008 \u00f3ta otthont ad a klub akad\u00e9mi\u00e1j\u00e1nak is. B\u00e1r a Chelsea ut\u00e1np\u00f3tl\u00e1s\u00e1b\u00f3l kor\u00e1bban is sok tehets\u00e9g ker\u00fclt ki, a korszak nem kedvezett az akad\u00e9mi\u00e1nak: az utols\u00f3 n\u00f6vend\u00e9k, akib\u0151l kulcsember v\u00e1lt, az 1998-ban bemutatkoz\u00f3 <strong>John Terry<\/strong> volt, az ut\u00e1na j\u00f6v\u0151k m\u00e1r nem tudt\u00e1k felvenni a versenyt a legjobbakkal. \u00daj alapokra kellett h\u00e1t helyezni az akad\u00e9mi\u00e1t is, azzal a c\u00e9llal, hogy a vil\u00e1g vezet\u0151 ut\u00e1np\u00f3tl\u00e1s-nevel\u0151 b\u00e1zis\u00e1v\u00e1 v\u00e1ljon, olyan sz\u00ednvonal\u00fa m\u0171helly\u00e9, amelyt\u0151l a k\u00e9tezres \u00e9vek k\u00f6zep\u00e9n igen messze volt.\r\n<blockquote>C\u00e9lokat t\u0171zt\u00fcnk ki magunk el\u00e9. Hogyan \u00e9rhetj\u00fck el a legjobb h\u00e9t-, nyolc-, kilenc- \u00e9s t\u00edz\u00e9veseket Londonban \u00e9s a d\u00e9lkeleti r\u00e9gi\u00f3ban? Hogyan szerezz\u00fck meg a legjobb edz\u0151ket? Mert ha megvannak a leg\u00edg\u00e9retesebb fiatalok \u00e9s a legkiv\u00e1l\u00f3bb edz\u0151k, akkor be fogjuk hozni a lemarad\u00e1sunkat<\/blockquote>\r\n\u2013 <a href=\"https:\/\/theathletic.com\/2915324\/2021\/10\/29\/what-newcastle-can-learn-from-abramovichs-chelsea-takeover\/\" target=\"_blank\" rel=\"noopener\">eml\u00e9kezett vissza az indul\u00e1sra<\/a> <strong>Neil Bath<\/strong>, aki jelenleg is ir\u00e1ny\u00edt\u00f3ja a Chelsea ut\u00e1np\u00f3tl\u00e1s-nevel\u00e9s\u00e9nek.\r\n\r\nEnnek megfelel\u0151en <a href=\"https:\/\/www.goal.com\/en-us\/news\/how-chelsea-created-the-worlds-best-academy\/xswebvvrnjiv1e266bxbxhkwp\" target=\"_blank\" rel=\"noopener\">nyitottak voltak a legmodernebb edz\u00e9sm\u00f3dszerekre<\/a>, a legfejlettebb technol\u00f3gi\u00e1val elemezt\u00e9k a fiatalok teljes\u00edtm\u00e9ny\u00e9t, \u00e9s olyan edz\u0151k dolgoztak a klubn\u00e1l, akik k\u00e9s\u0151bb m\u00e1r a feln\u0151ttekkel \u00e9rtek el eredm\u00e9nyeket \u2013 ilyen volt <strong>Brendan Rodgers<\/strong>, vagy a jelenlegi sk\u00f3t sz\u00f6vets\u00e9gi kapit\u00e1ny, <strong>Steve Clarke<\/strong>.\r\n\r\nA folyamat \u00e9rthet\u0151en nem volt gyors, \u00e9s csak a k\u00f6vetkez\u0151 \u00e9vtizedben jelentkeztek az eredm\u00e9nyei, addig pedig, am\u00edg a keretben nagyobb sz\u00e1mban jelentek meg a kor\u00e1bbi akad\u00e9mist\u00e1k, \u00fajabb hossz\u00fa esztend\u0151k teltek el.\r\n<div class=\"payable-content-section\"><\/div>\r\nAz els\u0151 fecske <strong>Josh McEachran<\/strong> volt, aki a 2010-es U17-es vil\u00e1gbajnok angol v\u00e1logatott egyik legjobbja volt, \u00e9s a szak\u00e9rt\u0151k benne l\u00e1tt\u00e1k az angol ut\u00e1np\u00f3tl\u00e1s-nevel\u00e9s meg\u00fajul\u00e1s\u00e1nak jel\u00e9t: v\u00e9konydong\u00e1j\u00fa, j\u00f3l passzol\u00f3 fiatalk\u00e9nt a kontinent\u00e1lis k\u00f6z\u00e9pp\u00e1ly\u00e1s mintap\u00e9ld\u00e1ja volt, \u00e9s <strong>Carlo Ancelotti<\/strong> 17 \u00e9vesen m\u00e9lyv\u00edzbe is dobta. McEachran v\u00e9g\u00fcl t\u00e9nyleg el\u0151re jelezte az \u00faj korszakot, de valami m\u00e1s miatt: az \u0151 sorsa mutatta meg, mire sz\u00e1m\u00edthattak a Chelsea saj\u00e1t nevel\u00e9s\u0171 tehets\u00e9gei. A fejl\u0151d\u00e9se ugyanis hamar megrekedt, \u00e9s kezdet\u00e9t vette a k\u00f6lcs\u00f6nad\u00e1sok hossz\u00fa sora: h\u00e1rom \u00e9v alatt \u00f6t klubn\u00e1l is megfordult, m\u00edg 22 \u00e9ves kor\u00e1ban eladt\u00e1k, \u00e1m csak als\u00f3bb oszt\u00e1ly\u00fa csapatokig jutott. Jelenleg a harmadoszt\u00e1ly\u00fa Milton Keynes Dons j\u00e1t\u00e9kosa.\r\n\r\nMcEachran t\u00f6rt\u00e9nete persze egyedi, \u00e9s t\u00f6bb s\u00falyos s\u00e9r\u00fcl\u00e9s is h\u00e1tr\u00e1ltatta az el\u0151menetel\u00e9t, az viszont t\u00e9ny, hogy a 2010-es \u00e9vekben jellemz\u0151en ez a sors v\u00e1rt a Chelsea fiataljaira: hi\u00e1ba ker\u00fclt ki az akad\u00e9mi\u00e1r\u00f3l mind t\u00f6bb \u00cdg\u00e9ret, aki koroszt\u00e1lyos szinten m\u00e1r a legjobbak k\u00f6z\u00e9 tartozott, senkinek nem siker\u00fclt megvetnie a l\u00e1b\u00e1t a feln\u0151ttek k\u00f6z\u00f6tt. Mivel azonban a Chelsea az ifj\u00fas\u00e1gi koroszt\u00e1ly\u00fa j\u00e1t\u00e9kosokb\u00f3l egyre t\u00f6bbet v\u00e1s\u00e1rolt, rengetegen ragadtak bele abba a helyzetbe, hogy mik\u00f6zben kin\u0151tt\u00e9k az U23-as csapatot, az els\u0151 csapathoz m\u00e9g nem voltak el\u00e9g j\u00f3k. \u0150ket (szezononk\u00e9nt t\u00f6bb tucat futballist\u00e1t) adogatt\u00e1k azt\u00e1n k\u00f6lcs\u00f6nbe.\r\n\r\n<span class=\"highlight-block-small\">Az \u00f6tlet az akkori technikai igazgat\u00f3t\u00f3l, <strong>Michael Emenal\u00f3t\u00f3l<\/strong> eredt, \u00e1m nem volt t\u00fal n\u00e9pszer\u0171, \u00e9s sokan a strat\u00e9gia buk\u00e1s\u00e1t l\u00e1tt\u00e1k abban, hogy a klub \u00edgy vesz\u00edtett el olyan \u2013 igaz, nem saj\u00e1t nevel\u00e9s\u0171 \u2013 tehets\u00e9geket, mint <strong>Kevin De Bruyne<\/strong> vagy <strong>Mohamed Salah. <\/strong><\/span>\r\n\r\nB\u00e1r m\u00e1sok szerint ez egy\u00e9rtelm\u0171en <strong>Jos\u00e9 Mourinho<\/strong> hib\u00e1ja volt, aki nem b\u00edzott benn\u00fck.\r\n\r\n<img class=\"alignnone size-large wp-image-2818\" src=\"https:\/\/sport24.24.hu\/app\/uploads\/sites\/24\/2021\/11\/gettyimages-500654722-1024x763.jpg\" alt=\"\" width=\"1024\" height=\"763\" \/>\r\n\r\nMourinho volt az is, aki 2015 nyar\u00e1n sokakat meglepve <a href=\"https:\/\/www.football.london\/chelsea-fc\/players\/chelsea-mourinho-baker-brown-solanke-18547599\" target=\"_blank\" rel=\"noopener\">kijelentette a klub h\u00e1rom rem\u00e9nyteli j\u00e1t\u00e9kos\u00e1r\u00f3l<\/a> \u2013 <strong>Lewis Bakerr\u0151l, Izzy Brownr\u00f3l<\/strong> \u00e9s <strong>Dominic Solanke-r\u00f3l<\/strong> \u2013, hogy \u00f6nmag\u00e1t okolja majd, ha nem lesz bel\u0151le angol v\u00e1logatott futballista.\r\n\r\nIgaz, a portug\u00e1l edz\u0151 n\u00e9h\u00e1ny h\u00f3nappal k\u00e9s\u0151bb lap\u00e1tra ker\u00fclt, de a h\u00e1rom j\u00e1t\u00e9kos is igen t\u00e1vol van az angol v\u00e1logatott\u00f3l. Solanke ugyan bemutatkozott a nemzeti csapatban, de akkor m\u00e1r a Liverpool j\u00e1t\u00e9kosa volt, ahol azonban szint\u00e9n nem tudott \u00e9rv\u00e9nyes\u00fclni, \u00edgy tov\u00e1bb\u00e1llt a Bournemouth-hoz. Ut\u00f3bbi egy\u00fcttes kies\u00e9se ut\u00e1n v\u00e9gre elkezdte termelni a g\u00f3lokat a Championshipben, \u00e9s minden es\u00e9lye megvan r\u00e1, hogy j\u00f6v\u0151re \u00fajra a Premier League-ben j\u00e1tsszon \u2013 m\u00e9g ha nem is a Chelsea-ben.\r\n\r\nA m\u00e1sik kett\u0151nek erre mind kevesebb es\u00e9lye van: Brown t\u00f6bb k\u00f6lcs\u00f6nad\u00e1st, illetve s\u00falyos s\u00e9r\u00fcl\u00e9st k\u00f6vet\u0151en az id\u00e9n ny\u00e1ron a Prestonhoz t\u00e1vozott, ahol \u00fajra megs\u00e9r\u00fclt, Baker pedig megd\u00f6bbent\u0151 m\u00f3don m\u00e9g mindig a Chelsea j\u00e1t\u00e9kosa, noha egy percet sem j\u00e1tszott a Premier League-ben\u2026 Megfordult viszont nyolc m\u00e1sik klubn\u00e1l k\u00f6lcs\u00f6nben, most pedig az U23-as csapatban szerepel.\r\n\r\nMourinho szerepe mutatja, hogy k\u00e1r minden\u00e9rt a strat\u00e9gi\u00e1t hib\u00e1ztatni, a Chelsea eredm\u00e9nyk\u00e9nyszerben l\u00e9v\u0151 edz\u0151i eg\u00e9szen egyszer\u0171en\r\n\r\n<span class=\"highlight-block\">abban a helyzetben voltak, hogy k\u00e9sz j\u00e1t\u00e9kosokat igazolhattak b\u00e1rmelyik posztra. <\/span>\r\n\r\n\u00c9s sem Mourinho, sem <strong>Antonio Conte<\/strong>, sem <strong>Maurizio Sarri<\/strong> nem tartozott a b\u00e1tran fiatal\u00edt\u00f3 edz\u0151k k\u00f6z\u00e9. Pedig ez id\u0151 alatt is folyamatosan tehets\u00e9gek sora g\u00f6rd\u00fclt le a cobhami fut\u00f3szalagr\u00f3l, \u00e1m k\u00f6z\u00fcl\u00fck sok\u00e1ig csak a d\u00e1n <strong>Andreas Christensenb\u0151l<\/strong> lett az \u00e9lvonalbeli g\u00e1rda tagja, \u00e9s ebben neki is egy k\u00e9t\u00e9ves, a Borussia M\u00f6nchengladbachn\u00e1l elt\u00f6lt\u00f6tt, j\u00f3l siker\u00fclt k\u00f6lcs\u00f6nid\u0151szak seg\u00edtett. A m\u00e1sik kiv\u00e9tel <strong>Ruben Loftus-Cheek<\/strong> volt, aki Christensenhez hasonl\u00f3an Mourinho idej\u00e9n mutatkozott be a feln\u0151ttekn\u00e9l, de egy id\u00e9nyre neki is el kellett mennie k\u00f6lcs\u00f6nbe a Crystal Palace-hoz, hogy <strong>Gareth Southgate<\/strong> kivigye az oroszorsz\u00e1gi vil\u00e1gbajnoks\u00e1gra. A Chelsea-hez visszat\u00e9rve viszont tov\u00e1bbra is csak mell\u00e9kszerepl\u0151 maradt, majd egy rendk\u00edv\u00fcl s\u00falyos s\u00e9r\u00fcl\u00e9s ut\u00e1n sokan le is mondtak r\u00f3la.\r\n\r\n\u00cdgy \u00e9rkezt\u00fcnk el 2019-hez, amikor a FIFA \u00e1tigazol\u00e1si szab\u00e1lys\u00e9rt\u00e9sek miatt egy teljes \u00e9vadra kiz\u00e1rta a Chelsea-t az \u00e1tigazol\u00e1sokb\u00f3l, \u00e9s az \u00faj szakvezet\u0151re, az edz\u0151k\u00e9nt rutintalan<strong> Frank Lampardra<\/strong> v\u00e1rt a feladat, hogy t\u00f6bb akad\u00e9mist\u00e1t is be\u00e9p\u00edtsen a csapatba. A klub kor\u00e1bbi ikonikus j\u00e1t\u00e9kosa az ut\u00e1np\u00f3tl\u00e1sban \u00e9vekig dolgoz\u00f3 <strong>Jody Morrist<\/strong> vette mag\u00e1hoz m\u00e1sodedz\u0151k\u00e9nt, \u00e9s ebben az id\u0151szakban lett az els\u0151 csapat tagja <strong>Mason Mount, Reece James, Tammy Abraham, Fikayo Tomori,<\/strong> valamint <strong>Billy Gilmour<\/strong>, mik\u00f6zben t\u00f6bb lehet\u0151s\u00e9get kapott <strong>Callum Hudson-Odoi<\/strong> \u00e9s Christensen is.\r\n\r\nEz a fiatalos Chelsea a v\u00e1rakoz\u00e1sokra r\u00e1c\u00e1folva BL-szerepl\u00e9sre jogos\u00edt\u00f3 helyez\u00e9st \u00e9rt el, de a k\u00f6vetkez\u0151 szezon m\u00e1r sokkal rosszabbul alakult, \u00e9s amikor ez \u00e9v janu\u00e1rj\u00e1ban <strong>Thomas Tuchel<\/strong> v\u00e1ltotta Lampardot, sokan att\u00f3l tartottak: v\u00e9get \u00e9r az akad\u00e9mist\u00e1k p\u00fcnk\u00f6sdi kir\u00e1lys\u00e1ga, \u00fajra a szuperszt\u00e1rok ideje k\u00f6vetkezik. M\u00e1r csak az\u00e9rt is, mert tavaly ny\u00e1ron 200 milli\u00f3 fontot k\u00f6lt\u00f6tt a klub \u00faj j\u00e1t\u00e9kosokra. Tuchel els\u0151 kezd\u0151csapata is \u0151ket igazolta, hiszen kiz\u00e1r\u00f3lag Hudson-Odoi kapott lehet\u0151s\u00e9get a saj\u00e1t nevel\u00e9s\u0171 labdar\u00fag\u00f3k k\u00f6z\u00fcl. K\u00e9s\u0151bb azonban fokozatosan visszaker\u00fcltek a t\u00f6bbiek is, \u00e9s a m\u00e1jusi BL-d\u00f6nt\u0151n m\u00e1r Mount, James \u00e9s Christensen is a kezd\u0151ben kapott helyet.\r\n\r\nA ny\u00e1ron viszont a mell\u0151z\u00f6tt Abrahamet \u00e9s Tomorit is eladta a klub, de igaz\u00e1n az ijesztette meg a szurkol\u00f3kat, hogy\r\n\r\n<span class=\"highlight-block-small\">a fiatalok k\u00f6z\u00fcl t\u00f6bben is \u00fagy l\u00e1tt\u00e1k: nem l\u00e1tj\u00e1k biztos\u00edtottnak az utat a Chelsea nagycsapat\u00e1ba, \u00e9s nem akarnak r\u00e9szt venni a k\u00f6lcs\u00f6nadogat\u00f3sdiban. <\/span>\r\n\r\nH\u00e1rom, nagy becsben \u00e1ll\u00f3, tizen\u00e9ves tehets\u00e9g is t\u00e1vozott: <strong>Tino Livramento<\/strong> a Southamptonba, <strong>Lewis Bate<\/strong> a Leedsbe, <strong>Marc Guehi<\/strong> pedig a Crystal Palace-ba igazolt. Igaz, mindh\u00e1rman olyan poszton j\u00e1tszanak, ahol t\u00f6bben is vannak el\u0151tt\u00fck, \u00e9s nem is ak\u00e1rkik: \u00a0Livramento p\u00e9ld\u00e1ul hi\u00e1ba remekel \u00faj klubj\u00e1ban, ha az \u0151 posztj\u00e1n pont Reece James j\u00e1tszik a Chelsea-ben. Csakhogy ezekb\u0151l \u00e9s a tov\u00e1bbi elad\u00e1sokb\u00f3l \u00f6sszesen annyi p\u00e9nz folyt be, hogy a klub m\u00e9g azzal egy\u00fctt is nyeres\u00e9gesen z\u00e1rta a nyarat, hogy egy vagyon\u00e9rt visszahozta <strong>Romelu Lukakut<\/strong>. Az akad\u00e9mia teh\u00e1t m\u00e1r \u00fczletileg is sikeres, \u00e9s passzol a klub \u00faj \u00fczleti modellj\u00e9hez, hiszen a <strong>Marina Granovszkaja<\/strong> ir\u00e1ny\u00edtotta klub a k\u00e9tezres \u00e9vekkel szemben \u2013 amikor \u00e9vr\u0151l \u00e9vre iszonyatos \u00f6sszegekbe ker\u00fclt a csapat fenntart\u00e1sa Abramovicsnak \u2013 \u00fajabban <a href=\"https:\/\/www.football.london\/chelsea-fc\/news\/560m-decision-roman-abramovich-changed-17279539\" target=\"_blank\" rel=\"noopener\">m\u00e1r rendre pozit\u00edv m\u00e9rleggel z\u00e1rja<\/a> az \u00e1tigazol\u00e1si id\u0151szakokat.\r\n\r\n[caption id=\"attachment_2819\" align=\"alignnone\" width=\"1024\"]<img class=\"size-large wp-image-2819\" src=\"https:\/\/sport24.24.hu\/app\/uploads\/sites\/24\/2021\/11\/gettyimages-1198861298-1024x683.jpg\" alt=\"\" width=\"1024\" height=\"683\" \/> Mason Mount \u00e9s Callum Hudson-Odoi[\/caption]\r\n\r\nTuchel a mostani szezonban tov\u00e1bb halad az \u00faton: a Christensen, James, Mount tri\u00f3 mellett a sok\u00e1ig mell\u0151z\u00f6tt Hudson-Odoi is bej\u00e1tszotta mag\u00e1t a kezd\u0151csapatba, Loftus-Cheek pedig m\u00e1r \u00fajra a s\u00e9r\u00fcl\u00e9se el\u0151tti form\u00e1j\u00e1t mutatja. S\u0151t <strong>Trevoh Chalobah<\/strong> szem\u00e9ly\u00e9ben \u00fajabb saj\u00e1t nevel\u00e9s\u0171 fiatal is beker\u00fclt a keretbe, noha vele sok\u00e1ig nem sz\u00e1molt a szakvezet\u00e9s, ink\u00e1bb Jules Kound\u00e9t szerett\u00e9k volna leigazolni a Sevill\u00e1t\u00f3l a posztra. \u00c1m Chalobah v\u00e9g\u00fcl kapott lehet\u0151s\u00e9get kapott Tuchelt\u0151l, \u00e9s \u00e9lt is vele, az\u00f3ta pedig m\u00e1r \u00e1lland\u00f3 csapattag. A h\u00e9ten el\u0151sz\u00f6r volt kezd\u0151 BL-meccsen, \u00e9s ha m\u00e1r \u00edgy alakult, l\u0151tt is egy g\u00f3lt a Juventusnak, r\u00e1ad\u00e1sul James \u00e9s Hudson-Odoi is betal\u00e1lt a saj\u00e1t nevel\u00e9s\u0171ek k\u00f6z\u00fcl.\r\n\r\n<span class=\"highlight-block\">Ma m\u00e1r nem meglep\u0151, hogy rendszeresen n\u00e9gy-\u00f6t akad\u00e9mista p\u00e1ly\u00e1ra l\u00e9p a Chelsea-ben,<\/span>\r\n\r\n<a href=\"https:\/\/theathletic.com\/2909124\/2021\/10\/24\/chelseas-cobham-charged-title-challenge-can-prove-the-doubters-wrong-for-good\/\" target=\"_blank\" rel=\"noopener\">\u00e9s ez a sz\u00e1m m\u00e9g n\u0151het is a j\u00f6v\u0151ben<\/a>.\r\n\r\nA k\u00f6z\u00e9pp\u00e1ly\u00e1sok k\u00f6z\u00fcl ugyanis t\u00f6bbnek is lej\u00e1r a szerz\u0151d\u00e9se m\u00e1sf\u00e9l \u00e9ven bel\u00fcl, de a Crystal Palace-nak k\u00f6lcs\u00f6nadott <strong>Connor Gallagher<\/strong> (aki nemr\u00e9g m\u00e1r a v\u00e1logatottban is bemutatkozott), illetve a m\u00e1r eml\u00edtett Billy Gilmour (jelenleg a Norwich j\u00e1t\u00e9kosa) egyar\u00e1nt k\u00e9pesnek t\u0171nik arra, hogy a Chelsea-ben is helyt\u00e1lljon, tov\u00e1bb\u00e1 sokat v\u00e1rnak a Huddersfieldnek k\u00f6lcs\u00f6nadott k\u00f6z\u00e9ph\u00e1tv\u00e9dt\u0151l, <strong>Levi Colwillt\u0151l<\/strong> is.\r\n\r\nEzzel p\u00e1rhuzamosan n\u00e9mik\u00e9pp \u00e1t\u00e9rt\u00e9kelte az angol m\u00e9dia is Roman Abramovics szerep\u00e9t, b\u00e1r \u0151 volt az, aki sok\u00e1ig minden rosszat megtestes\u00edtett a modern futballban. Az\u00f3ta viszont n\u00e1la is komolyabb t\u0151kebefektet\u0151k l\u00e9ptek sz\u00ednre, j\u00f3 n\u00e9h\u00e1ny patin\u00e1s angol klub ker\u00fclt k\u00fclf\u00f6ldi tulajdonba, melyekhez k\u00e9pest a Chelsea racion\u00e1lis j\u00e1t\u00e9kospolitik\u00e1ja imm\u00e1r k\u00f6vetend\u0151 p\u00e9lda.\r\n\r\nEkkor\u00e1t fordult a vil\u00e1g tizennyolc \u00e9v alatt.\r\n\r\n[prefabricated_shortcode in_app=\"0\" code=\"%3Cdiv%20class%3D%22article_box_border%22%20style%3D%22background%3A%20url%28%27https%3A%2F%2F24.p3k.hu%2Fapp%2Fuploads%2Fsites%2F24%2F2021%2F05%2Fsport24-pattern.png%27%29%20no-repeat%20left%20-16px%20%23f3f3f4%3B%20border%3A%20none%3B%22%3E%0D%0A%3Cdiv%20class%3D%22article_solidheader%22%3E%0D%0A%3Ch2%20style%3D%22color%3A%20%23111115%21important%3B%20font-size%3A%2036px%3B%20font-weight%3A%20bold%3B%20margin-bottom%3A%2030px%3B%20margin-top%3A%2020px%3B%20text-align%3A%20center%3B%20line-height%3A%2036px%3B%22%3E%3Cimg%20class%3D%22aligncenter%20size-full%20wp-image-141%22%20src%3D%22https%3A%2F%2F24.p3k.hu%2Fapp%2Fuploads%2Fsites%2F24%2F2021%2F05%2Fs24-logo-dt.png%22%20alt%3D%22%22%20width%3D%22408%22%20height%3D%2290%22%20%2F%3E%3C%2Fh2%3E%0D%0A%3Ch2%20style%3D%22color%3A%20%23111115%21important%3B%20font-size%3A%2036px%3B%20font-weight%3A%20bold%3B%20margin-bottom%3A%2030px%3B%20margin-top%3A%2020px%3B%20text-align%3A%20center%3B%20line-height%3A%2040px%3B%22%3ECsatlakozz%20a%20Sport24%20k%C3%B6z%C3%B6ss%C3%A9ghez%2C%20mondd%20el%20v%C3%A9lem%C3%A9nyedet%20z%C3%A1rt%20Facebook-csoportunkban%2C%20%C3%A9s%20vegy%C3%A9l%20r%C3%A9szt%20csak%20el%C5%91fizet%C5%91knek%20el%C3%A9rhet%C5%91%20exkluz%C3%ADv%20esem%C3%A9nyeinken.%3C%2Fh2%3E%0D%0A%3C%2Fdiv%3E%0D%0A%3Cp%20style%3D%22background%3A%20%2357A600%3B%20margin-top%3A%2020px%3B%20padding%3A%2020px%3B%20text-align%3A%20center%3B%22%3E%3Ca%20style%3D%22color%3A%20%23ffffff%3B%20font-size%3A%2026px%3B%20font-weight%3A%20600%3B%22%20href%3D%22https%3A%2F%2Fwww.facebook.com%2Fgroups%2F212344460412327%22%3ECSATLAKOZOM%3C%2Fa%3E%3C%2Fp%3E%0D%0A%0D%0A%3C%2Fdiv%3E\"]","type":"rich","thumbnail_url":"https:\/\/s.24.hu\/app\/uploads\/sites\/24\/2021\/11\/gettyimages-1350901664-150x150.jpg","thumbnail_width":150,"thumbnail_height":150}