{"version":"1.0","provider_name":"Sport24","provider_url":"https:\/\/sport24.24.hu","author_name":"Bruckner G\u00e1bor","author_url":"https:\/\/sport24.24.hu\/author\/brucknerg\/","title":"Ez a PSG nem Bajnokok Lig\u00e1ja-es\u00e9lyes","html":"<h2>\u00c9rdemes agg\u00f3dni, ha az ellenf\u00e9l a legjobb j\u00e1t\u00e9kosai n\u00e9lk\u00fcl nyom \u00f6ssze (Manchester City\u2013PSG 2-1)<\/h2>\r\nA Manchester City <strong>Kevin De Bruyne, Phil Foden<\/strong> \u00e9s <strong>Jack Grealish<\/strong>, vagyis h\u00e1rom olyan ember n\u00e9lk\u00fcl \u00e1llt ki, aki mellett joggal lehetne \u00e9rvelni: a keret h\u00e1rom legjobb k\u00e9pess\u00e9g\u0171 figur\u00e1j\u00e1nak egyike. Ennek ellen\u00e9re olyan k\u00f6nnyeds\u00e9ggel vetett\u00e9k \u00e1t magukat a <strong>Kylian Mbapp\u00e9, Lionel Messi, Neymar<\/strong> t\u00e1mad\u00f3h\u00e1rmas jelentette akad\u00e1lyon, mint tizenn\u00e9gy \u00e9ves fi\u00fak a legalacsonyabb zs\u00e1molyon tesi \u00f3r\u00e1n.\r\n\r\nOk\u00e9, ez kicsit csal\u00e1s. Merthogy Messi\u00e9ken nem kellett \u00e1tjutni, b\u0151ven elegend\u0151nek bizonyult abban a k\u00e9t k\u00e9zen megsz\u00e1molhat\u00f3 szitu\u00e1ci\u00f3ban meg\u00e1ll\u00edtani \u0151ket, amelyb\u0151l vesz\u00e9ly alakult vagy alakulhatott volna ki. A fontos kimarad\u00f3kkal k\u00fczd\u0151 manchesteriek f\u00e9nyesen bizony\u00edtott\u00e1k, hogy egy\u00e9nek \u00f6sszess\u00e9ge mind a mai napig alulmarad egy \u00f6sszehangolt csapat ellen.\r\n\r\nAz m\u00e1r megszokott k\u00e9p a Bajnokok Lig\u00e1j\u00e1ban, hogy Mbapp\u00e9\u00e9kat <strong>Mauricio Pochettino<\/strong> marad\u00e9ktalanul felmenti a v\u00e9d\u0151feladatok al\u00f3l, \u00e9s hogy a PSG nyom\u00e1st sem tud gyakorolni, meg nem is t\u0171ri j\u00f3l azt. Annak ugyanakkor mindenk\u00e9ppen aggasztania k\u00e9ne a p\u00e1rizsiakat, hogy\r\n\r\n<span class=\"highlight-block\">a City \u00fagy adogatta k\u00f6rbe \u0151ket, mint erej\u00fck telj\u00e9ben l\u00e9v\u0151 klasszisok az \u00f6regfi\u00fakat.<\/span>\r\n\r\nEz legf\u0151k\u00e9pp annak ismert\u00e9ben nyugtalan\u00edt\u00f3, hogy egy\u00e9bk\u00e9nt, amit h\u00e9t labdar\u00fag\u00f3 megtehet t\u00edzzel szemben, azt <strong>Kimpemb\u00e9\u00e9k<\/strong> megtett\u00e9k. Nem m\u0171k\u00f6d\u00e9sk\u00e9ptelen, kigyakorlatlan vagy fegyelmezetlen Pochettino v\u00e9delme, hanem olyan szinten k\u00f6ti \u0151ket g\u00fazsba a t\u00e1mad\u00f3tri\u00f3, hogy semmi m\u00e1sra nem alapszik az esetleges sikeress\u00e9g\u00fck, mint a rem\u00e9nyre. A rem\u00e9nyre, hogy Mbapp\u00e9 nem csak egyszer ker\u00fcl helyzetbe; hogy Neymar nem csak egyszer mutat be cselsorozatot; hogy ha nagyobb lesz a nyom\u00e1s, akkor Messi legal\u00e1bb egyszer hajland\u00f3 lesz oda\u00e1llni <strong>Cancelo<\/strong> mell\u00e9 \u00e9s nem hagyja \u0151t szabadon sz\u00e1llni, ak\u00e1r egy galambot. Arra, hogy a v\u00e9d\u0151k majd kevesebbszer t\u00f6rnek meg a terhel\u00e9s alatt, mint ah\u00e1nyszor az \u0151 t\u00e1mad\u00f3ik tal\u00e1lnak egy folyos\u00f3t.\r\n\r\n[caption id=\"attachment_2800\" align=\"aligncenter\" width=\"2000\"]<img class=\"wp-image-2800 size-full\" src=\"https:\/\/sport24.24.hu\/app\/uploads\/sites\/24\/2021\/11\/000_9tb8jk-masolat.jpg\" alt=\"\" width=\"2000\" height=\"1333\" \/> Messi a Manchester City\u2013PSG m\u00e9rk\u0151z\u00e9sen[\/caption]\r\n\r\n<div class=\"payable-content-section\"><\/div>\r\nA csoportk\u00f6rben k\u00e9tszer megpr\u00f3b\u00e1lt\u00e1k, egyszer bej\u00f6tt, m\u00e1sodszor otromb\u00e1n elbukott. Ez alapj\u00e1n mit hoz a kies\u00e9ses szakasz h\u00e1rom h\u00f3nap alatt?\r\n<h2>Megd\u00f6bbent\u0151 a Premier League szakmai f\u00f6l\u00e9nye (Chelsea\u2013Juventus 4-0)<\/h2>\r\nA h\u00e9t legkontrasztosabb p\u00e1ros\u00edt\u00e1s\u00e1t az egyik legink\u00e1bb v\u00e1rt \u00f6sszecsap\u00e1s hozta: a Chelsea \u00e9s a Juventus \u00fctk\u00f6zete. M\u00e1r, ha annak lehetett ezt nevezni, mert sokkal ink\u00e1bb hasonl\u00edtott m\u00e9sz\u00e1rl\u00e1sra. K\u00e9t teljesen m\u00e1s \u00faton j\u00e1r\u00f3 edz\u0151 abszol\u00fate elt\u00e9r\u0151 filoz\u00f3fia alapj\u00e1n fel\u00e9p\u00edtett csapata futott ki \u2013 \u00e9s az igazi k\u00fcl\u00f6nbs\u00e9g nem is az eredm\u00e9nyb\u0151l, hanem ebb\u0151l ad\u00f3dott.\r\n\r\n<strong>Massimiliano Allegri<\/strong> korunk egyik legnevesebb, legfelk\u00e9sz\u00fcltebb tr\u00e9nere, m\u00e9gis nehezen lehetne \u00e9rvelni a mostani 90 perc ut\u00e1n amellett, hogy az \u0151 megk\u00f6zel\u00edt\u00e9se k\u00f6zelebb visz a sikerhez, mint<strong> Thomas Tuchel\u00e9<\/strong>. Mindenk\u00e9ppen fontos lesz\u00f6gezni, hogy ez a Juventus \u00e1tmeneti f\u00e1zison megy kereszt\u00fcl, az \u00fajj\u00e1\u00e9p\u00edt\u00e9s kell\u0151s k\u00f6zep\u00e9n tart. Ett\u0151l f\u00fcggetlen\u00fcl megd\u00f6bbent\u0151en hatott, mennyire \u00f3sdi,\u00a0b\u00e1tortalan k\u00e9pet festett a torin\u00f3iak j\u00e1t\u00e9ka \u2013 \u00e9s mennyire \u00fcde, modern futballt mutatott be a Chelsea.\r\n\r\nAllegri a lehet\u0151 legegyszer\u0171bb megold\u00e1st v\u00e1lasztotta: b\u00edzva a k\u00f6z\u00e9ps\u0151 v\u00e9d\u0151iben, nagyon m\u00e9lyen h\u00fazta meg a v\u00e9delmi vonal\u00e1t, aminek a bal oldal\u00e1ra gyakran m\u00e9g az elvileg sz\u00e9ls\u0151 t\u00e1mad\u00f3<strong> Federico Chiesa<\/strong> is visszaszorult. A Juve el\u0151refel\u00e9 nem t\u00fal meglep\u0151 m\u00f3don a kontr\u00e1iban b\u00edzott, de az angolok mind a k\u00e9t er\u0151d\u00f6t homokv\u00e1rk\u00e9nt tapost\u00e1k \u00f6ssze.\r\n\r\nA pontr\u00fag\u00e1s ut\u00e1n elszenvedett h\u00e1tr\u00e1ny eleve kor\u00e1n \u00e1th\u00fazta Allegri terveit, de e n\u00e9lk\u00fcl sem veszett volna el a Chelsea. Chies\u00e1nak nem hi\u00e1ba kellett a meccs t\u00falnyom\u00f3 r\u00e9sz\u00e9t k\u00f6zelebb t\u00f6ltenie a saj\u00e1t alapvonal\u00e1hoz, mint az ellenf\u00e9l kapuj\u00e1hoz. A k\u00e9kek hihetetlen magasan helyezked\u0151 sz\u00e1rnyv\u00e9d\u0151i \u2013 m\u00e1r-m\u00e1r sztenderd m\u00f3don \u2013 annyira sz\u00e9th\u00fazt\u00e1k a Zebr\u00e1k v\u00e9d\u0151sor\u00e1t, hogy abban <strong>Bonucci\u00e9k<\/strong> h\u0151sies igyekezete ellen\u00e9re is \u00e1lland\u00f3an r\u00e9s ny\u00edlt. Mik\u00f6zben Allegri rigid 4-4-2-es szerkezetben k\u00fcldte fel az \u00f6v\u00e9it, Tuchel sz\u00e9ls\u0151 v\u00e9d\u0151i \u2013 az elm\u00falt n\u00e9h\u00e1ny h\u00e9t mint\u00e1j\u00e1ra \u2013 nem csup\u00e1n magasan, hanem eg\u00e9szen unik\u00e1lis m\u00f3don,\r\n\r\n<span class=\"highlight-block\">a hajdanvolt \u00e1tk\u00f6t\u0151k poz\u00edci\u00f3j\u00e1b\u00f3l t\u00e9pt\u00e9k sz\u00e9t az \u00d6reg H\u00f6lgy megpunnyadt h\u00e1ts\u00f3 sor\u00e1t. <\/span>\r\n\r\nEgyik\u00fck, <strong>Reece James<\/strong> bombag\u00f3llal h\u00fazta al\u00e1 ezt a k\u00fcl\u00f6nbs\u00e9get.\r\n\r\n[caption id=\"attachment_2802\" align=\"aligncenter\" width=\"2000\"]<img class=\"wp-image-2802 size-full\" src=\"https:\/\/sport24.24.hu\/app\/uploads\/sites\/24\/2021\/11\/000_9t982l-masolat.jpg\" alt=\"\" width=\"2000\" height=\"1333\" \/> Reece James \u00e9s Edouard Mendy \u00fcnnepli a Chelsea ki\u00fct\u00e9ses gy\u0151zelm\u00e9t[\/caption]\r\n\r\nHa <strong>Locatelli\u00e9k<\/strong> elkezdhettek \u00e9p\u00edtkezni, abban sem volt sok k\u00f6sz\u00f6net: nagyon kev\u00e9s beindul\u00f3 ember, nagyon k\u00f6nnyen lek\u00f6vethet\u0151 szerkezettel \u2013 a labdaveszt\u00e9sek ut\u00e1n nyomban let\u00e1mad\u00f3 ellenf\u00e9l k\u00f6nny\u0171 pr\u00e9dak\u00e9nt cserk\u00e9szte be ezeket a pr\u00f3b\u00e1lkoz\u00e1sokat. A Chelsea labdar\u00fag\u00f3i vakmer\u0151n cser\u00e9lgett\u00e9k egym\u00e1s poz\u00edci\u00f3it, folyamatosan sz\u00e9tmozgatva a sorokat; a k\u00f6z\u00e9pp\u00e1ly\u00e1sok \u00e9s a v\u00e9d\u0151k a kapu el\u00e9 \u00e9rkeztek, a t\u00e1mad\u00f3k visszal\u00e9ptek, mik\u00f6zben igyekeztek magukkal h\u00fazni <strong>De Ligtet<\/strong> \u00e9s t\u00e1rsait.\r\n\r\nAz \u00fajhull\u00e1moss\u00e1g \u00e9s a modern futball tort \u00fcl a konzervat\u00edv hozz\u00e1\u00e1ll\u00e1s felett.\r\n<h2>Az angol bajnoks\u00e1g fekete b\u00e1r\u00e1nya (Villarreal\u2013Manchester United 0-2 )<\/h2>\r\nB\u00e1r mind a n\u00e9gy Premier League-g\u00e1rda gy\u0151z\u00f6tt, nem mindegyik\u00fck ny\u0171g\u00f6zte le egyform\u00e1n a k\u00f6z\u00f6ns\u00e9get. Hi\u00e1ba a 2-0-s siker, hi\u00e1ba az \u00fajabb heroikus <strong>Cristiano Ronaldo<\/strong>-este a BL-ben, ne engedj\u00fck, hogy a v\u00e9geredm\u00e9ny befoly\u00e1solja a v\u00e9lem\u00e9ny\u00fcnket. <strong>Michael Carrick<\/strong> csapata nem fordult meg hirtelen maga k\u00f6r\u00fcl 180 fokban;\r\n\r\n<span class=\"highlight-block\">ez ugyanis nem Carrick csapata, <\/span>\r\n\r\nhanem tov\u00e1bbra is ugyanaz a Manchester United, mint <strong>Ole Gunnar Solskjaer<\/strong> alatt.\r\n\r\nB\u00e1r az egykori angol legenda val\u00f3ban eszk\u00f6z\u00f6lt kisebb-nagyobb v\u00e1ltoztat\u00e1sokat, s\u0151t a norv\u00e9g regn\u00e1l\u00e1s\u00e1nak v\u00e9g\u00e9re szinte szimb\u00f3lumm\u00e1 v\u00e1l\u00f3 <strong>Donny van de Beek<\/strong> is a kezd\u0151ben kapott helyet, semmi sem v\u00e1ltozott. A v\u00e9delem ez\u00fattal is csak az\u00e9rt m\u0171k\u00f6d\u00f6tt, mert a V\u00f6r\u00f6s \u00d6rd\u00f6g\u00f6k m\u00e1sodik sz\u00e1nd\u00e9kb\u00f3l fociztak. A let\u00e1mad\u00e1suk effekt\u00edve ez\u00fattal sem l\u00e9tezett, ahhoz, hogy a t\u00e1mad\u00e1s\u00e9p\u00edt\u00e9sek ne akadozzanak, \u00fajfent a cserek\u00e9nt be\u00e1ll\u00f3 <strong>Bruno Fernandesnek<\/strong> kellett el\u0151l\u00e9pnie \u00e9s mindenhol ott lennie, m\u00edg a gy\u0151zelmet ebben az esetben is a helyzeteit k\u00edm\u00e9letlen\u00fcl kihaszn\u00e1l\u00f3, m\u00e1r eml\u00edtett CR7 sz\u00e1ll\u00edtotta.\r\n\r\nSenki se hagyja, hogy becsapja az els\u0151 benyom\u00e1sa; att\u00f3l, mert a kispadon m\u00e1r nem Solskjaer \u00fcl \u00e9s siker\u00fclt a k\u00f6zelm\u00faltban kisebb mumuss\u00e1 el\u0151l\u00e9p\u0151 Villarrealt legy\u0171rni, nem \u00e9rdemes euf\u00f3rikus \u00f6r\u00f6mben kit\u00f6rni. A v\u00e1rosi riv\u00e1lis City, a Liverpool \u00e9s a Chelsea kerete nem annyival min\u0151s\u00e9gibb a United\u00e9n\u00e9l, mint amennyivel meggy\u0151z\u0151bben v\u00e1s\u00e1rolt\u00e1k meg a bel\u00e9p\u0151j\u00fcket a BL k\u00f6vetkez\u0151 r\u00e9sz\u00e9re. Ennyivel t\u00f6bbet tesz hozz\u00e1 az edz\u0151j\u00fck.\r\n<h2>Lepattan\u00f3 csodacsat\u00e1r (Besiktas\u2013Ajax 1-2)<\/h2>\r\nA West Ham United <strong>David Moyes<\/strong> visszat\u00e9r\u00e9se \u00f3ta egyfajta modern aranykorszak\u00e1t \u00e9li; elv\u00e9tve tal\u00e1lni olyan j\u00e1t\u00e9kosigazol\u00e1st vagy kinevez\u00e9st a klubn\u00e1l, amely sikertelennek lenne mondhat\u00f3. Elbalt\u00e1zott d\u00f6nt\u00e9snek semmik\u00e9ppen sem nevezhet\u0151 \u2013 mert egyes k\u00f6zegekbe, egyes taktikai felfog\u00e1sokba egyszer\u0171en nem beilleszthet\u0151 n\u00e9h\u00e1ny j\u00e1t\u00e9kos \u2013, de ha az utols\u00f3 r\u00e9st keress\u00fck a pajzson, az <strong>S\u00e9bastien Haller<\/strong> elenged\u00e9se. \u00d3ri\u00e1si \u00f6sszeg\u00e9rt, 50 milli\u00f3 eur\u00f3\u00e9rt \u00e9rkezett a Kalap\u00e1csosokhoz, hogy azt\u00e1n az Ajax ennek a fel\u00e9\u00e9rt \u2013 ellopja.\r\n\r\nHaller ugyanis t\u00f6k\u00e9letesen megtal\u00e1lta a sz\u00e1m\u00edt\u00e1sait <strong>Erik Ten Hag<\/strong> mentor\u00e1l\u00e1sa mellett. Soha, senki nem szerzett annyi g\u00f3lt az els\u0151 \u00f6t Bajnokok Lig\u00e1ja-m\u00e9rk\u0151z\u00e9s\u00e9n, mint \u0151 (ezzel <strong>Erling Haaland<\/strong> igencsak friss rekordj\u00e1t adta \u00e1t a m\u00faltnak), emellett mind\u00f6ssze k\u00e9t futballista tal\u00e1lt be a sorozat idei ki\u00edr\u00e1s\u00e1nak minden egyes tal\u00e1lkoz\u00f3j\u00e1n: <strong>Robert Lewandowski<\/strong> \u00e9s Cristiano Ronaldo. D\u00edszes t\u00e1rsas\u00e1g \u2013 de mi hi\u00e1nyzott Londonban, \u00e9s honnan t\u00f6rt el\u0151 ez a meg\u00e1ll\u00edthatatlan g\u00f3lg\u00e9p?\r\n\r\nAz elef\u00e1ntcsontparti t\u00e1mad\u00f3 \u00fagy, mint manaps\u00e1g sokan \u2013 p\u00e9ld\u00e1ul <strong>Alexander Isak<\/strong> vagy <strong>Harry Kane<\/strong> \u2013 megt\u00e9veszt\u0151. Sz\u00e1zkilencven centis magass\u00e1ga \u00e9s testi ereje miatt az ember els\u0151re azt gondolhatn\u00e1, hogy szimpla cs\u00facs\u00e9k. A val\u00f3s\u00e1g az, hogy kifejezetten az\u00e9rt nem m\u0171k\u00f6d\u00f6tt a West Hamn\u00e9l, mert \u0151k annak haszn\u00e1lt\u00e1k. Els\u0151 igaz\u00e1n kit\u00f6r\u0151 szezonj\u00e1ban, a Frankfurtban egy olyan t\u00e1mad\u00f3h\u00e1rmas (<strong>Jovic, Rebic,<\/strong> Haller) r\u00e9sz\u00e9t k\u00e9pezte, amely rengeteg helyv\u00e1ltoztat\u00e1ssal \u00e9lt, engedve Hallert, hogy rendszeresen besz\u00e1lljon az \u00e9p\u00edtkez\u00e9sbe. \u00c1ltal\u00e1ban sz\u00e9d\u00edt\u0151en sz\u0171ken helyezkedtek, hogy azt\u00e1n kis kombin\u00e1ci\u00f3kb\u00f3l kirobbanjon valamelyik\u00fck. Ehhez k\u00e9pest a WHU egyed\u00fcli csat\u00e1rk\u00e9nt igyekezett \u0151t hasznos\u00edtani, akinek gyakorta tot\u00e1lisan elszigetelten kellett volna megtartani a labd\u00e1t, hogy a t\u00e1rsak fel\u00e9rjenek, vagy akit\u0151l m\u00e9g kellemetlenebb esetben szinte egyed\u00fcl v\u00e1rt\u00e1k a csod\u00e1t.\r\n\r\nEhhez k\u00e9pest\r\n\r\n<span class=\"highlight-block\">Ten Hag rendszere kifog\u00e1stalanul illeszkedik hozz\u00e1.<\/span>\r\n\r\n[caption id=\"attachment_2803\" align=\"aligncenter\" width=\"2000\"]<img class=\"wp-image-2803 size-full\" src=\"https:\/\/sport24.24.hu\/app\/uploads\/sites\/24\/2021\/11\/000_9t94xy-masolat.jpg\" alt=\"\" width=\"2000\" height=\"1331\" \/> Erik Ten Hag[\/caption]\r\n\r\nA holland szakember igazi k\u00e9zi ir\u00e1ny\u00edt\u00e1s\u00fa menedzser, aki \u00f3ri\u00e1si t\u00e1maszt tud ny\u00fajtani a j\u00e1t\u00e9kosainak. Nem mellesleg: az Ajax klasszikus iskol\u00e1ja arr\u00f3l sz\u00f3l, amiben Haller kiemelked\u0151; a p\u00e1lya min\u00e9l kisebb ter\u00fcletre val\u00f3 \u00f6sszes\u0171r\u00edt\u00e9s\u00e9r\u0151l, majd ott a technikai f\u00f6l\u00e9ny kihaszn\u00e1l\u00e1s\u00e1r\u00f3l. Ez sokkal komfortosabb sz\u00e1m\u00e1ra, a j\u00e1t\u00e9kt\u00e9r minden pontj\u00e1n k\u00e9pes besz\u00e1llni a j\u00e1t\u00e9kba, azt\u00e1n a v\u00e9gletekig ki\u00e9rlelt taktik\u00e1juk utols\u00f3 ecsetvon\u00e1sak\u00e9nt a kapu el\u0151tt is pazar poz\u00edci\u00f3kb\u00f3l jut l\u00f6v\u0151helyzethez. Sokan k\u00e9rd\u0151n \u00e1lltak a szerz\u0151dtet\u00e9s el\u0151tt, de hamar beigazol\u00f3dott, hogy az Ajax \u00e9szrevett valakit a piacon, aki nem megfelel\u0151 k\u00f6rnyezetben szenvedett, ez\u00e9rt az \u00e9rt\u00e9ke jelent\u0151sen cs\u00f6kkent, mik\u00f6zben nekik kifejezetten ilyen csat\u00e1rra volt sz\u00fcks\u00e9g\u00fck. A folyamatot \u00e9rdemes lesz tavasszal, a kies\u00e9ses szakaszban is k\u00f6vetni; a 9 g\u00f3lj\u00e1t szab\u00e1lyos eloszt\u00e1sban (3 bal l\u00e1bbal, 3 jobbal, 3 fejjel) szerz\u0151 Haller a kicsit sem lass\u00edt\u00f3, hib\u00e1tlanra pol\u00edrozott szerkenty\u0171 tetej\u00e9n k\u00e9rlelhetetlen\u00fcl fejez be. Ha Ten Tag\u00e9k el\u00e9g messze jutnak, m\u00e9g a BL g\u00f3lrekordja sem el\u00e9rhetetlen.\r\n<h2>B\u0151rp\u00e1nc\u00e9llal az \u00e1gy\u00fa ellen (Sporting\u2013Dortmund 3-1)<\/h2>\r\nA Borussia Dortmund az id\u00e9n \u00faj edz\u0151vel futott neki a Bayern M\u00fcnchen legy\u0171r\u00e9s\u00e9nek; olyan fiatal aggyal, aki sz\u00e9lesk\u00f6r\u0171 elismer\u00e9st v\u00edvott ki mag\u00e1nak m\u00f6nchengladbachi munk\u00e1j\u00e1val. <strong>Marco Rose<\/strong> (\u00e9s st\u00e1bja) a nagy rem\u00e9nyekb\u0151l n\u00e9h\u00e1nyat bev\u00e1ltott, n\u00e9h\u00e1ny pedig cs\u00fafos buk\u00e1s mindeddig. El\u0151refel\u00e9 m\u00e9g Haaland s\u00e9r\u00fcl\u00e9se \u00f3ta sincs \u00f3ri\u00e1si baj, ennek k\u00f6sz\u00f6nhet\u0151en a Bundeslig\u00e1ban is egy pont h\u00e1tr\u00e1nyban k\u00f6vetik a nagy bajor riv\u00e1list. A p\u00e1lya m\u00e1sik fel\u00e9n azonban irgalmatlanul k\u00e9ts\u00e9gbeejt\u0151 a helyzet, s ez a hazai meg az eur\u00f3pai porondon is fojtogatja a s\u00e1rga-feket\u00e9ket.\r\n\r\nHa statisztikailag vizsg\u00e1ljuk,\r\n\r\n<span class=\"highlight-block\">nagyon furcsa a Dortmund v\u00e9dekez\u00e9se. <\/span>\r\n\r\nSehol sem ligaels\u0151k (\u00e9rdemesebb a bajnoks\u00e1got vizsg\u00e1lni, mert a BL-csoportk\u00f6r nagyon kis minta), de nem engednek sok passzt az ellenfeleknek a t\u00e1mad\u00f3harmadban, a tizenhatosukon bel\u00fcl , \u00e9s olyan borzalmasan sokszor nem is k\u00eds\u00e9rletezhetnek az ellenfelek. Csakhogy enne ellen\u00e9re mind az \u201eengedett\u201d l\u00f6v\u00e9sek vesz\u00e9lyess\u00e9g\u00e9t, mind a bekapott xG mennyis\u00e9g\u00e9t tekintve a k\u00f6z\u00e9pmez\u0151nybe tartoznak. Mi\u00e9rt?\r\n\r\nRose takik\u00e1j\u00e1nak kulcsfontoss\u00e1g\u00fa r\u00e9sze a let\u00e1mad\u00e1s, ezt viszont eddig meglehet\u0151sen gyeng\u00e9csk\u00e9n adapt\u00e1lta a keretre. T\u00f6bbf\u00e9le form\u00e1ci\u00f3t haszn\u00e1ltak m\u00e1r, \u00e1m ez nem offenz\u00edv t\u00e9ren k\u00e9rte be az \u00e1r\u00e1t, hanem a presszing alkalmaz\u00e1sakor. A j\u00e1t\u00e9kosoknak t\u00fal sz\u00e9les ter\u00fcleteket k\u00e9ne lefedni\u00fck, ezzel p\u00e1rhuzamosan term\u00e9szetesen a v\u00e9delem is alkalmazkodik, \u00e9s magasra h\u00faz\u00f3dik, hogy az\u00e9rt csak ne cs\u00fasszanak sz\u00e9t teljesen. A 10,6-es PPDA-juk (a nyom\u00e1shelyez\u00e9s min\u0151s\u00e9g\u00e9t jelz\u0151 mutat\u00f3: mennyi passzt engednek az ellenfeleknek az els\u0151 v\u00e9dekez\u0151 akci\u00f3 el\u0151tt?) a n\u00e9met \u00e9lvonalban dobog\u00f3s; irt\u00f3zatosan agressz\u00edvak, csek\u00e9ly pozit\u00edvum\u00e9rt \u00e9s sz\u00e1mos negat\u00edvum\u00e9rt \u201ecser\u00e9be\u201d. A v\u00e9d\u0151k \u00edgy sz\u00f6rnyen kiszolg\u00e1ltatottak, mert lend\u00fcletb\u0151l vezethetik r\u00e1juk a labd\u00e1t. S\u00fajtotta \u0151ket a szerencs\u00e9tlens\u00e9g is (az \u00f6t BL-meccsen 7,3-es xGA-ra 11 g\u00f3lt kaptak), de robusztus munka nehezedik a Borussia el\u0151tt.\r\n\r\nA nemzetk\u00f6zi sz\u00ednt\u00e9ren febru\u00e1rt\u00f3l m\u00e1r az Eur\u00f3pa-lig\u00e1ban.\r\n\r\n[prefabricated_shortcode in_app=\"0\" code=\"%3Cdiv%20class%3D%22article_box_border%22%20style%3D%22background%3A%20url%28%27https%3A%2F%2F24.p3k.hu%2Fapp%2Fuploads%2Fsites%2F24%2F2021%2F05%2Fsport24-pattern.png%27%29%20no-repeat%20left%20-16px%20%23f3f3f4%3B%20border%3A%20none%3B%22%3E%0D%0A%3Cdiv%20class%3D%22article_solidheader%22%3E%0D%0A%3Ch2%20style%3D%22color%3A%20%23111115%21important%3B%20font-size%3A%2036px%3B%20font-weight%3A%20bold%3B%20margin-bottom%3A%2030px%3B%20margin-top%3A%2020px%3B%20text-align%3A%20center%3B%20line-height%3A%2036px%3B%22%3E%3Cimg%20class%3D%22aligncenter%20size-full%20wp-image-141%22%20src%3D%22https%3A%2F%2F24.p3k.hu%2Fapp%2Fuploads%2Fsites%2F24%2F2021%2F05%2Fs24-logo-dt.png%22%20alt%3D%22%22%20width%3D%22408%22%20height%3D%2290%22%20%2F%3E%3C%2Fh2%3E%0D%0A%3Ch2%20style%3D%22color%3A%20%23111115%21important%3B%20font-size%3A%2036px%3B%20font-weight%3A%20bold%3B%20margin-bottom%3A%2030px%3B%20margin-top%3A%2020px%3B%20text-align%3A%20center%3B%20line-height%3A%2040px%3B%22%3ECsatlakozz%20a%20Sport24%20k%C3%B6z%C3%B6ss%C3%A9ghez%2C%20mondd%20el%20v%C3%A9lem%C3%A9nyedet%20z%C3%A1rt%20Facebook-csoportunkban%2C%20%C3%A9s%20vegy%C3%A9l%20r%C3%A9szt%20csak%20el%C5%91fizet%C5%91knek%20el%C3%A9rhet%C5%91%20exkluz%C3%ADv%20esem%C3%A9nyeinken.%3C%2Fh2%3E%0D%0A%3C%2Fdiv%3E%0D%0A%3Cp%20style%3D%22background%3A%20%2357A600%3B%20margin-top%3A%2020px%3B%20padding%3A%2020px%3B%20text-align%3A%20center%3B%22%3E%3Ca%20style%3D%22color%3A%20%23ffffff%3B%20font-size%3A%2026px%3B%20font-weight%3A%20600%3B%22%20href%3D%22https%3A%2F%2Fwww.facebook.com%2Fgroups%2F212344460412327%22%3ECSATLAKOZOM%3C%2Fa%3E%3C%2Fp%3E%0D%0A%0D%0A%3C%2Fdiv%3E\"]","type":"rich","thumbnail_url":"https:\/\/s.24.hu\/app\/uploads\/sites\/24\/2021\/11\/gettyimages-1236792798-masolat-150x150.jpg","thumbnail_width":150,"thumbnail_height":150}