{"version":"1.0","provider_name":"Sport24","provider_url":"https:\/\/sport24.24.hu","author_name":"Bruckner G\u00e1bor","author_url":"https:\/\/sport24.24.hu\/author\/brucknerg\/","title":"Nkunkut a PSG ajtaj\u00e1n kiv\u00e1gt\u00e1k, a Lipcse ablak\u00e1n visszam\u00e1szott","html":"<strong>Didier Deschamps,<\/strong> a francia labdar\u00fag\u00f3-v\u00e1logatott sz\u00f6vets\u00e9gi kapit\u00e1nya ritk\u00e1n tesz kiv\u00e9telt. Ahogyan fogalmaz, \u201ea v\u00e1logatott nem egy Club Med\u201d, vagyis nem egy n\u00e9pszer\u0171 nyaral\u00f3s wellness hotel, ahov\u00e1 b\u00e1rki csak \u00fagy befizet. 2021 november\u00e9ben, az \u00e9v utols\u00f3 v\u00e1logatott-kerethirdet\u00e9se el\u0151tt m\u00e9gis \u00fagy t\u0171nt, hogy a lipcsei <strong>Christopher Nkunku<\/strong> lehet a francia v\u00e1logatott k\u00f6vetkez\u0151 \u00fajonca.\r\n\r\nA megh\u00edv\u00f3 v\u00e9g\u00fcl nem \u00e9rkezett meg. A Lipcse ennek hat\u00e1s\u00e1ra kapva kapott az alkalmon, \u00e9s hivatalos fel\u00fclet\u00e9re az al\u00e1bbi, f\u00e9lig kedves, f\u00e9lig odap\u00f6rk\u00f6l\u0151s tweetet rakta ki: \u201eValakinek nincs meg Didier Deschamps sz\u00e1ma?\u201d\r\n\r\nhttps:\/\/twitter.com\/RBLeipzig_EN\/status\/1457069731404566535\r\n\r\nNkunku k\u00f6r\u00fcl az ut\u00f3bbi id\u0151ben \u00e9rezhet\u0151en megv\u00e1ltozott valami. \u201eHatalmas form\u00e1ban j\u00e1tszik, mindannyian ismerj\u00fck a kvalit\u00e1sait\u201d \u2013 mondta r\u00f3la kor\u00e1bbi csapatt\u00e1rsa, <strong>Presnel Kimpembe<\/strong>. \u2013 \u00c9n azt\u00e1n tudom, egy\u00fctt nevelkedt\u00fcnk a p\u00e1rizsi akad\u00e9mi\u00e1n. \u00d3ri\u00e1sit fejl\u0151d\u00f6tt, annak ellen\u00e9re, hogy tiszt\u00e1ban voltunk vele, mekkora potenci\u00e1l rejlik benne. Most m\u00e1r a nagyok k\u00f6z\u00e9 tartozik az eur\u00f3pai mez\u0151nyben.\u201d\r\n\r\nCsapata, a RasenBall Leipzig vezet\u0151edz\u0151je, <strong>Jesse Marsch<\/strong> sem v\u00e1logatta meg a szavait. \u201eSzuper j\u00e1t\u00e9kosr\u00f3l besz\u00e9l\u00fcnk. Szomjazza a sikert, minden nap tanulni akar. J\u00e1tszattam hol a jobb, hol a bal oldalon. Most arra jutottam, hogy csat\u00e1rk\u00e9nt is meg\u00e1lln\u00e1 a hely\u00e9t, mert kell\u0151en okos, gyors, hat\u00e9kony \u00e9s j\u00f3 a technik\u00e1ja hozz\u00e1. El\u00e9g ravasz ahhoz, hogy helyzeteket is \u00e9rt\u00e9kes\u00edtsen. Nagyon fontos sz\u00e1munkra, eredm\u00e9nyes h\u00f3napot t\u00f6lt\u00f6tt n\u00e1lunk.\u201d A n\u00e9met Bild sportnapilap egyenesen arr\u00f3l \u00edr, hogy\r\n<blockquote class=\"small-quote\">egy \u00faj Nkunkuval van dolgunk.<\/blockquote>\r\nA sz\u00e1mokat n\u00e9zve a metamorf\u00f3zis nem t\u0171nik t\u00falz\u00e1snak. Nkunku k\u00e9t szezonnal ezel\u0151tt \u00e9rkezett a Paris Saint-Germain-t\u0151l a Lipcs\u00e9hez, \u00e9s ez id\u0151 alatt:\r\n<ul>\r\n \t<li>az els\u0151 \u00e9v\u00e9ben 5 g\u00f3lt szerzett \u00e9s 16 g\u00f3lpasszt adott (44 meccsen)<\/li>\r\n \t<li>a m\u00e1sodik \u00e9vad\u00e1ban 7 g\u00f3lig \u00e9s 11 asszisztig jutott (40 meccsen)<\/li>\r\n \t<li>az id\u00e9n \u0151sszel viszont m\u00e1r 11 g\u00f3ln\u00e1l \u00e9s 7 g\u00f3lpasszn\u00e1l tart (17 meccsen)<\/li>\r\n<\/ul>\r\nNkunku m\u00e1r most annyit termelt, mint az el\u0151z\u0151 \u00e9vekben \u2013 kevesebb, mint fele annyi id\u0151 alatt. Eml\u00e9kezetes pillanatokb\u00f3l is kijutott neki, a Manchester City ellen \u00fagy szerzett mesterh\u00e1rmast, hogy csapata m\u00e9gis kikapott, a Lipcse r\u00e1ad\u00e1sul nehezen tal\u00e1lta eddig a fonalat, az \u0151sz\u00fck ny\u00f6gvenyel\u0151sen indult, \u0151 a tengernyi bizonytalans\u00e1g k\u00f6zepette m\u00e9gis az egyik stabil pont maradt. Nkunku eg\u00e9szen egyszer\u0171en feln\u0151tt a feladathoz.\r\n\r\nhttps:\/\/twitter.com\/RBLeipzig\/status\/1442534502912380936\r\n\r\nA halad\u00f3bb <a href=\"https:\/\/fbref.com\/en\/comps\/Big5\/Big-5-European-Leagues-Stats\" target=\"_blank\" rel=\"noopener\">statisztik\u00e1i<\/a> is \u00fajabb r\u00e9tegeket t\u00e1rnak fel. Nkunku ugyanis nemcsak a befejez\u00e9sben, de a mez\u0151nyben is f\u00e9lelmetesen fontos szerepet j\u00e1tszik. Eur\u00f3p\u00e1ban a t\u00edz legjobb j\u00e1t\u00e9kos k\u00f6z\u00e9 tartozik azoknak a list\u00e1j\u00e1n, akik meccsenk\u00e9nt a legt\u00f6bb g\u00f3lhelyzetet alak\u00edtj\u00e1k ki \u00e9s a legt\u00f6bb progressz\u00edv passzt osztj\u00e1k ki. N\u00e9metorsz\u00e1gi m\u00e9rc\u00e9vel m\u00e9rve is az elithez tartozik: szint\u00e9n a legjobb t\u00edzben szerepel a meccsenk\u00e9nti kapura tart\u00f3 l\u00f6v\u00e9sek sz\u00e1m\u00e1ban (1,56), a tizenhatosba fell\u0151tt passzokban (20), a l\u00f6v\u0151helyzetek kialak\u00edt\u00e1s\u00e1ban (4,88), a kicselezett j\u00e1t\u00e9kosok mennyis\u00e9g\u00e9ben (21), a progressz\u00edv labd\u00e1s megindul\u00e1sokban (66), a tizenhatosba cipelt labd\u00e1k sz\u00e1m\u00e1ban (19) \u00e9s a progressz\u00edv passzokban (118).\r\n\r\n<span class=\"highlight-block\">Csupa olyan mutat\u00f3, amely a g\u00f3ll\u00f6v\u00e9s mellett a kreativit\u00e1sr\u00f3l tan\u00faskodik.<\/span>\r\n\r\nNkunku egyik leg\u00e9rdekesebb tulajdons\u00e1ga, hogy nem lehet tudni, mi az eredeti posztja. Kor\u00e1bbi edz\u0151je, a ma m\u00e1r a Bayern M\u00fcnchenn\u00e9l dolgoz\u00f3 <strong>Julian Nagelsmann<\/strong> tavaly nyolc k\u00fcl\u00f6nb\u00f6z\u0151 <a href=\"https:\/\/twitter.com\/omlettdufro\/status\/1400743018622238722\" target=\"_blank\" rel=\"noopener\">szerepk\u00f6rben<\/a> j\u00e1tszatta, sokoldal\u00fas\u00e1ga miatt ez\u00e9rt \u00fagy t\u0171nt, egyfajta \u201elyukbet\u00f6m\u0151k\u00e9nt\u201d lehet haszn\u00e1lni. Legf\u0151bb ism\u00e9rv\u00e9nek sok\u00e1ig a gyorsas\u00e1g\u00e1t tartott\u00e1k (egy <a href=\"https:\/\/theathletic.com\/2852134\/2021\/09\/28\/christopher-nkunku-rb-leipzigs-next-gem\/\" target=\"_blank\" rel=\"noopener\">Hertha elleni meccsen<\/a> az egyik sprintj\u00e9t 35,5 km\/\u00f3r\u00e1ra m\u00e9rt\u00e9k), m\u00e9gsem csup\u00e1n erre \u00e9p\u00edtette fel mag\u00e1t. Sosem volt klasszikus sz\u00e9ls\u0151, hajlamos volt mindig befel\u00e9 is mozogni, emiatt egy id\u0151ben \u201esz\u00e9ls\u0151 ir\u00e1ny\u00edt\u00f3k\u00e9nt\u201d \u00edrt\u00e1k le. Marsch jelenlegi rendszer\u00e9ben a 3-4-3-as alakzat t\u00e1mad\u00f3 sor\u00e1nak jobb oldal\u00e1n j\u00e1tszik, ahol a t\u00e1mad\u00e1sbeli szerepe mellett a labda n\u00e9lk\u00fcli szakaszokb\u00f3l is akt\u00edvan kiveszi a r\u00e9sz\u00e9t.\r\n\r\nNkunku r\u00e1ad\u00e1sul 23 \u00e9ves kor\u00e1ra l\u00e1tv\u00e1nyosan megizmosodott. Nem volt ez mindig \u00edgy. \u201eFizikailag mindig az \u00e1tlag alatt voltam\u201d \u2013 <a href=\"https:\/\/www.francefootball.fr\/news\/Christopher-nkunku-dans-france-football-je-revais-de-devenir-capitaine-du-psg\/1159527\" target=\"_blank\" rel=\"noopener\">mondta kor\u00e1bban a France Footballnak<\/a>. \u2013 Tizen\u00f6t \u00e9vesen nem \u00e9rtem el a 150 centit, \u00e9s kev\u00e9s izom volt rajtam. Akkoriban ink\u00e1bb a fizikailag er\u0151sebbeket r\u00e9szes\u00edtett\u00e9k el\u0151nyben. Emiatt azt\u00e1n mindig a tartal\u00e9kban j\u00e1tszottam, \u00e9s csak akkor h\u00edvtak fel, amikor t\u00fal sok volt a s\u00e9r\u00fclt. El\u00e9g sokat k\u00e9tely gy\u00f6t\u00f6rt abban az id\u0151ben.\u201d\r\n\r\n[caption id=\"attachment_2664\" align=\"aligncenter\" width=\"2000\"]<img class=\"size-full wp-image-2664\" src=\"https:\/\/sport24.24.hu\/app\/uploads\/sites\/24\/2021\/11\/000_1ds4hi.jpg\" alt=\"\" width=\"2000\" height=\"1333\" \/> Mbapp\u00e9 \u00e9s Nkunku a PSG-ben m\u00e1r j\u00e1tszott egy\u00fctt. Lehet, nemsok\u00e1ra a v\u00e1logatottban is elj\u00f6n ez a pillanat[\/caption]\r\n\r\nB\u00e1r Nkunku 1997-ben sz\u00fcletett, a francia sajt\u00f3 m\u00e9gis szereti a \u201e98-asok\u201d gener\u00e1ci\u00f3j\u00e1hoz sorolni. Olyanok k\u00f6z\u00e9, mint <strong>Marcus Thuram<\/strong> (M\u00f6nchengladbach), (Newcastle),<strong> Amine Harit<\/strong> (Olympique Marseille), vagy az \u00e9v utols\u00f3 h\u00f3napj\u00e1nak sz\u00fcl\u00f6tte, <strong>Kylian Mbapp\u00e9<\/strong> (PSG). Nkunku annak az Ile-de-France-r\u00e9gi\u00f3nak a sz\u00fcl\u00f6tte, amely a vil\u00e1g egyik legn\u00e9pesebb tehets\u00e9gkeltet\u0151je.\r\n\r\n<span class=\"highlight-block-small\">Gyerekkor\u00e1ban a legpatin\u00e1sabb focisuliban, az INF Clairefontaine-ben nevelkedett, 13 \u00e9vesen ker\u00fclt a PSG akad\u00e9mi\u00e1j\u00e1ra.<\/span>\r\n\r\nAz igazs\u00e1ghoz hozz\u00e1tartozik, hogy sosem tartozott koroszt\u00e1lya legjobbjai k\u00f6z\u00e9, a h\u00edrek f\u0151leg <strong>Jean-Kevin Augustinr\u0151l<\/strong> \u00e9s <strong>Bryan Labissiere-r\u0151l<\/strong> sz\u00f3ltak \u2013 az el\u0151bbi ma a Nantes-ban szerepel, az ut\u00f3bbi a francia megyei els\u0151 oszt\u00e1lyban t\u00f6lti napjait. Hat \u00e9ve <strong>Laurent Blanc<\/strong> volt az, aki megadta Nkunkunak az els\u0151 lehet\u0151s\u00e9get a PSG feln\u0151ttcsapat\u00e1ban, nem is ak\u00e1rkik ellen: a Bajnokok Lig\u00e1j\u00e1ban a Sahtar Donyeck ellen \u00e1llhatott be cserek\u00e9nt. \u201e\u00dagy izgultam, hogy b\u00e1r csup\u00e1n n\u00e9h\u00e1ny percet j\u00e1tszottam, a v\u00e9g\u00e9re m\u00e9gis teljesen KO lettem, bedurrantak a combjaim\u201d \u2013 mondta egy <a href=\"https:\/\/www.parisfans.fr\/club\/lanecdote-de-christopher-nkunku-sur-son-premier-match-en-pro-335084.html\" target=\"_blank\" rel=\"noopener\">interj\u00faban<\/a>.\r\n\r\nAhogy teltek a h\u00f3napok, az Nkunkur\u00f3l kialakult percepci\u00f3 nem v\u00e1ltozott. Maga Blanc is \u00fagy nyilatkozott, hogy m\u00e9g nem k\u00e9sz j\u00e1t\u00e9kos, \u00edgy nem tud r\u00e1 kezd\u0151k\u00e9nt sz\u00e1m\u00edtani. \u201eL\u00e1thatj\u00e1k, hogy olyan j\u00e1t\u00e9kosr\u00f3l van sz\u00f3, akinek a fizikuma m\u00e9g kicsit kidolgozatlan. Most azon vagyunk, hogy felszedjen mag\u00e1ra egy kis izomer\u0151t\u201d \u2013 nyilatkozta r\u00f3la akkoriban.\r\n\r\n<strong>Unai Emeryn\u00e9l<\/strong> m\u00e1r t\u00f6bbet j\u00e1tszhatott, az egyik \u00e9vben 16, a k\u00f6vetkez\u0151ben 27 meccset kapott. Az omin\u00f3zus, Barcelona elleni t\u00f6rt\u00e9nelmi \u00f6sszecsap\u00e1s odav\u00e1g\u00f3j\u00e1n m\u00e9g p\u00e1ly\u00e1ra l\u00e9pett \u2013 a PSG 4-0-s gy\u0151zelm\u00e9vel z\u00e1rul\u00f3 m\u00e9rk\u0151z\u00e9sen cserek\u00e9nt \u00e1llt be. A barcelonai remontad\u00e1n (6-1-re nyert a Barca, \u00e9s ezzel kiejtette a PSG-t) azonban m\u00e1r nem nevezt\u00e9k a csapatba.\r\n\r\n[caption id=\"attachment_2661\" align=\"aligncenter\" width=\"2000\"]<img class=\"size-full wp-image-2661\" src=\"https:\/\/sport24.24.hu\/app\/uploads\/sites\/24\/2021\/11\/000_lp5b7.jpg\" alt=\"\" width=\"2000\" height=\"1442\" \/> V\u00e1ltoznak az id\u0151k: Nkunku itt m\u00e9g Neymar ellen harcol,\u00a0 aki akkor m\u00e9g Barca-j\u00e1t\u00e9kos volt, ma m\u00e1r viszont P\u00e1rizsban futballozik[\/caption]\r\n\r\nSorsa a k\u00f6vetkez\u0151 ny\u00e1ron d\u0151lt el. Ha egy pillanatra \u00fagy is t\u0171nt, hogy Nkunku a PSG keret\u00e9nek \u00e1lland\u00f3 tagja lehet, a lehet\u0151s\u00e9gei egyetlen \u00e1tigazol\u00e1si id\u0151szak alatt minim\u00e1lisra cs\u00f6kkentek. A barcelonai leb\u0151g\u00e9sre adott v\u00e1laszk\u00e9nt a p\u00e1rizsi vezet\u00e9s egy ny\u00e1r alatt szerz\u0151dtette Neymart \u00e9s Mbapp\u00e9t. Nkunku ekkor m\u00e1r 21 \u00e9ves volt, a k\u00f6r\u00fclm\u00e9nyek nem j\u00e1tszottak a kez\u00e9re, ez\u00e9rt a b\u00facs\u00fa mellett d\u00f6nt\u00f6tt. <a href=\"https:\/\/www.sofoot.com\/nkunku-les-mots-bleus-506577.html\" target=\"_blank\" rel=\"noopener\">T\u00e1voz\u00e1sakor<\/a> pedig r\u00e1mutatott a PSG m\u0171k\u00f6d\u00e9s\u00e9nek egyik legnagyobb fon\u00e1kj\u00e1ra. \u201eA fiatalok egy id\u0151 ut\u00e1n r\u00e1eszm\u00e9lnek arra, hogy dug\u00f3 van el\u0151tt\u00fck. Minden itt nevelked\u0151 sr\u00e1c szeretn\u00e9 megvetni a l\u00e1b\u00e1t a PSG-n\u00e9l, de ez egy\u00e1ltal\u00e1n nem k\u00f6nny\u0171. Egyesek kapnak es\u00e9lyt, m\u00e1sok nem. \u00c9n el\u00e9g t\u00fcrelmes voltam, \u00e9s sokat pr\u00f3b\u00e1lkoztam, de id\u0151vel r\u00e1 kellett j\u00f6nn\u00f6m, hogy a karrierem beind\u00edt\u00e1s\u00e1hoz m\u00e1shol kell k\u00f6r\u00fcln\u00e9znem.\u201d\r\n\r\n<span class=\"highlight-block\">Nkunku mind\u00f6ssze 13 milli\u00f3 eur\u00f3\u00e9rt igazolt az RB Lipcs\u00e9hez. <\/span>\r\n\r\nT\u00e1voz\u00e1sakor a frissen kinevezett <strong>Thomas Tuchel<\/strong> sajn\u00e1lkozva b\u00facs\u00fazott. \u201eAz egyik szemem s\u00edr \u00e9rte, az biztos, mert hatalmas potenci\u00e1l van benne, \u00e9s nagyon szeretem. Ugyanakkor tudom\u00e1sul kell venni, hogy k\u00fclf\u00f6ld\u00f6n \u00faj \u00e9s fontos szerep v\u00e1r r\u00e1. Azt mondtam neki, hogy Lipcs\u00e9ben topszint\u0171 klub \u00e9s vezet\u0151edz\u0151 v\u00e1rja.\u201d\r\n\r\nHogy mennyire \u0151r\u00f6lte fel a p\u00e1rizsi k\u00f6zeg, azt j\u00f3l mutatja egy interj\u00fa, amit a Lipcs\u00e9ben t\u00f6lt\u00f6tt els\u0151 h\u00f3napjai ut\u00e1n adott. \u201eErre a klubra volt sz\u00fcks\u00e9gem. \u00dajra \u00e9rzem a j\u00e1t\u00e9k \u00f6r\u00f6m\u00e9t. A p\u00e1ly\u00e1n v\u00e9gre kibontakozhatok, felszabadultan j\u00e1tszhatok. Ahogy telik az id\u0151, \u00fagy \u00e9rzem magam egyre jobban.\u201d\r\n\r\n[caption id=\"attachment_2652\" align=\"aligncenter\" width=\"2000\"]<img class=\"wp-image-2652 size-full\" src=\"https:\/\/sport24.24.hu\/app\/uploads\/sites\/24\/2021\/11\/043_dpa-pa_211103-99-857207_dpai-1.jpg\" alt=\"\" width=\"2000\" height=\"1246\" \/> Nkunku imm\u00e1r lipcsei mezben a PSG elleni BL-rangad\u00f3n[\/caption]\r\n\r\nAki hisz a sorsszer\u0171s\u00e9gben, mosolyogva figyelhette, mi t\u00f6rt\u00e9nt ezut\u00e1n Nkunkuval. Az \u00e9vek sor\u00e1n a PSG legend\u00e1rium\u00e1nak r\u00e9sz\u00e9v\u00e9 <a href=\"https:\/\/histoiredupsg.fr\/ces-anciens-parisiens-qui-ont-marque-contre-le-psg\" target=\"_blank\" rel=\"noopener\">v\u00e1lt<\/a> egy olyan visszat\u00e9r\u0151 esem\u00e9ny, miszerint a klub kor\u00e1bbi j\u00e1t\u00e9kosai a viszontl\u00e1t\u00e1s alkalm\u00e1val g\u00f3lt szereznek kor\u00e1bbi csapatuk ellen. \u00cdgy t\u00f6rt\u00e9nt ez<strong> Moussa Demb\u00e9l\u00e9vel<\/strong>, aki 2017-ben egy 1-7-es meccsen a Celtic sz\u00edneiben is betal\u00e1lt. R\u00e9gebbre ny\u00falva: a klub jelenlegi szakmai igazgat\u00f3ja, <strong>Leonardo<\/strong> is <a href=\"https:\/\/www.youtube.com\/watch?v=VNJ3fNcmAwY\" target=\"_blank\" rel=\"noopener\">g\u00f3lt szerzett<\/a> az AC Milan sz\u00edneiben, k\u00f6zvetlen\u00fcl az ut\u00e1n, hogy elhagyta a p\u00e1rizsiakat. A leg\u00e9kesebb p\u00e9lda pedig a 2020-as Bayern\u2013PSG Bajnokok Lig\u00e1ja-d\u00f6nt\u0151, amelynek gy\u0151ztes g\u00f3lj\u00e1t a franci\u00e1k kor\u00e1bbi n\u00f6vend\u00e9ke, <strong>Kingsley Coman<\/strong> szerezte.\r\n\r\n\u201eAmikor egy kor\u00e1bbi j\u00e1t\u00e9kos visszat\u00e9r a PSG ellen, az olyan, mint amikor valaki az ex\u00e9vel tal\u00e1lkozik. Meg akarja mutatni, hogy a szerelmi csal\u00f3d\u00e1sb\u00f3l ki tudott gy\u00f3gyulni, hogy \u00faj fejezetet nyitott, \u00e9s t\u00faljutott a gy\u00f6trelmeken\u201d \u2013 fogalmazott a jelens\u00e9gr\u0151l a klub egyik <a href=\"https:\/\/www.lequipe.fr\/Football\/Article\/Psg-le-retour-de-la-malediction-face-a-ses-anciens-joueurs\/1191465\" target=\"_blank\" rel=\"noopener\">szurkol\u00f3ja<\/a>.\r\n\r\nNkunku t\u00e1voz\u00e1sa \u00f3ta \u00e9vente fut \u00f6ssze az \u201eex\u00e9vel\u201d. K\u00e9t \u00e9ve, a BL Final 8 el\u0151d\u00f6nt\u0151j\u00e9ben ker\u00fcltek \u00f6ssze \u2013 akkor a Lipcse 3-0-ra kikapott. Nkunku az azt k\u00f6vet\u0151 k\u00e9t \u00e9vben is mindig \u00f6sszetal\u00e1lkozott a PSG-vel. Mindk\u00e9t \u00f6sszecsap\u00e1son g\u00f3lt szerzett \u2013 legut\u00f3bb fejesb\u0151l, a meccs els\u0151 perceiben.\r\n\r\nhttps:\/\/twitter.com\/ElevenSports_PT\/status\/1455993115416961025\r\n\r\nA v\u00e1logatottr\u00f3l Nkunku <a href=\"https:\/\/www.lefigaro.fr\/sports\/football\/allemagne\/c-est-un-reve-de-gamin-christopher-nkunku-veut-integrer-l-equipe-de-france-20211031\" target=\"_blank\" rel=\"noopener\">azt mondta<\/a>, gyerekkori \u00e1lma, hogy egyszer a K\u00e9kek mez\u00e9ben j\u00e1tsszon. Nem lesz k\u00f6nny\u0171 dolga: olyan nevek sorakoznak el\u0151tte, mint <strong>Karim Benzema<\/strong>, Kylian Mbapp\u00e9, <strong>Antoine Griezmann<\/strong> \u00e9s Kingsley Coman. K\u00e9rd\u00e9s, hogy Deschamps majd a lend\u00fcletesebb \u00e9s klasszikusabb sz\u00e9ls\u0151er\u00e9nyekkel rendelkez\u0151 <strong>Moussa Diabyt<\/strong>, a d\u00f6c\u00f6g\u0151sebb id\u0151szakon \u00e1tes\u0151, de csat\u00e1rer\u00e9nyeket felvonultat\u00f3 <strong>Wissam Ben Yeddert<\/strong>, vagy egy napon a sokoldal\u00fa Nkunkut r\u00e9szes\u00edti-e el\u0151nyben.\r\n\r\nA sz\u00f6vets\u00e9gi kapit\u00e1ny mindenesetre \u00fczenetet k\u00fcld\u00f6tt a <a href=\"https:\/\/www.20minutes.fr\/sport\/3164655-20211104-equipe-france-direct-arrivees-retours-surprises-suivez-liste-didier-deschamps-14h\" target=\"_blank\" rel=\"noopener\">kerethirdet\u00e9skor<\/a>. \u201eNkunku olyan j\u00e1t\u00e9kos, akit folyamatosan k\u00f6vet\u00fcnk. Hetek \u00f3ta nagyon \u00e9rdekes dolgokat mutat, \u00e9s ez a PSG ellen sem volt m\u00e1sk\u00e9pp. Jelenleg nincs itt, de a komoly jel\u00f6ltek k\u00f6z\u00f6tt szerepel. Egyet tudok javasolni neki:\r\n<blockquote class=\"small-quote\">folytassa ugyan\u00fagy, ahogy eddig csin\u00e1lta!<\/blockquote>\r\n[prefabricated_shortcode in_app=\"0\" code=\"%3Cdiv%20class%3D%22article_box_border%22%20style%3D%22background%3A%20url%28%27https%3A%2F%2F24.p3k.hu%2Fapp%2Fuploads%2Fsites%2F24%2F2021%2F05%2Fsport24-pattern.png%27%29%20no-repeat%20left%20-16px%20%23f3f3f4%3B%20border%3A%20none%3B%22%3E%0D%0A%3Cdiv%20class%3D%22article_solidheader%22%3E%0D%0A%3Ch2%20style%3D%22color%3A%20%23111115%21important%3B%20font-size%3A%2036px%3B%20font-weight%3A%20bold%3B%20margin-bottom%3A%2030px%3B%20margin-top%3A%2020px%3B%20text-align%3A%20center%3B%20line-height%3A%2036px%3B%22%3E%3Cimg%20class%3D%22aligncenter%20size-full%20wp-image-141%22%20src%3D%22https%3A%2F%2F24.p3k.hu%2Fapp%2Fuploads%2Fsites%2F24%2F2021%2F05%2Fs24-logo-dt.png%22%20alt%3D%22%22%20width%3D%22408%22%20height%3D%2290%22%20%2F%3E%3C%2Fh2%3E%0D%0A%3Ch2%20style%3D%22color%3A%20%23111115%21important%3B%20font-size%3A%2036px%3B%20font-weight%3A%20bold%3B%20margin-bottom%3A%2030px%3B%20margin-top%3A%2020px%3B%20text-align%3A%20center%3B%20line-height%3A%2040px%3B%22%3ECsatlakozz%20a%20Sport24%20k%C3%B6z%C3%B6ss%C3%A9ghez%2C%20mondd%20el%20v%C3%A9lem%C3%A9nyedet%20z%C3%A1rt%20Facebook-csoportunkban%2C%20%C3%A9s%20vegy%C3%A9l%20r%C3%A9szt%20csak%20el%C5%91fizet%C5%91knek%20el%C3%A9rhet%C5%91%20exkluz%C3%ADv%20esem%C3%A9nyeinken.%3C%2Fh2%3E%0D%0A%3C%2Fdiv%3E%0D%0A%3Cp%20style%3D%22background%3A%20%2357A600%3B%20margin-top%3A%2020px%3B%20padding%3A%2020px%3B%20text-align%3A%20center%3B%22%3E%3Ca%20style%3D%22color%3A%20%23ffffff%3B%20font-size%3A%2026px%3B%20font-weight%3A%20600%3B%22%20href%3D%22https%3A%2F%2Fwww.facebook.com%2Fgroups%2F212344460412327%22%3ECSATLAKOZOM%3C%2Fa%3E%3C%2Fp%3E%0D%0A%0D%0A%3C%2Fdiv%3E\"]","type":"rich","thumbnail_url":"https:\/\/s.24.hu\/app\/uploads\/sites\/24\/2021\/11\/043_dpa-pa_211002-99-456284_dpai-e1636979562248-150x150.jpg","thumbnail_width":150,"thumbnail_height":150}