{"version":"1.0","provider_name":"Sport24","provider_url":"https:\/\/sport24.24.hu","author_name":"Bruckner G\u00e1bor","author_url":"https:\/\/sport24.24.hu\/author\/brucknerg\/","title":"M\u00e1sodszor futott ugyan\u00fagy akn\u00e1ra Rossi v\u00e1logatottja: nagy\u00edt\u00f3 alatt a vb-selejtez\u0151k","html":"Ha a vil\u00e1gbajnoki selejtez\u0151 el\u0151tt b\u00e1rki azt mondja, hogy a magyar v\u00e1logatott n\u00e9gy pontot szerez Lengyelorsz\u00e1g ellen \u00e9s d\u00f6ntetlent j\u00e1tszik idegenben Angli\u00e1val, akkor alighanem elk\u00e9rj\u00fck a pap\u00edrt t\u0151le azzal: \u201eHol \u00edrjam al\u00e1?\u201d\r\n\r\nEhhez k\u00e9pest a csapat hi\u00e1ba szerzett n\u00e9gy pontot Lengyelorsz\u00e1g ellen, illetve hi\u00e1ba ikszelt a Wembleyben, es\u00e9lye sem volt kijutni a 2022-es, katari torn\u00e1ra \u2013 olyannyira nem, hogy az utols\u00f3 fordul\u00f3kat m\u00e1r nyugodtan n\u00e9zhett\u00fck, tudv\u00e1n, csak matematikai es\u00e9ly van a tov\u00e1bbjut\u00e1sra, vagy m\u00e1r az sincs. A vb-\u00e1lmot hi\u00e1ba hajszolja a nemzeti tizenegy 1986 \u00f3ta \u2013 a k\u00f6vetkez\u0151 lehet\u0151s\u00e9g m\u00e1r a 48-asra felemelt l\u00e9tsz\u00e1m\u00fa, 2026-os torn\u00e1n j\u00f6n el.\r\n\r\n<a href=\"https:\/\/sport24.24.hu\/foci\/2021\/11\/16\/lengyel-magyar-vb-selejtezo-elemzes\/\" target=\"_blank\" rel=\"noopener\">A lengyelek elleni, gy\u0151ztes z\u00e1r\u00f3 m\u00e9rk\u0151z\u00e9s ut\u00e1n<\/a> a reakci\u00f3k az elismer\u00e9s mellett legink\u00e1bb a sajn\u00e1lkoz\u00e1sr\u00f3l sz\u00f3ltak. A \u201ek\u00e1r az alb\u00e1nok elleni k\u00e9t veres\u00e9g\u00e9rt\u201d meg\u00e1llap\u00edt\u00e1s igazs\u00e1g\u00e1val neh\u00e9z lenne vitatkozni, hiszen a v\u00e1logatott hib\u00e1tlanul hozta a mini\u00e1llamok elleni m\u00e9rk\u0151z\u00e9seket, az els\u0151 k\u00e9t kiemelt ellen 5 pontot szerzett (ritka eset), idegenben csak egy veres\u00e9get szenvedett (ez sem gyakori eset, vb-selejtez\u0151n a Mexik\u00f3 el\u0151tti kvalifik\u00e1ci\u00f3 \u00f3ta nem volt p\u00e9lda hasonl\u00f3ra). Ugyanakkor <strong>Marco Rossi<\/strong> csapata hazai p\u00e1ly\u00e1n csak a k\u00e9t mini\u00e1llamot tudta legy\u0151zni \u00e9s az alb\u00e1nok elleni kett\u0151s veres\u00e9ggel el is sz\u00e1lltak a tov\u00e1bbjut\u00e1si rem\u00e9nyek, az angliai meg a lengyelorsz\u00e1gi brav\u00far ebb\u0151l a szempontb\u00f3l m\u00e1r nem osztott, nem szorzott.\r\n<span class=\"highlight-block\">Akkor h\u00e1t f\u00e9lig teli vagy f\u00e9lig \u00fcres a poh\u00e1r?<\/span>\r\n<h2>F\u00e9lig teli, mert\u2026<\/h2>\r\n\u2026a magyar v\u00e1logatott a megszokottn\u00e1l jobban szerepelt a csoport leger\u0151sebb csapatai ellen. Hagyom\u00e1nyosan ez a v\u00e1logatott Achilles-sarka, az 1988 \u00f3ta eltelt id\u0151szakban m\u00e9g a legjobb selejtez\u0151s szerepl\u00e9skor is ezen siker\u00fclt elcs\u00faszni. Eml\u00e9kezz\u00fcnk vissza a 2012-es Eb-kvalifik\u00e1ci\u00f3j\u00e1ra: <strong>Egerv\u00e1ri S\u00e1ndor<\/strong> egy\u00fcttese a vizsg\u00e1lt peri\u00f3dus legjobb eredm\u00e9nysor\u00e1t hozta (19 pont, 63,33 sz\u00e1zal\u00e9kos megszerzett\/megszerezhet\u0151 pont mutat\u00f3), de m\u00e9gsem jutott tov\u00e1bb, mivel k\u00e9tszer kikapott a hollandokt\u00f3l \u00e9s egyszer a sv\u00e9dekt\u0151l, s ez behozhatatlan h\u00e1tr\u00e1nynak bizonyult. A mostani eset el\u0151tt csak a 2020-as Eur\u00f3pa-bajnoks\u00e1g selejtez\u0151in fordult el\u0151, hogy a nemzeti egy\u00fcttes \u00f6t vagy t\u00f6bb pontot szerzett az els\u0151 k\u00e9t kiemelt ellen: akkor hatot (hazai gy\u0151zelem Horv\u00e1torsz\u00e1g \u00e9s Wales ellen), csakhogy az sem \u00e9rt tov\u00e1bbjut\u00e1st a v\u00e9gelsz\u00e1mol\u00e1sn\u00e1l. Ahogyan most sem.\r\n\r\n<img class=\"alignnone size-full wp-image-2712\" src=\"https:\/\/sport24.24.hu\/app\/uploads\/sites\/24\/2021\/11\/d_kos20211112064.jpg\" alt=\"\" width=\"2000\" height=\"1333\" \/>\r\n\r\n\u2026meglep\u0151en j\u00f3 az idegenbeli m\u00e9rleg. A v\u00e1logatott 3 gy\u0151zelemmel, 1 d\u00f6ntetlennel, 1 veres\u00e9ggel z\u00e1rta idegenbeli tal\u00e1lkoz\u00f3it, ebben a mutat\u00f3ban a 3 gy\u0151zelem \u00e9s az 1 veres\u00e9g egyar\u00e1nt ritkas\u00e1g. H\u00e1rom idegenbeli sikert <strong>Erwin Koeman<\/strong>, majd <strong>Egerv\u00e1ri S\u00e1ndor<\/strong> v\u00e1logatottja tudott felmutatni a 2010-es vil\u00e1gbajnoks\u00e1g, illetve a 2012-es Eur\u00f3pa-bajnoks\u00e1g selejtez\u0151in. A mostani sorozat mellett a v\u00e1logatott a 2004-es \u00e9s a 2016-os Eb selejtez\u0151in szenvedett csak egy idegenbeli veres\u00e9get. Idegenben veretlen\u00fcl az 1986-os vb-selejtez\u0151k \u00f3ta egyszer sem z\u00e1rtak selejtez\u0151sorozatot a magyarok.\r\n\r\n\u2026siker\u00fclt a m\u00e9lypontr\u00f3l elmozdulni. Mondhatjuk azt, hogy persze, akkor, amikor m\u00e1r teljesen mindegy volt (\u00e9s ez igaz is), viszont az alb\u00e1nok elleni dupla zak\u00f3 \u00e9s az angolokt\u00f3l elszenvedett ki\u00fct\u00e9ses hazai veres\u00e9g ut\u00e1n m\u00e9lypontra ker\u00fclt a v\u00e1logatott.\r\n\r\n<span class=\"highlight-block-small\">Rossi helyzete tal\u00e1n sosem t\u0171nt annyira ingatagnak, mint akkor, a kapit\u00e1ny indulatosan nyilatkozott, a k\u00f6z\u00f6ns\u00e9g rendk\u00edv\u00fcl negat\u00edv v\u00e9lem\u00e9nyt fogalmazott meg a l\u00e1tottakkal kapcsolatban, \u00e9lesen ki\u00fctk\u00f6ztek a csapat hi\u00e1nyoss\u00e1gai.<\/span>\r\n<div class=\"payable-content-section\"><\/div>\r\nEhhez k\u00e9pest a selejtez\u0151ket az utols\u00f3 h\u00e1rom fordul\u00f3ban h\u00e9t ponttal z\u00e1rta a t\u00e1rsas\u00e1g, pedig Angli\u00e1ba \u00e9s Lengyelorsz\u00e1gba is ekkor utazott. Ez meger\u0151s\u00edtette Rossi poz\u00edci\u00f3j\u00e1t \u2013 <strong>Cs\u00e1nyi S\u00e1ndor<\/strong>, az MLSZ eln\u00f6ke jelezte, a sz\u00f6vets\u00e9gi kapit\u00e1nynak 2025-ig sz\u00f3l\u00f3 szerz\u0151d\u00e9se van, s azt a tervek szerint ki is t\u00f6lti \u2013, \u00e9s az is biztos, hogy a szurkol\u00f3k sz\u00e1j\u00edze jobb lett. Legal\u00e1bb siker\u00fclt elker\u00fclni a 2016-os Eb ut\u00e1nihoz hasonl\u00f3 sz\u00e9tes\u00e9st, amely a v\u00e1logatott t\u00f6rt\u00e9net\u00e9nek egyik legk\u00ednosabb veres\u00e9g\u00e9t (Andorra) \u00e9s a sz\u00f6vets\u00e9gi kapit\u00e1ny, <strong>Bernd Storck<\/strong> lemond\u00e1s\u00e1t hozta.\r\n\r\n<iframe class=\"flourish-embed-iframe\" style=\"width: 100%;height: 600px\" title=\"Interactive or visual content\" src=\"https:\/\/flo.uri.sh\/visualisation\/7823990\/embed\" frameborder=\"0\" scrolling=\"no\"><\/iframe>\r\n<div style=\"width: 100%!;margin-top: 4px!important;text-align: right!important\"><a class=\"flourish-credit\" style=\"text-decoration: none!important\" href=\"https:\/\/public.flourish.studio\/visualisation\/7823990\/?utm_source=embed&amp;utm_campaign=visualisation\/7823990\" target=\"_top\" rel=\"noopener\"><img style=\"width: 105px!important;height: 16px!important;border: none!important;margin: 0!important\" src=\"https:\/\/public.flourish.studio\/resources\/made_with_flourish.svg\" alt=\"Made with Flourish\" \/> <\/a><\/div>\r\n<h2>F\u00e9lig \u00fcres, mert\u2026<\/h2>\r\n\u2026kiest\u00fcnk. \u00dagy, hogy az utols\u00f3 fordul\u00f3knak m\u00e1r t\u00e9tje sem volt a tov\u00e1bbjut\u00e1s szempontj\u00e1b\u00f3l, mert annak az es\u00e9lye h\u00e1rom k\u00f6rrel a v\u00e9ge el\u0151tt gyakorlatilag tovat\u0171nt. A v\u00e9ge negyedik hely, \u00e9s ha a selejtez\u0151k el\u0151tt azt mondj\u00e1k, Rossi egy\u00fcttese negyedik lesz ebben a csoportban, azt mindenki v\u00e1rakoz\u00e1sok alatti szerepl\u00e9snek k\u00f6nyvelte volna el. Ez az olasz szakember vezet\u00e9s\u00e9vel v\u00e9gigvitt m\u00e1sodik selejtez\u0151sorozat, \u00e9s mindkett\u0151t a negyedik helyen z\u00e1rta a v\u00e1logatott.\r\n\r\n\u2026kett\u0151s veres\u00e9get szenvedt\u00fcnk alacsonyabban rangsorolt csapatt\u00f3l. A 2010-es vil\u00e1gbajnoks\u00e1g selejtez\u0151i \u00f3ta a magyar v\u00e1logatott \u00e1ltal\u00e1ban 2\u20135 ponttal marad le a csoportm\u00e1sodikt\u00f3l, ez javul\u00e1s a 2000-es \u00e9vek els\u0151 \u00e9vtized\u00e9hez k\u00e9pest. A fejl\u0151d\u00e9snek az \u00e1gyazott meg, hogy a magyar csapat kevesebbszer \u201esiklik ki\u201d alacsonyabban rangsorolt egy\u00fcttesek ellen \u2013 kiv\u00e9telt k\u00e9pez persze a 2016-os Eb ut\u00e1ni \u00f6sszeoml\u00e1s, ponthullajt\u00e1ssal Fer\u00f6er \u00e9s veres\u00e9ggel Andorra ellen. Mivel t\u00f6bbnyire a csoport m\u00e1sodik-harmadik hely\u00e9\u00e9rt \u00e1llunk harcban, kritikus minden botl\u00e1s az alacsonyabb kalapb\u00f3l kih\u00fazott csapatokkal szemben. Az alb\u00e1nokkal szembeni k\u00e9t kudarc romba d\u00f6nt\u00f6tte a tov\u00e1bbjut\u00e1si es\u00e9lyeket.\r\n\r\n<span class=\"highlight-block\">\u2026gyenge a hazai m\u00e9rleg. <\/span>\r\n\r\nA magyar v\u00e1logatotthoz hasonl\u00f3 szint\u0171 csapatoknak a \u201egyeng\u00e9bbek\u201d elleni botl\u00e1sok mellett m\u00e9g egy dolog nem szokott belef\u00e9rni, a hazai p\u00e1ly\u00e1n elhullajtott sok pont. M\u00e1rpedig Rossi egy\u00fcttese \u00f6t hazai meccs\u00e9n csup\u00e1n h\u00e9t pontot szerzett (1,4-es \u00e1tlag), ezzel sokat nem lehet el\u00e9rni\u2026 A hazai p\u00e1ly\u00e1n 2\u20132\u20131-es mutat\u00f3val (1,6-os pont\u00e1tlag) z\u00e1r\u00f3 \u00e9szakmaced\u00f3nok selejtez\u0151sorozat\u00e1t is az mentette meg, hogy megh\u00f6kkent\u0151 gy\u0151zelmet arattak N\u00e9metorsz\u00e1gban, e n\u00e9lk\u00fcl otthoni gyeng\u00e9lked\u00e9s\u00fck miatt mentek volna a levesbe.\r\n\r\n\u2026sz\u0171k a keret \u00e9s nem is fiatal. Rossi ism\u00e9t arra utalt a lengyelek elleni gy\u0151zelem ut\u00e1n, hogy \u201enonszensz\u201d lenne m\u00e9g 32-35 \u00e9ves j\u00e1t\u00e9kosokat beh\u00edvni;<strong> Szalai \u00c1d\u00e1m<\/strong> pedig arra, hogy t\u00f6bb fiatal futballista kell, hiszen kevesen d\u00f6r\u00f6mb\u00f6lnek a v\u00e1logatott kapuj\u00e1n. A selejtez\u0151k\u00f6n p\u00e1ly\u00e1ra l\u00e9pett j\u00e1t\u00e9kosok \u00e1tlag\u00e9letkora majdnem 27 \u00e9v, t\u00edz \u2013 k\u00f6zt\u00fck t\u00f6bb kulcsember \u2013 a 30. \u00e9v\u00e9n t\u00fal j\u00e1r, a p\u00e1ly\u00e1ra l\u00e9pettek k\u00f6zel 60 sz\u00e1zal\u00e9ka 27 esztend\u0151s vagy id\u0151sebb. Csak \u00f6t labdar\u00fag\u00f3nk \u2013 <strong>Szoboszlai Dominik, Sch\u00f6n Szabolcs, Bolla Bendeg\u00faz, Kiss Tam\u00e1s, Balogh Botond<\/strong> \u2013 tartozik kora alapj\u00e1n az U21-esek k\u00f6z\u00e9. Ez nem a legeg\u00e9szs\u00e9gesebb korfa \u00e9s a jelenlegi U21-es v\u00e1logatott sem k\u00e9nyezteti el a szurkol\u00f3kat; a k\u00f6vetkez\u0151 selejtez\u0151ket pedig csak 2023-ban v\u00edvja a v\u00e1logatott. A 2022-es \u00e9v egyik feladata \u2013 a vb-r\u0151l lemaradtunk, a Nemzetek Lig\u00e1ja topkateg\u00f3ri\u00e1j\u00e1ban nem lehetnek magas elv\u00e1r\u00e1sok a csapat eredm\u00e9nyess\u00e9g\u00e9t illet\u0151en \u2013 a fiatal\u00edt\u00e1s legal\u00e1bb r\u00e9szleges levez\u00e9nyl\u00e9se lesz.\r\n\r\n[caption id=\"attachment_2709\" align=\"alignnone\" width=\"2000\"]<img class=\"size-full wp-image-2709\" src=\"https:\/\/sport24.24.hu\/app\/uploads\/sites\/24\/2021\/11\/74070342.jpg\" alt=\"\" width=\"2000\" height=\"1331\" \/> Szalai \u00c1d\u00e1m fejese a San Marino elleni selejtez\u0151 meccsen.[\/caption]\r\n\r\n\u2026kev\u00e9s a magas szinten futballoz\u00f3 kerettag. Err\u0151l m\u00e1r t\u00f6bbsz\u00f6r esett sz\u00f3:\r\n\r\n<span class=\"highlight-block-small\">jelenleg csak egy toplig\u00e1ban (Bundesliga) szerepelnek a magyar v\u00e1logatott j\u00e1t\u00e9kosai, de m\u00e9g a toplig\u00e1kat k\u00f6vet\u0151 bajnoks\u00e1gokban is nagy\u00edt\u00f3val kell keresni a mieinket.<\/span>\r\n\r\nA nemzetk\u00f6zi labdar\u00fag\u00e1s er\u0151- \u00e9s er\u0151forr\u00e1s-koncentr\u00e1ci\u00f3ja ezekbe a sorozatokba ir\u00e1nyul, itt j\u00e1tssz\u00e1k a nemzetk\u00f6zi trendeket meghat\u00e1roz\u00f3, leggyorsabb, legkem\u00e9nyebb, legmagasabb sz\u00ednvonal\u00fa futballt.\r\n\r\nAz eur\u00f3pai sz\u00ednt\u00e9ren (legal\u00e1bb csoportk\u00f6r\u00f6s szerepl\u00e9s eset\u00e9n) m\u00e9g lehetne tal\u00e1lkozni hasonl\u00f3 intenzit\u00e1ssal, \u00e1m a hazai \u00e9lcsapatokban kisebbs\u00e9gbe szorultak a magyar j\u00e1t\u00e9kosok. Az eur\u00f3pai eredm\u00e9nyess\u00e9g \u00e9s az \u00e9lklubok jobb szerepl\u00e9se \u00e9rdek\u00e9ben az MLSZ gyakorlatilag bedobta a gyepl\u0151t a lovak k\u00f6z\u00e9, jelenleg az NB I-ben a j\u00e1t\u00e9kpercek 49 sz\u00e1zal\u00e9ka a l\u00e9gi\u00f3sok\u00e9. A bajnoks\u00e1g els\u0151 n\u00e9gy helyezettj\u00e9n\u00e9l \u2013 Ferencv\u00e1ros, Kisv\u00e1rda, Pusk\u00e1s Akad\u00e9mia, Feh\u00e9rv\u00e1r \u2013 csup\u00e1n tizenegy magyar szerepelt legal\u00e1bb 630 percet a most fut\u00f3 bajnoks\u00e1gban, ez h\u00e9t v\u00e9gigj\u00e1tszott m\u00e9rk\u0151z\u00e9st jelent a tizenegyb\u0151l. Az MLSZ aligha csin\u00e1l \u00fajabb h\u00e1traarcot, a klubok megengedhetik maguknak a kor\u00e1bbi szintet fel\u00fclm\u00fal\u00f3 l\u00e9gi\u00f3sok szerz\u0151dtet\u00e9s\u00e9t, a be\u00e1raml\u00f3 futballist\u00e1k egyben a j\u00e1t\u00e9kid\u0151 nagyj\u00e1t is maguknak k\u00f6vetelik. Jelenleg csak \u00f6t olyan klub van az \u00e9lvonalban, amelynek a 11 legt\u00f6bb j\u00e1t\u00e9kid\u0151t kapott j\u00e1t\u00e9kosa k\u00f6z\u00f6tt t\u00f6bbs\u00e9gben vannak a magyarok. Egyik sincs az els\u0151 \u00f6tben. Mindez alaposan megnehez\u00edti Rossi dolg\u00e1t a v\u00e1logat\u00e1sn\u00e1l.\r\n<h2>A kimarad\u00f3 egyharmadban<\/h2>\r\nA magyar v\u00e1logatott legut\u00f3bb az 1998-as vil\u00e1gbajnoks\u00e1g selejtez\u0151in, <strong>Csank J\u00e1nos<\/strong> sz\u00f6vets\u00e9gi kapit\u00e1nys\u00e1ga alatt \u00e9rt el m\u00e1sodik helyez\u00e9st a csoportj\u00e1ban. Az\u00f3ta tizenk\u00e9t vb- vagy Eb-kvalifik\u00e1ci\u00f3t bonyol\u00edtottak le, \u00e9s az UEFA 55 jelenlegi tag\u00e1llam\u00e1b\u00f3l 38 \u2013 a tagok t\u00f6bb mint k\u00e9tharmada \u2013 el tudta \u00e9rni az els\u0151 k\u00e9t hely valamelyik\u00e9t legal\u00e1bb egyszer. A teljess\u00e9g kedv\u00e9\u00e9rt a lista:\r\n\r\nAlb\u00e1nia, Anglia, Ausztria, Belgium, Bosznia-Hercegovina, Bulg\u00e1ria, Csehorsz\u00e1g, D\u00e1nia, \u00c9szak-\u00cdrorsz\u00e1g, \u00c9szak-Maced\u00f3nia, \u00c9sztorsz\u00e1g, Finnorsz\u00e1g, Franciaorsz\u00e1g, G\u00f6r\u00f6gorsz\u00e1g, Hollandia, Horv\u00e1torsz\u00e1g, \u00cdrorsz\u00e1g, Izland, Izrael, Lengyelorsz\u00e1g, Lettorsz\u00e1g, Montenegr\u00f3, N\u00e9metorsz\u00e1g, Norv\u00e9gia, Olaszorsz\u00e1g, Oroszorsz\u00e1g, Portug\u00e1lia, Rom\u00e1nia, Sk\u00f3cia, Spanyolorsz\u00e1g, Sv\u00e1jc, Sv\u00e9dorsz\u00e1g, Szerbia, Szlov\u00e1kia, Szlov\u00e9nia, T\u00f6r\u00f6korsz\u00e1g, Ukrajna, Wales.\r\n\r\n<img class=\"alignnone size-full wp-image-2715\" src=\"https:\/\/sport24.24.hu\/app\/uploads\/sites\/24\/2021\/11\/74059808-1.jpg\" alt=\"\" width=\"2000\" height=\"1333\" \/>\r\n\r\nEz nem azt jelenti, hogy mindegyik csapat ki is jutott nagy torn\u00e1ra, azt viszont igen, hogy a csoportm\u00e1sodiks\u00e1g Izland, \u00c9szak-Maced\u00f3nia, Lettorsz\u00e1g, \u00c9sztorsz\u00e1g, Montenegr\u00f3 vagy Alb\u00e1nia szintj\u00e9n sem megugorhatatlan teljes\u00edtm\u00e9ny. A list\u00e1r\u00f3l kimarad\u00f3 csapatok halmaz\u00e1t az eur\u00f3pai futball \u201ekicsijei\u201d, posztszovjet \u00e1llamok, illetve Magyarorsz\u00e1g alkotj\u00e1k.\r\n\r\nAndorra, Azerbajdzs\u00e1n, Ciprus, Feh\u00e9roroszorsz\u00e1g, Fer\u00f6er, Gibralt\u00e1r, Gr\u00fazia, Kazahszt\u00e1n, Koszov\u00f3, Liechtenstein, Litv\u00e1nia, Luxemburg, Magyarorsz\u00e1g, M\u00e1lta, Moldova, \u00d6rm\u00e9nyorsz\u00e1g, San Marino.\r\n\r\nNem megb\u00e1ntva a m\u00e1sodik list\u00e1n szerepl\u0151ket:\r\n\r\n<span class=\"highlight-block\">nem felt\u00e9tlen\u00fcl ebben a t\u00e1rsas\u00e1gban szeretne mutatkozni egy mag\u00e1ra ad\u00f3 v\u00e1logatott.<\/span>\r\n\r\nHogy mi\u00e9rt fontos a m\u00e1sodik hely megszerz\u00e9se? Az\u00e9rt, mert a 2016-os Eur\u00f3pa-bajnoks\u00e1got lesz\u00e1m\u00edtva \u2013 itt a 3. hely is p\u00f3tselejtez\u0151t \u00e9rt \u2013 ez kell a k\u00f6zvetlen kvalifik\u00e1ci\u00f3hoz vagy a p\u00f3tselejtez\u0151h\u00f6z, b\u00e1r ny\u00edlt egy m\u00e1sik kapu, a Nemzetek Lig\u00e1j\u00e1n kereszt\u00fcl. Ha az eml\u00edtett Izland, \u00c9szak-Maced\u00f3nia, Lettorsz\u00e1g, \u00c9sztorsz\u00e1g, Montenegr\u00f3, Alb\u00e1nia hatos szerepl\u00e9seit megn\u00e9zz\u00fck, m\u00e9g \u201ereceptet\u201d is kapunk. Az els\u0151 k\u00e9t hely el\u00e9r\u00e9s\u00e9hez egy meglepet\u00e9scsapatnak \u00e1ltal\u00e1ban a k\u00f6vetkez\u0151k kellenek:\r\n<ul>\r\n \t<li>hazai p\u00e1ly\u00e1n vagy vend\u00e9gk\u00e9nt 2-es vagy nagyobb pont\u00e1tlag a selejtez\u0151sorozatban. Ez rendszerint hazai pontsz\u00fcretet jelent, b\u00e1r Alb\u00e1nia \u00e9s Lettorsz\u00e1g \u00e9ppen sorozatos idegenbeli brav\u00farjainak k\u00f6sz\u00f6nhetett tov\u00e1bbjut\u00e1st<\/li>\r\n \t<li>legfeljebb egy nagyobb (veres\u00e9g) vagy k\u00e9t kisebb (d\u00f6ntetlen) botl\u00e1s f\u00e9r bele a csoport \u201ekiscsapatai\u201d ellen<\/li>\r\n \t<li>4 vagy t\u00f6bb brav\u00farpont kell az els\u0151 k\u00e9t kiemelt ellen<\/li>\r\n \t<li>egyn\u00e9l t\u00f6bb pontot kell szerezni a legk\u00f6zelebbi (3. vagy 4. kalapos) riv\u00e1list\u00f3l, k\u00e9t veres\u00e9g nem f\u00e9r bele<\/li>\r\n<\/ul>\r\nHa megn\u00e9zz\u00fck a 2000-es Eb selejtez\u0151i \u00f3ta lej\u00e1tszott kvalifik\u00e1ci\u00f3s sorozatokat, a magyar v\u00e1logatott gyakran mind a n\u00e9gy pontban megbukik. M\u00e9g a m\u00e1sodik hellyel v\u00e9gz\u0151d\u00f6tt 1998-as vb-selejtez\u0151k\u00f6n is volt buktat\u00f3, de akkor 12 ponttal tov\u00e1bb lehetett jutni a keresztbever\u00e9sek miatt. Ilyen alacsony pont\u00e1tlaggal az\u00f3ta csak h\u00e1rom csapatnak siker\u00fclt tov\u00e1bbl\u00e9pnie m\u00e1sodik helyen az eur\u00f3pai vb- vagy Eb-selejtez\u0151k\u00f6n! A helyzet a 2010-es vb selejtez\u0151it\u0151l javul: a pontt\u00e9kozl\u00e1s jobb\u00e1ra abbamarad, t\u00f6bb a brav\u00farpont. Rossi kapit\u00e1nys\u00e1ga alatt vagy a hazai, vagy az idegenbeli kettes pont\u00e1tlag megvolt, j\u00f6ttek a brav\u00farpontok, a legkisebbek ellen nem botlott a v\u00e1logatott, viszont legk\u00f6zelebbi riv\u00e1lisa (a 3. kalapos Szlov\u00e1kia, illetve a 4. kalapos Alb\u00e1nia) ellen n\u00e9gyb\u0151l n\u00e9gy m\u00e9rk\u0151z\u00e9sen szenvedett veres\u00e9get, \u00e9s ez okozta a veszt\u00e9t.\r\n\r\n<iframe class=\"flourish-embed-iframe\" style=\"width: 100%;height: 600px\" title=\"Interactive or visual content\" src=\"https:\/\/flo.uri.sh\/visualisation\/7852837\/embed\" frameborder=\"0\" scrolling=\"no\"><\/iframe>\r\n<div style=\"width: 100%!;margin-top: 4px!important;text-align: right!important\"><a class=\"flourish-credit\" style=\"text-decoration: none!important\" href=\"https:\/\/public.flourish.studio\/visualisation\/7852837\/?utm_source=embed&amp;utm_campaign=visualisation\/7852837\" target=\"_top\" rel=\"noopener\"><img style=\"width: 105px!important;height: 16px!important;border: none!important;margin: 0!important\" src=\"https:\/\/public.flourish.studio\/resources\/made_with_flourish.svg\" alt=\"Made with Flourish\" \/> <\/a><\/div>\r\nEz r\u00edmel is Rossi egy\u00fcttes\u00e9nek er\u0151ss\u00e9geire \u00e9s gyenges\u00e9geire: az alapvet\u0151en reakt\u00edv, nagyon szervezett futballt j\u00e1tsz\u00f3 magyar csapat k\u00e9pes meglepni a k\u00fcl\u00f6n\u00f6sen er\u0151s \u00e9s n\u00e1la valamivel nagyobb j\u00e1t\u00e9kerej\u0171 egy\u00fctteseket, ugyanakkor gyakran bajba ker\u00fcl a hasonl\u00f3 kvalit\u00e1s\u00fa egy\u00fcttesekkel szemben. Aligha v\u00e9letlen, hogy a tizenegy, Rossival t\u00e9tm\u00e9rk\u0151z\u00e9sen elszenvedett veres\u00e9gb\u0151l \u00f6t\u00f6t Szlov\u00e1kia, Alb\u00e1nia \u00e9s Finnorsz\u00e1g m\u00e9rt v\u00e1logatottunkra. M\u00e1sk\u00e9ppen: Szlov\u00e1kia, Alb\u00e1nia \u00e9s Finnorsz\u00e1g ellen hat m\u00e9rk\u0151z\u00e9sb\u0151l \u00f6t\u00f6t elvesz\u00edtett a nemzeti csapat, m\u00edg Horv\u00e1torsz\u00e1g, Anglia, N\u00e9metorsz\u00e1g \u00e9s Franciaorsz\u00e1g ellen hatb\u00f3l csak kett\u0151t.\r\n\r\n[central_article_recommendation title=\"Kapcsol\u00f3d\u00f3\" url=\"https:\/\/sport24.24.hu\/foci\/2021\/11\/16\/lengyel-magyar-vb-selejtezo-elemzes\/\" image=\"1\" lead=\"1\"]\r\n<h2>Kem\u00e9ny menet j\u00f6n<\/h2>\r\nMint eml\u00edtett\u00fck, a v\u00e1logatott 2022-ben nem j\u00e1tszik selejtez\u0151ket, \u00e1m t\u00e9tmeccseket igen: az UEFA Nemzetek Lig\u00e1ja legmagasabb, A jel\u00f6l\u00e9s\u0171 kateg\u00f3ri\u00e1j\u00e1ba ker\u00fclt, \u00edgy Eur\u00f3pa elit nemzeti csapataival m\u00e9rk\u0151zik majd. A k\u00f6vetkez\u0151 a \u201ev\u00e1laszt\u00e9k\u201d (sorsol\u00e1s december 16-\u00e1n):\r\n<ul>\r\n \t<li>1. kalap: Franciaorsz\u00e1g, Spanyolorsz\u00e1g, Olaszorsz\u00e1g, Belgium<\/li>\r\n \t<li>2. kalap: Portug\u00e1lia, Hollandia, D\u00e1nia, N\u00e9metorsz\u00e1g<\/li>\r\n \t<li>3. kalap: Anglia, Lengyelorsz\u00e1g, Sv\u00e1jc, Horv\u00e1torsz\u00e1g<\/li>\r\n<\/ul>\r\nM\u00e9g a \u201elegkegyesebb\u201d sorsol\u00e1s is egy belga, d\u00e1n, lengyel csoportot dobna. Rossi egy\u00fcttese kimondottan j\u00f3l \u00e1llja a sarat a nagyok ellen, de j\u00fanius eleje \u00e9s szeptember v\u00e9ge k\u00f6z\u00f6tt \u00edgy is igen kem\u00e9ny menet v\u00e1r a mieinkre, r\u00e1ad\u00e1sul a hat m\u00e9rk\u0151z\u00e9sb\u0151l n\u00e9gyet gyors egym\u00e1sut\u00e1nban, j\u00fanius 2. \u00e9s 14. k\u00f6z\u00f6tt, a bajnoki id\u00e9ny v\u00e9g\u00e9n kell megv\u00edvni. Az A-csoport eddig k\u00edm\u00e9letlen volt a nagyok k\u00f6z\u00e9 kevered\u0151 kisebbekkel: Izland 0\u20130\u201310-es, Bosznia-Hercegovina 0\u20132\u20134-es m\u00e9rleget tudott felmutatni az elitben, \u00e9s e k\u00e9t v\u00e1logatott j\u00e1t\u00e9kereje hasonl\u00edt a magyar\u00e9hoz.\r\n\r\n<span class=\"highlight-block-small\">A legjobbak k\u00f6z\u00e9 besorol\u00e1s egyben azzal is j\u00e1r, hogy a magyar v\u00e1logatottnak szinte biztosan megny\u00edlik a kiskapu a 2024-es Eur\u00f3pa-bajnoks\u00e1g fel\u00e9 a r\u00e1j\u00e1tsz\u00e1son \u00e1t. <\/span>\r\n\r\nHa az UEFA lem\u00e1solja a legut\u00f3bbi Eb lebonyol\u00edt\u00e1s\u00e1t, akkor az A-lig\u00e1b\u00f3l a \u201erendes\u201d selejtez\u0151kb\u0151l ki nem jutott egy\u00fcttesek mehetnek p\u00f3tselejtezni \u2013 az Euro 2020 el\u0151tt az A-liga 12 csapat\u00e1b\u00f3l 11 kijutott egyenes \u00e1gon, Izland a playoffban folytatta. El\u00e9g magyaros, hogy m\u00e1r most f\u00e9l szemmel a kiskaput kell n\u00e9zni, de a selejtez\u0151csoportokban fix tov\u00e1bbjut\u00e1st \u00e9r\u0151 els\u0151 k\u00e9t hely \u2013 ahogy azt a mostani sorozat is bizony\u00edtotta \u2013 tov\u00e1bbra is t\u00e1voli. Egy\u00e9rtelm\u0171 el\u0151rel\u00e9p\u00e9st az jelentene, ha siker\u00fclne egy k\u00f6zvetlen kijut\u00e1st \u00e9r\u0151 helyet megcs\u00edpni. A realit\u00e1shoz viszont \u2013 pl\u00e1ne a mer\u00edt\u00e9si lehet\u0151s\u00e9g t\u00fckr\u00e9ben \u2013j\u00f3val k\u00f6zelebb \u00e1ll a p\u00f3tselejtez\u0151. Igaz, a katari vil\u00e1gbajnoks\u00e1gra m\u00e9g az is t\u00fal messze volt.\r\n\r\nA 2022-es vb-selejtez\u0151sorozat volt az utols\u00f3, melyen a 32 csapatos mez\u0151nybe jut\u00e1s\u00e9rt versengtek a csapatok. A 2026-os vil\u00e1gbajnoks\u00e1g (h\u00e1zigazd\u00e1i: Egyes\u00fclt \u00c1llamok, Kanada, Mexik\u00f3) m\u00e1r 48 csapatos lesz, de a l\u00e9tsz\u00e1memel\u00e9s csak h\u00e1rom plusz helyet biztos\u00edt Eur\u00f3p\u00e1nak, kontinens\u00fcnkr\u0151l az eddigi 13 helyett 16 csapat juthat el a vb-re.\r\n\r\nNem nagy k\u00f6nny\u00edt\u00e9s, ahogyan nem lesz k\u00f6nnyebb a k\u00f6vetkez\u0151 t\u00e9tmeccseken sem Marco Rossi dolga.\r\n\r\n[prefabricated_shortcode in_app=\"0\" code=\"%3Cdiv%20class%3D%22article_box_border%22%20style%3D%22background%3A%20url%28%27https%3A%2F%2F24.p3k.hu%2Fapp%2Fuploads%2Fsites%2F24%2F2021%2F05%2Fsport24-pattern.png%27%29%20no-repeat%20left%20-16px%20%23f3f3f4%3B%20border%3A%20none%3B%22%3E%0D%0A%3Cdiv%20class%3D%22article_solidheader%22%3E%0D%0A%3Ch2%20style%3D%22color%3A%20%23111115%21important%3B%20font-size%3A%2036px%3B%20font-weight%3A%20bold%3B%20margin-bottom%3A%2030px%3B%20margin-top%3A%2020px%3B%20text-align%3A%20center%3B%20line-height%3A%2036px%3B%22%3E%3Cimg%20class%3D%22aligncenter%20size-full%20wp-image-141%22%20src%3D%22https%3A%2F%2F24.p3k.hu%2Fapp%2Fuploads%2Fsites%2F24%2F2021%2F05%2Fs24-logo-dt.png%22%20alt%3D%22%22%20width%3D%22408%22%20height%3D%2290%22%20%2F%3E%3C%2Fh2%3E%0D%0A%3Ch2%20style%3D%22color%3A%20%23111115%21important%3B%20font-size%3A%2036px%3B%20font-weight%3A%20bold%3B%20margin-bottom%3A%2030px%3B%20margin-top%3A%2020px%3B%20text-align%3A%20center%3B%20line-height%3A%2040px%3B%22%3ECsatlakozz%20a%20Sport24%20k%C3%B6z%C3%B6ss%C3%A9ghez%2C%20mondd%20el%20v%C3%A9lem%C3%A9nyedet%20z%C3%A1rt%20Facebook-csoportunkban%2C%20%C3%A9s%20vegy%C3%A9l%20r%C3%A9szt%20csak%20el%C5%91fizet%C5%91knek%20el%C3%A9rhet%C5%91%20exkluz%C3%ADv%20esem%C3%A9nyeinken.%3C%2Fh2%3E%0D%0A%3C%2Fdiv%3E%0D%0A%3Cp%20style%3D%22background%3A%20%2357A600%3B%20margin-top%3A%2020px%3B%20padding%3A%2020px%3B%20text-align%3A%20center%3B%22%3E%3Ca%20style%3D%22color%3A%20%23ffffff%3B%20font-size%3A%2026px%3B%20font-weight%3A%20600%3B%22%20href%3D%22https%3A%2F%2Fwww.facebook.com%2Fgroups%2F212344460412327%22%3ECSATLAKOZOM%3C%2Fa%3E%3C%2Fp%3E%0D%0A%0D%0A%3C%2Fdiv%3E\"]","type":"rich","thumbnail_url":"https:\/\/s.24.hu\/app\/uploads\/sites\/24\/2021\/11\/d__yt20211009026-e1637161046216-150x150.jpg","thumbnail_width":150,"thumbnail_height":150}