{"version":"1.0","provider_name":"Sport24","provider_url":"https:\/\/sport24.24.hu","author_name":"Bruckner G\u00e1bor","author_url":"https:\/\/sport24.24.hu\/author\/brucknerg\/","title":"Gy\u0151zelem Vars\u00f3ban: egy meccs, amely t\u00f6k\u00e9letesen \u00f6sszefoglalta a magyar v\u00e1logatott eg\u00e9sz \u00e9v\u00e9t","html":"\u201eM\u00e9g mindig kevesen vagyunk, t\u00f6bb tehets\u00e9gre van sz\u00fcks\u00e9g\u00fcnk, akik m\u00e1r r\u00f3lam is r\u00e1ngatj\u00e1k le a mezt\u201d \u2013 nyilatkozta <strong>Szalai \u00c1d\u00e1m<\/strong>, miut\u00e1n a magyar v\u00e1logatott idegenben <a href=\"https:\/\/rangado.24.hu\/magyar_foci\/2021\/11\/15\/vb-selejtezo-lengyelorszag-magyarorszag\/\">2-1-re legy\u0151zte<\/a> Lengyelorsz\u00e1got a 2022-es vil\u00e1gbajnoks\u00e1g utols\u00f3 \u2013 sz\u00e1munkra m\u00e1r t\u00e9t n\u00e9lk\u00fcli \u2013 selejtez\u0151j\u00e9n. Ezt k\u00f6vet\u0151en a csapatkapit\u00e1ny hozz\u00e1tette azt is, hogy az egy\u00fcttesre jellemz\u0151 k\u00fczd\u0151szellemmel \u00e9s hat\u00e9kony v\u00e9dekez\u00e9ssel sok minden kompenz\u00e1lhat\u00f3.\r\n\r\nSzalai n\u00e9h\u00e1ny mondatban t\u00f6k\u00e9letesen \u00f6sszefoglalta mindazt, ami jelenleg a magyar v\u00e1logatottat jellemzi, \u00e9s ami miatt neh\u00e9z \u00fajat mondani <strong>Marco Rossi<\/strong> csapat\u00e1r\u00f3l.\r\n\r\n<span class=\"highlight-block-small\">Az olasz sz\u00f6vets\u00e9gi kapit\u00e1ny ir\u00e1ny\u00edt\u00e1sa alatt a szervezetts\u00e9g \u00e9s a taktikai \u00e9retts\u00e9g l\u00e1tv\u00e1nyosan r\u00e9sze lett a csapat reperto\u00e1rj\u00e1nak, de ahhoz, hogy a jelenlegi szintet siker\u00fclj\u00f6n \u00e1tl\u00e9pni, egyszer\u0171en t\u00f6bb olyan min\u0151s\u00e9gi j\u00e1t\u00e9kosra van sz\u00fcks\u00e9g, aki id\u0151vel toplig\u00e1s tapasztalattal is tudja seg\u00edteni a t\u00e1rsas\u00e1got. <\/span>\r\n\r\nJelenleg ugyanis Rossinak sz\u00e1mos esetben meg van k\u00f6tve a keze, ha az els\u0151 sz\u00e1m\u00fa opci\u00f3j\u00e1ra nem sz\u00e1m\u00edthat az adott poszton.\r\n\r\nUgyanakkor \u00e9ppen a szervezetts\u00e9g az, ami ilyen helyzetben val\u00f3ban a v\u00e1logatott seg\u00edts\u00e9g\u00e9re van, \u00e9s pontosan ez t\u00f6rt\u00e9nt a Lengyelorsz\u00e1g elleni m\u00e9rk\u0151z\u00e9sen is, amely el\u0151tt m\u00e1r pontosan lehetett tudni, hogy a lipcsei l\u00e9gi\u00f3b\u00f3l <strong>Gul\u00e1csi P\u00e9ter<\/strong> \u00e9s <strong>Willi Orb\u00e1n<\/strong> biztosan nem \u00e1llhat a kapit\u00e1ny rendelkez\u00e9s\u00e9re. R\u00e1ad\u00e1sul <strong>Szoboszlai Dominik<\/strong> az utols\u00f3 pillanatban szenvedett s\u00e9r\u00fcl\u00e9st, mik\u00f6zben a kezd\u0151csapatban szint\u00e9n gyakran szerephez jut\u00f3 <strong>Kleinheisler L\u00e1szl\u00f3<\/strong> sem lehetett ott a keretben. A hi\u00e1nyz\u00f3k miatt ker\u00fclt vissza az elm\u00falt id\u0151szakban legink\u00e1bb baloldali sz\u00e1rnyv\u00e9d\u0151t j\u00e1tsz\u00f3 <strong>Fiola Attila<\/strong> a jobb oldali k\u00f6z\u00e9ph\u00e1tv\u00e9d posztj\u00e1ra, \u00e9s ez\u00e9rt kezdett Szalai \u00c1d\u00e1m k\u00e9t oldal\u00e1n <strong>Varga Kevin<\/strong>, illetve <strong>Sch\u00f6n Szabolcs<\/strong> a lassan m\u00e1r megszokott\u00e1 v\u00e1l\u00f3 3-4-2-1-es j\u00e1t\u00e9krendszerben.\r\n<div class=\"payable-content-section\"><\/div>\r\n<img class=\"size-full wp-image-2685 aligncenter\" src=\"https:\/\/sport24.24.hu\/app\/uploads\/sites\/24\/2021\/11\/1-kep-15.png\" alt=\"\" width=\"575\" height=\"753\" \/>\r\n\r\nPersze seg\u00edtett az egy\u00fcttes helyzet\u00e9n, hogy a m\u00e1sik oldalon <strong>Paulo Sousa<\/strong> szint\u00e9n alaposan felforgatta a csapat\u00e1t, mivel m\u00e1r az el\u0151z\u0151 m\u00e9rk\u0151z\u00e9sen biztoss\u00e1 v\u00e1lt a lengyelek p\u00f3tselejtez\u0151s helye, \u00e9s csak az ottani rangsorol\u00e1s jelentett sz\u00e1mukra t\u00e9tet a mieink ellen. Az el\u0151z\u0151, Andorra elleni tal\u00e1lkoz\u00f3r\u00f3l Sousa 3-5-2-es hadrendj\u00e9ben csup\u00e1n k\u00e9t j\u00e1t\u00e9kos \u2013 a k\u00f6z\u00e9pp\u00e1ly\u00e1s <strong>Mateusz Klich<\/strong> \u00e9s a kapus <strong>Wojciech Szczesny<\/strong> \u2013 maradt meg a kezd\u0151csapatban, mik\u00f6zben <strong>Robert Lewandoski<\/strong> m\u00e9g a m\u00e9rk\u0151z\u00e9sre nevezett keretb\u0151l is kimaradt.\r\n\r\n<img class=\"alignnone size-full wp-image-2686\" src=\"https:\/\/sport24.24.hu\/app\/uploads\/sites\/24\/2021\/11\/2-kep-15.png\" alt=\"\" width=\"3905\" height=\"2197\" \/>\r\n\r\nM\u00e1r az els\u0151 percben kirajzol\u00f3dott az az alakzat, amelyet a magyar v\u00e1logatott k\u00f6z\u00e9pmagas blokkban alkalmazott a meccs sor\u00e1n a labd\u00e1t j\u00f3val t\u00f6bbet birtokl\u00f3 ellenf\u00e9llel szemben. Az el\u0151z\u0151 m\u00e9rk\u0151z\u00e9sekhez hasonl\u00f3an a Rossi-csapat 5-2-3-as rendszerben v\u00e9dekezett, amelyben a k\u00e9t sz\u00e9ls\u0151 sz\u0171k poz\u00edci\u00f3t vett fel a k\u00f6z\u00e9pcsat\u00e1r Szalai \u00c1d\u00e1m mellett. \u00c1m amint a labda a lengyelek oldals\u00f3 k\u00f6z\u00e9ph\u00e1tv\u00e9djeihez ker\u00fclt, a labd\u00e1s oldalon l\u00e9v\u0151 j\u00e1t\u00e9kos elkezdett nyom\u00e1st helyezni az ellenfel\u00e9re. Ebben a szitu\u00e1ci\u00f3ban Sch\u00f6n l\u00e9pett ki <strong>Dawidowiczra<\/strong>, mik\u00f6zben <strong>Nagy Zsolt<\/strong> sz\u00e1rnyv\u00e9d\u0151k\u00e9nt a vele szemben j\u00e1tsz\u00f3, a lengyel v\u00e1logatottban kezd\u0151k\u00e9nt el\u0151sz\u00f6r szerepl\u0151 <strong>Matty Cashre<\/strong> l\u00e9pett fel. K\u00f6z\u00e9pen Szalai \u00c1d\u00e1m tartotta a poz\u00edci\u00f3j\u00e1t, \u00e9s <strong>Nagy \u00c1d\u00e1m<\/strong> is feljebb l\u00e9pett <strong>Linettyre<\/strong>, <strong>Sch\u00e4fer Andr\u00e1s<\/strong> pedig a jobb oldali f\u00e9lter\u00fcletben helyezked\u0151 Klichre figyelt. A magyar csapat \u00f6sszhangban tol\u00f3dott a labda ir\u00e1ny\u00e1ba, \u00edgy a hossz\u00fa oldalon Varga Kevin is bemozgott k\u00f6z\u00e9pre, hogy egy kompakt alakzat rajzol\u00f3dj\u00e9k ki, minek k\u00f6vetkezt\u00e9ben Dawidowicz csak visszafel\u00e9 tudott passzolni.\r\n\r\n<img class=\"alignnone size-full wp-image-2694\" src=\"https:\/\/sport24.24.hu\/app\/uploads\/sites\/24\/2021\/11\/3-kep.jpg\" alt=\"\" width=\"3905\" height=\"2197\" \/>\r\n\r\nA lengyelek alapesetben h\u00e1rom a kett\u0151 elleni l\u00e9tsz\u00e1mf\u00f6l\u00e9nyt tudtak volna kialak\u00edtani a k\u00f6z\u00e9pp\u00e1ly\u00e1n Nagy \u00c1d\u00e1mmal \u00e9s Sch\u00e4ferrel szemben, de Szalai \u00c1d\u00e1m m\u00e9ly helyezked\u00e9se, \u00e9s a hossz\u00fa oldalon a sz\u00e9ls\u0151 k\u00f6z\u00e9pre mozg\u00e1sa ezt a f\u00f6l\u00e9nyt remek\u00fcl annull\u00e1lta, mik\u00f6zben a magyarok nyertek egy szabad embert a v\u00e9delem k\u00f6zep\u00e9n. \u00cdgy amikor Linetty m\u00e9gis szabadon maradt, \u00e9s Sch\u00e4fernek feljebb kellett l\u00e9pnie r\u00e1, <strong>Szalai Attila<\/strong> bal oldali k\u00f6z\u00e9ph\u00e1tv\u00e9dk\u00e9nt tudott figyelni a magasan helyezked\u0151 Klichre.\r\n\r\n<img class=\"alignnone size-full wp-image-2695\" src=\"https:\/\/sport24.24.hu\/app\/uploads\/sites\/24\/2021\/11\/4-kep.jpg\" alt=\"\" width=\"3905\" height=\"2197\" \/>\r\n\r\nM\u00e1r az el\u0151z\u0151 k\u00e9pen is l\u00e1tsz\u00f3dott, ahogy a lengyelek bal oldali k\u00f6z\u00e9pp\u00e1ly\u00e1sa, <strong>Jakub Moder<\/strong> a <strong>Puchaczra<\/strong> kil\u00e9p\u0151 <strong>Nego<\/strong> m\u00f6g\u00f6tti ter\u00fcletbe mozog be \u2013 ez okozta a legt\u00f6bb probl\u00e9m\u00e1t a magyar v\u00e1logatottnak az els\u0151 f\u00e9lid\u0151ben. Mivel <strong>Swiderski<\/strong> folyamatosan Fiola mellett helyezkedett, a feh\u00e9rv\u00e1ri j\u00e1t\u00e9kos nem tudta k\u00f6vetni a Brighton k\u00f6z\u00e9pp\u00e1ly\u00e1s\u00e1t, \u00edgy a feladat Nagy \u00c1d\u00e1mra h\u00e1rult. Neki viszont az\u00e9rt volt neh\u00e9z dolga, mert b\u00e1r folyamatosan k\u00f6vette az ellenfel\u00e9t az \u00fcres ter\u00fcletbe, azt m\u00e1r Moder hat\u00e1rozta meg, hogy mikor indul be, \u00e9s ezt a l\u00e9p\u00e9sel\u0151nyt, valamint ellenfele fizik\u00e1lis f\u00f6l\u00e9ny\u00e9t Nagy nem mindig tudta ledolgozni. R\u00e1ad\u00e1sul Puchacz a felpasszolt, vagy k\u00f6z\u00e9pre tett labd\u00e1t k\u00f6vet\u0151en szint\u00e9n megindult ebbe az \u00fcres ter\u00fcletbe, kihaszn\u00e1lva azt, hogy Neg\u00f3nak a nyom\u00e1sgyakorl\u00e1s ut\u00e1n m\u00e9g meg is kellett fordulnia, \u00edgy el\u0151fordult, hogy Nagy \u00c1d\u00e1mnak kett\u0151 az egy elleni szitu\u00e1ci\u00f3t kellett volna megoldania.\r\n\r\n<img class=\"alignnone size-full wp-image-2688\" src=\"https:\/\/sport24.24.hu\/app\/uploads\/sites\/24\/2021\/11\/5-kep-14.png\" alt=\"\" width=\"3905\" height=\"2197\" \/>\r\n\r\nModer elfut\u00e1saib\u00f3l t\u00f6bb vesz\u00e9lyes bead\u00e1s \u00e9s helyzet is kialakult, enn\u00e9l ez esetn\u00e9l p\u00e9ld\u00e1ul egy <strong>Piateknek<\/strong> visszak\u00e9sz\u00edtett labda okozott kellemetlen perceket a magyar v\u00e9delemnek.\r\n\r\n\u00c1m Sousa a sz\u00fcnetben n\u00e9mileg \u00e9rthetetlen m\u00f3don lekapta a p\u00e1ly\u00e1r\u00f3l Modert, \u00e9s b\u00e1r <strong>Zielinski<\/strong> be\u00e1ll\u00edt\u00e1sa m\u00e9g \u00e9rthet\u0151 is lett volna, a Napoli k\u00f6z\u00e9pp\u00e1ly\u00e1sa sokkal m\u00e9lyebb poz\u00edci\u00f3t vett fel k\u00f6z\u00e9pen, minek nyom\u00e1n a lengyel csapatnak m\u00e1r nem siker\u00fclt azon az oldalon komolyabban megbontania a magyar v\u00e9delmet. Mindez pedig a sz\u00e1mokban is megmutatkozik: m\u00edg a riv\u00e1lis az els\u0151 f\u00e9lid\u0151ben m\u00e9g 0,95-\u00f6s v\u00e1rhat\u00f3 g\u00f3l\u00e9rt\u00e9ket (xG) tudott el\u00e9rni, addig ez a m\u00e1sodik j\u00e1t\u00e9kr\u00e9szre 0,45-re cs\u00f6kkent, \u00e9s az egyenl\u00edt\u0151 g\u00f3l is egy szerencs\u00e9s pontr\u00fag\u00e1st k\u00f6vet\u0151en sz\u00fcletett.\r\n\r\n<span class=\"highlight-block\">Ez a trend a magyar v\u00e1logatott eset\u00e9ben pontosan ford\u00edtott volt. <\/span>\r\n\r\nA pontr\u00fag\u00e1s ut\u00e1ni, kiss\u00e9 szerencs\u00e9s g\u00f3l itt az els\u0151 f\u00e9lid\u0151ben j\u00f6tt, amikor kevesebb helyzetet siker\u00fclt kidolgozni, \u00e9s a v\u00e1rhat\u00f3 g\u00f3l\u00e9rt\u00e9k 0,65 volt (amib\u0151l 0,52-t tett ki Sch\u00e4fer fejese), a m\u00e1sodik f\u00e9lid\u0151ben viszont m\u00e1r 0,71-es xG-t \u00e9rt el a magyar egy\u00fcttes, amit a lengyelekkel ellent\u00e9tben egy remek\u00fcl fel\u00e9p\u00edtett t\u00e1mad\u00e1s v\u00e9g\u00e9n akci\u00f3g\u00f3llal siker\u00fclt \u00e9rv\u00e9nyre juttatni.\r\n\r\n<img class=\"alignnone size-full wp-image-2689\" src=\"https:\/\/sport24.24.hu\/app\/uploads\/sites\/24\/2021\/11\/6-kep-15.png\" alt=\"\" width=\"3905\" height=\"2197\" \/>\r\n\r\nAz els\u0151 f\u00e9lid\u0151ben a lengyel v\u00e1logatott 5-1-2-2-es alakzatban t\u00e1madta le a magyarokat, amelyben Klich \u00e9s Moder helyezkedett Nagy \u00c1d\u00e1m \u00e9s Sch\u00e4fer mellett, a k\u00e9t csat\u00e1r pedig a passzs\u00e1vok z\u00e1r\u00e1s\u00e1val pr\u00f3b\u00e1lta az oldalvonal mell\u00e9 szor\u00edtani Rossi egy\u00fcttes\u00e9t. Erre a magyar v\u00e1logatott t\u00f6bbsz\u00f6r is a fent l\u00e1that\u00f3, most m\u00e1r hossz\u00fa ideje jellemz\u0151 t\u00e1mad\u00e1s\u00e9p\u00edt\u00e9si vari\u00e1ci\u00f3val reag\u00e1lt. Sch\u00e4fer a k\u00f6z\u00e9pp\u00e1ly\u00e1r\u00f3l t\u00f6bbsz\u00f6r is visszal\u00e9pett a v\u00e9d\u0151vonalba, ezzel egy id\u0151ben Nagy Zsolt magas poz\u00edci\u00f3t felv\u00e9ve k\u00f6t\u00f6tte le Cash figyelm\u00e9t, \u00edgy az imm\u00e1r 4-1-5-\u00f6s hadrendben az oldalvonal mell\u00e9 kih\u00faz\u00f3d\u00f3 Szalai Attila szabadon kaphatta meg a labd\u00e1t.\r\n\r\n<img class=\"alignnone size-full wp-image-2690\" src=\"https:\/\/sport24.24.hu\/app\/uploads\/sites\/24\/2021\/11\/7-kep-14.png\" alt=\"\" width=\"3905\" height=\"2197\" \/>\r\n\r\nA probl\u00e9m\u00e1t ezekben a szitu\u00e1ci\u00f3kban a magyar v\u00e1logatott sz\u00e1m\u00e1ra a v\u00e9delem el\u0151tt helyezked\u0151 Linetty okozta, aki folyamatosan fel tudta venni a visszamozg\u00f3 Szalai \u00c1d\u00e1mot, \u00edgy a h\u00e1rom k\u00f6z\u00e9ph\u00e1tv\u00e9d l\u00e9tsz\u00e1mf\u00f6l\u00e9nyt alak\u00edtott ki Varg\u00e1val \u00e9s Sch\u00f6nnel szemben.\r\n\r\nA v\u00e1ltoz\u00e1st a m\u00e1sodik f\u00e9lid\u0151ben az jelentette, hogy a magyar v\u00e1logatott a labdaszerz\u00e9seket k\u00f6vet\u0151en sokkal gyorsabban volt k\u00e9pes t\u00e1mad\u00e1sokat vezetni a rendezetlen lengyel v\u00e9delemmel szemben, amire j\u00f3 p\u00e9lda <strong>Gazdag D\u00e1niel<\/strong> gy\u0151ztes g\u00f3lja is, amely el\u0151tt Fiola remek \u00fctemben, agressz\u00edvan fell\u00e9pve tudott labd\u00e1t szerezni m\u00e1r a f\u00e9lp\u00e1ly\u00e1n\u00e1l.\r\n\r\n<img class=\"alignnone size-full wp-image-2691\" src=\"https:\/\/sport24.24.hu\/app\/uploads\/sites\/24\/2021\/11\/8-kep-12.png\" alt=\"\" width=\"3905\" height=\"2197\" \/>\r\n\r\nEmellett am\u00edg az els\u0151 f\u00e9lid\u0151ben Szalai \u00c1d\u00e1m t\u00f6bbsz\u00f6r is alapb\u00f3l m\u00e9lyebb poz\u00edci\u00f3t vett fel \u2013 megk\u00f6nny\u00edtve ezzel Linetty dolg\u00e1t \u2013, a sz\u00fcnet ut\u00e1n gyakran magasabb poz\u00edci\u00f3b\u00f3l l\u00e9pett vissza a lengyel k\u00f6z\u00e9pp\u00e1ly\u00e1s m\u00f6g\u00fcl, \u00edgy kimozgatva a v\u00e9delem k\u00f6zep\u00e9r\u0151l <strong>Bednareket<\/strong>. Ez vezetett a magyar csapat egyik legl\u00e1tv\u00e1nyosabb t\u00e1mad\u00e1s\u00e1hoz is: egy labdakihozatal sor\u00e1n a Mainz csat\u00e1ra t\u00f6k\u00e9letes \u00fctemben l\u00e9pett vissza, mik\u00f6zben az ebben a j\u00e1t\u00e9kban er\u0151s k\u00e9t sz\u00e9ls\u0151, Varga \u00e9s Sch\u00f6n egy az egyben maradt a k\u00e9t oldals\u00f3 k\u00f6z\u00e9ph\u00e1tv\u00e9ddel, mik\u00f6zben Nagy \u00c1d\u00e1m is t\u00e1madta a Szalai \u00e1ltal megnyitott \u00fcres ter\u00fcletet.\r\n\r\nA m\u00e9rk\u0151z\u00e9s k\u00e9p\u00e9t \u00e9s a helyzetek mennyis\u00e9g\u00e9t, valamint min\u0151s\u00e9g\u00e9t tekintve alighanem az 1-1-es d\u00f6ntetlen re\u00e1lis eredm\u00e9ny lett volna, de a lengyelekkel ellent\u00e9tben a magyar csapat jobban tudott \u00e9lni a lehet\u0151s\u00e9gek szempontj\u00e1b\u00f3l domin\u00e1nsabb peri\u00f3dus\u00e1val, mik\u00f6zben Sousa a m\u00e1sodik f\u00e9lid\u0151re szinte kicser\u00e9lte mag\u00e1t a m\u00e9rk\u0151z\u00e9sb\u0151l.\r\n\r\nEz pedig szinte t\u00f6k\u00e9letesen \u00f6sszefoglalja a magyar v\u00e1logatott elm\u00falt id\u0151szak\u00e1t, \u00e9s szinte eg\u00e9sz \u00e9v\u00e9t.\r\n\r\n<span class=\"highlight-block-small\">A remek\u00fcl megszervezett labda n\u00e9lk\u00fcli j\u00e1t\u00e9knak, \u00e9s az egyre jobban kin\u00e9z\u0151 t\u00e1mad\u00e1s\u00e9p\u00edt\u00e9seknek k\u00f6sz\u00f6nhet\u0151en a csapat gyakran k\u00e9pes ilyen kiegyenl\u00edtett m\u00e9rk\u0151z\u00e9seket j\u00e1tszani <\/span>\r\n\r\n(vagy ak\u00e1r sok\u00e1ig meccsben tud maradni j\u00f3val er\u0151sebb ellenfelekkel szemben is), de am\u00edg most Lengyelorsz\u00e1g ellen a m\u00e9rleg nyelve fel\u00e9nk billent, addig Alb\u00e1nia ellen idehaza \u2013 hasonl\u00f3 szitu\u00e1ci\u00f3ban \u2013 mi voltunk a balszerencs\u00e9sebbek.\r\n\r\nAddig pedig, am\u00edg ez a plafon, tal\u00e1n k\u00e1r arr\u00f3l \u00e1lmodozni, hogy a magyar csapat ott lesz a vil\u00e1gbajnoks\u00e1gon a tizenh\u00e1rom eur\u00f3pai v\u00e1logatott egyikek\u00e9nt.\r\n\r\n[prefabricated_shortcode in_app=\"0\" code=\"%3Cdiv%20class%3D%22article_box_border%22%20style%3D%22background%3A%20url%28%27https%3A%2F%2F24.p3k.hu%2Fapp%2Fuploads%2Fsites%2F24%2F2021%2F05%2Fsport24-pattern.png%27%29%20no-repeat%20left%20-16px%20%23f3f3f4%3B%20border%3A%20none%3B%22%3E%0D%0A%3Cdiv%20class%3D%22article_solidheader%22%3E%0D%0A%3Ch2%20style%3D%22color%3A%20%23111115%21important%3B%20font-size%3A%2036px%3B%20font-weight%3A%20bold%3B%20margin-bottom%3A%2030px%3B%20margin-top%3A%2020px%3B%20text-align%3A%20center%3B%20line-height%3A%2036px%3B%22%3E%3Cimg%20class%3D%22aligncenter%20size-full%20wp-image-141%22%20src%3D%22https%3A%2F%2F24.p3k.hu%2Fapp%2Fuploads%2Fsites%2F24%2F2021%2F05%2Fs24-logo-dt.png%22%20alt%3D%22%22%20width%3D%22408%22%20height%3D%2290%22%20%2F%3E%3C%2Fh2%3E%0D%0A%3Ch2%20style%3D%22color%3A%20%23111115%21important%3B%20font-size%3A%2036px%3B%20font-weight%3A%20bold%3B%20margin-bottom%3A%2030px%3B%20margin-top%3A%2020px%3B%20text-align%3A%20center%3B%20line-height%3A%2040px%3B%22%3ECsatlakozz%20a%20Sport24%20k%C3%B6z%C3%B6ss%C3%A9ghez%2C%20mondd%20el%20v%C3%A9lem%C3%A9nyedet%20z%C3%A1rt%20Facebook-csoportunkban%2C%20%C3%A9s%20vegy%C3%A9l%20r%C3%A9szt%20csak%20el%C5%91fizet%C5%91knek%20el%C3%A9rhet%C5%91%20exkluz%C3%ADv%20esem%C3%A9nyeinken.%3C%2Fh2%3E%0D%0A%3C%2Fdiv%3E%0D%0A%3Cp%20style%3D%22background%3A%20%2357A600%3B%20margin-top%3A%2020px%3B%20padding%3A%2020px%3B%20text-align%3A%20center%3B%22%3E%3Ca%20style%3D%22color%3A%20%23ffffff%3B%20font-size%3A%2026px%3B%20font-weight%3A%20600%3B%22%20href%3D%22https%3A%2F%2Fwww.facebook.com%2Fgroups%2F212344460412327%22%3ECSATLAKOZOM%3C%2Fa%3E%3C%2Fp%3E%0D%0A%0D%0A%3C%2Fdiv%3E\"]","type":"rich","thumbnail_url":"https:\/\/s.24.hu\/app\/uploads\/sites\/24\/2021\/11\/dszzs20211115229-150x150.jpg","thumbnail_width":150,"thumbnail_height":150}