{"version":"1.0","provider_name":"Sport24","provider_url":"https:\/\/sport24.24.hu","author_name":"Bruckner G\u00e1bor","author_url":"https:\/\/sport24.24.hu\/author\/brucknerg\/","title":"Sutty\u00f3k\u00e9nt indult, hogy azt\u00e1n \u0151 legyen a magyar futball els\u0151 Cs\u00e1sz\u00e1ra","html":"A Turay csal\u00e1d gyermekei labdar\u00fag\u00f3csapatot alak\u00edthattak volna, mert \u00e9ppen tizenegyen voltak. A kis J\u00f3zsi alig egy \u00e9vet t\u00f6lt\u00f6tt e f\u00f6ld\u00f6n, amikor a fam\u00edlia Egerb\u0151l a pesti R\u00f6ppenty\u0171 utc\u00e1ba k\u00f6lt\u00f6z\u00f6tt, \u00e9s a h\u00edres futballist\u00e1v\u00e1 v\u00e1l\u00f3 k\u00f6ly\u00f6k Angyalf\u00f6ldr\u0151l kapta els\u0151 becenev\u00e9t.\r\n\r\n<span class=\"highlight-block\">Azt mondta: \u201eMifel\u00e9nk a rend\u0151rt sutty\u00f3nak h\u00edvj\u00e1k.\u201d Mire Sutty\u00f3nak kezdt\u00e9k sz\u00f3l\u00edtani. <\/span>\r\n\r\nA Sporth\u00edrlap ut\u00f3bb meg\u00e1lmodta, Turay milyen diskurzust folytat majd unok\u00e1ival. \u201eNagyapa, mes\u00e9lj arr\u00f3l az id\u0151r\u0151l, amikor m\u00e9g Sutty\u00f3 volt\u00e1l!\u201d \u2013 k\u00e9rlelik a kicsik. Mire \u00edgy v\u00e1laszol: \u201eTudj\u00e1tok, sr\u00e1cok, az akkor volt m\u00e9g, amikor minden meccs ut\u00e1n a v\u00e1llamon vittem ki a k\u00f6z\u00f6ns\u00e9get.\u201d Nem sokkal az ut\u00e1n, hogy 1926 december\u00e9ben \u2013 heti 40 peng\u0151s fizet\u00e9ssel \u2013 szerz\u0151dtette \u0151t az FTC, \u00edgy besz\u00e9lt: \u201eHa g\u00f3lt r\u00fagok, \u00e9n vagyok a cs\u00e1sz\u00e1r.\u201d S att\u00f3l fogva Cs\u00e1sz\u00e1rnak h\u00edvt\u00e1k.\r\n\r\nA tizenegy gyermekhez \u00e9s ahhoz k\u00e9pest, hogy m\u00e9g a V\u00e1ci \u00fati elemibe j\u00e1rt, de m\u00e1r seg\u00e9dkeznie kellett \u2013 heti tizen\u00f6t peng\u0151\u00e9rt \u2013 <strong>Wiederkehr Ign\u00e1c<\/strong> p\u00e9ks\u00e9g\u00e9ben, a kifut\u00f3fi\u00fa eg\u00e9sz sz\u00e9pen felfutott.\r\n\r\n\u00c9ljen m\u00e1jus elseje! \u2013 vid\u00e1mkodott 1927-ben, mert ezen a napon j\u00e1tszott el\u0151sz\u00f6r az els\u0151 oszt\u00e1lyban, \u00e9s g\u00f3lt is r\u00fagott a Vasast 3-0-ra legy\u0151z\u0151, <strong>Huba \u2013 Hungler II, Papp \u2013 Furmann, Bukovi, Obitz \u2013 R\u00e1zs\u00f3, Turay, D\u00e1n, Pataki, Kohut<\/strong> \u00f6sszet\u00e9tel\u0171 FTC-ben. A piros-k\u00e9kek centerhalfja <strong>Purczeld Ferenc<\/strong>, Pusk\u00e1s Ferenc \u00e9desapja, jobb\u00f6sszek\u00f6t\u0151je pedig a k\u00f6vetkez\u0151 \u00e9vadban m\u00e1r a Ferencv\u00e1rosban futballoz\u00f3 <strong>Tak\u00e1cs II J\u00f3zsef<\/strong> volt.\r\n<div class=\"payable-content-section\"><\/div>\r\nA \u201ekis Taki\u201d 1928. augusztus 19-\u00e9n n\u00e9gy g\u00f3lt v\u00e1gott be K\u00f6z\u00e9p-eur\u00f3pai Kupa-meccsen a h\u00e1zigazda Beogradskinak, m\u00edg a tov\u00e1bbi h\u00e1rmat Turay termelte. Ketten nyertek 7-0-ra. A 6-1-es visszav\u00e1g\u00f3n Turay \u00fajb\u00f3l mesterh\u00e1rmast \u00e9rt el, Tak\u00e1cs II csak dupl\u00e1zott, \u00edgy p\u00e1rviadaluk 6-6-tal z\u00e1rult. A k\u00f6vetkez\u0151 \u00e9vben zajlott az FTC nevezetes d\u00e9l-amerikai t\u00far\u00e1ja, amelyen a z\u00f6ld-feh\u00e9rek hatszor gy\u0151ztek, k\u00e9tszer d\u00f6ntetlent \u00e9rtek el, \u00e9s hatszor kikaptak. Az eredm\u00e9nyek list\u00e1ja: Sao Paulo 2-1 \u00e9s 1-2, America 1-1, Rio de Janeiro v\u00e1logatottja 3-3, Braz\u00edlia 0-2, Palestra Italia 2-5, Uruguay 3-2, Montevideo v\u00e1logatottja 4-1, Uruguay 0-3, River Plate 4-3, Penarol 0-2, Racing Club 2-1 \u00e9s 2-1, Argent\u00edna 0-2. A t\u00far\u00e1n a z\u00f6ld-feh\u00e9r labdar\u00fag\u00f3k annyi p\u00e9nzt kerestek, hogy Turay fodr\u00e1sz\u00fczletet nyitott a Ferencv\u00e1rosban, \u00e9s telket v\u00e1s\u00e1rolt a Reitter Ferenc utc\u00e1ban, igaz, h\u00e1zat m\u00e9g nem tudott \u00e9p\u00edteni r\u00e1.\r\n\r\n<img class=\"alignnone size-large wp-image-2620\" src=\"https:\/\/sport24.24.hu\/app\/uploads\/sites\/24\/2021\/11\/sportkonyvek_280-1601940281__pages33-33-1024x577.jpg\" alt=\"\" width=\"1024\" height=\"577\" \/>\r\n\r\n\u00dagy n\u00e9zett ki, cs\u00e1sz\u00e1ri palota is emelkedhet Angyalf\u00f6ld\u00f6n, mert az FTC az 1931-1932-es bajnoks\u00e1got sz\u00e1zsz\u00e1zal\u00e9kos teljes\u00edtm\u00e9nnyel, 105-18-as g\u00f3lar\u00e1nnyal nyerte. A <strong>H\u00e1da \u2013 Tak\u00e1cs I, Kor\u00e1nyi \u2013 Lyka, S\u00e1rosi dr., L\u00e1z\u00e1r \u2013 T\u00e1ncos,<\/strong> Tak\u00e1cs II, Turay, <strong>Toldi<\/strong>, Kohut \u00f6sszet\u00e9tel\u0171 egy\u00fcttes minden id\u0151k legnagyszer\u0171bb magyar csapatainak egyike volt, \u00e9s noha Tak\u00e1cs II 42 g\u00f3lt termelt, Az \u00e9v labdar\u00fag\u00f3j\u00e1nak Turayt v\u00e1lasztott\u00e1k.\r\n\r\nAz esztend\u0151 legjobbja 1932 okt\u00f3ber\u00e9ben sz\u00e9ri\u00e1ban \u00f6t g\u00f3lt v\u00e1gott be a Szegednek (7-1), de mi ez az \u00f6t\u00f6s ahhoz k\u00e9pest, hogy 1933. m\u00e1jus 25-\u00e9n, a Magyar Kupa d\u00f6nt\u0151j\u00e9ben az FTC huszonegy perc eltelt\u00e9vel 5-0-ra vezetett az \u00dajpest ellen! A v\u00e9g\u00e9n 11-1-es diadalt \u00fcnnepelt a z\u00f6ld-feh\u00e9r t\u00e1bor, <strong>Langfelder Ferenc<\/strong>, az \u00dajpest t\u00e1rseln\u00f6ke pedig arra sz\u00f3l\u00edtotta fel a lila-feh\u00e9rek labdar\u00fag\u00f3it: \u201eKi\u00e1ltsatok, \u00fajpesti fi\u00fak, a Ferencv\u00e1ros csapat\u00e1ra h\u00e1romszoros \u00e9ljent!\u201d\r\n\r\nLangfelder el\u00f6lj\u00e1r\u00f3t k\u00e9s\u0151bb, a Horthy-rezsim zsid\u00f3t\u00f6rv\u00e9nyei nyom\u00e1n kirekesztett\u00e9k, majd 1944-ben \u201ea v\u00e9gs\u0151 megold\u00e1s\u201d jegy\u00e9ben sz\u00f3 szerint kiiktatt\u00e1k.\r\n\r\n<span class=\"highlight-block-small\">Turayt viszont olyannyira felkapt\u00e1k, hogy 1933-ban szerepet k\u00edn\u00e1ltak neki a <em>K\u00eds\u00e9rtetek vonata<\/em> c\u00edm\u0171 b\u0171n\u00fcgyi filmben, amelynek m\u00e1sik h\u00e1rom szt\u00e1rja <strong>Gombasz\u00f6gi Ella<\/strong>, <strong>R\u00f6kk Marika<\/strong> \u00e9s <strong>T\u00f6rzs Jen\u0151<\/strong> volt. <\/span>\r\n\r\nA futballista sof\u0151rt alak\u00edtott, \u00e9s a korabeli \u00fajs\u00e1gok megjegyezt\u00e9k: most azt\u00e1n \u201et\u00e9nyleg kider\u00fcl, tud-e ir\u00e1ny\u00edtani\u201d.\r\n\r\nAz \u00e9let\u00e9t tudta. A sikerek f\u00e9ny\u00e9ben k\u00e9tezer peng\u0151t k\u00e9rt az FTC vez\u00e9rkar\u00e1t\u00f3l a h\u00e1z\u00e9p\u00edt\u00e9sre, de elutas\u00edtott\u00e1k. Mire felkereste <strong>Br\u00fcll Alfr\u00e9dot<\/strong>, az MTK legend\u00e1s eln\u00f6k\u00e9t, aki, ha nem is k\u00e9tezret, ezer\u00f6tsz\u00e1zat hajland\u00f3 volt fizetni. Ennek k\u00f6vetkezt\u00e9ben 1933. j\u00falius 22-\u00e9n az volt a lapszenz\u00e1ci\u00f3: \u201eTuray a Hung\u00e1ri\u00e1\u00e9!\u201d\r\n\r\nAz eset hasonl\u00f3k\u00e9ppen megrengette Pestet, mint 1915-ben <strong>Schlosser Imre<\/strong> \u00fcgye. A karika-, vagyis g\u00f6rbe l\u00e1b\u00fa Sl\u00f3zi m\u00e1r felvette a neki j\u00e1r\u00f3 jegyeket a magyar\u2013osztr\u00e1k m\u00e9rk\u0151z\u00e9sre, de k\u00e9rt m\u00e9g kett\u0151t az FTC vezet\u0151it\u0151l. Az el\u00f6lj\u00e1r\u00f3k elz\u00e1rk\u00f3ztak, mire Schlosser megs\u00e9rt\u0151d\u00f6tt, \u00e9s \u00e1tment az MTK-ba. Turay v\u00e9g\u00fcl t\u00f6bb bajnoki meccset (155-\u00f6t) v\u00edvott a k\u00e9k-feh\u00e9r csapatban, mint a Ferencv\u00e1rosban (116), \u00e9s amikor el\u0151sz\u00f6r j\u00e1tszott az MTK-ban az FTC ellen, a vend\u00e9gek 1-0-ra nyertek az \u00dcll\u0151i \u00faton.\r\n\r\nA g\u00f3lt az \u00f6t\u00f6dik percben l\u0151tte <strong>Titkos P\u00e1l<\/strong>. R\u00f6gt\u00f6n ut\u00e1na az MTK t\u00e1bor\u00e1b\u00f3l valaki bekiab\u00e1lt: \u201eId\u0151!\u201d A k\u00e9k-feh\u00e9r bels\u0151 h\u00e1rmas <strong>Cseh II, Kalm\u00e1r,<\/strong> Turay \u00f6sszet\u00e9telben futballozott, \u00e9s a boh\u00e9m Cseh \u201eMatyi\u201d, akit eredetileg L\u00e1szl\u00f3nak h\u00edvtak, 80 peng\u0151t nyert, mert fogadott csapata siker\u00e9re. Turay el\u00e9gt\u00e9telt vett az FTC-n, de nem lehetett boldog, mivel a Nemzeti Sportban az jelent meg r\u00f3la: \u201e\u00c9ppen olyan gyeng\u00e9n j\u00e1tszott a Fradi ellen, mint a Fradiban.\u201d\r\n\r\nHarmincn\u00e9gyben viszont megint k\u00f6r\u00fcl\u00f6tte forgott a vil\u00e1g, mert az FTC, Hung\u00e1ria vegyes\u2013Palermo tal\u00e1lkoz\u00f3n (3-1) taccsra r\u00fagta a tizenegyest, miut\u00e1n a b\u00fcntet\u0151 megad\u00e1s\u00e1n felh\u00e1borod\u00f3 <strong>Provera<\/strong> t\u00fcntet\u0151en ki\u00e1llt a kapub\u00f3l. A j\u00e1t\u00e9kvezet\u0151t (nan\u00e1!) <strong>B\u00edr\u00f3 S\u00e1ndornak<\/strong> h\u00edvt\u00e1k. A Sporth\u00edrlap \u00fagy v\u00e9lte: \u201eMeccsvezet\u0151i deleg\u00e1l\u00e1sa \u00e9rthetetlen. A b\u00edr\u00e1k test\u00fclete helyesebben tette volna, ha egy fiatalt juttat sz\u00f3hoz, s megk\u00edm\u00e9li a le\u00e9g\u00e9st\u0151l az \u00f6reg \u00e9s ingadoz\u00f3 B\u00edr\u00f3t, aki a j\u00e1t\u00e9k iram\u00e1t sem tudja k\u00f6vetni, a legegyszer\u0171bb helyzetekben is hat\u00e1rb\u00edr\u00f3i kiseg\u00edt\u00e9sre szorul.\u201d A sportt\u00e1rs ki\u00e1ll\u00edtotta <strong>Zirolit<\/strong> \u00e9s az uruguayi <strong>Faott\u00f3t<\/strong>, illetve Toldit, \u00e9s m\u00e9g<strong> Csapkay K\u00e1roly<\/strong>, a Palermo edz\u0151je is megb\u00e1nta, hogy l\u00e9trej\u00f6tt ez a csak nev\u00e9ben bar\u00e1ts\u00e1gos tal\u00e1lkoz\u00f3.\r\n\r\nK\u00e9t ragyog\u00f3 Hung\u00e1ria-\u00e9vad k\u00f6vetkezett. A k\u00e9k-feh\u00e9rek el\u0151bb veretlen\u00fcl h\u00f3d\u00edtott\u00e1k el a bajnoki c\u00edmet 1935-1936-ban, majd h\u00e1rom veres\u00e9ggel 1936-1937-ben, \u00e1m a g\u00f3lar\u00e1ny mindk\u00e9t szezonban egyform\u00e1n sz\u00e9pen besz\u00e9lt (87-21, majd 95-34). A g\u00e1rda edz\u0151je akkoriban<strong> Schaffer Alfr\u00e9d<\/strong> volt, aki azt\u00e1n az 1938-as vil\u00e1gbajnoks\u00e1gon a rend\u0151r- \u00e9s sz\u00f6vets\u00e9gi kapit\u00e1ny <strong>Dietz K\u00e1roly<\/strong> m\u00e1sodedz\u0151jek\u00e9nt m\u0171k\u00f6d\u00f6tt.\r\n\r\n<img class=\"alignnone size-large wp-image-2618\" src=\"https:\/\/sport24.24.hu\/app\/uploads\/sites\/24\/2021\/11\/sportkonyvek_478-1601933043__pages163-163-1024x768.jpg\" alt=\"\" width=\"1024\" height=\"768\" \/>\r\n\r\n<span class=\"highlight-block-small\">Turay 2000 peng\u0151j\u00e9r\u0151l jut eszembe, hogy j\u00e1t\u00e9kos kor\u00e1ban Schaffer levelet k\u00fcld\u00f6tt az Austria Wien eln\u00f6k\u00e9nek: \u201eEzer \u00f6r\u00f6mmel szerz\u0151dn\u00e9k az \u00d6n\u00f6k klubj\u00e1hoz k\u00e9tezer schilling\u00e9rt.\u201d A v\u00e1lasz \u00edgy sz\u00f3lt: \u201eJ\u00f6jj\u00f6n k\u00e9tezer \u00f6r\u00f6mmel ezer\u00e9rt!\u201d<\/span>\r\n\r\nA magyar vb-keret h\u00e1rom klubra \u00e9p\u00fclt: H\u00e1da, Kor\u00e1nyi<strong>, Polg\u00e1r, L\u00e1z\u00e1r, S\u00e1rosi B\u00e9la, S\u00e1rosi Gy\u00f6rgy,<\/strong> Toldi az FTC-b\u0151l, <strong>Szab\u00f3, B\u00edr\u00f3,<\/strong> Turay, <strong>Dud\u00e1s, Sas,<\/strong> Titkos az MTK-b\u00f3l, <strong>Balogh Istv\u00e1n, Szalay, Vincze, Zsengell\u00e9r<\/strong> az \u00dajpestb\u0151l ker\u00fclt ki, \u00e9s hozz\u00e1juk csatlakozott az imm\u00e1r marseille-i Kohut. A v\u00e1logatott remekelt, az el\u0151d\u00f6nt\u0151ben 5-1-es diadalt aratott a sv\u00e9dek f\u00f6l\u00f6tt, \u00e1m a d\u00f6nt\u0151re Dietz kihagyta Kor\u00e1nyit, Turayt \u00e9s Toldit a skandin\u00e1vokat ki\u00fct\u0151 csapatb\u00f3l\r\n\r\nTuray a sv\u00e9d meccs el\u0151tt k\u00e9rte ugyan a szakvezet\u0151t, hogy pihentesse \u0151t, \u00e1m ezt a kapit\u00e1ny megtagadta. A d\u00f6nt\u0151ben viszont j\u00e1tszott volna, de nem tudott. A f\u00e1ma szerint az olaszok <strong>Mussolinire<\/strong> \u00e9s az it\u00e1liai\u2013magyar bar\u00e1ts\u00e1gra hivatkozva arra k\u00e9rt\u00e9k Dietzet: ne j\u00e1tszassa Toldi G\u00e9z\u00e1t. A m\u00e1sik kett\u0151 kihagy\u00e1sa m\u00e9g ink\u00e1bb rejt\u00e9lyes, az azonban t\u00e9ny: a d\u00f6nt\u0151 el\u0151tti (!) est\u00e9n rendeztek bankettet az olasz \u00e9s a magyar vezet\u0151k sz\u00e1m\u00e1ra. A v\u00e9ge 4-2 lett a t\u00f6rt\u00e9nete m\u00e1sodik vb-arany\u00e1t nyer\u0151 olasz v\u00e1logatott jav\u00e1ra, Dietz K\u00e1rolyt pedig ki kellett menek\u00edteni a Keleti p\u00e1lyaudvarr\u00f3l a haza\u00e9rkez\u00e9s ut\u00e1n.\r\n\r\nTuray egy m\u00e1sik 2-4-es m\u00e9rk\u0151z\u00e9sen, az 1939. augusztus 27-\u00e9n, n\u00e9gy nappal a n\u00e1cik lengyelorsz\u00e1gi inv\u00e1zi\u00f3j\u00e1nak kezdete el\u0151tt Vars\u00f3ban tartott lengyel\u2013magyaron j\u00e1tszott utolj\u00e1ra (48-adszor) a v\u00e1logatottban. A tal\u00e1lkoz\u00f3n mesterh\u00e1rmast \u00e9rt el az az <strong>Ernst Wilimowski<\/strong>, aki haz\u00e1ja 1939-es megsz\u00e1ll\u00e1sa ut\u00e1n n\u00e9met klubokban \u00e9s a n\u00e1ci N\u00e9metorsz\u00e1g v\u00e1logatottj\u00e1ban is futballozott. Turay '39-ben utols\u00f3 els\u0151 oszt\u00e1ly\u00fa g\u00f3lj\u00e1t szerezte, m\u00e9ghozz\u00e1 az FTC\u2013MTK \u00f6r\u00f6krangad\u00f3n (0-3). Produkci\u00f3j\u00e1t \u00edgy \u00e9rt\u00e9kelt\u00e9k:\r\n<blockquote>K\u00fcl\u00f6n\u00f6sen az els\u0151 f\u00e9lid\u0151ben harmadik h\u00e1tv\u00e9det j\u00e1tszva \u00bb\u00f6lte meg\u00ab S\u00e1rosi dr.-t. Pomp\u00e1san szerelt, nem lehetett el\u0151le labd\u00e1t elfejelni, tiszt\u00e1n, fairen j\u00e1tszott. Ez a kit\u0171n\u0151en konzerv\u00e1lt r\u00e9gi harcos m\u00e9g sok\u00e1ig j\u00f3l bet\u00f6ltheti ezt a szerepk\u00f6rt. A m\u00e1sodik f\u00e9lid\u0151ben, k\u00fcl\u00f6n\u00f6sen a v\u00e9ge fel\u00e9, m\u00e1r kiss\u00e9 ruganyosabban fogta fel feladat\u00e1t, ekkor azonban m\u00e1r megut\u00e1ltatta S\u00e1rosival a k\u00f6z\u00e9pcsat\u00e1rj\u00e1t\u00e9kot.<\/blockquote>\r\nNegyven nyar\u00e1t\u00f3l hi\u00e1ba pr\u00f3b\u00e1lt volna az MTK-ban futballozni, a Horthy-hatalom feloszlatta a k\u00e9k-feh\u00e9r klubot, miut\u00e1n 1939 m\u00e1jus\u00e1ban beiktatt\u00e1k \u201eA zsid\u00f3k k\u00f6z\u00e9leti \u00e9s gazdas\u00e1gi t\u00e9rfoglal\u00e1s\u00e1nak korl\u00e1toz\u00e1s\u00e1r\u00f3l\u201d sz\u00f3l\u00f3 t\u00f6rv\u00e9nyt, j\u00fanius 19-\u00e9n pedig <strong>Keresztes-Fischer Ferenc<\/strong> bel\u00fcgyminiszter \u2013 a zsid\u00f3t\u00f6rv\u00e9nyeket megalkot\u00f3 \u00e9s hat\u00e1lyba l\u00e9ptet\u0151 <strong>H\u00f3man B\u00e1lint<\/strong> vall\u00e1s- \u00e9s k\u00f6zoktat\u00e1s\u00fcgyi miniszter el\u0151terjeszt\u00e9s\u00e9re \u2013 felf\u00fcggesztette az MLSZ \u00f6nkorm\u00e1nyzat\u00e1t, egy\u00fattal a H\u00f3manhoz hasonl\u00f3an antiszemita <strong>Gid\u00f3falvy P\u00e1l<\/strong> korm\u00e1nybiztost \u00e1ll\u00edtotta a sz\u00f6vets\u00e9g \u00e9l\u00e9re, hogy tiszt\u00edtsa meg a nem el\u00e9gg\u00e9 kereszt\u00e9ny-nemzeti szervezetet.\r\n\r\nTuray m\u00e9g j\u00e1tszott egy szezont \u00dajvid\u00e9ken, azt\u00e1n visszavonult. Abban az \u00e9vben \u2013 1963-ban \u2013 halt meg, amikor <strong>Albert Fl\u00f3ri\u00e1n<\/strong>, a m\u00e1sodik magyar futballcs\u00e1sz\u00e1r el\u0151sz\u00f6r lett bajnok. Az els\u0151 Cs\u00e1sz\u00e1rr\u00f3l ma alig hallani. Pedig mindj\u00e1rt a v\u00e1logatottbeli premierje alkalm\u00e1val azt \u00edrt\u00e1k r\u00f3la: \u201eTuray, az \u00fajonc, m\u00e1r az els\u0151 negyed\u00f3r\u00e1ban bebizony\u00edtotta, hogy nagy j\u00e1t\u00e9kos-egy\u00e9nis\u00e9g.\u201d A v\u00e1logatott az \u00dcll\u0151i \u00faton, 38 000 n\u00e9z\u0151 el\u0151tt 2-0-ra nyert a csehszlov\u00e1kok ellen, a m\u00e1sodik g\u00f3l el\u0151tt Turay t\u00e1lalt Kohutnak.\r\n\r\nCsak azt mondhatom, amit Langfelder annak idej\u00e9n: ki\u00e1ltsunk, fi\u00fak, h\u00e1romszoros \u00e9ljent!\r\n\r\n[prefabricated_shortcode in_app=\"0\" code=\"%3Cdiv%20class%3D%22article_box_border%22%20style%3D%22background%3A%20url%28%27https%3A%2F%2F24.p3k.hu%2Fapp%2Fuploads%2Fsites%2F24%2F2021%2F05%2Fsport24-pattern.png%27%29%20no-repeat%20left%20-16px%20%23f3f3f4%3B%20border%3A%20none%3B%22%3E%0D%0A%3Cdiv%20class%3D%22article_solidheader%22%3E%0D%0A%3Ch2%20style%3D%22color%3A%20%23111115%21important%3B%20font-size%3A%2036px%3B%20font-weight%3A%20bold%3B%20margin-bottom%3A%2030px%3B%20margin-top%3A%2020px%3B%20text-align%3A%20center%3B%20line-height%3A%2036px%3B%22%3E%3Cimg%20class%3D%22aligncenter%20size-full%20wp-image-141%22%20src%3D%22https%3A%2F%2F24.p3k.hu%2Fapp%2Fuploads%2Fsites%2F24%2F2021%2F05%2Fs24-logo-dt.png%22%20alt%3D%22%22%20width%3D%22408%22%20height%3D%2290%22%20%2F%3E%3C%2Fh2%3E%0D%0A%3Ch2%20style%3D%22color%3A%20%23111115%21important%3B%20font-size%3A%2036px%3B%20font-weight%3A%20bold%3B%20margin-bottom%3A%2030px%3B%20margin-top%3A%2020px%3B%20text-align%3A%20center%3B%20line-height%3A%2040px%3B%22%3ECsatlakozz%20a%20Sport24%20k%C3%B6z%C3%B6ss%C3%A9ghez%2C%20mondd%20el%20v%C3%A9lem%C3%A9nyedet%20z%C3%A1rt%20Facebook-csoportunkban%2C%20%C3%A9s%20vegy%C3%A9l%20r%C3%A9szt%20csak%20el%C5%91fizet%C5%91knek%20el%C3%A9rhet%C5%91%20exkluz%C3%ADv%20esem%C3%A9nyeinken.%3C%2Fh2%3E%0D%0A%3C%2Fdiv%3E%0D%0A%3Cp%20style%3D%22background%3A%20%2357A600%3B%20margin-top%3A%2020px%3B%20padding%3A%2020px%3B%20text-align%3A%20center%3B%22%3E%3Ca%20style%3D%22color%3A%20%23ffffff%3B%20font-size%3A%2026px%3B%20font-weight%3A%20600%3B%22%20href%3D%22https%3A%2F%2Fwww.facebook.com%2Fgroups%2F212344460412327%22%3ECSATLAKOZOM%3C%2Fa%3E%3C%2Fp%3E%0D%0A%0D%0A%3C%2Fdiv%3E\"]","type":"rich","thumbnail_url":"https:\/\/s.24.hu\/app\/uploads\/sites\/24\/2021\/11\/turayjozsef-masjnjkolat-150x150.jpg","thumbnail_width":150,"thumbnail_height":150}