{"version":"1.0","provider_name":"Sport24","provider_url":"https:\/\/sport24.24.hu","author_name":"Bruckner G\u00e1bor","author_url":"https:\/\/sport24.24.hu\/author\/brucknerg\/","title":"Pinc\u00e9r, k\u00e9t palacsinta \u00e9s egy Aranylabda rendel! \u2013 \u00edgy lett Eur\u00f3pa legjobb futballist\u00e1ja Albert Fl\u00f3ri\u00e1n","html":"Sorrendben a negyedik vb volt az, amelyen a kapus volt a leggyeng\u00e9bb magyar l\u00e1ncszem. <strong>Grosics Gyula<\/strong> 1954-ben, 1958-ban \u00e9s 1962-ben is szarvashib\u00e1t k\u00f6vetett el, a topfavorit magyar csapat pedig elvesztette a vb-d\u00f6nt\u0151t, majd k\u00e9tszer kiesett, m\u00e1sodszor ugyan\u00fagy, mint hatvanhatban, a legjobb nyolc k\u00f6z\u00f6tt. (Nem csak a potyag\u00f3lok miatt b\u00facs\u00fazott, de a kapushib\u00e1k nem \u00e9s nem maradhattak el.) <strong>Albert<\/strong> mindk\u00e9t negyedd\u00f6nt\u0151s csapatban szerepelt, hatvankett\u0151ben a chilei Rancagu\u00e1ban emblematikus sz\u00f3l\u00f3g\u00f3lt l\u0151tt az angoloknak (2-1). Hatvanban, a N\u00e9pstadionban rendezett magyar\u2013angolon (2-0) mindk\u00e9t g\u00f3lt \u0151 szerezte, \u00e9s amikor \u00e9vtizedekkel k\u00e9s\u0151bb megeml\u00edtettem neki, mekkora cs\u00e1sz\u00e1r lehetett tizenkilenc \u00e9vesen a dupla ut\u00e1n, csud\u00e1lkozva n\u00e9zett r\u00e1m:\r\n<blockquote class=\"small-quote\">\u00d6r\u00fcltem, hogy Kot\u00e1sz \u00d6csi mellett \u00fclhettem az \u00f6lt\u00f6z\u0151ben.<\/blockquote>\r\nHatvanhatban m\u00e1r \u0151 volt a v\u00e1logatott szellemi vez\u00e9re. A futballhist\u00f3ria legnagyobb j\u00e1t\u00e9kosai a h\u00e1rom az egyben jegy\u00e9ben brill\u00edroztak: ellen\u00e1llhatatlanul cseleztek, mesterien ir\u00e1ny\u00edtottak \u00e9s t\u00f6k\u00e9letes g\u00f3l\u00e9rz\u00e9k\u00fck volt. Kevesen feleltek meg e tripla k\u00f6vetelm\u00e9nynek: <strong>Pel\u00e9, Sandro Mazzola, Eusebio, Johan Cruyff, Teofilo Cubillas, Diego Maradona, Zico<\/strong> jut hirtelen az eszembe, meg a maiak k\u00f6z\u00fcl <strong>Lionel Messi<\/strong> \u00e9s <strong>Neymar<\/strong>. Albert e nagyon sz\u0171k elit tagjai k\u00f6z\u00e9 tartozott.\r\n<div class=\"payable-content-section\"><\/div>\r\n<img class=\"alignnone size-full wp-image-2590\" src=\"https:\/\/sport24.24.hu\/app\/uploads\/sites\/24\/2021\/11\/denes-tamas-imre-matyas-europai-aranylabdasok-1956-1993-budapest-1994-3.jpg\" alt=\"\" width=\"2000\" height=\"1411\" \/>\r\n\r\nAmit Liverpoolban, a magyar\u2013brazil vb-m\u00e9rk\u0151z\u00e9sen (3-1) m\u0171velt \u201966-ban, az fel\u00e9rt <strong>Lamberto Gardelli<\/strong>, a vil\u00e1gh\u00edr\u0171 olasz-sv\u00e9d karmester legeml\u00e9kezetesebb vez\u00e9nyleteivel. K\u00e1pr\u00e1zatosan dirig\u00e1lt, az angol lapok egyike \u00edgy oszt\u00e1lyozta a magyar t\u00e1mad\u00f3h\u00e1rmast: <strong>Bene<\/strong> 9,5, Albert 10, <strong>Farkas<\/strong> 10. Honfit\u00e1rsaink nem \u00fagy gy\u0151zt\u00e9k le a vil\u00e1gbajnoks\u00e1gon 1954, a berni magyar\u2013brazil (4-2) \u00f3ta veretlen, egym\u00e1s ut\u00e1n k\u00e9tszeres vil\u00e1gbajnok d\u00e9l-amerikaiakat, hogy kiv\u00e9dekezt\u00e9k, \u00e9s h\u00e1rom kontr\u00e1val meglept\u00e9k, hanem a labdar\u00fag\u00e1s valaha volt legf\u00e9nyesebb g\u00e1l\u00e1inak egyik\u00e9vel t\u00falj\u00e1tszott\u00e1k \u0151ket. Az ellenf\u00e9l is kit\u0171n\u0151nek mutatkozott, de Liverpoolban a magyarok voltak a brazilok.\r\n\r\nMindenki nagyot csal\u00f3dott, hogy Sunderlandben, a vb-negyedd\u00f6nt\u0151ben a szovjet csapat meg\u00e1ll\u00edtotta a magyart (2-1).\r\n\r\n<span class=\"highlight-block\">\u00c1m Albert \u201967-ben tal\u00e1n m\u00e9g a kor\u00e1bbiakn\u00e1l is jobban futballozott. <\/span>\r\n\r\nV\u00e1ltozatlanul a f\u00f6ldkereks\u00e9g legkiv\u00e1l\u00f3bb v\u00e1logatottjainak egyik\u00e9t ir\u00e1ny\u00edtotta: a magyar csapat az 1966-os hatodik hely ut\u00e1n a harmadikra ker\u00fclt a nem hivatalos vil\u00e1granglist\u00e1n. R\u00e1ad\u00e1sul a <strong>Bar\u00f3ti Lajost<\/strong> v\u00e1lt\u00f3 <strong>Illovszky Rudolf<\/strong> sz\u00f6vets\u00e9gi kapit\u00e1ny t\u00e1mad\u00f3bb taktik\u00e1t v\u00e1lasztott el\u0151dj\u00e9n\u00e9l. M\u00edg a kor\u00e1bbi mester s\u00f6pr\u00f6get\u0151vel (<strong>M\u00e1trai<\/strong>), n\u00e9gy h\u00e1tv\u00e9ddel (<strong>K\u00e1poszta, M\u00e9sz\u00f6ly, Sipos, S\u00f3v\u00e1ri<\/strong> vagy <strong>Szepesi<\/strong>), h\u00e1rom k\u00f6z\u00e9pp\u00e1ly\u00e1ssal (<strong>Mathesz<\/strong> vagy <strong>Nagy Istv\u00e1n<\/strong>, Albert, <strong>R\u00e1kosi<\/strong>) \u00e9s k\u00e9t \u00e9kkel (Bene, Farkas) j\u00e1tszatta egy\u00fcttes\u00e9t, addig Illovszky a 4\u20132\u20134-et prefer\u00e1lta, \u00e9s a legt\u00f6bbsz\u00f6r a K\u00e1poszta, M\u00e1trai, Sz\u0171cs, Ih\u00e1sz \u2013 Albert, R\u00e1kosi \u2013 <strong>Moln\u00e1r Dezs\u0151<\/strong>, Varga, Bene, Farkas \u00f6sszet\u00e9telben szerepeltette alakulat\u00e1t, <strong>Tam\u00e1s Gyul\u00e1val<\/strong> a kapuban. (M\u00e9sz\u00f6ly t\u00f6bbsz\u00f6r s\u00e9r\u00fclt volt.) <strong>Varga Zolt\u00e1nnal<\/strong> kiteljesedett a v\u00e1logatott, magam enn\u00e9l jobb magyar futballcsapatot nem l\u00e1ttam.\r\n\r\n<em>Egy NSZK elleni gy\u0151zelem eml\u00e9kezetes Albert-g\u00f3llal:<\/em>\r\n\r\n<iframe title=\"YouTube video player\" src=\"https:\/\/www.youtube.com\/embed\/pqywsWh3zCg\" width=\"560\" height=\"315\" frameborder=\"0\" allowfullscreen=\"allowfullscreen\"><\/iframe>\r\n\r\nEml\u00e9kszem, az NDK elleni Eb-selejtez\u0151 els\u0151 f\u00e9lideje ut\u00e1n f\u00fcttykoncert volt a N\u00e9pstadionban, mert az elk\u00e9nyeztetett k\u00f6z\u00f6ns\u00e9g (telt h\u00e1z, 76 000 n\u00e9z\u0151) el\u00e9gedetlen volt a mind\u00f6ssze 1-0-s vezet\u00e9ssel. A m\u00e1sodik szakaszt azt\u00e1n \u00fagy kezdte az egy\u00fcttes, hogy m\u00e1r a 49. percben 3-0 volt, mert Varga k\u00e9tszer megj\u00e1tszotta a sz\u00fcnet el\u0151tt is g\u00f3lt szerz\u0151 Farkast, \u00e9s lehetett elmer\u00fclni a futball csod\u00e1iban, meg \u00fcnnepelni a legjobb nyolc k\u00f6z\u00e9 jut\u00e1st. A lipcsei Eb-selejtez\u0151nek m\u00e1r semmi t\u00e9tje nem volt, ki is kapott a v\u00e1logatott 1-0-ra, minek k\u00f6vetkezt\u00e9ben <strong>Csan\u00e1di \u00c1rp\u00e1d<\/strong>, az OTSH Illovszkyt nem kedvel\u0151 eln\u00f6khelyettese sutyorogni kezdte, hogy tal\u00e1n haza kellene hozni az NDK magyar szakvezet\u0151j\u00e9t, <strong>S\u00f3s K\u00e1rolyt<\/strong>, mire a hivatalban l\u00e9v\u0151 \u00e9s a felvet\u00e9sr\u0151l (nan\u00e1!) nyomban \u00e9rtes\u00fcl\u0151 kapit\u00e1ny azonnal lemondott.\r\n\r\nEz egyenesen dr\u00e1mai fordulatot jelentett a magyar labdar\u00fag\u00e1sban, mert S\u00f3s kiejtette a v\u00e1logatottat az Eb-negyedd\u00f6nt\u0151ben, majd 1969-ben abban is szerepe volt, hogy a v\u00e1logatitt \u2013 el\u0151sz\u00f6r a futball t\u00f6rt\u00e9net\u00e9ben \u2013 ne vegyen r\u00e9szt a vil\u00e1gbajnoks\u00e1gon, noha arra benevezett. A nyolc gy\u0151zelmet, valamint egy-egy d\u00f6ntetlent \u00e9s veres\u00e9get sz\u00e1ml\u00e1l\u00f3 Illovszkyval eg\u00e9szen biztosan nem j\u00f6tt volna el Marseille, \u201969-ben semmik\u00e9pp sem, a hazat\u00e9rni am\u00fagy nem v\u00e1gy\u00f3, de visszarendelt S\u00f3ssal viszont keser\u0171 lett minden.\r\n\r\nAlbert ellenben, ahogyan err\u0151l m\u00e1r esett sz\u00f3, ugyanolyan brili\u00e1ns volt hatvanh\u00e9tben, mint hatvanhatban. S\u0151t. Az 1966-os bajnoks\u00e1got a c\u00edmv\u00e9d\u0151 Vasas nyerte veretlen\u00fcl, m\u00edg az 1967-est az FTC, majdnem veretlen\u00fcl. A z\u00f6ld-feh\u00e9r csapat az utols\u00f3 el\u0151tti fordul\u00f3ig nem kapott ki, azt\u00e1n 2-0-s vezet\u00e9sr\u0151l 3-2-es veres\u00e9get szenvedett Csepelen, \u00e9s a z\u00e1r\u00f3napon alulmaradt Szombathelyen is (2-1). Ett\u0151l f\u00fcggetlen\u00fcl\r\n\r\n<span class=\"highlight-block\">a Cs\u00e1sz\u00e1rk\u00e9nt emlegetett Albert par\u00e1d\u00e9zott: az \u0151szi szezon \u00e9s az 1-t\u0151l 10-ig terjed\u0151 oszt\u00e1lyz\u00e1s nyit\u00e1ny\u00e1n mindj\u00e1rt 9-est kapott <\/span>\r\n\r\na kor\u00e1bban 1-t\u0151l 5-ig \u00e9rt\u00e9kel\u0151 N\u00e9psportt\u00f3l, miut\u00e1n k\u00e9t g\u00f3lj\u00e1val nyert az FTC a Gy\u0151ri ETO ellen (2-0). Di\u00f3sgy\u0151rben megint dupl\u00e1zott (2-1), de csak 8-assal t\u00fcntett\u00e9k ki, majd a szegedi 5-1 \u00e9s a mesterh\u00e1rmas\u00e1val Koml\u00f3n aratott 4-0 ut\u00e1n megint 9-es \u00e1llt a neve mellett. Az ut\u00f3bbi m\u00e9rk\u0151z\u00e9sen \u2013 okt\u00f3ber 22-\u00e9n \u2013 matematikailag is bizonyoss\u00e1 v\u00e1lt az FTC els\u0151s\u00e9ge, noha n\u00e9gy fordul\u00f3 m\u00e9g h\u00e1tra volt.\r\n\r\nAlbert \u00e9rdemjegyei \u00edgy k\u00f6vetkeztek az \u0151sszel: 9, 7, 8, 8, 8, 8, 8, 9, 7, 9, 7, 5, 7. Az \u00e1tlaga 7,69 volt. \u00c1m a legeml\u00e9kezetesebb g\u00f3lj\u00e1t a tavasszal szerezte. \u00c1prilis 16-\u00e1n az \u00dajpest ellen (3-0) a tizenhatosr\u00f3l z\u00fad\u00edtotta a labd\u00e1t a fels\u0151 l\u00e9cre, ahonnan a labda bev\u00e1g\u00f3dott. A l\u00f6v\u00e9s az\u00e9rt is keltett \u00e1mulatot a N\u00e9pstadion ism\u00e9t 76 ezer n\u00e9z\u0151j\u00e9ben, mert Albert t\u00e1volr\u00f3l csak ritk\u00e1n r\u00fagott g\u00f3lt, ink\u00e1bb szlalomozott, \u00e9rkezett vagy fejelt, mert ahhoz is els\u0151rend\u0171 \u00e9rz\u00e9ke volt.\r\n\r\nA Flameng\u00f3nak el\u0151bb l\u00e1bbal, majd fejjel k\u00f6sz\u00f6nt be. A magyar futball erej\u00e9t bizony\u00edt\u00f3 tal\u00e1lkoz\u00f3n az FTC, Vasas vegyes (<strong>G\u00e9czi \u2013 <\/strong>M\u00e1trai, M\u00e9sz\u00f6ly,<strong> Sz\u0171cs, Ih\u00e1sz<\/strong> \u2013 Mathesz, <strong>Fister<\/strong> \u2013<strong> Moln\u00e1r<\/strong>, Varga, Albert, Farkas) m\u00e1r az els\u0151 f\u00e9lid\u0151ben be\u00e1ll\u00edtotta a 4-1-es v\u00e9geredm\u00e9nyt, a sz\u00fcnet ut\u00e1n j\u00f6hettek a cser\u00e9k (<strong>Kenderesi, P\u00e1ncsics, Pusk\u00e1s Lajos, Katona<\/strong>). \u201ePercekig val\u00f3s\u00e1gos t\u0171zij\u00e1t\u00e9kot rendezett a vegyes csapat a Flamengo kapuja el\u0151tt, technikai tr\u00fckk\u00f6ket l\u00e1thattunk Albert \u00e9s Varga r\u00e9sz\u00e9r\u0151l\u201d \u2013 \u00edrta a N\u00e9psport.\r\n\r\n<img class=\"alignnone size-full wp-image-2586\" src=\"https:\/\/sport24.24.hu\/app\/uploads\/sites\/24\/2021\/11\/nemzeti-sport-2001-szeptember-12-evfolyam-238-267-szam.jpg\" alt=\"\" width=\"1784\" height=\"2000\" \/>\r\n\r\nA Flameng\u00f3t Albert j\u00f3l ismerte, mert 1967 elej\u00e9n jutalomj\u00e1t\u00e9kon j\u00e1rt a ri\u00f3i klubn\u00e1l. Mintha valakit tulip\u00e1nt termeszteni h\u00edvtak volna Hollandi\u00e1ba. Rio de Janeir\u00f3ban 1968 november\u00e9ben is megfordult, m\u00e9gpedig <strong>Nov\u00e1k Dezs\u0151vel<\/strong>, Sz\u0171cs Lajossal, Farkassal egy\u00fctt az els\u0151 brazil vil\u00e1gbajnoki c\u00edm tizedik \u00e9vfordul\u00f3ja alkalm\u00e1b\u00f3l rendezett Braz\u00edlia\u2013Vil\u00e1gv\u00e1logatott m\u00e9rk\u0151z\u00e9sen (2-1). Ugye, kital\u00e1lj\u00e1k, az All Star Team g\u00f3lj\u00e1t ki \u00e9rte el. A Cs\u00e1sz\u00e1r az 1967-es bajnoks\u00e1gban 28 g\u00f3lt szerzett \u2013 n\u00e9ggyel t\u00f6bbet, mint 1966-ban \u2013, klubt\u00e1rsai k\u00f6z\u00fcl <strong>Sz\u0151ke<\/strong> \u00e9s Varga egyar\u00e1nt 15-tel k\u00f6vette \u0151t. Itthon elnyerte Az \u00e9v j\u00e1t\u00e9kosa-c\u00edmet, miut\u00e1n \u201eaz eg\u00e9sz esztend\u0151ben kiemelked\u0151 form\u00e1t mutatott\u201d. <strong>Jean-Philippe Rethacker<\/strong>,\r\n\r\n<span class=\"highlight-block-small\">a France Football szak\u00edr\u00f3ja pedig m\u00e1r december k\u00f6zep\u00e9n el\u0151revet\u00edtette: Albert h\u00f3d\u00edthatja el az Aranylabd\u00e1t.<\/span>\r\n\r\nKar\u00e1csonykor val\u00f3ra v\u00e1lt a j\u00f3slat, a huszonn\u00e9gy szavaz\u00f3b\u00f3l nyolc \u2013 k\u00f6zt\u00fck <strong>Luk\u00e1cs L\u00e1szl\u00f3<\/strong>, a N\u00e9pszabads\u00e1g k\u00fclf\u00f6ld\u00f6n is nagy tekint\u00e9ly\u0171 rovatvezet\u0151je \u2013 tette a ferencv\u00e1rosi centert az els\u0151 helyre, n\u00e9gy a m\u00e1sodikra, h\u00e1rom a harmadikra, \u00edgy Albert 28 pontos el\u0151nnyel hagyta el az angol <strong>Bobby Charltont<\/strong>. Ugyancsak az \u00fcnnepen tizen\u00f6t eur\u00f3pai org\u00e1num szavazata alapj\u00e1n h\u00e1rom magyar ker\u00fclt be Eur\u00f3pa v\u00e1logatottj\u00e1ba, amelynek g\u00e1latizenegye \u00edgy festett: <strong>Jasin<\/strong> (szovjet) \u2013 K\u00e1poszta, <strong>Sesztyernyov<\/strong> (szovjet), <strong>Moore<\/strong> (angol), <strong>Facchetti<\/strong> (olasz) \u2013 <strong>Beckenbauer<\/strong> (nyugatn\u00e9met), Bobby Charlton (angol) \u2013 <strong>Johnstone<\/strong> (sk\u00f3t), Albert, Eusebio (portug\u00e1l), Farkas. (A Vasas extraklasszisa tizedik volt az Aranylabda-list\u00e1n, a N\u00e9psportban viszont csak hetedik az NB I-es befejez\u0151 csat\u00e1rok k\u00f6z\u00f6tt. Igaz, a 36 g\u00f3llal magyar g\u00f3lkir\u00e1ly, eur\u00f3pai ez\u00fcstcip\u0151s <strong>Dunai Antal<\/strong> is csup\u00e1n negyedik lett Varga Zolt\u00e1n, Bene Ferenc \u00e9s Pusk\u00e1s Lajos m\u00f6g\u00f6tt. Albert az ir\u00e1ny\u00edt\u00f3 k\u00f6z\u00e9pp\u00e1ly\u00e1sok rangsor\u00e1t vezette.)\r\n\r\nAz Aranylabd\u00e1t 1968. m\u00e1jus 4-\u00e9n, a magyar\u2013szovjet Eb-negyedd\u00f6nt\u0151 el\u0151tt adta volna \u00e1t <strong>Max Urbini<\/strong>, a France Football f\u0151szerkeszt\u0151je a gy\u0151ztesnek, de Albert s\u00e9r\u00fclt volt, \u00e9s\r\n\r\n<span class=\"highlight-block\">a politikai vezet\u00e9s \u00fagy d\u00f6nt\u00f6tt, nem enged\u00e9lyezi a civil \u00fcnnepl\u00e9st a tal\u00e1lkoz\u00f3n. <\/span>\r\n\r\nMegfejthetetlen, az illet\u00e9kes elvt\u00e1rsak mi\u00e9rt hat\u00e1roztak \u00edgy, mert Albertnek m\u00e9g azt is megengedt\u00e9k, hogy a Szent Istv\u00e1n Bazilik\u00e1ban tartsa az esk\u00fcv\u0151j\u00e9t t\u00f6megek el\u0151tt. Az esem\u00e9nyt ugyan nem hirdett\u00e9k meg sz\u00e9les k\u00f6rben, de mindenki tudott r\u00f3la, \u00e9s mik\u00f6zben <strong>Tarn\u00f3czy J\u00e1nos<\/strong> c\u00edmzetes pr\u00e9post 1963. november 30-\u00e1n \u00f6sszeeskette <strong>B\u00e1rsony Ir\u00e9n<\/strong> sz\u00ednm\u0171v\u00e9szn\u0151t \u00e9s p\u00e1rj\u00e1t, a Bajcsy Zsilinszky \u00faton meg\u00e1llt a forgalom.\r\n\r\nAz a vari\u00e1ci\u00f3, hogy a hatalom tartott a magyar\u2013szovjet meccst\u0151l annyib\u00f3l felfoghatatlan: a 80 ezer n\u00e9z\u0151t vonz\u00f3 m\u00e9rk\u0151z\u00e9s el\u0151tt senki nem sejthette, mi lesz az eredm\u00e9ny, botr\u00e1ny pedig csak veres\u00e9g eset\u00e9n t\u00f6rhetett volna ki. R\u00e1ad\u00e1sul a magyar v\u00e1logatott 2-0-ra nyert Farkas sarkaz\u00e1sos \u00e9s <strong>G\u00f6r\u00f6cs J\u00e1nos<\/strong> szemf\u00fcles g\u00f3lj\u00e1val (mindkett\u0151t az 1967-es bajnoks\u00e1gban 18 g\u00f3lpasszt ad\u00f3 R\u00e1kosi Gyula k\u00e9sz\u00edtette el\u0151).\r\n\r\n[caption id=\"attachment_2583\" align=\"alignnone\" width=\"2000\"]<img class=\"size-full wp-image-2583\" src=\"https:\/\/sport24.24.hu\/app\/uploads\/sites\/24\/2021\/11\/kepes-sport-1987-julius-december-34-evfolyam-27-52-szam.jpg\" alt=\"\" width=\"2000\" height=\"1507\" \/> Albert Fl\u00f3ri\u00e1n az Aranylabd\u00e1j\u00e1val.[\/caption]\r\n\r\nAz Aranylabd\u00e1t \u00edgy a d\u00e9lut\u00e1n \u00f6t \u00f3rakor kezd\u0151d\u0151 meccs est\u00e9j\u00e9n, a Gundel \u00c9tteremben, k\u00e9t palacsinta k\u00f6z\u00f6tt vette \u00e1t Albert Fl\u00f3ri\u00e1n. Ett\u0151l azonban nem volt boldogtalan, s\u0151t haz\u00e1nkban egyed\u00fcl\u00e1ll\u00f3 siker\u00e9t \u00edgy komment\u00e1lta (majd bemond\u00e1s\u00e1t eg\u00e9sz \u00e9let\u00e9ben emlegette):\r\n<blockquote class=\"small-quote\">V\u00e9gre egy labda, amelyet egyetlen v\u00e9d\u0151 sem tud elvenni t\u0151lem.<\/blockquote>\r\n[prefabricated_shortcode in_app=\"0\" code=\"%3Cdiv%20class%3D%22article_box_border%22%20style%3D%22background%3A%20url%28%27https%3A%2F%2F24.p3k.hu%2Fapp%2Fuploads%2Fsites%2F24%2F2021%2F05%2Fsport24-pattern.png%27%29%20no-repeat%20left%20-16px%20%23f3f3f4%3B%20border%3A%20none%3B%22%3E%0D%0A%3Cdiv%20class%3D%22article_solidheader%22%3E%0D%0A%3Ch2%20style%3D%22color%3A%20%23111115%21important%3B%20font-size%3A%2036px%3B%20font-weight%3A%20bold%3B%20margin-bottom%3A%2030px%3B%20margin-top%3A%2020px%3B%20text-align%3A%20center%3B%20line-height%3A%2036px%3B%22%3E%3Cimg%20class%3D%22aligncenter%20size-full%20wp-image-141%22%20src%3D%22https%3A%2F%2F24.p3k.hu%2Fapp%2Fuploads%2Fsites%2F24%2F2021%2F05%2Fs24-logo-dt.png%22%20alt%3D%22%22%20width%3D%22408%22%20height%3D%2290%22%20%2F%3E%3C%2Fh2%3E%0D%0A%3Ch2%20style%3D%22color%3A%20%23111115%21important%3B%20font-size%3A%2036px%3B%20font-weight%3A%20bold%3B%20margin-bottom%3A%2030px%3B%20margin-top%3A%2020px%3B%20text-align%3A%20center%3B%20line-height%3A%2040px%3B%22%3ECsatlakozz%20a%20Sport24%20k%C3%B6z%C3%B6ss%C3%A9ghez%2C%20mondd%20el%20v%C3%A9lem%C3%A9nyedet%20z%C3%A1rt%20Facebook-csoportunkban%2C%20%C3%A9s%20vegy%C3%A9l%20r%C3%A9szt%20csak%20el%C5%91fizet%C5%91knek%20el%C3%A9rhet%C5%91%20exkluz%C3%ADv%20esem%C3%A9nyeinken.%3C%2Fh2%3E%0D%0A%3C%2Fdiv%3E%0D%0A%3Cp%20style%3D%22background%3A%20%2357A600%3B%20margin-top%3A%2020px%3B%20padding%3A%2020px%3B%20text-align%3A%20center%3B%22%3E%3Ca%20style%3D%22color%3A%20%23ffffff%3B%20font-size%3A%2026px%3B%20font-weight%3A%20600%3B%22%20href%3D%22https%3A%2F%2Fwww.facebook.com%2Fgroups%2F212344460412327%22%3ECSATLAKOZOM%3C%2Fa%3E%3C%2Fp%3E%0D%0A%0D%0A%3C%2Fdiv%3E\"]","type":"rich","thumbnail_url":"https:\/\/s.24.hu\/app\/uploads\/sites\/24\/2021\/11\/alb-150x150.jpg","thumbnail_width":150,"thumbnail_height":150}