{"version":"1.0","provider_name":"Sport24","provider_url":"https:\/\/sport24.24.hu","author_name":"Fut\u00f3 Csaba","author_url":"https:\/\/sport24.24.hu\/author\/futocs\/","title":"A senki f\u00f6ldj\u00e9re t\u00e9vedt, de m\u00e9g nagyobb bajba ker\u00fclhet az eur\u00f3pai klubfoci kor\u00e1bbi \u00f3ri\u00e1sa","html":"Tavaly a szezon els\u0151 n\u00e9gy fordul\u00f3ja ut\u00e1n a AS Saint-\u00c9tienne vezette a francia bajnoks\u00e1got.\r\n\r\nAz azt k\u00f6vet\u0151 10 fordul\u00f3ban viszont k\u00e9ptelenek voltak nyerni, pocs\u00e9k sorozatot futottak, azt\u00e1n megkapaszkodtak, n\u00e9h\u00e1ny elsz\u00f3rt gy\u0151zelem \u00e9s hektikus eredm\u00e9ny ut\u00e1n v\u00e9g\u00fcl a 11. helyen futottak be.\r\n\r\nId\u00e9n azonban mintha megny\u00edlt volna alattuk a talaj. A bajnoks\u00e1g harmad\u00e1n\u00e1l m\u00e9g egyetlen gy\u0151zelmet sem h\u00faztak be \u00e9s a csapat k\u00f6r\u00fcl egyre hangosabban sz\u00f3lnak a v\u00e9szharangok. <strong>Claude Puel<\/strong>, a Z\u00f6ldek vezet\u0151edz\u0151je m\u00e9g kitart.\r\n<blockquote>Besz\u00e9lj\u00fcnk a j\u00f6v\u0151mr\u0151l? Remek. \u00d6n\u00f6k tudnak valamit?<\/blockquote>\r\n\u2013 <a href=\"https:\/\/www.dailymotion.com\/video\/x84l132\">k\u00e9rdezett<\/a> vissza Puel egy sajt\u00f3t\u00e1j\u00e9koztat\u00f3 ut\u00e1n arr\u00f3l, amikor a helyzet\u00e9r\u0151l faggatt\u00e1k. \u201eM\u00e9g 30 meccs\u00fcnk van h\u00e1tra \u00e9s most egy maratonra k\u00e9sz\u00fcl\u00fcnk, ami ahhoz kell, hogy elinduljunk felfel\u00e9.\u201d Az azt k\u00f6vet\u0151 h\u00e9tv\u00e9g\u00e9n 5-1-re kikaptak a Strasbourgt\u00f3l.\r\n<div class=\"payable-content-section\"><\/div>\r\nPedig a szezon el\u0151tt n\u00e9mi optimizmus is l\u00f3gott a leveg\u0151ben. Tavasszal tisztess\u00e9ges eredm\u00e9nnyel z\u00e1rt\u00e1k a bajnoks\u00e1got, \u00e9s \u00fagy t\u0171nt, a megbicsakl\u00e1s ut\u00e1n v\u00e9gre peckesen j\u00e1rnak. A <a href=\"https:\/\/fbref.com\/en\/comps\/13\/10732\/2020-2021-Ligue-1-Stats\">halad\u00f3 statisztik\u00e1k<\/a> alapj\u00e1n azt lehetett gondolni, hogy a klub ott van, ahol lennie kell: a k\u00f6z\u00e9pmez\u0151ny kell\u0151s k\u00f6zep\u00e9n, vagy ahogy franci\u00e1ul h\u00edvj\u00e1k, a \u201eventre mou\u201d-ban, a has\/der\u00e9k t\u00e1j\u00e9k\u00e1n.\r\n\r\n[caption id=\"attachment_2484\" align=\"alignnone\" width=\"4000\"]<img class=\"wp-image-2484 size-full\" src=\"https:\/\/sport24.24.hu\/app\/uploads\/sites\/24\/2021\/10\/eti.jpg\" alt=\"\" width=\"4000\" height=\"2667\" \/> A szurkol\u00f3t\u00e1bor.[\/caption]\r\n\r\nA vezet\u0151s\u00e9g is el\u00e9gedetten nyugt\u00e1zhatta az eredm\u00e9nyeket. K\u00e9t \u00e9vvel kor\u00e1bban megl\u00e9ptek egy komoly strat\u00e9giai v\u00e1lt\u00e1st: a r\u00f6vid t\u00e1vra, dr\u00e1g\u00e1n szerz\u0151dtetett tapasztalt labdar\u00fag\u00f3kat (<strong>Mathieu Debuchy<\/strong>, <strong>Yohan Cabaye<\/strong>,<strong> Yann M'Vila<\/strong>) kis\u00f6p\u00f6rt\u00e9k, hely\u00fcket vagy az akad\u00e9mi\u00e1r\u00f3l el\u0151l\u00e9ptetett fiatalokkal vagy az als\u00f3bb oszt\u00e1lyokb\u00f3l kifogott tehets\u00e9gekkel t\u00f6lt\u00f6tt\u00e9k fel. A fiatal\u00edt\u00e1snak p\u00e9nz\u00fcgyi oka volt: a telev\u00edzi\u00f3s jogok v\u00e1ls\u00e1ga, majd a koronav\u00edrus-j\u00e1rv\u00e1ny komoly lyukakat \u00fct\u00f6ttek a trezorban.\r\n\r\n[central_article_recommendation title=\"Kapcsol\u00f3d\u00f3\" url=\"https:\/\/sport24.24.hu\/foci\/2021\/09\/01\/messi-csak-a-psg-nek-jelent-fonyeremenyt-nem-a-francia-futballnak\/\" image=\"1\" lead=\"1\"]\r\n\r\n<span class=\"highlight-block-small\">A Saint-\u00c9tienne emiatt most \u00fagy fest, mint egy ificsapat \u00e9s egy feln\u0151tt keret k\u00f6z\u00e9 be\u00e9kelt fi\u00f3kcsapat.<\/span>\r\n<ul>\r\n \t<li>A 23 \u00e9ves csapatkapit\u00e1ny, <strong>Mahdi Camara<\/strong> m\u00e1r most elengedhetetlen eleme a k\u00f6z\u00e9pp\u00e1ly\u00e1nak \u00e9s hamarosan egy top eur\u00f3pai bajnoks\u00e1gban fog felt\u0171nni.<\/li>\r\n \t<li><strong>Yvan Neyout<\/strong> a Braga B csapat\u00e1t\u00f3l hal\u00e1szt\u00e1k el \u00e9s sz\u00e9pen be is be\u00e9p\u00fclt, a Z\u00f6ldekn\u00e9l t\u00f6lt\u00f6tt ideje alatt kameruni v\u00e1logatott lett.<\/li>\r\n \t<li>A 23 \u00e9ves jobbh\u00e1tv\u00e9d <strong>Yvann Macont<\/strong> sok\u00e1ig \u00edg\u00e9retesnek t\u0171nt, \u00e1m egy komoly s\u00e9r\u00fcl\u00e9s miatt m\u00e9g nehezen p\u00f6rg\u00f6tt vissza az \u00e9lvonal ritmus\u00e1ba.<\/li>\r\n \t<li>K\u00e9t tin\u00e9dzser is egyre t\u00f6bbsz\u00f6r kap j\u00e1t\u00e9klehet\u0151s\u00e9get: <strong>Saidou Sow<\/strong> a v\u00e9delem egyik fontos tagja lehet a j\u00f6v\u0151ben, <strong>Lucas Gourna-Douath<\/strong> pedig a k\u00f6z\u00e9pp\u00e1ly\u00e1n jelent potenci\u00e1lt.<\/li>\r\n \t<li>A csapat fiatal csillaga, a 19 \u00e9ves <strong>Adil Aouchiche<\/strong> a francia koroszt\u00e1lyos csapatokban is felt\u0171nt \u00e9s v\u00e1rhat\u00f3an utols\u00f3 \u00e9v\u00e9t t\u00f6lti a b\u00e1ny\u00e1szv\u00e1rosban.<\/li>\r\n<\/ul>\r\nA Saint\u00e9 egyik legpiack\u00e9pesebb j\u00e1t\u00e9kosa a par\u00e1d\u00e9s nev\u0171, angol \u00e9desap\u00e1val \u00e9s francia \u00e9desanyj\u00e1val rendelkez\u0151 <strong>Etienne Greene<\/strong>, aki profilra olyan, mintha egy olyan korszakb\u00f3l cs\u00f6ppent volna ide, amikor a kapusok k\u00f6z\u00fcl m\u00e9g kit\u0171nhetett egy <strong>Iker Casillas<\/strong>. Greene az elit kapusokhoz k\u00e9pest kev\u00e9sb\u00e9 atletikus, viszont \u00e1tlagon fel\u00fcliek a reflexei. Az angol v\u00e1logatott radarj\u00e1n is felt\u0171nt \u00e9s id\u0151vel egyre magasabbra juthat a kapusok rangsor\u00e1ban.\r\n\r\nPersze a Saint-\u00c9tienne-t nemcsak fiatalok alkotj\u00e1k: n\u00e9h\u00e1ny id\u0151sebb j\u00e1t\u00e9kos jelenl\u00e9te biztos\u00edtja a kereten bel\u00fcli k\u00f6t\u0151er\u0151t. A 30 \u00e9ves <strong>Timoth\u00e9 Kolodziejczak<\/strong> egy nemzetk\u00f6zi elitet megj\u00e1rt j\u00e1t\u00e9kos, <strong>Wahbi Khazri<\/strong> megfordult a Rennes-ben \u00e9s a Bordeaux-ban is, \u00e9s<strong> Denis Bouang\u00e1r\u00f3l<\/strong> is egy id\u0151ben \u00fagy t\u0171nt, hogy f\u00e9nyesebb ir\u00e1nyt fog venni a karrierje. A veter\u00e1nnak sz\u00e1m\u00edt\u00f3 <strong>Romain Hamouma<\/strong> m\u00e1r annyiszor vette fel a pillanatnyi megment\u0151 ruh\u00e1j\u00e1t, hogy m\u00e1r alapelv\u00e1r\u00e1s lett fel\u00e9 a szerep.\r\n\r\nA csapat viszont most t\u00f6bb sebb\u0151l v\u00e9rzik. Legnagyobb gondjuk a g\u00f3lasz\u00e1ly: a m\u00e1sodik legkevesebb g\u00f3lt l\u0151tt\u00e9k id\u00e9n \u00fagy, hogy az elv\u00e1rt g\u00f3lokat tekintve a k\u00f6z\u00e9pmez\u0151nyh\u00f6z tartozn\u00e1nak. Az egyetlen vesz\u00e9lyforr\u00e1st az \u00e9kcsat\u00e1r Khazri jelenti, viszont d\u00f6bbenetesen sok helyzetet pazarol el \u2013 eddigi 6 g\u00f3lj\u00e1b\u00f3l 3-at tizenegyesb\u0151l szerzett. A tun\u00e9ziai m\u00e9g \u00edgy is k\u00f6z\u00f6ns\u00e9gkedvenc a szurkol\u00f3k k\u00f6r\u00e9ben, mert csapatemberk\u00e9nt k\u00fczd, g\u00fcrizik \u00e9s harap, viszont a korral egyre statikusabb\u00e1 v\u00e1lt a j\u00e1t\u00e9ka.\r\n\r\nSokat el\u00e1rul a csapat form\u00e1j\u00e1r\u00f3l, hogy a Saint-\u00c9tienne v\u00e9dekez\u00e9se \u00fagy pocs\u00e9k, hogy k\u00f6zben a kapusa az egyik legjobb a bajnoks\u00e1gban: 18,3 v\u00e1rhat\u00f3 bekapott g\u00f3lra 25-\u00f6t nyeltek be t\u00e9nylegesen, mik\u00f6zben a kapuban a bajnoks\u00e1g 3. legjobb teljes\u00edtm\u00e9ny\u00e9t hozza le Etienne Green.\r\n\r\n[caption id=\"attachment_2482\" align=\"alignnone\" width=\"3600\"]<img class=\"size-full wp-image-2482\" src=\"https:\/\/sport24.24.hu\/app\/uploads\/sites\/24\/2021\/10\/puel.jpg\" alt=\"\" width=\"3600\" height=\"2716\" \/> Claude Puel, a vezet\u0151edz\u0151.[\/caption]\r\n\r\nClaude Puelt, a Saint-\u00c9tienne vezet\u0151edz\u0151j\u00e9t az angliai kit\u00e9r\u0151i \u00f3ta (Southampton, Leicester) sokan s\u00f3tlannak \u00e9s av\u00edttnak \u00edrj\u00e1k le, ami\u00e9rt csapataib\u00f3l nem tudott k\u00f6z\u00f6ns\u00e9gcsalogat\u00f3 j\u00e1t\u00e9kot kihozni, ennek ellen\u00e9re Franciaorsz\u00e1gban komoly m\u00falt\u00fa szakembernek sz\u00e1m\u00edt. A Monac\u00f3val 2000-ben bajnoks\u00e1got nyert, a Lyonnal Bajnokok Lig\u00e1ja-el\u0151d\u00f6nt\u0151t j\u00e1tszott \u00e9s a Nizz\u00e1b\u00f3l is top 4-es csapatot faragott m\u00e9g \u00e9vekkel ezel\u0151tt. Els\u0151 Saint-\u00c9tienne-i \u00e9v\u00e9ben a Francia Kupa d\u00f6nt\u0151j\u00e9ig is eljutott \u00e9s \u00fagy t\u0171nt, \u0151 a megfelel\u0151 ember, ha fiatalokb\u00f3l kell egy projekt k\u00f6r\u00e9 verbuv\u00e1lni csapatot. Azt\u00e1n ahogy az eredm\u00e9nyek rosszra fordultak, Puel is egyre frusztr\u00e1ltabb lett.\r\n\r\n<span class=\"highlight-block-small\">Nem tett j\u00f3t a h\u00edrnev\u00e9nek az sem, hogy kor\u00e1bbi j\u00e1t\u00e9kosai is \u00e9lesen kritiz\u00e1lt\u00e1k.<\/span>\r\n\r\nYann M'Vila azt <a href=\"https:\/\/www.sofoot.com\/m-vila-sur-puel-un-bon-coach-mais-peut-etre-pas-avec-les-bonnes-manieres-481949.html\">mondta<\/a> Puelr\u0151l, hogy \u201ej\u00f3 edz\u0151, de rossz a modora. Mindenkinek \u00fagy kell tennie, ahogy \u0151 szeretn\u00e9, k\u00fcl\u00f6nben ellened fordul. Nem \u00e1ll k\u00f6zel a j\u00e1t\u00e9kosokhoz. Van, hogy nem \u00e1ll sz\u00f3ba veled.\u201d Puel val\u00f3s\u00e1gos hidegh\u00e1bor\u00fat folytatott a Saint\u00e9 kor\u00e1bbi kapus\u00e1val, <strong>St\u00e9phane Ruffier-vel<\/strong>, akit t\u00fal megoszt\u00f3 szem\u00e9lyis\u00e9gnek tartott \u00e9s akinek a teljes\u00edtm\u00e9ny\u00e9vel sem volt el\u00e9gedett. Ruffier szerz\u0151d\u00e9s\u00e9t azt\u00e1n a vezet\u0151s\u00e9g egyoldal\u00faan megsz\u00fcntette, a felek az\u00f3ta is pereskednek, Ruffier 5 milli\u00f3 eur\u00f3\u00e9rt perelte a klubot.\r\n\r\nA Saint-\u00c9tienne most a senki f\u00f6ldj\u00e9n t\u00e1ntorog. A strat\u00e9giav\u00e1lt\u00e1s megrekedt, az eredm\u00e9nyek nem j\u00f6nnek \u00e9s egyre t\u00f6bben legyeskednek a klub k\u00f6r\u00fcl a potenci\u00e1lis \u00faj felv\u00e1s\u00e1rl\u00f3k. Legut\u00f3bb m\u00e9g \u00fagy t\u0171nt, hogy a kambodzsai koronaherceg unoka\u00f6ccse, Norodom Ravichak fog aj\u00e1nlatot tenni, mindezt olyan kapcsolati \u00faton kereszt\u00fcl, ahol a sz\u00e1lak PSG tulajdonos <a href=\"https:\/\/www.italy24news.com\/sports\/news\/115039.html\">Nasszer al-Khelaifi<\/a> holdudvar\u00e1ig <a href=\"https:\/\/www.italy24news.com\/sports\/news\/115039.html\">vezetnek<\/a>. Egy id\u0151ben felmer\u00fclt, hogy egy sza\u00fadi befektet\u0151 is besz\u00e1llna, de sz\u00f3ba ker\u00fclt egy francia \u00fczletember \u00e9s egy amerikai befektet\u00e9si alap is.\r\n\r\nHa a Saint-\u00c9tienne kiesne az \u00e9lvonalb\u00f3l, annak bel\u00e1thatatlan k\u00f6vetkezm\u00e9nyei lenn\u00e9nek. Az elad\u00f3sodotts\u00e1g mellett hatalmas csap\u00e1s lenne tov\u00e1bbi bev\u00e9telekt\u0151l elesni, ez a f\u00e9lelm\u00fck vezethetett oda is, hogy Claude Puelt egyel\u0151re nem r\u00fagt\u00e1k m\u00e9g ki: meg\u00e1llapod\u00e1sa szerint 4 milli\u00f3 eur\u00f3s k\u00e1rt\u00e9r\u00edt\u00e9st kellene kapnia ha a vezet\u0151s\u00e9g egyoldal\u00faan szerz\u0151d\u00e9st bontana. A szurkol\u00f3k mindenesetre torkig vannak a t\u00e9tlens\u00e9ggel: hetente tartanak \u00fajabb t\u00fcntet\u00e9seket, ahol ultim\u00e1tumokat <a href=\"https:\/\/twitter.com\/Site_Evect\/status\/1451161557690421251?ref_src=twsrc%5Etfw%7Ctwcamp%5Etweetembed%7Ctwterm%5E1451161557690421251%7Ctwgr%5E%7Ctwcon%5Es1_&amp;ref_url=https%3A%2F%2Fwww.leparisien.fr%2Fsports%2Ffootball%2Fon-te-laisse-24-heures-pour-demissionner-lultimatum-des-supporters-de-saint-etienne-a-claude-puel-21-10-2021-LHKYPM4NZJB2RFEV4FXMJS76UA.php\">fogalmaznak<\/a> meg Claude Puel ir\u00e1ny\u00e1ba.\r\n\r\n<span class=\"highlight-block\">Ha a helyzet napokon bel\u00fcl nem javul, Puel sz\u00e1m\u00e1ra id\u0151 el\u0151tt v\u00e9get \u00e9rhet a maraton.<\/span>","type":"rich","thumbnail_url":"https:\/\/s.24.hu\/app\/uploads\/sites\/24\/2021\/10\/etienne-150x150.jpg","thumbnail_width":150,"thumbnail_height":150}