{"version":"1.0","provider_name":"Sport24","provider_url":"https:\/\/sport24.24.hu","author_name":"Dajka Bal\u00e1zs","author_url":"https:\/\/sport24.24.hu\/author\/dajkab\/","title":"Huszti domin\u00e1ns futballt akart a Debrecent\u0151l, de m\u00e1r tudjuk, hogy ez t\u00fal b\u00e1tor v\u00e1llal\u00e1s volt","html":"Kezdetnek egy kis visszatekint\u00e9s: <strong>Huszti Szabolcsot<\/strong> \u00e9s seg\u00edt\u0151j\u00e9t, a megfelel\u0151 v\u00e9gzetts\u00e9ggel rendelkez\u0151, \u00e9s ez\u00e9rt pap\u00edron vezet\u0151edz\u0151nek tekintett <strong>Toldi G\u00e1bort<\/strong> id\u00e9n febru\u00e1rban nevezt\u00e9k ki a debreceni csapat \u00e9l\u00e9re.\r\n\r\nB\u00e1r a m\u00e1sodoszt\u00e1ly tavalyi id\u00e9ny\u00e9t <strong>Kond\u00e1s Elem\u00e9r<\/strong> vezet\u00e9s\u00e9vel a csapat j\u00f3l kezdte, a tavaszi szezon els\u0151 heteiben a Si\u00f3fok elleni gy\u0151zelmet zsin\u00f3rban k\u00e9t veres\u00e9g k\u00f6vette a Szolnok \u00e9s a Gyirm\u00f3t ellen\u00e9ben. A hirtelen edz\u0151v\u00e1lt\u00e1s \u00e1ltal\u00e1nos meglepet\u00e9st okozott, hiszen a hajd\u00fas\u00e1giak m\u00e9g ekkor is \u00f6t pont el\u0151nnyel vezett\u00e9k a Merkantil Bank Liga tabell\u00e1j\u00e1t a Vasas el\u0151tt.\r\n\r\nA meglep\u0151 d\u00f6nt\u00e9st a klub vezet\u00e9se azzal indokolta: nem el\u00e9g egyszer\u0171en visszajutni az \u00e9lvonalba, olyan j\u00e1t\u00e9kot is kell produk\u00e1lni, amely m\u00e9lt\u00f3 a klubhoz, \u00e9s a debreceni identit\u00e1st szimboliz\u00e1lja. A Loki v\u00e9g\u00fcl az \u00faj st\u00e1b vezet\u00e9s\u00e9vel k\u00e9t pont el\u0151nnyel megnyerte a m\u00e1sodoszt\u00e1lyt, \u00e9s a Gyirm\u00f3ttal egy\u00fctt feljutott a magyar futball els\u0151 vonal\u00e1ba.\r\n\r\nNagyon \u00e9rdekes k\u00e9rd\u00e9s persze, milyen j\u00e1t\u00e9kst\u00edlus az, amely a debreceni identit\u00e1st szimboliz\u00e1ln\u00e1, \u00e9s amely k\u00e9pes megt\u00f6lteni a lel\u00e1t\u00f3kat. Huszti Szabolcs egy m\u00e1jus v\u00e9g\u00e9n adott interj\u00faban \u00edgy besz\u00e9lt saj\u00e1t edz\u0151i filoz\u00f3fi\u00e1j\u00e1r\u00f3l:\r\n<blockquote>Szeretem a r\u00f6vidpasszos j\u00e1t\u00e9kot, ha a csapatom a f\u00f6ld\u00f6n tartja a labd\u00e1t. Domin\u00e1lni akarok, a labdabirtokl\u00e1s nagyon fontos, \u00edgy lehet kezdem\u00e9nyez\u0151 egy csapat, amelynek \u00edgy t\u00f6bb g\u00f3lhelyzete is lehet. Sok g\u00f3lt is szerezt\u00fcnk az id\u00e9nyben<\/blockquote>\r\nHuszti nyilatkozat\u00e1nak t\u00fckr\u00e9ben m\u00e1r van honnan elkezdeni a vizsg\u00e1l\u00f3d\u00e1st: mi\u00e9rt nem tudta megval\u00f3s\u00edtani a DVSC a h\u0151n \u00e1h\u00edtott, domin\u00e1ns j\u00e1t\u00e9kfelfog\u00e1st?\r\n<div class=\"payable-content-section\"><\/div>\r\nVess\u00fcnk el\u0151sz\u00f6r egy pillant\u00e1st a csapat szem\u00e9lyi \u00f6sszet\u00e9tel\u00e9re: a n\u00e9gyf\u0151s v\u00e9delem tengely\u00e9ben<strong> Bar\u00e1th P\u00e9ter<\/strong> \u00e9s a francia <strong>Sylvain Deslandes<\/strong> helye \u00e1lland\u00f3nak mondhat\u00f3. A k\u00f6z\u00e9pp\u00e1lya k\u00f6zep\u00e9t legt\u00f6bbsz\u00f6r a k\u00e9t \u0151sdebreceni alkotja: <strong>Varga J\u00f3zsef<\/strong> sz\u0171r, <strong>Dzsudzs\u00e1k Bal\u00e1zs\u00a0<\/strong>pedig m\u00e9lys\u00e9gb\u0151l ir\u00e1ny\u00edt.\r\n\r\nA v\u00e9delem sz\u00e9lein az ut\u00f3bbi hetekben \u00e1ltal\u00e1ban k\u00e9t t\u00e1mad\u00f3bb szellem\u0171 j\u00e1t\u00e9kos, <strong>Ferenczi J\u00e1nos<\/strong> \u00e9s <strong>B\u00e9v\u00e1rdi Zsombor<\/strong> kaptak helyet, illetve a bal oldalon m\u00e9g egy m\u00e1sik helyi k\u00f6t\u0151d\u00e9s\u0171 j\u00e1t\u00e9kos, <strong>Korhut Mih\u00e1ly.<\/strong> Egy sorral el\u0151r\u00e9bb, a sz\u00e9ls\u0151 posztokra \u00edgy <strong>S\u00f3s Bence,<\/strong> a sz\u00e9ls\u0151k\u00e9nt \u00e9s ir\u00e1ny\u00edt\u00f3k\u00e9nt egyar\u00e1nt bevethet\u0151 <strong>B\u00f3di \u00c1d\u00e1m<\/strong> vagy a fiatal <strong>Solt\u00e9sz Dominik<\/strong> ker\u00fclt. \u00c9rdekess\u00e9g viszont, hogy Huszti \u00e1ltal\u00e1ban k\u00e9t k\u00f6z\u00e9pcsat\u00e1rral j\u00e1tszatja a csapatot. Az ut\u00f3bbi k\u00e9t m\u00e9rk\u0151z\u00e9sen f\u0151leg <strong>Ugrai Roland<\/strong>, a fiata<strong>l B\u00e1r\u00e1ny Don\u00e1t<\/strong> vagy a rutinos, friss igazol\u00e1s, az exv\u00e1logatott <strong>N\u00e9meth Kriszti\u00e1n<\/strong> szerepelt.\r\n\r\n<span class=\"highlight-block-small\">Ami a labdabirtokl\u00e1st \u00e9s a labdakihozatalokat illeti, a DVSC el\u00e9gg\u00e9 rem\u00e9nytelen k\u00e9pet mutatott ebben a tekintetben, noha Huszti elvileg nagy hangs\u00falyt szeretett volna fektetni a j\u00e1t\u00e9k ezen f\u00e1zis\u00e1ra.<\/span>\r\n\r\nMint az im\u00e9nt sz\u00f3 volt r\u00f3la, a Debrecen leggyakrabban 4-4-2-es fel\u00e1ll\u00e1sban l\u00e9p p\u00e1ly\u00e1ra. K\u00e9t csat\u00e1rral \u00e9s k\u00e9t bels\u0151 k\u00f6z\u00e9pp\u00e1ly\u00e1ssal a Lokinak nem meglep\u0151 m\u00f3don neh\u00e9z domin\u00e1lnia a p\u00e1lya k\u00f6z\u00e9ps\u0151 ter\u00fcleteit \u00e9s kell\u0151en foly\u00e9konyan, stabilan megtartani a labd\u00e1t.\r\n\r\nR\u00e1ad\u00e1sul a k\u00e9t sz\u00e9ls\u0151 is legink\u00e1bb sz\u00e9lesen, az oldalvonalhoz k\u00f6zelebb j\u00e1tszva keresi a lehet\u0151s\u00e9g\u00e9t, a k\u00e9t sz\u00e9ls\u0151h\u00e1tv\u00e9d csak id\u0151szakosan, \u00e9s \u00e1ltal\u00e1ban nem optim\u00e1lis \u00fctemben csatlakozik a t\u00e1mad\u00e1shoz. A k\u00e9t sz\u00e9ls\u0151 emiatt csak id\u0151szakosan j\u00e1tszik befel\u00e9, \u00edgy gyakran a k\u00e9t csat\u00e1r egyik\u00e9nek kell visszal\u00e9pnie \u00f6sszek\u00f6tni a csapatr\u00e9szeket. Mindezt v\u00e9d\u0151vel a nyakukon, hiszen a magyar csapatok t\u00f6bbs\u00e9ge a kompakt, kollekt\u00edv ter\u00fcletv\u00e9dekez\u00e9s helyett m\u00e9g mindig gyakran j\u00e1tszik emberfog\u00e1ssal, az eredeti poz\u00edci\u00f3kat elhagyva.\r\n\r\n<img class=\"alignnone wp-image-2470 size-full\" src=\"https:\/\/sport24.24.hu\/app\/uploads\/sites\/24\/2021\/10\/loki1.png\" alt=\"\" width=\"594\" height=\"344\" \/>\r\n\r\nA k\u00e9pen azt l\u00e1tjuk, hogy Dzsudzs\u00e1k l\u00e9p vissza a labd\u00e1\u00e9rt, de el van szigetelve. B\u00e9v\u00e1rdi t\u00fal kor\u00e1n l\u00e9p fel az ellenf\u00e9l t\u00e9rfel\u00e9re, r\u00e1ad\u00e1sul h\u00e1rom t\u00e1rs\u00e1val egy\u00fctt a labd\u00e1t\u00f3l elfel\u00e9 mozog, egyik\u00fck sem megj\u00e1tszhat\u00f3. Ugrainak kell visszamozogni, r\u00e1ad\u00e1sul a sz\u00e9l ir\u00e1ny\u00e1ba, \u00edgy k\u00f6nnyed\u00e9n elszigetelik.\r\n\r\nA debreceni j\u00e1t\u00e9kosok k\u00f6z\u00f6tt teh\u00e1t gyakran t\u00fal nagyok a t\u00e1vols\u00e1gok labdabirtokl\u00e1s k\u00f6zben, ami igen neh\u00e9zkess\u00e9 teszi a sikeres labdakihozatalt, egy agressz\u00edvan let\u00e1mad\u00f3 ellenf\u00e9llel szemben pedig ez k\u00fcl\u00f6n\u00f6sen nagy gondot tud okozni. Ezt l\u00e1thattuk az el\u0151z\u0151 k\u00e9t m\u00e9rk\u0151z\u00e9sen is, amikor a Pusk\u00e1s \u00e9s a Mez\u0151k\u00f6vesd let\u00e1mad\u00e1sa is komoly probl\u00e9m\u00e1t okozott a hajd\u00fas\u00e1giaknak.\r\n\r\n<img class=\"alignnone wp-image-2471 size-full\" src=\"https:\/\/sport24.24.hu\/app\/uploads\/sites\/24\/2021\/10\/loki2.png\" alt=\"\" width=\"612\" height=\"342\" \/>\r\n\r\nB\u00e9v\u00e1rdi Dzsudzs\u00e1khoz passzol, akit a felcs\u00fatiak sikeresen k\u00f6rbevesznek. A csapatt\u00e1rsak t\u00fal t\u00e1vol vannak, senki sem megj\u00e1tszhat\u00f3, a csapakapit\u00e1ny \u00edgy k\u00e9nytelen el\u0151re \u00edvelni a labd\u00e1t.\r\n\r\n<img class=\"alignnone wp-image-2472 size-full\" src=\"https:\/\/sport24.24.hu\/app\/uploads\/sites\/24\/2021\/10\/loki3.png\" alt=\"\" width=\"605\" height=\"334\" \/>\r\n\r\nHasonl\u00f3 jelenet a Mez\u0151k\u00f6vesd ellen: Deslandes teljesen oldalra szorul, <strong>Jurina<\/strong> oldalra szor\u00edtja, <strong>Cseke<\/strong> \u00e9s <strong>Vutov<\/strong> pedig szemb\u0151l t\u00e1madj\u00e1k. A Loki gyakorlatilag \u00f6sszes j\u00e1t\u00e9kosa az ellenfelek \u00e1rny\u00e9k\u00e1ban, senki nem tud a megfelel\u0151 \u00fctemben passzs\u00e1vot kialak\u00edtani.\r\n\r\nA Debrecen a fel\u00e1ll\u00e1s term\u00e9szet\u00e9b\u0151l ad\u00f3d\u00f3an teh\u00e1t neh\u00e9zkesen tudja megfelel\u0151 sz\u00e1mban elfoglalni a p\u00e1lya k\u00f6zep\u00e9t, csak eseti jelleggel siker\u00fcl t\u00e1rsakat tal\u00e1lni az ellenf\u00e9l v\u00e9d\u0151vonalai k\u00f6z\u00f6tt.\r\n\r\n<img class=\"alignnone wp-image-2473 size-full\" src=\"https:\/\/sport24.24.hu\/app\/uploads\/sites\/24\/2021\/10\/loki4.png\" alt=\"\" width=\"600\" height=\"341\" \/>\r\n\r\nIlyen egy sikeres t\u00e1mad\u00e1s\u00e9p\u00edt\u00e9s: Varga a v\u00e9dekez\u0151 k\u00f6z\u00e9pp\u00e1ly\u00e1s poz\u00edci\u00f3j\u00e1b\u00f3l l\u00e9p fel a vonalak k\u00f6z\u00e9, \u00e9s passzol Bar\u00e1nyhoz, aki a jelenet v\u00e9g\u00e9n tizenhat m\u00e9terr\u0151l l\u0151 mell\u00e9.\r\n\r\nEzen a ponton \u00e9rdemes megeml\u00edten\u00fcnk Dzsudzs\u00e1k Bal\u00e1zs szerep\u00e9t is: a v\u00e1logatottb\u00f3l kimarad\u00f3, sok vit\u00e1t kiv\u00e1lt\u00f3 csapatkapit\u00e1ny imm\u00e1r nem a sz\u00e9len, hanem a k\u00f6z\u00e9pp\u00e1lya k\u00f6zep\u00e9n kap szerepet, \u00e9s keresztlabd\u00e1i, hossz\u00fa ind\u00edt\u00e1sai a folyamatos labdabirtokl\u00e1s hi\u00e1ny\u00e1ban a csapat egyik els\u0151 sz\u00e1m\u00fa t\u00e1mad\u00f3 fegyver\u00e9v\u00e9 l\u00e9pnek el\u0151. A debreceni ikon t\u00f6bb nagyon hasonl\u00f3 g\u00f3lpasszt is adott az id\u00e9ny elej\u00e9n: m\u00e9lys\u00e9gben visszal\u00e9pve, hosszan ind\u00edtotta a magasan hagyott v\u00e9delmi vonal m\u00f6g\u00e9 beindul\u00f3 k\u00e9t csat\u00e1r egyik\u00e9t.\r\n\r\nK\u00e9rd\u00e9ses azonban, az ilyen ind\u00edt\u00e1sok mennyire hat\u00e9konyak egy nemzetk\u00f6zi szint\u0171 v\u00e9dekez\u00e9s ellen, amely a k\u00f6z\u00e9pp\u00e1ly\u00e1n t\u00f6bb nyom\u00e1st helyez a labd\u00e1s j\u00e1t\u00e9kosra, a v\u00e9d\u0151sorban pedig a j\u00e1t\u00e9kosok fegyelmezetten, vonalban helyezkednek a t\u00f6bb emberfog\u00e1s helyett.\r\n\r\n<span class=\"highlight-block-small\">Az ut\u00f3bbi fordul\u00f3kban pedig \u00fagy t\u0171nt, az ellenfelek is egyre ink\u00e1bb kiismerik ezt.<\/span>\r\n\r\nEgy labdabirtokl\u00e1sra \u00e9p\u00fcl\u0151, domin\u00e1ns csapat \u00e1ltal\u00e1ban labda n\u00e9lk\u00fcl magasan let\u00e1madja ellenfeleit, hiszen \u00edgy tudja \u0151ket labdaveszt\u00e9sre k\u00e9nyszer\u00edteni, hogy azt\u00e1n a labda \u00fajb\u00f3li birtokl\u00e1s\u00e1val ism\u00e9t a komfortz\u00f3n\u00e1j\u00e1n bel\u00fcl j\u00e1tszhasson. A fizikailag megterhel\u0151, eg\u00e9szp\u00e1ly\u00e1s let\u00e1mad\u00e1st azonban nem lehet a m\u00e9rk\u0151z\u00e9s eg\u00e9sz ideje alatt fenntartani. R\u00e1ad\u00e1sul a magyar csapatokra \u00e1ltal\u00e1ban m\u00e9g ritk\u00e1n jellemz\u0151 a Liverpoolhoz vagy a Bayern M\u00fcnchenhez hasonl\u00f3 kompakt, fizikailag intenz\u00edv let\u00e1mad\u00e1s, amikor a labda oldal\u00e1ra tol\u00f3dva a labd\u00e1s j\u00e1t\u00e9kost ketten-h\u00e1rman is k\u00f6rbeveszik.\r\n\r\nA Debrecen labda ellen sz\u00e1mos probl\u00e9m\u00e1val k\u00fczd: a magas presszing alkalm\u00e1val hi\u00e1nyzik az intenzit\u00e1s, sokszor egy\u00e1ltal\u00e1n nincs nyom\u00e1s az ellenf\u00e9l labdabirtokl\u00f3 j\u00e1t\u00e9kos\u00e1n a megfelel\u0151 pillanatban, akinek \u00edgy \u00e1ltal\u00e1ban t\u00f6bb helye \u00e9s ideje marad a j\u00f3 d\u00f6nt\u00e9s meghozatal\u00e1ra.\r\n\r\nA Loki-j\u00e1t\u00e9kosok ugyanakkor a saj\u00e1t t\u00e9rfel\u00fck\u00f6n is gyakran ad\u00f3sak maradnak a rendezett v\u00e9dekez\u00e9ssel, a sebezhet\u0151 let\u00e1mad\u00e1s ugyanis l\u00e1ncreakci\u00f3t ind\u00edt be, a j\u00e1t\u00e9kosok gyakran nem tudnak kompaktan visszaz\u00e1rk\u00f3zni a labda m\u00f6g\u00e9, r\u00e1ad\u00e1sul a sz\u00e9len beindul\u00f3 ellenfeleket is gyakran emberfog\u00e1ssal k\u00f6vetik visszafel\u00e9, ami m\u00e9g reakt\u00edvabb\u00e1 teszi a v\u00e9dekez\u00e9st.\r\n\r\n<img class=\"alignnone wp-image-2475 size-full\" src=\"https:\/\/sport24.24.hu\/app\/uploads\/sites\/24\/2021\/10\/loki5.png\" alt=\"\" width=\"605\" height=\"340\" \/>\r\n\r\nA let\u00e1mad\u00e1s probl\u00e9m\u00e1i: B\u00e1r\u00e1ny kezdetben oldalir\u00e1nyba tereli <strong>Pill\u00e1rt<\/strong>, majd hirtelen megszak\u00edtja mozg\u00e1s\u00e1t, a k\u00f6vesdi v\u00e9d\u0151nek \u00edgy el\u00e9g ideje van a labd\u00e1val. B\u00f3di rossz sz\u00f6gb\u0151l olvassa az esem\u00e9nyeket, Cseke \u00edgy a mez\u0151nnyel szemben, probl\u00e9ma n\u00e9lk\u00fcl fordulhat a labd\u00e1val. V\u00e9g\u00fcl <strong>Karnickijhez<\/strong> passzol.\r\n\r\n<img class=\"alignnone wp-image-2476 size-full\" src=\"https:\/\/sport24.24.hu\/app\/uploads\/sites\/24\/2021\/10\/loki6.png\" alt=\"\" width=\"607\" height=\"342\" \/>\r\n\r\nA folytat\u00e1s: Varga lemarad a tol\u00f3d\u00e1ssal, pedig neki kellene kil\u00e9pni a labd\u00e1sra. Solt\u00e9sz visszafel\u00e9 k\u00f6veti a felfut\u00f3 balh\u00e1tv\u00e9det, aki szabadon kapja a labd\u00e1t, a DVSC csak reag\u00e1lni tud az esem\u00e9nyekre.\r\n\r\nA k\u00e9tezres \u00e9vek legsikeresebb csapat\u00e1nak vezet\u0151s\u00e9ge nemes c\u00e9lt t\u0171z\u00f6tt ki maga el\u00e9 azzal, hogy az elm\u00falt k\u00e9t \u00e9v kudarca ut\u00e1n a csapat ism\u00e9t felismerhet\u0151 identit\u00e1st kapjon. Friss feljut\u00f3 csapatk\u00e9nt nyilv\u00e1n b\u00e1tor v\u00e1llal\u00e1s volt a domin\u00e1ns futballt z\u00e1szl\u00f3ra t\u0171zni, k\u00fcl\u00f6n\u00f6sen egy viszonylag magas \u00e1tlag\u00e9letkor\u00fa csapattal.\r\n\r\nA c\u00e9lkit\u0171z\u00e9s ugyanakkor eddig nem bizonyult sikeresnek: a klasszikus, k\u00e9t sz\u00e9ls\u0151vel \u00e9s k\u00e9t k\u00f6z\u00e9pcsat\u00e1rral oper\u00e1l\u00f3 4-4-2-ben Huszti csapat\u00e1nak komoly neh\u00e9zs\u00e9get okozott a folyamatos labdabirtokl\u00e1s, \u00e9s se labd\u00e1val, se labda ellen nem t\u0171ntek letisztultnak a Loki j\u00e1t\u00e9k\u00e1nak legfontosabb alapelvei.\r\n\r\nA k\u00f6vetkez\u0151 m\u00e9rk\u0151z\u00e9seken \u00e1tmenetileg megb\u00edzott edz\u0151k\u00e9nt <strong>Jeremi\u00e1s Gerg\u0151<\/strong>, illetve p\u00e1lyaedz\u0151je, a debreceni legenda <strong>Dombi Tibor<\/strong> ir\u00e1ny\u00edtja majd a csapatot, a v\u00e9gleges vezet\u0151edz\u0151 szem\u00e9ly\u00e9r\u0151l a k\u00f6vetkez\u0151 hetekben v\u00e1rhat\u00f3 d\u00f6nt\u00e9s.","type":"rich","thumbnail_url":"https:\/\/s.24.hu\/app\/uploads\/sites\/24\/2021\/10\/20ti-150x150.jpg","thumbnail_width":150,"thumbnail_height":150}