{"version":"1.0","provider_name":"Sport24","provider_url":"https:\/\/sport24.24.hu","author_name":"Bruckner G\u00e1bor","author_url":"https:\/\/sport24.24.hu\/author\/brucknerg\/","title":"A fiatalszab\u00e1llyal j\u00f6ttek, hamar elt\u0171ntek: f\u00e1j\u00f3 magyar\u2013osztr\u00e1k \u00f6sszehasonl\u00edt\u00e1s","html":"H\u00e1rom \u00e9vig \u00e9lt, nagy rem\u00e9nyekkel vezett\u00e9k be, teljes ki\u00fcresed\u00e9s ut\u00e1n vezett\u00e9k ki: az ifj\u00fa labdar\u00fag\u00f3k \u00e9lvonalbeli tapasztalathoz juttat\u00e1s\u00e1nak c\u00e9lj\u00e1val l\u00e9trehozott \u201efiatalszab\u00e1lyt\u201d (2015\u20132018) hamar \u00e1talak\u00edtotta az MLSZ. Az az MLSZ, mely leg\u00fajabb strat\u00e9giai dokumentum\u00e1ban lesz\u00f6gezi: az ut\u00e1np\u00f3tl\u00e1s-nevel\u00e9s hat\u00e9konys\u00e1ga \u00e9s a fiatal j\u00e1t\u00e9kosok profi futballba be\u00e9p\u00edt\u00e9se elmarad a c\u00e9lokt\u00f3l \u00e9s v\u00e1rakoz\u00e1sokt\u00f3l.\r\n<blockquote>J\u00f3llehet az ut\u00e1np\u00f3tl\u00e1s-v\u00e1logatottak nemzetk\u00f6zi eredm\u00e9nyess\u00e9ge n\u00f6vekedett, az akad\u00e9miai rendszer a lehet\u0151s\u00e9geihez m\u00e9rten kev\u00e9s nemzetk\u00f6zi szinten is jegyzett fiatal tehets\u00e9get nevelt ki, pedig a nemzeti v\u00e1logatott \u00fct\u0151k\u00e9pess\u00e9g\u00e9nek \u00e9s tart\u00f3s sikereinek ez a z\u00e1loga<\/blockquote>\r\n\u2013 \u00edrja a sz\u00f6vets\u00e9g a 2020\u20132025-\u00f6s id\u0151szakra vonatkoz\u00f3 <a href=\"https:\/\/szovetseg.mlsz.hu\/adat\/dokumentum\/6908\/dokumentumok\/mlsz_strategiai_kiadvany_2021_web.pdf\" target=\"_blank\" rel=\"noopener noreferrer\">strat\u00e9giai terv\u00e9ben<\/a>. \u00d6nkritikus \u00e9s igaz megjegyz\u00e9s. A legmagasabban jegyzett szinten jelenleg maroknyi magyar futballista szerepel; a n\u00e9met Bundeslig\u00e1ban szerepl\u0151k t\u00f6bbs\u00e9ge egy percet sem j\u00e1tszott a hazai feln\u0151tt labdar\u00fag\u00e1sban, \u00e9s a Pusk\u00e1s Akad\u00e9mi\u00e1ban nevelkedett <strong>Sallai Rolandot<\/strong> lesz\u00e1m\u00edtva nem is az akad\u00e9miai k\u00e9pz\u00e9s \u201eproduktuma\u201d.\r\n\r\nB\u00e1rmilyen keretrendszert tal\u00e1l ki az MLSZ (jelenleg \u00fagynevezett p\u00e9nz\u00fcgyi \u00f6szt\u00f6nz\u0151 m\u0171k\u00f6dik), arra a probl\u00e9m\u00e1ra semmi nem ad v\u00e1laszt, hogy a kiv\u00e1laszt\u00e1st\u00f3l a befuttat\u00e1sig tart\u00f3 folyamatb\u00f3l nem \u00e9rkezik az NB I-be (sem) elegend\u0151, megfelel\u0151 min\u0151s\u00e9g\u0171 fiatal j\u00e1t\u00e9kos. Mindez egy olyan \u00e9vtized ut\u00e1n, amelyben a labdar\u00fag\u00e1s ugyan rendk\u00edv\u00fcl rossz helyzetb\u0151l indult, de teljes \u00e1llami-korm\u00e1nyzati h\u00e1tszelet \u00e9s sosem l\u00e1tott t\u00e1mogat\u00e1st, illetve infrastruktur\u00e1lis fejleszt\u00e9st kapott.\r\n<div class=\"payable-content-section\"><\/div>\r\nAz \u00f6nkritika f\u00e9ny\u00e9ben \u00e9rdemes visszan\u00e9zni a fiatalszab\u00e1ly \u00e1ltal \u201ehelyzetbe hozott\u201d j\u00e1t\u00e9kosokra. Azoknak a magyar \u00e9s hat\u00e1ron t\u00fali magyar futballist\u00e1knak a karrier\u00edv\u00e9t tekintett\u00fck \u00e1t, akik 2015 \u00e9s 2018 k\u00f6z\u00f6tt mutatkoztak be az NB I-ben, teh\u00e1t deb\u00fct\u00e1l\u00e1sukhoz tehets\u00e9g\u00fck mellett k\u00f6ze lehetett az el\u00e9rhet\u0151 MLSZ-juttat\u00e1snak is. Azok a j\u00e1t\u00e9kosok, akik t\u00e1mogatott kor\u00faak, de m\u00e1r a fiatalszab\u00e1ly bevezet\u00e9se el\u0151tt \u00e9lvonalbeli j\u00e1t\u00e9kosok voltak (mint Sallai Roland, <strong>Nagy \u00c1d\u00e1m, Gazdag D\u00e1niel<\/strong> vagy <strong>Hahn J\u00e1nos<\/strong>) nem szerepelnek az \u00f6sszegz\u00e9sben, hiszen \u0151k az \u00f6szt\u00f6nz\u0151 rendszer seg\u00edts\u00e9ge n\u00e9lk\u00fcl is be tudtak t\u00f6rni az NB I-be.\r\n\r\n[caption id=\"attachment_2417\" align=\"aligncenter\" width=\"1024\"]<img class=\"wp-image-2417 size-large\" src=\"https:\/\/sport24.24.hu\/app\/uploads\/sites\/24\/2021\/10\/k_epa20210905131-1024x720.jpg\" alt=\"\" width=\"1024\" height=\"720\" \/> Nagy \u00c1d\u00e1m \u00e9s jobbr\u00f3l Gazdag D\u00e1niel az alb\u00e1n Marash Kumbulla az Alb\u00e1nia-Magyarorsz\u00e1g labdar\u00fag\u00f3 vil\u00e1gbajnoki selejtez\u0151 m\u00e9rk\u0151z\u00e9sen az alb\u00e1niai Elbasanban[\/caption]\r\n\r\nA k\u00e9p nem r\u00f3zs\u00e1s. Persze szab\u00e1lyoz\u00e1st sem egyszer\u0171 hozni.\r\n<h2>Buktat\u00f3k \u00e9s ball\u00e9p\u00e9sek<\/h2>\r\nFiatalszab\u00e1lyt alkotni nem k\u00f6nny\u0171, ezt vil\u00e1gszerte sz\u00e1mos p\u00e9lda mutatja \u00e9s mutatja. Ahogyan az osztr\u00e1k futballist\u00e1k j\u00e1tszat\u00e1s\u00e1t el\u0151seg\u00edt\u0151 szab\u00e1lyr\u00f3l (\u00d6sterreicher-Topf) \u00e9s a fiatal j\u00e1t\u00e9kosok be\u00e9p\u00edt\u00e9s\u00e9r\u0151l cikkez\u0151 Der Standard felteszi a k\u00e9rd\u00e9st: mikor j\u00f6n el a megfelel\u0151 id\u0151 az ifjak bevet\u00e9s\u00e9re? Ezt mik\u00e9nt tudj\u00e1k t\u00e1mogatni a szab\u00e1lyhoz\u00f3k? A v\u00e1lasz nem k\u00f6nny\u0171 (a cikk is azzal z\u00e1rul, hogy mindegy, fiatal vagy rutinos, a v\u00e9g\u00e9n kiz\u00e1r\u00f3lag a teljes\u00edtm\u00e9ny d\u00f6nt), sok \u201emegold\u00e1s\u201d pedig vagy hamv\u00e1ba holt, vagy egyenesen nevets\u00e9gesnek bizonyult.\r\n\r\nCsak n\u00e9h\u00e1ny p\u00e9lda. A magyar bajnoks\u00e1gban p\u00e9nz\u00fcgyi \u00f6szt\u00f6nz\u0151t \u00e9s k\u00f6telez\u0151 kv\u00f3t\u00e1t is kipr\u00f3b\u00e1ltak: az NB I-ben el\u0151bbit alkalmazt\u00e1k 2015\u201318 k\u00f6z\u00f6tt, \u00e9s a mostani produktivit\u00e1si rendszer is anyagiakkal pr\u00f3b\u00e1lja motiv\u00e1lni a csapatokat, m\u00edg az NB II-ben van k\u00f6telez\u0151 U-j\u00e1t\u00e9kos kv\u00f3ta (jelenleg egy 2002. janu\u00e1r elsej\u00e9n vagy k\u00e9s\u0151bb sz\u00fcletett labdar\u00fag\u00f3nak kell a p\u00e1ly\u00e1n lennie). <a href=\"https:\/\/www.oefbl.at\/oefbl\/redaktionsbaum\/news\/oesterreicher-topf---rasenreporting-2020-21\/\" target=\"_blank\" rel=\"noopener noreferrer\">Az osztr\u00e1kok<\/a> a hazai, illetve helyben nevelt j\u00e1t\u00e9kosok p\u00e1ly\u00e1ra k\u00fcld\u00e9s\u00e9t premiz\u00e1lj\u00e1k, k\u00fcl\u00f6n figyelmet ford\u00edtva az U22-es osztr\u00e1kok szerepeltet\u00e9s\u00e9re. D\u00e9l-Kore\u00e1ban szankcion\u00e1lnak: a csapatok megv\u00e1laszthatj\u00e1k, hogy h\u00e1ny hazai U22-es j\u00e1t\u00e9kost neveznek, \u00e1m a kezd\u0151csapatban szerepl\u0151, illetve a kispadon \u00fcl\u0151 fiatalok sz\u00e1m\u00e1t\u00f3l f\u00fcgg\u0151en v\u00e1ltoznak a cserelehet\u0151s\u00e9geik (ha egy csapat nem nevez U22-es j\u00e1t\u00e9kost, akkor csak 5 embert \u00fcltethet a kispadra \u00e9s 2 cser\u00e9t hajthat v\u00e9gre; ha k\u00e9t U22-es van a kezd\u0151ben, akkor 7 ember lehet a kispadon \u00e9s 5 csere lehets\u00e9ges). Persze akadnak klubok, amelyek betesznek k\u00e9t U22-est a kezd\u0151be, gyorsan lecser\u00e9lik a k\u00e9t j\u00e1t\u00e9kost id\u0151sebbekre, \u00e9s maradt m\u00e9g h\u00e1rom cserelehet\u0151s\u00e9g\u00fck, sz\u00f3val lenne mit finom\u00edtani a szab\u00e1lyon\u2026\r\n\r\nA k\u00ednaiak 2017-ben k\u00f6telez\u0151v\u00e9 tett\u00e9k, hogy nevezni kell a kezd\u0151csapatba egy U23-as hazai j\u00e1t\u00e9kost, \u00e1m azt nem, hogy v\u00e9gig j\u00e1tszatni is musz\u00e1j, \u00edgy azt\u00e1n a csapatok az els\u0151 tizen\u00f6t percben rendre lecser\u00e9lt\u00e9k az \u201e\u00e9rt\u00e9kes tapasztalatokhoz jut\u00f3\u201d fiatalokat. Miut\u00e1n a szab\u00e1ly k\u00f6zr\u00f6hej t\u00e1rgya lett, t\u00f6bbsz\u00f6r m\u00f3dos\u00edtott\u00e1k, \u00e1m v\u00e9g\u00fcl teljes kudarcot k\u00f6nyveltek el, mert a tov\u00e1bbiakban is hasonl\u00f3an abszurd jelenetek j\u00e1tsz\u00f3dtak le. Amikor h\u00e1rom kutat\u00f3 megvizsg\u00e1lta a belga bajnoks\u00e1g 2000-es \u00e9vek k\u00f6zep\u00e9n \u00e9rv\u00e9nyben l\u00e9v\u0151 fiatalszab\u00e1ly\u00e1t, a v\u00e9gk\u00f6vetkeztet\u00e9s az volt, hogy a sz\u00f6vets\u00e9g rendelkez\u00e9se nem seg\u00edtette megfelel\u0151en az U21-es j\u00e1t\u00e9kosok karrierj\u00e9t.\r\n\r\n<span class=\"highlight-block-small\">Az MLSZ a szab\u00e1ly megsz\u00fcntet\u00e9s\u00e9vel, egy \u00faj \u00f6szt\u00f6nz\u0151 rendszer kidolgoz\u00e1s\u00e1val maga is elismerte, hogy az elk\u00e9pzel\u00e9s nem m\u0171k\u00f6d\u00f6tt j\u00f3l. <\/span>\r\n\r\nA fiatalszab\u00e1lynak ugyanis t\u00f6bb mell\u00e9khat\u00e1sa volt:\r\n<ul>\r\n \t<li>a piack\u00e9pes fiatal j\u00e1t\u00e9kosok \u00e1ra \u00e9s fizet\u00e9si ig\u00e9nye drasztikusan megemelkedett<\/li>\r\n \t<li>az egyre jobb anyagi helyzetbe ker\u00fcl\u0151 klubokat m\u00e1r nem motiv\u00e1lta a fiatalszab\u00e1lynak k\u00f6sz\u00f6nhet\u0151en megszerezhet\u0151 \u00f6sszeg<\/li>\r\n \t<li>a p\u00e9nzre r\u00e1szorul\u00f3 csapatok rendre p\u00e1ly\u00e1ra k\u00fcldt\u00e9k a fiatalokat, m\u00e9g ha ezzel meg is gyeng\u00edtett\u00e9k kezd\u0151csapatukat \u2013 ez torz\u00edthatta a versenysemlegess\u00e9get<\/li>\r\n \t<li>az NB I-es szintre (m\u00e9g) nem \u00e9rett j\u00e1t\u00e9kosokat is p\u00e1ly\u00e1ra k\u00fcldtek<\/li>\r\n \t<li>a kedvezm\u00e9nyezett kor\u00fa j\u00e1t\u00e9kosok protekci\u00f3s helyzetbe ker\u00fcltek, m\u00edg v\u00e9dte \u0151ket a fiatalszab\u00e1ly; viszont ahogy megsz\u0171nt a v\u00e9delem, gyakran odalett a j\u00e1t\u00e9klehet\u0151s\u00e9g\u00fck, megt\u00f6rt a karrier\u00edv\u00fck.<\/li>\r\n<\/ul>\r\n<h2>H\u00e1rman az Eb-n, sokan als\u00f3bb oszt\u00e1lyokban<\/h2>\r\nA 2015\u20132018 k\u00f6z\u00f6tt az \u00e9lvonalban bemutatkoz\u00f3, a fiatalszab\u00e1ly t\u00e1mogatta korban l\u00e9v\u0151 (ez 2015\u201316-ban az 1995. janu\u00e1r 1., 2016\u201317-ben az 1996. janu\u00e1r 1., 2017\u201318-ban az 1997. janu\u00e1r 1. ut\u00e1n sz\u00fcletetteket jelentette) 79 magyar j\u00e1t\u00e9kos k\u00f6z\u00fcl 9 jutott el a v\u00e1logatotts\u00e1gig. Nem is rossz! \u2013 gondolhatjuk, hiszen ez az egyik legnehezebben teljes\u00edthet\u0151 l\u00e9pcs\u0151fok. A kilencek: <strong>Berecz Zsombor, Bolla Bendeg\u00faz, Kecsk\u00e9s \u00c1kos, Kleisz M\u00e1rk, Sall\u00f3i D\u00e1niel, Sch\u00e4fer Andr\u00e1s, T\u00f3th Bence, Szalai Attila, Vida M\u00e1t\u00e9<\/strong>.\r\n\r\n[caption id=\"attachment_2419\" align=\"aligncenter\" width=\"1024\"]<img class=\"wp-image-2419 size-large\" src=\"https:\/\/sport24.24.hu\/app\/uploads\/sites\/24\/2021\/10\/debre20170723010-1024x732.jpg\" alt=\"\" width=\"1024\" height=\"732\" \/> Az angyalf\u00f6ldi Vida M\u00e1t\u00e9 \u00e9s Kleisz M\u00e1rk , valamint a balmaz\u00fajv\u00e1rosi Bachana Arabuli a labdar\u00fag\u00f3 OTP Bank Liga 2. fordul\u00f3j\u00e1ban j\u00e1tszott Balmaz Kamilla Gy\u00f3gyf\u00fcrd\u00f5 - Vasas FC m\u00e9rk\u00f5z\u00e9sen[\/caption]\r\n\r\n\u00c1rnyalja a k\u00e9pet, hogy k\u00f6z\u00fcl\u00fck Berecz, Kleisz \u00e9s T\u00f3th csak 1\u20131 m\u00e9rk\u0151z\u00e9sen kapott lehet\u0151s\u00e9get a nemzeti csapatban, valamint az, hogy jelenleg Berecz, Kleisz, T\u00f3th \u00e9s Vida is az NB II-ben futballozik. A fennmarad\u00f3 \u00f6t j\u00e1t\u00e9kos \u2013 Bolla, Kecsk\u00e9s, Sall\u00f3i, Sch\u00e4fer, Szalai \u2013 jelenleg is v\u00e1logatott, Sall\u00f3i kiv\u00e9tel\u00e9vel mindannyian beker\u00fcltek <strong>Marco Rossi<\/strong> keret\u00e9be a 2021-es Eur\u00f3pa-bajnoks\u00e1gon. A v\u00e1logatotts\u00e1gig \u00edvel\u0151 karrierhez sok esetben kellett valami plusz. Kecsk\u00e9s, Sall\u00f3i \u00e9s Szalai k\u00fclf\u00f6ldr\u0151l j\u00f6tt vissza az NB I-be (az olasz Atalant\u00e1t\u00f3l, az amerikai Sporting Kansas Cityt\u0151l, illetve az osztr\u00e1k Rapidt\u00f3l), \u00e9s egyb\u0151l megkapta a lehet\u0151s\u00e9get; Berecz \u00e9s Vida pedig \u00fagy lett NB I-es j\u00e1t\u00e9kos, hogy el\u0151tte m\u00e1r az NB II-ben is kulcsszerepet j\u00e1tszott a fiataloknak sok lehet\u0151s\u00e9get ny\u00fajt\u00f3 Vasasban.\r\n\r\nA fentieken k\u00edv\u00fcl jelenleg 16 egykori \u201et\u00e1mogatott kor\u00fa\u201d szerepel az NB I-ben vagy k\u00fclf\u00f6ldi els\u0151 oszt\u00e1ly\u00fa bajnoks\u00e1gban, t\u00f6bbs\u00e9g\u00fck a fiatalszab\u00e1ly utols\u00f3 id\u00e9ny\u00e9ben (2017\u201318) mutatkozott be. Ez nem azt jelenti, hogy mindannyian stabil \u00e9lvonalbeli j\u00e1t\u00e9kosok lettek: vannak, akik meghat\u00e1roz\u00f3 vagy rendszeresen bevetett emberek (\u00edgy <strong>Sz\u00e9lp\u00e1l Norbert, Szendrei Norbert<\/strong>, vagy a PAFC-t\u00f3l a holland Cambuurnek k\u00f6lcs\u00f6nadott <strong>Kiss Tam\u00e1s<\/strong>), de akadnak alig-alig, vagy ink\u00e1bb az NB III-as m\u00e1sodik csapatban j\u00e1tsz\u00f3k.\r\n\r\n<iframe class=\"flourish-embed-iframe\" style=\"width: 100%;height: 600px\" title=\"Interactive or visual content\" src=\"https:\/\/flo.uri.sh\/visualisation\/7587053\/embed\" frameborder=\"0\" scrolling=\"no\"><\/iframe>\r\n<div style=\"width: 100%!;margin-top: 4px!important;text-align: right!important\"><a class=\"flourish-credit\" style=\"text-decoration: none!important\" href=\"https:\/\/public.flourish.studio\/visualisation\/7587053\/?utm_source=embed&amp;utm_campaign=visualisation\/7587053\" target=\"_top\" rel=\"noopener noreferrer\"><img style=\"width: 105px!important;height: 16px!important;border: none!important;margin: 0!important\" src=\"https:\/\/public.flourish.studio\/resources\/made_with_flourish.svg\" alt=\"Made with Flourish\" \/> <\/a><\/div>\r\nSokatmond\u00f3, hogy a 79 j\u00e1t\u00e9kos t\u00f6bb mint fele \u2013 44 futballista \u2013 15 NB I-es m\u00e9rk\u0151z\u00e9sig sem jutott el bemutatkoz\u00e1sa \u00f3ta, \u00e9s 33 olyan labdar\u00fag\u00f3 van, aki els\u0151 id\u00e9ny\u00e9t k\u00f6vet\u0151en soha t\u00f6bb\u00e9 nem j\u00e1tszott az \u00e9lvonalban. Sz\u00e1z NB I-es m\u00e9rk\u0151z\u00e9sn\u00e9l t\u00f6bbet csak n\u00e9gyen, \u00f6tvenn\u00e9l t\u00f6bbet csak kilencen j\u00e1tszottak, \u00e9s ennek nem az volt az oka, hogy mindenkit elvittek k\u00fclf\u00f6ldi bajnoks\u00e1gba kor\u00e1bban\u2026 Pedig 20\u201326 \u00e9v k\u00f6z\u00f6tti, teh\u00e1t elm\u00e9letileg erej\u00fck telj\u00e9ben lev\u0151 j\u00e1t\u00e9kosokr\u00f3l van sz\u00f3. Az \u00e9rintettek k\u00f6zel h\u00e1romnegyede jelenleg alacsonyabb oszt\u00e1lyban szerepel, m\u00e1s szak\u00e1gat (futsal, kisp\u00e1ly\u00e1s futball) v\u00e1lasztott, vagy klub n\u00e9lk\u00fcli szabad\u00fcgyn\u00f6k.\r\n\r\n<iframe class=\"flourish-embed-iframe\" style=\"width: 100%;height: 600px\" title=\"Interactive or visual content\" src=\"https:\/\/flo.uri.sh\/visualisation\/7590161\/embed\" frameborder=\"0\" scrolling=\"no\"><\/iframe>\r\n<div style=\"width: 100%!;margin-top: 4px!important;text-align: right!important\"><a class=\"flourish-credit\" style=\"text-decoration: none!important\" href=\"https:\/\/public.flourish.studio\/visualisation\/7590161\/?utm_source=embed&amp;utm_campaign=visualisation\/7590161\" target=\"_top\" rel=\"noopener noreferrer\"><img style=\"width: 105px!important;height: 16px!important;border: none!important;margin: 0!important\" src=\"https:\/\/public.flourish.studio\/resources\/made_with_flourish.svg\" alt=\"Made with Flourish\" \/> <\/a><\/div>\r\n<h2>F\u00e1j\u00f3 \u00f6sszehasonl\u00edt\u00e1s<\/h2>\r\nHogy ne l\u00f3gjanak a \u201esemmiben\u201d a magyar adatok, a m\u00e1r eml\u00edtett osztr\u00e1k bajnoks\u00e1ghoz fordultunk, m\u00e1r csak az\u00e9rt is, mert az eredeti NB I-es fiatalszab\u00e1ly egyik inspir\u00e1l\u00f3ja pont az \u00d6sterreicher-Topf volt. Az osztr\u00e1k futball \u00fajragondol\u00e1sa \u2013 a Bundesliga ny\u00edltan nevel\u0151bajnoks\u00e1gnak hirdeti mag\u00e1t \u2013 azt eredm\u00e9nyezte, hogy 2001-eshez k\u00e9pest egy \u00e9vtizeden bel\u00fcl megdupl\u00e1z\u00f3dott a fiatal, U22-es futballist\u00e1k j\u00e1t\u00e9kperceinek sz\u00e1ma. A fiatalok j\u00e1t\u00e9kideje a 2015-\u00f6s \u00e9vben \u00e9rt a cs\u00facsra, az\u00f3ta stagn\u00e1l. Az Osztr\u00e1k Labdar\u00fag\u00f3-sz\u00f6vets\u00e9g (\u00d6FB) tehets\u00e9gfejleszt\u00e9si felel\u0151se, <strong>Martin Scherb<\/strong> <a href=\"https:\/\/www.derstandard.at\/consent\/tcf\/story\/2000126414869\/warum-und-wie-stark-bundesliga-klubs-auf-junge-spieler-setzen\" target=\"_blank\" rel=\"noopener noreferrer\">a Der Standardnak nyilatkozva<\/a> r\u00e1mutatott: t\u00f6bb tehets\u00e9g jut el az els\u0151 oszt\u00e1lyba, t\u00f6bb ragad meg ott, jobb min\u0151s\u00e9g\u0171 j\u00e1t\u00e9kosanyagb\u00f3l v\u00e1logathatnak az ut\u00e1np\u00f3tl\u00e1s-v\u00e1logatottak sz\u00f6vets\u00e9gi edz\u0151i.\r\n\r\nA legkir\u00edv\u00f3bb p\u00e9lda a Red Bull Salzburg: 2010\u201311-ben a j\u00e1t\u00e9kid\u0151 0,21 sz\u00e1zal\u00e9k\u00e1t kapt\u00e1k meg fiatal j\u00e1t\u00e9kosok, a 2020\u201321-es id\u00e9nyben m\u00e1r t\u00f6bb mint 50 sz\u00e1zal\u00e9k\u00e1t. Term\u00e9szetesen a Salzburg d\u00fasgazdag mec\u00e9n\u00e1sa \u00e9s kiemelked\u0151 sz\u00ednvonal\u00fa, a tehets\u00e9geket a vil\u00e1g minden t\u00e1j\u00e1r\u00f3l vonz\u00f3 akad\u00e9mi\u00e1ja miatt m\u00e9g az osztr\u00e1k futballban is k\u00fcl\u00f6nlegess\u00e9g, \u00e1m egy k\u00f6z\u00e9pcsapat (az Admira) is k\u00e9pes volt arra, hogy egy id\u00e9nyben bevessen 12 fiatal, helyi \u00fajoncot, akik k\u00f6z\u00fcl j\u00f3 n\u00e9h\u00e1nyan meg is ragadtak a legmagasabb oszt\u00e1lyban, s\u0151t: <strong>Sasa Kalajdzic<\/strong> toplig\u00e1ig \u00e9s v\u00e1logatottszerepl\u00e9sig jutott.\r\n\r\n[caption id=\"attachment_2421\" align=\"aligncenter\" width=\"1024\"]<img class=\"wp-image-2421 size-large\" src=\"https:\/\/sport24.24.hu\/app\/uploads\/sites\/24\/2021\/10\/000_96r4eq-1024x683.jpg\" alt=\"\" width=\"1024\" height=\"683\" \/> Sasa Kalajdzic[\/caption]\r\n\r\nAz \u00f6sszehasonl\u00edt\u00e1s \u00e9rdek\u00e9ben ugyanazokat az osztr\u00e1k \u00e9lvonalbeli id\u00e9nyeket (2015\u201316, 2016\u201317, 2017\u201318) vizsg\u00e1ltuk meg, mint az NB I-ben. Az osztr\u00e1k bajnoks\u00e1gban ekkor m\u00e9g kett\u0151vel kevesebb klub szerepelt, mint a magyarban, a bemutatkoz\u00f3k k\u00f6re 66 f\u0151s. Eml\u00e9keztet\u0151\u00fcl: a magyarok\u00e9 79 f\u0151s, a fiatal j\u00e1t\u00e9kosok sz\u00e1m\u00e1t a csapatok sz\u00e1m\u00e1val osztva szinte ugyanannyit kapunk. A t\u00e1mogatott kort nem az osztr\u00e1k vonalhoz, hanem az akkori magyar szab\u00e1lyoz\u00e1shoz igaz\u00edtottuk. A k\u00e9rd\u00e9s: mire mentek azok az osztr\u00e1k j\u00e1t\u00e9kosok, akik a 2015\u201318 k\u00f6z\u00f6tti NB I-es fiatalszab\u00e1lynak megfeleltek volna, \u00e9s ezekben az id\u00e9nyekben mutatkoztak be az els\u0151 oszt\u00e1lyban? A m\u00e1r az osztr\u00e1k rendszerben nevelkedett, fiatalon bevetett l\u00e9gi\u00f3sokat (mint <strong>Szoboszlai Dominik<\/strong>) nem sz\u00e1moltuk az \u00f6sszehasonl\u00edt\u00e1sba.\r\n\r\nA magyarokn\u00e1l kilenc, az osztr\u00e1kokn\u00e1l hat j\u00e1t\u00e9kos jutott el a v\u00e1logatotts\u00e1gig, a vizsg\u00e1lt k\u00f6r 11, illetve 9 sz\u00e1zal\u00e9ka. A \u201ejelenleg is v\u00e1logatottak\u201d kateg\u00f3ri\u00e1j\u00e1ban az osztr\u00e1kok m\u00e1r minim\u00e1lisan jobban \u00e1llnak. A \u201emegyei\u201d oszt\u00e1lyokba kihull\u00f3k, futballal felhagy\u00f3k, klub n\u00e9lk\u00fcliek sz\u00e1ma is hasonl\u00f3. Az \u00f3ri\u00e1si k\u00fcl\u00f6nbs\u00e9g nem a piramis cs\u00facs\u00e1n vagy alj\u00e1n van, hanem abban, hogy mennyi j\u00e1t\u00e9kost siker\u00fclt tart\u00f3san eljuttatni az \u00e9lvonalba, illetve valamelyik magas sz\u00ednvonal\u00fa bajnoks\u00e1g m\u00e1sodoszt\u00e1ly\u00e1ba.\r\n\r\n<span class=\"highlight-block-small\">Az osztr\u00e1kok kevesebb j\u00e1t\u00e9kosb\u00f3l majdnem k\u00e9tszer annyi futballist\u00e1t adtak erre a szintre, mint a magyarok. <\/span>\r\n\r\nM\u00edg a 2015\u201318 k\u00f6z\u00f6tt az \u00e9lvonalban deb\u00fct\u00e1lt fiatal magyar j\u00e1t\u00e9kosok k\u00f6zel 75 sz\u00e1zal\u00e9ka ma alacsonyabb szinten j\u00e1tszik, Ausztri\u00e1ban a vizsg\u00e1lt k\u00f6rnek csak a 44 sz\u00e1zal\u00e9k\u00e1ra igaz ez. A 2015\u20132018 k\u00f6z\u00f6tt bemutatkozott magyarokn\u00e1l a medi\u00e1n \u00e9lvonalbeli m\u00e9rk\u0151z\u00e9ssz\u00e1m csup\u00e1n 11, az osztr\u00e1kokn\u00e1l 43,5, azaz n\u00e9gyszer annyi.\r\n\r\n<iframe class=\"flourish-embed-iframe\" style=\"width: 100%;height: 600px\" title=\"Interactive or visual content\" src=\"https:\/\/flo.uri.sh\/visualisation\/7592310\/embed\" frameborder=\"0\" scrolling=\"no\"><\/iframe>\r\n<div style=\"width: 100%!;margin-top: 4px!important;text-align: right!important\"><a class=\"flourish-credit\" style=\"text-decoration: none!important\" href=\"https:\/\/public.flourish.studio\/visualisation\/7592310\/?utm_source=embed&amp;utm_campaign=visualisation\/7592310\" target=\"_top\" rel=\"noopener noreferrer\"><img style=\"width: 105px!important;height: 16px!important;border: none!important;margin: 0!important\" src=\"https:\/\/public.flourish.studio\/resources\/made_with_flourish.svg\" alt=\"Made with Flourish\" \/> <\/a><\/div>\r\nA k\u00fcl\u00f6nbs\u00e9g nem v\u00e1ratlan, de az \u00f6sszehasonl\u00edt\u00e1s f\u00e1j\u00f3. Mondhatjuk azt, hogy az osztr\u00e1kok jobb anyagi helyzetben vannak, jobb az infrastrukt\u00far\u00e1juk, nagyobb a mer\u00edt\u00e9si lehet\u0151s\u00e9g, a konkurenciaharc \u00e9s a nemzetk\u00f6zi vonzer\u0151, de magunknak hazudunk, ha a min\u0151s\u00e9gbeli k\u00fcl\u00f6nbs\u00e9get csak erre fogjuk. Az osztr\u00e1k ut\u00e1np\u00f3tl\u00e1s-nevel\u00e9s sokkal t\u00f6bb jobban k\u00e9pzett, az \u00e9lvonalban bevethet\u0151 \u00e9s ott is ragad\u00f3, toplig\u00e1s karriert \u00e9p\u00edteni k\u00e9pes j\u00e1t\u00e9kost adott az \u00e9lvonalnak. A sz\u00f6vets\u00e9g t\u00e1mogatja anyagi \u00f6szt\u00f6nz\u0151kkel a fiatalok j\u00e1tszat\u00e1s\u00e1t, de ezek a fiatalok t\u00f6bbs\u00e9g\u00fckben val\u00f3ban \u00e9lvonalbeli szintre val\u00f3k. A rendszer cs\u00facs\u00e1n \u00e1ll\u00f3 klubok elfogadj\u00e1k a filoz\u00f3fi\u00e1t, hogy a liga egyik c\u00e9lja a fiatal j\u00e1t\u00e9kosok bedob\u00e1sa a m\u00e9ly v\u00edzbe \u00e9s felk\u00e9sz\u00edt\u00e9se magasabb szintre. Az anyagi \u00f6szt\u00f6nz\u0151 persze sok klubnak j\u00f3l j\u00f6n\u2026\r\n\r\n<span class=\"highlight-block\">Az elt\u00e9r\u0151 karrierutakra sok magyar\u00e1zat lehet. <\/span>\r\n\r\nVan, akinek s\u00e9r\u00fcl\u00e9s miatt t\u00f6rt meg a p\u00e1lyafut\u00e1sa, van, aki a t\u00e1mogatott korb\u00f3l \u201eki\u00f6reged\u00e9s\u201d ut\u00e1n kegyvesztett lett, \u00e9s alacsonyabb oszt\u00e1lyba k\u00e9nyszer\u00fclt, van, akinek t\u00fal kor\u00e1n j\u00f6tt az NB I, van, ahol a vezet\u0151edz\u0151 nem sz\u00e1molt a fiatalokkal vagy a vezet\u0151s\u00e9g nem tartotta fontosnak, hogy megfeleljenek a fiatalszab\u00e1lynak. Ezek a fiatal magyar j\u00e1t\u00e9kosok r\u00e1ad\u00e1sul a rendszer sokkal m\u00e9lyebben gy\u00f6kerez\u0151 probl\u00e9m\u00e1it (tud\u00e1shi\u00e1ny, sz\u0171k\u00f6s mer\u00edt\u00e9si lehet\u0151s\u00e9g, nem el\u00e9g \u00e9les konkurenciaharc) is magukkal cipelt\u00e9k, mire el\u00e9rtek a feln\u0151ttfutballig.\r\n\r\nDe neh\u00e9z lenne sz\u00edvder\u00edt\u0151nek nevezni azt a t\u00e9nyt, hogy egy olyan peri\u00f3dusban, amikor \u00f6szt\u00f6nz\u0151kkel t\u00e1rt\u00e1k ki az \u00e9lvonal kapuj\u00e1t a fiatal j\u00e1t\u00e9kosok el\u0151tt, ily keveseknek siker\u00fclt az \u00e1tt\u00f6r\u00e9s. H\u00e1rom \u00e9vvel a fiatalszab\u00e1ly kivezet\u00e9se ut\u00e1n a d\u00f6nt\u0151 t\u00f6bbs\u00e9g az NB II-ben, az NB III-ban vagy a megyei bajnoks\u00e1gban j\u00e1tszik, szemben az osztr\u00e1k tapasztalatokkal; ott a t\u00f6bbs\u00e9g \u00e9lvonalbeli futballista maradt vagy l\u00e9gi\u00f3snak \u00e1llt. Ez arra utal, hogy b\u00e1rmennyi p\u00e9nz is ker\u00fclt a rendszerbe, a min\u0151s\u00e9gi fiatal j\u00e1t\u00e9kos m\u00e9g mindig nagy hi\u00e1nycikk itthon. Ak\u00e1r helyzetbe hozz\u00e1k, ak\u00e1r nem.\r\n\r\nPersze ez a meg\u00e1llap\u00edt\u00e1s sem \u00fajdons\u00e1g. Ezzel vissza is kanyarodtunk az MLSZ strat\u00e9giai dokumentum\u00e1hoz, amely ugyeb\u00e1r lesz\u00f6gezi:\r\n\r\n\u201eAz akad\u00e9miai rendszer a lehet\u0151s\u00e9geihez m\u00e9rten kev\u00e9s nemzetk\u00f6zi szinten is jegyzett fiatal tehets\u00e9get nevelt ki.\u201d\r\n\r\n<em>Kiemelt k\u00e9p: Kecsk\u00e9s \u00c1kos, Sallai Roland, Bolla Bendeg\u00faz \u00e9s Sch\u00f6n Szabolcs, a magyar csapat tagjai y labdar\u00fag\u00f3 Eur\u00f3pa-bajnoks\u00e1g F csoportj\u00e1nak els\u0151 fordul\u00f3j\u00e1ban Magyarorsz\u00e1g - Portug\u00e1lia m\u00e9rk\u0151z\u00e9s v\u00e9g\u00e9n a Pusk\u00e1s Ar\u00e9n\u00e1ban<\/em>\r\n\r\n[prefabricated_shortcode in_app=\"0\" code=\"%3Cdiv%20class%3D%22article_box_border%22%20style%3D%22background%3A%20url%28%27https%3A%2F%2F24.p3k.hu%2Fapp%2Fuploads%2Fsites%2F24%2F2021%2F05%2Fsport24-pattern.png%27%29%20no-repeat%20left%20-16px%20%23f3f3f4%3B%20border%3A%20none%3B%22%3E%0D%0A%3Cdiv%20class%3D%22article_solidheader%22%3E%0D%0A%3Ch2%20style%3D%22color%3A%20%23111115%21important%3B%20font-size%3A%2036px%3B%20font-weight%3A%20bold%3B%20margin-bottom%3A%2030px%3B%20margin-top%3A%2020px%3B%20text-align%3A%20center%3B%20line-height%3A%2036px%3B%22%3E%3Cimg%20class%3D%22aligncenter%20size-full%20wp-image-141%22%20src%3D%22https%3A%2F%2F24.p3k.hu%2Fapp%2Fuploads%2Fsites%2F24%2F2021%2F05%2Fs24-logo-dt.png%22%20alt%3D%22%22%20width%3D%22408%22%20height%3D%2290%22%20%2F%3E%3C%2Fh2%3E%0D%0A%3Ch2%20style%3D%22color%3A%20%23111115%21important%3B%20font-size%3A%2036px%3B%20font-weight%3A%20bold%3B%20margin-bottom%3A%2030px%3B%20margin-top%3A%2020px%3B%20text-align%3A%20center%3B%20line-height%3A%2040px%3B%22%3ECsatlakozz%20a%20Sport24%20k%C3%B6z%C3%B6ss%C3%A9ghez%2C%20mondd%20el%20v%C3%A9lem%C3%A9nyedet%20z%C3%A1rt%20Facebook-csoportunkban%2C%20%C3%A9s%20vegy%C3%A9l%20r%C3%A9szt%20csak%20el%C5%91fizet%C5%91knek%20el%C3%A9rhet%C5%91%20exkluz%C3%ADv%20esem%C3%A9nyeinken.%3C%2Fh2%3E%0D%0A%3C%2Fdiv%3E%0D%0A%3Cp%20style%3D%22background%3A%20%2357A600%3B%20margin-top%3A%2020px%3B%20padding%3A%2020px%3B%20text-align%3A%20center%3B%22%3E%3Ca%20style%3D%22color%3A%20%23ffffff%3B%20font-size%3A%2026px%3B%20font-weight%3A%20600%3B%22%20href%3D%22https%3A%2F%2Fwww.facebook.com%2Fgroups%2F212344460412327%22%3ECSATLAKOZOM%3C%2Fa%3E%3C%2Fp%3E%0D%0A%0D%0A%3C%2Fdiv%3E\"]","type":"rich","thumbnail_url":"https:\/\/s.24.hu\/app\/uploads\/sites\/24\/2021\/10\/d__as20210615143-150x150.jpg","thumbnail_width":150,"thumbnail_height":150}