{"version":"1.0","provider_name":"Sport24","provider_url":"https:\/\/sport24.24.hu","author_name":"Bruckner G\u00e1bor","author_url":"https:\/\/sport24.24.hu\/author\/brucknerg\/","title":"Lemosni a gyal\u00e1zatot, avagy a sza\u00fadiak megvett\u00e9k a Newcastle-t","html":"<h2>Kir\u00e1lys\u00e1g<\/h2>\r\nOkt\u00f3ber els\u0151 cs\u00fct\u00f6rt\u00f6kj\u00e9n olyan boldogs\u00e1gban \u00fasztak a Newcastle United szurkol\u00f3i, mintha az angol bajnoki c\u00edm \u00e9s a nemzeti kupa ut\u00e1n a Bajnokok Lig\u00e1j\u00e1t is megnyerte volna a klub. Folyt a s\u00f6r a csapat \u00e1ltal 1892 \u00f3ta haszn\u00e1lt stadion, a St. James Park k\u00f6rny\u00e9k\u00e9n, locsolt\u00e1k is rendesen a drukkerek, mint honfit\u00e1rsaink a magyar\u2013angolon, t\u00e1ncoltak, vigadtak. Pedig sz\u00f3 sem volt Treble-r\u0151l, egy \u201eegyszer\u0171\u201d bejelent\u00e9s r\u00f6p\u00edtette a hetedik mennyorsz\u00e1gba a v\u00e1ros lak\u00f3it: a sza\u00fad-ar\u00e1biai \u00e1llami befektet\u00e9si alap, a Public Investment Fund (PIF) vezette konzorcium, az abu-dzabi sz\u00e9khely\u0171 PCP Capital Partnersszel \u00e9s az angol Reuben Brothershez tartoz\u00f3 Sports &amp; Mediaval kieg\u00e9sz\u00fclve mintegy 300 milli\u00f3 font \u00f6sszegben kiv\u00e1s\u00e1rolta a kor\u00e1bbi tulajdonos <strong>Mike Ashley-t<\/strong> (St. James Holdings Limited) a Newcastle United Limited \u00e9s a Newcastle United Football Club Limited c\u00e9gekb\u0151l, megszerezve a t\u00e1rsas\u00e1gok tulajdonr\u00e9sz\u00e9nek 100 sz\u00e1zal\u00e9k\u00e1t.\r\n<blockquote class=\"small-quote\">Visszakaptuk a klubunkat!<\/blockquote>\r\n\u2013 k\u00e1nt\u00e1lt\u00e1k az Internet tan\u00fas\u00e1ga szerint az egy\u00e9bk\u00e9nt a demokr\u00e1ci\u00e1ra, toleranci\u00e1ra \u00e9s egyenl\u0151s\u00e9gre val\u00f3sz\u00edn\u0171leg oly \u00e9rz\u00e9keny angol szurkol\u00f3k, akiket az adott pillanatban szemmel l\u00e1that\u00f3an nem zavart, hogy a PIF a vil\u00e1g egyik legbrut\u00e1lisabb elnyom\u00f3 rezsimj\u00e9nek k\u00e9pvisel\u0151je, ahol ha egy szabadgondolkod\u00f3 v\u00e9lem\u00e9nyt nyilv\u00e1n\u00edt, m\u00e1ris fatv\u00e1t adnak ki ellene, ahol a melegekre ak\u00e1r hal\u00e1lb\u00fcntet\u00e9s is v\u00e1rhat, ahol csak 2018 \u00f3ta vezethetnek aut\u00f3t a n\u0151k, de tov\u00e1bbra is szigor\u00faan apjuknak \u00e9s fi\u00fatestv\u00e9reiknek, f\u00e9rj\u00fcknek, ap\u00f3suknak \u00e9s s\u00f3goraiknak al\u00e1rendelve l\u00e9teznek.\r\n\r\nJa, \u00e9s a boldog szurkerek nagy \u00edvben tettek a hagyom\u00e1nyos eur\u00f3pai sport\u00e9rt\u00e9kekre\u2026\r\n\r\n<img class=\"alignnone size-large wp-image-2263\" src=\"https:\/\/sport24.24.hu\/app\/uploads\/sites\/24\/2021\/10\/gettyimages-1235753676-1024x728.jpg\" alt=\"\" width=\"1024\" height=\"728\" \/>\r\n<div class=\"payable-content-section\"><\/div>\r\n<h2>Geopolitika<\/h2>\r\nMagyarorsz\u00e1gon az effajta befektet\u00e9sekre hajlamosak vagyunk \u00fari huncuts\u00e1gk\u00e9nt tekinteni, gazdag emberek, focibolond politikusok kedvtel\u00e9s\u00e9nek, j\u00e1t\u00e9kszer\u00e9nek v\u00e9lni. S\u00falyos hiba. <strong>Simon Chadwick<\/strong> professzor, az Emlyon Business School Euro-\u00e1zsiai Sport K\u00f6zpont igazgat\u00f3ja, a sport geopolitikai gazdas\u00e1gtan\u00e1nak tal\u00e1n legismertebb eur\u00f3pai kutat\u00f3ja szerint <a href=\"https:\/\/twitter.com\/Prof_Chadwick\/status\/1446798180834762753\" target=\"_blank\" rel=\"noopener noreferrer\">\u00f6sszetett folyamatokat kell vizsg\u00e1lni<\/a> a sza\u00fadi felv\u00e1s\u00e1rl\u00e1s m\u00f6g\u00f6tt: a klub csak eszk\u00f6z a c\u00e9l el\u00e9r\u00e9s\u00e9re, nem \u00f6nc\u00e9l. Az \u00fczlet a k\u00e9t kir\u00e1lys\u00e1g, a sza\u00fadi \u00e9s a brit k\u00f6z\u00f6tti geopolitikai kapcsolatokr\u00f3l sz\u00f3l, a v\u00e1laszt\u00e1si \u00edg\u00e9retekr\u0151l \u00e9s a munkahelyteremt\u00e9sr\u0151l; a megt\u00e9r\u00fcl\u0151 beruh\u00e1z\u00e1sokr\u00f3l, a diverzifik\u00e1ci\u00f3 el\u0151seg\u00edt\u00e9s\u00e9r\u0151l, a szem\u00e9lyk\u00f6zi\/\u00fczleti\/politikai h\u00e1l\u00f3zatok ki\u00e9p\u00edt\u00e9s\u00e9r\u0151l; a nemzetm\u00e1rk\u00e1kr\u00f3l \u00e9s a soft powerr\u0151l. Na \u00e9s a demogr\u00e1fi\u00e1r\u00f3l, a v\u00e1ltoz\u00f3ban l\u00e9v\u0151 arab t\u00e1rsadalmakr\u00f3l, teszik hozz\u00e1 m\u00e1sok, ahol a fiatalok m\u00e1r sokkal ink\u00e1bb vonz\u00f3dnak a glob\u00e1lis modern \u00e9rt\u00e9kekhez, mint a z\u00e1rt k\u00f6z\u00f6ss\u00e9gekhez.\r\n\r\nSza\u00fad-Ar\u00e1bia j\u00e1rad\u00e9kos orsz\u00e1g, amely nemzeti bev\u00e9teleinek jelent\u0151s r\u00e9sz\u00e9t a k\u00fclf\u00f6ldi mag\u00e1nszem\u00e9lyek, konszernek vagy korm\u00e1nyok \u00e1ltal a sz\u00e9n-dioxid t\u00fczel\u0151anyagok termel\u00e9s\u00e9\u00e9rt fizetett bev\u00e9telekb\u0151l szerzi. (B\u0151vebben <a href=\"http:\/\/pomeps.org\/wp-content\/uploads\/2019\/02\/POMEPS_Studies_33.pdf\" target=\"_blank\" rel=\"noopener noreferrer\">l\u00e1sd itt!<\/a>) Mivel azonban a vil\u00e1g t\u00e1volodik a sz\u00e9n-dioxid t\u00fczel\u0151anyagok fogyaszt\u00e1s\u00e1t\u00f3l, Sza\u00fad-Ar\u00e1bi\u00e1nak diverzifik\u00e1lnia kell gazdas\u00e1g\u00e1t, ez\u00e9rt jellemz\u0151en tengerent\u00fali eszk\u00f6z\u00f6kbe fektet be, amelyek seg\u00edtenek fenntartani az orsz\u00e1g gazdags\u00e1g\u00e1t az olajon \u00e9s a g\u00e1zon t\u00fal. Ennek egyik ir\u00e1nya a sportba t\u00f6rt\u00e9n\u0151 befektet\u00e9s.\r\n\r\nA fiatal uralkod\u00f3 herceg, <strong>Mohammed Bin Szalman<\/strong> 2007 ut\u00e1ni hatalomra ker\u00fcl\u00e9s\u00e9vel teljesen <a href=\"https:\/\/uscpublicdiplomacy.org\/blog\/geopolitics-sport-soft-power-soccer-and-arab-gulf\" target=\"_blank\" rel=\"noopener noreferrer\">\u00faj sportpolitika<\/a> \u00a0indult el. 2013-ban Bin Salman nyilv\u00e1noss\u00e1gra hozta \u201eV\u00edzi\u00f3 2030\u201d programj\u00e1t, amelynek c\u00e9lja egy \u00faj posztindusztri\u00e1lis gazdas\u00e1g ki\u00e9p\u00edt\u00e9se, amely rugalmas, versenyk\u00e9pes \u00e9s diverzifik\u00e1lt. Ennek r\u00e9szk\u00e9nt\r\n\r\n<span class=\"highlight-block\">az orsz\u00e1g jelent\u0151s sportk\u00f6ltekez\u00e9sbe kezdett, <\/span>\r\n\r\na helyi labdar\u00fag\u00e1st privatiz\u00e1lt\u00e1k, \u00e9s bevont\u00e1k az \u00fczletbe, 2014-re hatalmas \u00faj sportv\u00e1ros \u00e9p\u00fclt t\u00f6bb mint f\u00e9lmilli\u00e1rd doll\u00e1ros csillag\u00e1szati \u200b\u200bk\u00f6lts\u00e9ggel, de r\u00e9sze a k\u00f6vetkez\u0151 futballszt\u00e1rok gener\u00e1ci\u00f3j\u00e1nak n\u00e9pszer\u0171s\u00edt\u00e9se vagy egy angol Premier League klub birtokl\u00e1sa is. Nyilv\u00e1n lehetnek \u00f6sszef\u00fcgg\u00e9sek a strat\u00e9gia ezen k\u00fcl\u00f6nb\u00f6z\u0151 elemei k\u00f6z\u00f6tt, \u00e9s nem kell meglep\u0151dn\u00fcnk, ha p\u00e9ld\u00e1ul sza\u00fad-ar\u00e1biai j\u00e1t\u00e9kosokat l\u00e1tunk a k\u00f6zelj\u00f6v\u0151ben a St. James Parkban edzeni \u2013 <a href=\"https:\/\/www.cityam.com\/saudi-arabias-takeover-of-newcastle-united-is-about-far-more-than-football\/\" target=\"_blank\" rel=\"noopener noreferrer\">jegyzi meg<\/a> Chadwick professzor.\r\n\r\nA befektet\u00e9s m\u00e1sf\u00e9le ir\u00e1nya lehet az ingatlanfejleszt\u00e9s, ahogyan az a Manchester City eset\u00e9ben is t\u00f6rt\u00e9nt, amelynek felv\u00e1s\u00e1rl\u00e1s\u00e1n\u00e1l szint\u00e9n \u00e9rintett volt a PCP Capital Partners Group, \u00e9s tal\u00e1n ennek is k\u00f6sz\u00f6nhet\u0151 az ingatlanfejleszt\u00e9sekkel foglalkoz\u00f3 Reuben Brothers felbukkan\u00e1sa is az \u00fcgyletben. Azon t\u00fal, hogy a szak\u00e9rt\u0151k a helyi ingatlanpiac fellend\u00fcl\u00e9s\u00e9t j\u00f3solj\u00e1k Newcastle-ban, sokkal fontosabb t\u00e9nyez\u0151 lehet, hogy a v\u00e1ros a Tyne foly\u00f3 torkolat\u00e1hoz k\u00f6zel fekszik, amely k\u00e9pes m\u00e9lytengeri kont\u00e9neres haj\u00f3k befogad\u00e1s\u00e1ra. Sza\u00fad-Ar\u00e1bia korm\u00e1nya pedig \u00e9ppen afro-eur\u00e1zsiai kereskedelmi csom\u00f3pontk\u00e9nt pozicion\u00e1lja mag\u00e1t, aminek k\u00f6vetkezt\u00e9ben kont\u00e9nerkik\u00f6t\u0151inek l\u00e9tes\u00edtm\u00e9nyei jelent\u0151sen b\u0151v\u00fclnek. Lehets\u00e9ges, hogy Newcastle az \u00d6b\u00f6l-menti orsz\u00e1g glob\u00e1lis kereskedelmi h\u00e1l\u00f3zat\u00e1nak csom\u00f3pontj\u00e1v\u00e1 v\u00e1lik \u2013 \u00e9s a United tulajdonjog\u00e1nak megszerz\u00e9se v\u00e9lhet\u0151leg j\u00f3l zs\u00edrozza a b\u00fcrokr\u00e1cia fogaskerekeit.\u00a0 A k\u00f6zelm\u00faltban az is felvet\u0151d\u00f6tt, hogy a Tyne foly\u00f3 \u00e9s az \u00e9szakkeleti partvid\u00e9k a \u201esz\u00e9ler\u0151m\u0171vek Sza\u00fad-Ar\u00e1bi\u00e1ja\u201d lehet, a futball pedig seg\u00edt a hat\u00e9kony \u00fczleti \u00e9s politikai kapcsolatok ki\u00e9p\u00edt\u00e9s\u00e9ben.\r\n\r\nA futballbev\u00e1s\u00e1rl\u00e1s egy\u00e9bk\u00e9nt csak r\u00e9sze a k\u00f6zelm\u00falt kiemelt sza\u00fadi sz\u00f3rakoztat\u00f3iparba t\u00f6rt\u00e9n\u0151 befektet\u00e9seinek. Az elm\u00falt \u00e9vben a Public Investment Fund t\u00f6bb mint<a href=\"https:\/\/foreignpolicy.com\/2021\/10\/08\/saudi-arabia-mbs-newcastle-united-soft-power-play\/\" target=\"_blank\" rel=\"noopener noreferrer\"> 1,3 milli\u00e1rd doll\u00e1rt inveszt\u00e1lt<\/a> a Disney-be, a Live Nation koncertszervez\u0151be, \u00e9s m\u00e9g a Carnival Cruise Line-ba is.\r\n<h2>Soft power, sportmos\u00e1s<\/h2>\r\nAz elm\u00falt \u00e9vekben Sza\u00fad-Ar\u00e1bia maga is sz\u00e1mos <a href=\"https:\/\/www.france24.com\/en\/20200102-saudi-uses-sports-soft-power-as-lever-of-influence\" target=\"_blank\" rel=\"noopener noreferrer\">l\u00e1tv\u00e1nyos sportesem\u00e9nynek<\/a> adott otthont, \u00e9s ad a j\u00f6v\u0151ben is. Rendeztek Formula-E motorversenyt, teniszbemutat\u00f3t, de a n\u0151i birk\u00f3z\u00e1s is \u2013 a szok\u00e1sos felhajt\u00e1st mell\u0151zve \u2013 itt deb\u00fct\u00e1lt a t\u00e9rs\u00e9gben. 2018-ban Juventus\u2013Milan, 2019-ben Lazio\u2013Juventus m\u00e9rk\u0151z\u00e9st j\u00e1tszottak Dzsidd\u00e1ban \u00e9s Rij\u00e1dban az Olasz Szuperkup\u00e1\u00e9rt, \u00e9s a h\u00edrek szerint 2022 janu\u00e1rj\u00e1ban visszat\u00e9rnek az it\u00e1liaiak a sza\u00fadi kir\u00e1lys\u00e1gba. 2019 v\u00e9g\u00e9n Argent\u00edna\u2013Braz\u00edlia bar\u00e1ts\u00e1gos meccsre ker\u00fclt sor, majd k\u00e9t h\u00f3nap m\u00falva, 2020 janu\u00e1rj\u00e1ban <strong>Messi<\/strong> visszat\u00e9rt, amikor is a Barcelona, a Real Madrid, az Atletico Madrid \u00e9s a Valencia r\u00e9szv\u00e9tel\u00e9vel rendezt\u00e9k meg a n\u00e9gycsapatos Spanyol Szuperkup\u00e1t. 2020 ut\u00e1n 2021-ben is a kir\u00e1lys\u00e1g volt a helysz\u00edne a Dakar-ralinak, 2021 okt\u00f3bere \u00e9s 2022 m\u00e1rciusa k\u00f6z\u00f6tt pedig k\u00f6zel 7500 zenei, sz\u00ednh\u00e1zi, gasztro- \u00e9s sportesem\u00e9nnyel rendeznek \u00f6th\u00f3napos kultur\u00e1lis fesztiv\u00e1lt az orsz\u00e1gban, hogy elk\u00e1pr\u00e1ztass\u00e1k a vil\u00e1got. Ennek r\u00e9sze lesz a december 5-i h\u00e9tv\u00e9gi Forma\u20131-es nagyd\u00edj Dzsidd\u00e1ban, valamint 2022 janu\u00e1rj\u00e1ban a Riyadh Season Cup a PSG (Messi, <strong>Neymar, Mbapp\u00e9<\/strong>) fell\u00e9p\u00e9s\u00e9vel.\r\n\r\n[caption id=\"attachment_2264\" align=\"alignnone\" width=\"1024\"]<img class=\"size-large wp-image-2264\" src=\"https:\/\/sport24.24.hu\/app\/uploads\/sites\/24\/2021\/10\/gettyimages-1190054770-1024x694.jpg\" alt=\"\" width=\"1024\" height=\"694\" \/> Juventus \u00f6lt\u00f6z\u0151i k\u00e9p a 2019-es Olasz Szuperkupa d\u00f6nt\u0151 el\u0151tt.[\/caption]\r\n\r\nMire fel ez a nagy buzgalom? Sok szak\u00e9rt\u0151 szerint Sza\u00fad-Ar\u00e1bia a csillog\u00f3 sportos extravaganz\u00e1kat <a href=\"https:\/\/www.bangkokpost.com\/world\/1827404\/saudi-uses-sports-soft-power-as-lever-of-influence\" target=\"_blank\" rel=\"noopener noreferrer\">a soft power (l\u00e1gy hatalom) eszk\u00f6zek\u00e9nt<\/a> k\u00edv\u00e1nja felhaszn\u00e1lni a region\u00e1lis f\u00f6l\u00e9ny el\u00e9r\u00e9se \u00e9rdek\u00e9ben, valamint kedvez\u0151bb k\u00e9pet akar kialak\u00edtani mag\u00e1r\u00f3l. Egy olyan orsz\u00e1gr\u00f3l, amelyet\r\n\r\n<span class=\"highlight-block\">r\u00e9g\u00f3ta a dzsih\u00e1dista ideol\u00f3gia export\u0151rek\u00e9nt tartanak sz\u00e1mon. <\/span>\r\n\r\nA labdar\u00fag\u00e1s soft power c\u00e9lok szempontj\u00e1b\u00f3l kit\u00fcntetett szerepben van, mivel rendk\u00edv\u00fcl n\u00e9pszer\u0171 szerte a vil\u00e1gban. Nem mellesleg az \u00d6b\u00f6l-t\u00e9rs\u00e9g orsz\u00e1gainak ifj\u00fas\u00e1ga az eur\u00f3pai futball fanatikus rajong\u00f3ja, \u00edgy er\u0151s a bels\u0151 t\u00e1rsadalmi nyom\u00e1s is, hogy Katarhoz \u00e9s az Egyes\u00fclt Arab Em\u00edrs\u00e9gekhez hasonl\u00f3an Sza\u00fad-Ar\u00e1bia is nyisson a labdar\u00fag\u00e1sra. M\u00e1rpedig egy olyan orsz\u00e1gr\u00f3l besz\u00e9l\u00fcnk, amelyben a lakoss\u00e1g k\u00e9tharmada 30 \u00e9v alatti, \u00e9s n\u00f6vekszik a fiatalok munkan\u00e9lk\u00fclis\u00e9ge.\r\n\r\nAz emberjogi aktivist\u00e1k szerint azonban nem egyszer\u0171en \u201ekedvez\u0151 k\u00e9p\u201d kialak\u00edt\u00e1s\u00e1r\u00f3l van sz\u00f3, hanem \u201esportmos\u00e1sr\u00f3l\u201d. Hiszen eur\u00f3pai norm\u00e1k szerint t\u00e9nyleg brut\u00e1lis elnyom\u00f3 rendszerr\u0151l besz\u00e9l\u00fcnk, amelynek csak kiragadott p\u00e9ld\u00e1ja <strong>Dzsam\u00e1l Hasogdzsi<\/strong> \u00fajs\u00e1g\u00edr\u00f3 brut\u00e1lis meggyilkol\u00e1sa Isztambulban 2018-ban; a sza\u00fadi vezet\u00e9s\u0171 jemeni katonai beavatkoz\u00e1s; az ellenv\u00e9lem\u00e9nyek \u00e1tfog\u00f3 visszaszor\u00edt\u00e1sa; az, hogy 2019 -ben a hivatalos adatok alapj\u00e1n legal\u00e1bb 187 embert v\u00e9geztek ki, ami a legmagasabb sz\u00e1m 1995 \u00f3ta; vagy az a t\u00e9ny, hogy a n\u0151k tov\u00e1bbra sem nyithatnak, vezethetnek banksz\u00e1ml\u00e1t, nem sz\u00e1llhatnak rep\u00fcl\u0151g\u00e9pre egyed\u00fcl, nyilv\u00e1nos helyeken kiz\u00e1r\u00f3lag a csal\u00e1doknak fenntartott r\u00e9szre \u00fclhetnek le. Ebben a helyzetben a csillog\u00f3 sportesem\u00e9nyek \u00e9s a l\u00e1tv\u00e1nyos sportbefektet\u00e9sek c\u00e9lja nem m\u00e1s, mint \u201elemosni a gyal\u00e1zatot\u201d az elk\u00f6vetett \u00e9s folyamatosan jelenl\u00e9v\u0151 b\u0171n\u00f6kr\u0151l \u2013 mondj\u00e1k az aktivist\u00e1k.\r\n<h2>Merre tov\u00e1bb, futball?<\/h2>\r\nA sza\u00fadi strat\u00e9gia egyel\u0151re sikeresnek t\u0171nik. Newcastle v\u00e1rosa t\u00e1ncol \u00e9s \u00e9nekel, az angol korm\u00e1nyzat is t\u00e1mogat\u00f3: <a href=\"https:\/\/www.bbc.com\/news\/uk-politics-58840820\" target=\"_blank\" rel=\"noopener noreferrer\">a korm\u00e1ny azt \u00e1ll\u00edtja<\/a>, nem keveredett bele az \u00fczletbe, amelyet az emberi jogi aktivist\u00e1k kritiz\u00e1lnak. Ugyanakkor a k\u00fcl\u00fcgyminiszt\u00e9rium elismerte, hogy megbesz\u00e9l\u00e9seket folytatott a Premier League-gel a kiv\u00e1s\u00e1rl\u00e1sr\u00f3l, de az Egyes\u00fclt Kir\u00e1lys\u00e1g korm\u00e1nya nem hajland\u00f3 el\u00e1rulni, hogyan foglalt \u00e1ll\u00e1st a t\u00e1rgyal\u00e1s sor\u00e1n, \u201emert az \u00e1rthat a kapcsolatoknak Sza\u00fad-Ar\u00e1bi\u00e1val, ami nem lenne k\u00f6z\u00e9rdek\u201d. A vil\u00e1gb\u00e9k\u00e9\u00e9rt agg\u00f3d\u00f3k sem lehetnek teljesen el\u00e9gedetlenek, hiszen a katari sz\u00e9khely\u0171 beIN Sports m\u0171sorszolg\u00e1ltat\u00f3, a Premier League t\u00e9rs\u00e9gi k\u00f6zvet\u00edt\u00e9si jogtulajdonosa bejelentette, hogy Sza\u00fad-Ar\u00e1bia feloldja a csatorna eddigi tilt\u00e1s\u00e1t, \u00e9s a Premier League is megkapta a mag\u00e1\u00e9t, miut\u00e1n Sza\u00fad-Ar\u00e1bia le\u00e1ll\u00edtja a tiltott streaming ad\u00e1sokat, tov\u00e1bb\u00e1 \u201ejogilag k\u00f6telez\u0151 \u00e9rv\u00e9ny\u0171\" biztos\u00edt\u00e9kot adott arr\u00f3l: egy\u00e9rtelm\u0171en elk\u00fcl\u00f6n\u00edti egym\u00e1st\u00f3l a PIF-et \u00e9s a sza\u00fadi \u00e1llamot. (Az nyilv\u00e1n nem sz\u00e1m\u00edt, hogy a PIF eln\u00f6ke Mohammed Bin Szalman sza\u00fadi tr\u00f3n\u00f6r\u00f6k\u00f6s.)\r\n\r\nA Public Investment Fund a maga 430 milli\u00e1rd doll\u00e1ros t\u0151k\u00e9j\u00e9vel a vil\u00e1g 9. legnagyobb vagyon\u00fa <a href=\"https:\/\/polgariszemle.hu\/archivum\/142-2017-november-13-evfolyam-1-3-szam\/nemzetkozi-gazdasag-es-tarsadalom\/901-a-szuveren-alapok-onszabalyozasi-mechanizmusa-a-santiago-elvek\" target=\"_blank\" rel=\"noopener noreferrer\">szuver\u00e9n alapja<\/a>, olyan speci\u00e1lis befektet\u00e9si alap, amely felett a sza\u00fad-ar\u00e1biai \u00e1llam korm\u00e1nya rendelkezik, \u00e1llami eszk\u00f6z- \u00e9s vagyonkezel\u00e9st folytat, \u00e9s olyan p\u00e9nz\u00fcgyi strat\u00e9gi\u00e1kat val\u00f3s\u00edt meg, amelyeknek r\u00e9sze a k\u00fclf\u00f6ldi p\u00e9nz\u00fcgyi eszk\u00f6z\u00f6kbe t\u00f6rt\u00e9n\u0151 befektet\u00e9s is. 430 milli\u00e1rd doll\u00e1r nagyon sok p\u00e9nz a futball n\u00e9z\u0151pontj\u00e1b\u00f3l, mivel az eredm\u00e9nyeket a j\u00e1t\u00e9kjogokon, a fizet\u00e9seken, a felk\u00e9sz\u00fcl\u00e9si technol\u00f3gi\u00e1kon kereszt\u00fcl megv\u00e1s\u00e1rolj\u00e1k. Az persze vil\u00e1gos, hogy a vagyon t\u00f6red\u00e9ke ford\u00edt\u00f3dik csak futballra, de ebben a nagys\u00e1grendben m\u00e1r a \u201elees\u0151 apr\u00f3p\u00e9nz\u201d is az eur\u00f3pai elitbe r\u00f6p\u00edthet egy csapatot. R\u00e1ad\u00e1sul \u00e1llami alapr\u00f3l r\u00e9v\u00e9n sz\u00f3 a befektet\u00e9s megt\u00e9r\u00fcl\u00e9s\u00e9t sem felt\u00e9tlen\u00fcl a k\u00f6zvetlen p\u00e9nz\u00fcgyi hasznon m\u00e9rik, \u00edgy el\u00e9g logikusnak t\u0171nik a v\u00e1rakoz\u00e1s, hogy \u00fajabb nagy hagyom\u00e1ny\u00fa klub t\u00e9rjen vissza az angol \u00e9s azon kereszt\u00fcl az eur\u00f3pai labdar\u00fag\u00e1s legfels\u0151 k\u00f6reibe. (Ennek elvi akad\u00e1lya lehetne az UEFA Financial Fair Play programja, de ezen a felvet\u00e9sen most kacagjunk egy j\u00f3t.)\r\n\r\nAz a furcsas\u00e1g van, hogy mik\u00f6zben\r\n\r\n<span class=\"highlight-block-small\">a sza\u00fadi befektet\u00e9s a lehet\u0151 legdurv\u00e1bban g\u00e1zol kereszt\u00fcl a hagyom\u00e1nyos sport\u00e9rt\u00e9keken, <\/span>\r\n\r\nha igaz a mese, akkor a be\u00e1raml\u00f3 p\u00e9nz t\u00e9nylegesen n\u00f6veli a klubok k\u00f6z\u00f6tti versenyt, aminek elvileg nemcsak a Newcastle United, de minden szurkol\u00f3 \u00f6r\u00fclhet: m\u00e9g ki\u00e9lezettebb lesz a bajnoki \u00e9s a kupak\u00fczdelem, m\u00e9g magasabb a sz\u00ednvonal. B\u00e1r t\u00f6bben megeml\u00edtik, hogy a sza\u00fadi h\u00e1tt\u00e9r rontja az angol futball im\u00e1zs\u00e1t, ez\u00e9rt ak\u00e1r az \u00e9rdekl\u0151d\u00e9s is cs\u00f6kkenhet, egyel\u0151re nem l\u00e1tszik, hogy az elm\u00falt \u00e9vek k\u00e9tes h\u00e1tter\u0171 nagybefektet\u00e9sei k\u00fcl\u00f6n\u00f6sk\u00e9ppen t\u00e1vol tartott\u00e1k volna a k\u00f6z\u00f6ns\u00e9get a stadionokb\u00f3l, a n\u00e9z\u0151ket a t\u00e9v\u00e9k el\u0151l. \u00c9s az a furcsas\u00e1g is el\u0151\u00e1llhat, hogy egy id\u0151 ut\u00e1n nem a profitorient\u00e1lt klubok hoznak l\u00e9tre z\u00e1rt lig\u00e1t, hanem az \u201eolajb\u00e1ny\u00e1szok\u201d, mivel a t\u00f6bb\u00e9-kev\u00e9sb\u00e9 szigor\u00faan a bev\u00e9telekb\u0151l-kiad\u00e1sokb\u00f3l \u00e9l\u0151 v\u00e1llalatok nem fogj\u00e1k tudni tartani a l\u00e9p\u00e9st az \u00e1llami csapatokkal. (Nem hi\u00e1ba van a h\u00edrek szerint p\u00e1nik p\u00e9ld\u00e1ul a Liverpool, a Manchester United, az Arsenal, a Tottenham h\u00e1za t\u00e1j\u00e1n\u2026) Mivel a glob\u00e1lis m\u00e9dia lett a d\u00f6nt\u0151 a futball\u00fczletben, a megt\u00e9r\u00fcl\u00e9sek pedig nem felt\u00e9tlen\u00fcl k\u00f6zvetlen\u00fcl p\u00e9nzben m\u00e9rtek, ha elfogynak a nagycsapatok, ak\u00e1r a kisebb piacokon is megjelenhetnek a kir\u00e1lyfik h\u00f3feh\u00e9r Rolls-Royce aut\u00f3jukon, \u00e9s akkor n\u00e9h\u00e1ny \u00e9v m\u00falva j\u00f6het a Kisv\u00e1rda\u2013Newcastle United Bajnokok Lig\u00e1ja-el\u0151d\u00f6nt\u0151.\r\n\r\n<span class=\"highlight-block\">Kir\u00e1lys\u00e1g lesz\u2026<\/span>\r\n\r\n[prefabricated_shortcode in_app=\"0\" code=\"%3Cdiv%20class%3D%22article_box_border%22%20style%3D%22background%3A%20url%28%27https%3A%2F%2F24.p3k.hu%2Fapp%2Fuploads%2Fsites%2F24%2F2021%2F05%2Fsport24-pattern.png%27%29%20no-repeat%20left%20-16px%20%23f3f3f4%3B%20border%3A%20none%3B%22%3E%0D%0A%3Cdiv%20class%3D%22article_solidheader%22%3E%0D%0A%3Ch2%20style%3D%22color%3A%20%23111115%21important%3B%20font-size%3A%2036px%3B%20font-weight%3A%20bold%3B%20margin-bottom%3A%2030px%3B%20margin-top%3A%2020px%3B%20text-align%3A%20center%3B%20line-height%3A%2036px%3B%22%3E%3Cimg%20class%3D%22aligncenter%20size-full%20wp-image-141%22%20src%3D%22https%3A%2F%2F24.p3k.hu%2Fapp%2Fuploads%2Fsites%2F24%2F2021%2F05%2Fs24-logo-dt.png%22%20alt%3D%22%22%20width%3D%22408%22%20height%3D%2290%22%20%2F%3E%3C%2Fh2%3E%0D%0A%3Ch2%20style%3D%22color%3A%20%23111115%21important%3B%20font-size%3A%2036px%3B%20font-weight%3A%20bold%3B%20margin-bottom%3A%2030px%3B%20margin-top%3A%2020px%3B%20text-align%3A%20center%3B%20line-height%3A%2040px%3B%22%3ECsatlakozz%20a%20Sport24%20k%C3%B6z%C3%B6ss%C3%A9ghez%2C%20mondd%20el%20v%C3%A9lem%C3%A9nyedet%20z%C3%A1rt%20Facebook-csoportunkban%2C%20%C3%A9s%20vegy%C3%A9l%20r%C3%A9szt%20csak%20el%C5%91fizet%C5%91knek%20el%C3%A9rhet%C5%91%20exkluz%C3%ADv%20esem%C3%A9nyeinken.%3C%2Fh2%3E%0D%0A%3C%2Fdiv%3E%0D%0A%3Cp%20style%3D%22background%3A%20%2357A600%3B%20margin-top%3A%2020px%3B%20padding%3A%2020px%3B%20text-align%3A%20center%3B%22%3E%3Ca%20style%3D%22color%3A%20%23ffffff%3B%20font-size%3A%2026px%3B%20font-weight%3A%20600%3B%22%20href%3D%22https%3A%2F%2Fwww.facebook.com%2Fgroups%2F212344460412327%22%3ECSATLAKOZOM%3C%2Fa%3E%3C%2Fp%3E%0D%0A%0D%0A%3C%2Fdiv%3E\"]","type":"rich","thumbnail_url":"https:\/\/s.24.hu\/app\/uploads\/sites\/24\/2021\/10\/gettyimages-1235750465-150x150.jpg","thumbnail_width":150,"thumbnail_height":150}