{"version":"1.0","provider_name":"Sport24","provider_url":"https:\/\/sport24.24.hu","author_name":"Fut\u00f3 Csaba","author_url":"https:\/\/sport24.24.hu\/author\/futocs\/","title":"\u00dctemtelen, pontatlan, kedvetlen v\u00e1logatott","html":"<strong>Gul\u00e1csi P\u00e9ter<\/strong> (5,5) csapatkapit\u00e1nyk\u00e9nt \u00e1llt a kapuban: Uzuni l\u00f6v\u00e9s\u00e9n\u00e9l \u00e9s fejes\u00e9n\u00e9l kifejezetten j\u00f3 helyen. Broja g\u00f3lj\u00e1n\u00e1l viszont ugorhatott volna nagyobbat. Nem volt akkora potya, mint az angolok ellen, de abb\u00f3l a sz\u00f6gb\u0151l az\u00e9rt nem illik g\u00f3lt kapni.\r\n\r\n<strong>Botka Endre<\/strong> (4,5) viszonylag szil\u00e1rdan \u00e1llt a l\u00e1b\u00e1n, ami ezen a m\u00e9rk\u0151z\u00e9sen dics\u00e9retnek sz\u00e1m\u00edt. Viszont kis\u00e1rg\u00e1zta mag\u00e1t a Wembley-b\u0151l, nem j\u00e1tszhat Anglia ellen.\r\n<blockquote>\u00dagy fog hi\u00e1nyozni onnan, hogy fel sem t\u0171nik majd a hi\u00e1nya \u2013 mondan\u00e1m r\u00f3la, ha sz\u00e9kely b\u00e1csi lenn\u00e9k.<\/blockquote>\r\n<strong>Willi Orb\u00e1n<\/strong> (4,5) j\u00e1t\u00e9k\u00e1b\u00f3l egy ideje mintha az a szenved\u00e9ly hi\u00e1nyozna, ami a magyar v\u00e1logatottban sok\u00e1ig jellemezte \u0151t, \u00e9s ami miatt sokak kedvence lett. A Broja g\u00f3lja el\u0151tti mozdulata is err\u0151l tan\u00faskodik, \u00e9rezte a bajt, kiv\u00e1ltott k\u00f6z\u00e9pr\u0151l, de csak \u00fagy tess\u00e9k-l\u00e1ss\u00e9k, kedvetlen\u00fcl, lust\u00e1n. El is suhant a labda a l\u00e1ba mellett. Hah\u00f3!!!\r\n\r\n<span class=\"highlight-block-small\">Amilyen j\u00f3 a sajt\u00f3ja <strong>Szalai Attil\u00e1nak<\/strong> (3,5), annyira gyeng\u00e9n futballozott Alb\u00e1nia ellen.<\/span>\r\n<div class=\"payable-content-section\"><\/div>\r\nPontatlanul kifejelt labd\u00e1k, k\u00ednosan rossz passzok \u2013 cser\u00e9be n\u00e9h\u00e1ny tan\u00edtani val\u00f3 szerel\u00e9s \u00e9s egy kapufa. Lehetne ez ak\u00e1r gyenge k\u00f6zepes is, de az alb\u00e1nok g\u00f3lja el\u0151tt legal\u00e1bb h\u00e1rom szarvashib\u00e1t v\u00e9tett (egyszer hagyta mag\u00e1t megel\u0151zni, k\u00e9tszer pedig hagyta mag\u00e1t kicselezni). Minden szimp\u00e1ti\u00e1m ellen\u00e9re ez cs\u00fanya volt.\r\n\r\n[central_article_recommendation title=\"Kapcsol\u00f3d\u00f3\" url=\"https:\/\/rangado.24.hu\/magyar_foci\/2021\/10\/09\/vb-selejtezo-magyarorszag-albania\/\" image=\"1\" lead=\"1\"]\r\n\r\n<strong>Loic Nego<\/strong> (4,5) agilisan kezdett, azt\u00e1n olyan lett, mint egy rug\u00f3sfoci figura, a piros fest\u00e9k lekopott a fels\u0151j\u00e9r\u0151l, a p\u00e1lya jobb sz\u00e9l\u00e9re csavarozva \u00e1lldog\u00e1lt. Mintha valaki megtiltotta volna neki, hogy elmozduljon onnan. Egyetlen \u00e9rtelmezhet\u0151 mozdulat\u00e1ra sem eml\u00e9kszem.\r\n\r\nK\u00e1b\u00e9 <strong>Nagy \u00c1d\u00e1m<\/strong> (5) volt az egyetlen, aki sebess\u00e9gben fel tudta venni a versenyt az alb\u00e1n focist\u00e1kkal. (Nem gondoltam volna, hogy valaha le\u00edrom ezt a mondatot.) Visszal\u00e9pett a labd\u00e1k\u00e9rt, igyekezett gyors\u00edtani a j\u00e1t\u00e9kot, volt n\u00e9h\u00e1ny r\u00e1 jellemz\u0151 helyezked\u00e9si brav\u00farja. A fizikalit\u00e1s azonban tov\u00e1bbra sem az er\u0151ss\u00e9ge, n\u00e9h\u00e1ny alkalommal \u00fagy vett\u00e9k el t\u0151le a labd\u00e1t, mint egy ifist\u00e1t\u00f3l.\r\n\r\n<strong>Sch\u00e4fer Andr\u00e1sra<\/strong> (4,5) m\u00e9g mindig neh\u00e9z \u00fagy r\u00e1n\u00e9zni, hogy az embernek ne a n\u00e9metek elleni \u00fctemtelen fejesg\u00f3lja jusson esz\u00e9be. Az \u00fctemtelens\u00e9g most is megvolt. Ennyi rossz passzt, ki nem k\u00e9nyszer\u00edtett hib\u00e1t, ostoba labdaelad\u00e1st r\u00e9g l\u00e1ttunk t\u0151le. Vagy b\u00e1rki m\u00e1st\u00f3l. A hajr\u00e1ban leadott l\u00f6v\u00e9se a m\u00e9rk\u0151z\u00e9s pontos \u00f6sszegz\u00e9s\u00e9nek is tekinthet\u0151. A laszti t\u00edz m\u00e9terrel a l\u00e9c f\u00f6l\u00f6tt rep\u00fclt \u00e1t az alapvonalon, majd a kapu m\u00f6g\u00f6tti szektor 18. sor\u00e1ban k\u00e9t sz\u00e9k k\u00f6z\u00f6tt megpihent. J\u00f3 \u00e9jszak\u00e1t.\r\n\r\n<strong>Nagy Zsolt<\/strong> (4) a m\u00e9rk\u0151z\u00e9s ut\u00e1n elismerte, hogy a sz\u00e9leken kev\u00e9sb\u00e9 siker\u00fclt az alb\u00e1nok m\u00f6g\u00e9 ker\u00fclni.\r\n\r\n<span class=\"highlight-block-small\">Dics\u00e9retes \u00f6nkritika, hiszen Zsoltnak \u00e9pp ez lett volna a dolga: a sz\u00e9leken az alb\u00e1nok m\u00f6g\u00e9 ker\u00fclni.<\/span>\r\n\r\nDe legal\u00e1bb a meccs legviccesebb pillanat\u00e1t is neki k\u00f6sz\u00f6nhetj\u00fck: a hetvenedik perc t\u00e1j\u00e9k\u00e1n addig h\u00fazogatott, am\u00edg a labd\u00e1val egy\u00fctt ki nem sz\u00e9d\u00fclt a p\u00e1ly\u00e1r\u00f3l. A felcs\u00fati futballista egy\u00e9bk\u00e9nt harmadszor szerepelt a v\u00e1logatottban. Eddigi m\u00e9rk\u0151z\u00e9sei: Uruguay 1:2, Wales 0:2, Alb\u00e1nia 0:1. Tal\u00e1n a cs\u00facson k\u00e9ne abbahagyni.\r\n\r\nAlighanem t\u00falzok, de <strong>Sallai Roland<\/strong> (4,5) sz\u00e1momra a magyar Federico Chiesa. Er\u0151t\u0151l duzzad\u00f3, lend\u00fcletes, gyors futballista, kell\u0151 ravaszs\u00e1ggal \u00e9s vag\u00e1nys\u00e1ggal. Sokszor van benne valami mag\u00e1val ragad\u00f3. Az alb\u00e1nok ellen pont ezekb\u0151l a tulajdons\u00e1gaib\u00f3l nem l\u00e1ttunk semmit. \u201eK\u00fczd\u00f6tt-hajtott\u201d, mondan\u00e1 r\u00e1 Tornyi Barnab\u00e1s.\r\n\r\nK\u00e9ts\u00e9gtelen, hogy <strong>Szoboszlai Dominik<\/strong> (3) a legtehets\u00e9gesebb magyar futballista, de az Alb\u00e1nia elleni produkci\u00f3ja min\u0151s\u00edthetetlen. Az els\u0151 f\u00e9lid\u0151ben akkor v\u00e9tette \u00e9szre mag\u00e1t el\u0151sz\u00f6r \u00e9s utolj\u00e1ra, amikor egy gyors alb\u00e1n bedob\u00e1st \u00fagy akad\u00e1lyozott meg, hogy kir\u00fagta a labd\u00e1t a Kerepesi \u00fatra. A m\u00e1sodik f\u00e9lid\u0151 k\u00f6zepe t\u00e1j\u00e1n f\u0151leg a kezd\u0151k\u00f6rben tany\u00e1zott, amolyan XXI. sz\u00e1zadi Galaschek P\u00e9terk\u00e9nt, sz\u00e9les karmozdulatokkal ir\u00e1ny\u00edtva t\u00e1rsait. A hajr\u00e1ra \u00e1ttette sz\u00e9khely\u00e9t az ellenf\u00e9l tizenhatos\u00e1nak el\u0151ter\u00e9be, ahol csal\u00f3dottan vette tudom\u00e1sul, hogy az alb\u00e1nok nem hagyj\u00e1k l\u0151ni, majd a 95. percben az ujj\u00e1t a sz\u00e1ja el\u00e9 tartva intette csendre Broj\u00e1t. Van mit a hely\u00e9re tenni.\r\n\r\n<img class=\"alignnone size-full wp-image-2232\" src=\"https:\/\/sport24.24.hu\/app\/uploads\/sites\/24\/2021\/10\/botka-endre.jpeg\" alt=\"\" width=\"2186\" height=\"1457\" \/>\r\n\r\nAmerik\u00e1b\u00f3l j\u00f6ttem, mesters\u00e9gem c\u00edmere g\u00f3ll\u00f6v\u0151, mondta <strong>Sall\u00f3i D\u00e1niel<\/strong> (4), majd v\u00e9gigmozizta a meccset. Kumbull\u00e1r\u00f3l lepattant, Ismajli pedig legt\u00f6bbsz\u00f6r t\u00falj\u00e1rt az esz\u00e9n. Sall\u00f3inak sem a fizikalit\u00e1s az er\u0151ss\u00e9ge, a j\u00e1t\u00e9kst\u00edlus\u00e1ban vele p\u00e1rhuzamba \u00e1ll\u00edthat\u00f3 N\u00e9meth Kriszti\u00e1n hozz\u00e1 k\u00e9pest Termin\u00e1tornak t\u0171nik.\r\n\r\nA cser\u00e9kr\u0151l. <strong>Sch\u00f6n Szabolcs<\/strong> volt az egyetlen magyar j\u00e1t\u00e9kos, aki k\u00e9pes volt lend\u00fcletet vinni a j\u00e1t\u00e9kba, vibr\u00e1lt, cselezett, rosszcsontkodott. T\u00e9nyleg ez a legjobb sz\u00f3 r\u00e1, a rosszcsontkod\u00e1s, Sch\u00f6n sem egy Lukaku. Mok\u00e1ny n\u00e9p vagyunk, mi, magyarok, m\u00e9g akkor is, ha <strong>Kleinheisler L\u00e1szl\u00f3nak<\/strong> h\u00edvnak benn\u00fcnket. Egy kapuig elv\u00e1nszorg\u00f3 l\u00f6v\u00e9s, \u00e9s n\u00e9mi cik\u00e1z\u00e1s, ezt tudjuk felid\u00e9zni t\u0151le. <strong>V\u00e9csei B\u00e1lint<\/strong> \u00fcde sz\u00ednfolt az eln\u00e9metesedett magyar cseresorban (hiszen k\u00e9s\u0151bb m\u00e9g be\u00e1llt <strong>Hahn<\/strong> \u00e9s <strong>Lang<\/strong> is), de m\u00e1s semmi. Ez nagyon nem a mi meccs\u00fcnk volt.\r\n\r\n[central_article_recommendation title=\"Kapcsol\u00f3d\u00f3\" url=\"https:\/\/rangado.24.hu\/magyar_foci\/2021\/10\/10\/magyarorszag-albania-zart-kapus-vb-selejtezo-puskas-arena-riport\/\" image=\"1\" lead=\"1\"]\r\n\r\nA kapit\u00e1ny. Ki ne tartan\u00e1 sokra <strong>Marco Rossit<\/strong> (3) a magyar futballszurkol\u00f3k k\u00f6z\u00fcl? Ugyanakkor az az \u00e9rz\u00e9sem, hogy Rossi l\u00e9g\u00fcres t\u00e9rbe ker\u00fclt. A j\u00e1t\u00e9kosai mintha m\u00e1r nem menn\u00e9nek t\u0171zbe \u00e9rte, \u00e9s a fel\u00fclr\u0151l kapott t\u00e1mogat\u00e1s is megt\u00f6rni l\u00e1tszik \u2013 az Origo p\u00e9ld\u00e1ul \u0151t ki\u00e1ltotta ki a veres\u00e9g b\u0171nbakj\u00e1nak. A nyilatkozataiban egyre gyakrabban felt\u0171n\u0151 frusztr\u00e1lt, arrog\u00e1ns t\u00f3nus is erre a bizalmi v\u00e1ls\u00e1gra utal.\r\n\r\n<span class=\"highlight-block\">Rossi nem olyan embernek t\u0171nik, aki hajlongva \u00e1tveszi a selyemzsin\u00f3rt, m\u00e9gis, att\u00f3l tartok, innen nincs vissza\u00fat.<\/span>","type":"rich","thumbnail_url":"https:\/\/s.24.hu\/app\/uploads\/sites\/24\/2021\/10\/magyar-alban-150x150.jpg","thumbnail_width":150,"thumbnail_height":150}