{"version":"1.0","provider_name":"Sport24","provider_url":"https:\/\/sport24.24.hu","author_name":"Bruckner G\u00e1bor","author_url":"https:\/\/sport24.24.hu\/author\/brucknerg\/","title":"Mi k\u00f6ze a futball dinoszaurusz\u00e1nak Bogn\u00e1r Gy\u00f6rgy kirohan\u00e1s\u00e1hoz?","html":"\u00d3konzervat\u00edv futball-luddita-e <strong>Bogn\u00e1r Gy\u00f6rgy<\/strong>? Igaza van-e Bogn\u00e1r Gy\u00f6rgynek (vagy a hozz\u00e1 hasonl\u00f3an VAR-kritikus <strong>Horv\u00e1th Ferencnek<\/strong>)? Vagy enn\u00e9l sokkal messzebb vezet az a j\u00e1t\u00e9kvezet\u0151i d\u00f6nt\u00e9sek \u00e9s a VAR haszn\u00e1lata aprop\u00f3j\u00e1n kirobbant vita, ami a Paks\u2013Ferencv\u00e1ros bajnoki miatt eg\u00e9szen az MLSZ fegyelmi bizotts\u00e1g\u00e1ig elgy\u0171r\u0171z\u00f6tt?\r\n\r\nBogn\u00e1r nem egyenl\u0151 b\u00e1n\u00e1sm\u00f3dra vonatkoz\u00f3 megjegyz\u00e9sei m\u00e9g nem felt\u00e9tlen\u00fcl v\u00e1ltottak volna ki sz\u00f6vets\u00e9gi reakci\u00f3t, de a vil\u00e1g egyetlen labdar\u00fag\u00f3-sz\u00f6vets\u00e9g\u00e9n\u00e9l sem engedi meg a fegyelmi bizotts\u00e1g, hogy manipul\u00e1ci\u00f3t sejtessen egy szakvezet\u0151 (\u201e\u00d6ssze-vissza, manipul\u00e1ltan h\u00fazg\u00e1lj\u00e1k a vonalakat a j\u00e1t\u00e9kosok l\u00e1b\u00e1n\u00e1l leshat\u00e1rra.\u201d). Az MLSZ fegyelmi bizotts\u00e1ga vizsg\u00e1latot rendelt el, a Ferencv\u00e1ros r\u00e9sz\u00e9r\u0151l meg <strong>Hajnal Tam\u00e1s<\/strong> sportigazgat\u00f3 sz\u00e1llt be a ringbe. A f\u0151v\u00e1rosi z\u00f6ld-feh\u00e9rek sportvezet\u0151je szerint \u201eolcs\u00f3 h\u00faz\u00e1s\u201d volt b\u00edr\u00f3zni, r\u00e1ad\u00e1sul a VAR hozz\u00e1j\u00e1rul ahhoz, hogy kevesebb t\u00e9ves d\u00f6nt\u00e9s sz\u00fclessen a p\u00e1ly\u00e1n.\r\n\r\nFel lehet fogni a pol\u00e9mi\u00e1t \u00fagy is, hogy\r\n\r\n<span class=\"highlight-block-small\">a VAR magyarorsz\u00e1gi bevezet\u00e9se felsz\u00edtotta haz\u00e1nkban is a vit\u00e1t, amelynek parazsa vil\u00e1gszerte izzik: j\u00f3-e, ha technokrata ir\u00e1nyba mozdul el a labdar\u00fag\u00e1s? <\/span>\r\n\r\n[caption id=\"attachment_2212\" align=\"alignnone\" width=\"2000\"]<img class=\"wp-image-2212 size-full\" src=\"https:\/\/sport24.24.hu\/app\/uploads\/sites\/24\/2021\/10\/244014594_4477777415639661_6026482468668839065_n.jpg\" alt=\"\" width=\"2000\" height=\"1333\" \/> Paksi FC - Ferencv\u00e1rosi TC m\u00e9rk\u0151z\u00e9s 2021. okt\u00f3ber 3-\u00e1n[\/caption]\r\n\r\nCs\u00f6kkenti-e az \u00e9lvezhet\u0151s\u00e9get a t\u00f6bb sz\u00fcnet, a k\u00e9rd\u00e9ses esetek visszan\u00e9z\u00e9se \u00e9s elb\u00edr\u00e1l\u00e1sa? T\u00e9nyleg megfosztja-e a videob\u00edr\u00e1skod\u00e1s az eksztatikus g\u00f3l\u00f6r\u00f6m \u00e9rz\u00e9s\u00e9t\u0151l a k\u00f6z\u00f6ns\u00e9get? Egy\u00e9rtelm\u0171, \u00e9rthet\u0151-e az interpret\u00e1l\u00e1suk az egyre gyakoribb\u00e1 v\u00e1l\u00f3 szab\u00e1lyv\u00e1ltoz\u00e1soknak? E k\u00e9rd\u00e9seket vil\u00e1gszerte sokszor k\u00f6rbej\u00e1rt\u00e1k, egy\u00e9rtelm\u0171 v\u00e1laszok pedig m\u00e9g nincsenek. R\u00e1ad\u00e1sul k\u00f6nnyen lehet, hogy a k\u00f6zelj\u00f6v\u0151ben egyre t\u00f6bb v\u00e1ltoz\u00e1ssal, \u00edgy vitat\u00e9m\u00e1val kell szembes\u00fcln\u00fcnk. A labdar\u00fag\u00e1s b\u0151 \u00e9vsz\u00e1zadig szinte teljesen rezisztens volt a v\u00e1ltoz\u00e1sokra \u2013 ez hozz\u00e1j\u00e1rult a sport\u00e1g rendk\u00edv\u00fcli n\u00e9pszer\u0171s\u00e9g\u00e9hez \u2013, \u00e1m mi\u00f3ta szab\u00e1lyalkot\u00f3 test\u00fclete, a FIFA-n\u00e1l is r\u00e9gebben megalap\u00edtott IFAB aktiviz\u00e1lta mag\u00e1t, felgyorsultak a reformok \u00e9s sokasodnak az \u00fctk\u00f6z\u00e9spontok. De mit kezd azzal egy sport\u00e1g, ha felkavarj\u00e1k a megszokott \u00e1ll\u00f3vizet?\r\n<div class=\"payable-content-section\"><\/div>\r\n<h2>Egy tisztes brit dinoszaurusz<\/h2>\r\n\u201eA futballj\u00e1t\u00e9k szab\u00e1lyait az \u00f6sszes nemzetekre k\u00f6telez\u0151 hat\u00e1llyal a FIFA \u00e1llap\u00edtja meg, m\u00e9gis a FIFA funkci\u00f3ja csak formai, mert a vil\u00e1g minden futballn\u00e1ci\u00f3ja a szab\u00e1lyok ter\u00e9n Angli\u00e1hoz igazodik, j\u00f3llehet Anglia nem is tagja jelenleg a FIFA-nak. Ennek magyar\u00e1zata igen egyszer\u0171: Anglia a futball haz\u00e1ja \u00e9s most is ott j\u00e1tssz\u00e1k a legt\u00f6k\u00e9letesebb futballt, annyira, hogy Anglia ebbeli f\u00f6l\u00e9nye bel\u00e1that\u00f3 id\u0151n bel\u00fcl biztos\u00edtva is van. Ez\u00e9rt fogad el minden futball sz\u00f6vets\u00e9g \u00fagysz\u00f3lv\u00e1n olvasatlanul minden \u00faj szab\u00e1lyt, amelyen rajta van az International Football Board j\u00f3v\u00e1hagy\u00e1sa.\u201d\r\n\r\nA fenti bekezd\u00e9s a Nemzeti Sport egyik 1923-as sz\u00e1m\u00e1b\u00f3l sz\u00e1rmazik, \u00e9s j\u00f3l jellemzi a korabeli labdar\u00fag\u00f3vil\u00e1g abszurdit\u00e1s\u00e1t (a britek \u00e9pp megorroltak a FIFA-ra, \u00e9s h\u00e1tat ford\u00edtottak a vil\u00e1gszervezetnek, \u00e1m a j\u00e1t\u00e9k szab\u00e1lyait tov\u00e1bbra is \u0151k hozt\u00e1k). Az International Football Association Board (IFAB) a labdar\u00fag\u00e1s dinoszaurusza, abb\u00f3l az id\u0151b\u0151l, amikor Nagy-Britanni\u00e1n k\u00edv\u00fcl m\u00e9g el sem indult h\u00f3d\u00edt\u00f3 \u00fatj\u00e1ra a futball. A labdar\u00fag\u00e1s szab\u00e1lyalkot\u00f3 test\u00fclet\u00e9t 1886-ban alap\u00edtott\u00e1k meg, tagjai az angolok, a sk\u00f3tok, a walesiek \u00e9s az \u00edrek voltak, egyenl\u0151 szavazati joggal. Az IFAB alap\u00edt\u00e1sa 18 \u00e9vvel el\u0151zte meg a FIFA-\u00e9t, amely 1904-ben alakult meg, \u00e9s 1912\u201313-ban k\u00f6vetelte ki a jogot, hogy helyet kapjon a szab\u00e1lyalkot\u00f3 test\u00fcletben, mint a vil\u00e1g \u00f6sszes labdar\u00fag\u00f3-sz\u00f6vets\u00e9g\u00e9nek k\u00e9pvisel\u0151je.\r\n\r\n\u201eA kontinent\u00e1lis futball a j\u00e1t\u00e9k t\u00f6rt\u00e9net\u00e9ben el\u0151sz\u00f6r kap k\u00f6zvetlen lehet\u0151s\u00e9get \u00e9rdekeinek k\u00e9pviselet\u00e9re a szab\u00e1lyalkot\u00e1sban\u201d \u2013 adta h\u00edr\u00fcl a v\u00e1ltoz\u00e1st a Pall Mall Gazzette.\r\n\r\nA test\u00fclet \u00edgy is teljes szigetorsz\u00e1gi dominancia alatt volt, hiszen:\r\n\r\n\u00b7\u00a0\u00a0\u00a0\u00a0\u00a0\u00a0\u00a0\u00a0 mindegyik f\u00e9l k\u00e9t tagot deleg\u00e1lt (a szigetorsz\u00e1gi k\u00fcld\u00f6ttek 8:2 ar\u00e1nyban m\u00falt\u00e1k fel\u00fcl a FIFA-t)\r\n\r\n\u00b7\u00a0\u00a0\u00a0\u00a0\u00a0\u00a0\u00a0\u00a0 n\u00e9gy\u00f6t\u00f6d\u00f6s t\u00f6bbs\u00e9g kellett b\u00e1rmilyen szab\u00e1lyv\u00e1ltoztat\u00e1shoz (azaz m\u00e1r k\u00e9t sz\u00f6vets\u00e9g \u00f6sszefog\u00e1s\u00e1val meg lehetett v\u00e9t\u00f3zni egy reformot, viszont a szigetorsz\u00e1giak k\u00f6z\u00f6sen b\u00e1rmilyen v\u00e1ltoztat\u00e1st kereszt\u00fclvihettek, b\u00e1rmit akart is a FIFA)\r\n\r\n\u00b7\u00a0\u00a0\u00a0\u00a0\u00a0\u00a0\u00a0\u00a0 a j\u00e1t\u00e9kszab\u00e1lyokon egyetlen sz\u00f6vets\u00e9g sem m\u00f3dos\u00edthatott, ha azt az IFAB nem hagyta j\u00f3v\u00e1, \u00e9s az IFAB hat\u00e1rozatai az \u00f6sszes futballsz\u00f6vets\u00e9gre n\u00e9zve azonnal \u00e9rv\u00e9nybe l\u00e9ptek\r\n\r\nA test\u00fclet els\u0151 blikkre m\u00e9g mindig olyan, mintha itt maradt volna az 1880-as \u00e9vekb\u0151l (ahogyan tulajdonk\u00e9ppen ez is t\u00f6rt\u00e9nt). A brit befoly\u00e1s a mai napig megvan, b\u00e1r az ezt n\u00e9mik\u00e9pp korl\u00e1toz\u00f3, \u201e\u00faj\u201d szavaz\u00e1si szab\u00e1lyok 1958 \u00f3ta \u00e9rv\u00e9nyesek:\r\n\r\n\u00b7\u00a0\u00a0\u00a0\u00a0\u00a0\u00a0\u00a0\u00a0 Az IFAB tagja a n\u00e9gy brit sz\u00f6vets\u00e9g (Anglia, \u00c9szak-\u00cdrorsz\u00e1g, Sk\u00f3cia \u00e9s Wales), valamint az \u00f6nmag\u00e1t \u00e9s a vil\u00e1g \u00f6sszes t\u00f6bbi sz\u00f6vets\u00e9g\u00e9t (a marad\u00e9k 207-et!) k\u00e9pvisel\u0151 FIFA\r\n\r\n\u00b7\u00a0\u00a0\u00a0\u00a0\u00a0\u00a0\u00a0\u00a0 A n\u00e9gy brit sz\u00f6vets\u00e9g 1-1 szavazattal b\u00edr, a FIFA 4 vokssal (4:4)\r\n\r\n\u00b7\u00a0\u00a0\u00a0\u00a0\u00a0\u00a0\u00a0\u00a0 B\u00e1rmilyen v\u00e1ltoztat\u00e1shoz h\u00e1romnegyedes t\u00f6bbs\u00e9g kell. A brit sz\u00f6vets\u00e9gek a jelenlegi fel\u00e1ll\u00e1sban nem tudnak \u00f6n\u00e1ll\u00f3an \u00e1tvinni \u00f6tleteket a FIFA-n, viszont a FIFA is csak akkor tud el\u00e9rni egy m\u00f3dos\u00edt\u00e1st, ha legal\u00e1bb k\u00e9t brit sz\u00f6vets\u00e9get megnyer mag\u00e1nak\r\n\r\n<span class=\"highlight-block-small\">Hogy mi\u00e9rt kapnak ennyire kiemelt szerepet a brit sz\u00f6vets\u00e9gek m\u00e9g mindig a szab\u00e1lyalkot\u00e1sban? A hagyom\u00e1ny csak az egyik v\u00e1lasz.<\/span>\r\n\r\n\u201eT\u00f6bbsz\u00f6r megk\u00e9rd\u0151jelezt\u00e9k m\u00e1r ezt, de ha nem \u0151k, akkor ki \u00e9s milyen alapon foglaln\u00e1 el a hely\u00fcket? Vil\u00e1granglista alapj\u00e1n ker\u00fcln\u00e9nek be \u00faj tagok? Vil\u00e1gbajnoki gy\u0151zelmek alapj\u00e1n? Azt hiszem, a t\u00f6bbi nemzet egyszer\u0171en elfogadta azt, hogy a brit alap\u00edt\u00e1s\u00fa IFAB-ban m\u00e9g mindig ott kell \u00fclni\u00fck a briteknek, k\u00fcl\u00f6nben sokkal t\u00f6bb lenne a politika\u201d \u2013 \u00e9rvelt <strong>Lukas Brud<\/strong>, a szervezet titk\u00e1ra a The Athleticnek.\r\n\r\n[caption id=\"attachment_2210\" align=\"alignnone\" width=\"2000\"]<img class=\"wp-image-2210 size-full\" src=\"https:\/\/sport24.24.hu\/app\/uploads\/sites\/24\/2021\/10\/000_18y54o.jpg\" alt=\"\" width=\"2000\" height=\"1333\" \/> <br \/>A Nemzetk\u00f6zi Labdar\u00fag\u00f3 Sz\u00f6vets\u00e9g Igazgat\u00f3s\u00e1g\u00e1nak (IFAB) titk\u00e1ra, Lukas Brud konferenci\u00e1t tart a 2018-as oroszorsz\u00e1gi FIFA-vil\u00e1gbajnoks\u00e1g sor\u00e1n[\/caption]\r\n<h2>\u00c1ll\u00f3v\u00edz \u00e9s hagyom\u00e1nyok<\/h2>\r\nAz IFAB k\u00f6zvetlen el\u0151fut\u00e1ra egy 1882-es megbesz\u00e9l\u00e9s volt, amelyen az angol, az \u00edr, a sk\u00f3t \u00e9s a walesi k\u00fcld\u00f6ttek meg\u00e1llapodtak a szab\u00e1lyok egys\u00e9ges\u00edt\u00e9s\u00e9nek sz\u00fcks\u00e9gess\u00e9g\u00e9r\u0151l. Maga a test\u00fclet csak n\u00e9gy \u00e9vvel k\u00e9s\u0151bb \u00e1llt fel, \u00e9s ez a \u201esebess\u00e9g\u201d nagyj\u00e1b\u00f3l mindenre jellemz\u0151 volt, amit az IFAB a k\u00f6vetkez\u0151 b\u0151 sz\u00e1z \u00e9vben tett. Mintha <strong>J. R. R. Tolkien<\/strong> <em>Megy\u00e9je<\/em> kelt volna \u00e9letre futballv\u00e1ltozatban: az IFAB b\u00e9k\u00e9s, alig-alig v\u00e1ltoz\u00f3 bubor\u00e9kban dolgozott, dolgozgatott. Igaz, a hobbitok Megy\u00e9j\u00e9vel szemben a befoly\u00e1sa \u00f3ri\u00e1si volt: az IFAB szava a futballvil\u00e1gban t\u00f6rv\u00e9ny. \u00cdgy ha \u00e1tment egy-egy javaslat, az azonnal megv\u00e1ltoztatta a futballvil\u00e1got. A szab\u00e1lyalkot\u00f3 test\u00fclet lass\u00fas\u00e1ga m\u00e1r az 1930-as \u00e9vekben g\u00fany t\u00e1rgya volt: az Amerikai Magyar N\u00e9pszava egy glossz\u00e1j\u00e1ban \u00fagy fogalmazott, a Szent Hivatal is \u00f3vatos \u00e9s fontolgat\u00f3 test\u00fclet, de az IFAB-hoz viszony\u00edtva maga a megtestes\u00fclt k\u00f6nnyelm\u0171s\u00e9g.\r\n\r\nJellemz\u0151, hogy a futballszab\u00e1lyok megszil\u00e1rdul\u00e1sa (vonjuk meg a hat\u00e1rt 1912-n\u00e9l, ekkort\u00f3l a kapus csak a b\u00fcntet\u0151ter\u00fcleten bel\u00fcl \u00e9rhetett k\u00e9zzel a labd\u00e1hoz) \u00e9s a g\u00f3lvonal-technol\u00f3gia enged\u00e9lyez\u00e9se (2012) k\u00f6zti sz\u00e1z \u00e9vben alig mar\u00e9knyi igaz\u00e1n jelent\u0151s v\u00e1ltoztat\u00e1sr\u00f3l hat\u00e1rozott a test\u00fclet. Ilyen volt 1925-ben a lesszab\u00e1ly taktikai forradalmat kiv\u00e1lt\u00f3 megv\u00e1ltoztat\u00e1sa, a p\u00e1lyafest\u00e9s 1937-es modifik\u00e1ci\u00f3ja (fel kell festeni a tizenhatos el\u0151tti f\u00e9lk\u00f6r\u00edvet), az 1938-as,<strong> Sir Stanley Rous<\/strong> levez\u00e9nyelte nagyszab\u00e1s\u00fa reform, amely tizenh\u00e9t f\u0151 szab\u00e1lyba s\u0171r\u00edtette a labdar\u00fag\u00e1s regul\u00e1it. Ezt k\u00f6vette a cser\u00e9k enged\u00e9lyez\u00e9se t\u00e9tm\u00e9rk\u0151z\u00e9seken (1958), a s\u00e1rga \u00e9s piros lapok, illetve a tizenegyesp\u00e1rbaj bevezet\u00e9se (1970-t\u0151l fokozatosan), a lesszab\u00e1ly 1990-es friss\u00edt\u00e9se (az egyvonal nem les), a hazaad\u00e1s szab\u00e1ly\u00e1nak 1992-es megv\u00e1ltoztat\u00e1sa (a kapus nem foghatja meg a hazaadott labd\u00e1t), majd egy \u00fajabb \u00e1tfog\u00f3, 1997-es szab\u00e1lyreform.\r\n\r\nA nagy v\u00e1ltoztat\u00e1sok t\u00f6bbs\u00e9ge bev\u00e1lt, mutatva azt, hogy\r\n\r\n<span class=\"highlight-block\">b\u00e1rmennyire k\u00fcl\u00f6n\u00f6s test\u00fclet is az IFAB, az igaz\u00e1n fontos d\u00f6nt\u00e9seivel j\u00f3 ir\u00e1nyba befoly\u00e1solja a futballt. <\/span>\r\n\r\nNeh\u00e9z lenne elk\u00e9pzeln\u00fcnk egy m\u00e9rk\u0151z\u00e9st cser\u00e9k, valamint s\u00e1rga \u00e9s piros lapok n\u00e9lk\u00fcl. A hazaad\u00e1s megfoghat\u00f3s\u00e1g\u00e1nak elt\u00f6rl\u00e9se felgyors\u00edtotta, g\u00f3lgazdagabb\u00e1 \u00e9s sokkal \u00e9lvezetesebb\u00e9 tette a j\u00e1t\u00e9kot, egyben radik\u00e1lisan megv\u00e1ltoztatta a kapusposztot. Aki nem \u00e9lte \u00e1t az ezt megel\u0151z\u0151 id\u0151szakot, keressen ki egy m\u00e9rk\u0151z\u00e9st az 1990-es vil\u00e1gbajnoks\u00e1gr\u00f3l \u2013 mondjuk a h\u00edrhedt \u00edr\u2013egyiptomit, amelyen az \u00edrek legend\u00e1s kapusa, <strong>Pat Bonner<\/strong> nett\u00f3 hat percig dajk\u00e1lta a labd\u00e1t a kilencvenb\u0151l. Vagy az 1992-es Eb-d\u00f6nt\u0151t, k\u00f6zvetlen\u00fcl a szab\u00e1lyv\u00e1ltoz\u00e1s el\u0151ttr\u0151l. A \u201ekoron\u00e1t\u201d 0:48-n\u00e1l a d\u00e1n center, <strong>Flemming Povlsen<\/strong> teszi fel a hazaad\u00e1s-par\u00e1d\u00e9ra.\r\n\r\n<iframe title=\"YouTube video player\" src=\"https:\/\/www.youtube.com\/embed\/SX2HcvMkOiA\" width=\"560\" height=\"315\" frameborder=\"0\" allowfullscreen=\"allowfullscreen\"><\/iframe>\r\n\r\nA v\u00e1ltoztat\u00e1sok ritkas\u00e1ga megteremtett egy viszonylag b\u00e9k\u00e9s, biztons\u00e1gos k\u00f6zeget \u2013 m\u00e1r a szab\u00e1lyok tekintet\u00e9ben. M\u00edg m\u00e1s sport\u00e1gakat id\u0151r\u0151l id\u0151re radik\u00e1lis szab\u00e1lym\u00f3dos\u00edt\u00e1sokkal forgattak \u00e9s forgatnak fel, a futball nem sokat v\u00e1ltozott. Ez seg\u00edtett a j\u00e1t\u00e9k k\u00f6nny\u0171 meg\u00e9rthet\u0151s\u00e9g\u00e9ben \u00e9s elmagyar\u00e1zhat\u00f3s\u00e1g\u00e1ban, a gener\u00e1ci\u00f3s \u00e1tadhat\u00f3s\u00e1gban, a k\u00f6zeg \u00e1ltal nagyra becs\u00fclt hagyom\u00e1nyok megtart\u00e1s\u00e1ban.\r\n\r\n\u201eEz a cs\u00f6k\u00f6ny\u00f6s konzervativizmus, ez a bigott formalizmus tette lehet\u0151v\u00e9 a futballj\u00e1t\u00e9k folytat\u00f3lagoss\u00e1g\u00e1t, \u00e1lland\u00f3s\u00e1g\u00e1t, nemzetk\u00f6zi egy\u00f6ntet\u0171s\u00e9g\u00e9t\u201d \u2013 \u00edrta a m\u00e1r id\u00e9zett Amerikai Magyar N\u00e9pszava 1939-ben.\r\n\r\nViszont ahogyan gyorsult a technol\u00f3giai fejl\u0151d\u00e9s, \u00fagy t\u0171nt egyre \u00f3divat\u00fabbnak az IFAB, a FIFA, \u00e9s ez a labdar\u00fag\u00e1s meg\u00edt\u00e9l\u00e9s\u00e9re is kihatott.\r\n<h2>A nagy gyors\u00edt\u00e1s<\/h2>\r\nHogy csak egy p\u00e9ld\u00e1t eml\u00edts\u00fcnk: m\u00edg j\u00e9gkorongban 1991-ben megjelent a vide\u00f3z\u00e1s a vitatott g\u00f3lok eset\u00e9n (igaz, m\u00e9g csak NHL-meccseken), az IFAB 2012-ig v\u00e1rt a g\u00f3lvonal-technol\u00f3gia bevezet\u00e9s\u00e9vel. Eg\u00e9szen elk\u00e9peszt\u0151, hogy amikor m\u00e1r kamer\u00e1k t\u00f6mkelege k\u00f6zvet\u00edtette a nagy torn\u00e1k m\u00e9rk\u0151z\u00e9seit, n\u00e9z\u0151k sz\u00e1zmilli\u00f3i l\u00e1thatt\u00e1k t\u00f6bb sz\u00f6gb\u0151l, hogy a g\u00f3lvonal el\u0151tt vagy m\u00f6g\u00f6tt v\u00e1g\u00f3dott le egy labda \u00e9s sportok sor\u00e1ban volt vide\u00f3s seg\u00edts\u00e9g; a futball szab\u00e1lyalkot\u00f3 test\u00fclete m\u00e9g mindig ott tartott, hogy a vide\u00f3z\u00e1s nehezen megval\u00f3s\u00edthat\u00f3 \u00e9s felesleges. Persze nem csak az IFAB a huny\u00f3: gondoljunk arra, hogy <strong>Sepp Blatter<\/strong> (FIFA) \u00e9s<strong> Michel Platini<\/strong> (UEFA) is sok\u00e1ig tam\u00e1skodott a technol\u00f3gi\u00e1val kapcsolatban. Az IFAB m\u00e9g 2010-ben is leszavazott mindenf\u00e9le vide\u00f3s seg\u00edts\u00e9gny\u00fajt\u00e1st, miut\u00e1n az \u00edrek \u00e9s a walesiek a FIFA-val voksoltak a tov\u00e1bbi teszteket t\u00e1mogat\u00f3 angolokkal \u00e9s sk\u00f3tokkal szemben. A 2010-es vil\u00e1gbajnoks\u00e1g \u00e9s a 2012-es Eur\u00f3pa-bajnoks\u00e1g botr\u00e1nyai kellettek ahhoz, hogy v\u00e9g\u00fcl r\u00e1b\u00f3lintsanak a szab\u00e1lyhoz\u00f3k a g\u00f3lvonal-technol\u00f3gi\u00e1ra.\r\n\r\n<span class=\"highlight-block-small\">Ez \u00edgy nem mehetett tov\u00e1bb, hiszen az IFAB, a FIFA \u00e9s a kontinent\u00e1lis szervezetek a nevets\u00e9gess\u00e9 v\u00e1l\u00e1st kock\u00e1ztatt\u00e1k. <\/span>\r\n\r\nNemcsak a j\u00e1t\u00e9k, hanem annak szab\u00e1lyalkot\u00f3 test\u00fclete szorult reformra, \u00e9s ez 2013-ban meg is t\u00f6rt\u00e9nt: az IFAB bels\u0151 meg\u00fajul\u00e1sr\u00f3l hat\u00e1rozott, l\u00e9trej\u00f6ttek a tan\u00e1csad\u00f3 test\u00fcletek (FAP\/TAP, azaz a Futballtan\u00e1csad\u00f3 Test\u00fclet \u00e9s a Technikai Tan\u00e1csad\u00f3 Test\u00fclet). El\u0151bbi futballszakemberekb\u0151l, ut\u00f3bbi j\u00e1t\u00e9kvezet\u0151kb\u0151l \u00e1ll. M\u00edg az IFAB legfels\u0151 test\u00fclet\u00e9ben kev\u00e9ss\u00e9 ismert funkcion\u00e1riusok \u00fclnek, a tan\u00e1csad\u00f3 test\u00fcletekben \u00e9s azok albizotts\u00e1gaiban sz\u00e1mos nagy nevet (<strong>Ars\u00e9ne Wenger, Francisco Maturana, Lu\u00eds Figo, Zvonimir Boban, Nakata Hidetosi, Roberto Rosetti, Pierluigi Collina, Massimo Busacca, David Elleray<\/strong>) tal\u00e1lunk. A technikai albizotts\u00e1g (ebben \u00fcl Collina, Busacca vagy Elleray) a v\u00e1ltoztat\u00e1sok egyik f\u0151 kataliz\u00e1tora. Azzal, hogy jobb \u00e9s nyitottabb lett a konzult\u00e1ci\u00f3s folyamat, felgyorsult a v\u00e1ltoz\u00e1sok \u00fcteme is. A futball dinoszaurusza meglep\u0151 agilit\u00e1ssal kezdett mozgol\u00f3dni.\r\n\r\nAz ut\u00f3bbi \u00e9vekben egym\u00e1st \u00e9rik a kisebb-nagyobb v\u00e1ltoz\u00e1sok \u2013 csak 2016 \u00e9s 2020 k\u00f6z\u00f6tt 178 m\u00f3dos\u00edt\u00e1s t\u00f6rt\u00e9nt. El lehet m\u00e1r v\u00e9gezni b\u00e1rmilyen ir\u00e1nyba a kezd\u0151r\u00fag\u00e1st (\u00e1ll\u00edt\u00f3lag ez a javaslat e-mailen \u00e9rkezett, \u00e9s felkarol\u00e1s ut\u00e1n \u00e1tment), bevezett\u00e9k a VAR-t, folyamatosan finom\u00edtanak a lesszab\u00e1lyon, megv\u00e1ltozott a kezez\u00e9s meg\u00edt\u00e9l\u00e9se, a cser\u00e9k lebonyol\u00edt\u00e1sa, ideiglenesen t\u00f6bb cser\u00e9t enged\u00e9lyeztek, az edz\u0151k plusz v\u00e1ltoztat\u00e1si lehet\u0151s\u00e9get kaptak hosszabb\u00edt\u00e1s eset\u00e9re. Aki a v\u00e1ltozatlans\u00e1g l\u00e9gk\u00f6r\u00e9t szokta meg, csak kapkodja a fej\u00e9t: minden \u00e9vben \u00faj \u00e9rtelmez\u00e9seket, szab\u00e1lyv\u00e1ltoz\u00e1sokat kell megtanulni. Ez mag\u00e1t\u00f3l \u00e9rtet\u0151d\u0151en vit\u00e1kat v\u00e1lt ki \u2013 a labdar\u00fag\u00e1s tradicionalista \u00e9s konzervat\u00edv k\u00f6zeg \u2013, az \u00faj\u00edt\u00e1sok meg\u00edt\u00e9l\u00e9se nem egy\u00e9rtelm\u0171en pozit\u00edv, \u00e9s a hajdani biztons\u00e1gos v\u00e1ltozatlans\u00e1g is tovat\u0171nt.\r\n\r\n[caption id=\"attachment_2209\" align=\"alignnone\" width=\"2000\"]<img class=\"wp-image-2209 size-full\" src=\"https:\/\/sport24.24.hu\/app\/uploads\/sites\/24\/2021\/10\/000_9db8u4.jpg\" alt=\"\" width=\"2000\" height=\"1333\" \/> Szergej Karasev orosz j\u00e1t\u00e9kvezet\u0151 megn\u00e9zi a VAR felv\u00e9teleit, miel\u0151tt piros lapot ad a holland v\u00e9d\u0151nek, Matthijs de Ligt-nek az UEFA EURO 2020 Hollandia \u00e9s Csehorsz\u00e1g k\u00f6z\u00f6tti labdar\u00fag\u00f3 m\u00e9rk\u0151z\u00e9s\u00e9n j\u00fanius 27-\u00e9n, a budapesti Pusk\u00e1s Ar\u00e9n\u00e1ban[\/caption]\r\n\r\nA szab\u00e1lyalkot\u00f3k aligha fognak le\u00e1llni a labdar\u00fag\u00e1s (alapvet\u0151en m\u00e9g mindig \u00f3vatos) felforgat\u00e1s\u00e1val, ha m\u00e1r egyszer felgyors\u00edtott\u00e1k a temp\u00f3t. Tesztelik az agyr\u00e1zk\u00f3d\u00e1sgyan\u00fa eset\u00e9ben alkalmazhat\u00f3 plusz cserelehet\u0151s\u00e9get, a d\u00f6nt\u00e9s v\u00e1rhat\u00f3an 2022 tavasz\u00e1n sz\u00fcletik meg. K\u00eds\u00e9rletb\u0151l van el\u00e9g, m\u00e9g ha ezek nem is tartanak a hivatalos IFAB-vizsg\u00e1lat f\u00e1zis\u00e1ban. A 2x45 perces meccsek helyett a 2x30 perces tal\u00e1lkoz\u00f3k (\u00e9s a tiszta j\u00e1t\u00e9kid\u0151) \u00f6tlete m\u00e1r 2017-ben felvet\u0151d\u00f6tt, most ism\u00e9t sz\u00f3ba ker\u00fclt m\u00e1s, m\u00e1r kor\u00e1bbr\u00f3l ismert tervek (kisb\u00fcntet\u00e9s, korl\u00e1tlan mennyis\u00e9g\u0171 csere, bedob\u00e1s helyett ber\u00fag\u00e1s) mellett. Tegy\u00fck hozz\u00e1: hasonl\u00f3 gondolatok m\u00e1r j\u00f3 hatvan \u00e9ve is keringtek a j\u00e1t\u00e9k gyors\u00edt\u00e1s\u00e1nak sz\u00e1nd\u00e9k\u00e1val\u2026 Technol\u00f3giai fejl\u0151d\u00e9s, eg\u00e9szs\u00e9g\u00fcgyi felm\u00e9r\u00e9sek, \u00faj \u00f6tletek, r\u00e9gi ide\u00e1k felmeleg\u00edt\u00e9se: sok ir\u00e1nyb\u00f3l \u00e9rkezhet impulzus, \u00e9s az IFAB \u2013 amely b\u0151 sz\u00e1z \u00e9vig a minim\u00e1lis beavatkoz\u00e1s mellett tette le a garast \u2013 most sokkal \u201ereformk\u00e9pesebbnek\u201d t\u0171nik, mint kor\u00e1bban b\u00e1rmikor.\r\n\r\nEz \u00f3hatatlanul\r\n\r\n<span class=\"highlight-block\">mag\u00e1ban hordoz konfliktusokat, <\/span>\r\n\r\npl\u00e1ne, hogy a szab\u00e1lyok helyi \u00e9rtelmez\u00e9se elt\u00e9rhet \u2013 az egys\u00e9ges felfog\u00e1s hi\u00e1nya jogos kritik\u00e1ra \u00e9s zavarodotts\u00e1gra adhat okot. Az a f\u00e9lelem sem teljesen alaptalan, hogy a szab\u00e1lyv\u00e1ltoz\u00e1sok t\u00fal sok mindent forgatnak fel, illetve t\u00falszab\u00e1lyozz\u00e1k a j\u00e1t\u00e9kot. A v\u00e1ltoz\u00e1sokra adott ellenreakci\u00f3 term\u00e9szetes \u2013 minden v\u00e1ltoz\u00e1sban van valami f\u00e9lelmetes, hiszen az ismeretlenbe l\u00e9p\u00fcnk \u2013, de az nem lebecs\u00fclend\u0151, hogy a futball egyik legr\u00e9gebben m\u0171k\u00f6d\u0151 int\u00e9zm\u00e9ny\u00e9t siker\u00fclt a 19. sz\u00e1zadi temp\u00f3r\u00f3l 21. sz\u00e1zadira felgyors\u00edtani. Az itthoni \u201eVAR-vit\u00e1k\u201d is term\u00e9szetesek: a temp\u00f3v\u00e1lt\u00e1s k\u00f6vetkezm\u00e9nyei.\r\n\r\nAbban viszont csak b\u00edzni lehet, hogy az IFAB tartja mag\u00e1t misszi\u00f3ja egyik kulcsmondat\u00e1hoz:\r\n<blockquote>\u201eMint az egyetlen test\u00fclet, amely jogosult megv\u00e1ltoztatni a labdar\u00fag\u00e1s j\u00e1t\u00e9kszab\u00e1lyait, meghallgatjuk a k\u00f6z\u00f6ss\u00e9g tagjait. C\u00e9lunk, hogy fejlessz\u00fck a j\u00e1t\u00e9kot \u00fagy, hogy k\u00f6zben meg\u00f3vjuk \u00e9s er\u0151s\u00edtj\u00fck a futball szellemis\u00e9g\u00e9t \u00e9s egyszer\u0171s\u00e9g\u00e9t.\u201d<\/blockquote>\r\nHangs\u00faly az egyszer\u0171s\u00e9gen. Hisz ez volt a futball diadal\u00fatj\u00e1nak egyik mozgat\u00f3ja.\r\n\r\n[prefabricated_shortcode in_app=\"0\" code=\"%3Cdiv%20class%3D%22article_box_border%22%20style%3D%22background%3A%20url%28%27https%3A%2F%2F24.p3k.hu%2Fapp%2Fuploads%2Fsites%2F24%2F2021%2F05%2Fsport24-pattern.png%27%29%20no-repeat%20left%20-16px%20%23f3f3f4%3B%20border%3A%20none%3B%22%3E%0D%0A%3Cdiv%20class%3D%22article_solidheader%22%3E%0D%0A%3Ch2%20style%3D%22color%3A%20%23111115%21important%3B%20font-size%3A%2036px%3B%20font-weight%3A%20bold%3B%20margin-bottom%3A%2030px%3B%20margin-top%3A%2020px%3B%20text-align%3A%20center%3B%20line-height%3A%2036px%3B%22%3E%3Cimg%20class%3D%22aligncenter%20size-full%20wp-image-141%22%20src%3D%22https%3A%2F%2F24.p3k.hu%2Fapp%2Fuploads%2Fsites%2F24%2F2021%2F05%2Fs24-logo-dt.png%22%20alt%3D%22%22%20width%3D%22408%22%20height%3D%2290%22%20%2F%3E%3C%2Fh2%3E%0D%0A%3Ch2%20style%3D%22color%3A%20%23111115%21important%3B%20font-size%3A%2036px%3B%20font-weight%3A%20bold%3B%20margin-bottom%3A%2030px%3B%20margin-top%3A%2020px%3B%20text-align%3A%20center%3B%20line-height%3A%2040px%3B%22%3ECsatlakozz%20a%20Sport24%20k%C3%B6z%C3%B6ss%C3%A9ghez%2C%20mondd%20el%20v%C3%A9lem%C3%A9nyedet%20z%C3%A1rt%20Facebook-csoportunkban%2C%20%C3%A9s%20vegy%C3%A9l%20r%C3%A9szt%20csak%20el%C5%91fizet%C5%91knek%20el%C3%A9rhet%C5%91%20exkluz%C3%ADv%20esem%C3%A9nyeinken.%3C%2Fh2%3E%0D%0A%3C%2Fdiv%3E%0D%0A%3Cp%20style%3D%22background%3A%20%2357A600%3B%20margin-top%3A%2020px%3B%20padding%3A%2020px%3B%20text-align%3A%20center%3B%22%3E%3Ca%20style%3D%22color%3A%20%23ffffff%3B%20font-size%3A%2026px%3B%20font-weight%3A%20600%3B%22%20href%3D%22https%3A%2F%2Fwww.facebook.com%2Fgroups%2F212344460412327%22%3ECSATLAKOZOM%3C%2Fa%3E%3C%2Fp%3E%0D%0A%0D%0A%3C%2Fdiv%3E\"]","type":"rich","thumbnail_url":"https:\/\/s.24.hu\/app\/uploads\/sites\/24\/2021\/10\/73996473-150x150.jpg","thumbnail_width":150,"thumbnail_height":150}