{"version":"1.0","provider_name":"Sport24","provider_url":"https:\/\/sport24.24.hu","author_name":"Bruckner G\u00e1bor","author_url":"https:\/\/sport24.24.hu\/author\/brucknerg\/","title":"A Chelsea \u00e9s az Arsenal uralhatja a minden eddigin\u00e9l n\u00e9pszer\u0171bb angol n\u0151i profilig\u00e1t","html":"Az angol n\u0151i profi futballbajnoks\u00e1g \u2013 hivatalos nev\u00e9n Women\u2019s Super League (WSL) \u2013 2021\/22-es \u00e9vad\u00e1nak els\u0151 fordul\u00f3j\u00e1ban az Everton\u2013Manchester City meccset \u00e1tlagosan 700 ezer ember k\u00f6vette figyelemmel a BBC-n, \u00e9s ezzel abban az id\u0151s\u00e1vban egyetlen m\u00e1sik csatorna sem tudott versenyezni, mik\u00f6zben a 800 ezres cs\u00facsn\u00e9z\u0151sz\u00e1mmal minden id\u0151k legn\u00e9zettebb n\u0151i klubm\u00e9rk\u0151z\u00e9s\u00e9v\u00e9 v\u00e1lt az Egyes\u00fclt Kir\u00e1lys\u00e1gban.\r\n\r\nDe ez alighanem m\u00e9g csak a kezdet.\r\n\r\n<span class=\"highlight-block-small\">A WSL tavasszal az eddigi legnagyobb, majdnem 10 milli\u00f3 fontos szerz\u0151d\u00e9s\u00e9t k\u00f6t\u00f6tte meg a Sky Sportsszal \u00e9s a BBC-vel, minek \u00e9rtelm\u00e9ben el\u0151bbi 44, m\u00edg ut\u00f3bbi 22 m\u00e9rk\u0151z\u00e9st sug\u00e1roz \u00e9l\u0151ben a k\u00f6vetkez\u0151 h\u00e1rom id\u00e9nyben, minden kor\u00e1bbin\u00e1l el\u00e9rhet\u0151bb\u00e9 t\u00e9ve a k\u00f6z\u00f6ns\u00e9g sz\u00e1m\u00e1ra a n\u0151i futballt.<\/span>\r\n\r\nAz els\u0151 k\u00e9t fordul\u00f3 ut\u00e1n egy\u00e9rtelm\u0171en l\u00e1tszik, hogy a k\u00f6zvet\u00edt\u0151 csatorn\u00e1k nem veszik f\u00e9lv\u00e1llr\u00f3l a feladatot. A meccsek mellett sz\u00e1mos k\u00eds\u00e9r\u0151m\u0171sorral, \u00f6sszefoglal\u00f3kkal \u00e9s felvezet\u0151kkel igyekeznek k\u00f6zelebb hozni a szurkol\u00f3kat a lig\u00e1hoz, \u00e9s a k\u00f6r\u00edt\u00e9s sz\u00ednvonala is a vil\u00e1gon legink\u00e1bb k\u00f6vetett f\u00e9rfibajnoks\u00e1g\u00e9hoz, a Premier League-hez foghat\u00f3.\r\n<div class=\"payable-content-section\"><\/div>\r\nA Sky Sportson egykori j\u00e1t\u00e9kosok \u00e9s szak\u00e9rt\u0151k r\u00e9szletekbe men\u0151en, az el\u00e9rhet\u0151 cs\u00facstechnol\u00f3gia seg\u00edts\u00e9g\u00e9vel elemzik a liga t\u00f6rt\u00e9n\u00e9seit. Ezt mi sem mutatja jobban, mint hogy a csatorn\u00e1n\u00e1l szak\u00e9rt\u0151k\u00e9nt dolgoz\u00f3, 144-szeres angol v\u00e1logatott <strong>Karen Carney<\/strong> az otthon\u00e1ban gyakorolt azzal az \u00e9rint\u0151k\u00e9perny\u0151s elemz\u0151szoftverrel, amelyet a k\u00f6zvet\u00edt\u00e9sek sor\u00e1n haszn\u00e1lnak a j\u00e1t\u00e9khelyzetek kives\u00e9z\u00e9s\u00e9hez.\r\n\r\n\u00c1m az angol n\u0151i futballnak hatalmas utat kellett megtennie, am\u00edg v\u00e9gre val\u00f3ban pr\u00e9miumterm\u00e9kk\u00e9nt kezdtek r\u00e1 tekinteni. Hi\u00e1ba n\u00e9zte meg a helysz\u00ednen 53 ezer ember, ahogy 1920 kar\u00e1csony\u00e1n a Dick Kerr's Ladies 4-0-ra verte a St Helen's Ladies csapat\u00e1t, egy \u00e9vvel k\u00e9s\u0151bb az Angol Labdar\u00fag\u00f3 Sz\u00f6vets\u00e9g (Football Association) m\u00e9gis \u00fagy d\u00f6nt\u00f6tt, hogy a n\u0151i futballt az \u00f6sszes p\u00e1ly\u00e1j\u00e1r\u00f3l kitiltja arra hivatkozva, hogy a labdar\u00fag\u00e1s egyszer\u0171en nem val\u00f3 a n\u0151knek.\r\n\r\nEzt k\u00f6vet\u0151en csaknem 50 \u00e9vet kellett v\u00e1rni arra, hogy 1969-ben megalakuljon a n\u0151i labdar\u00fag\u00f3-sz\u00f6vets\u00e9g (Women\u2019s Football Association), majd k\u00e9t \u00e9vvel k\u00e9s\u0151bb az FA is visszaengedte a n\u0151ket a p\u00e1ly\u00e1ira, hogy 1991-ben m\u00e1r elinduljon az els\u0151 orsz\u00e1gos bajnoks\u00e1g 24 csapat r\u00e9sz\u00e9tel\u00e9vel.\r\n\r\n1993-ban az FA is l\u00e9trehozott egy n\u0151i bizotts\u00e1got, aminek k\u00f6sz\u00f6nhet\u0151en a k\u00f6vetkez\u0151 \u00e9vekben, \u00e9vtizedekben a n\u0151i labdar\u00fag\u00e1s komoly fejl\u0151d\u00e9sen ment kereszt\u00fcl a szigetorsz\u00e1gban.\r\n\r\nA n\u0151i bajnoks\u00e1gban\r\n\r\n<span class=\"highlight-block\">a legnagyobb v\u00e1ltoz\u00e1st a 2011-es esztend\u0151 hozta el, <\/span>\r\n\r\namikor a legmagasabb oszt\u00e1lyt lev\u00e1ltva l\u00e9trej\u00f6tt a Women\u2019s Super League, amelybe a 16 jelentkez\u0151 klub k\u00f6z\u00fcl v\u00e9g\u00fcl 8 ker\u00fclt be. Ezek a k\u00f6vetkez\u0151k voltak: az Arsenal, a Birmingham City, a Bristol Academy, a Chelsea, a Doncaster Rovers Belles, az Everton, a Lincoln Ladies \u00e9s a Liverpool.\r\n\r\nH\u00e1rom \u00e9vvel k\u00e9s\u0151bb t\u00edz csapattal elindult a m\u00e1sodoszt\u00e1lynak sz\u00e1m\u00edt\u00f3 WSL 2 is, az \u00e9vek sor\u00e1n pedig folyamatosan b\u0151v\u00fclt a liga l\u00e9tsz\u00e1ma. Ma m\u00e1r 12 csapat verseng a bajnoki c\u00edm\u00e9rt, a Bajnokok Lig\u00e1ja-indul\u00e1s\u00e9rt \u00e9s a kies\u00e9s elker\u00fcl\u00e9s\u00e9\u00e9rt.\r\n\r\nA 2018\/19-es \u00e9vadt\u00f3l teljesen profiv\u00e1 v\u00e1l\u00f3 lig\u00e1ban ez id\u0151 alatt term\u00e9szetesen kialakult a leger\u0151sebb csapatok csoportja is, amelyek t\u00f6bbnyire uralj\u00e1k a liga els\u0151 poz\u00edci\u00f3it. A legjobbak k\u00f6z\u00e9 jelenleg az Arsenal, a Chelsea, a Manchester City, \u00e9s az elm\u00falt k\u00e9t \u00e9vben egyar\u00e1nt a h\u00e1rmas m\u00f6g\u00f6tt negyedikk\u00e9nt v\u00e9gz\u0151 Manchester United tartozik.\r\n\r\nM\u00e1r a WSL idei els\u0151 k\u00e9t fordul\u00f3j\u00e1t is komoly figyelem \u00f6vezte, de a m\u00f6g\u00f6tt\u00fcnk hagyott h\u00e9tv\u00e9g\u00e9n k\u00e9t igaz\u00e1n nagy rangad\u00f3t is rendeztek. A bajnoki c\u00edmv\u00e9d\u0151 Chelsea a Manchester United otthon\u00e1ban l\u00e9pett p\u00e1ly\u00e1ra, m\u00edg az Arsenal a Manchester Cityt fogadta. Miel\u0151tt azonban r\u00e1t\u00e9rn\u00e9nk arra, hogy mi is t\u00f6rt\u00e9nt ezeken a meccseken, \u00e9rdemes k\u00f6zelebbr\u0151l is megismerni az egy\u00fctteseket.\r\n<h2><strong>Arsenal<\/strong><\/h2>\r\nAz Arsenal 1987-ben alap\u00edtott n\u0151i csapata messze a legsikeresebb Angli\u00e1ban. A WSL megalap\u00edt\u00e1sa el\u0151tt 12 bajnoki c\u00edmet szerz\u0151, majd tov\u00e1bbi h\u00e1rom alkalommal diadalmaskod\u00f3 egy\u00fcttes az \u00f6sszes hazai kupasorozatban is cs\u00facstart\u00f3nak sz\u00e1m\u00edt, \u00e9s az angol klubok k\u00f6z\u00fcl els\u0151k\u00e9nt \u2013 mindeddig egyetlenk\u00e9nt \u2013 a londoniak tudt\u00e1k megnyerni 2007-ben a Bajnokok Lig\u00e1ja n\u0151i megfelel\u0151j\u00e9t.\r\n\r\n\u00c1m a 2012-ben megszerzett bajnoki c\u00edm ut\u00e1n a csapatnak h\u00e9t \u00e9vet kellett v\u00e1rnia arra, m\u00edg ism\u00e9t megnyerte a pontvad\u00e1szatot az ausztr\u00e1l<strong> Joe Montemurro<\/strong> ir\u00e1ny\u00edt\u00e1s\u00e1val, aki azonban a legut\u00f3bbi id\u00e9ny v\u00e9g\u00e9n t\u00e1vozott a poz\u00edci\u00f3j\u00e1b\u00f3l, miut\u00e1n az utols\u00f3, m\u00e9g Bajnokok Lig\u00e1ja-selejtez\u0151t \u00e9r\u0151 harmadik helyet csak a szezon v\u00e9g\u00e9n siker\u00fclt bebiztos\u00edtani a Manchester Unitedet megel\u0151z\u00e9s\u00e9vel.\r\n\r\nAz \u00f6sszess\u00e9g\u00e9ben csal\u00f3d\u00e1st kelt\u0151 2020\/21-es \u00e9vadot k\u00f6vet\u0151en a kispadra a Rosengaard csapat\u00e1val k\u00e9t bajnoki c\u00edmet nyer\u0151 <strong>Jonas Eidevall<\/strong> \u00fclt le, akivel eddig a t\u00e9tmeccsein sz\u00e1zsz\u00e1zal\u00e9kos teljes\u00edtm\u00e9nyt ny\u00fajtott az Arsenal. Az \u00e1tigazol\u00e1si id\u0151szakban r\u00e1ad\u00e1sul siker\u00fclt annyira meger\u0151s\u00edteni a keretet, hogy a csapatot ak\u00e1r a Chelsea els\u0151sz\u00e1m\u00fa kih\u00edv\u00f3j\u00e1nak is tekinthetj\u00fck ebben a szezonban.\r\n\r\n[caption id=\"attachment_2100\" align=\"alignnone\" width=\"1024\"]<img class=\"size-large wp-image-2100\" src=\"https:\/\/sport24.24.hu\/app\/uploads\/sites\/24\/2021\/09\/gettyimages-1338674718-1024x723.jpg\" alt=\"\" width=\"1024\" height=\"723\" \/> Jonas Eidevall[\/caption]\r\n\r\nAz Arsenal els\u0151sorban a t\u00e1mad\u00f3szekci\u00f3t er\u0151s\u00edtette meg a sz\u00e9len \u00e9s t\u00e1mad\u00f3 k\u00f6z\u00e9pp\u00e1ly\u00e1sk\u00e9nt is bevethet\u0151, Jap\u00e1nnal 2011-ben vil\u00e1gbajnoki c\u00edmet szerz\u0151 <strong>Mana Iwabuchival<\/strong>, a Lyont\u00f3l hazacs\u00e1b\u00edtott angol v\u00e1logatott <strong>Nikita Parrisszel<\/strong> \u00e9s a vil\u00e1g egyik legismertebb n\u0151i labdar\u00fag\u00f3j\u00e1val, a k\u00e9tszeres vil\u00e1gbajnok amerikai <strong>Tobin Heath-tel<\/strong>. M\u00e9g \u00e9rkezett a k\u00f6z\u00e9pp\u00e1ly\u00e1ra a norv\u00e9g v\u00e1logatott <strong>Frida Maanum<\/strong>, a v\u00e9delembe pedig az Eidevallal kor\u00e1bban m\u00e1r egy\u00fctt dolgoz\u00f3, d\u00e1n v\u00e1logatott <strong>Boye Sorensen<\/strong>, mik\u00f6zben siker\u00fclt megtartani azt a <strong>Vivianne Miedem\u00e1t<\/strong>, aki jelenleg a WSL t\u00f6rt\u00e9net\u00e9nek legeredm\u00e9nyesebb g\u00f3lszerz\u0151je, egyben tal\u00e1n a vil\u00e1g legjobb csat\u00e1ra is.\r\n\r\nA legfontosabb j\u00e1t\u00e9kosok: Vivianne Miedema, <strong>Leah Williamson, Kim Little, Katie McCabe<\/strong>.\r\n<h2><strong>Chelsea<\/strong><\/h2>\r\nA londoni K\u00e9kek az elm\u00falt \u00e9vekben egy\u00e9rtelm\u0171en a leger\u0151sebb angol n\u0151i csapatt\u00e1 l\u00e9ptek el\u0151. Az 1992-ben szurkol\u00f3k \u00e1ltal alap\u00edtott egy\u00fcttes a 2000-es \u00e9vek k\u00f6zepe \u00f3ta szerepel az els\u0151 oszt\u00e1lyban, \u00e9s az elm\u00falt hat \u00e9vben a liga legjobb edz\u0151j\u00e9nek tartott <strong>Emma Hayes<\/strong> ir\u00e1ny\u00edt\u00e1sa mellett \u00f6sszesen nyolc nagy tr\u00f3fe\u00e1t siker\u00fclt bezsebelnie, k\u00f6zt\u00fck a legut\u00f3bbi k\u00e9t WSL bajnoki c\u00edmet.\r\n\r\nMindezek mellett azonban a csapat legnagyobb sikere tal\u00e1n az el\u0151z\u0151 szezonban el\u00e9rt Bajnokok Lig\u00e1ja-d\u00f6nt\u0151, amelyben azonban a Chelsea meglep\u0151en sima, 4-0-s veres\u00e9get szenvedett a Barcelon\u00e1val szemben.\r\n\r\nEbben a szezonban sem lehet k\u00e9rd\u00e9ses, hogy a c\u00e9l az \u00fajabb bajnoki c\u00edmv\u00e9d\u00e9s, na meg a lehet\u0151leg m\u00e9g er\u0151sebb menetel\u00e9s a BL-ben. Mindehhez az er\u0151forr\u00e1sok is adottak, hiszen \u00f6v\u00e9k a leger\u0151sebb, legm\u00e9lyebb keret, ami k\u00fcl\u00f6n\u00f6sen a t\u00e1mad\u00f3sorra igaz.\r\n\r\nHayes az el\u0151z\u0151 szezonban g\u00f3lkir\u00e1lyi c\u00edmet szerz\u0151 <strong>Sam Kerr<\/strong>, a vil\u00e1gbajnoki bronz\u00e9rmes <strong>Fran Kirby<\/strong>, a 2020-ban a FIFA \u00e1ltal az \u00e9v m\u00e1sodik legjobb n\u0151i j\u00e1t\u00e9kos\u00e1nak v\u00e1lasztott <strong>Pernille Harder<\/strong> \u00e9s az angol v\u00e1logatott <strong>Bethany England<\/strong> mellett m\u00e1r a Manchester Unitedt\u0151l frissen szerz\u0151dtetett, csup\u00e1n 19 \u00e9ves <strong>Lauren Jamesre<\/strong> is sz\u00e1m\u00edthat.\r\n\r\nAz edz\u0151 az el\u0151z\u0151 szezonban t\u00f6bbnyire alkalmazott 4-3-1-2-es j\u00e1t\u00e9krendszerr\u0151l erre az id\u00e9nyre a f\u00e9rfiakn\u00e1l <strong>Thomas Tuchel<\/strong> \u00e1ltal is kedvelt 3-4-2-1-es j\u00e1t\u00e9krendszerre v\u00e1ltott, \u00e9s alighanem ennek is k\u00f6sz\u00f6nhet\u0151, hogy a v\u00e9delembe is \u00e9rkezett egy \u00faj j\u00e1t\u00e9kos, a labd\u00e1val kiv\u00e1l\u00f3an b\u00e1n\u00f3, holland <strong>Aniak Nouwen<\/strong> szem\u00e9ly\u00e9ben.\r\n\r\nA szezon azonban nem kezd\u0151d\u00f6tt t\u00fal j\u00f3l a sz\u00e1mukra, els\u0151sorban annak k\u00f6sz\u00f6nhet\u0151en, hogy az olimpia miatt t\u00f6bb kulcsj\u00e1t\u00e9kos is k\u00e9s\u0151n csatlakozott a csapathoz. Az els\u0151 fordul\u00f3ban 3-2-es veres\u00e9get szenvedtek a tr\u00f3njukra t\u00f6r\u0151 Arsenal otthon\u00e1ban, igaz, a m\u00e1sodik meccsen m\u00e1r 4-0-ra ki\u00fct\u00f6tt\u00e9k a dobog\u00f3s \u00e1lmokat d\u00e9delget\u0151 Evertont, jelezve, hogy nem szabad le\u00edrni \u0151ket.\r\n\r\nA legfontosabb j\u00e1t\u00e9kosok: <strong>Magdalena Eriksson<\/strong>, Sam Kerr, Fran Kirby, Pernille Harder.\r\n<h2><strong>Manchester City<\/strong><\/h2>\r\nNoha a Manchester City n\u0151i csapat\u00e1nak t\u00f6rt\u00e9nete m\u00e1r 1987 \u00f3ta \u00edr\u00f3dik, az egy\u00fcttes eg\u00e9szen 2013-ig egyszer sem szerepelt az els\u0151 lig\u00e1ban, \u00e9s az odaker\u00fcl\u00e9se is meglehet\u0151sen ellentmond\u00e1sosra siker\u00fclt.\r\n\r\n<span class=\"highlight-block-small\">Amikor a WSL m\u00e1sodoszt\u00e1lya megalakult, a jelentkez\u0151 klubok k\u00f6z\u00fcl a Manchester City r\u00f6gt\u00f6n az els\u0151 lig\u00e1ban kapott helyet, cser\u00e9be a WSL-alap\u00edt\u00f3 Doncaster Rovers Belles-t lefokozt\u00e1k a m\u00e1sodoszt\u00e1lyba.<\/span>\r\n\r\n\u00c9s ha m\u00e1r r\u00f6gt\u00f6n a h\u00fasosfaz\u00e9k k\u00f6zel\u00e9be ker\u00fcltek, akkor alaposan be is lakm\u00e1roztak: a k\u00f6vetkez\u0151 \u00e9vekben a City h\u00e1rom FA Kup\u00e1t \u00e9s ugyanennyi Ligakup\u00e1t nyert a 2016-os bajnoki c\u00edm mellett.\r\n\r\nAz ut\u00f3bbi \u00f6t \u00e9vben azonban kiz\u00e1r\u00f3lag a m\u00e1sodik hellyel kellett be\u00e9rni\u00fck a bajnoks\u00e1gban, a 2019\/20-as \u00e9vadban aratott kupasikert pedig egyetlen tr\u00f3fea sem k\u00f6vette a legut\u00f3bbi szezonban, \u00edgy egy\u00e9rtelm\u0171, hogy ezen ebben a id\u00e9nyben mindenk\u00e9ppen szeretn\u00e9nek v\u00e1ltoztatni.\r\n\r\nA 48 \u00e9ves, kor\u00e1bbi walesi v\u00e1logatott <strong>Graham Taylor<\/strong> vezette csapat szenvedte meg legink\u00e1bb az idei olimpi\u00e1t, ugyanis t\u00edz j\u00e1t\u00e9kosa is ott volt a toki\u00f3i torn\u00e1n, \u00e9s ez igencsak megzavarta a felk\u00e9sz\u00fcl\u00e9st a szezonra. Alighanem ez is k\u00f6zrej\u00e1tszott abban, hogy a Real Madrid ellen nem siker\u00fclt kiharcolni a Bajnokok Lig\u00e1ja-f\u0151t\u00e1bl\u00e1ra jut\u00e1st, \u00edgy a City nagyon hamar elb\u00facs\u00fazott az eur\u00f3pai porondt\u00f3l.\r\n\r\nIgaz, er\u0151s\u00edteni is siker\u00fclt az egy\u00fcttesen: a legnagyobb n\u00e9v az \u00e9rkez\u0151k k\u00f6z\u00fcl egy\u00e9rtelm\u0171en a Barcelon\u00e1val csapatkapit\u00e1nyk\u00e9nt az el\u0151z\u0151 \u00e9vadban bajnoki c\u00edmet nyer\u0151 <strong>Vicky Losada<\/strong>, akinek a t\u00e1voz\u00f3 k\u00e9tszeres vil\u00e1gbajnok <strong>Sam Mewist<\/strong> \u00e9s <strong>Rose Lavelle-t<\/strong> kell p\u00f3tolnia, miut\u00e1n mindketten visszat\u00e9rtek az Egyes\u00fclt \u00c1llamokba.\r\n\r\n[caption id=\"attachment_2101\" align=\"alignnone\" width=\"1024\"]<img class=\"size-large wp-image-2101\" src=\"https:\/\/sport24.24.hu\/app\/uploads\/sites\/24\/2021\/09\/gettyimages-1235127311-1024x683.jpg\" alt=\"\" width=\"1024\" height=\"683\" \/> Vicky Losada[\/caption]\r\n\r\nA t\u00e1mad\u00f3sort is siker\u00fclt felfriss\u00edteni: a friss olimpiai bajnok <strong>Janine Beckie<\/strong>, a veter\u00e1n <strong>Ellen White<\/strong> \u00e9s a fiatal <strong>Lauren Hemp<\/strong> mell\u00e9 meg\u00e9rkezett <strong>Khadija Shaw<\/strong> is a Bordeaux-t\u00f3l.\r\n\r\nA Manchester City dolg\u00e1t viszont igencsak megnehez\u00edtheti ebben a szezonban, hogy a tavaly a FIFA \u00e1ltal az \u00e9v j\u00e1t\u00e9kos\u00e1nak v\u00e1lasztott <strong>Lucy Bronze<\/strong> t\u00e9rdm\u0171t\u00e9te miatt bizonytalan ideig nem lesz bevethet\u0151, m\u00edg <strong>Chloe Kelly<\/strong> m\u00e9g m\u00e1jusban szenvedett t\u00e9rdszalag-szakad\u00e1st.\r\n\r\nA legfontosabb j\u00e1t\u00e9kosok: Lucy Bronze, <strong>Stephanie Houghton<\/strong>, Lauren Hemp, Vicky Losanda.\r\n<h2><strong>Manchester United<\/strong><\/h2>\r\nA nagy h\u00e1rmason k\u00edv\u00fcl mindenk\u00e9ppen \u00e9rdemes foglalkozni a Manchester Uniteddel is, amely annak ellen\u00e9re v\u00e9gzett az elm\u00falt k\u00e9t szezonban egyar\u00e1nt a negyedik helyen, hogy 2005-ben a klub megsz\u0171ntette a n\u0151i szak\u00e1gat, \u00e9s csak a 2018\/19-es szezonban ind\u00edtott ism\u00e9t csapatot a m\u00e1sodoszt\u00e1lyban \u2013 amelyet megnyerve egyb\u0151l a legjobbak mell\u00e9 ker\u00fclt a WSL-ben.\r\n\r\nAz viszont nagy k\u00e9rd\u00e9s, hogy miut\u00e1n a csapat a legut\u00f3bbi bajnoks\u00e1gban kis h\u00edj\u00e1n letasz\u00edtotta a dobog\u00f3r\u00f3l az Arsenalt, most k\u00e9pes lesz-e tartani a l\u00e9p\u00e9st a legjobbakkal. A ny\u00e1ron ugyanis a 2018-as \u00fajraalakul\u00e1sa \u00f3ta a csapatot nagy sikerrel ir\u00e1ny\u00edt\u00f3 <strong>Casey Stoney<\/strong> t\u00e1vozott a kispadr\u00f3l, \u00e9s a Brimingham Cityvel er\u0151n fel\u00fcl teljes\u00edt\u0151, de azt k\u00f6vet\u0151en Amerik\u00e1ban m\u00e1r kev\u00e9sb\u00e9 sikeres <strong>Marc Skinner<\/strong> \u00e9rkezett a hely\u00e9re.\r\n\r\nEnn\u00e9l is nagyobb gondot jelent a rengeteg t\u00e1voz\u00f3, akit p\u00f3tolni kellett. T\u00f6bbek k\u00f6z\u00f6tt az amerikai v\u00e1logatott <strong>Christine Press<\/strong> \u00e9s Tobin Heath is elhagyta a csapatot, ut\u00f3bbi r\u00e1ad\u00e1sul a riv\u00e1lis Arsenalt er\u0151s\u00edti. Mellett\u00fck a k\u00f6z\u00f6ns\u00e9gkedvenc v\u00e9d\u0151, <strong>Amy Turner<\/strong>, \u00e9s a Chelsea-hez igazol\u00f3 <strong>Lauren James<\/strong> elk\u00f6sz\u00f6n\u00e9se lehet igaz\u00e1n f\u00e1j\u00f3.\r\n\r\nAz \u00e9rkez\u0151k k\u00f6z\u00fcl ugyan a norv\u00e9g k\u00f6z\u00e9pp\u00e1ly\u00e1s <strong>Vilde Boe Risa<\/strong> megszerz\u00e9se kifejezetten izgalmasnak t\u0171nik, \u00e9s a kor\u00e1bbi koroszt\u00e1lyos angol v\u00e1logatott kapus <strong>Sophie Baggaley<\/strong>, a Manchester Cityt\u0151l \u00e9rkez\u0151 <strong>Aoife Mannion<\/strong>, valamint a West Hamt\u0151l szerz\u0151dtetett <strong>Martha Thomas<\/strong> leigazol\u00e1sa egyar\u00e1nt okos d\u00f6nt\u00e9snek t\u0171nik, k\u00e9rd\u00e9ses, hogy min\u0151s\u00e9gben a V\u00f6r\u00f6s \u00d6rd\u00f6g\u00f6k kerete tudja-e ugyanazt hozni, mint az el\u0151z\u0151 k\u00e9t \u00e9vben.\r\n\r\nMindenesetre Skinner csapata a szezont remek\u00fcl, k\u00e9t gy\u0151zelemmel kezdte, \u00e9s az el\u0151z\u0151 szezonban h\u00e1zi g\u00f3lkir\u00e1lyk\u00e9nt remekl\u0151, \u201ekilenc \u00e9s feles\u201d <strong>Ella Toone<\/strong> 22 \u00e9vesen tov\u00e1bbra is h\u00faz\u00f3embere a csapatnak. A legut\u00f3bbi fordul\u00f3 eredm\u00e9nye viszont alighanem ki\u00e1br\u00e1nd\u00edt\u00f3an hathatott a V\u00f6r\u00f6s \u00d6rd\u00f6g\u00f6kre...\r\n\r\nA legfontosabb j\u00e1t\u00e9kosok: Ella Toone, <strong>Leah Galton, Mary Earps, Katie Zelem<\/strong>.\r\n<h2><strong>Manchester United\u2013Chelsea 1-6<\/strong><\/h2>\r\nA ny\u00e1ri komoly v\u00e1ltoz\u00e1sok ellen\u00e9re a Manchester United k\u00e9t gy\u0151zelemmel kezdett, de a h\u00e9tv\u00e9gi rangad\u00f3 megmutatta, hogy ebben a szezonban aligha sz\u00e1llhat komolyan harcba a dobog\u00f3\u00e9rt. A Chelsea val\u00f3s\u00e1gos er\u0151demonstr\u00e1ci\u00f3t tartott a 6-1-es gy\u0151zelemmel, mik\u00f6zben j\u00f3l l\u00e1that\u00f3an m\u00e9g Emma Hayes csapata sem tal\u00e1lta meg a cs\u00facsform\u00e1j\u00e1t.\r\n\r\nA manchesteriekn\u00e9l Skinner kitartott az el\u0151z\u0151 fordul\u00f3kban alkalmazott 4-2-3-1-es fel\u00e1ll\u00e1s mellett, m\u00edg a m\u00e1sik oldalon Hayes is az erre a szezonra domin\u00e1nss\u00e1 v\u00e1l\u00f3 3-4-2-1-ben k\u00fcldte p\u00e1ly\u00e1ra a csapat\u00e1t.\r\n\r\nHa a hazai szurkol\u00f3k a meccs el\u0151tt m\u00e9g komolyan bizakodtak is a j\u00f3 eredm\u00e9ny el\u00e9r\u00e9s\u00e9ben, akkor ez a rem\u00e9ny hamar elillant, miut\u00e1n a Chelsea m\u00e1r a m\u00e1sodik percben megszerezte a vezet\u00e9st Fran Kirby r\u00e9v\u00e9n egy sikeres let\u00e1mad\u00e1st k\u00f6vet\u0151en. S\u0151t: hi\u00e1ba sz\u00fcletett meg kor\u00e1n az els\u0151 tal\u00e1lat, m\u00e1r azt megel\u0151z\u0151en is siker\u00fclt \u00edg\u00e9retes helyzetet kialak\u00edtaniuk, szint\u00e9n egy magasan megszerzett labd\u00e1t k\u00f6vet\u0151en. A m\u00e9rk\u0151z\u00e9st k\u00e9p\u00e9t tekintve pedig \u00f6sszess\u00e9g\u00e9ben elmondhat\u00f3, hogy els\u0151sorban a Chelsea j\u00f3l szervezett, intenz\u00edv let\u00e1mad\u00e1sa jelentette a k\u00fcl\u00f6nbs\u00e9get a k\u00e9t csapat k\u00f6z\u00f6tt.\r\n\r\n<img class=\"alignnone size-full wp-image-2076\" src=\"https:\/\/sport24.24.hu\/app\/uploads\/sites\/24\/2021\/09\/1-kep-12.png\" alt=\"\" width=\"3893\" height=\"2160\" \/>\r\n\r\nAz els\u0151 g\u00f3lt megel\u0151z\u0151 szitu\u00e1ci\u00f3n\u00e1l j\u00f3l l\u00e1tszik, ahogy a K\u00e9kek hat\u00e9konyan az oldalvonal mell\u00e9 k\u00e9nyszer\u00edtett\u00e9k az ellenfel\u00fcket, majd lez\u00e1rtak minden lehets\u00e9ges passzopci\u00f3t. Mik\u00f6zben a jobb oldali t\u00e1mad\u00f3 k\u00f6z\u00e9pp\u00e1ly\u00e1s Harder nyom\u00e1s al\u00e1 helyezte a Manchester United jobbh\u00e1tv\u00e9dj\u00e9t, Sam Kerr csat\u00e1rk\u00e9nt \u00fcgyelt arra, hogy visszapassz eset\u00e9n azonnal meg tudja t\u00e1madni a k\u00f6z\u00e9ph\u00e1tv\u00e9det.\r\n\r\nA Manchester United a k\u00f6z\u00e9pp\u00e1ly\u00e1n alapesetben k\u00f6nnyen h\u00e1rom a kett\u0151 elleni szitu\u00e1ci\u00f3t tudott volna kialak\u00edtani <strong>Groenen, Zelem<\/strong> \u00e9s <strong>Staniforth<\/strong> r\u00e9v\u00e9n <strong>Ingle-el<\/strong> \u00e9s <strong>Leupolzzal<\/strong> szemben, \u00e9ppen ez\u00e9rt Fran Kirby volt az, aki jobb oldali t\u00e1mad\u00f3 k\u00f6z\u00e9pp\u00e1ly\u00e1sk\u00e9nt befel\u00e9 h\u00faz\u00f3dott, hogy kiegyenl\u00edtse az er\u0151viszonyokat a p\u00e1lya k\u00f6zep\u00e9n.\r\n\r\n<img class=\"alignnone size-full wp-image-2077\" src=\"https:\/\/sport24.24.hu\/app\/uploads\/sites\/24\/2021\/09\/2-kep-12.png\" alt=\"\" width=\"3905\" height=\"2197\" \/>\r\n\r\nA labdaszerz\u00e9st k\u00f6vet\u0151en Kirby \u00edgy r\u00e1ad\u00e1sul t\u00f6k\u00e9letes poz\u00edci\u00f3ban \u00e9rkezhetett k\u00f6z\u00e9pen, hogy Kerr centerez\u00e9se ut\u00e1n megszerezze az 50. g\u00f3lj\u00e1t a WSL-ben, ami kor\u00e1bban csak Ellen White-nak \u00e9s Vivianne Miedem\u00e1nak j\u00f6tt \u00f6ssze.\r\n\r\n<img class=\"alignnone size-full wp-image-2078\" src=\"https:\/\/sport24.24.hu\/app\/uploads\/sites\/24\/2021\/09\/3-kep-12.png\" alt=\"\" width=\"3905\" height=\"2197\" \/>\r\n\r\nEnn\u00e9l a jelenetn\u00e9l is j\u00f3l l\u00e1tszik, ahogyan a Chelsea teljesen az oldalvonal mell\u00e9 szor\u00edtotta a Manchester United j\u00e1t\u00e9kosait, Leupolz feljett l\u00e9pett Katie Zelemre, m\u00edg Fran Kirby jobbr\u00f3l beh\u00faz\u00f3dott k\u00f6z\u00e9pre Groenenre.\r\n\r\n<img class=\"alignnone size-full wp-image-2080\" src=\"https:\/\/sport24.24.hu\/app\/uploads\/sites\/24\/2021\/09\/4-kep-11.png\" alt=\"\" width=\"3905\" height=\"2197\" \/>\r\n\r\nA hossz\u00fa oldal teljesen szabadon hagy\u00e1s\u00e1nak azonban megvolt az a komoly h\u00e1tr\u00e1nya, hogy ha a Manchester United m\u00e9gis k\u00e9pes volt \u00e1tforgatni a labd\u00e1t, akkor hatalmas ter\u00fcletek ny\u00edltak meg j\u00e1t\u00e9kosai el\u0151tt. Ilyenkor Kirby feladata volt vissza\u00e9rni az ellenf\u00e9l balh\u00e1tv\u00e9dj\u00e9re, ami a nagy t\u00e1vols\u00e1g miatt nem ment egyszer\u0171en, \u00e9s Groenen, vagy ak\u00e1r a k\u00f6z\u00e9pcsat\u00e1r hely\u00e9r\u0151l visszal\u00e9p\u0151 Toone is szabad emberk\u00e9nt kaphatta meg a labd\u00e1t.\r\n\r\n\u00c9ppen ez\u00e9rt f\u00e9l\u00f3ra ut\u00e1n a Chelsea a fent l\u00e1that\u00f3 m\u00f3don 3-4-1-2-es alakzatra v\u00e1ltott. A k\u00e9t csat\u00e1r, Kirby \u00e9s Kerr feladata volt a Manchester United k\u00f6z\u00e9ph\u00e1tv\u00e9djeinek nyom\u00e1s al\u00e1 helyez\u00e9se, m\u00edg m\u00f6g\u00f6tt\u00fck Harder \u0151rizte az ellenf\u00e9l legm\u00e9lyebben helyezked\u0151 k\u00f6z\u00e9pp\u00e1ly\u00e1s\u00e1t.\r\n\r\n<img class=\"alignnone size-full wp-image-2081\" src=\"https:\/\/sport24.24.hu\/app\/uploads\/sites\/24\/2021\/09\/5-kep-11.png\" alt=\"\" width=\"3889\" height=\"2066\" \/>\r\n\r\nA 37. percben pedig a Chelsea ism\u00e9t ziccert tudott kialak\u00edtani egy sikeres let\u00e1mad\u00e1st k\u00f6vet\u0151en. Kerr \u00e9s Kirby els\u0151sorban a k\u00e9t k\u00f6z\u00e9ph\u00e1tv\u00e9det t\u00e1madta, de miut\u00e1n Mannion hazatette a labd\u00e1t Earpsnek, Kirby \u00fagy zavarta meg a kapust, hogy k\u00f6zben z\u00e1rta a k\u00f6z\u00e9ph\u00e1tv\u00e9d fel\u00e9 vezet\u0151 passzs\u00e1vot. A kapus pedig ezt k\u00f6vet\u0151en is megpr\u00f3b\u00e1lta kicsiben megoldani a dolgot, \u00e9s az egyetlen lehet\u0151s\u00e9get v\u00e1lasztva k\u00f6z\u00e9pre passzolt, ahol viszont Harder mell\u00e9 Leupolz is csatlakozott a let\u00e1mad\u00e1shoz, \u00e9s egy megel\u0151z\u0151 szerel\u00e9st k\u00f6vet\u0151en m\u00e1ris ott volt a kiv\u00e1l\u00f3 alkalom a g\u00f3lszerz\u00e9sre.\r\n\r\n<img class=\"alignnone size-full wp-image-2082\" src=\"https:\/\/sport24.24.hu\/app\/uploads\/sites\/24\/2021\/09\/6-kep-12.png\" alt=\"\" width=\"3905\" height=\"2197\" \/>\r\n\r\nA harmadik Chelsea g\u00f3l hasonl\u00f3 szitu\u00e1ci\u00f3b\u00f3l sz\u00fcletett: egy labdakihozatal sor\u00e1n Harder helyezte nyom\u00e1s al\u00e1 Zelemet, akinek a passza r\u00f6vidre siker\u00fclt<strong> Blundellhez<\/strong>, \u00edgy a magasan helyezked\u0151 <strong>Reiten<\/strong> csapott le a labd\u00e1ra, majd k\u00e9t \u00e1tad\u00e1st k\u00f6vet\u0151en Kerrnek m\u00e1r csak a h\u00e1l\u00f3ba kellett passzolnia.\r\n\r\nA m\u00e9rk\u0151z\u00e9s sor\u00e1n a Manchester United nem tanult a saj\u00e1t hib\u00e1ib\u00f3l, amit a lef\u00faj\u00e1s ut\u00e1n Marc Skinner is kiemelt: \u201eT\u00fals\u00e1gosan naivak voltunk, gyakran a Chelsea kez\u00e9re j\u00e1tszottunk. T\u00fal sok j\u00f3 lehet\u0151s\u00e9ggel aj\u00e1nd\u00e9koztuk meg \u0151ket, \u00e9s k\u00f6ny\u00f6rtelenek voltak a b\u00fcntet\u0151ter\u00fcleten bel\u00fcl. A k\u00f6z\u00e9pp\u00e1ly\u00e1n fel tudtuk venni vel\u00fck a versenyt, de a j\u00f6v\u0151ben ezt a k\u00e9t tizenhatosn\u00e1l is meg kell tenn\u00fcnk.\u201d\r\n\r\nEk\u00f6zben Emma Hayes remek v\u00e1ltoztat\u00e1sokkal finomhangolta a csapata labda elleni j\u00e1t\u00e9k\u00e1t, ami v\u00e9g\u00fcl ki\u00fct\u00e9ses gy\u0151zelemhez vezetett.\r\n<h2><strong>Arsenal\u2013Manchester City 5-0<\/strong><\/h2>\r\n<span class=\"highlight-block-small\">A nap m\u00e1sik rangad\u00f3j\u00e1n az Arsenal szint\u00e9n \u00f6tg\u00f3los gy\u0151zelmet aratott, r\u00e1ad\u00e1sul azt a Manchester Cityt gy\u0151zte le, amely ellen az elm\u00falt k\u00e9t \u00e9vben egyszer sem siker\u00fclt diadalmaskodnia.<\/span>\r\n\r\nAz elm\u00falt \u00e9vekben Joe Montemurr\u00f3val a kispadon az Arsenal a legt\u00f6bb m\u00e9rk\u0151z\u00e9sen kifinomult passzj\u00e1t\u00e9kkal int\u00e9zte el ellenfeleit, de az el\u0151z\u0151 id\u00e9nyben a rangad\u00f3kon rendre alulmaradt a legnagyobb riv\u00e1lisokkal szemben, ami miatt a bajnoki c\u00edm helyett a Bajnokok Lig\u00e1ja-indul\u00e1s\u00e9rt kellett k\u00fczdenie.\r\n\r\nAz \u00faj \u00e9vad els\u0151 h\u00e1rom fordul\u00f3j\u00e1ban r\u00f6gt\u00f6n a m\u00e1sik k\u00e9t bajnokaspir\u00e1nssal m\u00e9rk\u0151z\u00f6tt meg, \u00e9s b\u00e1r mindk\u00e9t meccset hazai p\u00e1ly\u00e1n j\u00e1tszhatt\u00e1k, r\u00e1ad\u00e1sul az ellenfelekt\u0151l k\u00fcl\u00f6nb\u00f6z\u0151 okokb\u00f3l t\u00f6bb fontos j\u00e1t\u00e9kos is hi\u00e1nyzott, a h\u00e1rom pont begy\u0171jt\u00e9s\u00e9hez kellett az a pragmatizmus \u00e9s c\u00e9ltudatoss\u00e1g, amit az \u00faj vezet\u0151edz\u0151, Jonas Eidevall hozott el a csapathoz.\r\n\r\n<img class=\"alignnone size-full wp-image-2083\" src=\"https:\/\/sport24.24.hu\/app\/uploads\/sites\/24\/2021\/09\/7-kep-11.png\" alt=\"\" width=\"3905\" height=\"2197\" \/>\r\n\r\nA City elleni tal\u00e1lkoz\u00f3n m\u00e1r az elej\u00e9n szembet\u0171n\u0151 volt, hogy az Arsenal nem k\u00eds\u00e9rli meg t\u00falj\u00e1tszani ellenfel\u00e9t, hanem c\u00e9lrat\u00f6r\u0151en igyekszik kihaszn\u00e1lni annak sebezhet\u0151 pontjait. R\u00f6gt\u00f6n a k\u00f6z\u00e9pkezd\u00e9st k\u00f6vet\u0151en az angol v\u00e1logatottban is remekl\u0151 Leah Williamson hossz\u00fa ind\u00edt\u00e1ssal pr\u00f3b\u00e1lta j\u00e1t\u00e9kba hozni a Manchester City magasra tolt v\u00e9delme m\u00f6g\u00e9 jobbsz\u00e9ls\u0151k\u00e9nt beindul\u00f3 Beth Meadet.\r\n\r\n\u201eA meccs el\u0151tt besz\u00e9lt\u00fcnk arr\u00f3l, milyen agressz\u00edven j\u00e1tszanak a City sz\u00e9ls\u0151 v\u00e9d\u0151i, \u00e9s mennyire magasan h\u00fazz\u00e1k meg az utols\u00f3 v\u00e9delmi vonalat. A Tottenham elleni m\u00e9rk\u0151z\u00e9sen emiatt gyakran sebezhet\u0151k voltak, \u00e9s a mi sebess\u00e9g\u00fcnkkel ezt ki tudjuk haszn\u00e1lni\u201d \u2013 er\u0151s\u00edtette meg a meccs ut\u00e1n Eidevall, hogy az Arsenal val\u00f3ban tudatosan j\u00e1tszott a csapatt\u00f3l szokatlanul sok hossz\u00fa ind\u00edt\u00e1ssal oper\u00e1lva.\r\n\r\n<img class=\"alignnone size-full wp-image-2085\" src=\"https:\/\/sport24.24.hu\/app\/uploads\/sites\/24\/2021\/09\/8-kep-9.png\" alt=\"\" width=\"3905\" height=\"2197\" \/>\r\n\r\nSzint\u00e9n m\u00e9g a m\u00e9rk\u0151z\u00e9s elej\u00e9n <strong>Lea Walti<\/strong>, amint a k\u00f6z\u00e9pp\u00e1ly\u00e1n az ellenf\u00e9l kapuj\u00e1val szembe tudott fordulni, azonnal egy magas, hossz\u00fa labd\u00e1t eresztett meg a riv\u00e1lis v\u00e9delme m\u00f6g\u00e9...\r\n\r\n<img class=\"alignnone size-full wp-image-2086\" src=\"https:\/\/sport24.24.hu\/app\/uploads\/sites\/24\/2021\/09\/9-kep-8.png\" alt=\"\" width=\"3905\" height=\"2197\" \/>\r\n\r\n\u2026 amire ez\u00fattal Mead indult, de a partjelz\u0151 les miatt meg\u00e1ll\u00edtotta az akci\u00f3t.\r\n\r\n<img class=\"alignnone size-full wp-image-2087\" src=\"https:\/\/sport24.24.hu\/app\/uploads\/sites\/24\/2021\/09\/10-kep-8.png\" alt=\"\" width=\"3905\" height=\"2197\" \/>\r\n\r\nAhogyan Eidevall is elmondta, az Arsenal j\u00e1t\u00e9kosai mindk\u00e9t vill\u00e1mgyors sz\u00e9ls\u0151t kerest\u00e9k ezekkel a hossz\u00fa ind\u00edt\u00e1sokkal. Ebben az esetben a k\u00f6z\u00e9ph\u00e1tv\u00e9d <strong>Beattie<\/strong> ind\u00edtotta a bal sz\u00e9len beindul\u00f3 Katie McCabe-et, akit \u2013 mik\u00e9ppen Meadet \u2013 a partjelz\u0151 \u00e1ll\u00edtott meg.\r\n\r\n<img class=\"alignnone size-full wp-image-2088\" src=\"https:\/\/sport24.24.hu\/app\/uploads\/sites\/24\/2021\/09\/11-kep-7.png\" alt=\"\" width=\"3889\" height=\"2099\" \/>\r\n\r\nV\u00e9g\u00fcl az Arsenal harmadik g\u00f3lj\u00e1n\u00e1l val\u00f3sult meg t\u00f6k\u00e9letesen Eidevall elk\u00e9pzel\u00e9se: ism\u00e9t Lea Walti volt az, aki gyors, hossz\u00fa ind\u00edt\u00e1ssal j\u00e1tszotta \u00e1t a Manchester City teljes k\u00f6z\u00e9pp\u00e1ly\u00e1s \u00e9s v\u00e9d\u0151sor\u00e1t.\r\n\r\n<img class=\"alignnone size-full wp-image-2089\" src=\"https:\/\/sport24.24.hu\/app\/uploads\/sites\/24\/2021\/09\/12-kep-4.png\" alt=\"\" width=\"3905\" height=\"2197\" \/>\r\n\r\nMcCabe enn\u00e9l a helyzetn\u00e9l t\u00f6k\u00e9letesen indult, a partjelez\u0151 sem emelte a z\u00e1szlaj\u00e1t, \u00e9s ezzel a g\u00f3llal v\u00e9gleg eld\u00f6nt\u00f6tte a m\u00e9rk\u0151z\u00e9st.\r\n\r\nAz Arsenal \u00f6sszess\u00e9g\u00e9ben csak 36 sz\u00e1zal\u00e9kban birtokolta a labd\u00e1t a m\u00e9rk\u0151z\u00e9sen, m\u00e9gis t\u00f6bbsz\u00f6r l\u0151tt kapura az ellenfel\u00e9n\u00e9l (16-9), \u00e9s a kialak\u00edtott helyzetei is magasabb min\u0151s\u00e9g\u0171ek voltak (xG: 2,8-0,5)\r\n\r\nA Manchester City ezzel a legs\u00falyosabb veres\u00e9g\u00e9t szenvedte el a WLS-ben, \u00e9s mivel egy h\u00e9ttel kor\u00e1bban meglep\u0151 m\u00f3don a Tottenham ellen is kikapott Graham Taylor csapata, a bajnoki c\u00edm megszerz\u00e9s\u00e9nek es\u00e9lye jelent\u0151sen cs\u00f6kkent. Merthogy a Chelsea, az Arsenal \u00e9s eddig a Manchester City is csak nagyon ritk\u00e1n vesz\u00edtett pontokat a t\u00f6bbi egy\u00fcttessel szemben.\r\n\r\nAz 5-0-s v\u00e9geredm\u00e9ny ugyanakkor semmit sem mond el a City val\u00f3di erej\u00e9r\u0151l, mivel Taylor sz\u00e1mos s\u00e9r\u00fcl\u00e9s miatt k\u00f6zel sem a leger\u0151sebb kezd\u0151tizenegy\u00e9t k\u00fcldhette a p\u00e1ly\u00e1ra. A kulcsj\u00e1t\u00e9kosok k\u00f6z\u00fcl Steph Houghton \u00e9s Lucy Bronze is hi\u00e1nyzott, a v\u00e9delem k\u00f6zep\u00e9n v\u00e9g\u00fcl p\u00e1ly\u00e1ra l\u00e9p\u0151 <strong>Alex Greenwood<\/strong> sem volt sz\u00e1zsz\u00e1zal\u00e9kos \u00e1llapotban, m\u00edg a jobbh\u00e1tv\u00e9d posztj\u00e1n az eredetileg sz\u00e9ls\u0151 t\u00e1mad\u00f3k\u00e9nt bevethet\u0151 <strong>Georgia Stanwaynak<\/strong> kellett helyt\u00e1llnia.\r\n\r\nAz mindenesetre m\u00e1r az els\u0151 h\u00e1rom fordul\u00f3 ut\u00e1n l\u00e1tszik, hogy\r\n\r\n<span class=\"highlight-block\">a Chelsea \u00e9s az Arsenal kerete a legm\u00e9lyebb ebben az \u00e9vadban, <\/span>\r\n\r\nmik\u00f6zben a Manchester City abban b\u00edzhat, hogy a k\u00e9t riv\u00e1lis a Bajnokok Lig\u00e1ja-szerepl\u00e9s k\u00f6zben elhullajt n\u00e9h\u00e1ny pontot a kisebb csapatok ellen is.\r\n\r\nB\u00e1r a szezon el\u0151tt t\u00f6bben is azt v\u00e1rt\u00e1k, hogy a Manchester United, vagy a j\u00f3l er\u0151s\u00edt\u0151 Everton megszorongathatja a nagy h\u00e1rmast, most \u00fagy t\u0171nik: val\u00f3j\u00e1ban csak k\u00e9t csapat lesz harcban a bajnoki c\u00edm\u00e9rt.\r\n\r\n<em>(A WSL m\u00e9rk\u0151z\u00e9sei Magyarorsz\u00e1gon az faplayer.thefa.com-on \u00e9s a The FA Player alkalmaz\u00e1s\u00e1ban ingyenes regisztr\u00e1ci\u00f3t k\u00f6vet\u0151en \u00e9l\u0151ben k\u00f6vethet\u0151k.)<\/em>\r\n\r\n[prefabricated_shortcode in_app=\"0\" code=\"%3Cdiv%20class%3D%22article_box_border%22%20style%3D%22background%3A%20url%28%27https%3A%2F%2F24.p3k.hu%2Fapp%2Fuploads%2Fsites%2F24%2F2021%2F05%2Fsport24-pattern.png%27%29%20no-repeat%20left%20-16px%20%23f3f3f4%3B%20border%3A%20none%3B%22%3E%0D%0A%3Cdiv%20class%3D%22article_solidheader%22%3E%0D%0A%3Ch2%20style%3D%22color%3A%20%23111115%21important%3B%20font-size%3A%2036px%3B%20font-weight%3A%20bold%3B%20margin-bottom%3A%2030px%3B%20margin-top%3A%2020px%3B%20text-align%3A%20center%3B%20line-height%3A%2036px%3B%22%3E%3Cimg%20class%3D%22aligncenter%20size-full%20wp-image-141%22%20src%3D%22https%3A%2F%2F24.p3k.hu%2Fapp%2Fuploads%2Fsites%2F24%2F2021%2F05%2Fs24-logo-dt.png%22%20alt%3D%22%22%20width%3D%22408%22%20height%3D%2290%22%20%2F%3E%3C%2Fh2%3E%0D%0A%3Ch2%20style%3D%22color%3A%20%23111115%21important%3B%20font-size%3A%2036px%3B%20font-weight%3A%20bold%3B%20margin-bottom%3A%2030px%3B%20margin-top%3A%2020px%3B%20text-align%3A%20center%3B%20line-height%3A%2040px%3B%22%3ECsatlakozz%20a%20Sport24%20k%C3%B6z%C3%B6ss%C3%A9ghez%2C%20mondd%20el%20v%C3%A9lem%C3%A9nyedet%20z%C3%A1rt%20Facebook-csoportunkban%2C%20%C3%A9s%20vegy%C3%A9l%20r%C3%A9szt%20csak%20el%C5%91fizet%C5%91knek%20el%C3%A9rhet%C5%91%20exkluz%C3%ADv%20esem%C3%A9nyeinken.%3C%2Fh2%3E%0D%0A%3C%2Fdiv%3E%0D%0A%3Cp%20style%3D%22background%3A%20%2357A600%3B%20margin-top%3A%2020px%3B%20padding%3A%2020px%3B%20text-align%3A%20center%3B%22%3E%3Ca%20style%3D%22color%3A%20%23ffffff%3B%20font-size%3A%2026px%3B%20font-weight%3A%20600%3B%22%20href%3D%22https%3A%2F%2Fwww.facebook.com%2Fgroups%2F212344460412327%22%3ECSATLAKOZOM%3C%2Fa%3E%3C%2Fp%3E%0D%0A%0D%0A%3C%2Fdiv%3E\"]","type":"rich","thumbnail_url":"https:\/\/s.24.hu\/app\/uploads\/sites\/24\/2021\/09\/gettyimages-1338497062-150x150.jpg","thumbnail_width":150,"thumbnail_height":150}