{"version":"1.0","provider_name":"Sport24","provider_url":"https:\/\/sport24.24.hu","author_name":"Bruckner G\u00e1bor","author_url":"https:\/\/sport24.24.hu\/author\/brucknerg\/","title":"Darvasi L\u00e1szl\u00f3: Mindent \u00e9rteni","html":"J\u00f3, j\u00f3, van ez a kl\u00edmav\u00e1ltoz\u00e1s, minden el\u00e9g, kisz\u00e1rad, nem lesz, de stadion akkor is lesz. P\u00e1ly\u00e1k. Dr\u00e1ga j\u00f3 p\u00e1ly\u00e1k. Feri, idefigyelj\u00e9l. Amikor j\u00f6n hozz\u00e1nk Gul\u00e1csra a K\u00e1ptalant\u00f3ti, te csak kirakod a kukoricamagot egy vast\u00e1lra, els\u0151 f\u00e9lid\u0151 v\u00e9g\u00e9re (5-0 ide) lesz t\u00f6bb kil\u00f3 pattogatottad! \u00c9rted-e? Gy\u00f6ny\u00f6r\u0171 \u0151sz\u00f6k festegetnek a tiszta erk\u00f6lcs\u0171 erd\u0151kben \u00e9s a b\u0171nt\u0151l elmocsarasodott nagyv\u00e1rosokban, a mag\u00e1ntavak k\u00f6rny\u00e9k\u00e9n. Jut eszembe, van csal\u00e1di mozi, csal\u00e1di sz\u00ednh\u00e1zi el\u0151ad\u00e1s, csal\u00e1di kir\u00e1ndul\u00e1s\/horg\u00e1sz\u00e1s, csal\u00e1di sz\u00ednesf\u00e9m\u00fcnnepl\u00e9s, csal\u00e1di ny\u00e1r, \u00e9s m\u00e9g sorolhatn\u00e1m. Ja igen, van csal\u00e1di szurkol\u00e1s is. Ez az.\r\n\r\nAktu\u00e1lisan a k\u00f6vetkez\u0151 esem\u00e9nyre jelentkeztek be n\u00e9gyen, amikor is kik n\u00e9pes\u00edtik be a z\u00f6ld k\u00fczd\u0151teret, na, kik? A magyarok, term\u00e9szetesen, a magyar n\u00e9p legjobbjai, der\u00e9k, elhivatott fi\u00fak, szorgalmas, becs\u00fcletes emberek, illetve a SchmidtM\u00e1riamegmondta icipici, ny\u00fcves angolok.\r\n<div class=\"payable-content-section\"><\/div>\r\nApuka \u00e9s 3 gyerek. Mindig is j\u00e1rtak a v\u00e1logatott meccseire. Mindig szurkoltak a sz\u00edv\u00fckkel, szurkoltak az esz\u00fckkel, s\u00edppal, dobbal, n\u00e1diheged\u0171vel.\r\n\r\n<span class=\"highlight-block-small\">Mindig n\u00e9zt\u00e9k egy\u00fctt, otthon vagy \u00e9l\u0151ben, \u00e9s a gyerekek a kertben is elj\u00e1tszott\u00e1k az esem\u00e9nyeket \u00e9s a j\u00e1t\u00e9kosokat, ahogy r\u00e9gen mi Dzsa\u00edrzinny\u00f3t, Albertet vagy G\u00f6rcs\u00f6t \u2013 G\u00f6r\u00f6cs, te nagyon h\u00fclye Sanyika. <\/span>\r\n\r\n\u0150k most C\u00e9ronald\u00f3, Messzi, K\u00edn. Nem K\u00edn, K\u00e9n. Benzema. Mindegy. Ebben n\u0151ttek f\u00f6l, ebben szocializ\u00e1ltak, hogy eur\u00f3milli\u00f3kkal van svickolva az \u00e9g ablaka, hogy egy Messi meg tudn\u00e1 venni az Eucharisztikus Kongresszust tokkal, von\u00f3val, ha Istenhez m\u00e9g az\u00e9rt neki is gy\u0171jteni kellene. Mindegy. Szurkol\u00f3k. Rendes szurkol\u00f3k, majdhogynem tisztes polg\u00e1ri vonal, \u00e1ld\u00e1s, b\u00e9kess\u00e9g. Gyermekeimet a sport, a k\u00fczdelem szeretet\u00e9re nevelem, lobogjon benn\u00fck a versenyszellem, a k\u00fczdelem heve, \u00e9p\u00fclj\u00f6n f\u00f6l benn\u00fck az erk\u00f6lcs, test\u00fck legyen izmos, feszes, hajl\u00e9kony, sz\u00e9p. Nem, nem vesz\u00fcnk szotyol\u00e1t.\r\n\r\nMondom, n\u00e9gyen indulnak a magyarangolra.\r\n\r\nKisl\u00e1nyom, biztosan azt a m\u00e1sk\u00fcl\u00f6nben nagyon sz\u00e9p, nagyon cuki, hanemazonbandeviszont sziv\u00e1rv\u00e1nyos zoknit szeretn\u00e9d \u00e9despici l\u00e1badra f\u00f6lh\u00fazni erre az alkalomra?\r\n\r\nIgen, papa.\r\n\r\nNem a kock\u00e1sat?\r\n\r\nNem, papa.\r\n\r\nA cs\u00edkos net\u00e1n?\r\n\r\nSz\u00e9pen k\u00e9rlek, ne sz\u00f3lj bele, papa.\r\n\r\nK\u00fcl\u00f6nben, mivel j\u00e1rnak rendszeresen, edzett gyerekek. Hogy meglepn\u00e9 \u0151ket valamin\u0151 \u00fajdons\u00e1g, nem val\u00f3sz\u00edn\u0171.\r\n\r\n<span class=\"highlight-block-small\"> L\u00e1tt\u00e1k m\u00e1r magyar m\u00e9rk\u0151z\u00e9sen Hitlert, mag\u00e1t Othell\u00f3nak maszk\u00edroz\u00f3 Gyurcs\u00e1nyt, Sorost, aki nagyobbra szerelte a magyar kaput. <\/span>\r\n\r\n<img class=\"alignnone size-large wp-image-1994\" src=\"https:\/\/sport24.24.hu\/app\/uploads\/sites\/24\/2021\/09\/d__yt20160618010-1024x629.jpg\" alt=\"\" width=\"1024\" height=\"629\" \/>\r\n\r\nA t\u00e9v\u00e9ben l\u00e1tt\u00e1k a marseille-i Rue iz\u00e9n a h\u00f6mp\u00f6lyg\u0151 fekete sereget, a\u2019la Kinizsi P\u00e1l eml\u00e9kezete, h\u00e1t akkor most vagy b\u00e1rmikor mi lepn\u00e9 meg az ifj\u00fa elm\u00e9ket, a csal\u00e1di szektor l\u00e1gy \u00f6l\u00e9n mi v\u00e1ltana ki bel\u0151l\u00fck meglepet\u00e9st, \u00e1mulatot, euf\u00f3ri\u00e1t. Legfeljebb az, ha gy\u0151z\u00fcnk, nem? Ha megverj\u00fck ezeket a szem\u00e9t, nagyk\u00e9p\u0171, provok\u00e1l\u00f3 angolokat. Ha legyaluljuk \u0151ket. Vannak csod\u00e1k, k\u00e9ts\u00e9gtelen, de ez nem az lesz. A sz\u00fcnetben m\u00e9g lehet rem\u00e9nykedni, azt\u00e1n. Na, j\u00f3. \u00dclt k\u00f6zvetlen\u00fcl m\u00f6g\u00f6tt\u00fck egy apuka iskolakezd\u00e9ses kor\u00fa gyermek\u00e9vel \u2013 Gyurika.\r\n\r\nA v\u00e9gs\u00edpsz\u00f3 ut\u00e1n indulnak haza a csal\u00e1di szektorb\u00f3l, \u00e9s amit l\u00e1ttak, tapasztaltak, szok\u00e1s szerint kielemzik. A zoknira szerencs\u00e9re nem sz\u00f3ltak be. Hogy az els\u0151 f\u00e9lid\u0151 m\u00e9g \u00fagy ahogy megfelel\u0151 volt, tartottuk magunkat. Ja. Hogy b\u00edrtuk er\u0151vel, szufl\u00e1val. Ja. Koncentr\u00e1ltunk, mint az eb\u00e9n. Ja. Hogy sajnos elf\u00e1radtak azt\u00e1n a fi\u00fak. Ja. Hogy kiny\u00edltunk \u00e9s az\u00e9rt j\u00f6hettek az angolok. Ja. Mint a v\u00e9rcs\u00e9k, lecsaptak minden hib\u00e1ra. Ja.\u00a0 Minden ja, minden \u00e9rthet\u0151, minden f\u00f6lfoghat\u00f3 a logika \u00e9s a meg\u00e9rt\u00e9s rendszer\u00e9n bel\u00fcl.\r\n\r\nNa, de az\u00e9rt a csal\u00e1di szektorban is hallani a l\u00e9nyeget. A n\u00e9gerez\u00e9st, huhog\u00e1st, a kurvaany\u00e1z\u00e1st, a buziz\u00e1st, hozz\u00e1tartozik a dologhoz, nem? Kult\u00far\u00e1nk r\u00e9sze, ak\u00e1rki ak\u00e1rmit mondhat. A gyerekek ilyesmire m\u00e1r nem k\u00e9rdeznek r\u00e1. Hiszen tudj\u00e1k. Vagy m\u00e9gis?\r\n\r\nEgy valamit nem \u00e9rtettem csak, apa, sz\u00f3l a legnagyobb m\u00e1r az aut\u00f3ban.\r\n\r\nVoltunk, m\u00e1r meccsen, tudod, milyen, mondja az apa, eln\u00e9z, arra gondol, hogy baj lesz.\r\n\r\nVoltunk, de\u2026\r\n\r\nMit, kisfiam? Hogy jobbak az angolok? Hogy majd az alb\u00e1nok is jobbak lesznek?\r\n\r\n<span class=\"highlight-block\">A szurkol\u00f3 az szurkol\u00f3 marad. \u00c9rted? Megmarad.<\/span>\r\n\r\nApa, \u00fclt m\u00f6g\u00f6tt\u00fcnk az a b\u00e1csi az \u0151 Gyurik\u00e1j\u00e1val. Kicsit nagyon cs\u00fany\u00e1n besz\u00e9lt minden g\u00f3l ut\u00e1n.\r\n\r\nEzt nem \u00e9rtetted? Szomor\u00fa volt, az\u00e9rt.\r\n\r\nNem, nem, ezt \u00e9rtettem.\r\n\r\nAkkor mit nem \u00e9rtett\u00e9l?\r\n\r\nA szappant, apa. Hogy j\u00f6tt ide a szappan?!\r\n\r\n\u00c9s akkor az aut\u00f3 is meg\u00e1llt, mert \u00e9ppen haza\u00e9rkeztek. \u0150sz volt, este volt, h\u00e1tha elfelejti az esti f\u00fcrd\u00e9sn\u00e9l. \u0150k m\u00e1r, h\u00e1la a j\u00f3istennek, tusf\u00fcrd\u0151t haszn\u00e1lnak.\r\n\r\n[prefabricated_shortcode in_app=\"0\" code=\"%3Cdiv%20class%3D%22article_box_border%22%20style%3D%22background%3A%20url%28%27https%3A%2F%2F24.p3k.hu%2Fapp%2Fuploads%2Fsites%2F24%2F2021%2F05%2Fsport24-pattern.png%27%29%20no-repeat%20left%20-16px%20%23f3f3f4%3B%20border%3A%20none%3B%22%3E%0D%0A%3Cdiv%20class%3D%22article_solidheader%22%3E%0D%0A%3Ch2%20style%3D%22color%3A%20%23111115%21important%3B%20font-size%3A%2036px%3B%20font-weight%3A%20bold%3B%20margin-bottom%3A%2030px%3B%20margin-top%3A%2020px%3B%20text-align%3A%20center%3B%20line-height%3A%2036px%3B%22%3E%3Cimg%20class%3D%22aligncenter%20size-full%20wp-image-141%22%20src%3D%22https%3A%2F%2F24.p3k.hu%2Fapp%2Fuploads%2Fsites%2F24%2F2021%2F05%2Fs24-logo-dt.png%22%20alt%3D%22%22%20width%3D%22408%22%20height%3D%2290%22%20%2F%3E%3C%2Fh2%3E%0D%0A%3Ch2%20style%3D%22color%3A%20%23111115%21important%3B%20font-size%3A%2036px%3B%20font-weight%3A%20bold%3B%20margin-bottom%3A%2030px%3B%20margin-top%3A%2020px%3B%20text-align%3A%20center%3B%20line-height%3A%2040px%3B%22%3ECsatlakozz%20a%20Sport24%20k%C3%B6z%C3%B6ss%C3%A9ghez%2C%20mondd%20el%20v%C3%A9lem%C3%A9nyedet%20z%C3%A1rt%20Facebook-csoportunkban%2C%20%C3%A9s%20vegy%C3%A9l%20r%C3%A9szt%20csak%20el%C5%91fizet%C5%91knek%20el%C3%A9rhet%C5%91%20exkluz%C3%ADv%20esem%C3%A9nyeinken.%3C%2Fh2%3E%0D%0A%3C%2Fdiv%3E%0D%0A%3Cp%20style%3D%22background%3A%20%2357A600%3B%20margin-top%3A%2020px%3B%20padding%3A%2020px%3B%20text-align%3A%20center%3B%22%3E%3Ca%20style%3D%22color%3A%20%23ffffff%3B%20font-size%3A%2026px%3B%20font-weight%3A%20600%3B%22%20href%3D%22https%3A%2F%2Fwww.facebook.com%2Fgroups%2F212344460412327%22%3ECSATLAKOZOM%3C%2Fa%3E%3C%2Fp%3E%0D%0A%0D%0A%3C%2Fdiv%3E\"]","type":"rich","thumbnail_url":"https:\/\/s.24.hu\/app\/uploads\/sites\/24\/2021\/09\/74051946-150x150.jpg","thumbnail_width":150,"thumbnail_height":150}