{"version":"1.0","provider_name":"Sport24","provider_url":"https:\/\/sport24.24.hu","author_name":"Bruckner G\u00e1bor","author_url":"https:\/\/sport24.24.hu\/author\/brucknerg\/","title":"Lesz\u00e1molunk a t\u00e9vhittel: egyetlen torna nem ugr\u00f3deszka a magyar j\u00e1t\u00e9kosoknak","html":"A ny\u00e1ri Eur\u00f3pa-bajnoks\u00e1g foci\u00fcnnepe ut\u00e1n a szeptember gyorsan visszapofozta a val\u00f3s\u00e1gba a magyar szurkol\u00f3kat, a v\u00e1logatott az Anglia \u00e9s Alb\u00e1nia elleni veres\u00e9g ut\u00e1n Andorra k\u00ednkeserves legy\u0151z\u00e9s\u00e9nek k\u00f6sz\u00f6nhet\u0151en h\u00e1rom ponttal z\u00e1rta az \u0151sz eleji selejtez\u0151ket. A j\u00e1t\u00e9kosok visszat\u00e9rtek klubcsapataikhoz \u2013 b\u00e1r t\u00f6rt\u00e9nt n\u00e9h\u00e1ny v\u00e1lt\u00e1s a ny\u00e1ron, nem kapkodt\u00e1k el a v\u00e1logatott tagjait az Eb ut\u00e1n. Ak\u00e1rcsak 2016-ban, most sem bizonyult a torna a magyar futballist\u00e1k ugr\u00f3deszk\u00e1j\u00e1nak, de tegy\u00fck hozz\u00e1:\r\n\r\n<span class=\"highlight-block\">a realit\u00e1s \u00e9ppen ez. <\/span>\r\n\r\nEgyre kevesebb a v\u00e1logatott torn\u00e1k ut\u00e1n v\u00e9grehajtott, kock\u00e1zatosnak tartott divatv\u00e1s\u00e1rl\u00e1s; t\u00f6bb j\u00e1t\u00e9kos m\u00e1r az Eb el\u0151tt klubot v\u00e1ltott, a v\u00e1logatott keret kor\u00f6sszet\u00e9tele szint\u00e9n val\u00f3sz\u00edn\u0171tlenn\u00e9 tette a nagy ugr\u00e1sokat.\r\n<h2>\u00dagy, mint \u00f6t \u00e9ve<\/h2>\r\n<strong>Dzsudzs\u00e1k Bal\u00e1zs<\/strong> 2016 augusztus\u00e1ban kicsit tan\u00e1cstalanul \u00e9s keser\u0171en nyilatkozott a Nemzeti Sportnak, elmondva: arra sz\u00e1m\u00edtott, hogy a j\u00f3 Eur\u00f3pa-bajnoki szerepl\u00e9s ut\u00e1n megcs\u00f6rren a telefonja, \u00e1m sem \u0151, sem csapatt\u00e1rsai t\u00f6bbs\u00e9ge nem kapott igaz\u00e1n vonz\u00f3 aj\u00e1nlatot. A v\u00e1logatott csapatkapit\u00e1nya a t\u00f6r\u00f6k Bursasport\u00f3l v\u00e9g\u00fcl az Egyes\u00fclt Arab Em\u00edrs\u00e9gekbe, az al-Vahda egy\u00fcttes\u00e9hez igazolt. <strong>Nagy \u00c1d\u00e1m<\/strong> az olasz \u00e9lvonalbeli Bologn\u00e1hoz szerz\u0151d\u00f6tt, <strong>Lang \u00c1d\u00e1m<\/strong> a francia \u00e9lvonalban, <strong>Bese Barnab\u00e1s<\/strong> a francia m\u00e1sodoszt\u00e1lyban k\u00f6t\u00f6tt ki, <strong>Korhut Mih\u00e1ly<\/strong> Izraelbe igazolt, m\u00edg <strong>Stieber Zolt\u00e1n<\/strong> N\u00e9metorsz\u00e1gon bel\u00fcl v\u00e1ltott klubot.\r\n\r\n<img class=\"alignnone size-full wp-image-1978\" src=\"https:\/\/sport24.24.hu\/app\/uploads\/sites\/24\/2021\/09\/73991096.jpg\" alt=\"\" width=\"1500\" height=\"1001\" \/>\r\n<div class=\"payable-content-section\"><\/div>\r\n<strong>A magyar Eb-kerettagok \u00e1tigazol\u00e1sai 2016 nyar\u00e1n*<\/strong>\r\n<ul>\r\n \t<li>Bese Barnab\u00e1s (22 \u00e9ves): MTK -&gt; Le Havre (francia)<\/li>\r\n \t<li>Dzsudzs\u00e1k Bal\u00e1zs (29): Bursaspor (t\u00f6r\u00f6k) -&gt; al-Vahda (arab em\u00edrs\u00e9gekbeli)<\/li>\r\n \t<li>Korhut Mih\u00e1ly (27): DVSC -&gt; Hapoel Beer-Seva (izraeli)<\/li>\r\n \t<li>Lang \u00c1d\u00e1m (23): Videoton -&gt; Dijon (francia)<\/li>\r\n \t<li>Nagy \u00c1d\u00e1m (20): Ferencv\u00e1ros -&gt; Bologna (olasz)<\/li>\r\n \t<li>Stieber Zolt\u00e1n (27): HSV (n\u00e9met) -&gt; Kaiserslautern (n\u00e9met)<\/li>\r\n<\/ul>\r\n*<em>csak az NB I-b\u0151l k\u00fclf\u00f6ldre szerz\u0151d\u0151ket vagy a k\u00fclf\u00f6ld\u00f6n klubot v\u00e1lt\u00f3kat list\u00e1ztuk<\/em>\r\n\r\nNagy \u00c1d\u00e1m \u00e1tigazol\u00e1sa szenz\u00e1ci\u00f3sz\u00e1mba ment, Lang v\u00e1lt\u00e1sa is nagy sz\u00f3 volt, de az\u00e9rt nem a magyar j\u00e1t\u00e9kosok nev\u00e9t\u0151l volt hangos az \u00e1tigazol\u00e1si piac. Mivel a magyar v\u00e1logatott 1986 \u00e9s 2016 k\u00f6z\u00f6tt egyszer sem szerepelt nagy torn\u00e1n, val\u00f3sz\u00edn\u0171leg ez a rutintalans\u00e1g is hozz\u00e1j\u00e1rult a k\u00f6z\u00f6ns\u00e9g csodav\u00e1r\u00e1s\u00e1hoz \u2013 egy Eb-nyolcadd\u00f6nt\u0151 ut\u00e1n csak elviszik a csapat legjobbjait.\r\n\r\nNem \u00edgy t\u00f6rt\u00e9nt. Ennek az egyik oka a j\u00e1t\u00e9kos-megfigyel\u00e9s megv\u00e1ltoz\u00e1sa \u00e9s a futball adatforradalma volt (megjelentek az adatszolg\u00e1ltat\u00f3 c\u00e9gek \u00e9s az adataikat klubjaik haszn\u00e1ra ford\u00edt\u00f3 profi elemz\u0151k, a csapatoknak sokkal t\u00f6bb inform\u00e1ci\u00f3juk lett a kiszemeltekr\u0151l), a m\u00e1sik, hogy a ny\u00e1ri, v\u00e1logatott torna ut\u00e1ni transzferekkel m\u00e1r sokan bef\u00fcr\u00f6dtek. Ha egy klub szakemberei \u00e9vekre visszamen\u0151leg ki tudj\u00e1k elemezni a kiszemelt j\u00e1t\u00e9kos szinte minden megmozdul\u00e1s\u00e1t, akkor a v\u00e9lem\u00e9ny\u00fcket aligha fogja megv\u00e1ltoztatni h\u00e1rom vagy n\u00e9gy j\u00f3 m\u00e9rk\u0151z\u00e9s egy nagy torn\u00e1n. Az adat\u00f6z\u00f6n \u2013 b\u00e1r \u00f6nmag\u00e1ban nem felt\u00e9tlen\u00fcl elegend\u0151 \u2013 mank\u00f3t \u00e9s biztons\u00e1got ad, m\u00e1rpedig a kluboknak \u00e9rdek\u00e9ben \u00e1ll az \u00e1tigazol\u00e1si kock\u00e1zatok cs\u00f6kkent\u00e9se. Azt meg a saj\u00e1t k\u00e1rukon tanult\u00e1k meg a kilencvenes-k\u00e9tezres \u00e9vekben, hogy egy-egy \u201etornacsillag\u201d f\u00e9nye nagyon hamar elhalv\u00e1nyulhat.\r\n<blockquote class=\"small-quote\">Az m\u00e1r a futballm\u00falt r\u00e9sze, hogy egy-egy ismeretlen j\u00e1t\u00e9kost szerz\u0151dtettek, mert j\u00f3l futballozott a ny\u00e1ri nagy torn\u00e1n. Ma olyan j\u00e1t\u00e9kosokat keresnek, aki a r\u00f3luk kor\u00e1bban kialakult pozit\u00edv k\u00e9pet meger\u0151s\u00edtik a v\u00e1logatottesem\u00e9nyen.<\/blockquote>\r\nGyakran van olyan is, hogy egy j\u00e1t\u00e9kos felt\u0171n\u00e9st kelt \u00e9s jobban teljes\u00edt a v\u00e1logatottban, mint arra sz\u00e1m\u00edtani lehetett; ekkor a megfigyel\u0151k a soron k\u00f6vetkez\u0151 klubid\u00e9nyben k\u00f6vetik \u0151ket. Manaps\u00e1g m\u00e1r nagyon val\u00f3sz\u00edn\u0171tlen, hogy egy j\u00f3 torna ut\u00e1n elvisznek valakit, ez nagy lutri, a minta pedig t\u00fal kicsi. Mi azt akarjuk tudni, hogyan teljes\u00edtenek egy sokmeccses id\u00e9ny folyam\u00e1n, nem azt, hogy mit tesznek le az asztalra h\u00e1rom meccsen egy csoportk\u00f6rben\u201d \u2013 magyar\u00e1zta a The Athleticnek egy n\u00e9vtelens\u00e9gbe burkol\u00f3z\u00f3 Premier League-scout. Egy t\u00e1rsa r\u00e1mutatott: mind t\u00f6bb klub pr\u00f3b\u00e1lja a torna el\u0151tt megszerezni a kiszemeltj\u00e9t, mert a reflektorf\u00e9ny miatt plusz k\u00e9r\u0151k bukkanhatnak fel, az elad\u00f3 csapat pedig felverheti az \u00e1rat \u2013 pont ez t\u00f6rt\u00e9nt a legpiack\u00e9pesebb magyar j\u00e1t\u00e9kosokkal is.\r\n<h2>A kelend\u0151ek elkeltek \u2013 csak kor\u00e1bban<\/h2>\r\nA 2021-es Eur\u00f3pa-bajnoks\u00e1g ut\u00e1n a k\u00e9p szinte ugyanolyan, mint a 2016-os. Az ez\u00fattal huszonhat f\u0151s Eb-keretb\u0151l hatan tal\u00e1ltak \u00faj, k\u00fclf\u00f6ldi csapatot. A klubv\u00e1lt\u00e1sok t\u00f6bbs\u00e9ge nem volt \u00f3ri\u00e1si ugr\u00e1s, a ny\u00e1r magyar \u00e1tigazol\u00e1si szenz\u00e1ci\u00f3ja<strong> Bolla Bendeg\u00fazhoz<\/strong> k\u00f6t\u0151dik. Az U21-es Eb-n szerepelt, a feln\u0151tt kontinensviadalon kerettag jobbh\u00e1tv\u00e9d j\u00e1t\u00e9kjog\u00e1t a Feh\u00e9rv\u00e1rt\u00f3l az angol Wolverhampton Wanderers v\u00e1s\u00e1rolta meg, hogy egyb\u0151l k\u00f6lcs\u00f6n is adja a sv\u00e1jci Grasshoppersnek. Bolla, <strong>Hahn<\/strong> <strong>J\u00e1nos<\/strong> \u00e9s <strong>Kecsk\u00e9s<\/strong> <strong>\u00c1kos<\/strong> egy percet sem j\u00e1tszott az Eb-n, teh\u00e1t a ny\u00e1ri torn\u00e1nak nem volt k\u00f6zvetlen befoly\u00e1sa a klubv\u00e1lt\u00e1sra.\r\n\r\n<strong>A magyar Eb-kerettagok \u00e1tigazol\u00e1sai 2021 nyar\u00e1n*<\/strong>\r\n<ul>\r\n \t<li>Bolla Bendeg\u00faz (21 \u00e9ves): Feh\u00e9rv\u00e1r -&gt; Wolverhampton Wanderers (angol) -&gt; Grasshoppers (sv\u00e1jci, k\u00f6lcs\u00f6nbe)<\/li>\r\n \t<li>Hahn J\u00e1nos (26): Paks -&gt; DAC (szlov\u00e1k)<\/li>\r\n \t<li>Kecsk\u00e9s \u00c1kos\u00a0(25 \u00e9ves): Lugano (sv\u00e1jci) -&gt; Nyizsnyij Novgorod (orosz)<\/li>\r\n \t<li><strong>Lovrencsics Gerg\u0151 <\/strong>(32): Ferencv\u00e1ros -&gt; Hajduk Split (horv\u00e1t)<\/li>\r\n \t<li>Nagy \u00c1d\u00e1m (26): Bristol City (angol) -&gt; Pisa (olasz)<\/li>\r\n \t<li><strong>Varga Roland <\/strong>(31): MTK -&gt; al-Ittihad Kalba (arab em\u00edrs\u00e9gekbeli)<\/li>\r\n<\/ul>\r\n*<em>csak az NB I-b\u0151l k\u00fclf\u00f6ldre szerz\u0151d\u0151ket vagy a k\u00fclf\u00f6ld\u00f6n klubot v\u00e1lt\u00f3kat list\u00e1ztuk<\/em>\r\n\r\n<img class=\"alignnone size-full wp-image-1980\" src=\"https:\/\/sport24.24.hu\/app\/uploads\/sites\/24\/2021\/09\/73998983.jpg\" alt=\"\" width=\"1500\" height=\"1001\" \/>\r\n\r\nA 2021 ny\u00e1ri magyar \u00e1tigazol\u00e1sok \u00e9rt\u00e9kel\u00e9s\u00e9n\u00e9l mindenk\u00e9ppen meg kell eml\u00edten\u00fcnk, hogy az \u00e9v els\u0151 fel\u00e9ben klubot v\u00e1ltott n\u00e9gy magyar v\u00e1logatott j\u00e1t\u00e9kos. Az Eb-r\u0151l s\u00e9r\u00fcl\u00e9se k\u00f6vetkezt\u00e9ben lemarad\u00f3 <strong>Szoboszlai Dominik<\/strong> a janu\u00e1ri \u00e1tigazol\u00e1si id\u0151szakban szerz\u0151d\u00f6tt Salzburgb\u00f3l Lipcs\u00e9be,<strong> Szalai Attila<\/strong> ugyanekkor Ciprusr\u00f3l a t\u00f6r\u00f6k \u00e9lvonalba igazolt, tavasszal pedig <strong>Gazdag D\u00e1niel<\/strong> \u00e9s <strong>Sch\u00f6n Szabolcs<\/strong> is az \u00e9szak-amerikai MLS fel\u00e9 vette az ir\u00e1nyt az NB I-b\u0151l. Szoboszlai \u00e1tigazol\u00e1si d\u00edja magyar rekord, sajt\u00f3h\u00edrek szerint az RB Leipzig 22 milli\u00f3 eur\u00f3t tett le \u00e9rte az asztalra. Szalai, Gazdag \u00e9s Sch\u00f6n a Transfermarkt (nem hivatalos) adatai alapj\u00e1n egyar\u00e1nt egymilli\u00f3 eur\u00f3n\u00e1l nagyobb d\u00edj\u00e9rt v\u00e1ltott csapatot \u2013 ez sem gyakori magyar j\u00e1t\u00e9kosok eset\u00e9ben.\r\n\r\n<strong>Magyar v\u00e1logatott kerettagok 2021 janu\u00e1rj\u00e1ban, illetve tavasszal t\u00f6rt\u00e9nt \u00e1tigazol\u00e1sai:<\/strong>\r\n<ul>\r\n \t<li>Gazdag D\u00e1niel (25): Honv\u00e9d -&gt; Philadelphia Union (amerikai)<\/li>\r\n \t<li>Sch\u00f6n Szabolcs (20): MTK -&gt; FC Dallas (amerikai)<\/li>\r\n \t<li>Szalai Attila (23): Apollon (ciprusi) -&gt; Fenerbahce (t\u00f6r\u00f6k)<\/li>\r\n \t<li>Szoboszlai Dominik (20): Red Bull Salzburg (osztr\u00e1k) -&gt; RB Leipzig (n\u00e9met)<\/li>\r\n<\/ul>\r\nAz Eb-keret fele 28 \u00e9vn\u00e9l id\u0151sebb j\u00e1t\u00e9kosokb\u00f3l \u00e1llt, <strong>Marco Rossi<\/strong> 11, harmincas \u00e9veiben j\u00e1r\u00f3 j\u00e1t\u00e9kost h\u00edvott meg. Ezzel szemben csak n\u00e9gy ut\u00e1np\u00f3tl\u00e1s-koroszt\u00e1ly\u00fa (U23) j\u00e1t\u00e9kost tal\u00e1lhattunk a n\u00e9vsorban: Szalai Attil\u00e1t, <strong>Sch\u00e4fer Andr\u00e1st,<\/strong> Bolla Bendeg\u00fazt \u00e9s Sch\u00f6n Szabolcsot (\u00e9s ha s\u00e9r\u00fcl\u00e9se nem akad\u00e1lyozza, hozz\u00e1juk csatlakozott volna Szoboszlai Dominik). Az eml\u00edtett \u00f6t fiatalb\u00f3l n\u00e9gy 2021-ben klubot v\u00e1ltott, egyed\u00fcl Sch\u00e4fer maradt a Dunaszerdahelyn\u00e9l.\r\n\r\nA koronav\u00edrus-vil\u00e1gj\u00e1rv\u00e1ny hat\u00e1sai er\u0151sen megl\u00e1tszanak az \u00e1tigazol\u00e1si piacon is. B\u00e1r sok volt a ny\u00e1ron a szt\u00e1rigazol\u00e1s \u2013 hogy m\u00e1st ne mondjunk,<strong> Lionel Messi<\/strong> \u00e9s <strong>Cristiano Ronaldo<\/strong> is klubot cser\u00e9lt \u2013, a toplig\u00e1kban is er\u0151sen visszaesett a k\u00f6ltekez\u00e9s, az angol Premier League-et lesz\u00e1m\u00edtva. A toplig\u00e1s csapatok j\u00f3 r\u00e9sze kereste az \u00e1tigazol\u00e1si d\u00edj fizet\u00e9se n\u00e9lk\u00fcl megszerezhet\u0151 j\u00e1t\u00e9kosokat, azt pedig mindenki nagyon meggondolta, milyen futballist\u00e1k\u00e9rt nyitja ki a p\u00e9nzt\u00e1rc\u00e1t.\r\n\r\n<span class=\"highlight-block-small\">Hogy milyen er\u0151s\u00edt\u00e9sek\u00e9rt hajland\u00f3k (a szuperszt\u00e1rokon k\u00edv\u00fcl) fizetni manaps\u00e1g? Az azon a szinten m\u00e1r bizony\u00edtott, azonnal bevethet\u0151 j\u00e1t\u00e9kosok\u00e9rt, lyukas posztra \u00e9rkez\u0151 p\u00f3tl\u00e1s\u00e9rt, vagy fiatal \u2013 lehet\u0151leg 23 \u00e9v alatti \u2013, haszonnal tov\u00e1bbadhat\u00f3 tehets\u00e9gek\u00e9rt. <\/span>\r\n\r\nA The Athletic \u00f6sszes\u00edt\u00e9se sokatmond\u00f3: a port\u00e1l a toplig\u00e1kban list\u00e1zta az \u00e1tigazol\u00e1si d\u00edj fizet\u00e9se mellett klubot v\u00e1lt\u00f3 j\u00e1t\u00e9kosok \u00e1tlag\u00e9letkor\u00e1t. A Bundeslig\u00e1ban ez 22,7 \u00e9v, a Premier League-ben 23,5 \u00e9v, a Ligue 1-ben 23,8 \u00e9v, a Serie A-ban 24,3 \u00e9v, a La Lig\u00e1ban 25,6 \u00e9v volt. Az Eb-re nevezett magyar kerettagok k\u00f6z\u00fcl a 26 \u00e9ves vagy fiatalabb j\u00e1t\u00e9kosok t\u00f6bbs\u00e9ge klubot v\u00e1ltott 2021-ben, az id\u0151sebbeknek meg j\u00f3val nehezebb lett volna a jelenlegi k\u00f6rnyezetben az \u00e1tigazol\u00e1s. Aki meghat\u00e1roz\u00f3 ember toplig\u00e1s csapatn\u00e1l \u2013 mint <strong>Gul\u00e1csi P\u00e9ter<\/strong> \u00e9s <strong>Willi Orb\u00e1n<\/strong> \u2013, mozd\u00edthatatlannak bizonyult.\r\n<h2>Kicsi a mer\u00edt\u00e9s<\/h2>\r\nTulajdonk\u00e9ppen semmi meglep\u0151 nem t\u00f6rt\u00e9nt, m\u00e1r ha nincsenek \u00e1br\u00e1ndjaink arr\u00f3l, hogy egy felt\u0171n\u00e9st kelt\u0151 Eb-szerepl\u00e9s azonnal \u00fatlev\u00e9l is egy jobb csapathoz, jobb bajnoks\u00e1gba. Aki kelend\u0151 volt a magyar topj\u00e1t\u00e9kosok k\u00f6z\u00fcl, az el is kelt, csak m\u00e9g az Eb el\u0151tt, nem az Eb ut\u00e1n. Tal\u00e1n Sch\u00e4fer Andr\u00e1sn\u00e1l lehetett v\u00e1rni, hogy klubot v\u00e1lt, de a DAC k\u00f6z\u00e9pp\u00e1ly\u00e1sa teljes\u00edtm\u00e9nye alapj\u00e1n aligha fog a Csall\u00f3k\u00f6zben meg\u00f6regedni \u2013 eset\u00e9ben k\u00f6nnyen elk\u00e9pzelhet\u0151 egy 2022 eleji vagy ny\u00e1ri \u00e1tigazol\u00e1s.\r\n\r\n<img class=\"alignnone size-full wp-image-1981\" src=\"https:\/\/sport24.24.hu\/app\/uploads\/sites\/24\/2021\/09\/d__as20210908024.jpg\" alt=\"\" width=\"1500\" height=\"1000\" \/>\r\n\r\nA FIFA nemr\u00e9g tette k\u00f6zz\u00e9 \u00e1tigazol\u00e1si \u00f6sszes\u00edt\u0151 jelent\u00e9s\u00e9t a 2011\u20132020 k\u00f6z\u00f6tti transzferekr\u0151l. A dokumentum hazai szempontb\u00f3l leg\u00e9rdekesebb r\u00e9sze, hogy m\u00edg a magyar futball szer\u00e9ny pozit\u00edv \u00e1tigazol\u00e1si m\u00e9rleggel z\u00e1rt,\r\n\r\n<span class=\"highlight-block\">az \u00e1tigazol\u00e1si kiad\u00e1sok \u00e9s bev\u00e9telek ar\u00e1nya sokkal kedvez\u0151tlenebb, mint a r\u00e9gi\u00f3 b\u00e1rmelyik m\u00e1sik bajnoks\u00e1ga eset\u00e9ben. <\/span>\r\n\r\nA t\u00edz\u00e9ves peri\u00f3dus magyar \u00e1tigazol\u00e1si m\u00e9rlege +17,9 milli\u00f3 amerikai doll\u00e1r, ehhez k\u00e9pest a j\u00f3val szer\u00e9nyebben k\u00f6ltekez\u0151 (\u00e9s sokkal szer\u00e9nyebben dot\u00e1lt) szlov\u00e9n bajnoks\u00e1g\u00e9 +84,3 milli\u00f3; a szlov\u00e1k\u00e9 +95,7 milli\u00f3. A nevel\u00e9s- \u00e9s \u00e9rt\u00e9kes\u00edt\u00e9sk\u00f6zpont\u00fa csehek, szerbek, osztr\u00e1kok, pl\u00e1ne a horv\u00e1tok pedig eg\u00e9szen m\u00e1s kateg\u00f3ri\u00e1ban j\u00e1tszanak.\r\n\r\nA FIFA-jelent\u00e9s ugyan minden, az orsz\u00e1gban regisztr\u00e1lt \u00e1tigazol\u00e1sra vonatkozott (teh\u00e1t a l\u00e9gi\u00f3sokat is figyelembe vette), de azt a k\u00f6vetkeztet\u00e9st biztosan levonhattuk, hogy a magyar futball nem a k\u00fclf\u00f6ldi piacra termel. Az \u00f3ri\u00e1si befektet\u00e9ssel fel\u00e1ll\u00edtott \u00e9s jelent\u0151s k\u00f6lts\u00e9ggel \u00fczemeltetett akad\u00e9mi\u00e1k egyel\u0151re legink\u00e1bb a hazai bajnoks\u00e1gnak nevelik a j\u00e1t\u00e9kosokat. Az NB I-es klubok biztos\u00edtotta lehet\u0151s\u00e9gek, az el\u00e9rhet\u0151 fizet\u00e9sek is olyanok, hogy re\u00e1lis, k\u00e9nyelmes opci\u00f3 itthon maradni \u2013 vagy a nagyon fiatal j\u00e1t\u00e9kosok veszik k\u00fclf\u00f6ldre az ir\u00e1nyt, vagy a nagyon ambici\u00f3zusak. Bolla Bendeg\u00fazhoz, Sch\u00f6n Szabolcshoz hasonl\u00f3 fecske sajn\u00e1latosan kev\u00e9s van. El\u0151bbi nagyon sz\u00e9pen fel\u00e9p\u00edtett karrier\u00edv\u0171 j\u00e1t\u00e9kos, ut\u00f3bbi pedig a korai k\u00fclf\u00f6ldre igazol\u00e1s \u00e9s hazat\u00e9r\u00e9s ut\u00e1n tudott az NB I-ben kiemelked\u0151 teljes\u00edtm\u00e9nyt ny\u00fajtani, s ezzel ism\u00e9t eladni mag\u00e1t.\r\n\r\nAz, hogy nincs j\u00f3val t\u00f6bb hasonl\u00f3 p\u00e9lda, az Marco Rossi sz\u00f6vets\u00e9gi kapit\u00e1nynak is probl\u00e9ma. M\u00e1r berobbant, igaz\u00e1n j\u00f3, eladhat\u00f3 korban lev\u0151, A-v\u00e1logatott szint\u0171 j\u00e1t\u00e9kos nagyon kev\u00e9s van, \u00edgy azt\u00e1n nem is lehet meglep\u0151, hogy ez az \u00e1tigazol\u00e1si id\u0151szak sem a magyarok klubcser\u00e9it\u0151l volt hangos, f\u00fcggetlen\u00fcl a ny\u00e1ri Eb-szerepl\u00e9st\u0151l.\r\n\r\nA k\u00e9rd\u00e9s teh\u00e1t nem is igaz\u00e1n az, hogy mi\u00e9rt nem volt ugr\u00f3deszka az Eb a magyar j\u00e1t\u00e9kosoknak. Sokkal ink\u00e1bb az: mi\u00e9rt nincs t\u00f6bb olyan, Boll\u00e1hoz, Sch\u00f6nh\u00f6z, Szalai Attil\u00e1hoz (pl\u00e1ne Szoboszlai Dominikhez) hasonl\u00f3 fiatal, aki piack\u00e9pesnek bizonyul?\r\n\r\n[prefabricated_shortcode in_app=\"0\" code=\"%3Cdiv%20class%3D%22article_box_border%22%20style%3D%22background%3A%20url%28%27https%3A%2F%2F24.p3k.hu%2Fapp%2Fuploads%2Fsites%2F24%2F2021%2F05%2Fsport24-pattern.png%27%29%20no-repeat%20left%20-16px%20%23f3f3f4%3B%20border%3A%20none%3B%22%3E%0D%0A%3Cdiv%20class%3D%22article_solidheader%22%3E%0D%0A%3Ch2%20style%3D%22color%3A%20%23111115%21important%3B%20font-size%3A%2036px%3B%20font-weight%3A%20bold%3B%20margin-bottom%3A%2030px%3B%20margin-top%3A%2020px%3B%20text-align%3A%20center%3B%20line-height%3A%2036px%3B%22%3E%3Cimg%20class%3D%22aligncenter%20size-full%20wp-image-141%22%20src%3D%22https%3A%2F%2F24.p3k.hu%2Fapp%2Fuploads%2Fsites%2F24%2F2021%2F05%2Fs24-logo-dt.png%22%20alt%3D%22%22%20width%3D%22408%22%20height%3D%2290%22%20%2F%3E%3C%2Fh2%3E%0D%0A%3Ch2%20style%3D%22color%3A%20%23111115%21important%3B%20font-size%3A%2036px%3B%20font-weight%3A%20bold%3B%20margin-bottom%3A%2030px%3B%20margin-top%3A%2020px%3B%20text-align%3A%20center%3B%20line-height%3A%2040px%3B%22%3ECsatlakozz%20a%20Sport24%20k%C3%B6z%C3%B6ss%C3%A9ghez%2C%20mondd%20el%20v%C3%A9lem%C3%A9nyedet%20z%C3%A1rt%20Facebook-csoportunkban%2C%20%C3%A9s%20vegy%C3%A9l%20r%C3%A9szt%20csak%20el%C5%91fizet%C5%91knek%20el%C3%A9rhet%C5%91%20exkluz%C3%ADv%20esem%C3%A9nyeinken.%3C%2Fh2%3E%0D%0A%3C%2Fdiv%3E%0D%0A%3Cp%20style%3D%22background%3A%20%2357A600%3B%20margin-top%3A%2020px%3B%20padding%3A%2020px%3B%20text-align%3A%20center%3B%22%3E%3Ca%20style%3D%22color%3A%20%23ffffff%3B%20font-size%3A%2026px%3B%20font-weight%3A%20600%3B%22%20href%3D%22https%3A%2F%2Fwww.facebook.com%2Fgroups%2F212344460412327%22%3ECSATLAKOZOM%3C%2Fa%3E%3C%2Fp%3E%0D%0A%0D%0A%3C%2Fdiv%3E\"]","type":"rich","thumbnail_url":"https:\/\/s.24.hu\/app\/uploads\/sites\/24\/2021\/09\/d__as20210615146-150x150.jpg","thumbnail_width":150,"thumbnail_height":150}