{"version":"1.0","provider_name":"Sport24","provider_url":"https:\/\/sport24.24.hu","author_name":"Bruckner G\u00e1bor","author_url":"https:\/\/sport24.24.hu\/author\/brucknerg\/","title":"Dzsudzs\u00e1k Bal\u00e1zs kalandja \u00f6zvegy Vars\u00e1nyin\u00e9val","html":"<h2>Amikor egy reggel Cristiano Ronaldo nyugtalan \u00e1lm\u00e1b\u00f3l fel\u00e9bredt,<\/h2>\r\nsz\u00f6rny\u0171 f\u00e9regg\u00e9 v\u00e1ltozva tal\u00e1lta mag\u00e1t \u00e1gy\u00e1ban. P\u00e1nc\u00e9lszer\u0171en kem\u00e9ny h\u00e1t\u00e1n fek\u00fcdt, \u00e9s ha kiss\u00e9 f\u00f6lemelte a fej\u00e9t, megl\u00e1tta dombor\u00fa, barna, \u00edv alak\u00fa, kem\u00e9ny szelv\u00e9nyekkel \u00edzelt has\u00e1t, amelyen alig maradt m\u00e1r meg v\u00e9gleg lecs\u00faszni k\u00e9sz\u00fcl\u0151 paplana. Sz\u00e1mtalan, test\u00e9nek egy\u00e9b m\u00e9reteihez k\u00e9pest siralmasan v\u00e9kony l\u00e1ba tehetetlen\u00fcl kap\u00e1l\u00f3dzott szeme el\u0151tt. Az egyikkel dek\u00e1zott, a m\u00e1sikkal a biciklicseleket gyakorolta, a harmadikr\u00f3l szomor\u00faan cs\u00fcng\u00f6tt a f\u00e1sliv\u00e9g, a negyedik \u00f6nk\u00e9ntelen\u00fcl r\u00e1ngat\u00f3zott, az \u00f6t\u00f6diken a Lukaku ejtette horzsol\u00e1s, a hatodikon kifakult tetov\u00e1l\u00e1s. A fali t\u00fck\u00f6rben megl\u00e1tta saj\u00e1t mag\u00e1t, amint tehetetlen\u00fcl kap\u00e1l\u00f3zva pr\u00f3b\u00e1l a has\u00e1ra fordulni. A v\u00e1llszelv\u00e9nyei megfesz\u00fcltek. Milyen sz\u00e9p izmok, gondolta Cristiano Ronaldo, majd belesz\u00f3lt a h\u00e1zi telefonba, hogy h\u00edvja az inas\u00e1t, de m\u00e1r csak \u00e1llathangok j\u00f6ttek ki a sz\u00e1j\u00e1n.\r\n<div class=\"payable-content-section\"><\/div>\r\n<h2>Tulajdonk\u00e9ppen az \u00c1llami Sportkiad\u00f3 k\u00e9rt meg r\u00e1,<\/h2>\r\nhogy valami eml\u00e9kez\u00e9sf\u00e9l\u00e9t szerkesszek az \u00e9let\u00e9r\u0151l, ne hossz\u00fat \u00e9s f\u0151k\u00e9pp ne t\u00fals\u00e1gosan szakszer\u0171t. A szakszer\u0171 szempontokat, mondt\u00e1k, csak nyugodtan b\u00edzzam r\u00e1juk, az \u00fagyis nagyon ingov\u00e1nyos ter\u00fclet. K\u00e9nyes. Becsv\u00e1gyak \u00e9s s\u00e9rt\u0151d\u00e9sek, egyleti \u00e9s szem\u00e9lyes f\u00e9lt\u00e9kenyked\u00e9sek ar\u00e9n\u00e1ja. Az alkoholr\u00f3l semmik\u00e9ppen se \u00edrjon, k\u00e9rte a kiad\u00f3vezet\u0151. Nyilasir\u00f3l \u00e9s a bund\u00e1kr\u00f3l se, tette hozz\u00e1, amikor m\u00e1r az ajt\u00f3ban \u00e1lltam. A f\u00e9lf\u00e1t frissen lakkozt\u00e1k, gy\u0171l\u00f6l\u00f6m azt a szagot. Komora Imre k\u00e9r\u00e9se, de ezt mondani sem kellett. Tudtam, vagy ink\u00e1bb sejtettem, hogy \u00edgy van. Az \u00e9n feladatom az, hogy felv\u00e1zoljam a futballista sors\u00e1t. A fi\u00fa, aki a budapesti Aszfalt\u00fat\u00e9p\u00edt\u0151 csapat\u00e1t\u00f3l indult, \u00e9s most a mexik\u00f3i vil\u00e1gbajnoks\u00e1gra k\u00e9sz\u00fcl. T\u00e1rgyilagosnak kell lennem, ami jelen esetben a hallgat\u00e1ssal lett volna hat\u00e1ros. A kiad\u00f3vezet\u0151 megl\u00e1tta, ahogy az arcomon \u00e1tsuhant egy \u00e1rny\u00e9k. Odakint megkondult egy harang.\r\n<h2>A K\u00e1lvin t\u00e9ren egy Lamborghini nekirohant egy f\u00e1nak.<\/h2>\r\nHirtelen az eg\u00e9sz v\u00e1rosban meg\u00e1lltak az \u00f6sszes villamosok. Minden meg\u00e1llt, m\u00e9g a kisvas\u00fat is a j\u00e1t\u00e9k\u00fczlet kirakat\u00e1ban. Cs\u00f6nd lett. K\u00e9s\u0151bb m\u00e9g felz\u00f6rg\u00f6tt valami, de csak egy \u00fajs\u00e1gpap\u00edrt s\u00f6p\u00f6rt mag\u00e1val a sz\u00e9l. Azt\u00e1n nekisodorta egy falnak, \u00e9s m\u00e9g nagyobb lett a cs\u00f6nd. A sof\u0151r nehezen t\u00e9rt mag\u00e1hoz a sportkocsiban, a napszem\u00fcveg\u00e9b\u0151l kit\u00f6rt m\u0171anyag darabok a nyak\u00e1ba f\u00far\u00f3dtak. F\u00e1jt neki, nagyon f\u00e1jt. Leporolta a trik\u00f3j\u00e1t, az aranyozott mint\u00e1kon mintha apr\u00f3 v\u00e9rcseppeket v\u00e9lt volna felfedezni. Ijedt\u00e9ben r\u00f6gt\u00f6n a l\u00e1b\u00e1hoz ny\u00falt. A balhoz. A m\u00e1sikkal soha nem foglalkozott igaz\u00e1n, tal\u00e1n nem is szerette. Megvolt mindk\u00e9t l\u00e1ba, amit\u0151l megk\u00f6nnyebb\u00fclt. Massz\u00edrozni kezdte a t\u00e9rd\u00e9t, de nem \u00e9rzett semmit, csak valami furcsa b\u00f3dults\u00e1got. Nem volt ereje kisz\u00e1llni a Lamborghinib\u0151l. \u00c1tfutott az agy\u00e1n, hogy k\u00e9sz\u00edt mag\u00e1r\u00f3l egy szelfit, de a feje egyre csak nehez\u00fclt, mintha megtelt volna v\u00edzzel. Cs\u00f6nd volt, nappal, majd \u00e9jszaka, majd megint nappal. \u00c9s \u00edgy tov\u00e1bb. A v\u00e1ros mozdulatlans\u00e1gba dermedt, a f\u00e1k koron\u00e1i eltakart\u00e1k az \u00e9gboltot. A sof\u0151r n\u00e9ha mag\u00e1hoz t\u00e9rt, de azt hitte, \u00e1lmodik, mert mindenhol egereket l\u00e1tott. Azt\u00e1n t\u00e9nyleg \u00e1lmodott, r\u00e9gi g\u00f3lokr\u00f3l, \u00f6lel\u00e9sekr\u0151l, szelfikr\u0151l. S\u00edrt, \u00fcv\u00f6lt\u00f6tt, nevetett, az \u00f6lt\u00f6z\u0151ben \u00e9s a d\u00edszp\u00e1holyban \u00f6nmaga volt. Hozott szalonn\u00e1val eg\u00e9rirt\u00e1st v\u00e1llal \u00f6zvegy Vars\u00e1nyin\u00e9! \u2013 bet\u0171z\u00f6tt ki egy feliratot a templom fal\u00e1n. Szalonna. A nagymama csirkep\u00f6rk\u00f6ltje. Ny\u00edrlugas. Olyan m\u00e1r nem lesz sosem.\r\n<h2>A h\u00fasz farkas alig h\u00faszl\u00e1bnyira vonult el a f\u00f6ld\u00f6n fekv\u0151 fi\u00fat\u00f3l.<\/h2>\r\nL\u00e1tta mandulaszem\u00fcket a holdf\u00e9nyben. Hallotta zih\u00e1l\u00e1sukat. \u00c9rezte a jelenl\u00e9t\u00e9t a k\u00e9pess\u00e9gnek mellyel a farkasok felfogt\u00e1k a leveg\u0151ben vibr\u00e1l\u00f3 fesz\u00fclts\u00e9get. \u00d6sszever\u0151dtek hogy szagl\u00e1ssz\u00e1k \u00e9s nyaldoss\u00e1k egym\u00e1st. Azt\u00e1n egyszer csak mozdulatlann\u00e1 dermedtek. F\u00fcleltek. Egyik-m\u00e1sik felh\u00fazta a mells\u0151 l\u00e1b\u00e1t. L\u00e1szl\u00f3t n\u00e9zt\u00e9k. A fi\u00fa visszafojtotta l\u00e9legzet\u00e9t \u00e9s arra gondolt hogy ez volt az utols\u00f3 ny\u00e1r. A testv\u00e9re a kunyh\u00f3ban aludt. Megnyugtatta ahogy szuszog. Ha a farkasok r\u00e1t\u00e1madn\u00e1nak a testv\u00e9re miatt n\u00e9m\u00e1n t\u0171rn\u00e9 nem ki\u00e1ltozna csendben v\u00e1rn\u00e1 a hal\u00e1lt. Soha nem l\u00e1tta m\u00e9g ilyen k\u00f6zelr\u0151l a farkasokat. Lehajtotta a fej\u00e9t \u00e9s v\u00e1rt. Szerette volna meg\u00e9rni a reggelt lovagolni r\u00fagni a labd\u00e1t. Visszat\u00e9rni megint a v\u00e1rosba. A vegyipari csapatban \u0151 volt a legjobb ezt mindenki tudta a v\u00e1rosban. \u00c9rezte ahogy minden porcik\u00e1ja reszket pedig nem f\u00e9lt. A f\u00fcvet harapta. Az \u00e1llatok is hallgattak. Esz\u00e9be jutott a nagyapja aki ugyan\u00edgy fek\u00fcdt a f\u00f6ld\u00f6n miut\u00e1n a szekusok fejbe l\u0151tt\u00e9k.\r\n<h2>Vannak l\u00e9ha \u00e9s hi\u00fa elm\u00e9ncs\u00e9gek,<\/h2>\r\namelyekkel az emberek n\u00e9melykor megpr\u00f3b\u00e1lnak tiszteletet kiv\u00edvni maguknak; mint azok a k\u00f6lt\u0151k, akik eg\u00e9sz m\u0171veket \u00edrnak azonos bet\u0171vel kezd\u0151d\u0151 sorokb\u00f3l; l\u00e1tunk toj\u00e1sokat, goly\u00f3kat, sz\u00e1rnyakat, balt\u00e1kat, amelyeket a g\u00f6r\u00f6g\u00f6k hajdan verssoraik m\u00e9rt\u00e9k\u00e9vel mint\u00e1ztak meg, ny\u00fajtva vagy r\u00f6vid\u00edtve \u0151ket, hogy ezt vagy azt az alakzatot adj\u00e1k ki. Ilyen volt annak a tudom\u00e1nya, aki azzal m\u00falatta az idej\u00e9t, hogy megsz\u00e1molta, h\u00e1nyf\u00e9le m\u00f3don rakhat\u00f3k sorba az \u00e1b\u00e9c\u00e9 bet\u0171i, \u00e9s hihetetlen\u00fcl nagy sz\u00e1mhoz jutott, mely Plutarkhoszn\u00e1l olvashat\u00f3. N\u00e9zetem szerint ezek az elm\u00e9ncs\u00e9gek vajmi kev\u00e9s hasznot hoznak az emberis\u00e9g sz\u00e1m\u00e1ra, ehelyett csak \u00f6sszezavarj\u00e1k m\u00e9g a legkiv\u00e1l\u00f3bb emberf\u0151ket is. Kedvemre val\u00f3 a dolgokat \u00fagy n\u00e9zni, amilyenek, a puszta val\u00f3jukban. A gondolkod\u00e1st azonban nem t\u00e9veszten\u00e9m \u00f6ssze a konfabul\u00e1ci\u00f3kkal, mely m\u00e1r annyi embert kergetett az \u0151r\u00fcletbe, mint Piemont lakoss\u00e1ga. Hossz\u00fa p\u00e1lyafut\u00e1som alatt volt alkalmam gyakorolni a t\u00fcrelem \u00e9s az egyszer\u0171s\u00e9g er\u00e9nyeit. Fegyelmezetten viseltem, amikor az \u0151serd\u0151ben megharaptak. Ilyenkor a tetanusz seg\u00edt, nem a c\u00e9ltalan \u0151rj\u00f6ng\u00e9s. M\u00e1sok a londoni \u00fcgyet emlegetik, amikor nyakon ragadtam azt a csib\u00e9szt, aki el akarta lopni a labd\u00e1mat. Giorgio, Giorgio, feddett meg a b\u00edr\u00f3, de \u0151 is nevetett. Elismerte renesz\u00e1nsz gesztusom nagys\u00e1g\u00e1t, \u00e9rt\u00e9kelte gondolat \u00e9s mozdulat \u00f6sszhangj\u00e1t. A publikum sz\u00e1m\u00e1ra sem k\u00e9rd\u00e9s, hogy nekem minden elm\u00e9ncs\u00e9gn\u00e9l t\u00f6bbet jelent az \u0151szintes\u00e9g. Mindig \u0151szinte voltam, ak\u00e1r \u00f6k\u00f6lbe szorult a kezem, ak\u00e1r mosolyogtam. Legt\u00f6bbsz\u00f6r mosolyogtam.\r\n\r\n<strong>Cristiano Ronaldo\/Franz Kafka\r\n<\/strong><strong>D\u00e9t\u00e1ri Lajos\/M\u00e9sz\u00f6ly Mikl\u00f3s\r\n<\/strong><strong>Dzsudzs\u00e1k Bal\u00e1zs\/\u00d6rk\u00e9ny Istv\u00e1n\r\n<\/strong><strong>B\u00f6l\u00f6ni L\u00e1szl\u00f3\/Cormac McCarthy\r\n<\/strong><strong>Giorgio Chiellini\/Michel Montaigne<\/strong>\r\n\r\n[prefabricated_shortcode in_app=\"0\" code=\"%3Cdiv%20class%3D%22article_box_border%22%20style%3D%22background%3A%20url%28%27https%3A%2F%2F24.p3k.hu%2Fapp%2Fuploads%2Fsites%2F24%2F2021%2F05%2Fsport24-pattern.png%27%29%20no-repeat%20left%20-16px%20%23f3f3f4%3B%20border%3A%20none%3B%22%3E%0D%0A%3Cdiv%20class%3D%22article_solidheader%22%3E%0D%0A%3Ch2%20style%3D%22color%3A%20%23111115%21important%3B%20font-size%3A%2036px%3B%20font-weight%3A%20bold%3B%20margin-bottom%3A%2030px%3B%20margin-top%3A%2020px%3B%20text-align%3A%20center%3B%20line-height%3A%2036px%3B%22%3E%3Cimg%20class%3D%22aligncenter%20size-full%20wp-image-141%22%20src%3D%22https%3A%2F%2F24.p3k.hu%2Fapp%2Fuploads%2Fsites%2F24%2F2021%2F05%2Fs24-logo-dt.png%22%20alt%3D%22%22%20width%3D%22408%22%20height%3D%2290%22%20%2F%3E%3C%2Fh2%3E%0D%0A%3Ch2%20style%3D%22color%3A%20%23111115%21important%3B%20font-size%3A%2036px%3B%20font-weight%3A%20bold%3B%20margin-bottom%3A%2030px%3B%20margin-top%3A%2020px%3B%20text-align%3A%20center%3B%20line-height%3A%2040px%3B%22%3ECsatlakozz%20a%20Sport24%20k%C3%B6z%C3%B6ss%C3%A9ghez%2C%20mondd%20el%20v%C3%A9lem%C3%A9nyedet%20z%C3%A1rt%20Facebook-csoportunkban%2C%20%C3%A9s%20vegy%C3%A9l%20r%C3%A9szt%20csak%20el%C5%91fizet%C5%91knek%20el%C3%A9rhet%C5%91%20exkluz%C3%ADv%20esem%C3%A9nyeinken.%3C%2Fh2%3E%0D%0A%3C%2Fdiv%3E%0D%0A%3Cp%20style%3D%22background%3A%20%2357A600%3B%20margin-top%3A%2020px%3B%20padding%3A%2020px%3B%20text-align%3A%20center%3B%22%3E%3Ca%20style%3D%22color%3A%20%23ffffff%3B%20font-size%3A%2026px%3B%20font-weight%3A%20600%3B%22%20href%3D%22https%3A%2F%2Fwww.facebook.com%2Fgroups%2F212344460412327%22%3ECSATLAKOZOM%3C%2Fa%3E%3C%2Fp%3E%0D%0A%0D%0A%3C%2Fdiv%3E\"]","type":"rich","thumbnail_url":"https:\/\/s.24.hu\/app\/uploads\/sites\/24\/2021\/09\/dzs1p-150x150.jpg","thumbnail_width":150,"thumbnail_height":150}