{"version":"1.0","provider_name":"Sport24","provider_url":"https:\/\/sport24.24.hu","author_name":"Bruckner G\u00e1bor","author_url":"https:\/\/sport24.24.hu\/author\/brucknerg\/","title":"T\u00e1volod\u00f3 vb, k\u00f6zeled\u0151 hull\u00e1mv\u00f6lgy: a v\u00e1logatott sz\u00e9p nyar\u00e1ra rideg szeptember j\u00f6tt","html":"Amikor <strong>Armando Broja<\/strong> a 87. percben ellentmond\u00e1st nem t\u0171r\u0151en a r\u00f6vid sarokba bomb\u00e1zta a labd\u00e1t <strong>Dibusz D\u00e9nes<\/strong> mellett, akkor az olyan volt, mint a hossz\u00fa ny\u00e1ri sz\u00fcnet ut\u00e1n az els\u0151 komolyan vett tan\u00edt\u00e1si nap. Rideg \u00e9breszt\u0151 a sz\u00e9p ny\u00e1r ut\u00e1n.\r\n\r\nPontosan ugyanez t\u00f6rt\u00e9nt meg a 2016-os Eur\u00f3pa-bajnoks\u00e1got k\u00f6vet\u0151en <strong>Bernd Storck<\/strong> g\u00e1rd\u00e1j\u00e1val, \u00e9s <strong>Marco Rossinak<\/strong> azt a negat\u00edv spir\u00e1lt kellene elker\u00fclnie, amelybe n\u00e9met el\u0151dje beleker\u00fclt. Akkor az Eb-kijut\u00e1st k\u00f6vet\u0151en Storck hosszabb\u00edtott az MLSZ-szel, de 2017 \u0151sz\u00e9n, egy sikertelen vb-selejtez\u0151sorozat v\u00e9g\u00e9n t\u00e1vozott posztj\u00e1r\u00f3l. Rossi m\u00e1rciusban hossz\u00fa t\u00e1v\u00fa, 2025 v\u00e9g\u00e9ig sz\u00f3l\u00f3 szerz\u0151d\u00e9st \u00edrt al\u00e1, az Eur\u00f3pa-bajnoks\u00e1gon alighanem \u0151 \u00e9s csapata is n\u00e9pszer\u0171s\u00e9ge cs\u00facs\u00e1n \u00e1llt, majd \u0151sszel j\u00f6tt k\u00e9t pofon. Ahhoz, hogy tov\u00e1bbiak ne j\u00f6jjenek, az olasz szakembernek v\u00e1ltoztatnia kell valamin \u2013 f\u0151leg t\u00e1mad\u00f3j\u00e1t\u00e9kban.\r\n\r\n<span class=\"highlight-block\">A magyar v\u00e1logatott sok\u00e1ig jobb\u00e1ra az \u201eunderdog\u201d szerep\u00e9t j\u00e1tszotta, <\/span>\r\n\r\nazaz az es\u00e9lyess\u00e9g terhe n\u00e9lk\u00fcl j\u00e1tszhatott \u2013 \u00e9s ez pont megfelelt Rossinak, valamint remek\u00fcl \u00e1llt a csapatnak. A legt\u00f6bb m\u00e9rk\u0151z\u00e9sen \u2013 ezt al\u00e1t\u00e1masztj\u00e1k a helyzetmin\u0151s\u00e9g-m\u00e9r\u0151 mutat\u00f3k, a t\u00e1mad\u00f3j\u00e1t\u00e9kkal kapcsolatos statisztik\u00e1k is \u2013 a v\u00e1logatott ink\u00e1bb reakt\u00edv futballt j\u00e1tszott, kevesebbet vesz\u00e9lyeztetett, mint ellenfele, viszont remek\u00fcl s\u00e1f\u00e1rkodott a lehet\u0151s\u00e9geivel. A probl\u00e9ma akkor jelentkezik, jelentkezhet, ha az \u201eunderdog\u201d st\u00e1tusnak v\u00e9ge. Akkor ugyanis m\u00e1r nem el\u00e9g az eddig j\u00f3l begyakorolt \u00e9s bej\u00e1ratott csapatj\u00e1t\u00e9k. Kellene valami m\u00e1s.\r\n\r\nEbb\u0151l a \u201em\u00e1sb\u00f3l\u201d egyel\u0151re semmi sem villant meg, \u00e9s ez sok j\u00f3t nem \u00edg\u00e9r.\r\n<div class=\"payable-content-section\"><\/div>\r\n<h2>Hossz\u00fa m\u00e1snap<\/h2>\r\nHa m\u00e1r az iskolakezd\u00e9si anal\u00f3gi\u00e1val \u00e9lt\u00fcnk, \u00e9lhet\u00fcnk egy m\u00e1sikkal is: ahogyan 2016-ban, most is amolyan Eb-m\u00e1snaposs\u00e1g lett volna \u00farr\u00e1 a v\u00e1logatotton. Az alb\u00e1niai m\u00e9rk\u0151z\u00e9s ut\u00e1n elhangzott a j\u00e1t\u00e9kosokt\u00f3l, hogy mintha a h\u00e1zigazd\u00e1k \u201e\u00e9lesebbek\u201d lettek volna, \u00e9s ez k\u00e9ts\u00e9gtelen\u00fcl \u00edgy is t\u0171nt. Az angolok ellen egy, az Eb-t id\u00e9z\u0151 f\u00e9lid\u0151t teljes \u00f6sszeoml\u00e1s k\u00f6vetett a m\u00e1sodikban. A k\u00e9t m\u00e9rk\u0151z\u00e9s k\u00e9pe \u2013 \u00e9s az angolok elleni lel\u00e1t\u00f3i jelenetek, ami\u00e9rt az MLSZ \u00fajabb fegyelmi elj\u00e1r\u00e1s el\u00e9 n\u00e9z \u2013 gyorsan visszar\u00e1ngatta a val\u00f3s\u00e1g talaj\u00e1ra a szurkol\u00f3kat. Az inga kilengett a m\u00e1sik ir\u00e1nyba. A magyar v\u00e1logatott az eur\u00f3pai k\u00f6z\u00e9pmez\u0151ny tagja, t\u00f6k\u00e9letesen felk\u00e9sz\u00edtve, feldobottan j\u00e1tszva meg tudja nehez\u00edteni a legnagyobb csapatok dolg\u00e1t is. Ugyanakkor, ha rosszul futballozik, akkor ki\u00fct\u00e9ses veres\u00e9get szenved a szint\u00e9n a legnagyobbak k\u00f6z\u00e9 tartoz\u00f3 angolokt\u00f3l \u00e9s alulmarad az alb\u00e1nokkal szemben.\r\n\r\nEgym\u00e1s ut\u00e1n l\u00e1thattuk a v\u00e1logatott sz\u00edn\u00e9t \u00e9s fon\u00e1kj\u00e1t.\r\n\r\nUt\u00f3lag visszatekintve: az Eur\u00f3pa-bajnoks\u00e1g \u201ehal\u00e1lcsoportja\u201d lehet, hogy nem is j\u00f6tt rosszul a nemzeti csapatnak. Nem voltak magasak az elv\u00e1r\u00e1sok, leker\u00fclt az es\u00e9lyess\u00e9g mindenfajta terhe, a pap\u00edrforma kies\u00e9s volt, h\u00e1rom veres\u00e9ggel; ehhez k\u00e9pest Marco Rossi egy\u00fcttese k\u00e9t d\u00f6ntetlent is kiv\u00edvott, \u00e9s az utols\u00f3 pillanatig harcban volt a tov\u00e1bbjut\u00e1s\u00e9rt. Mindh\u00e1rom ellenfele pontosan \u00fagy j\u00e1tszott, ahogyan az a Rossi-csapatnak fekszik: mind a portug\u00e1lok, mind a franci\u00e1k, mind a n\u00e9metek t\u00e1mad\u00f3lag l\u00e9ptek fel, kontroll\u00e1lni pr\u00f3b\u00e1lt\u00e1k a m\u00e9rk\u0151z\u00e9st, mentek v\u00e9gig el\u0151re. Lehetett reakt\u00edv futballt j\u00e1tszani, v\u00e9dekezni, kontr\u00e1zni \u2013 \u00e9s a helyzetkihaszn\u00e1l\u00e1s tov\u00e1bbra is j\u00f3 volt. Az angolok is ezt tett\u00e9k \u2013 csak az Eb-meccsekkel szemben a magyar v\u00e1logatott a m\u00e1sodik f\u00e9lid\u0151 els\u0151 fel\u00e9ben \u00f6sszeroppant \u2013, az alb\u00e1nok ellen viszont m\u00e1r kellett volna valami m\u00e1s is. Aminek sajnos nyom\u00e1t sem l\u00e1thattuk\u2026\r\n\r\nMarco Rossi az el\u0151z\u0151 Eb-selejtez\u0151k (a \u201erendes\u201d kvalifik\u00e1ci\u00f3s sorozat) v\u00e9g\u00e9n, a Wales elleni vesztes m\u00e9rk\u0151z\u00e9s ut\u00e1n alapvet\u0151 v\u00e1ltoztat\u00e1sokra hat\u00e1rozta el mag\u00e1t. Szak\u00edtott az addig alkalmazott n\u00e9gyv\u00e9d\u0151s, sz\u00e9ls\u0151s form\u00e1ci\u00f3val, s visszany\u00falt a h\u00e1rom bels\u0151 v\u00e9d\u0151s fel\u00e1ll\u00e1shoz, amelyet a legjobban kedvel \u00e9s ismer. Az eredm\u00e9nyek nem maradtak el: a v\u00e1logatott sokkal szervezettebb lett, ellenfeleinek mind kevesebb lehet\u0151s\u00e9get adott, a j\u00e1t\u00e9k pedig egyre csiszol\u00f3dott. Az elm\u00falt egy \u00e9vben a v\u00e1logatott szinte kiz\u00e1r\u00f3lag a h\u00e1rom bels\u0151 v\u00e9d\u0151s form\u00e1ci\u00f3 k\u00fcl\u00f6nf\u00e9le vari\u00e1ci\u00f3it (3\u20135\u20132, 5\u20133\u20132, 3\u20134\u20131\u20132, 3\u20134\u20132\u20131) alkalmazta, ett\u0151l legfeljebb akkor t\u00e9rt el, ha m\u00e1r k\u00e9ts\u00e9gbeesetten futni kellett az eredm\u00e9ny ut\u00e1n.\r\n\r\nA k\u00f6vetkezm\u00e9ny? Els\u0151 blikkre alig van elt\u00e9r\u00e9s, de ha kivessz\u00fck az adatokat er\u0151sen torz\u00edt\u00f3, San Marino \u00e9s Andorra elleni m\u00e9rk\u0151z\u00e9seket, akkor kirajzol\u00f3dik a k\u00e9p:\r\n\r\n<span class=\"highlight-block-small\">a kidolgozott helyzetek min\u0151s\u00e9ge alacsonyabb lett. <\/span>\r\n\r\nA magyar csapat a kor\u00e1bbin\u00e1l kevesebb helyzetet alak\u00edtott ki, ugyanakkor ellenfeleit is meg tudta akad\u00e1lyozni a helyzetkidolgoz\u00e1sban, csapatv\u00e9dekez\u00e9se megszil\u00e1rdult. A terv: a p\u00e1lya k\u00f6zep\u00e9nek megsz\u00e1ll\u00e1sa, a j\u00e1t\u00e9k sz\u00e9lekre terel\u00e9se, kev\u00e9s akci\u00f3 a kapuk el\u0151tt \u2013 ha nem is volt l\u00e1tv\u00e1nyos a produkci\u00f3, hat\u00e9konynak bizonyult. A h\u00e1rom bels\u0151 v\u00e9d\u0151s rendszerre v\u00e1lt\u00e1s \u00e9s az Eur\u00f3pa-bajnoks\u00e1g k\u00f6z\u00f6tt \u2013 t\u00f6bbnyire a magyar csapat\u00e9hoz hasonl\u00f3, vagy kicsit nagyobb j\u00e1t\u00e9kerej\u0171 ellenfelekkel szemben \u2013 egyszer sem fordult el\u0151, hogy az ellenf\u00e9l xG-mutat\u00f3ja (xGA) 1,5 f\u00f6l\u00e9 ment volna.\r\n\r\nRossi\u00e9k meglelt\u00e9k az els\u0151 sz\u00e1m\u00fa j\u00e1t\u00e9kukat, azonban felvet\u0151d\u00f6tt k\u00e9t k\u00e9rd\u00e9s:\r\n\r\n\u00b7\u00a0\u00a0\u00a0\u00a0\u00a0\u00a0\u00a0 Mivel tud el\u0151rukkolni a v\u00e1logatott, ha a reakt\u00edv j\u00e1t\u00e9khoz k\u00e9pest m\u00e1s kell egy meccsen? Mi a terv a t\u00e1mad\u00f3j\u00e1t\u00e9k el\u0151relend\u00edt\u00e9s\u00e9re?\r\n\r\n\u00b7\u00a0\u00a0\u00a0\u00a0\u00a0\u00a0\u00a0 Mi az elk\u00e9pzel\u00e9s akkor, ha <strong>Szalai \u00c1d\u00e1m<\/strong> kiesik, \u00e9s nincs hasonl\u00f3 t\u00edpus\u00fa center a keretben?\r\n\r\nMindk\u00e9t k\u00e9rd\u00e9s m\u00f6g\u00f6tt egyre vastagabb a k\u00e9rd\u0151jel a szeptemberi m\u00e9rk\u0151z\u00e9sek ut\u00e1n.\r\n\r\n<img class=\"alignnone size-large wp-image-1917\" src=\"https:\/\/sport24.24.hu\/app\/uploads\/sites\/24\/2021\/09\/gettyimages-1233616422-1024x683.jpg\" alt=\"\" width=\"1024\" height=\"683\" \/>\r\n<h2>Nem domin\u00e1nsak<\/h2>\r\nA helyzetmin\u0151s\u00e9g-m\u00e9r\u0151 xG-mutat\u00f3 csal\u00f3ka statisztika r\u00f6vid t\u00e1von, hiszen kev\u00e9s meccsen (p\u00e9ld\u00e1ul egy v\u00e1logatott torn\u00e1n) k\u00f6nnyen lehetnek benne nagy torz\u00edt\u00e1sok. Ha hossz\u00fa t\u00e1von alkalmazzuk, akkor t\u00f6bbet mond. Marco Rossi 34 m\u00e9rk\u0151z\u00e9sen ir\u00e1ny\u00edtotta 2018 szeptembere \u00e9s 2021 szeptembere k\u00f6z\u00f6tt a v\u00e1logatottat, m\u00e9rlege pozit\u00edv, 15 gy\u0151zelem, 7 d\u00f6ntetlen, 12 veres\u00e9g.\r\n\r\n\u00b7\u00a0\u00a0\u00a0\u00a0\u00a0\u00a0\u00a0 A 34 m\u00e9rk\u0151z\u00e9sb\u0151l 19-en 1 alatt maradt a magyar v\u00e1logatott xG-je, 10 m\u00e9rk\u0151z\u00e9sen pedig 0,7 alatt. Az xG-medi\u00e1n 0,98 \u2013 Rossi csapat\u00e1t\u00f3l arra lehet sz\u00e1m\u00edtani, hogy m\u00e9rk\u0151z\u00e9senk\u00e9nt egy g\u00f3lra val\u00f3 helyzetet dolgoz ki.\r\n\r\n\u00b7\u00a0\u00a0\u00a0\u00a0\u00a0\u00a0\u00a0 A 34-b\u0151l csak 4 olyan m\u00e9rk\u0151z\u00e9s volt, amelyen a v\u00e1logatott xG-je 2-n\u00e9l magasabb volt, ebb\u0151l kett\u0151t mini \u00e1llamok (San Marino, Andorra) ellen j\u00e1tszott a csapat.\r\n\r\n\u00b7\u00a0\u00a0\u00a0\u00a0\u00a0\u00a0\u00a0 \u00a0A 34-b\u0151l 19-szer az ellenf\u00e9lnek voltak magasabb min\u0151s\u00e9g\u0171 helyzetei.\r\n\r\n\u00b7\u00a0\u00a0\u00a0\u00a0\u00a0\u00a0\u00a0 A 34 m\u00e9rk\u0151z\u00e9sb\u0151l 15-\u00f6n a magyar csapat kevesebb, mint t\u00edzszer l\u0151tt\/fejelt kapura.\r\n\r\n\u00b7\u00a0\u00a0\u00a0\u00a0\u00a0\u00a0\u00a0 A Rossi-\u00e9r\u00e1ban a v\u00e1logatott t\u00f6bb g\u00f3lt szerzett, mint amennyit a helyzetei min\u0151s\u00e9ge \u201eindokolna\u201d, \u00e9s kevesebbet kapott (1,17-es xG-\u00e1tlagra 1,32-es g\u00f3l\u00e1tlag; 1,28-as xGA-\u00e1tlagra 1,21-es kapottg\u00f3l\u00e1tlag). A 34 m\u00e9rk\u0151z\u00e9s egy 18 csapatos bajnoks\u00e1g \u00e9vad\u00e1nak felel meg, mondhatni, ez olyan \u201eid\u00e9ny\u201d volt, amelyben \u00e1ltal\u00e1ban j\u00f3l pattant a labda.\r\n\r\n<iframe class=\"flourish-embed-iframe\" style=\"width: 100%;height: 600px\" title=\"Interactive or visual content\" src=\"https:\/\/flo.uri.sh\/visualisation\/7192138\/embed\" frameborder=\"0\" scrolling=\"no\"><\/iframe>\r\n<div style=\"width: 100%!;margin-top: 4px!important;text-align: right!important\"><a class=\"flourish-credit\" style=\"text-decoration: none!important\" href=\"https:\/\/public.flourish.studio\/visualisation\/7192138\/?utm_source=embed&amp;utm_campaign=visualisation\/7192138\" target=\"_top\" rel=\"noopener noreferrer\"><img style=\"width: 105px!important;height: 16px!important;border: none!important;margin: 0!important\" src=\"https:\/\/public.flourish.studio\/resources\/made_with_flourish.svg\" alt=\"Made with Flourish\" \/> <\/a><\/div>\r\nM\u00e1s, a t\u00e1mad\u00f3j\u00e1t\u00e9kkal kapcsolatos mutat\u00f3k is al\u00e1t\u00e1masztj\u00e1k a fentieket. Ha az elm\u00falt napt\u00e1ri \u00e9v \u00e1tlagait vessz\u00fck: a magyar csapat \u00e1ltal\u00e1ban kevesebbet akci\u00f3zik, mint ellenfelei (helyzetei j\u00f3 r\u00e9sz\u00e9t kontr\u00e1kb\u00f3l \u00e9s szabad-, illetve sz\u00f6gletr\u00fag\u00e1sokb\u00f3l dolgozza ki), kevesebb t\u00e1mad\u00f3 p\u00e1rharcot v\u00edv meg, t\u00f6bb a hosszan el\u0151rer\u00fagott labd\u00e1ja, kevesebbszer jut el a \u201et\u00e1mad\u00f3harmadba\u201d \u00e9s kevesebb helyzetkialak\u00edt\u00f3 passza van.\r\n\r\n<span class=\"highlight-block-small\">A t\u00e1mad\u00f3j\u00e1t\u00e9k korl\u00e1tozotts\u00e1ga eg\u00e9szen addig nem kir\u00edv\u00f3, am\u00edg a v\u00e1logatott topkateg\u00f3ri\u00e1s ellenfelekkel \u2013 Portug\u00e1lia, Franciaorsz\u00e1g, N\u00e9metorsz\u00e1g, Anglia \u2013, m\u00e9rk\u0151zik meg. <\/span>\r\n\r\nEkkor nagyj\u00e1b\u00f3l az zajlik, amit a n\u00e9z\u0151 is v\u00e1r: az ellenf\u00e9l domin\u00e1l, t\u00e1mad, a magyar v\u00e1logatottnak a (nagyon) kev\u00e9s lehet\u0151s\u00e9g\u00e9vel kell j\u00f3l s\u00e1f\u00e1rkodnia. Az Eur\u00f3pa-bajnoks\u00e1gon a Rossi-csapat kilenc, kaput eltal\u00e1l\u00f3 l\u00f6v\u00e9ssel jelentkezett, kev\u00e9s helyzete t\u00f6bbs\u00e9g\u00e9t pedig g\u00f3lra v\u00e1ltotta.\r\n\r\nAz angolok elleni tal\u00e1lkoz\u00f3 m\u00e1r reped\u00e9seket mutatott: b\u00e1r az els\u0151 f\u00e9lid\u0151 az Eb-t id\u00e9zte, a m\u00e1sodikban megroppant a csapat, \u00e9s \u00fagy szenvedett n\u00e9gyg\u00f3los veres\u00e9get, hogy eml\u00edt\u00e9sre m\u00e9lt\u00f3 helyzetet nem tudott kialak\u00edtani. S\u0151t: ahogy \u00edrtuk, az angol let\u00e1mad\u00e1ssal szemben k\u00e9ptelen volt hat\u00e9konyan t\u00e1mad\u00e1st \u00e9p\u00edteni, r\u00e1ad\u00e1sul olyan hib\u00e1kat k\u00f6vetett el \u00e9p\u00edtkez\u00e9s k\u00f6zben, amelyeket a vend\u00e9gek g\u00f3lokkal b\u00fcntettek.\r\n\r\nA magyar v\u00e1logatott kimondottan j\u00f3l teljes\u00edt, ha megfelel\u0151en alakul a meccsforgat\u00f3k\u00f6nyv \u2013 azaz meg tudja szerezni az els\u0151 g\u00f3lt \u2013, de kimondottan rosszul, ha nem. A szeptemberi k\u00e9t zak\u00f3 ut\u00e1n a csapat m\u00e9rlege 2 gy\u0151zelem (Horv\u00e1torsz\u00e1g \u00e9s Izland ellen), 2 d\u00f6ntetlen, 11 veres\u00e9g olyan tal\u00e1lkoz\u00f3kon, amelyeken az ellenf\u00e9l tal\u00e1lt be el\u0151sz\u00f6r. B\u00e1rmennyire is fontos az els\u0151 g\u00f3l szerepe a futballban, ez is arra utal: a jelenlegi v\u00e1logatott kev\u00e9ss\u00e9 alkalmas arra, hogy fusson az eredm\u00e9ny ut\u00e1n.\r\n<h2>K\u00ednok Alb\u00e1ni\u00e1ban<\/h2>\r\nAz Alb\u00e1nia elleni m\u00e9rk\u0151z\u00e9s, ha m\u00e1sra nem, arra j\u00f3 volt, hogy r\u00e1mutasson a magyar v\u00e1logatott hi\u00e1nyoss\u00e1gaira. Szalai \u00c1d\u00e1m pozit\u00edv koronav\u00edrus-tesztje miatt nem j\u00e1tszhatott, \u00edgy Rossinak p\u00f3tolnia kellett azt a j\u00e1t\u00e9kos\u00e1t, akihez nincs hasonl\u00f3 profil\u00fa kerettagja. Szalai testi ereje, magass\u00e1ga, munkab\u00edr\u00e1sa \u00e9s vez\u00e9rszerepe miatt is kulcsszerepet kap: rengeteg p\u00e1rharcot v\u00edv meg, szabadr\u00fag\u00e1sokat harcol ki, el\u0151rev\u00e1gott labd\u00e1k eset\u00e9ben t\u00e1mogat\u00e1st ny\u00fajt abban, hogy a nyom\u00e1s leker\u00fclj\u00f6n a h\u00e1ts\u00f3 alakzatr\u00f3l, \u00e9s persze k\u00f6zben seg\u00edt a helyzetkialak\u00edt\u00e1sban \u00e9s -kihaszn\u00e1l\u00e1sban is. A 2021-es \u00e9vben r\u00e1ad\u00e1sul eredm\u00e9nyes is volt: 3 g\u00f3l \u00e9s 2 g\u00f3lpassz f\u0171z\u0151dik a nev\u00e9hez.\r\n\r\nSzalai hi\u00e1ny\u00e1ban Rossi az id\u00e9n <strong>Nemanja Nikolicshoz<\/strong> vagy<strong> Hahn J\u00e1noshoz<\/strong> fordult. Mindketten befejez\u0151 csat\u00e1rok, \u00e1m egyik sem Szalaihoz hasonl\u00f3 er\u0151csat\u00e1r \u2013 ha kivett\u00e9k a csapatkapit\u00e1nyt, az a t\u00e1mad\u00f3j\u00e1t\u00e9kon is megl\u00e1tszott, egy j\u00f3kora, Szalai alak\u00fa \u0171r keletkezett a p\u00e1ly\u00e1n. Az olasz szakember Alb\u00e1ni\u00e1ban m\u00e1st h\u00fazott: mivel (az Eb-vel ellent\u00e9tben) most sz\u00e1m\u00edthatott a s\u00e9r\u00fcl\u00e9se ut\u00e1n visszat\u00e9rt <strong>Szoboszlai Dominikra<\/strong>, center n\u00e9lk\u00fcl k\u00fcldte fel a csapatot, az el\u0151retolt <strong>Sallai Roland<\/strong> m\u00f6g\u00f6tt Szoboszlai j\u00e1tszott t\u00edzest. <strong>Sall\u00f3i D\u00e1niel<\/strong> be\u00e1ll\u00e1sa ut\u00e1n \u0151 \u00e9s Sallai volt el\u00f6l, Szoboszlai k\u00f6zvetlen\u00fcl m\u00f6g\u00f6tt\u00fck. Center pedig csak az utols\u00f3 percekben ker\u00fclt p\u00e1ly\u00e1ra, amikor a magyar v\u00e1logatottnak m\u00e1r egyg\u00f3los h\u00e1tr\u00e1nyban kellett t\u00e1madnia.\r\n\r\n<img class=\"alignnone size-large wp-image-1919\" src=\"https:\/\/sport24.24.hu\/app\/uploads\/sites\/24\/2021\/09\/k_epa20210905113-1024x752.jpg\" alt=\"\" width=\"1024\" height=\"752\" \/>\r\n\r\nA v\u00e1ltoztat\u00e1s semmif\u00e9le pozit\u00edv hat\u00e1ssal nem volt a magyar t\u00e1mad\u00f3j\u00e1t\u00e9kra, legfeljebb azt lehetett megfigyelni, hogy az el\u0151rev\u00e1gott labd\u00e1k eset\u00e9ben most t\u00e9nyleg alig akadt es\u00e9ly megszerezni azokat (\u00edgy \u00e9rtelm\u00fck sem sok volt)\u2026 Szalai fizik\u00e1lis \u201ejelenl\u00e9te\u201d nagyon hi\u00e1nyzott, \u00e9s hi\u00e1ba volt j\u00f3 n\u00e9h\u00e1ny kreat\u00edv j\u00e1t\u00e9kos (Szoboszlai, Sallai, <strong>Gazdag D\u00e1niel, Kleinheisler L\u00e1szl\u00f3<\/strong>) a p\u00e1ly\u00e1n, az alb\u00e1n v\u00e9delmet alig-alig siker\u00fclt kij\u00e1tszani. A magyar csapatnak csak h\u00e1rom, a tizenhatoson bel\u00fclr\u0151l megeresztett k\u00eds\u00e9rlete volt a m\u00e9rk\u0151z\u00e9sen (az alb\u00e1nnak nyolc), t\u00e1mad\u00f3 p\u00e1rharcainak d\u00f6nt\u0151 t\u00f6bbs\u00e9g\u00e9t elvesz\u00edtette (Sallai, Gazdag, <strong>Nagy \u00c1d\u00e1m<\/strong> \u00e9s Szoboszlai \u00f6sszes\u00edtett mutat\u00f3ja 6 megnyert t\u00e1mad\u00f3 p\u00e1rharc 24 k\u00eds\u00e9rletb\u0151l; Kleinheisler egymaga hozott 5\/9-et). Az pedig egy dolog, hogy v\u00e9rszeg\u00e9ny volt a t\u00e1mad\u00f3j\u00e1t\u00e9k, az meg egy m\u00e1sik, hogy az alb\u00e1nok sokkal t\u00f6bbet mutattak \u201eel\u0151rej\u00e1t\u00e9kban\u201d.\r\n\r\nAz els\u0151 f\u00e9lid\u0151 elej\u00e9n a magyar csapatnak momentuma sem volt, azt\u00e1n Kleinheisler el\u0151tt siker\u00fclt nagy helyzetet kialak\u00edtani. Az kimaradt, ezzel pedig a magyar t\u00e1mad\u00f3j\u00e1t\u00e9k \u201e\u00e9rdemi r\u00e9sz\u00e9nek\u201d v\u00e9ge is volt \u2013 Szoboszlainak akadt m\u00e9g egy helyzete a m\u00e1sodik f\u00e9lid\u0151ben, de az alb\u00e1nok \u00f6sszess\u00e9g\u00e9ben magabiztosan \u201enull\u00e1zt\u00e1k le\u201d v\u00e1logatottunkat. Fordul\u00f3pont lehetett Kleinheisler helyzete, \u00e9s lehet, hogy ha bemegy, akkort\u00f3l a magyar csapat kez\u00e9be ker\u00fcl a meccs. Nem \u00edgy t\u00f6rt\u00e9nt, \u00e9s az alb\u00e1nok egyre jobban j\u00e1tszottak, mind t\u00f6bbet t\u00e1madtak, \u00e9s vesz\u00e9lyesebbek lettek, a hajr\u00e1ban pedig a p\u00e1rharcokban is a mieink f\u00f6l\u00e9 n\u0151ttek. Amikor a labda a 87. percben a magyar h\u00e1l\u00f3ba ker\u00fclt, akkor annyit mondhattunk: ez a g\u00f3l m\u00e1r \u00e9rett. A veres\u00e9g s\u00falyosabb is lehetett volna.\r\n<h2>T\u00e1volod\u00f3 vb-\u00e1lom<\/h2>\r\nA k\u00e9t v\u00e1logatott okt\u00f3ber elej\u00e9n megint \u00f6sszecsap. Ha a magyar csapat gy\u0151zelemmel abszolv\u00e1lja az Andorra elleni hazai meccset, az azt jelenti, hogy m\u00e9g van es\u00e9lye a p\u00f3tselejtez\u0151t \u00e9r\u0151 m\u00e1sodik hely megszerz\u00e9s\u00e9re, azonban ehhez az alb\u00e1nokkal szemben k\u00f6telez\u0151 a gy\u0151zelem, a lengyelek \u00e9s az angolok ellen pedig idegenben kellene brav\u00far.\r\n\r\nValljuk meg: kev\u00e9s az es\u00e9ly arra, hogy ezen az \u00faton a katari vil\u00e1gbajnoks\u00e1gig jut a v\u00e1logatott. Azt viszont j\u00f3 lenne l\u00e1tni, hogy k\u00f6rvonalaz\u00f3dik a teljes\u00edtm\u00e9nyben egy proakt\u00edvabb B-terv. A jelenlegi j\u00e1t\u00e9k hat\u00e9konys\u00e1g\u00e1t k\u00f6zel maximumra p\u00f6rgette Rossi meg csapata 2020 folyam\u00e1n \u00e9s 2021 els\u0151 fel\u00e9ben; a k\u00e9rd\u00e9s az, hogy tud-e m\u00e1st, t\u00f6bbet mutatni. Ha nem, akkor \u00fagy j\u00e1r, mint Izland: remek csapategys\u00e9ggel, kontr\u00e1kra \u00e9s pontr\u00fag\u00e1sokra \u00e9p\u00edtve k\u00e9pes lehet brav\u00faros szerepl\u00e9sre, \u00e1m innen nem tud szintet l\u00e9pni. A sz\u00f6vets\u00e9gi kapit\u00e1ny v\u00e1logat\u00e1si lehet\u0151s\u00e9gei behat\u00e1roltak, nagy er\u0151s\u00edt\u00e9s a b\u0151 kereten k\u00edv\u00fcl nem l\u00e1tszik. Ebb\u0151l kell f\u0151zni \u2013 valamivel \u00edzletesebbet, mint amit Anglia \u00e9s Alb\u00e1nia ellen l\u00e1thattunk. M\u00e1r most nagyobb az es\u00e9ly arra, hogy a csapat csak kor\u00e1bbi Nemzetek Lig\u00e1ja-szerepl\u00e9s\u00e9nek k\u00f6sz\u00f6nhet\u0151en v\u00edvhat vb-p\u00f3tselejtez\u0151t.\r\n\r\nUgyanaz fenyeget, mint ami 2016\u20132017-ben megt\u00f6rt\u00e9nt:\r\n\r\n<span class=\"highlight-block\"> egy brav\u00faros, a szurkol\u00f3kat mag\u00e1val ragad\u00f3 id\u0151szak ut\u00e1n m\u00e9ly hull\u00e1mv\u00f6lgy k\u00f6vetkezhet. <\/span>\r\n\r\nA v\u00e1logatott programja pedig nem k\u00f6nny\u0171. Ha a katari \u00e1lom szertefoszlik, akkor 2022-ben a k\u00f6zvetlen eur\u00f3pai elit elleni, nagyon neh\u00e9z NL-m\u00e9rk\u0151z\u00e9sek j\u00f6nnek \u2013 val\u00f3s a negat\u00edv spir\u00e1l vesz\u00e9lye.\r\n\r\n<img class=\"alignnone size-large wp-image-1920\" src=\"https:\/\/sport24.24.hu\/app\/uploads\/sites\/24\/2021\/09\/gettyimages-1324382824-1024x683.jpg\" alt=\"\" width=\"1024\" height=\"683\" \/>\r\n\r\nMarco Rossi az Eb-selejtez\u0151k kudarc\u00e1ra azzal reag\u00e1lt, hogy \u00e1talak\u00edtotta csapata j\u00e1t\u00e9k\u00e1t, kidolgozva egy olyan taktikai alapot, amelyre 2020\u20132021-ben Eb-p\u00f3tselejtez\u0151s \u00e9s Nemzetek Lig\u00e1ja- sikert, majd brav\u00faros Eur\u00f3pa-bajnoki szerepl\u00e9st \u00e9p\u00edtett. A cs\u00facspont ut\u00e1n a szeptemberi eredm\u00e9nyek most hull\u00e1mv\u00f6lggyel fenyegetnek. K\u00e9rd\u00e9s, Rossi megint \u00e1talak\u00edt\u00e1st, esetleg finomhangol\u00e1st v\u00e9gez-e. A most l\u00e1tottn\u00e1l ugyanis \u2013 mind k\u00e9s\u0151 \u0151sszel, mind j\u00f6v\u0151re \u2013 t\u00f6bb kell, f\u0151leg t\u00e1mad\u00f3j\u00e1t\u00e9kban. De meg\u0151rizhet\u0151-e a csapat egyens\u00falya? Tud-e Rossi hat\u00e9konyabb t\u00e1mad\u00f3j\u00e1t\u00e9kot kidolgozni \u00fagy, hogy megmarad a v\u00e9delmi stabilit\u00e1s?\r\n\r\nA k\u00e9rd\u00e9s a leveg\u0151ben l\u00f3g, az els\u0151 v\u00e1laszokat okt\u00f3ber-novemberben megkapjuk.\r\n\r\nLegal\u00e1bbis rem\u00e9lhet\u0151leg.\r\n\r\n[prefabricated_shortcode in_app=\"0\" code=\"%3Cdiv%20class%3D%22article_box_border%22%20style%3D%22background%3A%20url%28%27https%3A%2F%2F24.p3k.hu%2Fapp%2Fuploads%2Fsites%2F24%2F2021%2F05%2Fsport24-pattern.png%27%29%20no-repeat%20left%20-16px%20%23f3f3f4%3B%20border%3A%20none%3B%22%3E%0D%0A%3Cdiv%20class%3D%22article_solidheader%22%3E%0D%0A%3Ch2%20style%3D%22color%3A%20%23111115%21important%3B%20font-size%3A%2036px%3B%20font-weight%3A%20bold%3B%20margin-bottom%3A%2030px%3B%20margin-top%3A%2020px%3B%20text-align%3A%20center%3B%20line-height%3A%2036px%3B%22%3E%3Cimg%20class%3D%22aligncenter%20size-full%20wp-image-141%22%20src%3D%22https%3A%2F%2F24.p3k.hu%2Fapp%2Fuploads%2Fsites%2F24%2F2021%2F05%2Fs24-logo-dt.png%22%20alt%3D%22%22%20width%3D%22408%22%20height%3D%2290%22%20%2F%3E%3C%2Fh2%3E%0D%0A%3Ch2%20style%3D%22color%3A%20%23111115%21important%3B%20font-size%3A%2036px%3B%20font-weight%3A%20bold%3B%20margin-bottom%3A%2030px%3B%20margin-top%3A%2020px%3B%20text-align%3A%20center%3B%20line-height%3A%2040px%3B%22%3ECsatlakozz%20a%20Sport24%20k%C3%B6z%C3%B6ss%C3%A9ghez%2C%20mondd%20el%20v%C3%A9lem%C3%A9nyedet%20z%C3%A1rt%20Facebook-csoportunkban%2C%20%C3%A9s%20vegy%C3%A9l%20r%C3%A9szt%20csak%20el%C5%91fizet%C5%91knek%20el%C3%A9rhet%C5%91%20exkluz%C3%ADv%20esem%C3%A9nyeinken.%3C%2Fh2%3E%0D%0A%3C%2Fdiv%3E%0D%0A%3Cp%20style%3D%22background%3A%20%2357A600%3B%20margin-top%3A%2020px%3B%20padding%3A%2020px%3B%20text-align%3A%20center%3B%22%3E%3Ca%20style%3D%22color%3A%20%23ffffff%3B%20font-size%3A%2026px%3B%20font-weight%3A%20600%3B%22%20href%3D%22https%3A%2F%2Fwww.facebook.com%2Fgroups%2F212344460412327%22%3ECSATLAKOZOM%3C%2Fa%3E%3C%2Fp%3E%0D%0A%0D%0A%3C%2Fdiv%3E\"]","type":"rich","thumbnail_url":"https:\/\/s.24.hu\/app\/uploads\/sites\/24\/2021\/09\/000_9cl6rl-1-150x150.jpg","thumbnail_width":150,"thumbnail_height":150}