{"version":"1.0","provider_name":"Sport24","provider_url":"https:\/\/sport24.24.hu","author_name":"Dajka Bal\u00e1zs","author_url":"https:\/\/sport24.24.hu\/author\/dajkab\/","title":"Ahogy megpr\u00f3b\u00e1ltunk b\u00e1trabban focizni, j\u00f6ttek a hib\u00e1k, az angolok pedig k\u00f6sz\u00f6nt\u00e9k sz\u00e9pen","html":"El\u00e9gedetts\u00e9g \u00e9s csal\u00f3d\u00e1s. Ezekkel az ellent\u00e9tes \u00e9rzelmekkel z\u00e1rhatta Magyarorsz\u00e1g \u00e9s Anglia is a ny\u00e1ri Eur\u00f3pa-bajnoks\u00e1got. A magyar csapatt\u00f3l ugyan nem is lehetett re\u00e1lisan elv\u00e1rni, hogy az el\u0151z\u0151 h\u00e1rom nagy torna gy\u0151ztese mellett es\u00e9lye lesz a tov\u00e1bbjut\u00e1sra, a franci\u00e1k \u00e9s a n\u00e9metek elleni brav\u00faros pontszerz\u00e9s mellett m\u00e9gis csak nagyon kev\u00e9s hi\u00e1nyzott az igaz\u00e1n nagy csod\u00e1hoz, az egyenes kies\u00e9ses szakaszba val\u00f3 bel\u00e9p\u00e9s\u00e9hez.\r\n\r\nAz angolokat a 2018-as vil\u00e1gbajnoki negyedik hely ut\u00e1n, \u00e9s az elm\u00falt \u00e9vekben be\u00e9p\u00fcl\u0151, vagy \u00e9ppen nemr\u00e9g berobban\u00f3 fiatal j\u00e1t\u00e9kosok miatt sokan m\u00e1r a torna el\u0151tt is es\u00e9lyesk\u00e9nt tartott\u00e1k sz\u00e1mon, de a kor\u00e1bbi \u00e9vtizedek nagy v\u00e1rakoz\u00e1sait \u00e9s buk\u00e1sait k\u00f6vet\u0151en a szurkol\u00f3k jelent\u0151s r\u00e9sze ink\u00e1bb csak rem\u00e9nykedett, mintsem elv\u00e1rta a v\u00e9gs\u0151 gy\u0151zelmet. A d\u00f6nt\u0151ig, ha nem is l\u00e1tv\u00e1nyos j\u00e1t\u00e9kkal, de magabiztosan, egyetlen kapott g\u00f3llal siker\u00fclt eljutniuk, de v\u00e9g\u00fcl hazai p\u00e1ly\u00e1n b\u00fcntet\u0151p\u00e1rbajban maradtak alul Olaszorsz\u00e1ggal szemben.\r\n\r\n[central_article_recommendation title=\"Kapcsol\u00f3d\u00f3\" url=\"https:\/\/sport24.24.hu\/foci\/2021\/07\/12\/foci-eb-olasz-angol-donto-elemzes\/\" image=\"1\" lead=\"1\"]\r\n\r\nA n\u00e9metek elleni m\u00fcncheni d\u00f6ntetlen, illetve a Wembley-ben elszenvedett veres\u00e9get k\u00f6vet\u0151en mindk\u00e9t v\u00e1logatott cs\u00fct\u00f6rt\u00f6k este l\u00e9pett p\u00e1ly\u00e1ra el\u0151sz\u00f6r, \u00e9s ennek megfelel\u0151en viszonylag kev\u00e9s szem\u00e9lyi v\u00e1ltoz\u00e1s t\u00f6rt\u00e9nt a csapatokban, \u00e9s a m\u00e1gnest\u00e1bl\u00e1n is hasonl\u00f3 elemeket rajzoltak fel, mint az Eur\u00f3pa-bajnoks\u00e1gon.\r\n\r\n<img class=\"alignnone wp-image-1889 size-full\" src=\"https:\/\/sport24.24.hu\/app\/uploads\/sites\/24\/2021\/09\/1-kep.png\" alt=\"\" width=\"583\" height=\"757\" \/>\r\n\r\n<strong>Marco Rossinak<\/strong> eleve nincs akkor mer\u00edt\u00e9si lehet\u0151s\u00e9ge a keret \u00e9s a kezd\u0151 tizenegy \u00f6ssze\u00e1ll\u00edt\u00e1s\u00e1t illet\u0151en, mint<strong> Gareth Southgate-nek<\/strong>, \u00edgy a magyar v\u00e1logatott \u00f6ssze\u00e1ll\u00edt\u00e1sa is csak k\u00e9nyszer\u0171s\u00e9gb\u0151l, valamint egy \u00f6r\u00f6mteli visszat\u00e9r\u00e9s miatt v\u00e1ltozott az Eb-n l\u00e1tottakhoz k\u00e9pest.\r\n\r\n<strong>Gul\u00e1csi P\u00e9ter<\/strong> poz\u00edci\u00f3ja tov\u00e1bbra is megk\u00e9rd\u0151jelezhetetlen a kapuban, a legnagyobb v\u00e1ltoztat\u00e1sokat viszont m\u00e1ris \u00e9szrevett\u00fck a v\u00e9delem jobb oldal\u00e1n. A ny\u00e1ron a mag\u00e1t jobb oldali sz\u00e1rnyv\u00e9d\u0151k\u00e9nt a kezd\u0151csapatba bevereked\u0151 <strong>Loic Nego<\/strong> koronav\u00edrusos megbeteged\u00e9s miatt maradt ki a keretb\u0151l,<strong> Lovrencsics Gerg\u0151<\/strong> pedig s\u00e9r\u00fcl\u00e9ssel bajl\u00f3dik, \u00edgy a Wolverhamptonhoz, majd onnan k\u00f6lcs\u00f6nbe Sv\u00e1jcba szerz\u0151d\u0151 <strong>Bolla Bendeg\u00faz<\/strong> kapta meg a bizony\u00edt\u00e1si lehet\u0151s\u00e9get a sz\u00f6vets\u00e9gi kapit\u00e1nyt\u00f3l.\r\n\r\nA 3-5-2-es j\u00e1t\u00e9krendszerben a jobb oldali k\u00f6z\u00e9ph\u00e1tv\u00e9d poz\u00edci\u00f3j\u00e1ban szint\u00e9n egy s\u00e9r\u00fcl\u00e9s miatt kellett v\u00e1ltoztatnia Rossinak: <strong>Botka Endre<\/strong> a meccset megel\u0151z\u0151 napon a t\u00e1rsait\u00f3l k\u00fcl\u00f6n edzett, \u00edgy az \u0151 hely\u00e9t <strong>Kecsk\u00e9s \u00c1kos<\/strong> vette \u00e1t. A h\u00e1ts\u00f3 sorban ezen k\u00edv\u00fcl a megszokott nevekkel, <strong>Willi Orb\u00e1nnal, Szalai Attil\u00e1val<\/strong> \u00e9s <strong>Fiola Attil\u00e1val<\/strong> tal\u00e1lkozhattunk.\r\n\r\n<span class=\"highlight-block-small\">A k\u00f6z\u00e9pp\u00e1ly\u00e1n szint\u00e9n volt egy fontos hi\u00e1nyz\u00f3ja a magyar csapatnak.<\/span>\r\n\r\n<strong>Nagy \u00c1d\u00e1m<\/strong> eltilt\u00e1s miatt nem lehetett ott a csapatban az angolok ellen, \u00edgy az \u0151 szerepk\u00f6r\u00e9t az Eb-n egy sorral el\u0151r\u00e9bb j\u00e1tsz\u00f3 <strong>Sch\u00e4fer Andr\u00e1s<\/strong> vette \u00e1t, akinek a kor\u00e1bbi hely\u00e9n a s\u00e9r\u00fcl\u00e9s\u00e9b\u0151l v\u00e9gre fel\u00e9p\u00fcl\u0151, \u00e9s a Bundeslig\u00e1ban m\u00e1r k\u00e9t g\u00f3lt is szerz\u0151 <strong>Szoboszlai Dominik<\/strong> szerepelhetett <strong>Kleinheisler L\u00e1szl\u00f3val<\/strong> kieg\u00e9sz\u00fclve a p\u00e1lya centrum\u00e1ban.\r\n\r\nA csat\u00e1rsorban pedig szint\u00e9n nem lehetett k\u00e9rd\u00e9ses a n\u00e9met bajnoks\u00e1gban egyar\u00e1nt j\u00f3l kezd\u0151 <strong>Sallai Roland<\/strong> \u00e9s a csapatkapit\u00e1ny<strong> Szalai \u00c1d\u00e1m<\/strong> helye.\r\n\r\nAz angolok az Eur\u00f3pa-bajnoks\u00e1gon az ellenfelekhez alkalmazkodva egyar\u00e1nt j\u00e1tszottak 4-2-3-1-es \u00e9s 3-4-2-1-es alakzatban is. A fin\u00e1l\u00e9ban az olaszok ellen Southgate az ut\u00f3bbi j\u00e1t\u00e9krendszerben b\u00edzott, de a magyar csapat ellen ism\u00e9t n\u00e9gy v\u00e9d\u0151vel, de ez\u00fattal 4-3-3-ban \u00e1lltak fel az angolok. Ak\u00e1rcsak Rossi, \u00fagy az angolok sz\u00f6vets\u00e9gi kapit\u00e1nya sem szerette volna t\u00fals\u00e1gosan felforgatni a csapat\u00e1t r\u00f6gt\u00f6n az Eb ut\u00e1ni els\u0151 vil\u00e1gbajnoki selejtez\u0151n,\r\n\r\n<span class=\"highlight-block-small\">\u00edgy az Olaszorsz\u00e1g elleni kezd\u0151csapathoz k\u00e9pest csak egy helyen m\u00f3dos\u00edtott, ami ahhoz kellett, hogy m\u00e1s j\u00e1t\u00e9krendszert tudjanak alkalmazni.<\/span>\r\n\r\n\u00cdgy az Eb-n \u00f6nmag\u00e1hoz k\u00e9pest j\u00f3 teljes\u00edtm\u00e9nyt ny\u00fajt\u00f3 <strong>Jordan Pickford<\/strong> meg\u0151rizte a hely\u00e9t a kapuban, ahogy a v\u00e9delem k\u00f6zep\u00e9n <strong>John Stones<\/strong> is, aki \u00fagy szerepelt <strong>Harry Maguire<\/strong> mellett, hogy a Premier League els\u0151 h\u00e1rom fordul\u00f3j\u00e1ban m\u00e9g egyetlen percet sem t\u00f6lt\u00f6tt a p\u00e1ly\u00e1n. Az angol csapatnak a sz\u00e9ls\u0151h\u00e1tv\u00e9d poz\u00edci\u00f3kban szint\u00e9n akad b\u0151ven opci\u00f3juk, de a ny\u00e1ron kiemelked\u0151 teljes\u00edtm\u00e9nyt ny\u00fajt\u00f3 <strong>Kyle Walker<\/strong> \u00e9s Luke Shaw ez\u00fattal is ott volt a kezd\u0151tizenegyben.\r\n<div class=\"payable-content-section\"><\/div>\r\nA v\u00e9delem el\u0151tt ez\u00fattal is <strong>Declan Rice<\/strong> helyezkedett, az \u0151 k\u00e9t oldal\u00e1n pedig <strong>Mason Mount<\/strong> \u00e9s <strong>Kalvin Phillips<\/strong> t\u00f6lt\u00f6tte fel a k\u00f6z\u00e9pp\u00e1ly\u00e1t. Az egyetlen v\u00e1ltoz\u00e1st az Eb-d\u00f6nt\u0151h\u00f6z k\u00e9pest az jelentette, hogy az akkor sz\u00e1rnyv\u00e9d\u0151k\u00e9nt j\u00e1tsz\u00f3 <strong>Kieran Trippier<\/strong> hely\u00e9t a 100 milli\u00f3 font\u00e9rt a Manchester Citybe igazol\u00f3 <strong>Jack Grealish<\/strong> vette \u00e1t balsz\u00e9ls\u0151k\u00e9nt, ami egyben azt is jelentette, hogy <strong>Raheem Sterling<\/strong> a megszokott poz\u00edci\u00f3j\u00e1b\u00f3l \u00e1tker\u00fclt a jobb oldalra, ahonnan kor\u00e1bban, p\u00e9ld\u00e1ul az Eur\u00f3pa-bajnoks\u00e1g el\u0151d\u00f6nt\u0151j\u00e9ben tudott d\u00f6nt\u0151 faktor lenni.\r\n\r\nAk\u00e1rcsak a magyar csapatban, \u00fagy itt is a csat\u00e1rk\u00e9rd\u00e9s okozta a legkisebb fejf\u00e1j\u00e1st a sz\u00f6vets\u00e9gi kapit\u00e1nynak. A hossz\u00fara ny\u00fal\u00f3 \u00e1tigazol\u00e1si hercehurca miatt a szezont nem a legnyugodtabb k\u00f6r\u00fclm\u00e9nyek k\u00f6z\u00f6tt kezd\u0151 <strong>Harry Kane<\/strong> ez\u00fattal is csapatkapit\u00e1nyk\u00e9nt vezette az angol v\u00e1logatottat.\r\n\r\nAz Eur\u00f3pa-bajnoks\u00e1g kapcs\u00e1n a magyar \u00e9s az angol v\u00e1logatott j\u00e1t\u00e9k\u00e1t is viszonylag k\u00f6nny\u0171 \u00f6sszefoglalni. A magyar csapat az ellenfelek j\u00e1t\u00e9kereje miatt minden meccs\u00e9n els\u0151sorban a saj\u00e1t t\u00e9rfel\u00e9n v\u00e9dekezett, de tette ezt rendk\u00edv\u00fcl hat\u00e9konyan, hogy ut\u00e1na az ellenf\u00e9l hibapontjait tudatosan keresve pr\u00f3b\u00e1ljon meg n\u00e9h\u00e1ny j\u00f3l v\u00e9gigvitt t\u00e1mad\u00e1sb\u00f3l eredm\u00e9nyt el\u00e9rni. Az angolokra pedig a legjellemz\u0151bbek a hossz\u00fa, de steril labdatart\u00e1si peri\u00f3dusok voltak, amivel egyr\u00e9szt el\u00e9rt\u00e9k, hogy az ellenf\u00e9l ne tudjon ellen\u00fck sz\u00e1mottev\u0151 mennyis\u00e9gben akci\u00f3kat vezetni, m\u00e1sr\u00e9szt az egy\u00e9ni kvalit\u00e1saik \u00e9s az ellenfelek apr\u00f3l\u00e9kos felt\u00e9rk\u00e9pez\u00e9s\u00e9nek k\u00f6sz\u00f6nhet\u0151en szinte minden meccset eredm\u00e9nyesen tudtak abszolv\u00e1lni.\r\n\r\n<span class=\"highlight-block-small\">Ezekb\u0151l kiindulva egy\u00e1ltal\u00e1n nem volt meglep\u0151, amit a Pusk\u00e1s Ar\u00e9n\u00e1ban az els\u0151 f\u00e9lid\u0151ben l\u00e1thattunk.<\/span>\r\n\r\nAz angol csapat rendk\u00edv\u00fcl sokat birtokolta a labd\u00e1t, mik\u00f6zben a magyar csapat a f\u00e9lp\u00e1ly\u00e1n\u00e1l kezdte meg a v\u00e9dekez\u00e9st, \u00e9s az els\u0151 45 percben csak n\u00e9h\u00e1ny t\u00e1volr\u00f3l megeresztett l\u00f6v\u00e9sig jutott el Southgate csapata.\r\n\r\n<img class=\"alignnone wp-image-1892 size-large\" src=\"https:\/\/sport24.24.hu\/app\/uploads\/sites\/24\/2021\/09\/2-kep-1024x576.png\" alt=\"\" width=\"1024\" height=\"576\" \/>\r\n\r\nA magyar v\u00e1logatott az 5-3-2-es labda n\u00e9lk\u00fcli alakzatban els\u0151sorban a p\u00e1lya k\u00f6zep\u00e9t pr\u00f3b\u00e1lta v\u00e9deni, \u00e9s a sz\u00e9lek fel\u00e9 igyekezett terelni a j\u00e1t\u00e9kot. Ebben ez\u00fattal is kulcsszerepe volt a Szalai-Sallai kett\u0151snek, akik k\u00f6z\u00fcl az egyik a v\u00e9delem el\u0151tt j\u00e1tsz\u00f3 Declan Rice-t pr\u00f3b\u00e1lta kiz\u00e1rni a j\u00e1t\u00e9kb\u00f3l, m\u00edg a m\u00e1sik a labd\u00e1t birtokl\u00f3 k\u00f6z\u00e9ph\u00e1tv\u00e9dre helyezett finoman nyom\u00e1st, hogy kik\u00e9nyszer\u00edtse a sz\u00e9lre kitett labd\u00e1t.\r\n\r\n<img class=\"alignnone wp-image-1893 size-large\" src=\"https:\/\/sport24.24.hu\/app\/uploads\/sites\/24\/2021\/09\/3-kep-1024x576.png\" alt=\"\" width=\"1024\" height=\"576\" \/>\r\n\r\nHa \u00e9pp n\u00e9gy v\u00e9d\u0151vel \u00e9p\u00edtkeztek az angolok, akkor ilyen esetekben a labd\u00e1s oldalon j\u00e1tsz\u00f3 magyar k\u00f6z\u00e9pp\u00e1ly\u00e1s \u2013 ebben az esetben Kleinheisler \u2013 feladata volt az ellenf\u00e9l k\u00f6z\u00e9pp\u00e1ly\u00e1s\u00e1nak nyom\u00e1s al\u00e1 helyez\u00e9se, mik\u00f6zben a sz\u00e1rnyv\u00e9d\u0151 magasan fell\u00e9pett az ellenf\u00e9l sz\u00e9ls\u0151v\u00e9d\u0151j\u00e9re. Itt is az l\u00e1that\u00f3, ahogy Bolla Bendeg\u00faz b\u0151ven az ellenf\u00e9l t\u00e9rfel\u00e9re is feljebb l\u00e9pett, hogy megt\u00e1madja a labd\u00e1t megkap\u00f3, \u00e9s a k\u00e9pr\u0151l m\u00e1r \u00e9pp lemarad\u00f3 Luke Shaw-t, mik\u00f6zben a v\u00e9delem k\u00f6zep\u00e9r\u0151l kil\u00e9pve Kecsk\u00e9s \u00c1kos szint\u00e9n nagyon m\u00e9lyre is k\u00f6vette Jack Grealisht.\r\n\r\n<img class=\"alignnone wp-image-1894 size-large\" src=\"https:\/\/sport24.24.hu\/app\/uploads\/sites\/24\/2021\/09\/4-kep-1024x576.png\" alt=\"\" width=\"1024\" height=\"576\" \/>\r\n\r\nMivel a magyar v\u00e1logatottban az egyik csat\u00e1r feladata volt, hogy kivegye a j\u00e1t\u00e9kb\u00f3l az angolok legm\u00e9lyebben j\u00e1tsz\u00f3 k\u00f6z\u00e9pp\u00e1ly\u00e1s\u00e1t, ez\u00e9rt a Rossi-csapat ebben a csapatr\u00e9szben nyert egy szabad embert Sch\u00e4fer szem\u00e9ly\u00e9ben, aki ennek az akci\u00f3nak v\u00e9g\u00e9n Kleinheislernek tudott beseg\u00edteni Mason Mounttal szemben.\r\n\r\nAz angol v\u00e1logatott azonban a meccs jelent\u0151s r\u00e9sz\u00e9ben az Eur\u00f3pa-bajnoks\u00e1ghoz hasonl\u00f3an h\u00e1rom v\u00e9d\u0151vel \u00e9p\u00edtkezett, ami t\u00f6bbf\u00e9lek\u00e9ppen is megval\u00f3s\u00edtottak. El\u0151fordult, hogy Declan Rice, vagy \u00e9pp Kalvin Phillips l\u00e9pett vissza a k\u00f6z\u00e9pp\u00e1ly\u00e1r\u00f3l a k\u00e9t bels\u0151 v\u00e9d\u0151 mell\u00e9, ilyenkor Kyle Walker sz\u00e9ls\u0151h\u00e1tv\u00e9dk\u00e9nt magasan helyezkedett, Sterling pedig beljebb h\u00faz\u00f3dott a f\u00e9lter\u00fcletbe. A legt\u00f6bbsz\u00f6r viszont Walker volt az, aki h\u00e1tul maradt Maguire \u00e9s Stones mellett. Az angolok minden ilyen esetben 3-2-5-\u00f6s alakzatot vettek fel.\r\n\r\n<img class=\"alignnone wp-image-1895 size-large\" src=\"https:\/\/sport24.24.hu\/app\/uploads\/sites\/24\/2021\/09\/5-kep-1024x576.png\" alt=\"\" width=\"1024\" height=\"576\" \/>\r\n\r\nA magyar v\u00e1logatott erre reag\u00e1lva let\u00fckr\u00f6zte az ellenf\u00e9l form\u00e1ci\u00f3j\u00e1t, \u00e9s az egyik nyolcasnak kellett feljebb l\u00e9pnie a csat\u00e1rok mell\u00e9, hogy nyom\u00e1st tudjon helyezni az angolok oldals\u00f3 k\u00f6z\u00e9ph\u00e1tv\u00e9dj\u00e9re. Enn\u00e9l az akci\u00f3n\u00e1l Szoboszlai Dominik volt az, aki a k\u00f6z\u00e9pp\u00e1ly\u00e1r\u00f3l feljebb l\u00e9pve 5-2-3-ra alak\u00edtotta magyar alakzatot, \u00e9s nyom\u00e1st helyezett Kyle Walkerre.\r\n\r\nAz eddig szabad emberk\u00e9nt mozg\u00f3 Sch\u00e4fer vette fel Kalvin Phillipset, \u00edgy ez\u00fattal sem maradt centr\u00e1lis opci\u00f3ja az angoloknak, a labda pedig kiker\u00fclt a sz\u00e9lre Sterlingnek, ahol az oldalvonal seg\u00edts\u00e9g\u00e9vel m\u00e1r Fiola Attila tudott r\u00e1 nyom\u00e1st helyezni.\r\n\r\n<span class=\"highlight-block-small\">Itt is ki kell emelni a magyar csat\u00e1rok szerep\u00e9t, akik tov\u00e1bbra is kivett\u00e9k a j\u00e1t\u00e9kb\u00f3l Declan Rice-t.<\/span>\r\n\r\n\u00cdgy Sch\u00e4fernek m\u00e1r hi\u00e1ba volt egy fix embere a k\u00f6z\u00e9pp\u00e1ly\u00e1n, akit fel kellett vennie, a v\u00e9delemben \u00edgy is siker\u00fclt nyerni egy szabad embert. Ebben az esetben p\u00e9ld\u00e1ul Szalai Attila tudott biztos\u00edtani Fiola m\u00f6g\u00f6tt.\r\n\r\n<img class=\"alignnone wp-image-1897 size-large\" src=\"https:\/\/sport24.24.hu\/app\/uploads\/sites\/24\/2021\/09\/6-kep-1024x576.png\" alt=\"\" width=\"1024\" height=\"576\" \/>\r\n\r\nAz angolok tartott\u00e1k ugyan a 3-2-5-\u00f6s alakzatot, de a j\u00e1t\u00e9kosaik sokat cser\u00e9lgett\u00e9k a hely\u00fcket, ezzel pr\u00f3b\u00e1lva zavart kelteni a magyar v\u00e9dekez\u00e9sben. Itt is j\u00f3l l\u00e1tszik, hogy Harry Kane visszal\u00e9p a k\u00f6z\u00e9pp\u00e1ly\u00e1ra, ezzel egyid\u0151ben Kalvin Phillips pedig egy magasabb poz\u00edci\u00f3t vesz fel, de Sch\u00e4fer \u00e9s Szalai Attila remek\u00fcl kommunik\u00e1lta le, hogy kinek melyik j\u00e1t\u00e9kosra kell figyelnie.\r\n\r\nEnnek a magyar csapatt\u00f3l szinte m\u00e1r megszokott\u00e1 v\u00e1l\u00f3 fegyelmezett v\u00e9dekez\u00e9snek volt k\u00f6sz\u00f6nhet\u0151, hogy az angol v\u00e1logatott az els\u0151 f\u00e9lid\u0151ben egyetlen komolyabb helyzetig sem jutott el, amit j\u00f3l mutat a helyzeteik min\u0151s\u00e9ge alapj\u00e1n v\u00e1rhat\u00f3 g\u00f3ljaik sz\u00e1ma:\r\n\r\nhttps:\/\/twitter.com\/xGPhilosophy\/status\/1433513319474794503\r\n\r\nAmi viszont m\u00e1r kev\u00e9sb\u00e9 pozit\u00edv, hogy a magyar v\u00e1logatott m\u00e9g enn\u00e9l is kevesebb vesz\u00e9lyt jelentett a kapura. Az els\u0151 f\u00e9lid\u0151ben egyed\u00fcl Szoboszlai Dominik szabadr\u00fag\u00e1s\u00e1t jegyezhett\u00fck fel kapura l\u00f6v\u00e9si k\u00eds\u00e9rletk\u00e9nt, \u00e9s a helyzet a folytat\u00e1sban sem javult. S\u0151t v\u00e9g\u00fcl az okozta a magyar v\u00e1logatott veszt\u00e9t, hogy egyszer\u0171en k\u00e9ptelen voltak hat\u00e9konyan t\u00e1mad\u00e1st \u00e9p\u00edteni az angol let\u00e1mad\u00e1ssal szemben.\r\n\r\n<img class=\"alignnone wp-image-1898 size-large\" src=\"https:\/\/sport24.24.hu\/app\/uploads\/sites\/24\/2021\/09\/7-kep-1024x576.png\" alt=\"\" width=\"1024\" height=\"576\" \/>\r\n\r\nAz angol csapat labda n\u00e9lk\u00fcl tartotta a 4-3-3-as alakzatot, ami azt jelentette, hogy Harry Kane \u00e9s a k\u00e9t sz\u00e9ls\u0151, Jack Grealish \u00e9s Raheem Sterling egy az egyben t\u00e1madta a h\u00e1rom magyar k\u00f6z\u00e9ph\u00e1tv\u00e9det. R\u00e1ad\u00e1sul a fenti k\u00e9pen az is j\u00f3l l\u00e1tszik, hogy Sterling igyekszik blokkolni a Fiola fel\u00e9 vezet\u0151 passzs\u00e1vot, mik\u00f6zben nyom\u00e1s al\u00e1 helyezi Szalait, hogy min\u00e9l hamarabb egy kock\u00e1zatos labd\u00e1t, vagy egy fel\u00edvel\u00e9st tudjon kik\u00e9nyszer\u00edteni az ellenf\u00e9lb\u0151l, amit megszerezve az angolok ism\u00e9t megkezdhetik az \u00e9p\u00edtkez\u00e9st.\r\n\r\n<img class=\"alignnone wp-image-1899 size-large\" src=\"https:\/\/sport24.24.hu\/app\/uploads\/sites\/24\/2021\/09\/8-kep-1024x576.png\" alt=\"\" width=\"1024\" height=\"576\" \/>\r\n\r\nHa a labda m\u00e9gis eljutott az egyik magyar sz\u00e1rnyv\u00e9d\u0151h\u00f6z, akkor t\u00f6bbnyire a labd\u00e1s oldalon j\u00e1tsz\u00f3 angol nyolcas l\u00e9pett ki a sz\u00e9lre megt\u00e1madni az ellenfelet. Ebben az esetben a let\u00e1mad\u00e1sban kifejezetten er\u0151s Kalvin Phillips feladata volt megzavarni Fiola Attil\u00e1t, \u00e9s kik\u00e9nyszer\u00edteni egy pontatlan, kock\u00e1zatos labd\u00e1t. Az angolok let\u00e1mad\u00e1sn\u00e1l pr\u00f3b\u00e1lt\u00e1k m\u00e9lyen tartani a sz\u00e9ls\u0151v\u00e9d\u0151iket, hogy a k\u00f6z\u00e9ph\u00e1tv\u00e9deiknek ne kelljen egy az egyben v\u00e9dekezni\u00fck Szalaival \u00e9s Sallaival szemben, amire az Eur\u00f3pa-bajnoks\u00e1gon a francia v\u00e1logatott p\u00e9ld\u00e1ul igencsak r\u00e1f\u00e1zott.\r\n\r\nAk\u00e1rcsak Szalai \u00e9s Sallai eset\u00e9ben, \u00fagy Harry Kane-n\u00e9l is fontos kiemelni, hogy ezekben a szitu\u00e1ci\u00f3kban rendszeresen visszaz\u00e1rt a v\u00e9delem el\u0151tt helyezked\u0151 Sch\u00e4ferrel, aki ellenkez\u0151 esetben k\u00f6nny\u0171 passzopci\u00f3 lehetett volna a p\u00e1lya k\u00f6zep\u00e9n Fiola sz\u00e1m\u00e1ra.\r\n\r\n<img class=\"alignnone wp-image-1900 size-large\" src=\"https:\/\/sport24.24.hu\/app\/uploads\/sites\/24\/2021\/09\/9-kep-1024x576.png\" alt=\"\" width=\"1024\" height=\"576\" \/>\r\n\r\nAz angol let\u00e1mad\u00e1s kij\u00e1tsz\u00e1sa \u00e9rdek\u00e9ben Willi Orb\u00e1n t\u00f6bbsz\u00f6r is pr\u00f3b\u00e1lta fell\u00e9pni a k\u00f6z\u00e9pp\u00e1ly\u00e1ra, hogy az angolok els\u0151 vonala m\u00f6g\u00f6tt extra passzopci\u00f3t tudjon biztos\u00edtani, \u00e9s pontosan ez t\u00f6rt\u00e9nt az els\u0151 angol g\u00f3lt megel\u0151z\u0151en is. Az RB Leipzig v\u00e9d\u0151j\u00e9t ugyan siker\u00fclt tiszt\u00e1n megj\u00e1tszani, de miut\u00e1n egy sikertelen cselt k\u00f6vet\u0151en elvesz\u00edtette a labd\u00e1t, az angol t\u00e1mad\u00f3k azonnal lerohanhatt\u00e1k a magyar v\u00e9delmet.\r\n\r\n<img class=\"alignnone wp-image-1901 size-large\" src=\"https:\/\/sport24.24.hu\/app\/uploads\/sites\/24\/2021\/09\/10-kep-1024x576.png\" alt=\"\" width=\"1024\" height=\"576\" \/>\r\n\r\nMivel mindk\u00e9t angol sz\u00e9ls\u0151 magasan v\u00e9dekezett, ez\u00e9rt labdaszerz\u00e9st k\u00f6vet\u0151en nagyon j\u00f3 poz\u00edci\u00f3kban kaphatt\u00e1k meg a labd\u00e1t a m\u00e1r magasan helyezked\u0151 magyar sz\u00e1rnyv\u00e9d\u0151k m\u00f6g\u00f6tt. Ezekben a szitu\u00e1ci\u00f3kban k\u00fcl\u00f6n\u00f6sen Grealish fic\u00e1nkolt, de a m\u00e1sodik angol g\u00f3lt megel\u0151z\u0151 labdaveszt\u00e9s ut\u00e1n Sterling is azt haszn\u00e1lta ki, hogy azonnal, a kapuhoz k\u00f6zel tudott egy az egy elleni szitu\u00e1ci\u00f3ba ker\u00fclni Szalai Attil\u00e1val.\r\n\r\nItt az els\u0151 tal\u00e1latn\u00e1l pedig az l\u00e1tszik, ahogyan Grealish \u00e9s Mount egyszer\u0171en lend\u00fcletb\u0151l lej\u00e1tszottak egy kett\u0151 az egyes szitu\u00e1ci\u00f3t Kecsk\u00e9ssel szemben, majd a bead\u00e1st k\u00f6vet\u0151en az Orb\u00e1n hely\u00e9re visszaz\u00e1r\u00f3 Sch\u00e4ferr\u0151l Sterling t\u00f6k\u00e9letesen v\u00e1lt le a tizenhatoson bel\u00fcl.\r\n\r\n<img class=\"alignnone wp-image-1902 size-large\" src=\"https:\/\/sport24.24.hu\/app\/uploads\/sites\/24\/2021\/09\/11-kep-1024x576.png\" alt=\"\" width=\"1024\" height=\"576\" \/>\r\n\r\nGyakorlatilag ugyanezt a szitu\u00e1ci\u00f3t l\u00e1thattuk nem sokkal a harmadik angol g\u00f3lt eredm\u00e9nyez\u0151 sz\u00f6gletet megel\u0151z\u0151en is Kane ziccer\u00e9n\u00e9l. Bolla magasan vesz\u00edtett labd\u00e1t, \u00e9s a magasan helyezked\u0151 Grealish azonnal r\u00e1vezethette a labd\u00e1t a k\u00f6z\u00e9ph\u00e1tv\u00e9dekre, de ez\u00fattal nem a m\u00f6g\u00e9 ker\u00fcl\u0151 j\u00e1t\u00e9kost v\u00e1lasztotta, hanem a remek\u00fcl kiugr\u00f3 Harry Kane-t hozta egyb\u0151l helyzetbe.\r\n<blockquote>A k\u00fcl\u00f6nbs\u00e9g \u00f3ri\u00e1si a k\u00e9t csapat k\u00f6z\u00f6tt. Nagyon csal\u00f3dott vagyok, nem szabad ilyen g\u00f3lokat kapni. A m\u00e1sodik f\u00e9lid\u0151ben pr\u00f3b\u00e1ltunk kicsit t\u00f6bbet futballozni, vesz\u00e9lyesebbnek lenni, de sajnos az els\u0151 h\u00e1rom g\u00f3l labdaveszt\u00e9s\u00fcnkb\u0151l sz\u00fcletett<\/blockquote>\r\n\u2013 nyilatkozta Marco Rossi a m\u00e9rk\u0151z\u00e9st k\u00f6vet\u0151en.\r\n\r\nA magyar v\u00e1logatott addig val\u00f3ban j\u00f3l tartotta mag\u00e1t, am\u00edg szinte kiz\u00e1r\u00f3lag a v\u00e9dekez\u00e9sre koncentr\u00e1lt, de amint megpr\u00f3b\u00e1lt b\u00e1rmif\u00e9le kock\u00e1zatot v\u00e1llalni labd\u00e1val, az angolok az Eur\u00f3pa-bajnoks\u00e1gon l\u00e1tott receptet alkalmazva szinte minden hib\u00e1t nagyon komolyan megb\u00fcntettek.\r\n\r\nA g\u00f3lk\u00fcl\u00f6nbs\u00e9gre, \u00e9s a m\u00e1sodik f\u00e9lid\u0151ben mutatott j\u00e1t\u00e9kra tekintve ez\u00fattal neh\u00e9z vegyes \u00e9rzelmekr\u0151l besz\u00e9lve, mert egy\u00e9rtelm\u0171en csal\u00f3d\u00e1s volt a magyar v\u00e1logatott j\u00e1t\u00e9ka. A k\u00f6vetkez\u0151 egy h\u00e9tben m\u00e9g tov\u00e1bbi k\u00e9t meccs v\u00e1r a csapatra Alb\u00e1nia \u00e9s Andorra ellen, ahol viszont a kor\u00e1bban l\u00e1tottak alapj\u00e1n \u2013 m\u00e1r csak az eredm\u00e9nyk\u00e9nyszer miatt is \u2013 b\u0151ven meg lehet fogalmazni elv\u00e1r\u00e1sk\u00e9nt a hat pontot.","type":"rich","thumbnail_url":"https:\/\/s.24.hu\/app\/uploads\/sites\/24\/2021\/09\/huneng-150x150.jpg","thumbnail_width":150,"thumbnail_height":150}