{"version":"1.0","provider_name":"Sport24","provider_url":"https:\/\/sport24.24.hu","author_name":"Bruckner G\u00e1bor","author_url":"https:\/\/sport24.24.hu\/author\/brucknerg\/","title":"Darvasi L\u00e1szl\u00f3: Egy labdar\u00fag\u00f3 mag\u00e1nyoss\u00e1ga","html":"\u00c9n m\u00e9g l\u00e1ttam mag\u00e1nyos focist\u00e1t.\r\n\r\nDe nem is innen kezdem, hanem onnan, hogy nem j\u00f6nnek a t\u00f6bbiek. Kimegy a tag a t\u00f6k\u00fcres gyepre \u2013 grund, a k\u00f6zeli tiszt\u00e1s, mindegy \u2013, d\u00e9li ver\u0151f\u00e9ny szikr\u00e1ztatn\u00e1 a torzs\u00e1t, \u00e9s v\u00e1r. H\u00e1tha. Arra t\u00e9ved valaki, mondjuk, pedig nyaralnak, m\u00e1sik vid\u00e9kre utaztak, k\u00fclf\u00f6ld\u00f6n vannak, Zolik\u00e1nak most kapj\u00e1k ki a mandul\u00e1j\u00e1t. Pedig m\u00e9g labda is van, siker\u00fclt f\u00f6lf\u00fajni a szomsz\u00e9d pump\u00e1j\u00e1val. De nem j\u00f6nnek. A szomsz\u00e9d utc\u00e1ban elz\u00f6r\u00f6g a t\u00e9esztraktor, a sof\u0151r t\u00edz \u00e9ve m\u00e9g balh\u00e1tv\u00e9d volt.\r\n\r\n<span class=\"highlight-block\">Ilyenkor egyed\u00fcl kell j\u00e1tszani. <\/span>\r\n\r\nMagadban csin\u00e1lsz olyasmit, amelynek a l\u00e9nyege egy\u00e9bk\u00e9nt a t\u00e1rsad l\u00e9t\u00e9re \u00e9p\u00fcl, hogy van egy m\u00e1sik, ezzel a m\u00e1sikkal neked viszonyod van, al\u00e1 vagy f\u00f6l\u00e9rendelts\u00e9ggel, bar\u00e1ts\u00e1gos vagy ellens\u00e9ges, ez a j\u00e1t\u00e9k l\u00e9nyege: t\u00f6bben vagytok. P\u00e1lyam\u00e9rett\u0151l f\u00fcgg\u0151en. A m\u00e1sik nem fikci\u00f3, a m\u00e1sik f\u00f6lt\u00e9telez t\u00e9ged is.\r\n\r\nDe mert nem j\u00f6nnek a szemetek, ezek a val\u00f3s\u00e1gos t\u00f6bbiek, abban a mag\u00e1nyban te teszel-veszel, j\u00e1tszol, mint Tandori medv\u00e9ivel, a sz\u00e1raz gyepen csin\u00e1lod, a t\u0171z\u0151 napon, cseleket gyakorolsz, elfut\u00e1st m\u00edmelsz, terelsz, dek\u00e1zol, kapura l\u0151sz. Elk\u00e9pzeled a tombol\u00f3 k\u00f6z\u00f6ns\u00e9ged, a k\u00e9ts\u00e9gbeesett ellenfelet. Trib\u00fcn, N\u00e9pstadion. Kapust is j\u00e1tszol, lehet azt is, hogy eldobod a labd\u00e1t, \u00e9s r\u00e1vet\u0151dsz. <strong>Szentmih\u00e1lyi<\/strong> hatm\u00e9teres vet\u0151d\u00e9ssel v\u00e9dett, \u00edrja a sport, lem\u00e9red, bmeg, hat m\u00e9tert rep\u00fclni. Hogy?! F\u00f6ldobod a labd\u00e1t \u00e9s leh\u00fazod, mint <strong>M\u00e9sz\u00e1ros Bubu<\/strong>, aki egyszer Portug\u00e1li\u00e1ban, mert annyira unta, kiballagott egy drukkerhez a kapu m\u00f6g\u00e9, \u00e9s k\u00e9rt egy slukkot. Z\u00fag a stadion, sokan vannak, veled vannak. Visszafel\u00e9 z\u00f6r\u00f6g a t\u00e9esztraktor Tibivel, aki balh\u00e1tv\u00e9d volt, \u00e9s egyszer J\u00e1szals\u00f3szentgy\u00f6rgy\u00f6n sz\u00e9tr\u00fagt\u00e1k. A traktor hangja \u00e9ppen j\u00f3 a stadion g\u00f3l\u00f6r\u00f6m\u00e9nek.\r\n\r\nAz eff\u00e9le mag\u00e1nyoss\u00e1g olyan, arra k\u00e9nyszer\u00edt, hogy te legy\u00e9l a minden. Neked kell helyettes\u00edteni az \u00f6sszes sz\u00ednh\u00e1zi kell\u00e9ket.\r\n\r\n<span class=\"highlight-block\">Az eg\u00e9sz m\u00e9rk\u0151z\u00e9s te vagy. A f\u0171sz\u00e1l, a ker\u00edt\u00e9s, a fatrib\u00fcn, a cserepad.<\/span>\r\n<div class=\"payable-content-section\"><\/div>\r\n<img class=\"alignnone wp-image-1799 size-large\" src=\"https:\/\/sport24.24.hu\/app\/uploads\/sites\/24\/2021\/08\/73913370-1024x684.jpg\" alt=\"\" width=\"1024\" height=\"684\" \/>\r\n\r\nA g\u00f3ll\u00f6v\u0151, az a nyomorult, aki kapja, az vagy, aki \u00f6r\u00fcl, akinek f\u00e1j, az ord\u00edt\u00e1s, a sziszeg\u00e9s, a b\u0151d\u00fcletesen eltal\u00e1lt labda hal\u00e1los suhan\u00e1sa, a k\u00e9ken villog\u00f3 eredm\u00e9nyjelz\u0151, a b\u00edr\u00f3. \u00c9s a b\u00edr\u00f3 anyuk\u00e1ja.\r\n\r\nManaps\u00e1g egyre nehezebben l\u00e1tni mag\u00e1nyos futballist\u00e1t. Pedig vannak. Sz\u00e1z \u00e9hes kameraszem figyeli a m\u00e9rk\u0151z\u00e9st, minden pillanat t\u00f6bb fel\u0151l dokument\u00e1lt. A tot\u00e1lis futball miatt m\u00e1r nincsen elhagyatottan \u00e1lldog\u00e1l\u00f3 csat\u00e1r, nincsen cs\u00edp\u0151n pihentetett teny\u00e9r, nincsen a j\u00e1t\u00e9kb\u00f3l kihagyott focista, hogy hi\u00e1ba indul be egyszer, \u00f6tsz\u00f6r, t\u00edzszer, csak nem arra kanyarodik a labda. A t\u00faloldalon elhever\u0151, l\u00e1tv\u00e1nyosan vonagl\u00f3 j\u00e1t\u00e9kos miatt csakhamar a partvonalon k\u00edv\u00fclre ker\u00fcl a labda, \u00e9s m\u00e1r kezd\u0151dik is a f\u00f6lt\u00e1mad\u00e1s, amihez m\u00e9g J\u00e9zus is b\u00f3lintana. Egy csat\u00e1r majdnem annyit v\u00e9dekezik, mint a k\u00f6z\u00e9ph\u00e1tv\u00e9d.\r\n\r\nA nagy hiba olykor alkalmi \u00e9s hirtelen t\u00e1madt kik\u00f6z\u00f6s\u00edt\u00e9sre \u00edt\u00e9li a delikvenst, egy potyag\u00f3l, a felesleges tizenegyes, a g\u00f3lt eredm\u00e9nyez\u0151, kijevi nagykapu m\u00e9ret\u0171 luft. Az eladott labda. Most m\u00e1r oda, a hib\u00e1z\u00f3 t\u00e1rshoz kocognak a t\u00f6bbiek, biztatnak, vigasztalnak, hajt\u00e1s tov\u00e1bb, sat\u00f6bbi, ez a verdikt. Legfeljebb a k\u00f6vetkez\u0151 meccsen nem leszel kezd\u0151. A k\u00f6vetkez\u0151 id\u00e9nyben meg eladnak, second hand.\r\n\r\nAz nem igazi mag\u00e1ny, amikor az elvesztett tizenegyesp\u00e1rbaj ut\u00e1n \u00fcl a f\u00fcv\u00f6n, eld\u0151l, befel\u00e9 zokog, haldokl\u00f3 kisgyerek lesz, akit\u0151l elragadt\u00e1k az \u00e1lm\u00e1t.\r\n\r\nA k\u00f6zelm\u00faltb\u00f3l kev\u00e9s mag\u00e1nyos j\u00e1t\u00e9kos jut az eszembe. De p\u00e9ld\u00e1ul a j\u00f3k\u00e9p\u0171 <strong>Berbatov<\/strong> igen, akinek az \u00f6sszecs\u00f3kolt fot\u00f3j\u00e1t m\u00e9g a moh\u00e1csi n\u0151egylet titk\u00e1rn\u0151je is kit\u0171zte a falit\u00e1bl\u00e1ra, \u00e9s aki olyan szomor\u00faan r\u00fagta a g\u00f3lokat az angolokn\u00e1l, hogy az ember sz\u00edve szakadt meg. Milyen mag\u00e1nyosan j\u00e1tszott vagy egy \u00e9vig <strong>Griezmann<\/strong> a Barcelon\u00e1ban, m\u00edg \u00edgy-\u00fagy befogadt\u00e1k. Mindig l\u00e1tom a mag\u00e1nyt <strong>Messi<\/strong> vagy p\u00e9ld\u00e1ul <strong>De Bruyne, Ag\u00fcero, Benzema<\/strong> m\u0171k\u00f6d\u00e9s\u00e9ben. A mag\u00e1ny nem term\u00e9szetes j\u00e1rand\u00f3s\u00e1ga a zsenialit\u00e1snak. <strong>Ronaldinho<\/strong> val\u00f3sz\u00edn\u0171leg a legboldogabban j\u00e1tsz\u00f3, egy\u00fattal a labd\u00e1val legt\u00f6bbet tud\u00f3 labdar\u00fag\u00f3 volt, \u00e9s <strong>Neymar<\/strong> csak az\u00e9rt nem az, j\u00f3llehet a k\u00e9pess\u00e9gei alapj\u00e1n csaknem hozz\u00e1\u00e9rhetne, mert\u2026,\r\n\r\n<span class=\"highlight-block-small\">\u00e9s itt a \u201eVeszpr\u00e9mi csal\u00f3dott\u201d egyszavas jelz\u0151je k\u00f6vetkezne, \u201eg\u201d Ronaldo nem ab ovo mag\u00e1nyos, egy d\u00f6nt\u00e9s miatt az, \u00e9s ez egy szem\u00e9lyes d\u00f6nt\u00e9s, \u00e9n m\u00e1s vagyok, \u00e9n kiv\u00e1lok, \u00e9n t\u00f6bbet tehetek. <\/span>\r\n\r\nA fizikai, technikai \u00e9s ment\u00e1lis fantasztikum m\u00f6g\u00f6tt ott maradt a hi\u00fa kisgyerek, akinek a legnagyobb trag\u00e9di\u00e1ja az irracion\u00e1lis, argentin autista.\r\n\r\nDe honnan \u00e9rz\u0151dik ez a mag\u00e1ny, amit Messin\u00e9l \u00e9s a t\u00f6bbiekn\u00e9l v\u00e9lek f\u00f6lfedezni. Hogy annyival jobbak, hogy annyival t\u00f6bbet tudnak, mint a t\u00e1rsak, hogy mik\u00f6zben Szindb\u00e1dok, ak\u00f6zben Vendelinek is, kiszolg\u00e1l\u00f3k, cs\u00f6ndes, visszeres l\u00e1b\u00fa pinc\u00e9rek a nagy, csillog\u00f3 p\u00e9nzforgatta j\u00e1t\u00e9kiparban? Hogy l\u00e1tszik egy cselb\u0151l, egy zseni\u00e1lis kiugrat\u00e1sb\u00f3l, egy keresztlabd\u00e1b\u00f3l, hogy alapvet\u0151en \u00e9s egy\u00e9rtelm\u0171en egy mag\u00e1nyos embert\u00e1rs adja? De mi\u00e9rt \u00e9rzem? Nem tudom. M\u00e9g k\u00f6r\u00fcl\u00edrni se nagyon tudom. Tal\u00e1n annyi, hogy van bel\u0151le, ebb\u0151l a j\u00e1t\u00e9kosb\u00f3l valami sok, ami m\u00e1shol van \u00e9s amit soha nem lehet l\u00e1tni, ami titokzatos, ami g\u00f3lon, g\u00f3l\u00f6r\u00f6m\u00f6n, a kishalacsk\u00e1s \u00e9leten t\u00fali. Megsz\u00f3l\u00edthatatlan. De m\u00e9g eszembe jutott egy jelent\u00e9ktelen arc\u00fa, ritk\u00e1s haj\u00fa spanyol f\u00e9rfi, akit \u00e9n \u00e9vekkel ezel\u0151tt k\u00f6nyvel\u0151nek neveztem el, csak mert olyan volt, \u00fagy n\u00e9zett ki, mintha aktat\u00e1sk\u00e1t szorongatva a h\u00f3na alatt, k\u00f6ny\u00f6kv\u00e9d\u0151s zak\u00f3ban szapor\u00e1zna egy v\u00e9gtelen\u00fcl hossz\u00fa, f\u00e9lhom\u00e1lyos folyos\u00f3n. Holott mindent tudott a gigantikus \u00e9p\u00fcletben, ahol tette a dolg\u00e1t. \u00c9s ami\u00f3ta elment Jap\u00e1nba, p\u00f3tolni sem lehet.\r\n\r\n<span class=\"highlight-block\">M\u00e9g a zseni\u00e1lis mag\u00e1ny\u00e1t se hagyta h\u00e1tra.<\/span>\r\n\r\n[prefabricated_shortcode in_app=\"0\" code=\"%3Cdiv%20class%3D%22article_box_border%22%20style%3D%22background%3A%20url%28%27https%3A%2F%2F24.p3k.hu%2Fapp%2Fuploads%2Fsites%2F24%2F2021%2F05%2Fsport24-pattern.png%27%29%20no-repeat%20left%20-16px%20%23f3f3f4%3B%20border%3A%20none%3B%22%3E%0D%0A%3Cdiv%20class%3D%22article_solidheader%22%3E%0D%0A%3Ch2%20style%3D%22color%3A%20%23111115%21important%3B%20font-size%3A%2036px%3B%20font-weight%3A%20bold%3B%20margin-bottom%3A%2030px%3B%20margin-top%3A%2020px%3B%20text-align%3A%20center%3B%20line-height%3A%2036px%3B%22%3E%3Cimg%20class%3D%22aligncenter%20size-full%20wp-image-141%22%20src%3D%22https%3A%2F%2F24.p3k.hu%2Fapp%2Fuploads%2Fsites%2F24%2F2021%2F05%2Fs24-logo-dt.png%22%20alt%3D%22%22%20width%3D%22408%22%20height%3D%2290%22%20%2F%3E%3C%2Fh2%3E%0D%0A%3Ch2%20style%3D%22color%3A%20%23111115%21important%3B%20font-size%3A%2036px%3B%20font-weight%3A%20bold%3B%20margin-bottom%3A%2030px%3B%20margin-top%3A%2020px%3B%20text-align%3A%20center%3B%20line-height%3A%2040px%3B%22%3ECsatlakozz%20a%20Sport24%20k%C3%B6z%C3%B6ss%C3%A9ghez%2C%20mondd%20el%20v%C3%A9lem%C3%A9nyedet%20z%C3%A1rt%20Facebook-csoportunkban%2C%20%C3%A9s%20vegy%C3%A9l%20r%C3%A9szt%20csak%20el%C5%91fizet%C5%91knek%20el%C3%A9rhet%C5%91%20exkluz%C3%ADv%20esem%C3%A9nyeinken.%3C%2Fh2%3E%0D%0A%3C%2Fdiv%3E%0D%0A%3Cp%20style%3D%22background%3A%20%2357A600%3B%20margin-top%3A%2020px%3B%20padding%3A%2020px%3B%20text-align%3A%20center%3B%22%3E%3Ca%20style%3D%22color%3A%20%23ffffff%3B%20font-size%3A%2026px%3B%20font-weight%3A%20600%3B%22%20href%3D%22https%3A%2F%2Fwww.facebook.com%2Fgroups%2F212344460412327%22%3ECSATLAKOZOM%3C%2Fa%3E%3C%2Fp%3E%0D%0A%0D%0A%3C%2Fdiv%3E\"]","type":"rich","thumbnail_url":"https:\/\/s.24.hu\/app\/uploads\/sites\/24\/2021\/08\/74028251-masolat-150x150.jpg","thumbnail_width":150,"thumbnail_height":150}