{"version":"1.0","provider_name":"Sport24","provider_url":"https:\/\/sport24.24.hu","author_name":"Bruckner G\u00e1bor","author_url":"https:\/\/sport24.24.hu\/author\/brucknerg\/","title":"\u00c9vek \u00f3ta neh\u00e9z kiigazodni a Milanon, de tavaly legal\u00e1bb teljes\u00edtette a k\u00fcldet\u00e9s\u00e9t","html":"A Milan 2011-ben megt\u00f6rte az Inter bajnoki sorozat\u00e1t, \u00e9s <strong>Massimilliano Allegri<\/strong> vezet\u00e9s\u00e9vel megnyerte a Serie A-t. Erre a scudett\u00f3ra is h\u00e9t \u00e9vet v\u00e1rtak a mil\u00e1n\u00f3iak, de k\u00f6nnyebb volt \u00fagy a v\u00e1rakoz\u00e1s, hogy k\u00f6zben Bajnokok Lig\u00e1j\u00e1t, eur\u00f3pai \u00e9s olasz Szuperkup\u00e1t, vil\u00e1gkup\u00e1t \u00e9s klubvil\u00e1gbajnoks\u00e1got is nyert a csapat.\r\n\r\nA Milan mindig is a nemzetk\u00f6zi tr\u00f3fe\u00e1kat r\u00e9szes\u00edtette el\u0151nyben, a f\u00f6ldig hajolva emlegetett <strong>Sacchi<\/strong>-korszakban p\u00e9ld\u00e1ul mind\u00f6ssze egy bajnoki c\u00edmet nyert a csapat, mik\u00f6zben bekulcsolt k\u00e9t BEK-gy\u0151zelmet, k\u00e9t eur\u00f3pai Szuperkup\u00e1t \u00e9s k\u00e9t vil\u00e1gkup\u00e1t is.\u00a0 Allegri t\u00edz \u00e9vvel ezel\u0151tti bajnoki c\u00edme \u00f3ta azonban eg\u00e9szen m\u00e1s id\u0151k j\u00e1rtak az AC Milann\u00e1l \u2013 mind Olaszorsz\u00e1gban, mind a nemzetk\u00f6zi kup\u00e1kban.\r\n\r\n<strong>Silvio Berlusconi<\/strong> birodalm\u00e1nak \u00f6sszeoml\u00e1sa maga al\u00e1 temette a csapatot, a szt\u00e1rok t\u00e1voztak, a hely\u00fcket pedig j\u00f3val szer\u00e9nyebb k\u00e9pess\u00e9g\u0171 garnit\u00fara vette \u00e1t. Mivel edz\u0151kre sem tudtak k\u00f6lteni, a klublegend\u00e1kat kezdt\u00e9k sorban meg\u00e9getni a kispadon: hosszabb-r\u00f6videbb ideig <strong>Tassotti, Seedorf, Pippo Inzaghi<\/strong> \u00e9s <strong>Gattuso<\/strong> is megfordult a csapat \u00e9l\u00e9n, de nem sokra jutottak, ahogyan <strong>Mihajlovic, Brocchi<\/strong> \u00e9s <strong>Montella<\/strong> sem.\r\n\r\n<span class=\"highlight-block-small\">Amib\u0151l egy mesterszak\u00e1cs sem tudna j\u00f3t f\u0151zni, abb\u00f3l egy kukta mire lehet k\u00e9pes?<\/span>\r\n<div class=\"payable-content-section\"><\/div>\r\nDon Silvio azt\u00e1n hosszas hercehurca ut\u00e1n megv\u00e1lt a Milant\u00f3l, de a klubot nem egy olajherceg vagy oligarcha v\u00e1s\u00e1rolta meg, aki a trendeknek megfelel\u0151en biank\u00f3 csekkekkel eresztette volna r\u00e1 a sportigazgat\u00f3t az \u00e1tigazol\u00e1si piacra. Lehetett \u00e9p\u00edtkezni, de \u00e9sszel kellett.\r\n<h2>Az olasz mag<\/h2>\r\nA Milann\u00e1l arra jutottak, hogy \u00e9rdemes a forr\u00e1sokat \u00edg\u00e9retes olasz tehets\u00e9gekbe fektetni. Egyr\u00e9szt, mert olcs\u00f3bb, mint vil\u00e1gszt\u00e1rokat igazolni, m\u00e1sr\u00e9szt, mert az ilyesmikre bukik a k\u00f6z\u00f6ns\u00e9g, harmadr\u00e9szt, mert sokkal k\u00f6nnyebb t\u00fcrelmet k\u00e9rni a szurkol\u00f3kt\u00f3l, ha balul s\u00fclnek el a dolgok. Mert ez bizony benne van a legjobb sz\u00e1nd\u00e9k mellett is.\r\n\r\n<strong>Donnarumma, Conti, Caldara, Romagnoli, Cutrone, Locatelli,<\/strong> k\u00e9s\u0151bb <strong>Tonali<\/strong> csatlakozott az olyan r\u00e9gi motorosokhoz, mint <strong>Abate, Montolivo, Bonucci <\/strong>vagy\u00a0<strong>Bonaventura<\/strong>. L\u00e1tszott a t\u00f6rekv\u00e9s, tulajdonk\u00e9ppen sok esetben a szak\u00e9rt\u0151 szemmel sem volt probl\u00e9ma a scoutokn\u00e1l, de a fenti j\u00e1t\u00e9kosok k\u00f6z\u00fcl m\u00e1r gyakorlatilag senki nincs a klubn\u00e1l sem, nemhogy a csapatban.\r\n\r\nM\u00e1s-m\u00e1s t\u00f6rt\u00e9net az \u00f6v\u00e9k, m\u00e1s id\u0151szakban, m\u00e1s sportvezet\u0151k hozt\u00e1k \u0151ket az egy\u00fctteshez, de a v\u00e9geredm\u00e9ny hasonl\u00f3: az olasz magra \u00e9p\u00edtett csapatb\u00f3l semmi nem lett.\r\n\r\n<span class=\"highlight-block\">Nem mindenkinek v\u00e9gz\u0151d\u00f6tt kudarccal a mil\u00e1n\u00f3i kalandja, <\/span>\r\n\r\nvoltak, akiknek egyszer\u0171en csak pechj\u00fck volt, de a projektr\u0151l mindenn\u00e9l t\u00f6bbet mond, hogy b\u00e1r 2021-ben val\u00f3ban bajnokes\u00e9lyes csapatot raktak \u00f6ssze a Milann\u00e1l, a ny\u00e1ron Eur\u00f3pa-bajnoks\u00e1got nyer\u0151 olasz v\u00e1logatottban m\u00e9gsem volt egyetlen Milan-j\u00e1t\u00e9kos sem (az az\u00f3ta a PSG-hez ingyen t\u00e1voz\u00f3 Donnarumm\u00e1t lesz\u00e1m\u00edtva \u2013 r\u00f3la mindenki d\u00f6ntse el, hogy a klub j\u00e1t\u00e9kos\u00e1nak sz\u00e1m\u00edtott-e az Eb-n).\r\n\r\n[caption id=\"attachment_1676\" align=\"aligncenter\" width=\"2000\"]<img class=\"wp-image-1676 size-full\" src=\"https:\/\/sport24.24.hu\/app\/uploads\/sites\/24\/2021\/08\/000_9ez94l.jpg\" alt=\"\" width=\"2000\" height=\"1333\" \/> Donnarumm\u00e1t az Eb legjobbj\u00e1nak v\u00e1lasztott\u00e1k[\/caption]\r\n<h2>Ahol hib\u00e1zott a vezet\u0151s\u00e9g<\/h2>\r\nA h\u00e1rom j\u00e1t\u00e9kos, akinek az eset\u00e9ben egy\u00e9rtelm\u0171en a klub hib\u00e1zott: Romagnoli, Bonucci \u00e9s Locatelli. A k\u00e9t k\u00f6z\u00e9ph\u00e1tv\u00e9ddel kapcsolatban s\u00falyos szakmai hib\u00e1t k\u00f6vetett el a Milan vezet\u0151s\u00e9ge, hiszen tiszt\u00e1ban kellett volna lenni\u00fck a k\u00e9t j\u00e1t\u00e9kos korl\u00e1taival, ha m\u00e1r el\u0151bbit a j\u00f6v\u0151 nagy v\u00e9d\u0151j\u00e9nek, ut\u00f3bbit a csapat olasz vez\u00e9r\u00e9nek sz\u00e1nt\u00e1k. Pedig nem vil\u00e1grenget\u0151 dolgokr\u00f3l besz\u00e9l\u00fcnk, csak annyit kellett volna kisz\u00farni, hogy Bonucci csup\u00e1n a h\u00e1romv\u00e9d\u0151s rendszer k\u00f6zep\u00e9n tud igaz\u00e1n hasznos lenni (ezt \u00e9let\u00e9ben el\u0151sz\u00f6r a ny\u00e1ri Eb-n c\u00e1folta meg \u00e9rdemben), Romagnoli pedig rettent\u0151 lass\u00fa, \u00e9s nem egy <strong>Nesta<\/strong>, hogy ezt ellens\u00falyozni tudja.\r\n\r\nBonucci sz\u00f6rny\u0171s\u00e9ges mil\u00e1n\u00f3i vessz\u0151fut\u00e1sa a Juventus elleni Olasz Kupa-d\u00f6nt\u0151ben kulmin\u00e1lt, amelyben boh\u00f3zatba ill\u0151 teljes\u00edtm\u00e9nnyel v\u00e1lt a 0-4 ikonikus antih\u0151s\u00e9v\u00e9. Romagnolit er\u0151ltett\u00e9k j\u00f3 darabig, m\u00e9g <strong>Pioli<\/strong> is az elej\u00e9n, de be kellett l\u00e1tni, hogy \u00f6nvesz\u00e9lyes a j\u00e1tszat\u00e1sa, f\u0151leg egy olyan kalandoz\u00f3 kedv\u0171 balh\u00e1tv\u00e9d mellett, mint <strong>Theo Hern\u00e1ndez<\/strong>.\r\n\r\nLocatelli esete tal\u00e1n m\u00e9g s\u00falyosabb szakmai hiba. Benne egyszer\u0171en nem l\u00e1tt\u00e1k meg a Milann\u00e1l azt, ami miatt a kontinens elitcsapatai sorban \u00e1lltak a Sassuolo k\u00f6z\u00e9pp\u00e1ly\u00e1s\u00e1\u00e9rt, aki v\u00e9g\u00fcl a Juventusban k\u00f6t\u00f6tt ki. Az Eb-n az olasz v\u00e1logatott egyik legjobbjak\u00e9nt t\u00fcnd\u00f6kl\u0151, 23 \u00e9ves klasszist h\u00e1rom \u00e9vvel ezel\u0151tt az\u00e9rt passzolt\u00e1k le k\u00f6lcs\u00f6nbe a Sassuol\u00f3nak, mert kellett a hely <strong>Bakayok\u00f3nak, <\/strong>aki v\u00e9g\u00fcl csak egy id\u00e9nyt t\u00f6lt\u00f6tt a Milann\u00e1l.\r\n\r\nA Sassuolo, ahol egy\u00e9bk\u00e9nt is tehets\u00e9ggondoz\u00e1sban utaznak, egy \u00e9vvel k\u00e9s\u0151bb lecsapott a lehet\u0151s\u00e9gre, rongyos 14 milli\u00f3 eur\u00f3\u00e9rt v\u00e9gleg megvette a sz\u00e9p lassan vil\u00e1gszt\u00e1rr\u00e1 csepered\u0151 k\u00f6z\u00e9pp\u00e1ly\u00e1st. Itt k\u00f6nny\u0171 r\u00e1b\u00f6kni a felel\u0151s\u00f6kre is: a <strong>Fassone, Mirabelli<\/strong> p\u00e1ros nemcsak elengedte Locatellit, hanem Bonuccit is \u0151k igazolt\u00e1k le.\r\n<h2>Ahol pechje volt a Milannak<\/h2>\r\nA fent eml\u00edtett j\u00e1t\u00e9kosok sor\u00e1b\u00f3l az id\u0151sebbek k\u00f6z\u00fcl t\u00f6bben visszavonultak, \u00e9s ha nem is hagytak maguk m\u00f6g\u00f6tt hatalmas \u0171rt, az\u00e9rt a lyukakat be kellett t\u00f6mk\u00f6dni. A Milann\u00e1l \u00fagy l\u00e1tt\u00e1k, az igazi erej\u00e9t \u00e9ppen megmutatni k\u00e9sz\u00fcl\u0151 Atalanta j\u00f3 c\u00e9lpont lehet a lerabl\u00e1sra (nyert m\u00e1r a Milan \u00fagy bajnoki c\u00edmet <strong>Alberto Zaccheronival<\/strong>, hogy az Udinese kifoszt\u00e1s\u00e1val tette teljess\u00e9 a kirak\u00f3st), \u00e9s a bergam\u00f3iakn\u00e1l nagyszer\u0171en teljes\u00edt\u0151 j\u00e1t\u00e9kosok k\u00f6z\u00fcl k\u00e9t v\u00e9d\u0151t (<strong>Caldara, Conti<\/strong>), valamint egy k\u00f6z\u00e9pp\u00e1ly\u00e1st (<strong>Kessi\u00e9<\/strong>) k\u00f6lt\u00f6ztettek Mil\u00e1n\u00f3ba.\r\n\r\nUt\u00f3bbi nyilv\u00e1n f\u00e9nyesen bev\u00e1lt, el\u0151bbiek azonban l\u00f3g\u00f3 orral hagyt\u00e1k el a v\u00e1rost. Caldara saj\u00e1t bevall\u00e1sa szerint sem volt k\u00e9pes beletanulni a n\u00e9gyv\u00e9d\u0151s rendszerbe, emellett rengeteg s\u00e9r\u00fcl\u00e9se is volt, gyakorlatilag epiz\u00f3dszerepl\u0151nek is t\u00falz\u00e1s lenne nevezni. Contival m\u00e1s volt a helyzet, b\u00e1r \u0151t is korl\u00e1tozta, hogy szemben az Atalant\u00e1val, a Milann\u00e1l jobbh\u00e1tv\u00e9dk\u00e9nt kellett volna villantania.\r\n\r\nContir\u00f3l sokan azt tartott\u00e1k, a k\u00f6vetkez\u0151 \u00f6t-nyolc \u00e9vre megoldja a jobbh\u00e1tv\u00e9dk\u00e9rd\u00e9st az olasz v\u00e1logatottban. A klasszikus sz\u00e1rnyv\u00e9d\u0151t nem a k\u00e9pess\u00e9gei, nem is a Milan form\u00e1ci\u00f3ja, hanem a s\u00e9r\u00fcl\u00e9sei tett\u00e9k t\u00f6nkre. Amikor eg\u00e9szs\u00e9ges volt, megkapta a lehet\u0151s\u00e9get, de az igazs\u00e1g az, hogy Calabria sim\u00e1n kiszor\u00edtotta \u0151t. Mindk\u00e9t j\u00e1t\u00e9kosb\u00f3l kij\u00f6hetett volna sokkal t\u00f6bb, vel\u00fck kapcsolatban egyszer\u0171en pechje volt a Milannak.\r\n\r\nSzerintem ebbe a csoportba tartozik Tonali is, b\u00e1r itt m\u00e9g tal\u00e1n korai \u00edt\u00e9letet hirdetni. Aki tin\u00e9dzserk\u00e9nt mutatkozik be az olasz v\u00e1logatottban <strong>Pirlo<\/strong> posztj\u00e1n, arra nem lehet azt mondani, hogy vakrep\u00fcl\u00e9s a szerz\u0151dtet\u00e9se, \u00e9s Tonali val\u00f3ban elb\u00edrta a h\u00e1t\u00e1n a Bresci\u00e1t. A Milan azonban t\u00fal nagy falat volt. De nem biztos, hogy az\u00e9rt, mert a k\u00e9pess\u00e9gei nincsenek meg hozz\u00e1.\r\n\r\nNeki kicsit hasonl\u00f3 a helyzete, mint a k\u00e9t bergam\u00f3inak: nincs posztja Pioli Milanj\u00e1ban. T\u00f6bb p\u00e1rharc, t\u00f6bb \u00fctk\u00f6z\u00e9s, fizikailag kem\u00e9nyebb j\u00e1t\u00e9k kellett volna a bresciai regist\u00e1t\u00f3l, akinek r\u00e1ad\u00e1sul a Milan legjobban m\u0171k\u00f6d\u0151 csapatr\u00e9sz\u00e9be kellett volna beverekednie mag\u00e1t. A v\u00e9g\u00e9re tal\u00e1n m\u00e1r \u0151 sem hitte el, hogy ak\u00e1r <strong>Bennacert<\/strong>, ak\u00e1r Kessi\u00e9t ki tudja v\u00e1ltani. Ez \u2013 mindk\u00e9t f\u00e9l sz\u00e1m\u00e1ra \u2013 pech.\r\n\r\n[caption id=\"attachment_1678\" align=\"aligncenter\" width=\"2000\"]<img class=\"size-full wp-image-1678\" src=\"https:\/\/sport24.24.hu\/app\/uploads\/sites\/24\/2021\/08\/000_8w62ve.jpg\" alt=\"\" width=\"2000\" height=\"1333\" \/> Sandro Tonali \u00e9s Franck Kessi\u00e9[\/caption]\r\n<h2>Ahol igaza lett a Milannak<\/h2>\r\nFurcsa, de Donnarumm\u00e1val kell kezden\u00fcnk. \u00c1rul\u00f3zhatj\u00e1k a szurkol\u00f3k, \u00e9s sz\u00edvhatja a fog\u00e1t a klub, mert ingyen t\u00e1vozott az egyik leg\u00e9rt\u00e9kesebb port\u00e9k\u00e1ja, de a Milan nem hib\u00e1zott a kapussal. S\u0151t ahhoz kellett igaz\u00e1n j\u00f3 szem, hogy a Real Madridt\u00f3l elszipk\u00e1zott szt\u00e1rkapus, <strong>Diego L\u00f3pez<\/strong> hely\u00e9re betegy\u00e9k a 16 \u00e9ves, d\u00e9li s\u00fcv\u00f6lv\u00e9nyt.\r\n\r\nDonnarumma a vil\u00e1g egyik legjobb kapus\u00e1v\u00e1 n\u0151tte ki mag\u00e1t, arc\u00e1tlanul fiatal kor\u00e1t\u00f3l kezdve stabilan sz\u00e1ll\u00edtja a kimagasl\u00f3 teljes\u00edtm\u00e9nyeket, rengeteget k\u00f6sz\u00f6nhet neki a Milan, mint csapat, \u00e9s ez m\u00e9g akkor is igaz, ha zsenge 23 \u00e9v\u00e9be m\u00e1r belef\u00e9rt egy-egy k\u00f6zepes szezon is. A klubban nyilv\u00e1n iszony\u00fa d\u00fch\u00f6sek, de ezzel a helyzettel nincs mit tenni;\r\n\r\n<span class=\"highlight-block-small\">ha nem \u00edrja al\u00e1 az orra al\u00e1 dugott szerz\u0151d\u00e9st, akkor nem tudnak mit csin\u00e1lni.<\/span>\r\n\r\nA t\u00f6bbi j\u00e1t\u00e9kos, akivel kapcsolatban j\u00f3 d\u00f6nt\u00e9st hozott a klub, m\u00e1sk\u00e9nt t\u00e1vozott a Milant\u00f3l. <strong>Bonaventur\u00e1t<\/strong> szerett\u00e9k a szurkol\u00f3k, de a sorozatos s\u00e9r\u00fcl\u00e9sei mellett a teljes\u00edtm\u00e9nye is ingadozott, \u00e9s a Fiorentin\u00e1ban sem mutatott semmi kiemelked\u0151t. Teljesen jogosan mondtak le a 21 milli\u00f3 eur\u00f3\u00e9rt szerz\u0151dtetett <strong>Andrea Bertolaccir\u00f3l<\/strong> is, \u00e9s <strong>Cutron\u00e9b\u00f3l<\/strong> sem lesz m\u00e1r \u00faj<strong> Pippo Inzaghi<\/strong>.\r\n<h2>Ha nem is olasz, de legal\u00e1bb j\u00f3<\/h2>\r\nB\u00e1r az idei ny\u00e1rra lett igaz\u00e1n l\u00e1tv\u00e1nyos az olasz magra tervezett modell kim\u00fal\u00e1sa, a klub val\u00f3j\u00e1ban m\u00e1r k\u00e9t \u00e9vvel ezel\u0151tt elengedte a dolgot. A fent eml\u00edtett j\u00e1t\u00e9kosok k\u00f6z\u00fcl 2019 nyar\u00e1n t\u00e1vozott (v\u00e9gleg) Locatelli, Cutrone, Caldara, Abate, Bertolacci, Montolivo \u00e9s Borini is, \u00e9s ugyanezen a ny\u00e1ron a Milan v\u00e9gleges\u00edtette Kessi\u00e9t, megvette Bennacert \u00e9s Theo Hern\u00e1ndezt.\r\n\r\nPioli remek munk\u00e1t v\u00e9gez a Milann\u00e1l, megtal\u00e1lta a j\u00e1t\u00e9kosok hely\u00e9t a rendszerben, b\u00e1r a t\u00e1mad\u00f3sorba nagyon kellene m\u00e9g egy kreat\u00edv j\u00e1t\u00e9kos, \u00e9s a klub \u00e1ll\u00edt\u00f3lag a Manchester City portug\u00e1l szt\u00e1rj\u00e1t, <strong>Bernardo Silv\u00e1t<\/strong> szemelte ki, aki\u00e9rt 50 milli\u00f3 eur\u00f3 k\u00f6r\u00fcli \u00f6sszeget sem sajn\u00e1lna.\r\n\r\nAmi fel\u00e9p\u00fclt, m\u00e1s lett, mint aminek sz\u00e1nt\u00e1k, de am\u00edg a k\u00fcldet\u00e9s\u00e9t teljes\u00edti, ez nem sokat sz\u00e1m\u00edt. Ahogyan tal\u00e1n arr\u00f3l is kevesebb sz\u00f3 esik,\r\n\r\n<span class=\"highlight-block\"> milyen hatalmas szerepe van az edz\u0151nek a Milan kiv\u00e1l\u00f3 szerepl\u00e9s\u00e9ben.<\/span>\r\n\r\n[prefabricated_shortcode in_app=\"0\" code=\"%3Cdiv%20class%3D%22article_box_border%22%20style%3D%22background%3A%20url%28%27https%3A%2F%2F24.p3k.hu%2Fapp%2Fuploads%2Fsites%2F24%2F2021%2F05%2Fsport24-pattern.png%27%29%20no-repeat%20left%20-16px%20%23f3f3f4%3B%20border%3A%20none%3B%22%3E%0D%0A%3Cdiv%20class%3D%22article_solidheader%22%3E%0D%0A%3Ch2%20style%3D%22color%3A%20%23111115%21important%3B%20font-size%3A%2036px%3B%20font-weight%3A%20bold%3B%20margin-bottom%3A%2030px%3B%20margin-top%3A%2020px%3B%20text-align%3A%20center%3B%20line-height%3A%2036px%3B%22%3E%3Cimg%20class%3D%22aligncenter%20size-full%20wp-image-141%22%20src%3D%22https%3A%2F%2F24.p3k.hu%2Fapp%2Fuploads%2Fsites%2F24%2F2021%2F05%2Fs24-logo-dt.png%22%20alt%3D%22%22%20width%3D%22408%22%20height%3D%2290%22%20%2F%3E%3C%2Fh2%3E%0D%0A%3Ch2%20style%3D%22color%3A%20%23111115%21important%3B%20font-size%3A%2036px%3B%20font-weight%3A%20bold%3B%20margin-bottom%3A%2030px%3B%20margin-top%3A%2020px%3B%20text-align%3A%20center%3B%20line-height%3A%2040px%3B%22%3ECsatlakozz%20a%20Sport24%20k%C3%B6z%C3%B6ss%C3%A9ghez%2C%20mondd%20el%20v%C3%A9lem%C3%A9nyedet%20z%C3%A1rt%20Facebook-csoportunkban%2C%20%C3%A9s%20vegy%C3%A9l%20r%C3%A9szt%20csak%20el%C5%91fizet%C5%91knek%20el%C3%A9rhet%C5%91%20exkluz%C3%ADv%20esem%C3%A9nyeinken.%3C%2Fh2%3E%0D%0A%3C%2Fdiv%3E%0D%0A%3Cp%20style%3D%22background%3A%20%2357A600%3B%20margin-top%3A%2020px%3B%20padding%3A%2020px%3B%20text-align%3A%20center%3B%22%3E%3Ca%20style%3D%22color%3A%20%23ffffff%3B%20font-size%3A%2026px%3B%20font-weight%3A%20600%3B%22%20href%3D%22https%3A%2F%2Fwww.facebook.com%2Fgroups%2F212344460412327%22%3ECSATLAKOZOM%3C%2Fa%3E%3C%2Fp%3E%0D%0A%0D%0A%3C%2Fdiv%3E\"]","type":"rich","thumbnail_url":"https:\/\/s.24.hu\/app\/uploads\/sites\/24\/2021\/08\/gettyimages-1332999286-150x150.jpg","thumbnail_width":150,"thumbnail_height":150}