{"version":"1.0","provider_name":"Sport24","provider_url":"https:\/\/sport24.24.hu","author_name":"Bruckner G\u00e1bor","author_url":"https:\/\/sport24.24.hu\/author\/brucknerg\/","title":"A 113 milli\u00f3 eur\u00f3s k\u00e9rd\u00e9s: t\u00e9nyleg ennyire kell Lukaku a Chelsea-nek?","html":"<strong>Frank Lampard<\/strong> meneszt\u00e9s\u00e9t k\u00f6vet\u0151en <strong>Thomas Tuchel<\/strong> az el\u0151z\u0151 szezonban teljesen \u00e1tform\u00e1lta a Chelsea-t. A n\u00e9met szakember ir\u00e1ny\u00edt\u00e1sa alatt a londoni csapat nemcsak megszerezte a Bajnokok Lig\u00e1ja indul\u00e1st \u00e9r\u0151 negyedik helyet a Premier League-ben, hanem a Manchester City d\u00f6nt\u0151beli legy\u0151z\u00e9s\u00e9vel meg is nyerte a legrangosabb eur\u00f3pai kupasorozatot.\r\n\r\nA csapat a siker\u00e9t els\u0151sorban a rendk\u00edv\u00fcl sikeres v\u00e9dekez\u00e9snek k\u00f6sz\u00f6nhette labda n\u00e9lk\u00fcl, vagy ak\u00e1r hossz\u00fa labdabirtokl\u00e1si peri\u00f3dusokkal. A 2020\/21-es \u00e9vadban az \u00f6t eur\u00f3pai toplig\u00e1ban \u00e9s a Bajnokok Lig\u00e1j\u00e1ban a Tuchel-f\u00e9le Chelsea-n\u00e9l csak hat csapat birtokolta t\u00f6bbet a labd\u00e1t (59%), k\u00e9t egy\u00fcttes engedett kevesebb l\u00f6v\u00e9st meccsenk\u00e9nt az ellenfeleknek (7,9), \u00e9s csak egyetlen g\u00e1rda engedett \u00e1tlagosan magasabb min\u0151s\u00e9g\u0171 l\u00f6v\u00e9seket az ellenfeleknek (0,082 xG\/l\u00f6v\u00e9s). Mindez azt jelentette, hogy a Chelsea az ellenfeleknek egy meccsen \u00e1tlagban mind\u00f6ssze 0,6 g\u00f3lra elegend\u0151 helyzetet enged\u00e9lyezett.\r\n\r\nUgyanakkor a K\u00e9kek az eml\u00edtett Premier League-szezonban csup\u00e1n 58 g\u00f3lt szereztek, ami a nyolcadik legt\u00f6bb volt a bajnoks\u00e1gban. Idekapcsol\u00f3d\u00f3 \u00e9rdekess\u00e9g, hogy 2014 \u00f3ta az aktu\u00e1lis Bajnokok Lig\u00e1ja-gy\u0151ztes csapatok k\u00f6z\u00fcl haz\u00e1ja versenysorozat\u00e1ban a legkevesebb g\u00f3lt a Real Madrid szerezte az adott \u00e9vben: 94-et.\r\n\r\n<span class=\"highlight-block\">A Chelsea kev\u00e9s g\u00f3lj\u00e1nak k\u00e9t oka volt.<\/span>\r\n\r\nEgyr\u00e9szt nagyon sokszor a v\u00e9dekez\u00e9st er\u0151s\u00edt\u0151 steril labdabirtokl\u00e1s miatt nem siker\u00fclt el\u00e9g min\u0151s\u00e9gi helyzetet kialak\u00edtani, m\u00e1sr\u00e9szt: ha ez m\u00e9gis \u00f6sszej\u00f6tt, akkor egyszer\u0171en nem siker\u00fclt kihaszn\u00e1lni a lehet\u0151s\u00e9geket. A londoniak a b\u00fcntet\u0151ket lesz\u00e1m\u00edtva 8,4 g\u00f3llal \u00e9rtek el kevesebbet az el\u0151z\u0151 \u00e9vadban, mint amennyi a helyzeteik mennyis\u00e9ge \u00e9s min\u0151s\u00e9ge alapj\u00e1n v\u00e1rhat\u00f3 lett volna. A Premier League-ben ezt \u00f6t csapat tudta alulm\u00falni, amelyek k\u00f6z\u00fcl kett\u0151 el is b\u00facs\u00fazott az \u00e9lvonalt\u00f3l, m\u00edg az \u00f6t eur\u00f3pai topliga \u00f6sszes egy\u00fcttes\u00e9t figyelembe v\u00e9ve is csak tov\u00e1bbi h\u00e1rom \u00e9rt\u00e9kes\u00edtette alacsonyabb hat\u00e9konys\u00e1ggal a helyzeteit.\r\n\r\n<img class=\"alignnone size-full wp-image-1780\" src=\"https:\/\/sport24.24.hu\/app\/uploads\/sites\/24\/2021\/08\/000_9j62hf.jpg\" alt=\"\" width=\"1500\" height=\"1000\" \/>\r\n\r\nA probl\u00e9ma teh\u00e1t adott, erre kellett tal\u00e1lni megold\u00e1st. Ahhoz, hogy a Chelsea-nek es\u00e9lye legyen c\u00edmet v\u00e9deni a BL-ben, a Premier League-ben pedig versenybe tudjon sz\u00e1llni a bajnoki c\u00edm\u00e9rt, t\u00f6bb helyzetre, \u00e9s azoknak a hat\u00e9konyabb kihaszn\u00e1l\u00e1s\u00e1ra van sz\u00fcks\u00e9g. A v\u00e1lasz: 113 milli\u00f3 eur\u00f3\u00e9rt cser\u00e9be meg\u00e9rkezett az Interben az elm\u00falt k\u00e9t szezonban \u00f6sszesen 47 bajnoki g\u00f3lt szerz\u0151 <strong>Romelu Lukaku<\/strong>.\r\n<div class=\"payable-content-section\"><\/div>\r\n<h2>\u201eBuk\u00e1s\u201d \u00e9s felemelked\u00e9s<\/h2>\r\nNem ez az els\u0151 alkalom, hogy Lukaku boldogan p\u00f3zol a Chelsea mez\u00e9vel, \u00e9s a K\u00e9kek nem is el\u0151sz\u00f6r pr\u00f3b\u00e1lt\u00e1k ism\u00e9t megszerezni a belga v\u00e1logatott csat\u00e1rt.\r\n\r\nLukaku m\u00e1r 18 \u00e9ves kor\u00e1ban al\u00e1\u00edrt a Chelsea-hez, miut\u00e1n az Anderlecht sz\u00edneiben Eur\u00f3pa egyik legkeresettebb fiatal csat\u00e1r\u00e1v\u00e1 v\u00e1lt, de alig egy szezon \u00e9s n\u00e9h\u00e1ny lej\u00e1tszott m\u00e9rk\u0151z\u00e9s, na meg egy eur\u00f3pai Szuperkupa-d\u00f6nt\u0151ben kihagyott tizenegyes ut\u00e1n el\u0151sz\u00f6r a West Bromhoz, majd az Evertonhoz ker\u00fclt k\u00f6lcs\u00f6nbe, ut\u00f3bbi pedig v\u00e9gleg megv\u00e1s\u00e1rolta, miut\u00e1n 15 bajnoki g\u00f3lt szerzett a k\u00f6lcs\u00f6nszezonj\u00e1ban.\r\n\r\nLukaku a liverpooli klubn\u00e1l v\u00e9g\u00fcl 87 tal\u00e1latig jutott \u00f6sszesen n\u00e9gy id\u00e9ny alatt a Premier League-ben, \u00e9s ezzel ism\u00e9t felh\u00edvta az akkor \u00e9ppen <strong>Antonio Conte<\/strong> ir\u00e1ny\u00edt\u00e1s\u00e1val bajnoki c\u00edmet nyer\u0151 Chelsea figyelm\u00e9t. <a href=\"https:\/\/www.telegraph.co.uk\/football\/2020\/11\/17\/antonio-conte-exclusive-interview-wanted-sign-lukaku-van-dijk\/\" target=\"_blank\" rel=\"noopener noreferrer\">Az olasz szakember kifejezetten ragaszkodott a belga j\u00e1t\u00e9kos megszerz\u00e9s\u00e9hez<\/a>, ugyanis t\u00f6k\u00e9letesen illeszkedett volna az \u00e1ltala prefer\u00e1lt 3-5-2-es j\u00e1t\u00e9krendszerben az egyik csat\u00e1r szerepk\u00f6r\u00e9be.\r\n\r\nV\u00e9g\u00fcl azonban a Manchester United t\u00f6bb p\u00e9nzt k\u00edn\u00e1lt az Evertonnak, \u00edgy Lukaku a V\u00f6r\u00f6s \u00d6rd\u00f6g\u00f6k j\u00e1t\u00e9kosa lett, Cont\u00e9nak pedig be kellett \u00e9rnie <strong>Alvaro Morat\u00e1val<\/strong>, aki a r\u00e1 nehezed\u0151 nyom\u00e1s alatt \u00f6sszeroppanva az elm\u00falt \u00e9vek legrosszabb igazol\u00e1s\u00e1v\u00e1 v\u00e1lt a Chelsea-n\u00e9l. Ezzel az \u00fczlettel azonban maga Lukaku sem j\u00e1rt t\u00fal j\u00f3l. Hi\u00e1ba szerzett 11 g\u00f3lt az els\u0151 10 t\u00e9tmeccs\u00e9n a Manchester Unitedben, a csapatot akkoriban ir\u00e1ny\u00edt\u00f3 <strong>Jos\u00e9 Mourinho<\/strong> teljesen f\u00e9lre\u00e9rtelmezte a j\u00e1t\u00e9k\u00e1t.\r\n\r\nLukaku 190 centim\u00e9ter magas, kiv\u00e1l\u00f3 fizikai fel\u00e9p\u00edt\u00e9s\u0171 t\u00e1mad\u00f3, aki r\u00e1ad\u00e1sul Chelsea-szurkol\u00f3k\u00e9nt <span class=\"highlight-block\">gyerekkor\u00e1t\u00f3l kezdve Didier Drogba j\u00e1t\u00e9k\u00e1t csod\u00e1lta.<\/span>\r\n\r\n<img class=\"alignnone size-full wp-image-1784\" src=\"https:\/\/sport24.24.hu\/app\/uploads\/sites\/24\/2021\/08\/gettyimages-1052577590.jpg\" alt=\"\" width=\"1500\" height=\"1000\" \/>\r\n\r\nAz elef\u00e1ntcsontparti csat\u00e1r amellett, hogy a nagy meccseken mindig k\u00e9pes volt extr\u00e1t hozni, a 2000-es \u00e9vek k\u00f6z\u00e9pen Jos\u00e9 Mourinho Chelsea-j\u00e9ben t\u00f6k\u00e9letes er\u0151csat\u00e1rk\u00e9nt seg\u00edtette bajnoki c\u00edmekhez a csapat\u00e1t. Nem csoda, hogy a portug\u00e1l edz\u0151 a Manchester Unitedn\u00e9l kor\u00e1bbi j\u00e1t\u00e9kos\u00e1t pr\u00f3b\u00e1lta belel\u00e1tni Lukakuba, aki b\u00e1r szint\u00e9n remek\u00fcl tudta megtartani a labd\u00e1kat, \u00e9s kiv\u00e1l\u00f3an \u00e9rkezett a tizenhatoson bel\u00fcl, a j\u00e1t\u00e9ka enn\u00e9l j\u00f3val sokoldal\u00fabb. Ezt viszont nem haszn\u00e1lt\u00e1k ki.\r\n\r\nA Unitedben rengetegszer kerest\u00e9k hossz\u00fa labd\u00e1kkal Lukakut, folyamatosan l\u00e9gi p\u00e1rharcokat kellett v\u00edvnia, hogy a t\u00e1rsai begy\u0171jthess\u00e9k a lecsorg\u00f3kat, de nem tudta \u00e9rv\u00e9nyes\u00edteni azt a bizonyos sokoldal\u00fas\u00e1g\u00e1t \u00e9s a nem csak a termet\u00e9hez k\u00e9pest kiemelked\u0151 sebess\u00e9g\u00e9t. R\u00e1ad\u00e1sul a szurkol\u00f3kt\u00f3l sok kritik\u00e1t kapott \u00e1ll\u00edt\u00f3lag szeg\u00e9nyes technikai tud\u00e1sa miatt.\r\n\r\nMourinho t\u00e1voz\u00e1sa ut\u00e1n <strong>Ole Gunnar Solskjaer<\/strong> is f\u0151leg olyan c\u00e9lembert l\u00e1tott Lukakuban, akit els\u0151sorban a hossz\u00fa, fel\u00edvelt labd\u00e1kkal kell keresni, \u00e9s 2019 nyar\u00e1n le is mondott r\u00f3la, hogy az \u00e1ltala mozg\u00e9konyabbnak v\u00e9lt <strong>Marcus Rashfordra, Anthony Martialra<\/strong> \u00e9s <strong>Mason Greenwoodra<\/strong> \u00e9p\u00edtse csapata t\u00e1mad\u00f3j\u00e1t\u00e9k\u00e1t.\r\n\r\nLukaku hi\u00e1ba szerzett 252 m\u00e9rk\u0151z\u00e9sen 113 g\u00f3lt a Premier League-ben (Drogba \u00f6sszesen 254 meccset j\u00e1tszva 104 tal\u00e1latn\u00e1l \u00e1llt meg), m\u00e9gis szinte bukott j\u00e1t\u00e9kosk\u00e9nt kellett t\u00e1voznia Angli\u00e1b\u00f3l, amikor az az Inter igyekezett a \u201emegment\u00e9s\u00e9re\u201d, amelynek a kispadj\u00e1n az az Antonio Conte \u00fclt, aki v\u00e9gre megkaphatta kiszemeltj\u00e9t.\r\n\r\nAz olasz edz\u0151 j\u00e1t\u00e9krendszer\u00e9ben is fontos szerepet kapott Lukaku labdafedez\u00e9si k\u00e9pess\u00e9ge, de nem kellett folyamatosan l\u00e9gip\u00e1rbajokat v\u00edvnia (a manchesteri szezonjai sor\u00e1n meccsenk\u00e9nt \u00e1tlagosan 6,1 \u00e9s 5,6 fejp\u00e1rbajt v\u00edvott meg, az Intern\u00e9l ez a sz\u00e1m el\u0151bb 4,6-ra, majd 2,9-re cs\u00f6kkent), mik\u00f6zben Conte \u00fagy \u00e9p\u00edtette fel a j\u00e1t\u00e9krendszer\u00e9t, hogy a csat\u00e1r\u00e1nak folyamatosan legyenek opci\u00f3i.\r\n\r\nA 3-5-2-es j\u00e1t\u00e9krendszerben Lukaku jobb oldali csat\u00e1rk\u00e9nt rendszeresen visszal\u00e9pett labd\u00e1\u00e9rt, amikor az ellenf\u00e9l igyekezett nyom\u00e1st gyakorolni az Inter labdakihozatalaira, \u00e9s ilyenkor a t\u00e1rsak r\u00f6gt\u00f6n \u0151t kerest\u00e9k. \u00c1m am\u00edg a Manchester Unitedn\u00e9l ilyenkor gyakran c\u00e9ltalan fejp\u00e1rbajokat k\u00e9nyszer\u00fclt megv\u00edvni, a Conte \u00e1ltal v\u00e9gletekig begyakoroltatott s\u00e9m\u00e1knak k\u00f6sz\u00f6nhet\u0151en a mellette j\u00e1tsz\u00f3 <strong>Lautaro Martinez<\/strong> \u00e9s a jobb oldali sz\u00e1rnyv\u00e9d\u0151 <strong>Achraf Hakimi<\/strong> jelentett m\u00e9lys\u00e9gi opci\u00f3t, a k\u00f6z\u00e9pp\u00e1ly\u00e1n pedig <strong>Marcelo Brozovic<\/strong> \u00e9s <strong>Nicolo Barella<\/strong> azonnal passzopci\u00f3t ny\u00fajtott a sz\u00e1m\u00e1ra, hogy a lek\u00e9sz\u00edt\u00e9st k\u00f6vet\u0151en t\u00e1madhassa a saj\u00e1t maga \u00e1ltal megnyitott ter\u00fcletet.\r\n\r\n[caption id=\"attachment_1785\" align=\"alignnone\" width=\"1500\"]<img class=\"size-full wp-image-1785\" src=\"https:\/\/sport24.24.hu\/app\/uploads\/sites\/24\/2021\/08\/075_bottanelli-juventus210515_npqwi.jpg\" alt=\"\" width=\"1500\" height=\"999\" \/> Lukaku \u00e9s Achraf Hakimi[\/caption]\r\n\r\nLukaku a fizikai erej\u00e9t kihaszn\u00e1lva a felpasszolt labd\u00e1kat k\u00f6vet\u0151en gyakran egymaga fordult le a r\u00e1 tapad\u00f3 v\u00e9d\u0151kr\u0151l, \u00e9s lend\u00fcletb\u0151l t\u00e1madta a kaput. A 28 \u00e9ves j\u00e1t\u00e9kos a 2020\/21-es \u00e9vadban kilenc olyan g\u00f3lban v\u00e1llalt szerepet (n\u00e9gy g\u00f3l, \u00f6t g\u00f3lpassz), amelyet megel\u0151z\u0151en hosszabb ideig vezette a labd\u00e1t. Enn\u00e9l t\u00f6bbre az eg\u00e9sz Serie A-ban, csak az Atalanta t\u00e1mad\u00f3ja, <strong>Luis Muriel<\/strong> volt k\u00e9pes (11 g\u00f3l).\r\n\r\nConte j\u00e1t\u00e9krendszer\u00e9ben teh\u00e1t Lukaku k\u00f6zel sem az a b\u00f3lyacenter volt, akit Manchesterben l\u00e1thattak a szurkol\u00f3k, hanem egy komplex t\u00e1mad\u00f3, akinek az edz\u0151je minden tulajdons\u00e1g\u00e1t igyekezett kihaszn\u00e1lni.\r\n\r\n\u00c9ppen emiatt Lukaku el\u0151z\u0151 szezonja p\u00e1lyafut\u00e1sa legjobbja volt, ami\u00f3ta 2017-ben elhagyta az Evertont. A 24 g\u00f3lja mellett kiosztott 11 g\u00f3lpasszt, meccsenk\u00e9nt \u00e1tlagosan 0,57-es v\u00e1rhat\u00f3 g\u00f3l\u00e9rt\u00e9ket produk\u00e1lt, a helyzetei min\u0151s\u00e9ge alapj\u00e1n pedig a l\u00f6v\u00e9seib\u0151l \u00e1tlagban 21 sz\u00e1zal\u00e9kban volt v\u00e1rhat\u00f3, hogy g\u00f3l sz\u00fcletik. A belga j\u00e1t\u00e9kos \u00f6sszess\u00e9g\u00e9ben nemcsak gyakrabban ker\u00fclt helyzetbe a kor\u00e1bbiakn\u00e1l, hanem azokb\u00f3l a helyzetekb\u0151l az xG modell alapj\u00e1n nagyobb es\u00e9llyel volt v\u00e1rhat\u00f3, hogy g\u00f3l sz\u00fcletik.\r\n<h2>Mi lesz a szerepe a Chelsea-ben?<\/h2>\r\nAzon k\u00edv\u00fcl, hogy Romelu Lukaku megb\u00edzhat\u00f3bb g\u00f3ll\u00f6v\u0151, mint b\u00e1rki a Chelsea jelenlegi keret\u00e9b\u0151l, a belga a sokoldal\u00fas\u00e1g\u00e1nak k\u00f6sz\u00f6nhet\u0151en taktikailag is t\u00f6k\u00e9letesen illik Thomas Tuchel elk\u00e9pzel\u00e9seibe.\r\n\r\nA n\u00e9met szakember a Londonba \u00e9rkez\u00e9s\u00e9t k\u00f6vet\u0151en azonnal elkezdte a 3-4-2-1-es alakzatot alkalmazni a Chelsea-n\u00e9l, amelyben a h\u00e1rom bels\u0151 v\u00e9d\u0151 \u00e9s a k\u00e9t bels\u0151 k\u00f6z\u00e9pp\u00e1ly\u00e1s r\u00e9szint biztos\u00edtani tudja a labda biztons\u00e1gos \u00e9s folyamatos j\u00e1rat\u00e1s\u00e1t, r\u00e9szint pedig labdaveszt\u00e9s eset\u00e9n azonnal k\u00e9pes lez\u00e1rni a kapu fel\u00e9 vezet\u0151 legr\u00f6videbb utat. A k\u00e9t sz\u00e1rnyv\u00e9d\u0151 t\u00e1mad\u00e1sban maxim\u00e1lis sz\u00e9less\u00e9g\u00e9t biztos\u00edt a csapat sz\u00e1m\u00e1ra, m\u00edg v\u00e9dekez\u00e9sben megnehez\u00edti az ellenfeleknek a l\u00e9tsz\u00e1mf\u00f6l\u00e9nyt kialak\u00edt\u00e1s\u00e1t az utols\u00f3 vonalban. A k\u00e9t befel\u00e9 mozg\u00f3 sz\u00e9ls\u0151 k\u00e9pes a k\u00e9t bels\u0151 k\u00f6z\u00e9pp\u00e1ly\u00e1ssal egy\u00fctt l\u00e9tsz\u00e1mf\u00f6l\u00e9nyt kialak\u00edtani a p\u00e1lya k\u00f6zep\u00e9n, a k\u00f6z\u00e9pcsat\u00e1r pedig az adott j\u00e1t\u00e9kos karakter\u00e9t\u0151l f\u00fcgg\u0151en erre m\u00e9g ink\u00e1bb r\u00e1 tud er\u0151s\u00edteni, vagy a m\u00e9lys\u00e9gi beindul\u00e1saival ter\u00fcletet nyit az utols\u00f3 k\u00e9t v\u00e9delmi vonal k\u00f6z\u00f6tt mozg\u00f3 j\u00e1t\u00e9kosnak.\r\n\r\n<img class=\"alignnone size-full wp-image-1786\" src=\"https:\/\/sport24.24.hu\/app\/uploads\/sites\/24\/2021\/08\/gettyimages-122298284.jpg\" alt=\"\" width=\"1500\" height=\"1042\" \/>\r\n\r\nEbben a rendszerben Lukakura sz\u00e1mos szerepk\u00f6r r\u00e1szabhat\u00f3. Az szinte garant\u00e1lhat\u00f3, hogy a legt\u00f6bb m\u00e9rk\u0151z\u00e9sen \u0151 lesz az, aki bet\u00f6lti a k\u00f6z\u00e9pcsat\u00e1r poz\u00edci\u00f3j\u00e1t, de a szerepk\u00f6re ak\u00e1r az \u0151t k\u00f6r\u00fclvev\u0151 t\u00e1rsakt\u00f3l is v\u00e1ltozhat. Amennyiben az egyik oldalon <strong>Timo Werner<\/strong> szerepel, akkor Lukaku j\u00e1t\u00e9ka nagyon hasonl\u00f3v\u00e1 v\u00e1lhat ahhoz, mint amit az Interben is megszokhattunk t\u0151le. A labd\u00e1t \u00e1ltal\u00e1ban h\u00e1ttal a kapunak fogja elk\u00e9rni, hogy kimozgasson egy v\u00e9d\u0151t, \u00e9s megj\u00e1tssza a helyr\u0151l beindul\u00f3 vill\u00e1mgyors n\u00e9met t\u00e1mad\u00f3t, vagy egy k\u00f6z\u00e9pp\u00e1ly\u00e1snak, illetve a harmadik t\u00e1mad\u00f3nak lek\u00e9sz\u00edtve a labd\u00e1t egy harmadik emberes kombin\u00e1ci\u00f3 r\u00e9v\u00e9n juthat el az Wernerhez.\r\n\r\nAmi f\u00f6l\u00f6tt k\u00f6nny\u0171 elsiklani az az, hogy Lukaku a g\u00f3ljai mellett tizenegy g\u00f3lpasszt is kiosztott az el\u0151z\u0151 szezonban, \u00e9s a v\u00e1rhat\u00f3 g\u00f3lpasszainak (xA) 78 sz\u00e1zal\u00e9k\u00e1val a mellette csat\u00e1rk\u00e9nt j\u00e1tsz\u00f3 Lautaro Martinezt \u00e9s <strong>Alexis S\u00e1nchezt<\/strong> szolg\u00e1lta ki.\u00a0 Ez\u00e9rt Werner lehet az, aki a legt\u00f6bbet profit\u00e1lhat Lukaku \u00e9rkez\u00e9s\u00e9b\u0151l. Nemcsak kisebb lesz rajta a nyom\u00e1s a pocs\u00e9k helyzetkihaszn\u00e1l\u00e1sa miatt (az el\u0151z\u0151 szezonban a lehet\u0151s\u00e9gei min\u0151s\u00e9ge alapj\u00e1n v\u00e1rhat\u00f3n\u00e1l 5,9 g\u00f3llal szerzett kevesebbet, ami a legrosszabb mutat\u00f3 az \u00f6t toplig\u00e1ban), hanem t\u00f6bb \u00e9s nagyobb min\u0151s\u00e9g\u0171 helyzetbe is ker\u00fclhet az \u00faj csapatt\u00e1rsnak k\u00f6sz\u00f6nhet\u0151en. Kor\u00e1bban, az RB Leipzigben hasonl\u00f3 alapelvek alapj\u00e1n kiv\u00e1l\u00f3 j\u00e1t\u00e9kkapcsolatot siker\u00fclt kialak\u00edtania a d\u00e1n v\u00e1logatott <strong>Yussuf Poulsennel<\/strong>.\r\n\r\nAmikor az el\u0151z\u0151 \u00e9vadban Werner k\u00f6z\u00e9pcsat\u00e1rk\u00e9nt szerepelt, akkor a feladata t\u00f6bbnyire az volt, hogy a sebess\u00e9g\u00e9t kihaszn\u00e1lva sakkban tartsa a v\u00e9d\u0151ket, \u00e9s a m\u00e9lys\u00e9gi beindul\u00e1saival ter\u00fcletet nyisson a k\u00e9t befel\u00e9 mozg\u00f3 t\u00e1mad\u00f3 k\u00f6z\u00e9pp\u00e1ly\u00e1snak. <a href=\"https:\/\/sport24.24.hu\/foci\/2021\/05\/30\/bl-donto-akkor-most-ki-a-mester-es-ki-a-tanitvany\/\" target=\"_blank\" rel=\"noopener noreferrer\">Ez volt a helyzet a Bajnokok Lig\u00e1ja d\u00f6nt\u0151j\u00e9ben is<\/a>, amelyben a Chelsea <strong>Mount<\/strong> \u00e9s <strong>Havertz<\/strong> poz\u00edci\u00f3j\u00e1nak, valamint Werner beindul\u00e1sainak k\u00f6sz\u00f6nhet\u0151en folyamatosan k\u00e9pes volt \u00e1tj\u00e1tszani a Manchester City let\u00e1mad\u00e1sait. Mivel Lukaku is rendk\u00edv\u00fcl robban\u00e9kony \u00e9s gyors j\u00e1t\u00e9kos, \u0151 is k\u00e9pes bet\u00f6lteni ezt a szerepk\u00f6rt k\u00e9t kreat\u00edv j\u00e1t\u00e9kos el\u0151tt.\r\n\r\nEnnek az \u00e1tigazol\u00e1snak pedig ez a legnagyobb el\u0151nye a Chelsea sz\u00e1m\u00e1ra:\r\n\r\n<span class=\"highlight-block-small\">Lukaku a sokoldal\u00fas\u00e1g\u00e1nak k\u00f6sz\u00f6nhet\u0151en szinte b\u00e1rmelyik m\u00e1sik k\u00e9t t\u00e1mad\u00f3val t\u00f6k\u00e9letesen kombin\u00e1lhat\u00f3.<\/span>\r\n\r\n<img class=\"alignnone size-full wp-image-1778\" src=\"https:\/\/sport24.24.hu\/app\/uploads\/sites\/24\/2021\/08\/000_9lb7n9.jpg\" alt=\"\" width=\"1500\" height=\"1000\" \/>\r\n\r\nTuchel az el\u0151z\u0151 szezonban n\u00e9h\u00e1nyszor \u2013 ak\u00e1r meccs k\u00f6zben v\u00e1ltva \u2013 alkalmazta a 3-4-1-2-es fel\u00e1ll\u00e1st is, amelyben a k\u00e9t t\u00e1mad\u00f3 feladata az ellenf\u00e9l v\u00e9delmi vonal\u00e1nak lesz\u0171k\u00edt\u00e9se, ter\u00fcletet nyitva a sz\u00e1rnyv\u00e9d\u0151knek, ami mellett befutj\u00e1k a k\u00f6z\u00e9ph\u00e1tv\u00e9dek \u00e9s sz\u00e9ls\u0151h\u00e1tv\u00e9dek melletti folyos\u00f3kat. Lukaku erre is t\u00f6k\u00e9letesen j\u00f3l haszn\u00e1lhat\u00f3, hiszen kor\u00e1bban<strong> Roberto Martinez<\/strong> az Evertonban \u00e9s a belga v\u00e1logatottban is haszn\u00e1lta \u0151t ebben a szerepk\u00f6rben.\r\n\r\nA Chelsea \u00f6sszess\u00e9g\u00e9ben egy olyan j\u00e1t\u00e9kossal er\u0151s\u00edtett, akivel j\u00f3 es\u00e9llyel \u00f6sszej\u00f6het a szintl\u00e9p\u00e9s, k\u00fcl\u00f6n\u00f6sen, ha siker\u00fcl meg\u0151rizni a p\u00e1ratlan v\u00e9dekez\u00e9si mutat\u00f3kat. Lukakuval nemcsak, hogy t\u00f6bb min\u0151s\u00e9gi helyzete lehet a Chelsea-nek, hanem a belga t\u00e1mad\u00f3 eddigi teljes\u00edtm\u00e9nye alapj\u00e1n j\u00f3 az es\u00e9ly arra is, hogy \u00a0ezeket a helyzeteket k\u00e9pes lesz megfelel\u0151 ar\u00e1nyban \u00e9rt\u00e9kes\u00edteni.\r\n\r\nLukaku r\u00e1ad\u00e1sul most m\u00e1r nem 18 \u00e9ves, nem \u00fagy \u00e9rkezik a Chelsea-be, hogy a legmagasabb szinten m\u00e9g rutintalan j\u00e1t\u00e9kos. \u0150 a vil\u00e1g legjobb t\u00e1mad\u00f3inak egyike, aki most Angli\u00e1ban is bizony\u00edthatja, hogy a kritikusai f\u00e9lreismert\u00e9k a Manchester Unitedben elt\u00f6lt\u00f6tt rosszul siker\u00fclt k\u00e9t szezonja alatt.\r\n\r\nEnn\u00e9l nagyobb motiv\u00e1ci\u00f3ra pedig aligha lesz sz\u00fcks\u00e9ge.\r\n\r\n[prefabricated_shortcode in_app=\"0\" code=\"%3Cdiv%20class%3D%22article_box_border%22%20style%3D%22background%3A%20url%28%27https%3A%2F%2F24.p3k.hu%2Fapp%2Fuploads%2Fsites%2F24%2F2021%2F05%2Fsport24-pattern.png%27%29%20no-repeat%20left%20-16px%20%23f3f3f4%3B%20border%3A%20none%3B%22%3E%0D%0A%3Cdiv%20class%3D%22article_solidheader%22%3E%0D%0A%3Ch2%20style%3D%22color%3A%20%23111115%21important%3B%20font-size%3A%2036px%3B%20font-weight%3A%20bold%3B%20margin-bottom%3A%2030px%3B%20margin-top%3A%2020px%3B%20text-align%3A%20center%3B%20line-height%3A%2036px%3B%22%3E%3Cimg%20class%3D%22aligncenter%20size-full%20wp-image-141%22%20src%3D%22https%3A%2F%2F24.p3k.hu%2Fapp%2Fuploads%2Fsites%2F24%2F2021%2F05%2Fs24-logo-dt.png%22%20alt%3D%22%22%20width%3D%22408%22%20height%3D%2290%22%20%2F%3E%3C%2Fh2%3E%0D%0A%3Ch2%20style%3D%22color%3A%20%23111115%21important%3B%20font-size%3A%2036px%3B%20font-weight%3A%20bold%3B%20margin-bottom%3A%2030px%3B%20margin-top%3A%2020px%3B%20text-align%3A%20center%3B%20line-height%3A%2040px%3B%22%3ECsatlakozz%20a%20Sport24%20k%C3%B6z%C3%B6ss%C3%A9ghez%2C%20mondd%20el%20v%C3%A9lem%C3%A9nyedet%20z%C3%A1rt%20Facebook-csoportunkban%2C%20%C3%A9s%20vegy%C3%A9l%20r%C3%A9szt%20csak%20el%C5%91fizet%C5%91knek%20el%C3%A9rhet%C5%91%20exkluz%C3%ADv%20esem%C3%A9nyeinken.%3C%2Fh2%3E%0D%0A%3C%2Fdiv%3E%0D%0A%3Cp%20style%3D%22background%3A%20%2357A600%3B%20margin-top%3A%2020px%3B%20padding%3A%2020px%3B%20text-align%3A%20center%3B%22%3E%3Ca%20style%3D%22color%3A%20%23ffffff%3B%20font-size%3A%2026px%3B%20font-weight%3A%20600%3B%22%20href%3D%22https%3A%2F%2Fwww.facebook.com%2Fgroups%2F212344460412327%22%3ECSATLAKOZOM%3C%2Fa%3E%3C%2Fp%3E%0D%0A%0D%0A%3C%2Fdiv%3E\"]","type":"rich","thumbnail_url":"https:\/\/s.24.hu\/app\/uploads\/sites\/24\/2021\/08\/gettyimages-1322745525-150x150.jpg","thumbnail_width":150,"thumbnail_height":150}