{"version":"1.0","provider_name":"Sport24","provider_url":"https:\/\/sport24.24.hu","author_name":"Pet\u0151 P\u00e9ter","author_url":"https:\/\/sport24.24.hu\/author\/petop\/","title":"Gerd M\u00fcller: a nagy kilences kilenc nagy t\u00f6rt\u00e9nete","html":"<strong>1969. j\u00fanius 14.<\/strong>\u00a0A n\u00e9met kupa d\u00f6nt\u0151j\u00e9ben Frankfurtban: Bayern M\u00fcnchen\u2013Schalke 2:1. A gy\u0151ztes csapat mindk\u00e9t g\u00f3lj\u00e1t M\u00fcller szerezte. Ezzel teljess\u00e9 tette az \u00e9vi m\u00e9rleg\u00e9t: bajnoki \u00e9s g\u00f3lkir\u00e1lyi c\u00edmet nyert, valamint Az \u00e9v j\u00e1t\u00e9kos\u00e1nak v\u00e1lasztott\u00e1k az NSZK-ban. \u00d6sszes (427) Bundesliga-meccs\u00e9n 365, valamennyi (62) n\u00e9met kupam\u00e9rk\u0151z\u00e9s\u00e9n 78 g\u00f3lt \u00e9rt el. Mindent egy\u00fcttv\u00e9ve 579 t\u00e9tm\u00e9rk\u0151z\u00e9sen szerepelt a Bayernben, \u00e9s mindig a kezd\u0151 tizenegy tagja volt.\r\n\r\n<strong>1970. j\u00fanius 17.\u00a0<\/strong>A labdar\u00fag\u00f3-t\u00f6rt\u00e9nelem legeml\u00e9kezetesebb tal\u00e1lkoz\u00f3inak egyik\u00e9n, az Olaszorsz\u00e1g\u2013NSZK vb-el\u0151d\u00f6nt\u0151n (4:3) a k\u00e9tszer negyed\u00f3r\u00e1s hosszabb\u00edt\u00e1sban vezet\u00e9st szerzett 1:1-n\u00e9l, majd egyenl\u00edtett 2:3-n\u00e1l. Az els\u0151 mexik\u00f3i Mundialon \u00f6sszesen t\u00edz g\u00f3lt jegyzett, ezzel elh\u00f3d\u00edtotta a vb g\u00f3lkir\u00e1lya c\u00edmet. A nyugatn\u00e9met v\u00e1logatott bronz\u00e9rmet nyert, a harmadik hely\u00e9rt az uruguayiakkal v\u00edvott m\u00e9rk\u0151z\u00e9sen M\u00fcller passzolt a szint\u00e9n vil\u00e1gklasszis <strong>Wolfgang Overath-hoz<\/strong> az egyetlen g\u00f3l el\u0151tt.\r\n\r\n<img class=\"alignnone size-large wp-image-1742\" src=\"https:\/\/sport24.24.hu\/app\/uploads\/sites\/24\/2021\/08\/043_dpa-pa_252065012-1024x690.jpg\" alt=\"\" width=\"1024\" height=\"690\" \/>\r\n\r\n<strong>1971. m\u00e1jus 27.\u00a0Lev Jasin<\/strong> b\u00facs\u00faj\u00e1t\u00e9k\u00e1n bemutatkozott a Vil\u00e1gv\u00e1logatottban. Az All Star Teamben egy\u00fctt j\u00e1tszott <strong>M\u00e9sz\u00f6ly K\u00e1lm\u00e1nnal<\/strong>, az uruguayi <strong>Ladislao Mazurkiewicz-csel<\/strong>, olasz <strong>Giacinto Facchettivel<\/strong>, az angol <strong>Bobby Charltonnal<\/strong>, a jugoszl\u00e1v <strong>Dragan Dzsajiccsal<\/strong> vagy azzal a <strong>Willi Schulz-cal<\/strong>, akinek 1973-as b\u00facs\u00fameccs\u00e9n szint\u00e9n a Vil\u00e1gv\u00e1logatottban szerepelt (<strong>Albert Fl\u00f3ri\u00e1n<\/strong> oldal\u00e1n). <strong>Uwe Seeler<\/strong> 1972-es g\u00e1laj\u00e1t\u00e9k\u00e1n <strong>Bene Ferenc<\/strong> \u00e9s M\u00e9sz\u00f6ly t\u00e1rsa volt az Eur\u00f3pa-v\u00e1logatottban.\r\n\r\n<strong>1971. szeptember 27.\u00a0<\/strong>A Bayern 11-1-re \u201ev\u00e9gezte ki\u201d a Dortmundot, M\u00fcller n\u00e9gy g\u00f3lt szerzett. A nagy diadal ellen\u00e9re a Kicker sportmagazin a m\u00fcncheni csapat egyetlen j\u00e1t\u00e9kos\u00e1nak sem adott maxim\u00e1lis 1-es oszt\u00e1lyzatot; <strong>Sepp Maier, Franz Beckenbauer, Paul Breitner, Franz Roth, Uli Hoeness, Franz Krauthausen<\/strong> \u00e9s <strong>Gerd M\u00fcller<\/strong> teljes\u00edtm\u00e9ny\u00e9t 2-essel sz\u00edveskedett elismerni. M\u00fcller t\u00edzszer \u00e9rt el n\u00e9gy, n\u00e9gyszer \u00f6t g\u00f3lt.\r\n\r\n<strong>1972. m\u00e1jus 26.\u00a0<\/strong>Gerd M\u00fcller mesterh\u00e1rmast \u00e9rt el a m\u00fcncheni Olimpiai stadion avat\u00e1s\u00e1n, az NSZK\u2013Szovjetuni\u00f3 m\u00e9rk\u0151z\u00e9sen (4-1). Huszonh\u00e1rom nappal k\u00e9s\u0151bb Br\u00fcsszelben ugyanez a k\u00e9t csapat v\u00edvta az Eur\u00f3pa-bajnoks\u00e1g d\u00f6nt\u0151j\u00e9t \u2013 a magyar v\u00e1logatott negyedik lett \u2013, \u00e9s a 3-0-s m\u00e9rk\u0151z\u00e9sen M\u00fcller ugyan\u00fagy k\u00e9t g\u00f3lt szerzett, mint a belg\u00e1k elleni el\u0151d\u00f6nt\u0151ben (2-1). M\u00e9g sz\u00e9p, hogy beker\u00fclt a torna \u00e1lom tizenegy\u00e9be.\r\n\r\n[caption id=\"attachment_1744\" align=\"alignnone\" width=\"1024\"]<img class=\"wp-image-1744 size-large\" src=\"https:\/\/sport24.24.hu\/app\/uploads\/sites\/24\/2021\/08\/043_dpa-pa_201030-99-139374_dpai-1024x758.jpg\" alt=\"\" width=\"1024\" height=\"758\" \/> M\u00fcller els\u0151 g\u00f3lj\u00e1nak pillanata a Szovjetuni\u00f3 ellen[\/caption]\r\n\r\n<strong>1974. \u00e1prilis 20.\u00a0<\/strong>A BEK-el\u0151d\u00f6nt\u0151 visszav\u00e1g\u00f3j\u00e1n: Bayern M\u00fcnchen\u2013\u00dajpest 3-0, \u00f6sszes\u00edt\u00e9sben 4-1. A kinti meccs harmadik g\u00f3lj\u00e1t M\u00fcller szerezte. Az Atletico Madriddal v\u00edvott d\u00f6nt\u0151ben<strong> Georg Schwarzenbeck a<\/strong> sz\u00e1zhuszadik percben egyenl\u00edtett (1-1). A megism\u00e9telt tal\u00e1lkoz\u00f3n a bajor csapat 4-0-ra nyert, Gerd M\u00fcller \u00e9s Uli Hoeness egyar\u00e1nt k\u00e9tszer k\u00fcldte a labd\u00e1t a spanyol egy\u00fcttes h\u00e1l\u00f3j\u00e1ba. A Bayern a k\u00f6vetkez\u0151 k\u00e9t esztend\u0151ben is elh\u00f3d\u00edtotta a kontinens leg\u00e9rt\u00e9kesebb klubtr\u00f3fe\u00e1j\u00e1t. Az 1976-os el\u0151d\u00f6nt\u0151ben mindh\u00e1rom n\u00e9met g\u00f3lt M\u00fcller \u00e9rte el a Real Madrid ellen (1-1, 2-0).\r\n\r\n<strong>1974. j\u00falius 7.<\/strong> Az NSZK v\u00e1logatottja 1954, \u201ea berni csoda\u201d ut\u00e1n h\u00fasz \u00e9vvel \u00fajra elnyerte a vil\u00e1gbajnoki c\u00edmet. A hollandok elleni tal\u00e1lkoz\u00f3 (2-1) gy\u0151ztes g\u00f3lj\u00e1t M\u00fcller l\u0151tte. Mivel a feles\u00e9g\u00e9t nem engedt\u00e9k be a bankettre \u2013 ahogyan a t\u00f6bbi j\u00e1t\u00e9kos hitves\u00e9t sem \u2013, a center lemondta a v\u00e1logatotts\u00e1got. A c\u00edmeres mezben 62 m\u00e9rk\u0151z\u00e9sen 68 g\u00f3lt termelt.\r\n\r\n[caption id=\"attachment_1743\" align=\"alignnone\" width=\"1024\"]<img class=\"wp-image-1743 size-large\" src=\"https:\/\/sport24.24.hu\/app\/uploads\/sites\/24\/2021\/08\/000_9l72lc-1024x743.jpg\" alt=\"\" width=\"1024\" height=\"743\" \/> A gy\u0151ztes g\u00f3l[\/caption]\r\n\r\n<strong>1991. november 8.<\/strong>\u00a0A Bild Zeitungban nyilatkozott elvon\u00f3k\u00far\u00e1j\u00e1r\u00f3l. Alkohol-f\u00fcgg\u0151s\u00e9ge miatt \u00e9let-hal\u00e1l k\u00f6z\u00f6tt lebegett az intenz\u00edv oszt\u00e1lyon, \u00f6t napig nem tudott mag\u00e1r\u00f3l. Ut\u00e1na naponta h\u00e1rom csoportfoglalkoz\u00e1son kellett r\u00e9szt vennie; aki \u00f6sszesen kilencr\u0151l kimaradt, azt menthetetlen\u00fcl elbocs\u00e1tott\u00e1k. A vb-aranyn\u00e1l is nagyobb eredm\u00e9nynek tartotta, hogy bennmaradt. H\u00fasz \u00e9vvel k\u00e9s\u0151bb elt\u0171nt a Bayern edz\u0151t\u00e1bor\u00e1b\u00f3l. F\u00e9l napon \u00e1t kerest\u00e9k, s amikor v\u00e9gre megtal\u00e1lt\u00e1k, nem volt besz\u00e1m\u00edthat\u00f3 \u00e1llapotban. A klub 2015-ben tette k\u00f6zz\u00e9, hogy Alzheimer-k\u00f3rban szenved, \u00e9s \u00f6regek otthon\u00e1ban kezelik.\r\n\r\n<strong>1999. november 30.\u00a0<\/strong>A m\u00falt sz\u00e1zad harmadik legjobb n\u00e9met labdar\u00fag\u00f3j\u00e1nak v\u00e1lasztott\u00e1k Franz Beckenbauer \u00e9s <strong>Fritz Walter<\/strong> m\u00f6g\u00f6tt. A gy\u0151ztes \u201eCs\u00e1sz\u00e1r\u201d \u00e9s t\u00f6bb m\u00e1s kiv\u00e1l\u00f3s\u00e1g szerint M\u00fcllern\u00e9l nem volt fontosabb labdar\u00fag\u00f3 az 1954 ut\u00e1ni n\u00e9met futballt\u00f6rt\u00e9netben.\r\n\r\n<img class=\"alignnone wp-image-1729 size-large\" src=\"https:\/\/sport24.24.hu\/app\/uploads\/sites\/24\/2021\/08\/043_dpa_1354559-1024x930.jpg\" alt=\"\" width=\"1024\" height=\"930\" \/>","type":"rich","thumbnail_url":"https:\/\/s.24.hu\/app\/uploads\/sites\/24\/2021\/08\/043_dpa-pa_252064721-150x150.jpg","thumbnail_width":150,"thumbnail_height":150}