{"version":"1.0","provider_name":"Sport24","provider_url":"https:\/\/sport24.24.hu","author_name":"Bruckner G\u00e1bor","author_url":"https:\/\/sport24.24.hu\/author\/brucknerg\/","title":"Kinek hi\u00e1nyoznak a nagy szt\u00e1rok az Eb-el\u0151d\u00f6nt\u0151b\u0151l?","html":"Az el\u0151d\u00f6nt\u0151kh\u00f6z \u00e9rve is el lehet mondani, hogy minden el\u0151jel ellen\u00e9re kellemes meglepet\u00e9s ez az Eur\u00f3pa-bajnoks\u00e1g: hi\u00e1ba a maratoni hossz\u00fas\u00e1g\u00fa szezon, a rendhagy\u00f3 lebonyol\u00edt\u00e1s \u00e9s a pand\u00e9mia \u00f6sszes zavar\u00f3 mell\u00e9khat\u00e1sa, a kontinenstorna eddig maxim\u00e1lisan sz\u00f3rakoztat\u00f3 \u00e9s sz\u00ednvonalas meccsekkel szolg\u00e1lt. A negyedd\u00f6nt\u0151k sem okoztak csal\u00f3d\u00e1st, m\u00e9g ha az \u00f6sszesen tizenn\u00e9gy g\u00f3lt hoz\u00f3 j\u00fanius 28-i \u0151r\u00fcletet nem is siker\u00fclt megism\u00e9telni. Az el\u0151d\u00f6nt\u0151 mez\u0151ny\u00e9n v\u00e9gigtekintve azonban felt\u0171nhet, hogy a legismertebb nevek, a legnagyobb szt\u00e1roknak tartott futballist\u00e1k m\u00e1r nincsenek vel\u00fcnk:\r\n\r\n<span class=\"highlight-block\">elb\u00facs\u00fazott Cristiano Ronaldo, Kylian Mbapp\u00e9, Robert Lewandowski, csak\u00fagy, mint Kevin De Bruyne vagy Karim Benzema. <\/span>\r\n\r\nB\u00e1r tavaly az Aranylabd\u00e1t a j\u00e1rv\u00e1ny miatt nem osztott\u00e1k ki, \u00e9rdemes megn\u00e9zni az egy\u00e9b nemzetk\u00f6zi list\u00e1kat: a FIFA 2020-as szavaz\u00e1s\u00e1n az els\u0151 tizenegy helyezettb\u0151l egyed\u00fcl <strong>Thiago Alcantara<\/strong> \u00e1ll m\u00e9g (pedig nem is kezd\u0151ember a spanyolokn\u00e1l). <a href=\"https:\/\/www.theguardian.com\/football\/ng-interactive\/2020\/dec\/21\/the-100-best-male-footballers-in-the-world-2020\" target=\"_blank\" rel=\"noopener noreferrer\">A Guardian tavaly \u00e9v v\u00e9gi hasonl\u00f3 szavaz\u00e1s\u00e1n<\/a> az els\u0151 tizen\u00f6t helyezettb\u0151l nincs itt senki, s\u0151t az els\u0151 h\u00faszb\u00f3l is csak ketten, a m\u00e1r eml\u00edtett Thiago \u00e9s <strong>Harry Kane<\/strong>. A spanyol <a href=\"https:\/\/www.marca.com\/en\/football\/international-football\/2020\/12\/31\/5feda523268e3e943f8b45fc.html\" target=\"_blank\" rel=\"noopener noreferrer\">Marca \u00e9v v\u00e9gi list\u00e1j\u00e1b\u00f3l<\/a> is az els\u0151 jelenl\u00e9v\u0151 a tizennegyedik, <strong>Ciro Immobile<\/strong>, m\u00edg a <a href=\"https:\/\/www.goal.com\/en\/lists\/goal-50-2020-the-best-50-players-in-the-world\/1drx0x11z7i8a17j14njsth0ew#1546yk2k8wqtg1hzgsjt2b4ief\" target=\"_blank\" rel=\"noopener noreferrer\">Goal.com list\u00e1j\u00e1n<\/a> a tizenkettedik Thiago az els\u0151, aki m\u00e9g talpon maradt.\r\n\r\nRosszabb lett ett\u0151l a torna? Nan\u00e1, hogy nem! Most tekints\u00fcnk el att\u00f3l, hogy \u00edgy is fantasztikus j\u00e1t\u00e9kosok vannak a m\u00e9g \u00e9rdekelt csapatokban (r\u00e1ad\u00e1sul az idei Bajnokok Lig\u00e1ja-d\u00f6nt\u0151ben l\u00e1tott futballist\u00e1k k\u00f6z\u00fcl is vel\u00fcnk maradt m\u00e9g t\u00edz), mert a labdar\u00fag\u00e1snak is megvannak a val\u00f3di h\u00faz\u00f3nevei, \u00e9s <strong>Andreas Christensen<\/strong> vagy <strong>Phil Foden<\/strong> \u2013 egyel\u0151re \u2013 nem tartozik k\u00f6z\u00e9j\u00fck. Ez az Eb viszont els\u0151sorban a csapategys\u00e9g \u00e9s a sz\u00f6vets\u00e9gi kapit\u00e1nyok torn\u00e1ja eddig, ami nem jelenti azt, hogy ne lettek volna par\u00e1d\u00e9s egy\u00e9ni teljes\u00edtm\u00e9nyek. De \u00f6sszehasonl\u00edtva p\u00e9ld\u00e1ul a legut\u00f3bbi vil\u00e1gbajnoks\u00e1ggal, az sokkal ink\u00e1bb a szt\u00e1rokr\u00f3l sz\u00f3lt: <strong>Modricr\u00f3l<\/strong>, De Bruyn\u00e9r\u0151l, <strong>Hazard-r\u00f3l<\/strong>, meg persze Mbapp\u00e9r\u00f3l, <strong>Griezmannr\u00f3l<\/strong> \u00e9s a majdnem minden poszton vil\u00e1gklasszisokb\u00f3l \u00e1ll\u00f3 francia csapatr\u00f3l. Az id\u00e9n viszont v\u00e1ltozott a helyzet, de a szt\u00e1rok hi\u00e1nya egyel\u0151re nem ment a min\u0151s\u00e9g rov\u00e1s\u00e1ra.\r\n<div class=\"payable-content-section\"><\/div>\r\n\r\n[caption id=\"attachment_1239\" align=\"alignnone\" width=\"1024\"]<img class=\"size-large wp-image-1239\" src=\"https:\/\/sport24.24.hu\/app\/uploads\/sites\/24\/2021\/07\/gettyimages-1324731576-1024x770.jpg\" alt=\"\" width=\"1024\" height=\"770\" \/> Phil Foden[\/caption]\r\n\r\nPedig ez ut\u00f3bbi egy\u00e1ltal\u00e1n nem mag\u00e1t\u00f3l \u00e9rtet\u0151d\u0151, hiszen reggelig tudn\u00e1nk sorolni a biztons\u00e1gi j\u00e1t\u00e9kos, hal\u00e1losan unalmas nulla-null\u00e1kat vagy egy-null\u00e1kat az elm\u00falt j\u00f3 harminc \u00e9v nagy torn\u00e1ir\u00f3l \u2013 ha nem mentek volna ki a fej\u00fcnkb\u0151l m\u00e1r a lef\u00faj\u00e1s pillanat\u00e1ban. A v\u00e1logatott futball ugyanis nagy vesztese volt a klubfoci fejl\u0151d\u00e9s\u00e9nek: m\u00edg eg\u00e9szen a nyolcvanas \u00e9vekig a vb-k \u00e9s Eb-k voltak a futball val\u00f3di \u00fcnnepei, amelyeken k\u00fcl\u00f6nf\u00e9le j\u00e1t\u00e9kst\u00edlusok \u00e9s -felfog\u00e1sok fesz\u00fcltek egym\u00e1snak, s\u0151t a nagy taktikai \u00faj\u00edt\u00e1sok is gyakran a nemzeti csapatokhoz kapcsol\u00f3dtak, a v\u00e1logatott foci szerepe \u00e1talakult. Az 1990-es olaszorsz\u00e1gi vb volt az els\u0151, amelyen m\u00e1r hasonl\u00f3an pragmatikus futballt j\u00e1tszott a brazilokt\u00f3l az olaszokig mindenki, \u00e9s a helyzet k\u00e9s\u0151bb csak fokoz\u00f3dott: a legjobb edz\u0151k ink\u00e1bb a klubcsapatokat v\u00e1lasztott\u00e1k, a sz\u00f6vets\u00e9gi kapit\u00e1nyoknak pedig egyre kevesebb id\u0151 \u00e1ll a rendelkez\u00e9s\u00fckre, hogy valami csapatszer\u0171s\u00e9get form\u00e1ljanak a j\u00e1t\u00e9kosaikb\u00f3l. Ahogyan azt <a href=\"https:\/\/sport24.24.hu\/foci\/2021\/07\/01\/aranybol-sar-legorjitobb-sztarvalogatottak-vb-eb\/\" target=\"_blank\" rel=\"noopener noreferrer\">ebben a cikk\u00e9ben<\/a> <strong>Marosi Gergely<\/strong> is megfogalmazta korunk tornafocij\u00e1r\u00f3l:\r\n<blockquote>Minden arra \u00f6szt\u00f6k\u00e9l, hogy a v\u00e1logatottak min\u00e9l egyszer\u0171bben, min\u00e9l pragmatikusabban j\u00e1tsszanak. Lehet, hogy ez nem sz\u00e9p, de ha hasznos, az m\u00e1r \u00e9pp el\u00e9g j\u00f3.<\/blockquote>\r\nMindebb\u0151l annak kellett volna k\u00f6vetkeznie, hogy az ez az Eur\u00f3pa-bajnoks\u00e1g holtf\u00e1radt, kizsigerelt j\u00e1t\u00e9kosok k\u00f6teless\u00e9gszer\u0171, kock\u00e1zatker\u00fcl\u0151 poroszk\u00e1l\u00e1sa legyen, pl\u00e1ne mostanra m\u00e1r ugye a nagy szt\u00e1rok villan\u00e1saiban se b\u00edzhatunk. Ehhez k\u00e9pest egy d\u00e1n\u2013cseh meccs semmivel sem volt rosszabb \u00e9lm\u00e9ny, mint b\u00e1rmelyik BL-p\u00e1rbaj az ut\u00f3bbi \u00e9vekb\u0151l, \u00e9s nagyj\u00e1b\u00f3l a teljes kies\u00e9ses szakaszra igaz lehet ez. Ami k\u00fcl\u00f6n\u00f6sen az\u00e9rt \u00e9rdekes, mert az eur\u00f3pai Szuperliga mellett is az az egyik visszat\u00e9r\u0151 \u00e9rv, hogy h\u00e9tr\u0151l h\u00e9tre l\u00e1thatn\u00e1nk a legjobb j\u00e1t\u00e9kosokat egym\u00e1s ellen, mik\u00f6zben most \u00fajra bebizonyosodott, hogy a legjobb focit nem felt\u00e9tlen\u00fcl a legnagyobb nevek j\u00e1tssz\u00e1k. Kellenek \u0151k is hozz\u00e1, de m\u00e1r a BL-ben is ritkas\u00e1g, hogy <strong>Seferovicokb\u00f3l<\/strong> \u00e9s <strong>Zuberekb\u0151l<\/strong> \u00e1ll\u00f3 csapatok b\u00facs\u00faztassanak egy PSG-t vagy egy Barcelon\u00e1t. Mik\u00f6zben az egyre elker\u00fclhetetlenebbnek t\u0171n\u0151 Szuperlig\u00e1ban nem is tal\u00e1lkozhatn\u00e1nak egym\u00e1ssal. A v\u00e1logatott fociban viszont ezek a k\u00fcl\u00f6nbs\u00e9gek sokkal ink\u00e1bb elt\u00fcntethet\u0151k.\r\n\r\n[central_article_recommendation title=\"Kapcsol\u00f3d\u00f3\" url=\"https:\/\/sport24.24.hu\/sport\/2021\/06\/30\/talalkozzon-szemelyesen-a-sport24-csapataval\/\" image=\"1\" lead=\"1\"]\r\n\r\nNyilv\u00e1n a sorsol\u00e1s nagym\u00e9rt\u00e9kben befoly\u00e1solja egy-egy torna alakul\u00e1s\u00e1t, de kev\u00e9s vita lehet arr\u00f3l, hogy az el\u0151d\u00f6nt\u0151be jut\u00f3k v\u00e9gs\u0151 soron meg\u00e9rdemelten ker\u00fcltek a legjobb n\u00e9gy k\u00f6z\u00e9. Mind a n\u00e9gy sz\u00f6vets\u00e9gi kapit\u00e1nyr\u00f3l elmondhat\u00f3, hogy mark\u00e1ns elk\u00e9pzel\u00e9se van a futballr\u00f3l, \u00e9s ennek siker\u00fclt al\u00e1rendelni mindent, m\u00edg a kiesett csapatok k\u00f6z\u00f6tt t\u00f6bb is ink\u00e1bb a szt\u00e1rok eg\u00f3j\u00e1hoz igaz\u00edtotta a j\u00e1t\u00e9k\u00e1t. Ez ut\u00f3bbira az egyik legjobb p\u00e9lda Portug\u00e1lia. Ez az egy\u00fcttes nem \u00fagy viselkedett, mint egy futballcsapat, amelyben tizenegy j\u00e1t\u00e9kos k\u00fczd a gy\u0151zelem\u00e9rt, hanem mintha a legfontosabb c\u00e9lja Cristiano Ronaldo g\u00f3lkir\u00e1lyi c\u00edme \u00e9s egy\u00e9n dics\u0151s\u00e9ge lenne, minden m\u00e1s csak az ut\u00e1n k\u00f6vetkezett. A portug\u00e1l keret az egyik leger\u0151sebb volt ezen az Eb-n, m\u00e9gis olyan j\u00e1t\u00e9kosok ker\u00fcltek a kispadra, akik bombaform\u00e1ban j\u00e1tszott\u00e1k v\u00e9gig az id\u00e9nyt, \u00e9s l\u00e1that\u00f3an senki nem mert sz\u00f3lni Ronald\u00f3nak, hogy tisztel\u00fcnk, becs\u00fcl\u00fcnk, de nem te vagy a legjobb szabadr\u00fag\u00e1sl\u00f6v\u0151 a csapatban. Ha pedig egy csapat ennyire egy ember eg\u00f3j\u00e1nak rendel al\u00e1 mindent, abb\u00f3l hossz\u00fa t\u00e1von nem sok j\u00f3 sz\u00e1rmazik. F\u0151leg, hogy a t\u00f6bbiek sem ak\u00e1rkik ebben a t\u00e1rsas\u00e1gban, amely ma m\u00e1r \u2013 \u00e9s ezt csak halkan jegyezz\u00fck meg \u2013\r\n\r\n<span class=\"highlight-block\">nem biztos, hogy Ronaldo n\u00e9lk\u00fcl annyival gyeng\u00e9bb lenne...<\/span>\r\n\r\nVagy vegy\u00fck a vil\u00e1gbajnoki c\u00edmv\u00e9d\u0151 franci\u00e1kat, akiket el\u0151zetesen a torna toronymagas es\u00e9lyes\u00e9nek tartottak a szak\u00e9rt\u0151k. <strong>Didier Deschamps<\/strong> egy\u00fcttese m\u00e1r a magyarok elleni m\u00e9rk\u0151z\u00e9sen sem keltette egys\u00e9ges v\u00e1logatott benyom\u00e1s\u00e1t, de \u00edgy is megnyerte a csoportot, hogy azt\u00e1n kiessen a j\u00f3val szer\u00e9nyebb j\u00e1t\u00e9ker\u0151t k\u00e9pvisel\u0151 sv\u00e1jciak ellen. A francia t\u00e1borb\u00f3l m\u00e1r kor\u00e1bban is sz\u00e9th\u00faz\u00e1sr\u00f3l j\u00f6ttek h\u00edrek, a kies\u00e9s ut\u00e1n pedig f\u00e9l Eur\u00f3pa Mbapp\u00e9 eg\u00f3j\u00e1r\u00f3l \u00e9s <strong>Rabiot<\/strong> \u00e9desanyj\u00e1r\u00f3l besz\u00e9lt. Kevesebb sz\u00f3 esett viszont arr\u00f3l, hogy Deschamps sutba dobott egy addig j\u00f3l m\u0171k\u00f6d\u0151 j\u00e1t\u00e9krendszert Karim Benzema kedv\u00e9\u00e9rt, akinek minimum necces \u00fcgyei voltak kor\u00e1bban, \u00e9s k\u00f6zismerten rossz a viszonya <strong>Olivier Giroud-val<\/strong>. Benzema visszah\u00edv\u00e1sa persze els\u0151 r\u00e1n\u00e9z\u00e9sre j\u00f3 h\u00faz\u00e1snak t\u0171nhet, hiszen l\u0151tt n\u00e9gy g\u00f3lt, de ebben az esetben is felvet\u0151dhet a k\u00e9rd\u00e9s, hogy lehet: t\u00f6bbre ment volna a csapat a jelenl\u00e9t\u00e9b\u0151l ered\u0151 m\u00e9rgez\u0151 l\u00e9gk\u00f6r n\u00e9lk\u00fcl. Deschamps r\u00e1ad\u00e1sul a vb-vel ellent\u00e9tben k\u00e9ptelen volt megbirk\u00f3zni az eg\u00f3kkal: mintha nem is csapatot akart volna csin\u00e1lni, hanem min\u00e9l t\u00f6bb szt\u00e1rt a p\u00e1ly\u00e1ra k\u00fcldeni, akik legink\u00e1bb csak saj\u00e1t maguk\u00e9rt k\u00fczd\u00f6ttek, \u00e9s semmi esetre sem egym\u00e1s\u00e9rt.\r\n\r\n[caption id=\"attachment_1240\" align=\"alignnone\" width=\"1024\"]<img class=\"size-large wp-image-1240\" src=\"https:\/\/sport24.24.hu\/app\/uploads\/sites\/24\/2021\/07\/gettyimages-1325971793-1024x683.jpg\" alt=\"\" width=\"1024\" height=\"683\" \/> Karim Benzema \u00e9s Olivier Giroud[\/caption]\r\n\r\nDeschamps meg portug\u00e1l koll\u00e9g\u00e1ja, <strong>Fernando Santos<\/strong> azonban a kor\u00e1bbi eredm\u00e9nyeinek k\u00f6sz\u00f6nhet\u0151en maradhat a hely\u00e9n, \u00e9s a jelek szerint tov\u00e1bb dolgozhat <strong>Roberto Martinez<\/strong> is, noha \u0151 m\u00e9g semmit sem nyert a sokra hivatott belga v\u00e1logatottal. Martinez most mindent egy lapra, Kevin De Bruyne szakadt bokaszalagj\u00e1ra tett fel: ez abb\u00f3l a szempontb\u00f3l \u00e9rthet\u0151, hogy a Manchester City futballist\u00e1ja messze a legjobb \u00e9s legfontosabb j\u00e1t\u00e9kosa ennek a belga v\u00e1logatottnak. Az olaszok ellen azonban tiszt\u00e1n l\u00e1tszott, hogy s\u00e9r\u00fclten v\u00e1llalta a j\u00e1t\u00e9kot, \u00e9s a m\u00e1sodik f\u00e9lid\u0151ben m\u00e1r gyakorlatilag nem volt j\u00f3 megold\u00e1sa, m\u00e9gis a p\u00e1ly\u00e1n maradhatott. \u00c9s nan\u00e1, hogy maradt, hiszen Martinez taktik\u00e1ja legink\u00e1bb abb\u00f3l \u00e1llt, hogy majd De Bruyne megoldja valahogy. Olyan apr\u00f3s\u00e1gokra, hogy, mondjuk, a v\u00e9d\u0151it figyelmeztesse, ne hagyj\u00e1k l\u0151ni <strong>Insign\u00e9t<\/strong>, a jelek szerint m\u00e1r nem maradt energi\u00e1ja.\r\n\r\nPedig volt az Eb-n m\u00e1s csapat is, amely a legjobbja n\u00e9lk\u00fcl maradt: D\u00e1nia eg\u00e9szen dr\u00e1mai k\u00f6r\u00fclm\u00e9nyek k\u00f6z\u00f6tt vesz\u00edtette el <strong>Christian Eriksent<\/strong>, \u00e1m a k\u00e9nyszer\u0171s\u00e9gb\u0151l \u00e1tszervezett egy\u00fcttes jobban j\u00e1tszik, mint a k\u00f6zelm\u00falt b\u00e1rmelyik d\u00e1n v\u00e1logatottja. Sokat sz\u00e1m\u00edtott persze, hogy Eriksen esete soha nem l\u00e1tott m\u00f3don kov\u00e1csolta \u00f6ssze a csapategys\u00e9get, de ez \u00f6nmag\u00e1ban m\u00e9g nem magyar\u00e1zza meg, hogyan alak\u00edtotta \u00e1t <strong>Kasper Hjulmand<\/strong> a finnek ellen m\u00e9g a legkev\u00e9sb\u00e9 sem meggy\u0151z\u0151 t\u00e1mad\u00f3j\u00e1t\u00e9kot. A spanyolok pedig m\u00e9g ezt is \u00fcberelni tudt\u00e1k, hiszen <strong>Luis Enrique<\/strong> is n\u00e9lk\u00fcl\u00f6zi a messze legnevesebb j\u00e1t\u00e9kos\u00e1t. Noha az id\u00e9n sokat kihagy\u00f3 <strong>Sergio Ramos<\/strong> j\u00e1t\u00e9kra jelentkezett, \u00e9s a saj\u00e1t bevall\u00e1sa szerint eg\u00e9szs\u00e9ges, a kapit\u00e1ny \u00fagy d\u00f6nt\u00f6tt, a jelenlegi \u00e1llapot\u00e1ban nem jelentene er\u0151s\u00edt\u00e9st a csapatnak. A d\u00f6nt\u00e9s term\u00e9szetesen megosztotta a spanyol k\u00f6zv\u00e9lem\u00e9nyt \u2013 ahogyan <strong>Jesus Navas, Canale<\/strong>s vagy a Real Madrid-j\u00e1t\u00e9kosok mell\u0151z\u00e9se is \u2013, Enrique csapata m\u00e9gis ott van a legjobb n\u00e9gy k\u00f6z\u00f6tt. \u00c9s ugyan k\u00e9tszer is majdnem elsz\u00f3rakozt\u00e1k a tov\u00e1bbjut\u00e1st, az pontosan l\u00e1tszik rajtuk, hogy a kapit\u00e1nyuk mit szeretne t\u0151l\u00fck. Enrique nem is titkolta:\r\n\r\n<span class=\"highlight-block\">csak azokat h\u00edvta be, akik vev\u0151k az \u0151 elk\u00e9pzel\u00e9seire.<\/span>\r\n\r\nA spanyolok ellenfele az az olasz v\u00e1logatott lesz, amely \u2013 \u00f6sszehasonl\u00edtva a kor\u00e1bbi \u00e9vek csapataival \u2013 tal\u00e1n most vonultatja fel a legkevesebb nagy nevet. Ott van ugyan a veter\u00e1n <strong>Bonucci, Chiellini<\/strong> kett\u0151s, vagy a friss BL-gy\u0151ztes <strong>Jorginho<\/strong>, \u00e1m ennek a garnit\u00far\u00e1nak nincs <strong>Pirlo<\/strong> vagy <strong>Totti<\/strong> szint\u0171 klasszisa. De m\u00e9g olyan \u00fct\u0151k\u00e1rty\u00e1ja sem, mint <strong>Balotelli<\/strong> volt 2012-ben. M\u00e9gis jobb futballt j\u00e1tszik, mint a \u201882-es vil\u00e1gbajnok olasz v\u00e1logatott \u00f3ta b\u00e1rmelyik (most a belg\u00e1k elleni utols\u00f3 negyed\u00f3r\u00e1t hagyjuk). Ez pedig nyilv\u00e1n nem f\u00fcggetlen att\u00f3l, hogy <strong>Roberto Mancini<\/strong> szem\u00e9ly\u00e9ben itt dolgozik az eg\u00e9sz mez\u0151ny legsikeresebb edz\u0151je, aki k\u00e9pes r\u00e1, hogy a rendelkez\u00e9s\u00e9re \u00e1ll\u00f3 j\u00e1t\u00e9kosanyagb\u00f3l kihozza a maximumot. Akkor is, ha azok szt\u00e1rcsapatok helyett a Sassuol\u00f3ban j\u00e1tszanak. Az pedig, hogy mindez akkor t\u00f6rt\u00e9nik, amikor az olasz csapatok s\u00falya minden kor\u00e1bbin\u00e1l kisebb az eur\u00f3pai klubtorn\u00e1kon, pl\u00e1ne Mancini szerep\u00e9t mutatja.\r\n\r\nA legnagyobb szeml\u00e9letbeli kontraszt viszont alighanem Anglia csapat\u00e1n\u00e1l \u00e9rz\u00e9kelhet\u0151. Az ut\u00f3bbi h\u00fasz \u00e9vben a v\u00e1logatott t\u00f6bbsz\u00f6r is es\u00e9lyesk\u00e9nt \u00e9rkezett a torn\u00e1kra, de m\u00e9g egy el\u0151d\u00f6nt\u0151t sem tudtak \u00f6sszehozni <strong>Gareth Southgate<\/strong> rutinos el\u0151dei.<strong> Sven-G\u00f6ran Eriksson<\/strong> vagy <strong>Fabio Capello<\/strong> csak arra ford\u00edtott energi\u00e1t, hogy min\u00e9l t\u00f6bb nagy nevet zs\u00fafoljon a kezd\u0151csapatba, ak\u00e1r azon az \u00e1ron is, hogy, mondjuk, <strong>Scholes<\/strong> vagy <strong>Gerrard<\/strong> a bal sz\u00e9lre ker\u00fcl. Oda, ahol \u00e9let\u00e9ben nem j\u00e1tszott kor\u00e1bban. Vagy eml\u00e9kezhet\u00fcnk <strong>Roy Hodgsonra<\/strong>, akinek \u2013 \u00fagy t\u0171nt \u2013 volt egy csapata a legut\u00f3bbi Eb el\u0151tt, \u00e1m \u0151 minden\u00e1ron helyet akart szor\u00edtani a lesz\u00e1ll\u00f3 \u00e1gban l\u00e9v\u0151 <strong>Wayne Rooneynak<\/strong>, m\u00e9g k\u00f6z\u00e9pp\u00e1ly\u00e1sk\u00e9nt is. A k\u00eds\u00e9rlet nem j\u00e1rt eredm\u00e9nnyel, Anglia b\u00facs\u00fazott Izland ellen. Most viszont itt van Southgate, aki \u00e9ppen az ellenkez\u0151j\u00e9t csin\u00e1lja: az el\u0151re kital\u00e1lt j\u00e1t\u00e9krendhez v\u00e1logatja a j\u00e1t\u00e9kosokat, nem pedig a gombhoz varrja a kab\u00e1tot. Hi\u00e1ba k\u00f6veteli \u0151rj\u00f6ngve az eg\u00e9sz k\u00f6zv\u00e9lem\u00e9ny a kezd\u0151be <strong>Jack Grealisht<\/strong>, \u0151 gondolkod\u00e1s n\u00e9lk\u00fcl a padon hagyja, ha \u00fagy k\u00edv\u00e1nja a csapat\u00e9rdek, \u00e9s sim\u00e1n lecser\u00e9lte Kane-t is a csoportmeccseken. Ehhez tegy\u00fck hozz\u00e1 azt is: b\u00e1r lehet, hogy nincsenek m\u00e9g Gerrard, <strong>Lampard<\/strong> vagy <strong>Beckham<\/strong> kaliber\u0171 klasszisok ebben az angol csapatban, ez a mostani keret is f\u00e9lelmetesen er\u0151s. \u00c9s Southgate megteheti azt is, hogy csak az \u00f6t\u00f6dik meccs\u00e9n teszi a kezd\u0151be <strong>Jadon Sanch\u00f3t<\/strong>.\r\n\r\n<span class=\"highlight-block-small\">Ebben a n\u00e9gy kapit\u00e1nyban teh\u00e1t k\u00f6z\u00f6s, hogy l\u00e1that\u00f3an nem nyugd\u00edjkieg\u00e9sz\u00edt\u00e9snek \u00e9s levezet\u00e9snek fogja fel a v\u00e1logatottn\u00e1l folytatott munk\u00e1t. <\/span>\r\n\r\n\u0150k nem hagyj\u00e1k magukat befoly\u00e1solni a m\u00e9di\u00e1t\u00f3l \u00e9s a k\u00f6zv\u00e9lem\u00e9nyt\u0151l, mik\u00f6zben hat\u00e1rozott az elk\u00e9pzel\u00e9s\u00fck arr\u00f3l, mit akarnak l\u00e1tni a p\u00e1ly\u00e1n. Nem \u0151k az egyed\u00fcliek, hiszen <strong>Jaroslav Silhavyt\u00f3l<\/strong> kezdve <strong>Andrij Sevcsenk\u00f3n<\/strong> \u00e9s <strong>Vladimir Petkovicon<\/strong> \u00e1t eg\u00e9szen <strong>Marco Rossiig<\/strong> sz\u00e1mos kapit\u00e1ny hozta ki a maximumot a fiaib\u00f3l, s m\u00e9g az is lehet: ez az Eb egy \u00e1llom\u00e1s lesz azon az \u00faton, amely a v\u00e1logatott foci \u00fajb\u00f3li megbecs\u00fcl\u00e9s\u00e9hez vezet.\r\n\r\nPl\u00e1ne, ha m\u00e9g n\u00e9h\u00e1ny tov\u00e1bbi, <strong>Hansi Flick<\/strong> szint\u0171 edz\u0151 v\u00e1llalna kapit\u00e1nys\u00e1got, m\u00e9g azt az el\u0151re el\u00e1tkozott, j\u00f6v\u0151 \u00e9v v\u00e9gi katari vb-t is lehetne mi\u00e9rt v\u00e1rni.\r\n\r\n[prefabricated_shortcode in_app=\"0\" code=\"%3Cdiv%20class%3D%22article_box_border%22%20style%3D%22background%3A%20url%28%27https%3A%2F%2F24.p3k.hu%2Fapp%2Fuploads%2Fsites%2F24%2F2021%2F05%2Fsport24-pattern.png%27%29%20no-repeat%20left%20-16px%20%23f3f3f4%3B%20border%3A%20none%3B%22%3E%0D%0A%3Cdiv%20class%3D%22article_solidheader%22%3E%0D%0A%3Ch2%20style%3D%22color%3A%20%23111115%21important%3B%20font-size%3A%2036px%3B%20font-weight%3A%20bold%3B%20margin-bottom%3A%2030px%3B%20margin-top%3A%2020px%3B%20text-align%3A%20center%3B%20line-height%3A%2036px%3B%22%3E%3Cimg%20class%3D%22aligncenter%20size-full%20wp-image-141%22%20src%3D%22https%3A%2F%2F24.p3k.hu%2Fapp%2Fuploads%2Fsites%2F24%2F2021%2F05%2Fs24-logo-dt.png%22%20alt%3D%22%22%20width%3D%22408%22%20height%3D%2290%22%20%2F%3E%3C%2Fh2%3E%0D%0A%3Ch2%20style%3D%22color%3A%20%23111115%21important%3B%20font-size%3A%2036px%3B%20font-weight%3A%20bold%3B%20margin-bottom%3A%2030px%3B%20margin-top%3A%2020px%3B%20text-align%3A%20center%3B%20line-height%3A%2040px%3B%22%3ECsatlakozz%20a%20Sport24%20k%C3%B6z%C3%B6ss%C3%A9ghez%2C%20mondd%20el%20v%C3%A9lem%C3%A9nyedet%20z%C3%A1rt%20Facebook-csoportunkban%2C%20%C3%A9s%20vegy%C3%A9l%20r%C3%A9szt%20csak%20el%C5%91fizet%C5%91knek%20el%C3%A9rhet%C5%91%20exkluz%C3%ADv%20esem%C3%A9nyeinken.%3C%2Fh2%3E%0D%0A%3C%2Fdiv%3E%0D%0A%3Cp%20style%3D%22background%3A%20%2357A600%3B%20margin-top%3A%2020px%3B%20padding%3A%2020px%3B%20text-align%3A%20center%3B%22%3E%3Ca%20style%3D%22color%3A%20%23ffffff%3B%20font-size%3A%2026px%3B%20font-weight%3A%20600%3B%22%20href%3D%22https%3A%2F%2Fwww.facebook.com%2Fgroups%2F212344460412327%22%3ECSATLAKOZOM%3C%2Fa%3E%3C%2Fp%3E%0D%0A%0D%0A%3C%2Fdiv%3E\"]","type":"rich","thumbnail_url":"https:\/\/s.24.hu\/app\/uploads\/sites\/24\/2021\/07\/gettyimages-1233708074-150x150.jpg","thumbnail_width":150,"thumbnail_height":150}