{"version":"1.0","provider_name":"Sport24","provider_url":"https:\/\/sport24.24.hu","author_name":"Bruckner G\u00e1bor","author_url":"https:\/\/sport24.24.hu\/author\/brucknerg\/","title":"Eur\u00f3pai gondolat: futball-Eb 11 v\u00e1rosban","html":"<h2>Soksz\u00edn\u0171 Eur\u00f3pa<\/h2>\r\nAz ismert k\u00f6r\u00fclm\u00e9nyek folyt\u00e1n v\u00e9g\u00fcl is 2021-ben <a href=\"https:\/\/rangado.24.hu\/nemzetkozi_foci\/2021\/04\/23\/foci-eb-2021-vegleges-helyszinek\/\" target=\"_blank\" rel=\"noopener noreferrer\">11 v\u00e1rosban rendeznek Eb-m\u00e9rk\u0151z\u00e9seket<\/a>. Mivel k\u00f6zt\u00fck van Budapest is, szerencs\u00e9s jegytulajdonosk\u00e9nt \u00e9s\/vagy budapesti polg\u00e1rk\u00e9nt testk\u00f6zelb\u0151l \u00e9rezhett\u00fck, milyen rendez\u0151 v\u00e1rosnak lenni, \u00e9s eg\u00e9szen m\u00e1s szemmel n\u00e9zz\u00fck a telev\u00edzi\u00f3ban a m\u00e1sutt zajl\u00f3 m\u00e9rk\u0151z\u00e9seket. Tal\u00e1n a legfontosabb megfigyel\u00e9s: igaznak bizonyult az a felt\u00e9telez\u00e9s, hogy a sok rendez\u0151 orsz\u00e1g nem hogy sz\u00e9tvern\u00e9, hanem val\u00f3ban eur\u00f3paiv\u00e1 var\u00e1zsolja az Eur\u00f3pa-bajoks\u00e1got. Tizenegy mini Eb-t rendez\u00fcnk, \u00e9s az egyes orsz\u00e1gok kultur\u00e1lis saj\u00e1toss\u00e1gai mint r\u00e9szek \u00e1llnak \u00f6ssze Eur\u00f3pa-egys\u00e9gg\u00e9. Ahogyan \u2013 kiemelten a holland\u2013cseh meccs kapcs\u00e1n \u2013 mi, magyarok is tapasztalhattuk, <a href=\"https:\/\/www.szeretlekmagyarorszag.hu\/foci-eb\/teljesen-elleptek-budapest-utcait-a-holland-szurkolok\/\" target=\"_blank\" rel=\"noopener noreferrer\">teljes \u00e9rt\u00e9k\u0171 fesztiv\u00e1lt<\/a> hoz l\u00e9tre a rendez\u00e9s egy-egy v\u00e1rosban (p\u00e9ld\u00e1ul Budapesten) is, f\u00fcggetlen\u00fcl att\u00f3l, hogy m\u00e1snap m\u00e1r egy m\u00e1sik orsz\u00e1gban, ak\u00e1r Bukarestben gy\u0171lnek \u00f6ssze m\u00e1sok.\r\n\r\nFontos a gazdas\u00e1gi hat\u00e1s is.\r\n\r\n<span class=\"highlight-block-small\">Ez a rendez\u00e9si forma az egyetlen es\u00e9lye a hozz\u00e1nk hasonl\u00f3an viszonylagosan alacsonyabb GDP-t felmutat\u00f3 (kisebb) orsz\u00e1goknak, hogy racion\u00e1lisan, ak\u00e1r k\u00f6zvetlen p\u00e9nz\u00fcgyi nyeres\u00e9get termelve legyenek rendez\u0151k. <\/span>\r\n\r\nTal\u00e1n t\u00f6bbeket meglep az \u00e9rvel\u00e9s, de p\u00e9ld\u00e1ul a magyar Eb-rendez\u00e9si k\u00f6lts\u00e9gekbe \u00e9n <a href=\"https:\/\/digitalstand.hu\/168ora\/115811\" target=\"_blank\" rel=\"noopener noreferrer\">nem sz\u00e1molom bele a Pusk\u00e1s Ar\u00e9na meg\u00e9p\u00edt\u00e9s\u00e9nek k\u00f6lts\u00e9g\u00e9t <em>(17. oldal)<\/em><\/a>, mert az \u00e9n fejemben val\u00f3ban l\u00e9tezik a \u201enemzeti stadion\u201d fogalma, \u00e9ppen \u00fagy, ahogyan l\u00e9tezik \u2013 nemcsak fogalmi szinten \u2013 Nemzeti Sz\u00ednh\u00e1z is. V\u00e9lem\u00e9nyem szerint, mik\u00e9nt a sz\u00ednh\u00e1zi el\u0151ad\u00e1sok k\u00f6lts\u00e9geibe nem sz\u00e1moljuk bele a te\u00e1trum \u00e9p\u00edt\u00e9si k\u00f6lts\u00e9geit, akkor j\u00e1runk el k\u00f6vetkezetesen, ha a futball eset\u00e9ben sem tessz\u00fck ezt. (Z\u00e1r\u00f3jel, de egy\u00e1ltal\u00e1n nem mell\u00e9kes: ha rendszeresen sz\u00e1m\u00edthatunk hasonl\u00f3 rendezv\u00e9nyekre, akkor a Pusk\u00e1s bizony hossz\u00fa t\u00e1von is nyeres\u00e9gesen m\u0171k\u00f6dtethet\u0151.) M\u00e1rpedig a beruh\u00e1z\u00e1s ar\u00e1nyos k\u00f6lts\u00e9gei n\u00e9lk\u00fcl a k\u00f6zvetlen bev\u00e9telek \u2013 stadionb\u00e9rl\u00e9s, parkol\u00e1s, fogyaszt\u00e1s \u2013 b\u0151ven fedezik a felt\u00e9telezett rendez\u00e9si kiad\u00e1sokat. K\u00f6zvetett hat\u00e1sk\u00e9nt bev\u00e9teli oldalon viszont \u201efriss p\u00e9nzk\u00e9nt\u201d jelennek meg a turisztikai bev\u00e9telek.\r\n<div class=\"payable-content-section\"><\/div>\r\nBudapest infrastrukt\u00far\u00e1ja kiv\u00e1l\u00f3an alkalmas n\u00e9gy m\u00e9rk\u0151z\u00e9s turisztikai kiszolg\u00e1l\u00e1s\u00e1ra: \u00e9ppen az a l\u00e9nyeg, hogy nem milli\u00f3s nagys\u00e1grend\u0171 szurkol\u00f3i jelenl\u00e9ttel kell sz\u00e1molnunk \u2013 egy \u00f6n\u00e1ll\u00f3 rendez\u00e9s eset\u00e9n minden m\u00e9rk\u0151z\u00e9sre l\u00e1togat\u00f3 megfordulna a f\u0151v\u00e1rosban \u2013, hanem \u201ecsak\u201d n\u00e9h\u00e1ny t\u00edzezer k\u00fclf\u00f6ldi \u00e9s sz\u00e1zezres nagys\u00e1grend\u0171 belf\u00f6ldi turist\u00e1t kell kiszolg\u00e1lnunk, erre a kiszolg\u00e1l\u00e1sra pedig k\u00e9pes Budapest sz\u00e1llodaipara, t\u00f6megk\u00f6zleked\u00e9se, \u00fath\u00e1l\u00f3zata, sz\u00e1mos k\u00f6z\u00f6ss\u00e9gi tere, vend\u00e9gl\u00e1t\u00f3-ipari kapacit\u00e1sa. A v\u00e1ros \u201eetet\u00e9se, itat\u00e1sa\u201d, illetve a hosszabb itt tart\u00f3zkod\u00e1s orsz\u00e1gl\u00e1togat\u00e1sa (Balaton!) tovagy\u0171r\u0171z\u0151 hat\u00e1sk\u00e9nt h\u00fazza az orsz\u00e1g m\u00e1s r\u00e9gi\u00f3it is.\r\n\r\nA gazdas\u00e1gilag is racion\u00e1lis rendez\u00e9s lehet\u0151s\u00e9ge politikai \u00e9rt\u00e9kk\u00e9nt sem elhanyagolhat\u00f3: egyetlen orsz\u00e1g sincs kiszor\u00edtva a kontinensfesztiv\u00e1lb\u00f3l, a \u201ekicsik\u201d is egyenrang\u00fa, teljes \u00e9rt\u00e9k\u0171 r\u00e9szei Eur\u00f3p\u00e1nak \u2013 n\u00e9h\u00e1ny napra \u00fagy \u00e9rezhetj\u00fck, nemcsak a nagyok\u00e9 ez a f\u00f6ldr\u00e9sz\u2026\r\n\r\n<img class=\"alignnone wp-image-1190 size-large\" src=\"https:\/\/sport24.24.hu\/app\/uploads\/sites\/24\/2021\/07\/74033564-1024x681.jpg\" alt=\"\" width=\"1024\" height=\"681\" \/>\r\n<h2>Soksz\u00edn\u0171 t\u00e1rsadalom<\/h2>\r\nA Balaton partj\u00e1n sz\u00fclettem, ott n\u0151ttem fel. Mire Budapestre ker\u00fcltem, teljesen term\u00e9szetes volt sz\u00e1momra, hogy vannak emberek, akik m\u00e1s nyelvet besz\u00e9lnek, m\u00e1s ruh\u00e1t viselnek, n\u00e9ha furcs\u00e1n viselkednek, \u00e9s vannak olyanok is, akiknek a b\u0151rsz\u00edne fekete. \u00c9s hi\u00e1ba volt a 60-as, 70-es \u00e9vek a Zimmer Ferik vil\u00e1ga, l\u00e1ttam \u00e9s r\u00e9szese voltam, hogy a k\u00fclf\u00f6ldit ki kell szolg\u00e1lni, udvariasnak kell lenni, mert fizet, esetleg j\u00f6v\u0151re visszat\u00e9r, \u00e9s k\u00fcl\u00f6nben is, a ver\u00e9b is mad\u00e1r.\r\n\r\nTal\u00e1n m\u00e1soknak sem furcsa, hogy \u00e9ppen ez az \u00e9lm\u00e9ny- \u00e9s \u00e9rz\u00e9svil\u00e1g jutott eszembe a budapesti Eb-rendez\u00e9s kapcs\u00e1n. A befogad\u00e1snak, a k\u00fcl\u00f6nb\u00f6z\u0151 kult\u00far\u00e1k meg\u00e9rt\u0151 tal\u00e1lkoz\u00e1s\u00e1nak, az egym\u00e1s elfogad\u00e1s\u00e1r\u00f3l sz\u00f3l\u00f3 tanul\u00e1si folyamatnak kiv\u00e1l\u00f3 terepe volt a fesztiv\u00e1l, amelyben biztosan akadt egy k\u00f6z\u00f6s pont: a futball, a j\u00e1t\u00e9k ir\u00e1nti szenved\u00e9ly, m\u00e9g ha k\u00fcl\u00f6nb\u00f6z\u0151 csapatoknak szurkoltunk, akkor is. Tapasztalatom \u00e9s inform\u00e1ci\u00f3im szerint ebb\u0151l a szempontb\u00f3l ugyancsak j\u00f3l vizsg\u00e1zott Budapest, Magyarorsz\u00e1g. Nekem csak pozit\u00edv \u00e9lm\u00e9nyeim voltak att\u00f3l kezdve, hogy k\u00e9t p\u00e1rizsi sr\u00e1cot \u00fatbaigaz\u00edtva meg\u00edg\u00e9rtem nekik, szombaton nagy ver\u00e9st kap a csapatuk \u2013 r\u00f6h\u00f6gtek, nyilv\u00e1n a francia kiejt\u00e9semen\u2026 \u2013, eg\u00e9szen a portug\u00e1l\u2013francia meccsig, amelyen a k\u00e9t orsz\u00e1g szurkol\u00f3i b\u00e9k\u00e9sen elvoltak egym\u00e1ssal, \u00e9s a nagysz\u00e1m\u00fa magyar szurkerrel.\r\n\r\n<span class=\"highlight-block-small\">Amikor pedig a magyar csapat g\u00f3lt szerzett N\u00e9metorsz\u00e1gban, a m\u00f6g\u00f6tt\u00fcnk \u00fcl\u0151 franci\u00e1k \u00e9s portug\u00e1lok is talpra ugorva egy\u00fctt ria-ria-hung\u00e1ri\u00e1ztak vel\u00fcnk, <\/span>\r\n\r\namin szint\u00e9n j\u00f3t r\u00f6h\u00f6gt\u00fcnk mindah\u00e1nyan. Olvasom, voltak atrocit\u00e1sok, de ezek elszigeteltek lehettek, mert nem tal\u00e1lkoztam vel\u00fck. Ugyan a magyar t\u00e1borb\u00f3l a francia csapat tagjai fel\u00e9 el-elsz\u00e1llt egy s\u00f6r\u00f6spoh\u00e1r (helytelen, el\u00edt\u00e9lj\u00fck)\u2013, de ennek semmilyen rasszista vagy m\u00e1s felhangja nem volt, meg egy\u00e9bk\u00e9nt is, a m\u00e9rk\u0151z\u00e9s v\u00e9ge fel\u00e9 m\u00e1r a franci\u00e1kt\u00f3l is rep\u00fcltek a poharak, amivel szint\u00e9n a francia j\u00e1t\u00e9kosokat, a saj\u00e1tjaikat kerest\u00e9k. (Helytelen, el\u00edt\u00e9lj\u00fck.)\r\n\r\nMeggy\u0151z\u0151d\u00e9sem tov\u00e1bb\u00e1, hogy a magyar csapat szerepl\u00e9se nemcsak futball\u00f6r\u00f6met okozott, hanem <a href=\"https:\/\/sport24.24.hu\/foci\/2021\/06\/25\/podcast-ajtoablak-denes-ferenc\/?fbclid=IwAR2VTx06sLxdlZIbryOebgM0_unuTQea5CDzhzM1CN_SU3hFa7ZsTEWmrwA\" target=\"_blank\" rel=\"noopener noreferrer\">egy kicsit jobb helly\u00e9 v\u00e1ltoztatta ezt az orsz\u00e1got<\/a>. Nem gondolom \u00e9s \u00e1ll\u00edtom, hogy egy \u00faj, egys\u00e9ges Magyarorsz\u00e1g sz\u00fcletett, de n\u00e9h\u00e1ny napig, \u00fagy tapasztaltam, k\u00f6z\u00f6sen tudtunk szurkolni, akadtak k\u00f6z\u00f6s c\u00e9ljaink \u2013 hajr\u00e1 magyarok!, h\u00e1tha \u2026 \u2013 egy pillanatra elengedt\u00fck, h\u00e1ny akad\u00e9mista van, mennyi ment el stadionokra, ki a nemzetellenes, ki nem, \u00e9s azok is meg voltak gy\u0151z\u0151dve arr\u00f3l, hogy <strong>Willi Orban<\/strong> \u00e9s <strong>Loic Nego<\/strong> felmen\u0151i \u00c1rp\u00e1d vez\u00e9rrel a Vereckei-h\u00e1g\u00f3n kereszt\u00fcl \u00e9rkeztek a K\u00e1rp\u00e1t-medenc\u00e9be, akik egy\u00e9bk\u00e9nt nagybet\u0171vel \u00edrj\u00e1k a Magyar V\u00e1logatott \u00e9s a Haz\u00e1nk szavakat.\r\n\r\n<img class=\"alignnone wp-image-1191 size-large\" src=\"https:\/\/sport24.24.hu\/app\/uploads\/sites\/24\/2021\/07\/74035286-1024x681.jpg\" alt=\"\" width=\"1024\" height=\"681\" \/>\r\n<h2>Soksz\u00edn\u0171 politika<\/h2>\r\nNa \u00e9s persze majdnem a teljes vezet\u0151 eur\u00f3pai politikai k\u00f6r felsorakozott a saj\u00e1t csapata t\u00e9rfel\u00e9n. Hogy politikusok saj\u00e1t\/politikai p\u00e1rtjuk\/ideol\u00f3gi\u00e1juk n\u00e9pszer\u0171s\u00edt\u00e9s\u00e9re haszn\u00e1lj\u00e1k fel a sport vil\u00e1gesem\u00e9nyeit, nem \u00faj kelet\u0171. <strong>Sandro Pertini<\/strong> olasz \u00e1llameln\u00f6k 1982-es vil\u00e1gbajnoki \u00f6r\u00f6me <a href=\"https:\/\/www.tandfonline.com\/doi\/full\/10.1080\/09523367.2016.1175440\" target=\"_blank\" rel=\"noopener noreferrer\">teremtette meg azt a m\u00edtoszt<\/a>, hogy a politikus is lehet egy k\u00f6z\u00fcl\u00fcnk, lehet \u0151szinte szurkol\u00f3. Hol vagyunk m\u00e1r ett\u0151l?\r\n\r\nItt \u00e9s most, a b\u00e9kess\u00e9g kedv\u00e9\u00e9rt, nem \u00e9lezn\u00e9m ki azokat k\u00e9rd\u00e9seket, hogy <a href=\"https:\/\/eb2020.24.hu\/hirek\/2021\/06\/10\/rasszizmus-terdeles-uefa-fa\/\" target=\"_blank\" rel=\"noopener noreferrer\">a m\u00e9rk\u0151z\u00e9s el\u0151tti t\u00e9rdel\u00e9s<\/a> val\u00f3ban a t\u00e1rsadalmi igazs\u00e1gtalans\u00e1g ellen folytatott harc jelk\u00e9pe-e, <a href=\"https:\/\/eb2020.24.hu\/hirek\/2021\/06\/21\/manuel-neuer-szivarvanyos-karszalag-uefa-vizsgalat\/\" target=\"_blank\" rel=\"noopener noreferrer\">a sziv\u00e1rv\u00e1nysz\u00edn\u0171 csapatkapit\u00e1nyi karszalag<\/a> t\u00e9nyleg csak polg\u00e1ri jogi k\u00fczdelem az LMBTQ k\u00f6z\u00f6ss\u00e9gek jogai\u00e9rt, vagy esetleg \u00e1tt\u00e9teles, net\u00e1n direkt, politikai k\u00fczdelemr\u0151l van sz\u00f3.\u00a0 A k\u00e9rd\u00e9sekr\u0151l sz\u00f3l\u00f3 vita azonban m\u00e1r eg\u00e9szen biztosan politikai, amit k\u00fcl\u00f6n\u00f6sen \u00e9s k\u00fcl\u00f6n\u00f6s m\u00f3don er\u0151s\u00edtett fel a 2021. \u00e9vi LXXIX. t\u00f6rv\u00e9ny \u201ea pedofil b\u0171nelk\u00f6vet\u0151kkel szembeni szigor\u00fabb fell\u00e9p\u00e9sr\u0151l, valamint a gyermekek v\u00e9delme \u00e9rdek\u00e9ben egyes t\u00f6rv\u00e9nyek m\u00f3dos\u00edt\u00e1s\u00e1r\u00f3l\u201d elnevez\u00e9s\u0171 <a href=\"https:\/\/magyarkozlony.hu\/dokumentumok\/ba643dee7b59c2a1901132e6e3320483d2245b56\/megtekintes\" target=\"_blank\" rel=\"noopener noreferrer\">magyar jogszab\u00e1ly<\/a> elfogad\u00e1sa. Ennek \u00fcr\u00fcgy\u00e9n \u00e9p\u00fcletkivil\u00e1g\u00edt\u00e1si szakk\u00e9rd\u00e9sek, szponzor\u00e1ci\u00f3s strat\u00e9gi\u00e1k, z\u00e1szl\u00f3csk\u00e1k \u00e9s szurkol\u00f3i kell\u00e9kek v\u00e1ltak k\u00f6zvetett politikai \u00fczenethordoz\u00f3kk\u00e1.\r\n\r\nNem is besz\u00e9lve a politikusok k\u00f6zvetlen, ny\u00edlt vit\u00e1j\u00e1r\u00f3l, n\u00e9ha meglep\u0151en durva besz\u00f3l\u00e1sair\u00f3l. Ha az elm\u00falt napok eur\u00f3pai politikai kavalk\u00e1dj\u00e1ra gondolunk, sokaknak tal\u00e1n nem a soksz\u00edn\u0171s\u00e9g, hanem a megosztotts\u00e1g kifejez\u00e9s j\u00f6nne a sz\u00e1j\u00e1ra, \u00e9n azonban hajlok arra, hogy elfogadjam azt a v\u00e9lem\u00e9nyt, miszerint a magasztos elvek \u2013 p\u00e9ld\u00e1ul emberi jogok kontra (???) gyerekek jogai \u2013 hangoztat\u00e1sa \u00fcr\u00fcgy\u00e9n val\u00f3j\u00e1ban <a href=\"https:\/\/magyarnemzet.hu\/kulfold\/geert-wilders-a-holland-miniszterelnok-utalja-orban-viktort-10000640\/\" target=\"_blank\" rel=\"noopener noreferrer\">a politikusok hazabesz\u00e9lnek<\/a>, azaz saj\u00e1t, bels\u0151 politikai t\u00e1boruknak \u00fczennek. Minden orsz\u00e1gnak megvan a maga \u00e9s a \u2013 pand\u00e9mia k\u00f6vetkezm\u00e9nyek\u00e9nt kialakult helyzet kezel\u00e9s\u00e9ben \u2013 k\u00f6z\u00f6s eur\u00f3pai baja, amiket az egyes orsz\u00e1gok politikai ereje m\u00e1sk\u00e9ppen, soksz\u00edn\u0171en m\u00e1sk\u00e9ppen igyekszik kezelni. Ki tudja, melyik lesz a sikeres?\r\n\r\nAzt azonban m\u00e1r most tudjuk, hogy\r\n\r\n<span class=\"highlight-block\">Eur\u00f3pa sikeres futballbajnoks\u00e1got rendezett. <\/span>\r\n\r\nEz az Eb lehet a kicsit igazs\u00e1gosabb, azaz a nagy orsz\u00e1gokon k\u00edv\u00fcl is es\u00e9lyt k\u00edn\u00e1l\u00f3, gazdas\u00e1gilag racion\u00e1lis \u00e9s fenntarthat\u00f3 megasportesem\u00e9nyek modellje. \u00c9s lehet annak is p\u00e9ld\u00e1ja, hogy Eur\u00f3pa tud b\u00e9k\u00e9ben \u00e9s soksz\u00edn\u0171s\u00e9g\u00e9ben is \u201eeur\u00f3paian\u201d \u00e9lni. Csak \u00edgy tov\u00e1bb! Hajr\u00e1 Eur\u00f3pa, hajr\u00e1 Magyarorsz\u00e1g!\r\n\r\n[prefabricated_shortcode in_app=\"0\" code=\"%3Cdiv%20class%3D%22article_box_border%22%20style%3D%22background%3A%20url%28%27https%3A%2F%2F24.p3k.hu%2Fapp%2Fuploads%2Fsites%2F24%2F2021%2F05%2Fsport24-pattern.png%27%29%20no-repeat%20left%20-16px%20%23f3f3f4%3B%20border%3A%20none%3B%22%3E%0D%0A%3Cdiv%20class%3D%22article_solidheader%22%3E%0D%0A%3Ch2%20style%3D%22color%3A%20%23111115%21important%3B%20font-size%3A%2036px%3B%20font-weight%3A%20bold%3B%20margin-bottom%3A%2030px%3B%20margin-top%3A%2020px%3B%20text-align%3A%20center%3B%20line-height%3A%2036px%3B%22%3E%3Cimg%20class%3D%22aligncenter%20size-full%20wp-image-141%22%20src%3D%22https%3A%2F%2F24.p3k.hu%2Fapp%2Fuploads%2Fsites%2F24%2F2021%2F05%2Fs24-logo-dt.png%22%20alt%3D%22%22%20width%3D%22408%22%20height%3D%2290%22%20%2F%3E%3C%2Fh2%3E%0D%0A%3Ch2%20style%3D%22color%3A%20%23111115%21important%3B%20font-size%3A%2036px%3B%20font-weight%3A%20bold%3B%20margin-bottom%3A%2030px%3B%20margin-top%3A%2020px%3B%20text-align%3A%20center%3B%20line-height%3A%2040px%3B%22%3ECsatlakozz%20a%20Sport24%20k%C3%B6z%C3%B6ss%C3%A9ghez%2C%20mondd%20el%20v%C3%A9lem%C3%A9nyedet%20z%C3%A1rt%20Facebook-csoportunkban%2C%20%C3%A9s%20vegy%C3%A9l%20r%C3%A9szt%20csak%20el%C5%91fizet%C5%91knek%20el%C3%A9rhet%C5%91%20exkluz%C3%ADv%20esem%C3%A9nyeinken.%3C%2Fh2%3E%0D%0A%3C%2Fdiv%3E%0D%0A%3Cp%20style%3D%22background%3A%20%2357A600%3B%20margin-top%3A%2020px%3B%20padding%3A%2020px%3B%20text-align%3A%20center%3B%22%3E%3Ca%20style%3D%22color%3A%20%23ffffff%3B%20font-size%3A%2026px%3B%20font-weight%3A%20600%3B%22%20href%3D%22https%3A%2F%2Fwww.facebook.com%2Fgroups%2F212344460412327%22%3ECSATLAKOZOM%3C%2Fa%3E%3C%2Fp%3E%0D%0A%0D%0A%3C%2Fdiv%3E\"]","type":"rich","thumbnail_url":"https:\/\/s.24.hu\/app\/uploads\/sites\/24\/2021\/07\/000_9bw6kq-masolat-150x150.jpg","thumbnail_width":150,"thumbnail_height":150}