{"version":"1.0","provider_name":"Sport24","provider_url":"https:\/\/sport24.24.hu","author_name":"Bruckner G\u00e1bor","author_url":"https:\/\/sport24.24.hu\/author\/brucknerg\/","title":"A nyolcadd\u00f6nt\u0151k k\u00e9rd\u00e9se: mit tud Southgate, amit Deschamps nem?","html":"H\u00e1rom hosszabb\u00edt\u00e1s, egy tizenegyesp\u00e1rbaj, huszonk\u00e9t g\u00f3l, rengeteg izgalom \u00e9s\r\n\r\n<span class=\"highlight-block\">n\u00e9h\u00e1ny igaz\u00e1n komoly meglepet\u00e9s <\/span>\r\n\r\ntark\u00edtotta az Eur\u00f3pa-bajnoks\u00e1g nyolcadd\u00f6nt\u0151it. Az \u00f6sszecsap\u00e1sokat sz\u00e1mos rendk\u00edv\u00fcl \u00e9rdekes taktikai d\u00f6nt\u00e9s befoly\u00e1solta pozit\u00edv vagy negat\u00edv ir\u00e1nyba, \u00e9s most ezeknek a m\u00f6g\u00f6ttes okaira igyeksz\u00fcnk r\u00e1vil\u00e1g\u00edtani.\r\n<h2>1. Kasper Hjulmand, akinek mindenre van v\u00e1lasza<\/h2>\r\nA d\u00e1n v\u00e1logatott Eur\u00f3pa-bajnoki menetel\u00e9se m\u00e1r most t\u00falz\u00e1s n\u00e9lk\u00fcl meseszer\u0171nek nevezhet\u0151. Miut\u00e1n az els\u0151, Finnorsz\u00e1g elleni csoportm\u00e9rk\u0151z\u00e9sen<strong> Christian Eriksen<\/strong> \u00e9let\u00e9t a p\u00e1ly\u00e1n kellett megmenteni, \u00e9s a lelkileg megt\u00e9p\u00e1zott csapat a kiv\u00e1l\u00f3 j\u00e1t\u00e9ka ellen\u00e9re is veres\u00e9get szenvedett, kevesen gondolt\u00e1k volna, hogy innen talpra lehet \u00e1llni.\r\n\r\nAz, hogy most m\u00e9gis arr\u00f3l besz\u00e9l\u00fcnk, D\u00e1nia nem egyszer\u0171en ott van a legjobb nyolc k\u00f6z\u00f6tt, hanem az eg\u00e9sz torna tal\u00e1n legl\u00e1tv\u00e1nyosabb \u00e9s leginnovat\u00edvabb j\u00e1t\u00e9k\u00e1t mutatja be, az <strong>Kasper Hjulmand<\/strong> sz\u00f6vets\u00e9gi kapit\u00e1nynak k\u00f6sz\u00f6nhet\u0151.\r\n\r\n<a href=\"https:\/\/theathletic.com\/2672528\/2021\/06\/25\/kasper-hjulmand-denmark-euro-2020\/\" target=\"_blank\" rel=\"noopener noreferrer\">A rendk\u00edv\u00fcl hum\u00e1nus gondolkod\u00e1sm\u00f3dj\u00e1r\u00f3l ismert<\/a>, \u00e9s a j\u00e1t\u00e9kosaival k\u00f6zeli, bizalmas kapcsolatot \u00e1pol\u00f3 Hjulmand felszedte a padl\u00f3r\u00f3l a csapat\u00e1t, s\u0151t meccsr\u0151l meccsre k\u00e9pes valami \u00fajat mutatni, \u00e9s taktikai \u00e9rz\u00e9k\u00e9t latba vetve folyamatosan reag\u00e1l az adott m\u00e9rk\u0151z\u00e9s t\u00f6rt\u00e9n\u00e9seire is.\r\n\r\nA Finnorsz\u00e1g ellen elvesz\u00edtett meccs ut\u00e1n a d\u00e1n v\u00e1logatott a 4-3-3-as szerkezetet a m\u00e1sodik csoportk\u00f6rre 3-4-3-ra cser\u00e9lte, hogy let\u00fckr\u00f6zze \u00e9s hat\u00e9konyan tudj\u00e1k let\u00e1madni a hasonl\u00f3k\u00e9ppen fel\u00e1ll\u00f3 Belgiumot. Majd miut\u00e1n <strong>Roberto Martinez<\/strong> a f\u00e9lid\u0151ben <strong>Kevin De Bruyne<\/strong> p\u00e1ly\u00e1ra k\u00fcld\u00e9s\u00e9vel be\u00e1ll\u00edtott a csapat\u00e1ba egy extra k\u00f6z\u00e9pp\u00e1ly\u00e1st, Hjulmand ugyancsak cser\u00e9lt, \u00e9s \u00e1t\u00e1ll\u00edtotta a csapat\u00e1t 3-5-2-re, \u00edgy elt\u00fcntetve az ellenf\u00e9l l\u00e9tsz\u00e1mbeli f\u00f6l\u00e9ny\u00e9t a p\u00e1lya centrum\u00e1ban.\r\n<div class=\"payable-content-section\"><\/div>\r\nB\u00e1r a d\u00e1nok a pazarl\u00f3 helyzetkihaszn\u00e1l\u00e1suk miatt elbukt\u00e1k ezt a meccset, a harmadik, oroszok elleni csoporttal\u00e1lkoz\u00f3n m\u00e1r val\u00f3di g\u00e1lael\u0151ad\u00e1st tartottak, egyebek mellett az eredetileg jobboldali k\u00f6z\u00e9ph\u00e1tv\u00e9d <strong>Andreas Christensen<\/strong> sokoldal\u00fas\u00e1g\u00e1t kihaszn\u00e1lva. <a href=\"https:\/\/sport24.24.hu\/foci\/2021\/06\/26\/szarnyalo-szarnyvedok-es-hamis-kozephatvedek-magnestablan-az-europa-bajnoksag-csoportkore\/\" target=\"_blank\" rel=\"noopener noreferrer\">A Chelsea Bajnokok Lig\u00e1ja-gy\u0151ztes j\u00e1t\u00e9kosa rendre a k\u00f6z\u00e9pp\u00e1ly\u00e1ra mozgott, ezzel seg\u00edtve az orosz v\u00e9delem megbont\u00e1s\u00e1t.<\/a>\r\n\r\nAz egyenes kies\u00e9ses szakasz els\u0151 m\u00e9rk\u0151z\u00e9s\u00e9n Hjulmand ism\u00e9t megtartotta a 3-4-3-at, \u00e9s ezt \u2013 Christensen k\u00f6z\u00e9pp\u00e1ly\u00e1ra tol\u00e1s\u00e1val \u2013 labd\u00e1val 4-2-3-1-re m\u00f3dos\u00edtotta, \u00e1m ez\u00fattal a labda n\u00e9lk\u00fcl j\u00e1t\u00e9kban komoly probl\u00e9m\u00e1val kellett szembes\u00fclnie.\r\n\r\n<img class=\"alignnone size-full wp-image-1154\" src=\"https:\/\/sport24.24.hu\/app\/uploads\/sites\/24\/2021\/07\/1-kep-6.png\" alt=\"\" width=\"3905\" height=\"2197\" \/>\r\n\r\nA d\u00e1nok a kor\u00e1bbi k\u00e9t m\u00e9rk\u0151z\u00e9sen is tartott\u00e1k a 3-4-3-as alakzatot labda n\u00e9lk\u00fcl, \u00e1m a 4-2-3-1-ben fel\u00e1ll\u00f3 Wales ellen folyamatosan l\u00e9tsz\u00e1mh\u00e1tr\u00e1nyba ker\u00fcltek a k\u00f6z\u00e9pp\u00e1ly\u00e1n, minek k\u00f6sz\u00f6nhet\u0151en a meccs els\u0151 negyed\u00f3r\u00e1j\u00e1t ink\u00e1bb <strong>Rob Page<\/strong> csapata uralta. A fenti k\u00e9pen is l\u00e1tszik, hogy a d\u00e1nok tartott\u00e1k a h\u00e1rom bels\u0151 v\u00e9d\u0151s form\u00e1ci\u00f3t Christensennel a jobb oldalon, a k\u00f6z\u00e9pp\u00e1ly\u00e1ra viszont a sz\u00e9lr\u0151l kellett beh\u00faz\u00f3dnia <strong>Damsgaardnak Morellre<\/strong>, m\u00edg <strong>Delaney Ramseyt<\/strong> helyezte nyom\u00e1s al\u00e1. \u00cdgy azonban a sz\u00e9lr\u0151l befel\u00e9 mozg\u00f3 <strong>Gareth Bale<\/strong> teljesen szabadon kaphatta meg a labd\u00e1t a k\u00e9t v\u00e9delmi vonal k\u00f6z\u00f6tt, \u00e9s senkit\u0151l sem zavartatva jutott el l\u00f6v\u0151helyzetig.\r\n\r\n<img class=\"alignnone size-full wp-image-1155\" src=\"https:\/\/sport24.24.hu\/app\/uploads\/sites\/24\/2021\/07\/2-kep-6.png\" alt=\"\" width=\"3905\" height=\"2197\" \/>\r\n\r\nMindezt l\u00e1tva Hjulmand alig 15 perc ut\u00e1n beleny\u00falt a csapata szerkezet\u00e9be, \u00e9s Christensen m\u00e1r nemcsak labdabirtokl\u00e1s eset\u00e9n helyezkedett a k\u00f6z\u00e9pp\u00e1ly\u00e1n, hanem a 4-3-3-as szerkezetre v\u00e1ltva \u0151 foglalta el a legm\u00e9lyebben helyezked\u0151 k\u00f6z\u00e9pp\u00e1ly\u00e1s poz\u00edci\u00f3j\u00e1t, \u00edgy Daleney Morellre, <strong>H\u00f6jbjerg Allenre<\/strong>, Christensen pedig Ramseyre figyelhetett. R\u00e1ad\u00e1sul ezzel a v\u00e1lt\u00e1ssal a d\u00e1nok a v\u00e9delemben is nyertek egy szabad embert a <strong>James<\/strong>, Bale, <strong>Moore<\/strong> h\u00e1rmassal szemben.\r\n\r\n<img class=\"alignnone size-full wp-image-1156\" src=\"https:\/\/sport24.24.hu\/app\/uploads\/sites\/24\/2021\/07\/3-kep-6.png\" alt=\"\" width=\"3905\" height=\"2197\" \/>\r\n\r\nHjulmand pedig tov\u00e1bbra is j\u00f3l k\u00f6vette a j\u00e1t\u00e9k alakul\u00e1s\u00e1t: amikor a m\u00e1sodik f\u00e9lid\u0151ben a walesiek mind nagyobb hangs\u00falyt fektettek a sz\u00e9lek kihaszn\u00e1l\u00e1s\u00e1ra, a d\u00e1n sz\u00f6vets\u00e9gi kapit\u00e1ny a 60. percben bek\u00fcld\u00f6tt a p\u00e1ly\u00e1ra k\u00e9t k\u00f6z\u00e9pp\u00e1ly\u00e1st <strong>Norgaard<\/strong> \u00e9s <strong>Jensen<\/strong> szem\u00e9ly\u00e9ben, Christensen visszament a v\u00e9delem jobb oldal\u00e1ra, azzal egy\u00fctt a csapat \u00e1t\u00e1llt a belg\u00e1k ellen is l\u00e1tott 5-3-2-re, minek nyom\u00e1n teljes sz\u00e9less\u00e9g\u00e9ben tudt\u00e1k biztos\u00edtani a p\u00e1ly\u00e1t \u00f6t v\u00e9d\u0151 seg\u00edts\u00e9g\u00e9vel a legh\u00e1ts\u00f3 vonalban, r\u00e1ad\u00e1sul h\u00e1rom bels\u0151 k\u00f6z\u00e9pp\u00e1ly\u00e1ssal a centrumot is kell\u0151 hat\u00e9konys\u00e1ggal z\u00e1rt\u00e1k le, mik\u00f6zben a labdaszerz\u00e9seket k\u00f6vet\u0151en l\u00e1tv\u00e1nyos akci\u00f3kat vezetve n\u00e9gy g\u00f3lig meg sem \u00e1lltak.\r\n<h2>2. Holes bet\u00f6mte a lyukat a cseh v\u00e9delemben<\/h2>\r\n<strong>Frank de Boer<\/strong> m\u00e1r az Eur\u00f3pa-bajnoks\u00e1g el\u0151tt rengeteg kritik\u00e1t kapott a m\u00e9di\u00e1t\u00f3l \u00e9s a holland szurkol\u00f3kt\u00f3l egyar\u00e1nt, ami nem is csoda, hiszen az\u00f3ta, hogy t\u00e1vozott az Ajaxt\u00f3l, minden csapat\u00e1n\u00e1l cs\u00fafosan megbukott. A tetej\u00e9be a Barcelona kispadj\u00e1\u00e9rt a holland v\u00e1logatottat otthagy\u00f3 <strong>Ronald Koeman<\/strong> hely\u00e9re beugorva az Oranj\u00e9val sem siker\u00fclt igaz\u00e1n meggy\u0151z\u0151 teljes\u00edtm\u00e9nyt ny\u00fajtania.\r\n\r\nA vele szemben megfogalmazott b\u00edr\u00e1latok sz\u00e1m\u00e1t tov\u00e1bb n\u00f6velte, hogy k\u00f6zvetlen\u00fcl az Eur\u00f3pa-bajnoks\u00e1g el\u0151tt \u00fagy d\u00f6nt\u00f6tt: az addig alkalmazott, \u00e9s Hollandi\u00e1ban hagyom\u00e1nyos 4-3-3-as fel\u00e1ll\u00e1st lecser\u00e9li 3-5-2-re, s ebb\u0151l a szurkol\u00f3k azonnal arra k\u00f6vetkeztettek, hogy a sz\u00f6vets\u00e9gi kapit\u00e1ny a v\u00e9dekez\u00e9sre szeretne nagyobb hangs\u00falyt fektetni.\r\n\r\nEnnek viszont \u00e9ppen az ellenkez\u0151je volt igaz: a holland v\u00e1logatott labdabirtokl\u00e1s eset\u00e9n 3-2-5-\u00f6s szerkezetben t\u00e1madott, amelyben <strong>Georginio Wijnaldum<\/strong> csatlakozott a t\u00e1mad\u00f3khoz az els\u0151 vonalban, a k\u00e9t sz\u00e1rnyv\u00e9d\u0151 pedig nagyon magas poz\u00edci\u00f3t vett fel az oldalvonalak mellett, hogy kell\u0151en sz\u00e9t tudja h\u00fazni az ellenfelek v\u00e9delm\u00e9t.\r\n\r\n<span class=\"highlight-block-small\">Ennek eredm\u00e9nyek\u00e9ppen Hollandia csoportels\u0151k\u00e9nt, az \u00f6sszes csapat k\u00f6z\u00fcl a legt\u00f6bb g\u00f3lt szerezve jutott be a legjobb tizenhat k\u00f6z\u00e9, <\/span>\r\n\r\n\u00e9s b\u00e1r g\u00f3lt is csak az els\u0151 m\u00e9rk\u0151z\u00e9sen, Ukrajna ellen kapott, a j\u00e1t\u00e9kosoknak az \u201eemberorient\u00e1lt\u201d v\u00e9dekez\u00e9s mellett hatalmas ter\u00fcleteket kellett befutniuk labda n\u00e9lk\u00fcl. \u00d3ri\u00e1si jelent\u0151s\u00e9ge lett az egy\u00e9ni k\u00e9pess\u00e9geknek a p\u00e1rharcok sor\u00e1n, s ez a folytat\u00e1sban nem sok j\u00f3t \u00edg\u00e9rt az egy\u00fcttesnek.\r\n\r\n<img class=\"alignnone size-full wp-image-1157\" src=\"https:\/\/sport24.24.hu\/app\/uploads\/sites\/24\/2021\/07\/4-kep-png.png\" alt=\"\" width=\"3905\" height=\"2197\" \/>\r\n\r\nA balj\u00f3s el\u0151jelek ut\u00e1n v\u00e9g\u00fcl nem is egy szt\u00e1rcsapat, hanem Csehorsz\u00e1g leck\u00e9ztette meg De Boer egy\u00fcttes\u00e9t. <strong>Jaroslav Silhavy<\/strong> g\u00e1rd\u00e1ja m\u00e1r magasan \u2013 szint\u00e9n \u201eemberorient\u00e1lt\u201d v\u00e9dekez\u00e9st alkalmazva \u2013 kezdte el let\u00e1madni a hollandokat, ami azt jelentette, hogy a 4-3-3-as alakzatban a h\u00e1rom cseh t\u00e1mad\u00f3 a hollandok h\u00e1rom k\u00f6z\u00e9ph\u00e1tv\u00e9dj\u00e9re helyezett nyom\u00e1st (k\u00f6z\u00fcl\u00fck <strong>Schick<\/strong> k\u00f6z\u00e9pcsat\u00e1rk\u00e9nt id\u0151k\u00e9nt a kapusra is, mik\u00f6zben z\u00e1rta a <strong>De Ligt<\/strong> fel\u00e9 vezet\u0151 passzs\u00e1vot). A k\u00f6z\u00e9pp\u00e1ly\u00e1sok a h\u00e1rom holland k\u00f6z\u00e9pp\u00e1ly\u00e1sra figyeltek, m\u00edg a sz\u00e9ls\u0151 h\u00e1tv\u00e9dek sz\u00fcks\u00e9g eset\u00e9n magasan fell\u00e9ptek a holland sz\u00e1rnyv\u00e9d\u0151kre, mik\u00f6zben a k\u00f6z\u00e9ph\u00e1tv\u00e9dek is egy az egyben maradtak a k\u00e9t csat\u00e1rral, <strong>Depayjal<\/strong> \u00e9s <strong>Malennel<\/strong> szemben.\r\n\r\n<img class=\"alignnone size-full wp-image-1158\" src=\"https:\/\/sport24.24.hu\/app\/uploads\/sites\/24\/2021\/07\/5-kep-png.png\" alt=\"\" width=\"3905\" height=\"2197\" \/>\r\n\r\nEmiatt pedig nem csak a holland \u00e9p\u00edtkez\u00e9s volt lass\u00fa \u00e9s k\u00f6r\u00fclm\u00e9nyes; ha eljutottak a t\u00e1mad\u00f3 harmadba, ott sem tudtak d\u00f6nt\u0151 f\u00f6l\u00e9nyt kialak\u00edtani. Ez javar\u00e9szt <strong>Tomas Holesnek<\/strong> volt k\u00f6sz\u00f6nhet\u0151, aki nem csak g\u00f3lja \u00e9s g\u00f3lpassza, hanem Wijnaldum semleges\u00edt\u00e9se miatt is a meccs h\u0151s\u00e9nek nevezhet\u0151. A fenti jeleneten j\u00f3l l\u00e1that\u00f3, hogy Holes sz\u00fcks\u00e9g eset\u00e9n ak\u00e1r a v\u00e9delem tengely\u00e9be is k\u00f6vette a hollandok k\u00f6z\u00e9pp\u00e1ly\u00e1s\u00e1t, aki \u00edgy nem tudott a sz\u00e1rnyv\u00e9d\u0151k\u00e9nt magasan helyezked\u0151 <strong>Demzel Dumfriesszal<\/strong> kett\u0151 az egy elleni l\u00e9tsz\u00e1mf\u00f6l\u00e9nyt teremteni a csehek balh\u00e1tv\u00e9dj\u00e9vel szemben.\r\n\r\nA torn\u00e1n h\u00e1rom g\u00f3lt szerz\u0151 Wijnaldum \u00f6sszess\u00e9g\u00e9ben, 90 perces \u00e1tlagban 43,5 alkalommal \u00e9rt labd\u00e1hoz. Labda\u00e9rint\u00e9sei k\u00f6z\u00fcl 19,8 a t\u00e1mad\u00f3 harmadban, 3 pedig a tizenhatoson bel\u00fcl t\u00f6rt\u00e9nt. A csehek elleni meccsen viszont \u2013 Holes tev\u00e9kenys\u00e9g\u00e9nek k\u00f6sz\u00f6nhet\u0151en \u2013 a Paris Saint-Germain \u00e1ltal frissen leigazolt j\u00e1t\u00e9kos csup\u00e1n 24 alkalommal tal\u00e1lkozott a labd\u00e1val: a t\u00e1mad\u00f3 harmadon bel\u00fcl 7-szer, m\u00edg a tizenhatoson bel\u00fcl csup\u00e1n egyszer tudott j\u00e1t\u00e9kba avatkozni.\r\n<h2>3. Mi\u00e9rt kihagyhatatlan Morata?<\/h2>\r\nMiut\u00e1n a spanyol v\u00e1logatott a m\u00e1sodik csoportk\u00f6rben Lengyelorsz\u00e1got sem tudta megverni, a csapat els\u0151 sz\u00e1m\u00fa csat\u00e1ra, <strong>Alvaro Morata<\/strong> <a href=\"https:\/\/eb2020.24.hu\/hirek\/2021\/06\/25\/alvaro-morata-fenyegetes-spanyol-valogatott-foci-eb\/\" target=\"_blank\" rel=\"noopener noreferrer\">a kihagyott helyzetei miatt t\u00f6bb hal\u00e1los fenyeget\u00e9st is kapott<\/a>. Ennek ellen\u00e9re <strong>Luis Enrique<\/strong> tov\u00e1bbra is els\u0151 sz\u00e1m\u00fa centerk\u00e9nt sz\u00e1m\u00edt r\u00e1, \u00e9s t\u00f6bbsz\u00f6r j\u00e1t\u00e9kosa v\u00e9delm\u00e9re kelt a torna sor\u00e1n.\r\n\r\nMorata legf\u0151k\u00e9pp\r\n\r\n<span class=\"highlight-block\">az\u00f3ta \u00e1ll a kritik\u00e1k keresztt\u00fcz\u00e9ben, <\/span>\r\n\r\nhogy n\u00e9h\u00e1ny \u00e9vvel ezel\u0151tt a Chelsea-ben nem v\u00e1ltotta be a hozz\u00e1 f\u0171z\u00f6tt rem\u00e9nyeket, \u00e9s saj\u00e1t elmond\u00e1sa szerint is nehezen tudta elviselni a r\u00e1 nehezed\u0151 nyom\u00e1st. Ez val\u00f3ban jogos kritika a spanyol t\u00e1mad\u00f3val szemben, de a helyzetkihaszn\u00e1l\u00e1sa nem sokkal rosszabb, mint egy \u00e1tlagos toplig\u00e1ban szerepl\u0151 futballist\u00e1\u00e9. Az fbref.com adatai alapj\u00e1n a 2017\/18-as \u00e9vad \u00f3ta az \u00f6sszes m\u00e9rt sorozatban \u2013 a b\u00fcntet\u0151ket lesz\u00e1m\u00edtva \u2013 53 g\u00f3lt szerzett, mik\u00f6zben v\u00e1rhat\u00f3 g\u00f3ljainak sz\u00e1ma (xG) ezen id\u0151szak alatt 55,8 volt.\r\n\r\nA jelek szerint Enrique szem\u00e9ben ezek a kihagyott helyzetek a megbocs\u00e1that\u00f3 b\u0171n kateg\u00f3ri\u00e1ba tartoznak, figyelembe v\u00e9ve, hogy am\u00fagy Morata mennyit k\u00e9pes hozz\u00e1tenni a csapat j\u00e1t\u00e9k\u00e1hoz.\r\n\r\n<img class=\"alignnone size-full wp-image-1159\" src=\"https:\/\/sport24.24.hu\/app\/uploads\/sites\/24\/2021\/07\/6-kep-6.png\" alt=\"\" width=\"3905\" height=\"2197\" \/>\r\n\r\nA horv\u00e1tok a spanyolok elleni nyolcadd\u00f6nt\u0151s meccsen a riv\u00e1lis 4-3-3-as alakzat\u00e1val szemben 4-1-4-1-ben pr\u00f3b\u00e1ltak v\u00e9dekezni a saj\u00e1t t\u00e9rfel\u00fck\u00f6n, ha pedig magasabban k\u00eds\u00e9reltek meg labd\u00e1t szerezni, akkor \u00e1ltal\u00e1ban <strong>Luka Modric<\/strong> csatlakozott a k\u00f6z\u00e9pp\u00e1ly\u00e1r\u00f3l az egyed\u00fcli csat\u00e1rk\u00e9nt j\u00e1tsz\u00f3 <strong>Petkovichoz<\/strong>. Ilyenkor \u2013 4-4-2-re v\u00e1ltva \u2013 az addig k\u00f6zvetlen\u00fcl a v\u00e9delem el\u0151tt helyezked\u0151 <strong>Brozovic<\/strong> l\u00e9pett egyel feljebb.\r\n\r\nEnn\u00e9l, a k\u00e9pen l\u00e1that\u00f3 jelenetn\u00e9l is ilyen szitu\u00e1ci\u00f3 rajzol\u00f3dik ki: Modric magasra fell\u00e9pve pr\u00f3b\u00e1lt nyom\u00e1st helyezni <strong>Aymeric Laporte-ra<\/strong> a spanyol v\u00e9delemben, mik\u00f6zben \u00fcgyelt arra, hogy z\u00e1rja a passzs\u00e1vot <strong>Sergio Busquets<\/strong> el\u0151l. A k\u00f6z\u00e9pp\u00e1ly\u00e1n Brozovic figyelt <strong>Pedrire<\/strong>, m\u00edg a m\u00e1sik oldalon <strong>Kovacic<\/strong> vette fel <strong>Kok\u00e9t<\/strong>. A k\u00e9t horv\u00e1t k\u00f6z\u00e9pp\u00e1ly\u00e1s k\u00f6z\u00f6tt viszont hatalmas ter\u00fclet ny\u00edlt meg, ahova Morata visszamozogva kapta a labd\u00e1t Laporte-t\u00f3l, \u00e9s egy egyszer\u0171 lek\u00e9sz\u00edt\u00e9ssel j\u00e1t\u00e9kba tudta hozni Busquetset, \u00e1tj\u00e1tszva ezzel a horv\u00e1tok let\u00e1mad\u00e1s\u00e1t.\r\n\r\nR\u00e1ad\u00e1sul Morat\u00e1t k\u00e9nytelen volt k\u00f6vetni az egyik horv\u00e1t k\u00f6z\u00e9ph\u00e1tv\u00e9d is, nagy folyos\u00f3t nyitva ezzel a v\u00e9delem tengely\u00e9ben, amit ak\u00e1r az egyik beindul\u00f3 k\u00f6z\u00e9pp\u00e1ly\u00e1s vagy sz\u00e9ls\u0151 is ki tudott volna haszn\u00e1lni.\r\n\r\n<img class=\"alignnone size-full wp-image-1161\" src=\"https:\/\/sport24.24.hu\/app\/uploads\/sites\/24\/2021\/07\/7-kep-6.png\" alt=\"\" width=\"3905\" height=\"2197\" \/>\r\n\r\nKulcsjelenet volt a m\u00e9rk\u0151z\u00e9sen a spanyolok vezet\u00e9st jelent\u0151 g\u00f3lja a m\u00e1sodik f\u00e9lid\u0151ben, \u00e9s ebben a szitu\u00e1ci\u00f3ban ism\u00e9t Morata szerep\u00e9t kell kiemelni. A csat\u00e1r ez\u00fattal is a v\u00e9delmi vonalb\u00f3l visszal\u00e9pve pr\u00f3b\u00e1lta elbizonytalan\u00edtani a horv\u00e1t j\u00e1t\u00e9kosokat, \u00e9s sikerrel is j\u00e1rt. Ekkor egy v\u00e9d\u0151 sem merte \u0151t k\u00f6vetni, \u00edgy azonban Brozovic ker\u00fclt neh\u00e9z helyzetbe, akinek egyszerre kellett volna a visszal\u00e9p\u0151 csat\u00e1rra, \u00e9s a bal oldali f\u00e9lter\u00fcletben helyezked\u0151 Pedrire is figyelnie.\r\n\r\nV\u00e9g\u00fcl Pedri volt az, aki megkapta a labd\u00e1t, \u00e9s alak\u00edtott ki kett\u0151 az egy elleni helyzetet <strong>Sarabi\u00e1val<\/strong> egy\u00fctt a horv\u00e1tok jobb oldali v\u00e9d\u0151j\u00e9vel szemben, de ez a jelenet Morata remek helyezked\u00e9se n\u00e9lk\u00fcl nem j\u00f6hetett volna l\u00e9tre.\r\n\r\nR\u00e1ad\u00e1sul a hosszabb\u00edt\u00e1sban \u00e9ppen Morata volt az, aki egy remek, l\u00e9c al\u00e1 v\u00e1gott labd\u00e1val vezet\u00e9shez juttatta a spanyolokat, egyel\u0151re t\u00f6k\u00e9letesen igazolva Luis Enrique d\u00f6nt\u00e9s\u00e9t a csapatban tart\u00e1s\u00e1val kapcsolatban.\r\n<h2>4. Hogyan bukott meg Deschamps h\u00e1romv\u00e9d\u0151s rendszere?<\/h2>\r\nAz Eb eddigi legnagyobb meglepet\u00e9se k\u00e9ts\u00e9gtelen\u00fcl a v\u00e9gs\u0151 gy\u0151zelemre is nagy es\u00e9lyesnek tartott francia v\u00e1logatott korai b\u00facs\u00faja. Ugyanakkor az elk\u00f6sz\u00f6n\u00e9s nem volt el\u0151zm\u00e9ny n\u00e9lk\u00fcli, <strong>Didier Deschamps<\/strong> csapata ugyanis a legkev\u00e9sb\u00e9 sem ny\u00fajtott meggy\u0151z\u0151 teljes\u00edtm\u00e9nyt a csoportk\u00f6rben. Az els\u0151, n\u00e9metek elleni meccsen a kezd\u0151r\u00fag\u00e1st\u00f3l kezdve teljesen passz\u00edvan v\u00e9dekezett az egy\u00fcttes, \u00e9s csak egy korai \u00f6ng\u00f3lnak k\u00f6sz\u00f6nhet\u0151en tudta megnyerni a meccset, m\u00edg Magyarorsz\u00e1ggal \u00e9s Portug\u00e1li\u00e1val szemben csup\u00e1n d\u00f6ntetlenre futotta a t\u00e1rsas\u00e1g erej\u00e9b\u0151l.\r\n\r\nEzt Deschamps is \u00e9rz\u00e9kelhette. merthogy az els\u0151 k\u00e9t meccs 4-3-3-as fel\u00e1ll\u00e1s\u00e1t Portug\u00e1lia ellen m\u00e1r a 2018-ban alkalmazott 4-2-3-1-re cser\u00e9lte egy igazi k\u00f6z\u00e9pp\u00e1ly\u00e1ssal, <strong>Toliss\u00f3val<\/strong> a jobb oldalon. V\u00e9g\u00fcl\r\n\r\n<span class=\"highlight-block-small\">Sv\u00e1jc ellen szinte a semmib\u0151l el\u0151h\u00fazta a 3-5-2-t, amelyben sz\u00e1mos j\u00e1t\u00e9kos\u00e1t siker\u00fclt komfortz\u00f3n\u00e1n k\u00edv\u00fclre helyeznie.<\/span>\r\n\r\nDeschampsnak els\u0151 k\u00f6rben ugyanis nem voltak meg a sz\u00e1rnyv\u00e9d\u0151i ahhoz, hogy ezt a j\u00e1t\u00e9krendszert hat\u00e9konyan tudja alkalmazni. <strong>Benjamin Pavard<\/strong> rendk\u00edv\u00fcl gyeng\u00e9n muzsik\u00e1lt a magyarok ellen (\u0151 a Bayern M\u00fcnchenben jobbh\u00e1tv\u00e9dk\u00e9nt egy\u00e9bk\u00e9nt is t\u00f6bbnyire m\u00e9lyebben helyezkedik, \u00e9s nem j\u00e1tssza be teljes hossz\u00e1ban a p\u00e1ly\u00e1t), m\u00edg a m\u00e1sik oldalon <strong>Lucas Hernandez<\/strong> \u00e9s <strong>Lucas Digne<\/strong> s\u00e9r\u00fcl\u00e9se miatt am\u00fagy sem maradt m\u00e1s term\u00e9szetes opci\u00f3ja Deschamps-nak, \u00edgy ez\u00fattal a k\u00f6z\u00e9pp\u00e1ly\u00e1s <strong>Rabiot-nak<\/strong> kellett volna sz\u00e1rnyv\u00e9d\u0151k\u00e9nt megold\u00e1st jelentenie.\r\n\r\nEz\u00e9rt azt\u00e1n t\u00e1mad\u00e1sban a franci\u00e1k egy f\u00e9lid\u0151n kereszt\u00fcl nagyon lass\u00faak \u00e9s kisz\u00e1m\u00edthat\u00f3k voltak, tulajdonk\u00e9ppen semmif\u00e9le gondot nem jelentettek az 5-2-3-as alakzatban v\u00e9dekez\u0151 Sv\u00e1jcnak.\r\n\r\nAmi viszont m\u00e9g a t\u00e1mad\u00f3j\u00e1t\u00e9kn\u00e1l is rosszabbul mutatott, az a v\u00e9dekez\u00e9s.\r\n\r\n<img class=\"alignnone size-full wp-image-1162\" src=\"https:\/\/sport24.24.hu\/app\/uploads\/sites\/24\/2021\/07\/8-kep-5.png\" alt=\"\" width=\"3905\" height=\"2197\" \/>\r\n\r\nA m\u00e1sik oldalon <strong>Vladimir Petkovic<\/strong> a Wales elleni d\u00f6ntetlent \u00e9s az Olaszorsz\u00e1g elleni veres\u00e9get k\u00f6vet\u0151en fontos v\u00e1ltoztat\u00e1st hajtott v\u00e9gre a csapat\u00e1n. A sv\u00e1jci sz\u00f6vets\u00e9gi kapit\u00e1ny 3-4-1-2-es fel\u00e1ll\u00e1sban az els\u0151 k\u00e9t meccsen m\u00e9g bal oldali sz\u00e1rnyv\u00e9d\u0151k\u00e9nt szerepl\u0151 <strong>Ricardo Rodriguezt<\/strong> tette vissza a h\u00e1romf\u0151s k\u00f6z\u00e9ph\u00e1tv\u00e9d sor bal oldal\u00e1ra <strong>Fabian Sch\u00e4r<\/strong> hely\u00e9re, a bal oldali sz\u00e1rnyv\u00e9d\u0151 posztj\u00e1ra pedig <strong>Steven Zuber<\/strong> ker\u00fclt.\r\n\r\nEnnek nyom\u00e1n sokkal rugalmasabb\u00e1 v\u00e1lt a sv\u00e1jciak alakzata, \u00e9s labdabirtokl\u00e1s eset\u00e9n Rodriguez sz\u00e9lesebb poz\u00edci\u00f3t felv\u00e9ve, gyakran a hagyom\u00e1nyos balh\u00e1tv\u00e9dszerepk\u00f6rt t\u00f6lt\u00f6tte be. \u0150 biztos\u00edtotta a sz\u00e9less\u00e9get, m\u00edg Zuber a vonalak k\u00f6z\u00e9 bemozogva ny\u00fajtott tov\u00e1bbi egy passzopci\u00f3t. Ez T\u00f6r\u00f6korsz\u00e1g ellen fontos szerepet j\u00e1tszott a tov\u00e1bbjut\u00e1st \u00e9r\u0151 gy\u0151zelem kiharcol\u00e1s\u00e1ban, \u00e9s \u00a0ezzel \u2013 az els\u0151 f\u00e9lid\u0151ben \u2013 a franci\u00e1k sem tudtak mit kezdeni.\r\n\r\nA fenti k\u00e9pen az l\u00e1that\u00f3, ahogyan a sv\u00e1jciak a labdakihozatal els\u0151 szakasz\u00e1ban m\u00e9g h\u00e1rom bels\u0151 v\u00e9d\u0151vel \u00e9p\u00edtkeznek, \u00edgy l\u00e9tsz\u00e1mf\u00f6l\u00e9nyt tudnak kialak\u00edtani a franci\u00e1k k\u00e9t csat\u00e1r\u00e1val szemben, \u00e9s <strong>Akanji<\/strong> szabadon tudja felhozni a labd\u00e1t.\r\n\r\n<img class=\"alignnone size-full wp-image-1163\" src=\"https:\/\/sport24.24.hu\/app\/uploads\/sites\/24\/2021\/07\/9-kep-4.png\" alt=\"\" width=\"3905\" height=\"2197\" \/>\r\n\r\nMivel a sv\u00e1jciak k\u00f6nnyed\u00e9n \u00e1tj\u00e1tszott\u00e1k az ellenf\u00e9l csat\u00e1rsor\u00e1t, <strong>Pogb\u00e1nak<\/strong> kellett a k\u00f6z\u00e9pp\u00e1ly\u00e1r\u00f3l megt\u00e1madnia a labd\u00e1t szabadon felcipel\u0151 Akanjit. Ez viszont azzal j\u00e1rt, hogy <strong>Granit Xhaka<\/strong> teljesen szabadon maradt a k\u00f6z\u00e9pp\u00e1ly\u00e1n, \u00e9s a remek \u00fctemben visszal\u00e9p\u0151 <strong>Embolo<\/strong> seg\u00edt\u00e9s\u00e9vel el is jutott hozz\u00e1 a labda.\r\n\r\n<img class=\"alignnone size-full wp-image-1164\" src=\"https:\/\/sport24.24.hu\/app\/uploads\/sites\/24\/2021\/07\/10-kep-4.png\" alt=\"\" width=\"3905\" height=\"2197\" \/>\r\n\r\nEkkorra m\u00e1r teljes volt a k\u00e1osz a franci\u00e1k v\u00e9dekez\u00e9s\u00e9ben: nem \u0151k ir\u00e1ny\u00edtott\u00e1k az esem\u00e9nyeket, hanem folyamatosan cs\u00fasz\u00e1sban pr\u00f3b\u00e1lt\u00e1k kompenz\u00e1lni a szerkezeti hib\u00e1kat. A szabadon marad\u00f3 Xhak\u00e1ra a jobb oldali sz\u00e1rnyv\u00e9d\u0151 Pavard-nak kellett beljebb l\u00e9pnie, \u00edgy azonban a bal oldali sz\u00e1rnyv\u00e9d\u0151k\u00e9nt befel\u00e9 mozg\u00f3 \u00e9s a labd\u00e1t szabadon megkap\u00f3 Zuber, valamint a t\u00e1mad\u00e1s elej\u00e9n m\u00e9g bal oldali k\u00f6z\u00e9ph\u00e1tv\u00e9dk\u00e9nt helyezked\u0151, ekkora viszont m\u00e1r felfut\u00f3 balh\u00e1tv\u00e9dk\u00e9nt funkcion\u00e1l\u00f3 Rodriguez <strong>Varane-nal<\/strong> szemben kett\u0151 az egy elleni helyzetben t\u00e1madhatott.\r\n\r\n<img class=\"alignnone size-full wp-image-1166\" src=\"https:\/\/sport24.24.hu\/app\/uploads\/sites\/24\/2021\/07\/11-kep-3.png\" alt=\"\" width=\"3905\" height=\"2197\" \/>\r\n\r\nHasonl\u00f3 helyzet el\u0151zte meg a sv\u00e1jciak els\u0151 g\u00f3lj\u00e1t is. Zuber \u00e9s Rodriguez ekkor Pavard-al szemben tal\u00e1lta mag\u00e1t kett\u0151 az egy elleni szitu\u00e1ci\u00f3ban, \u00e9s ut\u00f3bbi m\u00f6g\u00e9 ker\u00fcl\u00e9ssel pr\u00f3b\u00e1lta megosztani a francia j\u00e1t\u00e9kos figyelm\u00e9t, \u00edgy Zubernek volt ideje pontosan be\u00edvelni k\u00f6z\u00e9pre a labd\u00e1t <strong>Seferovic<\/strong> fej\u00e9re.\r\n\r\nDeschamps ugyan a f\u00e9lid\u0151ben <strong>Kingsley Coman<\/strong> becser\u00e9l\u00e9s\u00e9vel reag\u00e1lt a katasztrof\u00e1lisan alakul\u00f3 esem\u00e9nyekre- \u00c1t\u00e1llva 4-4-2-re remek h\u00fasz percet produk\u00e1lt a francia v\u00e1logatott, amely ford\u00edtani tudott, de Petkovic mindent egy lapra felt\u00e9ve a hajr\u00e1ban 4-2-4-es alakzatra rendezte be a csapat\u00e1t. Majd Xhaka vez\u00e9rlet\u00e9vel egyenl\u00edtett, v\u00e9g\u00fcl pedig a tizenegyesp\u00e1rbajban kiejtette a torn\u00e1n teljesen koncepci\u00f3tlannak l\u00e1tsz\u00f3 franci\u00e1kat.\r\n<h2>5. Southgate kisz\u00e1m\u00edthat\u00f3, de j\u00f3l m\u0171k\u00f6d\u0151 terve<\/h2>\r\nNem a francia v\u00e1logatott volt az egyetlen, amely az Eur\u00f3pa-bajnoks\u00e1gon el\u0151sz\u00f6r a nyolcadd\u00f6nt\u0151ben v\u00e1ltott h\u00e1romv\u00e9d\u0151s rendszerre. Azonban am\u00edg Deschamps ezt teljesen ad-hoc m\u00f3don l\u00e9pte meg, addig <strong>Gareth Southgate<\/strong>, az angolok szakvezet\u0151je m\u00e1r a torna el\u0151tt tudatosan k\u00e9sz\u00fclt arra, hogy csapat\u00e1nak egyszer majd v\u00e1ltania kell. \u00c9ppen ez\u00e9rt az utaz\u00f3 keretbe is j\u00f3 n\u00e9h\u00e1ny olyan j\u00e1t\u00e9kos ker\u00fclt be, aki egyszerre tud ak\u00e1r k\u00f6z\u00e9ph\u00e1tv\u00e9dk\u00e9nt \u00e9s sz\u00e9ls\u0151, vagy sz\u00e1rnyv\u00e9d\u0151k\u00e9nt szerepelni.\r\n\r\nAz angolok a csoportk\u00f6rben 4-3-3-ban \u00e9s 4-2-3-1-ben futballozva is legf\u0151k\u00e9ppen az \u00f3vatoss\u00e1gra t\u00f6rekedtek, aminek az eredm\u00e9nye mind\u00f6ssze k\u00e9t szerzett g\u00f3l lett, viszont egyetlen g\u00f3lt sem kaptak, \u00e9s csoportels\u0151k\u00e9nt jutottak a legjobb tizenhat k\u00f6z\u00e9. De a kev\u00e9s g\u00f3l miatt az angol \u00fajs\u00e1g\u00edr\u00f3k \u00e9s a szurkol\u00f3k m\u00e1r el\u0151re kritiz\u00e1lt\u00e1k a kapit\u00e1nyt, hogy a N\u00e9metorsz\u00e1g elleni, a preszt\u00edzs szempontj\u00e1b\u00f3l is fontos meccsen egy t\u00e1mad\u00f3 szellem\u0171 j\u00e1t\u00e9kos helyett ink\u00e1bb \u00fajabb k\u00f6z\u00e9ph\u00e1tv\u00e9det \u00e1ll\u00edt a csapat\u00e1ba.\r\n\r\nEz viszont Southgate-et \u00e9s st\u00e1bj\u00e1t egy\u00e1ltal\u00e1n nem befoly\u00e1solta, ugyanis<a href=\"https:\/\/theathletic.com\/2670852\/2021\/06\/29\/inside-the-hub-englands-fearsome-data-department-that-spent-18-months-planning-for-germany\/\" target=\"_blank\" rel=\"noopener noreferrer\"> a 2016-os Eur\u00f3pa-bajnoks\u00e1got \u00e9s a 2018-as vil\u00e1gbajnoks\u00e1got elemezve koll\u00e9g\u00e1ival arra jutott, hogy egy tornagy\u0151zelemhez a legbiztosabb m\u00f3d, ha min\u00e9l t\u00f6bb meccset j\u00e1tszik a csapat kapott g\u00f3l n\u00e9lk\u00fcl.<\/a>\r\n\r\nR\u00e1ad\u00e1sul a n\u00e9metek ellen teljesen adta mag\u00e1t a 3-4-3-as fel\u00e1ll\u00e1sra t\u00f6rt\u00e9n\u0151 v\u00e1lt\u00e1s, miut\u00e1n <strong>Joachim L\u00f6w<\/strong> csapata ugyanezt az alakzatot alkalmazva, <strong>Robin Gosens<\/strong> \u00e9s <strong>Joshua Kimmich<\/strong> sz\u00e9lj\u00e1t\u00e9k\u00e1t kihaszn\u00e1lva darabokra szedte Portug\u00e1li\u00e1t a csoportk\u00f6rben.\r\n\r\nMivel \u00edgy a k\u00e9t csapat fel\u00e1ll\u00e1sa teljes m\u00e9rt\u00e9kben megegyezett, a n\u00e9met sz\u00e1rnyv\u00e9d\u0151k k\u00f6zel sem tudtak akkora hat\u00e1st kifejteni, mint azon a bizonyos portug\u00e1lok elleni meccsen. Amikor k\u00e9t olyan csapat j\u00e1tszik egym\u00e1s ellen, amely 3-4-3-as\/3-4-2-1-es j\u00e1t\u00e9krendszert alkalmaz, akkor pap\u00edron a p\u00e1lya minden pontj\u00e1n kialakulnak az egy az egy elleni p\u00e1rharcok, \u00edgy az a kulcsk\u00e9rd\u00e9s: hol siker\u00fcl szabad ter\u00fcleteket kre\u00e1lni, vagy l\u00e9tsz\u00e1mf\u00f6l\u00e9nyt teremteni?\r\n\r\n<img class=\"alignnone size-full wp-image-1167\" src=\"https:\/\/sport24.24.hu\/app\/uploads\/sites\/24\/2021\/07\/12-kep-1.png\" alt=\"\" width=\"3905\" height=\"2197\" \/>\r\n\r\nL\u00f6w egy\u00e9rtelm\u0171en \u00fagy gondolta, hogy a k\u00f6z\u00e9pp\u00e1ly\u00e1n kell meghat\u00e1roz\u00f3 f\u00f6l\u00e9nyt kiharcolnia, \u00edgy a k\u00e9t sz\u00e9ls\u0151 t\u00e1mad\u00f3, <strong>Thomas M\u00fcller<\/strong> \u00e9s <strong>Kai Havertz<\/strong> rendszeresen m\u00e9lyebbre visszal\u00e9pett, hogy a fent l\u00e1that\u00f3 m\u00f3don n\u00e9gy a kett\u0151 elleni l\u00e9tsz\u00e1mf\u00f6l\u00e9nyt alak\u00edtson ki a k\u00e9t angol k\u00f6z\u00e9pp\u00e1ly\u00e1ssal, <strong>Rice-szal<\/strong> \u00e9s <strong>Phillipsszel<\/strong> szemben.\r\n\r\nEmiatt ker\u00fclt be a kezd\u0151csapatban<strong> Timo Werner<\/strong> is a k\u00f6z\u00e9pcsat\u00e1r posztj\u00e1ra, aki a gyorsas\u00e1g\u00e1nak k\u00f6sz\u00f6nhet\u0151en folyamatosan sakkban tartotta az angol k\u00f6z\u00e9ph\u00e1tv\u00e9deket. Ut\u00f3bbiak \u00edgy nem mertek magasra fell\u00e9pni, hogy elt\u00fcntess\u00e9k a n\u00e9metek el\u0151ny\u00e9t a p\u00e1lya k\u00f6zep\u00e9n. Egy ilyen szitu\u00e1ci\u00f3 eredm\u00e9nyezte p\u00e9ld\u00e1ul Werner ziccer\u00e9t is az els\u0151 f\u00e9lid\u0151ben. Az id\u0151 el\u0151re haladt\u00e1val azonban ezen siker\u00fclt v\u00e1ltoztatniuk, \u00e9s a h\u00e1rom tag\u00fa v\u00e9delemb\u0151l els\u0151sorban <strong>Kyle Walker<\/strong> volt az, aki ak\u00e1r nagyon m\u00e9lyre is hajland\u00f3 volt k\u00f6vetni az ember\u00e9t.\r\n\r\nAm\u00edg a n\u00e9metek Havertz \u00e9s M\u00fcller seg\u00edts\u00e9g\u00e9vel a p\u00e1lya k\u00f6zep\u00e9n igyekeztek \u00e9rv\u00e9nyes\u00fclni, addig az angolok legink\u00e1bb abban b\u00edztak, hogy a f\u00e9lter\u00fcletet siker\u00fcl megnyitniuk. B\u00e1r a n\u00e9metek pap\u00edron v\u00e9dekez\u00e9sben is 3-4-3-as alakzatot vettek fel, ez a legt\u00f6bbsz\u00f6r 3-5-2-re m\u00f3dosult, miut\u00e1n Havertz foglalta el a jobb oldali k\u00f6z\u00e9pp\u00e1ly\u00e1s szerepk\u00f6r\u00e9t, hogy <strong>Goretzka<\/strong> a v\u00e9delem el\u0151tt helyezkedve tudjon \u00fcgyelni az alkalmank\u00e9nt visszal\u00e9p\u0151 <strong>Harry Kane-re<\/strong>.\r\n\r\n<img class=\"alignnone size-full wp-image-1168\" src=\"https:\/\/sport24.24.hu\/app\/uploads\/sites\/24\/2021\/07\/13-kep-1.png\" alt=\"\" width=\"3905\" height=\"2197\" \/>\r\n\r\n\u00c1m ennek a v\u00e9dekez\u00e9snek az volt a h\u00e1tr\u00e1nya, hogy az angolok kell\u0151en gyors labdaj\u00e1rat\u00e1ssal ki tudt\u00e1k haszn\u00e1lni az els\u0151 vonalban kialak\u00edtott, h\u00e1rom a kett\u0151 elleni f\u00f6l\u00e9ny\u00fcket a n\u00e9metek k\u00e9t csat\u00e1r\u00e1val szemben. A fenti k\u00e9pen az els\u0151 g\u00f3l el\u0151tti szitu\u00e1ci\u00f3 l\u00e1that\u00f3: a cserek\u00e9nt be\u00e1ll\u00f3 <strong>Jack Grealish<\/strong> balsz\u00e9ls\u0151k\u00e9nt m\u00e9lyre visszal\u00e9pett labd\u00e1\u00e9rt, mik\u00f6zben (a k\u00e9pen nem l\u00e1that\u00f3) Kane a helyezked\u00e9s\u00e9vel lek\u00f6t\u00f6tte a jobb oldali k\u00f6z\u00e9ph\u00e1tv\u00e9d <strong>Gintert<\/strong>, aki emiatt nem tudta nyom\u00e1s al\u00e1 helyezni Grealisht, \u00edgy Kimmichnek kellett jobb oldali sz\u00e1rnyv\u00e9d\u0151k\u00e9nt bel\u00e9pni r\u00e1. Erre Havertznek kellett reag\u00e1lnia, mivel a felfut\u00f3 <strong>Shaw-ra<\/strong> nem jutott volna ember, \u00e1m ily m\u00f3don szabad volt az \u00fat az angolok sz\u00e1m\u00e1ra, hogy n\u00e9h\u00e1ny gyors passz ut\u00e1n megnyiss\u00e1k a m\u00e1sik oldalt.\r\n\r\n<img class=\"alignnone size-full wp-image-1169\" src=\"https:\/\/sport24.24.hu\/app\/uploads\/sites\/24\/2021\/07\/14-kep.png\" alt=\"\" width=\"3905\" height=\"2197\" \/>\r\n\r\nA folytat\u00e1sban pedig pontosan ez t\u00f6rt\u00e9nt: a n\u00e9met k\u00f6z\u00e9pp\u00e1lya teljesen eltol\u00f3dott a jobb oldal ir\u00e1ny\u00e1ba, s Walker a h\u00e1rom a kett\u0151 elleni helyzetet kihaszn\u00e1lva szabadon tudott feljebb l\u00e9pni, \u00e9s zavartalanul j\u00e1tszhatta meg <strong>Sterlinget<\/strong> a jobb oldali f\u00e9lter\u00fcletben.\r\n\r\n<img class=\"alignnone size-full wp-image-1170\" src=\"https:\/\/sport24.24.hu\/app\/uploads\/sites\/24\/2021\/07\/15-kep.png\" alt=\"\" width=\"3905\" height=\"2197\" \/>\r\n\r\nSterlingre pedig <strong>R\u00fcdigernek<\/strong> kellett kil\u00e9pnie a v\u00e9delem k\u00f6zep\u00e9r\u0151l, hatalmas folyos\u00f3t hagyva maga m\u00f6g\u00f6tt, \u00e9s mivel a Manchester City j\u00e1t\u00e9kosa sz\u00e9pen le is fordult r\u00f3la, ez\u00e9rt a v\u00e9d\u0151 eg\u00e9szen a bal oldalra k\u00f6vette \u0151t. K\u00e9s\u0151bb \u00e9ppen az \u00e1ltala \u00fcresen hagyott ter\u00fcletre tudott egyszerre \u00e9rkezni <strong>Hummelsszel<\/strong> szemben Kane \u00e9s Sterling, hogy v\u00e9g\u00fcl ut\u00f3bbi szerezze meg a vezet\u00e9st jelent\u0151 g\u00f3lt.\r\n\r\nMindent egybevetve a m\u00e9rk\u0151z\u00e9s teljesen kiegyenl\u00edtett volt, a k\u00e9t csapat hasonl\u00f3 mennyis\u00e9g\u0171 \u00e9s min\u0151s\u00e9g\u0171 helyzetet dolgozott ki, de azokat az angolok tudt\u00e1k hat\u00e9konyabban kihaszn\u00e1lni, Southgate terve pedig t\u00f6k\u00e9letesen bev\u00e1lt a n\u00e9metek lehet\u0151s\u00e9geinek limit\u00e1l\u00e1s\u00e1ra.\r\n\r\n[prefabricated_shortcode in_app=\"0\" code=\"%3Cdiv%20class%3D%22article_box_border%22%20style%3D%22background%3A%20url%28%27https%3A%2F%2F24.p3k.hu%2Fapp%2Fuploads%2Fsites%2F24%2F2021%2F05%2Fsport24-pattern.png%27%29%20no-repeat%20left%20-16px%20%23f3f3f4%3B%20border%3A%20none%3B%22%3E%0D%0A%3Cdiv%20class%3D%22article_solidheader%22%3E%0D%0A%3Ch2%20style%3D%22color%3A%20%23111115%21important%3B%20font-size%3A%2036px%3B%20font-weight%3A%20bold%3B%20margin-bottom%3A%2030px%3B%20margin-top%3A%2020px%3B%20text-align%3A%20center%3B%20line-height%3A%2036px%3B%22%3E%3Cimg%20class%3D%22aligncenter%20size-full%20wp-image-141%22%20src%3D%22https%3A%2F%2F24.p3k.hu%2Fapp%2Fuploads%2Fsites%2F24%2F2021%2F05%2Fs24-logo-dt.png%22%20alt%3D%22%22%20width%3D%22408%22%20height%3D%2290%22%20%2F%3E%3C%2Fh2%3E%0D%0A%3Ch2%20style%3D%22color%3A%20%23111115%21important%3B%20font-size%3A%2036px%3B%20font-weight%3A%20bold%3B%20margin-bottom%3A%2030px%3B%20margin-top%3A%2020px%3B%20text-align%3A%20center%3B%20line-height%3A%2040px%3B%22%3ECsatlakozz%20a%20Sport24%20k%C3%B6z%C3%B6ss%C3%A9ghez%2C%20mondd%20el%20v%C3%A9lem%C3%A9nyedet%20z%C3%A1rt%20Facebook-csoportunkban%2C%20%C3%A9s%20vegy%C3%A9l%20r%C3%A9szt%20csak%20el%C5%91fizet%C5%91knek%20el%C3%A9rhet%C5%91%20exkluz%C3%ADv%20esem%C3%A9nyeinken.%3C%2Fh2%3E%0D%0A%3C%2Fdiv%3E%0D%0A%3Cp%20style%3D%22background%3A%20%2357A600%3B%20margin-top%3A%2020px%3B%20padding%3A%2020px%3B%20text-align%3A%20center%3B%22%3E%3Ca%20style%3D%22color%3A%20%23ffffff%3B%20font-size%3A%2026px%3B%20font-weight%3A%20600%3B%22%20href%3D%22https%3A%2F%2Fwww.facebook.com%2Fgroups%2F212344460412327%22%3ECSATLAKOZOM%3C%2Fa%3E%3C%2Fp%3E%0D%0A%0D%0A%3C%2Fdiv%3E\"]","type":"rich","thumbnail_url":"https:\/\/s.24.hu\/app\/uploads\/sites\/24\/2021\/07\/000_9dj48p-150x150.jpg","thumbnail_width":150,"thumbnail_height":150}