{"version":"1.0","provider_name":"Sport24","provider_url":"https:\/\/sport24.24.hu","author_name":"Bruckner G\u00e1bor","author_url":"https:\/\/sport24.24.hu\/author\/brucknerg\/","title":"Aranyb\u00f3l s\u00e1r, avagy h\u00e1rom \u00e9vtized leg\u0151rj\u00edt\u0151bb m\u00f3don le\u00e9g\u0151 szt\u00e1rv\u00e1logatottjai","html":"A szt\u00e1rcsapatnak \u2013 ha nem nyer, vagy legal\u00e1bb nem \u00e9ri el a d\u00f6nt\u0151t egy nagy torn\u00e1n \u2013 kev\u00e9s kifog\u00e1sa lehet. Lehet a balszerencs\u00e9re mutogatni (\u00e1tkozott kapufa, tizenegyesek stb.), a j\u00e1t\u00e9kvezet\u0151i d\u00f6nt\u00e9sekre, egy-egy kulcslehet\u0151s\u00e9g elszalaszt\u00e1s\u00e1ra, a s\u00e9r\u00fcl\u00e9sekre.\r\n\r\n<span class=\"highlight-block-small\">A m\u00e9dia \u00e9s a szurkol\u00f3t\u00e1bor is megtal\u00e1lja menetrendszer\u0171en a maga b\u0171nbakjait, a sz\u00f6vets\u00e9gi kapit\u00e1nyt\u00f3l a j\u00e1t\u00e9kosokig \u00e9s a k\u00f6r\u00fclm\u00e9nyekig. <\/span>\r\n\r\nKi lehet esni h\u0151siesen, ki lehet esni emelt f\u0151vel \u00e9s ki lehet esni \u00fagy, hogy a szurkol\u00f3k a legsz\u00edvesebben elr\u00e1gn\u00e1k a bossz\u00fas\u00e1gt\u00f3l a s\u00e1ljukat, mert a csapat j\u00e1t\u00e9kban is messze elmaradt a v\u00e1rakoz\u00e1sokt\u00f3l. A portug\u00e1l csapat 2021-es Eb-szerepl\u00e9s\u00e9nek a mott\u00f3ja ak\u00e1r az is lehetne: \u201eNem az utols\u00f3 t\u00edz percben kellett volna futballozni.\u201d\r\n\r\nNo de melyik volt a leg\u0151rj\u00edt\u0151bb szt\u00e1rcsapata az elm\u00falt harmincegy \u00e9vnek, vagyis annak az id\u0151szaknak, amely m\u00e9g sokak eml\u00e9kezet\u00e9ben \u00e9l\u00e9nken \u00e9l?\r\n<h2>Pragmatizmus \u00e9s nihil<\/h2>\r\nA vil\u00e1gfutball nagy torn\u00e1in a romantik\u00e1t \u00e1ltal\u00e1ban a \u201ekiscsapatok\u201d k\u00e9pviselik, amelyek ritk\u00e1n nyernek. A \u201eromantikus nagyok\u201d szint\u00e9n ritk\u00e1n nyernek. Nem nyert az Aranycsapat, nem nyertek a hetvenes \u00e9vek hollandjai, nem nyertek az 1982-es brazilok. A kiv\u00e9tel az 1970-es brazil v\u00e1logatott, az egym\u00e1s ut\u00e1n k\u00e9t Eur\u00f3pa- \u00e9s egy vil\u00e1gbajnoks\u00e1gon gy\u0151ztes spanyol egy\u00fcttes, illetve tal\u00e1n m\u00e9g a hetvenes \u00e9vek nagyszer\u0171 nyugatn\u00e9met csapata, amelyet a hollandok m\u00edtosza miatt k\u00f6nny\u0171 al\u00e1becs\u00fclni. Ezekn\u00e9l a v\u00e1logatottakn\u00e1l teljesen egym\u00e1sra tal\u00e1lt forma \u00e9s tartalom, futballr\u00f3l vallott nemzeti filoz\u00f3fia \u00e9s eredm\u00e9ny. A cs\u00facson persze <strong>Pel\u00e9\u00e9k<\/strong> tr\u00f3nolnak: az 1970-es selecao m\u00e1s csapatoknak szinte megk\u00f6zel\u00edthetetlen st\u00e1tusban van. Megnyerni a vil\u00e1gbajnoks\u00e1got, szemet gy\u00f6ny\u00f6rk\u00f6dtet\u0151 futballal \u2013 enn\u00e9l t\u00f6bbet v\u00e1logatott nem \u00e9rhet el.\r\n\r\n<img class=\"alignnone wp-image-1144 size-large\" src=\"https:\/\/sport24.24.hu\/app\/uploads\/sites\/24\/2021\/07\/043_sw_scanpixb030916-1024x689.jpg\" alt=\"\" width=\"1024\" height=\"689\" \/>\r\n\r\nA legt\u00f6bb bajnok nem ilyen. S\u0151t. M\u00e9g az eml\u00edtett \u201eszupercsapatokn\u00e1l\u201d is kezet fogott a romantika \u00e9s pragmatizmus. Kellett, hogy Pel\u00e9\u00e9kn\u00e9l legyen egy <strong>Clodoaldo<\/strong>. Az NSZK nagy sikereihez ugyan\u00fagy kellett <strong>Berti Vogts<\/strong>, mint <strong>Franz Beckenbauer<\/strong> vagy <strong>Gerd M\u00fcller<\/strong>. A vil\u00e1gh\u00f3d\u00edt\u00f3 spanyolok tizenk\u00e9t, kies\u00e9ses rendszer\u0171 m\u00e9rk\u0151z\u00e9s\u00fck\u00f6n g\u00f3lt sem kaptak (ebb\u0151l \u00f6t 1-0, k\u00e9t 0-0 ut\u00e1n megnyert tizenegyesp\u00e1rbaj). H\u00e1ny m\u00e9rk\u0151z\u00e9s volt cs\u00fanya ezekb\u0151l?\r\n<div class=\"payable-content-section\"><\/div>\r\nA tornafutball alapvet\u0151en f\u00f6ldh\u00f6zragadt m\u0171faj, k\u00fcl\u00f6n\u00f6sen a k\u00e9tezres \u00e9vekben, amikor m\u00e1r vitathatatlan a klubfoci f\u00f6l\u00e9nye a v\u00e1logatottakkal szemben. M\u00edg egykor a v\u00e1logatott-torn\u00e1k jelentett\u00e9k a \u201efutballcs\u00facsot\u201d \u2013 \u00e9rzelmileg m\u00e9g ma is ezek jelentik \u2013, azt ma m\u00e1r kevesen vitatn\u00e1k, hogy egy klubcsapat szofisztik\u00e1lt, v\u00e9gletekig begyakorolt j\u00e1t\u00e9ka sokkal jobb ann\u00e1l, amit vil\u00e1g- vagy kontinensbajnoks\u00e1gokon l\u00e1thatunk a v\u00e1logatottakt\u00f3l. T\u00fal kev\u00e9s az egy\u00fctt gyakorl\u00e1si lehet\u0151s\u00e9g, kev\u00e9s az id\u0151,\r\n\r\n<span class=\"highlight-block\">a hossz\u00fa klubid\u00e9ny ut\u00e1n kil\u00fagozottan \u00e9rkeznek a j\u00e1t\u00e9kosok. <\/span>\r\n\r\nR\u00e1ad\u00e1sul csak hat-h\u00e9t m\u00e9rk\u0151z\u00e9s van, a hib\u00e1z\u00e1si lehet\u0151s\u00e9g minim\u00e1lis, a kies\u00e9ses szakaszban nincs is. Minden arra \u00f6szt\u00f6k\u00e9l, hogy a v\u00e1logatottak min\u00e9l egyszer\u0171bben, min\u00e9l pragmatikusabban j\u00e1tsszanak. Lehet, hogy ez nem sz\u00e9p, de ha hasznos, az m\u00e1r \u00e9pp el\u00e9g j\u00f3. A tornaformula: minim\u00e1lis kock\u00e1zatv\u00e1llal\u00e1s + maxim\u00e1lis stabilit\u00e1s + megfelel\u0151 csapatj\u00e1t\u00e9k + kiemelked\u0151 egy\u00e9nis\u00e9gek = gy\u0151zelem.\r\n\r\nA probl\u00e9ma ezzel annyi, hogy nagyon<a href=\"https:\/\/sport24.24.hu\/foci\/2021\/06\/30\/podcast-ajtoablak-evtizedes-atkot-dobott-le-anglia\/\" target=\"_blank\" rel=\"noopener noreferrer\"> k\u00f6nny\u0171 \u00e1tl\u00e9pni a hat\u00e1rvonalat<\/a> a pragmatikus j\u00e1t\u00e9k \u00e9s a futballnihil k\u00f6z\u00f6tt. A pragmatizmust egy dolog t\u00e1masztja al\u00e1 igaz\u00e1n: az eredm\u00e9ny. A \u201en\u00e9zzetek a t\u00e1bl\u00e1ra!\u201d nem m\u0171k\u00f6dik, hogy ha a t\u00e1bl\u00e1n kedvez\u0151tlen eredm\u00e9ny szerepel.\r\n\r\n<a href=\"https:\/\/sport24.24.hu\/foci\/2021\/06\/29\/ennyi-klasszissal-soha-nem-latszott-ilyen-elveszettnek-a-francia-valogatott\/\" target=\"_blank\" rel=\"noopener noreferrer\">\u201eEnnyi klasszissal soha nem l\u00e1tszott ilyen elveszettnek a francia v\u00e1logatott\u201d<\/a> \u2013 \u00edrtuk. <a href=\"https:\/\/sport24.24.hu\/foci\/2021\/06\/29\/podcast-ajtoablak-nyolcaddonto-francia-kieses\/\" target=\"_blank\" rel=\"noopener noreferrer\">A nihilist\u00e1k pedig megb\u0171nh\u0151dtek.<\/a> Megb\u0171nh\u0151dtek, mert tehetetlen\u00fcl b\u00f3kl\u00e1sztak, edz\u0151i \u00e9s egy\u00e9ni hib\u00e1kkal \u00f6nmaguknak vert\u00e9k a k\u00f6telet (Hollandia); mert akkor kezdtek futballozni, amikor k\u00e9s\u0151 volt \u00e9s edz\u0151j\u00fckben nem volt mersz (Portug\u00e1lia); mert \u00fagy gondolt\u00e1k, h\u00fasz perc j\u00e1t\u00e9k \u00e9s saj\u00e1t kiv\u00e1l\u00f3s\u00e1guk tudata el\u00e9g (Franciaorsz\u00e1g); mert nem voltak el\u00e9g b\u00e1trak \u00e9s nem voltak el\u00e9g stabilak sem (N\u00e9metorsz\u00e1g). \u00dagy j\u00e1rtak, mint az elm\u00falt b\u0151 h\u00e1rom \u00e9vtizedben sz\u00e1mos remek(nek t\u0171n\u0151) v\u00e1logatott. Ezek k\u00f6z\u00fcl v\u00e1logattunk \u2013 alul teljes\u00edt\u0151, egyben szurkol\u00f3bosszant\u00f3 egy\u00fctteseket kerest\u00fcnk, mik\u00f6zben egy-egy \u201emezei\u201d \u00f6sszeoml\u00e1s vagy h\u0151sies kies\u00e9s nem \u00e9r\u2026\r\n\r\n<img class=\"alignnone wp-image-1145 size-large\" src=\"https:\/\/sport24.24.hu\/app\/uploads\/sites\/24\/2021\/07\/000_9dc6ah-1024x683.jpg\" alt=\"\" width=\"1024\" height=\"683\" \/>\r\n<h2>A legbosszant\u00f3bb t\u00edzes<\/h2>\r\n<strong>10. BRAZ\u00cdLIA (vb, 1990).<\/strong> Ha el szeretn\u00e9nk rettenteni a gyereket a futballt\u00f3l, akkor mutogassunk neki meccseket az 1990-es vil\u00e1gbajnoks\u00e1gr\u00f3l, amely a defenz\u00edv j\u00e1t\u00e9k diadalmenet\u00e9t hozta, b\u00e1r ilyen diadalt az ellens\u00e9geinknek sem k\u00edv\u00e1nn\u00e1nk. A 2,21-es g\u00f3l\u00e1tlag a legalacsonyabb a vil\u00e1gbajnoks\u00e1gok t\u00f6rt\u00e9net\u00e9ben, szemet gy\u00f6ny\u00f6rk\u00f6dtet\u0151 futball alig volt, brut\u00e1lis dar\u00e1l\u00e1s ann\u00e1l t\u00f6bb. Aki p\u00e9ld\u00e1ul az 1982-es brazil csapaton nevelkedett, lehet, hogy az 1990-est\u0151l a legsz\u00edvesebben kiv\u00e1jta volna a szem\u00e9t: a csoportk\u00f6rben aratott h\u00e1rom egyg\u00f3los gy\u0151zelem sem volt \u00e9pp gy\u00f6ny\u00f6r\u0171, az argentinok elleni kies\u00e9s meg pl\u00e1ne. A brazilok t\u00e1madtak, az argentinok kontr\u00e1ztak,<strong> Diego Maradona<\/strong> kiugratta <strong>Claudio Caniggi\u00e1t<\/strong>, az akci\u00f3 befejez\u00e9s\u00e9r\u0151l pedig a mai napig \u00e9nekelnek az argentin szurkol\u00f3k, ha riv\u00e1lisaikat akarj\u00e1k bosszantani. 1982-ben <strong>Falcao, Cerezo, S\u00f3crates<\/strong> \u00e9s <strong>Zico<\/strong> var\u00e1zsolt a k\u00f6z\u00e9pp\u00e1ly\u00e1n, 1990-ben<strong> Alemao, Valdo<\/strong> \u00e9s <strong>Dunga<\/strong> gyalult ugyanott; az ide\u00e1ljait\u00f3l messze lev\u0151 brazil csapat meg kiesett egy nagyon \u00e1tlagos argentinnal szemben. Ut\u00f3bbin\u00e1l az eredm\u00e9ny igazolta a sz\u00fcrkes\u00e9get, el\u0151bbin\u00e9l semmi sem igazolt semmit. <strong>Branco<\/strong> k\u00e9s\u0151bb megv\u00e1dolta az argentinokat azzal, hogy nyugtat\u00f3val megsp\u00e9kelt vizet adtak neki, de a brazilok j\u00e1t\u00e9ka ett\u0151l f\u00fcggetlen\u00fcl is leszed\u00e1lt volt.\r\n\r\n<strong>9. FRANCIAORSZ\u00c1G (Eb, 1992).<\/strong> A franci\u00e1k teljes \u00f6sszeoml\u00e1sait (mint p\u00e9ld\u00e1ul a j\u00e1t\u00e9kosl\u00e1zad\u00e1ssal egybek\u00f6t\u00f6tt 2010-es vb, ami k\u00fcl\u00f6n kateg\u00f3ri\u00e1t k\u00e9pviselne, ez\u00e9rt nincs is a rangsorban) lesz\u00e1m\u00edtva a \u201ek\u00e9kek\u201d j\u00f3 n\u00e9h\u00e1ny csapat\u00e1nak helye lenne a list\u00e1n. P\u00e9ld\u00e1ul annak, amely a <strong>Jean-Pierre Papin, Eric Cantona<\/strong> csat\u00e1rdu\u00f3val z\u00fagott ki az 1992-es Eur\u00f3pa-bajnoks\u00e1g csoportk\u00f6r\u00e9ben. <strong>Michel Platini<\/strong> egy\u00fcttese letarolta Eb-selejtez\u0151csoportj\u00e1t, rekordhossz\u00fa veretlens\u00e9gi sorozatot (19 meccs) mutatott be, hogy a torna \u00e9v\u00e9re teljesen kif\u00fajjon. A h\u00e1zigazda sv\u00e9dek ellen j\u00f3 volt az 1-1, az angolok elleni 0-0-t mindk\u00e9t csapat elk\u00f6nyvelte tov\u00e1bbjut\u00e1st el\u0151seg\u00edt\u0151 eredm\u00e9nynek, hogy azt\u00e1n mindkett\u0151 kiessen, mert a franci\u00e1k a d\u00e1nok, az angolok meg a sv\u00e9dek akn\u00e1j\u00e1ra l\u00e9ptek r\u00e1. Franciaorsz\u00e1g es\u00e9lyesk\u00e9nt \u00e9rkezett a torn\u00e1ra, \u00e9s a h\u00e1ts\u00f3 ajt\u00f3n t\u00e1vozott. J\u00e1t\u00e9kuk alapj\u00e1n senki sem hi\u00e1nyolta \u0151ket.\r\n\r\n<strong>8. PORTUG\u00c1LIA (Eb, 2021).<\/strong> Az Eb el\u0151tt konszenzus volt arr\u00f3l, hogy a mostani portug\u00e1l keret er\u0151sebb az \u00f6t \u00e9vvel ezel\u0151ttin\u00e9l, hiszen az arany\u00e9rmes maghoz m\u00e9giscsak hozz\u00e1csap\u00f3dott <strong>R\u00faben Dias, Bruno Fernandes, Bernardo Silva, Diogo Jota, Andr\u00e9 Silva, Joao F\u00e9lix<\/strong>, s az eml\u00edtetteket alighanem b\u00e1rmelyik csapat sz\u00edvesen elfogadta volna. Ehhez k\u00e9pest a portug\u00e1lok csak Magyarorsz\u00e1g ellen tudtak nyerni, a belg\u00e1k pedig gyorsan haza is k\u00fcldt\u00e9k \u0151ket. A konzervat\u00edv futballt\u00f3l szabadulni k\u00e9ptelen <strong>Fernando Santos<\/strong> n\u00e9ha be-becser\u00e9lt egy klasszis t\u00e1mad\u00f3j\u00e1t\u00e9kost, de vajmi kev\u00e9ss\u00e9 tudta kihaszn\u00e1lni a keretben rejl\u0151 lehet\u0151s\u00e9get \u2013 \u00e9ppen ez\u00e9rt volt annyira bosszant\u00f3 ez a kies\u00e9s. Lehet, hogy neki <strong>\u00c9der<\/strong> kell \u00e9s nem Joao F\u00e9lix.\r\n\r\n<strong>7. SPANYOLORSZ\u00c1G (vb, 2018).<\/strong> A 2014-es vb-\u00f6sszeoml\u00e1s legal\u00e1bb nem volt ideges\u00edt\u0151, ink\u00e1bb egy korszakos v\u00e1logatott alkonya. Att\u00f3l kezdve, hogy <strong>Daley Blind<\/strong> \u201evil\u00e1g k\u00f6r\u00fcli \u00fatra\u201d \u00e1ll\u00edtotta a labd\u00e1t a salvadori stadionban \u00e9s <strong>Robin van Persie<\/strong> elrugaszkodott a f\u00f6ldt\u0151l, hogy csod\u00e1latos g\u00f3lt fejeljen, minden balul s\u00fclt el a vil\u00e1gver\u0151 spanyol v\u00e1logatottnak. Van ilyen \u2013 a csal\u00f3dotts\u00e1g \u00f3ri\u00e1si volt, de t\u00e1n nem volt annyira bosszant\u00f3 ez a kies\u00e9s. Nem \u00fagy a n\u00e9gy \u00e9vvel k\u00e9s\u0151bbi. A spanyolok \u00e1tszenvedt\u00e9k magukat a csoportjukon, majd a nyolcadd\u00f6nt\u0151ben a h\u00e1zigazda oroszok ellen elkezdtek passzolni.\r\n\r\n<span class=\"highlight-block-small\">Passzoltak, passzoltak, passzoltak, passzoltak \u00e9s passzoltak, a legend\u00e1k szerint m\u00e9g mindig passzolnak.<\/span>\r\n\r\nSemmire sem mentek vele, a k\u0151bunk\u00f3 egyszer\u0171s\u00e9ggel j\u00e1tsz\u00f3 oroszok meg tizenegyesekkel kiejtett\u00e9k \u0151ket. \u201eS\u00e9ta haza\u201d \u2013 \u00edrta c\u00edmlapj\u00e1n m\u00e1snap a Marca a \u201esebess\u00e9g, l\u00e9lek \u00e9s \u00f6r\u00f6m n\u00e9lk\u00fcli, steril\u201d spanyol csapatr\u00f3l. Mindent elmond a v\u00e1logatottr\u00f3l, hogy a legeml\u00e9kezetesebb momentuma a sz\u00f6vets\u00e9gi kapit\u00e1nyi poszt k\u00f6r\u00fcli balh\u00e9 volt.\r\n\r\n<strong>6. ANGLIA (vb, 2006).<\/strong> Aranygener\u00e1ci\u00f3. Egekbe hype-olt v\u00e1logatott. Glamour a p\u00e1ly\u00e1n \u00e9s glamour a lel\u00e1t\u00f3n. \u201eKomplett a csapatunk\u201d \u2013 jelentette ki <strong>Sven-G\u00f6ran Eriksson<\/strong>, akinek luxusprobl\u00e9m\u00e1i voltak a keret \u00e9s a kezd\u0151csapat \u00f6ssze\u00e1ll\u00edt\u00e1s\u00e1n\u00e1l. Az angolok megnyert\u00e9k a csoportjukat, tov\u00e1bbk\u00ednl\u00f3dt\u00e1k magukat a nyolcadd\u00f6nt\u0151b\u0151l Ecuador ellen, hogy azt\u00e1n egy rusnya meccsen tapos\u00e1s\u00e9rt ki\u00e1ll\u00edts\u00e1k <strong>Wayne Rooney-t, Cristiano Ronaldo<\/strong> kacsintson egyet, s a \u201eh\u00e1romoroszl\u00e1nosokat\u201d tizenegyesekkel kiejtse Portug\u00e1lia. <strong>Erikssonnak<\/strong> t\u00f6bb\u00e9 nem volt gondja azzal, hogy <strong>Steven Gerrardot<\/strong> \u00e9s <strong>Frank Lampardot<\/strong> egyszerre kell csapatba \u00e1ll\u00edtania (egy\u00e9bk\u00e9nt mindk\u00e9t vil\u00e1gklasszis bels\u0151 k\u00f6z\u00e9pp\u00e1ly\u00e1sa hib\u00e1zott a tizenegyesekn\u00e9l). Lehet, hogy 2016-ban, Izland ellen sokkal megal\u00e1z\u00f3bb volt kiesni, de a 2006-os b\u00facs\u00fa pont a keretben rejl\u0151 \u00edg\u00e9ret \u00e9s az aranyr\u00f3l sz\u0151tt \u00e1lmok miatt volt f\u00e1jdalmasabb.\r\n\r\n<strong>5. N\u00c9METORSZ\u00c1G (vb, 2018 \u00e9s Eb, 2021).<\/strong> K\u00e9t kies\u00e9s, mindkett\u0151 az irgalmatlanul bosszant\u00f3 t\u00edpusb\u00f3l. Amikor <strong>Joachim L\u00f6w<\/strong> B csapata a 2018-as vil\u00e1gbajnoks\u00e1g el\u0151tt az orosz talajba gyalulta az ellenfeleket a Konf\u00f6der\u00e1ci\u00f3s Kup\u00e1n, senki sem gondolt arra, hogy a c\u00edmv\u00e9d\u0151 m\u00e1r a csoportk\u00f6r ut\u00e1n b\u00facs\u00fat mond a vb-nek, pedig ez lett a v\u00e9ge. A L\u00f6w-korszak h\u00e1rom \u00e9vvel k\u00e9s\u0151bb a Wembleyben z\u00e1rult le, egy stabilabb, egys\u00e9gesebb, jobb csapatj\u00e1t\u00e9kkal el\u0151rukkol\u00f3, erej\u00e9vel \u00e9s helyzeteivel jobban gazd\u00e1lkod\u00f3 angol csapat ellen. A n\u00e9metek \u201etehets\u00e9ggy\u00e1ra\u201d tov\u00e1bbra is ontja a j\u00e1t\u00e9kosokat (kiv\u00e9ve a k\u00f6z\u00e9pcsat\u00e1rokat\u2026), de valahogy a szellem, a hit \u00e9s tal\u00e1n az edz\u0151 ir\u00e1nti bizalom is elt\u0171nt a Nationalelfb\u0151l. K\u00e9t torna, h\u00e9t m\u00e9rk\u0151z\u00e9s, n\u00e9gy meccs szerzett g\u00f3l n\u00e9lk\u00fcl \u00e9s csak k\u00e9t gy\u0151zelem. Ilyen kerettel ez a lehangol\u00f3n\u00e1l is lehangol\u00f3bb.\r\n\r\n<strong>4. ARGENT\u00cdNA (vb, 2002).<\/strong> A kispadon <strong>Marcelo Bielsa<\/strong>. A vide\u00f3t\u00e1rban 2000 m\u00e9rk\u0151z\u00e9s felv\u00e9tele. <strong>Walter Samuel. Javier Zanetti. Juan Pablo Sor\u00edn. Diego Simeone. Juan Sebastian Ver\u00f3n. Ariel Ortega. Pablo Aimar. Gabriel Batistuta. Claudio L\u00f3pez. Hern\u00e1n Crespo.<\/strong> Kies\u00e9s a csoportk\u00f6rben csup\u00e1n k\u00e9t szerzett g\u00f3llal. Tizenk\u00e9t \u00e9vvel k\u00e9s\u0151bb <strong>Pablo Zabaleta, Mart\u00edn Demichelis, Ezequiel Garay, Marcos Rojo<\/strong> v\u00e9d\u0151n\u00e9gyessel vb-d\u00f6nt\u0151. Nem csak a nevek sz\u00e1m\u00edtanak. S\u0151t.\u00a0 Minden id\u0151k egyik leger\u0151sebb argentin kerete \u00fagy esett ki, hogy nyomot sem hagyott maga ut\u00e1n.\r\n\r\n<strong>3. FRANCIAORSZ\u00c1G (Eb, 2021).<\/strong> A 2018-as vil\u00e1gbajnoks\u00e1gon \u2013 m\u00e1r ha az argentinok elleni thrillert \u00e9s a horv\u00e1tok elleni d\u00f6nt\u0151t nem sz\u00e1moljuk \u2013 nem voltak k\u00fcl\u00f6n\u00f6sebben izgalmasak a franci\u00e1k, \u00e1m nyertek. Volt a csapatban egys\u00e9g, tart\u00e1s, egyens\u00faly \u00e9s al\u00e1zat, no meg volt szipork\u00e1z\u00f3 tehets\u00e9g \u00e9s tud\u00e1s is. Ut\u00f3bbi kett\u0151 az Eb-re is megmaradt, az el\u0151bbi n\u00e9ggyel m\u00e1r voltak probl\u00e9m\u00e1k, valamint <strong>Didier Deschamps<\/strong> sz\u00f6vets\u00e9gi kapit\u00e1ny sem a legszebb arc\u00e1t mutatta, \u00e9s most nagyon finoman fogalmaztunk. Dominancia helyett j\u00f6tt egy Sv\u00e1jc elleni nyolcadd\u00f6nt\u0151, amely m\u00e9g sok\u00e1ig k\u00eds\u00e9rtheti a franci\u00e1kat. Mott\u00f3: h\u00fasz perc j\u00e1t\u00e9k nem el\u00e9g. Akkor sem (vagy akkor pl\u00e1ne?), ha az ellenf\u00e9lnek <strong>Haris Seferovic<\/strong> a centere.\r\n\r\n<strong>2. HOLLANDIA (vb, 1990).<\/strong> A megem\u00e9szthetetlen b\u00facs\u00fak egyik legmegem\u00e9szthetetlenebbike, az oranje egyik leggyal\u00e1zatosabb tornaszerepl\u00e9se. A<strong> Leo Beenhakker<\/strong> vezette csapatban szinte minden kerettag Eur\u00f3pa-bajnok \u00e9s\/vagy eur\u00f3pai kupagy\u0151ztes (BEK, KEK) volt, 1987 \u00e9s 1989 k\u00f6z\u00f6tt mindig holland (egyszer <strong>Ruud Gullit<\/strong>, k\u00e9tszer <strong>Marco van Basten<\/strong>) nyerte az Aranylabd\u00e1t, 1988-ban az AC Milan h\u00e1rom \u201etulip\u00e1nja\u201d (Gullit, Van Basten, <strong>Frank Rijkaard<\/strong>) volt az els\u0151 h\u00e1rom helyezett. Viszont egys\u00e9g nem volt: a j\u00e1t\u00e9kosok a vb el\u0151tt fell\u00e1zadtak a sz\u00f6vets\u00e9gi kapit\u00e1ny <strong>Thijs Libregts<\/strong> ellen, ut\u00f3dja nem a kerettagok t\u00f6bbs\u00e9ge \u00e1ltal favoriz\u00e1lt <strong>Johan Cruyff<\/strong> lett, hanem Beenhakker (a rossz nyelvek szerint <strong>Rinus Michels<\/strong> f\u00e9lt\u00e9kenys\u00e9ge j\u00e1tszott f\u0151szerepet a d\u00f6nt\u00e9sben). A szt\u00e1rokkal telet\u00f6m\u00f6tt holland v\u00e1logatott nyomor\u00fas\u00e1gosn\u00e1l nyomor\u00fas\u00e1gosabb meccseket j\u00e1tszott Olaszorsz\u00e1gban, Gullit\u00e9k \u00f3loml\u00e1bakon mozogtak. A v\u00e9g\u00e1llom\u00e1s az \u201e\u0151sellens\u00e9g\u201d n\u00e9metek elleni nyolcadd\u00f6nt\u0151 lett, az 1-2-es v\u00e9geredm\u00e9ny csal\u00f3ka, mert a k\u00e9s\u0151bbi vil\u00e1gbajnok sim\u00e1n l\u00e9pett tov\u00e1bb.\r\n\r\n<span class=\"highlight-block-small\">Hollandia nyeretlen\u00fcl b\u00facs\u00fazott, szerepl\u00e9s\u00e9b\u0151l mindenki csak arra eml\u00e9kszik, hogy Frank Rijkaard lek\u00f6pte <strong>Rudi V\u00f6llert<\/strong>.<\/span>\r\n\r\n<strong>1. FRANCIAORSZ\u00c1G (vb, 2002).<\/strong> Az nem kifejez\u00e9s, hogy a francia v\u00e1logatott er\u0151t\u0151l duzzadt a kilencvenes-k\u00e9tezres \u00e9vek fordul\u00f3j\u00e1n. <strong>Zinedine Zidane<\/strong> \u00e9s t\u00e1rsai az 1998-as vil\u00e1gbajnoki siker ut\u00e1n megnyert\u00e9k a 2000-es Eur\u00f3pa-bajnoks\u00e1got, \u00e9s a 2002-es vb-n is a nagy es\u00e9lyesek k\u00f6z\u00f6tt tartott\u00e1k sz\u00e1mon \u0151ket, els\u0151 blikkre a csoport (Uruguay, D\u00e1nia, Szeneg\u00e1l) sem t\u0171nt t\u00fal neh\u00e9znek. Eg\u00e9szen addig, am\u00edg <strong>Papa Bouba Diop<\/strong> hossz\u00fa l\u00e1b\u00e1val be nem kotort egy g\u00f3lt a nyit\u00f3 m\u00e9rk\u0151z\u00e9sen, a Szeneg\u00e1l elleni 0-1-et meg az Uruguay elleni 0-0 \u00e9s a D\u00e1nia elleni 0-2 k\u00f6vette. A c\u00edmv\u00e9d\u0151 csoportutols\u00f3k\u00e9nt, szerzett g\u00f3l n\u00e9lk\u00fcl z\u00fagott ki. Eml\u00e9keztet\u0151k\u00e9nt ilyen csapattal (ez a d\u00e1nok elleni 0-2-n szerepelt francia g\u00e1rda): <strong>Barthez \u2013 Candela, Thuram, Desailly, Lizarazu \u2013 Vieira (Micoud), Mak\u00e9l\u00e9l\u00e9 \u2013 Wiltord (Djorkaeff), Zidane, Dugarry (D. Ciss\u00e9) \u2013 Trezeguet<\/strong>. Hi\u00e1nyzott <strong>Robert Pires<\/strong>, a s\u00e9r\u00fcl\u00e9s ut\u00e1n visszat\u00e9r\u0151 Zidane-nak ki kellett hagynia k\u00e9t meccset, <strong>Thierry Henry-t<\/strong> lek\u00fcldt\u00e9k az uruguayiak ellen, n\u00e9h\u00e1ny j\u00e1t\u00e9kos m\u00e1r t\u00fal volt p\u00e1lyafut\u00e1sa zenitj\u00e9n, f\u00e1radtnak l\u00e1tszott az eg\u00e9sz csapat, de erre a szerepl\u00e9sre nem lehetett magyar\u00e1zat.\r\n\r\n<img class=\"alignnone wp-image-1146 size-large\" src=\"https:\/\/sport24.24.hu\/app\/uploads\/sites\/24\/2021\/07\/000_app2002061118720-1024x712.jpg\" alt=\"\" width=\"1024\" height=\"712\" \/>\r\n<blockquote class=\"small-quote\">Hogyan lettek k\u00e1pr\u00e1zatosb\u00f3l szarok?<\/blockquote>\r\n\u2013 k\u00e9rdezte a torna ut\u00e1ni \u00f6sszefoglal\u00f3j\u00e1ban a BBC, a franci\u00e1knak meg oda is \u00edt\u00e9lhetj\u00fck az \u201earanyb\u00f3l s\u00e1r\u201d k\u00fcl\u00f6nd\u00edjat.\r\n\r\n[prefabricated_shortcode in_app=\"0\" code=\"%3Cdiv%20class%3D%22article_box_border%22%20style%3D%22background%3A%20url%28%27https%3A%2F%2F24.p3k.hu%2Fapp%2Fuploads%2Fsites%2F24%2F2021%2F05%2Fsport24-pattern.png%27%29%20no-repeat%20left%20-16px%20%23f3f3f4%3B%20border%3A%20none%3B%22%3E%0D%0A%3Cdiv%20class%3D%22article_solidheader%22%3E%0D%0A%3Ch2%20style%3D%22color%3A%20%23111115%21important%3B%20font-size%3A%2036px%3B%20font-weight%3A%20bold%3B%20margin-bottom%3A%2030px%3B%20margin-top%3A%2020px%3B%20text-align%3A%20center%3B%20line-height%3A%2036px%3B%22%3E%3Cimg%20class%3D%22aligncenter%20size-full%20wp-image-141%22%20src%3D%22https%3A%2F%2F24.p3k.hu%2Fapp%2Fuploads%2Fsites%2F24%2F2021%2F05%2Fs24-logo-dt.png%22%20alt%3D%22%22%20width%3D%22408%22%20height%3D%2290%22%20%2F%3E%3C%2Fh2%3E%0D%0A%3Ch2%20style%3D%22color%3A%20%23111115%21important%3B%20font-size%3A%2036px%3B%20font-weight%3A%20bold%3B%20margin-bottom%3A%2030px%3B%20margin-top%3A%2020px%3B%20text-align%3A%20center%3B%20line-height%3A%2040px%3B%22%3ECsatlakozz%20a%20Sport24%20k%C3%B6z%C3%B6ss%C3%A9ghez%2C%20mondd%20el%20v%C3%A9lem%C3%A9nyedet%20z%C3%A1rt%20Facebook-csoportunkban%2C%20%C3%A9s%20vegy%C3%A9l%20r%C3%A9szt%20csak%20el%C5%91fizet%C5%91knek%20el%C3%A9rhet%C5%91%20exkluz%C3%ADv%20esem%C3%A9nyeinken.%3C%2Fh2%3E%0D%0A%3C%2Fdiv%3E%0D%0A%3Cp%20style%3D%22background%3A%20%2357A600%3B%20margin-top%3A%2020px%3B%20padding%3A%2020px%3B%20text-align%3A%20center%3B%22%3E%3Ca%20style%3D%22color%3A%20%23ffffff%3B%20font-size%3A%2026px%3B%20font-weight%3A%20600%3B%22%20href%3D%22https%3A%2F%2Fwww.facebook.com%2Fgroups%2F212344460412327%22%3ECSATLAKOZOM%3C%2Fa%3E%3C%2Fp%3E%0D%0A%0D%0A%3C%2Fdiv%3E\"]","type":"rich","thumbnail_url":"https:\/\/s.24.hu\/app\/uploads\/sites\/24\/2021\/07\/000_9df9dv-masolat-150x150.jpg","thumbnail_width":150,"thumbnail_height":150}