{"version":"1.0","provider_name":"Sport24","provider_url":"https:\/\/sport24.24.hu","author_name":"Pet\u0151 P\u00e9ter","author_url":"https:\/\/sport24.24.hu\/author\/petop\/","title":"Josep Guardiola vagy Amartya Sen a fontosabb filoz\u00f3fusa a vil\u00e1gnak?","html":"<blockquote>Abban a kis vil\u00e1gban, amely a gyermekl\u00e9lek \u00e9let\u00e9nek vil\u00e1ga, (\u2026) semmi sincs, amit a gyermek oly finoman meg tudna \u00e9rezni, mint az igazs\u00e1gtalans\u00e1got<\/blockquote>\r\n\u2013 id\u00e9zi<strong> Charles Dickens<\/strong>\u00a0<em>Nagy v\u00e1rakoz\u00e1sok\u00a0<\/em>c\u00edm\u0171 reg\u00e9ny\u00e9t a k\u00f6zgazdas\u00e1gi Nobel-d\u00edjas <strong>Amartya Sen <\/strong><em>Az igazs\u00e1goss\u00e1g eszm\u00e9je<\/em> c\u00edm\u0171 k\u00f6tete elej\u00e9n. Ahol kit\u00e9r arra az alapvet\u00e9sre: val\u00f3j\u00e1ban nem az a felismer\u00e9s mozgat minket, hogy a vil\u00e1g nem teljesen igazs\u00e1gos, hanem az, hogy k\u00f6r\u00fcl\u00f6tt\u00fcnk l\u00e1that\u00f3 sz\u00e1mos olyan igazs\u00e1gtalans\u00e1g, amely kik\u00fcsz\u00f6b\u00f6lhet\u0151. Ezeket szeretn\u00e9nk felsz\u00e1molni. Mint \u00edrja, okkal felt\u00e9telezhetj\u00fck, hogy a p\u00e1rizsiak nem rohamozt\u00e1k volna meg a Bastille-t, <strong>Gandhi<\/strong> nem vezetett volna f\u00fcggetlens\u00e9gi mozgalmat a brit birodalommal szemben,<strong> Martin Luther King<\/strong> pedig nem sz\u00e1llt volna szembe a feh\u00e9r fels\u0151bbrend\u0171s\u00e9g rendszer\u00e9vel, ha nincs tudat\u00e1ban az igazs\u00e1gtalans\u00e1gnak, amelyet le kell k\u00fczdeni. Nem a t\u00f6k\u00e9letes, \u00edgy nyilv\u00e1nval\u00f3an l\u00e9trehozhatatlan vil\u00e1g l\u00e9trehoz\u00e1s\u00e1t akart\u00e1k, hanem v\u00e9get vetni valamilyen \u00e9letkeser\u00edt\u0151 igazs\u00e1gtalans\u00e1gnak.\r\n\r\n\u00c9s m\u00e1r ennyib\u0151l is elker\u00fclhetetlen\u00fcl ad\u00f3dik a k\u00e9rd\u00e9s: m\u00e9gis, mi k\u00f6ze van ennek az eg\u00e9sznek a futballhoz?\r\n\r\nAz igazs\u00e1goss\u00e1g eszm\u00e9j\u00e9nek, az igazs\u00e1goss\u00e1gte\u00f3ri\u00e1knak alighanem kev\u00e9s, \u00e1m Sen elm\u00e9lete megalapoz\u00e1sakor sokat besz\u00e9l a demokr\u00e1ciafelfog\u00e1s\u00e1r\u00f3l, le\u00edrja, mik\u00e9nt lehets\u00e9ges gondolkodni ahhoz, hogy er\u0151sebb demokr\u00e1cia form\u00e1l\u00f3dj\u00e9k, ami elm\u00e9lete tanuls\u00e1ga szerint egyenesen vezet a kevesebb igazs\u00e1gtalans\u00e1ghoz. Amikor pedig err\u0151l besz\u00e9l, j\u00f3 n\u00e9h\u00e1ny olyan dilemm\u00e1t vet fel, amely r\u00e1vet\u00edthet\u0151 <strong>Josep Guardiola<\/strong> \u00e9s <strong>Jos\u00e9 Mourinho<\/strong> korszakos p\u00e1rviadal\u00e1nak szellemt\u00f6rt\u00e9net\u00e9re.\r\n\r\nEnnek ellen\u00e9re nyilv\u00e1nval\u00f3an nem jutott volna eszembe a k\u00e9t szakvezet\u0151 az igazs\u00e1goss\u00e1gelm\u00e9letekr\u0151l, ha nem egyszerre olvasom <strong>Jonathan Wilson<\/strong> <em>A Barcelona-\u00f6r\u00f6ks\u00e9g, avagy Guardiola, Mourinho \u00e9s a harc a futball lelk\u00e9\u00e9rt<\/em> c\u00edm\u0171 k\u00f6tet\u00e9t \u00e9s Sen k\u00f6nyv\u00e9t. Minthogy azonban \u00edgy tettem, elkezdtem egym\u00e1sra olvasni a k\u00e9t sz\u00f6veget. \u00c9s arra jutottam, Sen te\u00f3ri\u00e1ja er\u0151sen reflekt\u00e1l a k\u00e9t futballfiloz\u00f3fus kozmikus k\u00fczdelm\u00e9re, amely sok tekintetben megfeleltethet\u0151 a politik\u00e1t, a k\u00f6z\u00e9leti gondolkod\u00e1st olyan hossz\u00fa ideje meghat\u00e1roz\u00f3 idealizmus\u2013realizmus vet\u00e9lked\u00e9snek.\r\n\r\n<img class=\"alignnone size-large wp-image-1063\" src=\"https:\/\/sport24.24.hu\/app\/uploads\/sites\/24\/2021\/06\/gettyimages-943039376-1024x683.jpg\" alt=\"\" width=\"1024\" height=\"683\" \/>\r\n\r\nE k\u00e9t megk\u00f6zel\u00edt\u00e9s eg\u00e9szen elt\u00e9r\u0151 vil\u00e1golvas\u00e1st tesz lehet\u0151v\u00e9. Hogy mennyire m\u00e1s magyar\u00e1zatokat k\u00e9pesek mutatni, annak meg\u00e9rt\u00e9s\u00e9hez \u2013 a futballhoz hasonl\u00f3an a glob\u00e1lis sz\u00f3rakoztat\u00f3ipar cs\u00facsszegmensek\u00e9nt ismert \u2013 filmsorozatokhoz fordulok. El\u0151tte azonban cs\u00f6ndben megjegyzem: felt\u0171n\u0151, hogy a streamingszolg\u00e1ltat\u00f3k, a moziipar mennyire nem tud mit kezdeni a futballal. Nincsenek emblematikus sorozatok a vil\u00e1g legfontosabb <em>t\u00f6bb mint j\u00e1t\u00e9k\u00e1r\u00f3<\/em>l, \u00e9s csak tippem van, mi\u00e9rt alakult \u00edgy. Az pedig az, hogy a futball alapja olyan er\u0151s identit\u00e1s- \u00e9s \u00e9rzelemk\u00f6z\u00f6ss\u00e9g, amelynek fikci\u00f3s elbesz\u00e9l\u00e9se val\u00f3j\u00e1ban nem t\u00f6bb, hanem kevesebb k\u00f6t\u0151d\u00e9st, fesz\u00fclts\u00e9get, szenved\u00e9lyt eredm\u00e9nyezne a sorozatban, mint a val\u00f3s\u00e1gban. Tal\u00e1n ezt igazolja, hogy a nemr\u00e9giben a Netflixen nagyot futott <em>Sunderland 'Til I Die\u00a0<\/em>c\u00edm\u0171 sorozat doku volt, azaz bemutatta, nem elk\u00e9pzelte a futball legv\u00e9gs\u0151 igazs\u00e1gait.\r\n<h2>K\u00e1rtyav\u00e1rostrom<\/h2>\r\nA m\u00e9l\u00e1z\u00e1sra sz\u00e1nt bekezd\u00e9s ut\u00e1n viszont akkor eml\u00e9keztetek v\u00e9gre mindenkit arra, milyen brut\u00e1lis ellent\u00e9t fesz\u00fcl <em>Az eln\u00f6k emberei (The West Wing)\u00a0<\/em>\u00e9s a <em>K\u00e1rtyav\u00e1r (House of Cards)<\/em> c\u00edm\u0171 sorozatok vil\u00e1ga k\u00f6z\u00f6tt. El\u0151bbit az ezredfordul\u00f3 k\u00f6rny\u00e9k\u00e9n kezdt\u00e9k vet\u00edteni, m\u00e9g <strong>Bill Clinton<\/strong> eln\u00f6ks\u00e9ge idej\u00e9n, a nyilv\u00e1noss\u00e1g szerkezet\u00e9nek tot\u00e1lis \u00e1talakul\u00e1sa el\u0151tt. A sorozat szellemis\u00e9g\u00e9t a demokratikus optimizmus alak\u00edtotta: idealist\u00e1k alkott\u00e1k a korm\u00e1nyzatot, form\u00e1lt\u00e1k a politik\u00e1t, olyan karaktereket l\u00e1ttunk, akiknek f\u00e1jt, ha k\u00e1rt okoznak, akik nem viselt\u00e9k az igazs\u00e1gtalans\u00e1got, akik \u2013 siker\u00fclt b\u00e1rhogyan is \u2013 gyarl\u00f3s\u00e1gaikkal egy\u00fctt is mindig j\u00f3t, azaz k\u00f6zj\u00f3t akartak. Azt\u00e1n 2013-ban sug\u00e1rozni kezdt\u00e9k a K\u00e1rtyav\u00e1rat, amely a politik\u00e1t legmocskosabb, -cinikusabb oldal\u00e1r\u00f3l mutatja. Onnan, ahonnan az l\u00e1tszik, a nyilv\u00e1noss\u00e1g csak egy sz\u00ednpad, a h\u00e1tt\u00e9rben pedig az \u00f6n\u00e9rdekek mozgatj\u00e1k a politik\u00e1t. B\u0171n\u00f6k, hazugs\u00e1gok, szerepek, zsarol\u00e1sok uralj\u00e1k a k\u00f6zeget, a hatalom c\u00e9lja pedig semmi m\u00e1s a megszerz\u00e9s\u00e9n \u00e9s megtart\u00e1s\u00e1n k\u00edv\u00fcl. Ha valami k\u00f6zj\u00f3t v\u00e9g\u00fcl szolg\u00e1l is politika az \u00e1rul\u00e1sok, \u00f6sszeesk\u00fcv\u00e9sek tenger\u00e9ben, akkor is csak az\u00e9rt, mert az adott pillanatban az a megfelel\u0151 m\u00f3dszere a hatalom megtart\u00e1s\u00e1nak.\r\n<div class=\"payable-content-section\"><\/div>\r\nE k\u00e9t, fundament\u00e1lisan elt\u00e9r\u0151 politikal\u00e1t\u00e1s filmb\u00e9li f\u00f6lt\u0171n\u00e9se \u00e9s glob\u00e1lis n\u00e9pszer\u0171s\u00e9ge id\u0151ben egym\u00e1st k\u00f6vette, azaz okkal felt\u00e9telezhet\u0151, hogy valamik\u00e9pp eltal\u00e1lt\u00e1k a korszellemet. A filmek \u00e9lesen reflekt\u00e1ltak egym\u00e1sra, er\u0151sen rajzolt\u00e1k ki az idealist\u00e1k \u00e9s a realist\u00e1k politika\u00e9rtelmez\u00e9se k\u00f6z\u00f6tti differenci\u00e1kat. Ha egym\u00e1s ut\u00e1n megn\u00e9zz\u00fck a k\u00e9t sorozatot, mintha k\u00e9t egym\u00e1st\u00f3l izol\u00e1lt vil\u00e1got l\u00e1tn\u00e1nk, noha a val\u00f3s\u00e1g nyilv\u00e1nval\u00f3an e k\u00e9t sz\u00e9ls\u0151s\u00e9ges verzi\u00f3 k\u00f6z\u00f6tt helyezkedik el. Szem\u00e9lyes meggy\u0151z\u0151d\u00e9seink, val\u00f3s\u00e1gb\u00f3l szerzett tapasztalataink, hiteink d\u00f6ntik el, melyik p\u00f3lushoz tessz\u00fck k\u00f6zelebb a val\u00f3s\u00e1gr\u00f3l sz\u00f3l\u00f3 elk\u00e9pzel\u00e9s\u00fcnket. Az viszont biztos, hogy e sorozatok is valamik\u00e9pp befoly\u00e1solj\u00e1k a politik\u00e1r\u00f3l val\u00f3 gondolkod\u00e1sunkat. Ez nem jelenti azt, hogy megv\u00e1ltoztatn\u00e1k tud\u00e1sainkat, \u00e1m ha csak besz\u00e9lget\u00fcnk r\u00f3luk, akkor is \u00e9rvel\u00fcnk, mes\u00e9l\u00fcnk \u00e9s elk\u00e9pzel\u00fcnk.\r\n\r\nEz pedig egy\u00fattal akkor azt is \u00fajra tudatja, a t\u00f6megkult\u00fara ilyen megjelen\u00e9si form\u00e1i valamif\u00e9le \u201esoft power\u201d eszk\u00f6zei. Nem felt\u00e9tlen\u00fcl \u00fagy, hogy konkr\u00e9t politikai c\u00e9lt, ind\u00edt\u00e9kot, hatalmat\u00a0 \u2013 azaz <strong>Soros Gy\u00f6rgy\u00f6t<\/strong>, LMBTQ-mozgalmat vagy <strong>Vlagyimir Putyint<\/strong> \u2013 szolg\u00e1lnak, hanem ink\u00e1bb azzal, hogy hat\u00e1ssal vannak gondolkod\u00e1sunkra, \u00e9rt\u00e9keket, vil\u00e1g\u00e9rtelmez\u00e9seket, nagy elbesz\u00e9l\u00e9seket mutatnak meg. \u00cdgy milli\u00f3kat befoly\u00e1solhatnak. Az ugyanis biztos, hogy egy t\u00f6rt\u00e9net elbesz\u00e9l\u00e9se nem tud \u00e9rt\u00e9k-, \u00e1ll\u00edt\u00e1s- vagy \u00e9ppen igazs\u00e1gmentes lenni: mindenk\u00e9ppen mond valamit a vil\u00e1gr\u00f3l.\r\n\r\n\u00c9s ha a mozi, a popkult\u00fara k\u00e9pes \u00e9rt\u00e9kek, k\u00e9pzeletek megjelen\u00edt\u00e9s\u00e9re, akkor a futball is nyilv\u00e1nval\u00f3an alkalmas erre. Ami azonban \u00e9rdekes, hogy igaz\u00e1n puha, b\u00e1mulatosan k\u00f6zvetett m\u00f3don is, vagyis nem csup\u00e1n azzal, hogy a klubnak identit\u00e1sa van, k\u00e9pvisel valamilyen ideol\u00f3gi\u00e1t vagy \u00e9rt\u00e9kk\u00e9szletet (mint a sz\u00e9ls\u0151balos Livorno vagy a sz\u00e9ls\u0151jobbos Lazio), hanem mag\u00e1val a j\u00e1t\u00e9kkal is. Merthogy az a futball legm\u00e9lyebb elbesz\u00e9l\u00e9se. \u00c9s ez a t\u00f6megkult\u00fara t\u00f6bbi r\u00e9szleg\u00e9vel ellent\u00e9tben val\u00f3s\u00e1gos t\u00f6rt\u00e9net: nem reg\u00e9ny, zenesz\u00f6veg vagy forgat\u00f3k\u00f6nyv, hanem meccs a stadionban. Azaz val\u00f3s\u00e1g, nem fikci\u00f3.\r\n\r\n<span class=\"highlight-block-small\">\u00c9s mivel val\u00f3s\u00e1g, nagyon hasonl\u00edt valamiben a v\u00e1laszt\u00e1sokhoz: a v\u00e9g\u00e9n valaki nyer, \u00e9s nincs el\u0151re meg\u00edrva, ki lesz az. Azaz l\u00e1tszik az is, hogy az idealizmus vagy a realizmus kerekedik f\u00f6l\u00fcl, m\u00e9g ha ilyen tiszta form\u00e1ban nyilv\u00e1n nem is jelenik meg soha e k\u00e9t meggy\u0151z\u0151d\u00e9s p\u00e1rviadala. Wilson szerint azonban k\u00f6rvonalaik hat\u00e1rozottan l\u00e1that\u00f3k, nyilv\u00e1n ez\u00e9rt is v\u00e1lasztotta az ir\u00e1nyzatok ikonikus k\u00e9pvisel\u0151it k\u00f6nyve f\u0151h\u0151seinek: Guardiola \u00e9s Mourinho \u00f6sszecsap\u00e1sa ugyanis az eszm\u00e9k h\u00e1bor\u00faja.\u00a0<\/span>\r\n\r\nGuardiola a folyamatos forradalom h\u00edve, Wilson szerint barcelonai karrierje v\u00e9g\u00e9n m\u00e1r egyenesen a v\u00e9gzetes idealizmus rabja lett. Megk\u00f6zel\u00edt\u00e9s\u00e9t <strong>Ernest Becker<\/strong> altruizmuselm\u00e9let\u00e9hez hasonl\u00edtja. A tr\u00e9ner a buk\u00e1st m\u00e1r nem akad\u00e1lyozhatta meg, \u00e1m kontroll\u00e1lhatta a sz\u00e9tes\u00e9s k\u00f6r\u00fclm\u00e9nyeit, \u00e9rtelmet adhatott neki. Hi\u00e1ba vezettek elvei a pusztul\u00e1s fel\u00e9, csak fokozta ezeknek az \u00e9rv\u00e9nyes\u00edt\u00e9s\u00e9t.\r\n\r\nAz\u00e9rt nem r\u00e9m\u00edtette meg a pusztul\u00e1s, mert biztos volt az igazs\u00e1g\u00e1ban, abban, hogy idealizmusa jobb helly\u00e9 teszi a stadiont, mivel eszm\u00e9i \u00e9rv\u00e9nyes\u00edt\u00e9se jobb futballt eredm\u00e9nyez. Mindez azt jelentette, mor\u00e1liss\u00e1 v\u00e1lt alap\u00e1ll\u00e1sa: ez a helyes, ez\u00e9rt ezt tette. Ebb\u0151l k\u00f6vetkez\u0151en sz\u00e1m\u00e1ra a taktikai f\u00f6lfog\u00e1s, a futballk\u00e9pzelete strat\u00e9gi\u00e1ba ford\u00edt\u00e1sa val\u00f3j\u00e1ban nem volt v\u00e1laszt\u00e1s: az eszme v\u00e9delme volt a c\u00e9lja, \u00edgy nem d\u00f6nthetett alternat\u00edva mellett, elv\u00e9gre akkor saj\u00e1t moralit\u00e1s\u00e1t sz\u00e1molta volna fel. Er\u0151s meggy\u0151z\u0151d\u00e9se volt, hogy az idealizmus elvet\u00e9se, a pragmatikus megk\u00f6zel\u00edt\u00e9s nem jobb, hanem rosszabb vil\u00e1g fel\u00e9 mutat, arrafel\u00e9 pedig egyszer\u0171en nem akar haladni. Nem hajland\u00f3 eszk\u00f6zein v\u00e1ltoztatni, \u00e9s h\u00e1bor\u00faba menni, m\u00e9g akkor sem, ha Mourinho odatart.\r\n<h2>Nincs \u00e9h\u00edns\u00e9g, ha a politika a Guardiola-eszm\u00e9t k\u00e9pviseli<\/h2>\r\nAzt pedig az \u00e9h\u00edns\u00e9gek t\u00f6rt\u00e9nete besz\u00e9li el, mi\u00e9rt is d\u00f6ntenek \u00fagy idealist\u00e1k, hogy nem hajland\u00f3k a h\u00e1bor\u00fas realizmusra. Amartya Sen h\u00edres tana, hogy m\u0171k\u00f6d\u0151 demokr\u00e1ci\u00e1ban sohasem volt \u00e9h\u00edns\u00e9g. Hogy mi\u00e9rt, azt \u2013 egyebek mellett \u2013 az 1943-as beng\u00e1li esettel magyar\u00e1zza el. A m\u00e1sodik vil\u00e1gh\u00e1bor\u00fa idej\u00e9n a brit sajt\u00f3 l\u00e9nyeg\u00e9ben n\u00e9mas\u00e1gi fogadalmat tett: a lapok hallgattak a botr\u00e1nyos indiai \u00fcgyekr\u0151l, hogy ne bizonytalan\u00edts\u00e1k el a lakoss\u00e1got, t\u00e1mogass\u00e1k a h\u00e1bor\u00fas er\u0151fesz\u00edt\u00e9seket. M\u00e1r ez is jelzi, a h\u00e1bor\u00fa alapvet\u0151en kikapcsolja a b\u00e9keid\u0151kre kialak\u00edtott erk\u00f6lcsi keretet, minthogy a k\u00f6z\u00f6ss\u00e9g t\u00fal\u00e9l\u00e9se \u00e9rdek\u00e9ben a hagyom\u00e1nyos \u00e9rt\u00e9kk\u00e9szlet fel\u00fclvizsg\u00e1lhat\u00f3, a mor\u00e1lis l\u00e9cek feljebb ker\u00fclhetnek.\r\n\r\nAzzal, hogy brit sajt\u00f3 hallgatott, \u00e9rdemi k\u00f6z\u00e9leti vita nem alakulhatott ki, mivel a hatalom \u00e9rtelemszer\u0171en elhallgatni akarta a bajokat. Csakhogy mivel nem volt vita az \u00fcgyr\u0151l, a kontroll hi\u00e1ny\u00e1ban a korm\u00e1nyzati int\u00e9zked\u00e9sek is ink\u00e1bb csak rontottak a helyzeten. P\u00e9ld\u00e1ul korl\u00e1tozt\u00e1k a rizs kereskedelm\u00e9t, hogy ne hordhass\u00e1k m\u00e1s \u00e1llamokba az \u00e9lelmiszert, \u00e1m az \u00e9rintett ter\u00fcleten magasabbak voltak az \u00e9lelmiszer\u00e1rak, mint m\u00e1shol, \u00edgy az int\u00e9zked\u00e9ssel val\u00f3j\u00e1ban dr\u00e1g\u00edtott\u00e1k az \u00e9telhez jut\u00e1st. Az adatok azt mutatt\u00e1k a politikai vezet\u0151knek, hogy nem cs\u00f6kkent a termel\u00e9s a r\u00e9gi\u00f3ban, ami megnyugtat\u00f3 volt nekik, csakhogy nem gondoltak arra: ugyanannyi \u00e9lelemre t\u00f6bb ember jutott, mert sok katona tart\u00f3zkodott ott. Hi\u00e1ba nem cs\u00f6kkent a helyiek j\u00f6vedelme sem, ha az infl\u00e1ci\u00f3 miatt ugyanannyi p\u00e9nz kevesebbre volt el\u00e9g. A cenz\u00far\u00e1zott sajt\u00f3 nem tudott besz\u00e1molni a probl\u00e9m\u00e1kr\u00f3l, \u00edgy a kr\u00edzis m\u00e9ly\u00fclt.\r\n\r\nJellemz\u0151, hogy egy m\u00e1sik esetben m\u00e9g <strong>Mao Ce-tung<\/strong> is arra jutott a t\u00f6bb t\u00edzmilli\u00f3 ember hal\u00e1l\u00e1t k\u00f6vetel\u0151 k\u00ednai \u00e9h\u00edns\u00e9g ut\u00e1n, hogy demokr\u00e1cia n\u00e9lk\u00fcl nem lehet tudni, mi t\u00f6rt\u00e9nik \u201eodalent\u201d, ez\u00e9rt pusztultak el annyian. A tot\u00e1lis cenz\u00fara, az inform\u00e1ci\u00f3hi\u00e1ny itt is f\u00e9lrevezette mag\u00e1t a korm\u00e1nyt is. Az elnyom\u00e1s miatt retteg\u0151, f\u00e9lelemben \u00e9l\u0151 p\u00e1rtk\u00e1derek nem a val\u00f3s\u00e1gr\u00f3l sz\u00e1moltak be feletteseiknek, a centrumnak, a sajt\u00f3 nem volt szabad, \u00edgy a hatalom nem volt annak a tud\u00e1snak a birtok\u00e1ban, amire t\u00e1maszkodva j\u00f3 d\u00f6nt\u00e9st hozhatott volna: a korm\u00e1ny a korm\u00e1nyz\u00e1s k\u00e9pess\u00e9g\u00e9t\u0151l fosztotta meg mag\u00e1t az elnyom\u00e1ssal.\r\n\r\n<img class=\"alignnone wp-image-1064 size-large\" src=\"https:\/\/sport24.24.hu\/app\/uploads\/sites\/24\/2021\/06\/gettyimages-887685484-1024x629.jpg\" alt=\"\" width=\"1024\" height=\"629\" \/>\r\n\r\nEbb\u0151l a szempontb\u00f3l \u00e9rdekes a gig\u00e1szok vet\u00e9lked\u00e9s\u00e9re tekinteni: m\u00edg Guardiola nem siet h\u00e1bor\u00faba, Mourinho nagy lelkesed\u00e9ssel teremti meg azokat. Wilson k\u00f6tet\u00e9ben r\u00e9szletesen bemutatja, hogy a portug\u00e1l hogyan alak\u00edtott ki mindig olyan mili\u0151t, amelyben csapata a k\u00fcls\u0151 t\u00e1mad\u00e1sok keresztt\u00fcz\u00e9ben \u00e1ll, hogyan teremt olyan \u00e9rzelmi k\u00f6z\u00f6ss\u00e9get, amelyben az ostromlottak csak egym\u00e1sra t\u00e1maszkodhatnak, mik\u00f6zben a j\u00e1t\u00e9kvezet\u0151k, a sz\u00f6vets\u00e9g vezet\u0151i, az ellenfelek valamif\u00e9le \u00f6sszeesk\u00fcv\u00e9s keret\u00e9ben igyekeznek t\u00f6nkretenni \u0151ket. Jellemz\u0151, hogy a Realn\u00e1l olyan sz\u00e9ls\u0151s\u00e9gesen fesz\u00edtette a h\u00fart, manipul\u00e1lta a viszonyokat, hogy a v\u00e1logatottb\u00e9li csapatt\u00e1rs madridi \u00e9s barcelonai j\u00e1t\u00e9kosok rendre \u00f6sszevesztek, kapcsolatuk sohasem volt olyan rossz, mint abban az id\u0151szakban. Term\u00e9szetesen, ahogyan az ilyen logik\u00e1j\u00fa rendszerekben lenni szokott, a v\u00e9g\u00e9n m\u00e1r a csapatban is \u00e1rul\u00f3k ut\u00e1n kutatnak, akik vesz\u00e9lyeztetik a nagy k\u00f6z\u00f6s c\u00e9l el\u00e9r\u00e9s\u00e9t, a h\u00e1bor\u00fa megnyer\u00e9s\u00e9t, \u00e9ppen a fesz\u00fclts\u00e9g ilyen roncsol\u00f3 hat\u00e1sa miatt nem tarthat\u00f3 fent tart\u00f3san a sikeress\u00e9g. Ennek f\u00e9ny\u00e9ben nem meglep\u0151, hogy Mourinho \u00e1ltal\u00e1ban csup\u00e1n n\u00e9h\u00e1ny \u00e9vadot kap aktu\u00e1lis kispadj\u00e1n.\r\n\r\nA r\u00f6videbb, sz\u00e9ls\u0151s\u00e9gesen intenz\u00edv korszakaiban nagyon fontos, hogy eszt\u00e9tikai, intellektu\u00e1lis \u00e9rvek \u00e9s c\u00e9lok nem \u00e9rv\u00e9nyes\u00fclhetnek, ha vesz\u00e9lyeztetik a mindenekf\u00f6l\u00f6tti c\u00e9lt: a gy\u0151zelmet.\r\n\r\n<strong>Maniche,\u00a0<\/strong>Mourinho kedvenc j\u00e1t\u00e9kosainak egyike p\u00e9ld\u00e1ul \u00edgy besz\u00e9lt a c\u00e9lr\u00f3l:\r\n<blockquote>Mi a fontosabb? A gy\u0151zelem nem csup\u00e1n a j\u00e1t\u00e9k r\u00e9sze, hanem az \u00e9let\u00fcnk\u00e9. Gy\u0151zni akarunk, ehhez pedig sz\u00fcks\u00e9g\u00fcnk van Mourinh\u00f3ra.<\/blockquote>\r\nAz edz\u0151 is term\u00e9szetesen \u00edgy v\u00e9lekedik a c\u00e9l \u00e9s az \u00fat viszony\u00e1r\u00f3l. A szt\u00e1rtr\u00e9ner eml\u00e9keztetett p\u00e9ld\u00e1ul arra, mennyire a term\u00e9szet\u00fcnkb\u0151l fakad a gy\u0151zelem k\u00e9nyszere: nincs olyan gyerek, aki ne nyerni szeretne m\u00e1r akkor, amikor a testv\u00e9r\u00e9vel j\u00e1tszik. A j\u00e1t\u00e9k l\u00e9nyege ugyanis az, hogy gy\u0151zz\u00fcnk. Azaz am\u00edg nyer, addig l\u00e9nyegtelenek a kritik\u00e1k, amelyek a j\u00e1t\u00e9kra, m\u00f3dszereire, eszk\u00f6zeire vonatkoznak, mert az eredm\u00e9ny legitim\u00e1lja az addig vezet\u0151 cselekedeteket.\r\n\r\nMeglehet\u0151sen \u00e1thall\u00e1sos az \u00e9rvel\u00e9s, ha politikai p\u00e1rhuzamot szeretn\u00e9nk: idehaza is s\u0171r\u0171n hallunk olyan magyar\u00e1zatokat, amelyek arr\u00f3l sz\u00f3lnak, a v\u00e1laszt\u00f3polg\u00e1rok legitim\u00e1lt\u00e1k a tetteket, hiszen az adott ciklus ut\u00e1n \u00fajra bizalmat szavaztak a hatalomnak, azaz demokratikusan igazolt\u00e1k l\u00e9p\u00e9sei \u00f6sszess\u00e9g\u00e9t.\r\n\r\nEz pedig megint valamilyen t\u00edpus\u00fa idealista-realista t\u00f6r\u00e9shez vezet, hiszen ez nagyj\u00e1b\u00f3l az \u00fat \u00e9s c\u00e9l viszony\u00e1t \u00edrja le. Erre egy\u00e9bk\u00e9nt az irodalomban is sokan k\u00eds\u00e9rletet tettek, ennek sek\u00e9lys\u00e9g-m\u00e9lys\u00e9g sk\u00e1l\u00e1j\u00e1t tal\u00e1n a <strong>Paulo Coelho<\/strong>\u2013<strong>N\u00e1das P\u00e9ter<\/strong> distancia \u00e9rz\u00e9kelteti.\r\n\r\n<span class=\"highlight-block\">Josep Guardiola idealizmusa azt \u00fczeni, hogy a gy\u0151zelem \u00f6nmag\u00e1ban kev\u00e9ss\u00e9 jelent eredm\u00e9nyt. Mert a siker el\u00e9r\u00e9se m\u00e9g nem teszi jobb\u00e1 a futballt, azaz a vil\u00e1got.\u00a0<\/span>\r\n\r\nIntellektu\u00e1lis er\u0151fesz\u00edt\u00e9seket kell tenni, eszt\u00e9tikai sikereket kell felmutatni, eszm\u00e9ket kell k\u00e9pviselni, azaz jobbra kell t\u00f6rekedni, \u00e9s az a hat\u00e1rozott meggy\u0151z\u0151d\u00e9s, hogy a j\u00f3 v\u00e9g\u00fcl gy\u0151z is. Ez az idealizmus. A realizmus kiindul\u00f3pontja azonban az, hogy nem lehets\u00e9ges ide\u00e1ljaink el\u00e9r\u00e9se, ez\u00e9rt f\u00f6l\u00f6sleges kergetni a k\u00e9pzeletet, az \u00e1lmokat, a rendelkez\u00e9sre \u00e1ll\u00f3 eszk\u00f6z\u00f6k maxim\u00e1lis \u00e9rv\u00e9nyes\u00edt\u00e9s\u00e9vel kell el\u00e9rni a c\u00e9lt, azaz a gy\u0151zelmet. Ez a vil\u00e1gf\u00f6lfog\u00e1s m\u00e1r a c\u00e9l kijel\u00f6l\u00e9s\u00e9n\u00e9l is b\u00edr\u00e1lja az idealizmust, hiszen az a f\u00f6ltev\u00e9se, hogy hazugs\u00e1g a mond\u00e1s, amely arr\u00f3l sz\u00f3l, a futball vagy \u00e9ppen egy v\u00e1laszt\u00e1s nem a gy\u0151zelemr\u0151l sz\u00f3l. Elv\u00e9gre l\u00e1ttak m\u00e1r olyan sikeres futballcsapatot, amelyik mindig vesz\u00edt? L\u00e1ttak m\u00e1r olyan p\u00e1rtot, amelyet nem zavar, hogy sohasem nyer? A realizmus k\u00e9pvisel\u0151i szerint ut\u00f3pi\u00e1kat kergetnek az idealist\u00e1k, ez\u00e9rt nem k\u00e9pesek a val\u00f3s\u00e1gra reflekt\u00e1lni. A futballban p\u00e9ld\u00e1ul arra az emberi term\u00e9szetb\u0151l fakad\u00f3 evidenci\u00e1ra, hogy nincs fontosabb, mint a gy\u0151zelem.\r\n\r\nAz vil\u00e1gos, hogy ez ut\u00f3bbi elk\u00e9pzel\u00e9s Sen igazs\u00e1goss\u00e1gelm\u00e9lete szerint nem k\u00e9pes \u00e9rdemben jobb\u00e1 tenni a vil\u00e1got, azaz hozz\u00e1j\u00e1rulni az igazs\u00e1gtalans\u00e1gok felsz\u00e1mol\u00e1s\u00e1hoz. Ilyen \u00e9rtelemben Mourinho mint filoz\u00f3fus szemben \u00e1ll Sen filoz\u00f3fussal.\r\n\r\nAhogyan <strong>Lionel Messi<\/strong> szemben \u00e1ll <strong>Cristiano Ronald\u00f3val<\/strong>.\r\n\r\n<img class=\"alignnone size-large wp-image-1065\" src=\"https:\/\/sport24.24.hu\/app\/uploads\/sites\/24\/2021\/06\/gettyimages-1290158744-1024x675.jpg\" alt=\"\" width=\"1024\" height=\"675\" \/>\r\n\r\nE p\u00e1rharcra az\u00e9rt t\u00e9r\u00fcnk ki, mert f\u00e9lelmetes j\u00e1t\u00e9ka a sorsnak, hogy e k\u00e9t ikon megtestes\u00edtette az egym\u00e1snak fesz\u00fcl\u0151 k\u00e9t vil\u00e1gl\u00e1t\u00e1st a p\u00e1ly\u00e1n. M\u00e9g ha Messi nem is a klasszikus p\u00e9lda Guardiola ide\u00e1lj\u00e1ra, mert az sokkal ink\u00e1bb <strong>Xavi<\/strong>. \u0150 alapvet\u0151en form\u00e1lta \u00e1t a k\u00e9pet, amit a k\u00f6z\u00e9pp\u00e1ly\u00e1sokr\u00f3l l\u00e1ttunk. Nem fizik\u00e1lisan er\u0151s, nagy termet\u0171 ember, hanem egy alacsony sr\u00e1c, aki a hozz\u00e1 hasonl\u00f3 alacsony emberekkel passzolgat a p\u00e1ly\u00e1n, mik\u00f6zben az ellenf\u00e9l kergeti a labd\u00e1t. Messi is alacsony, \u00f6szt\u00f6n\u00f6s zseni, mik\u00f6zben szemben Ronaldo a realista iskola f\u00e9lelmetes atomfegyvere. A j\u00e1t\u00e9koss\u00e1got k\u00f6ny\u00f6rtelen k\u00f6vetkezetess\u00e9g helyettes\u00edti, f\u00f6l\u00fclm\u00falhatatlan gy\u0151zni akar\u00e1s, fegyelem, hib\u00e1tlan kond\u00edci\u00f3. Guardiola \u00e9s Mourinho konkur\u00e1l\u00e1sa t\u00f6k\u00e9letesen szimbolikus keretek k\u00f6z\u00f6tt val\u00f3sult meg: az idealizmus kapott egy k\u00e9pi megjelen\u00edt\u00e9st azzal, hogy Xavi, <strong>Iniesta<\/strong>, Messi volt az ikon, azaz alacsony, kicsi emberek gy\u0151zhett\u00e9k le a nagyokat. T\u00f6rt\u00e9nt mindez a Barcelona\u2013Real Madrid p\u00e1rharcban: a barcelonai elbesz\u00e9l\u00e9s szerint \u0151k, Katal\u00f3nia emblematikus k\u00e9pvisel\u0151i reprezent\u00e1lj\u00e1k a demokratikus gondolatot, a f\u00fcggetlens\u00e9get, szemben pedig a Franco-rezsimmel szoros kapcsolatot \u00e1pol\u00f3, konzervat\u00edv, centraliz\u00e1lt Spanyolorsz\u00e1got illusztr\u00e1l\u00f3 kir\u00e1lyi csapat, a Real. A katal\u00e1n m\u00edtoszteremt\u00e9s, a barcelonai t\u00f6rt\u00e9netben megker\u00fclhetetlen <strong>Johan Cruijff<\/strong> romantikus populizmus\u00e1nak is megfelelve, a n\u00e9p \u00e9s a hatalom k\u00fcl\u00f6nleges meccs\u00e9nek \u00edrja le a tal\u00e1lkoz\u00f3kat, amelyek \u00edgy sz\u00e9pen illeszkednek Guardiola \u00e9s Mourinho vil\u00e1gk\u00e9p\u00e9hez. Ennek az a magyar\u00e1zata, hogy a realizmus, a pragmatizmus sokkal k\u00f6nnyebben k\u00f6thet\u0151 a hatalomhoz, elv\u00e9gre a k\u00f6zhatalom gyakorl\u00f3inak cselekv\u00e9s\u00e9t val\u00f3ban korl\u00e1tozz\u00e1k er\u0151s re\u00e1li\u00e1k (nemzetk\u00f6zi k\u00f6rnyezet, gazdas\u00e1gi helyzet, stb.), r\u00e1ad\u00e1sul e k\u00f6zben az elit els\u0151dleges \u00e9rdeke a gy\u0151zelem, ez jelenti ugyanis befoly\u00e1s\u00e1nak, t\u00e1rsadalmi helyzet\u00e9nek, vagyon\u00e1nak meg\u0151rz\u00e9s\u00e9t. Ezzel \u00e1ll szemben a n\u00e9p, amely figyelmen k\u00edv\u00fcl akarja hagyni a realit\u00e1sokat, a neki hazudott alternat\u00edva n\u00e9lk\u00fclis\u00e9get, meg akarja v\u00e1ltoztatni vagyoni, t\u00e1rsadalmi helyzet\u00e9t, ki akar szabadulni elnyom\u00f3i uralma al\u00f3l, f\u00f6l akar \u00e1llni a hatalmasok talpa al\u00f3l, \u00e1lmodni, rep\u00fclni szeretne.\r\n\r\nA k\u00e9rd\u00e9s persze az, hogy a West Winghez \u00e9s a House of Cardshoz hasonl\u00f3an ak\u00e1r korszellemet is megtestes\u00edt-e a k\u00e9t k\u00e9pzelet? Egy\u00e1ltal\u00e1n volt-e val\u00f3ban olyan idealista korszak, amelyben a kicsi technik\u00e1s j\u00e1t\u00e9kosok eszt\u00e9tikai forradalma, a populista romantika f\u00f6l\u00e9kerekedett a pragmatizmusnak, a k\u00f6ny\u00f6rtelen, c\u00e9lorient\u00e1lt szeml\u00e9letnek? Elk\u00e9pzelhet\u0151-e, hogy a vil\u00e1g egyszer\u0171en nem \u00e9rti az \u00fczenetet, egyenesen unalomnak l\u00e1tja a kis emberek v\u00e9gtelen passzolgat\u00e1s\u00e1t, amit kital\u00e1l\u00f3i a sz\u00e9ps\u00e9g kiteljesed\u00e9s\u00e9nek, az eszme legv\u00e9gs\u0151 megjelen\u00e9s\u00e9nek mutatnak?\r\n\r\nEzt nem tudom, azt azonban igen, hogy Mourinho gondolatai minderr\u0151l nagyon vil\u00e1gosak \u00e9s konzisztensek. P\u00e9ld\u00e1ul els\u0151dleges c\u00e9l, hogy a ter\u00fcletek megfelel\u0151 sz\u0171k\u00edt\u00e9s\u00e9vel kik\u00e9nyszer\u00edts\u00e9k, az vezesse a labd\u00e1t az ellenf\u00e9ln\u00e9l, aki abban a leggyeng\u00e9bb. Azt\u00e1n azt mondja, akin\u00e9l a labda van, az tudja csak elvesz\u00edteni. Azaz a haditerve reakci\u00f3s, amennyiben nem a k\u00e9pzelet\u00e9t szeretn\u00e9 megval\u00f3s\u00edtani, hanem el\u0151bb a gy\u0151zelmet akarja el\u00e9rni. Guardiola a k\u00e9pzelet\u00e9t akarja megval\u00f3s\u00edtani, s meggy\u0151z\u0151d\u00e9se, hogy a j\u00f3 gy\u0151zni fog. Innen egy\u00e9bk\u00e9nt meglehet\u0151sen r\u00f6vid az \u00fat od\u00e1ig, hogy a Manchester City m\u00e1r l\u00e9nyeg\u00e9ben center n\u00e9lk\u00fcl j\u00e1tszik. Hiszen a filoz\u00f3fia alapja a k\u00f6z\u00e9pp\u00e1ly\u00e1n el\u00e9rt l\u00e9tsz\u00e1mf\u00f6l\u00e9ny, ennek nyom\u00e1n a labda birtokl\u00e1sa, mert abb\u00f3l k\u00f6vetkezik az \u00e1lmok el\u00e9r\u00e9s\u00e9nek lehet\u0151s\u00e9ge.\r\n\r\nMindez pedig m\u00e1r azt jelenti, igenis eld\u00f6nthet\u0151, hogy Guardiola vagy Sen a nagyobb hat\u00e1s\u00fa filoz\u00f3fusa a vil\u00e1gnak. \u00c9s a v\u00e1lasz pedig az\u00e9rt egy\u00e9rtelm\u0171, mert h\u00e1t a t\u00f6megkult\u00fara milli\u00e1rdszor k\u00f6nnyebben hozz\u00e1f\u00e9rhet\u0151, mint az elit kult\u00fara, azaz a futball sokkal ink\u00e1bb hat a vil\u00e1gra, mint az igazs\u00e1goss\u00e1gelm\u00e9letek. Ez\u00e9rt az evidenci\u00e1\u00e9rt persze k\u00e1r volt elkezdeni \u00edrni ezt a sz\u00f6veget, csakhogy e tekintetben a Guardiola-eszme k\u00e9pvisel\u0151je vagyok, azaz egyszer\u0171en f\u00e9lelmetes lehet\u0151s\u00e9gnek tartom, milyen r\u00e9tegeiben lehet gondolkodni a futballr\u00f3l, ilyen \u00e9rtelemben nem az el\u00e9rt evidencia, hanem az \u00fat a l\u00e9nyeges.\r\n\r\nAminek k\u00f6sz\u00f6nhet\u0151en az\u00e9rt tudjuk, hogy nincsenek fekete \u00e9s feh\u00e9r t\u00f6rt\u00e9netek, azaz nyilv\u00e1nval\u00f3an sohasem tal\u00e1lkozik egym\u00e1ssal a vegytiszta idealizmus \u00e9s realizmus, pl\u00e1ne nem a futballp\u00e1ly\u00e1n. Alighanem nem is l\u00e9tezik \u00e9rdemi vezet\u0151, aki b\u00e1rmelyik n\u00e9lk\u00fcl k\u00e9pes lenne \u00e9rdemi vezet\u0151v\u00e9 v\u00e1lni. Sen elm\u00e9letileg megalapozta az idealizmus szerep\u00e9t a demokr\u00e1cia jobb\u00edt\u00e1s\u00e1ban, \u00edgy az igazs\u00e1gtalans\u00e1gok felsz\u00e1mol\u00e1s\u00e1ban, egy idealista maskar\u00e1ban k\u00f6zleked\u0151, szuper h\u00edres, k\u0151kem\u00e9ny realista pedig mindennapi p\u00e9ld\u00e1val is \u00e9rz\u00e9keltette, mi\u00e9rt nem \u00e9rdemes idealizmus n\u00e9lk\u00fcl gondolkodni.\r\n\r\n<strong>Barack Obama<\/strong> az <a href=\"https:\/\/24.hu\/kulfold\/2021\/02\/19\/mit-tanulhatunk-barack-obamatol-orban-viktorrol-es-a-politikarol\/\"><em>Egy \u00edg\u00e9ret f\u00f6ldje<\/em> c\u00edm\u0171 k\u00f6tet\u00e9ben mes\u00e9li<\/a>, hogy megk\u00e9rdezte <strong>Samanta\u00a0Powert\u0151l<\/strong>, vezet\u0151 k\u00fclpolitikai szak\u00e9rt\u0151inek egyik\u00e9t\u0151l, mostan\u00e1ban milyen eszm\u00e9ket \u00e1rultak el. A koll\u00e9g\u00e1ja ugyanis p\u00e9ld\u00e1ul nagyon maga alatt volt akkor is, amikor Obama nem nevezte n\u00e9pirt\u00e1snak a t\u00f6r\u00f6k\u00f6k \u00f6rm\u00e9nyek ellen elk\u00f6vetett gyilkoss\u00e1gsorozat\u00e1t. Az eln\u00f6k az\u00e9rt nem tette ezt, mert \u00e9ppen k\u00e9nyes t\u00e1rgyal\u00e1sokat folytatott az \u00fcgyre f\u00f6l\u00f6tt\u00e9bb \u00e9rz\u00e9keny\u00a0<strong>Erdogan <\/strong>t\u00f6r\u00f6k eln\u00f6kkel az Egyes\u00fclt \u00c1llamok iraki csapatkivon\u00e1s\u00e1r\u00f3l. Amikor Power fejmos\u00e1st adott neki, azt \u00edrja, utols\u00f3 gazembernek \u00e9rezte mag\u00e1t. A politikus nyilv\u00e1n nem \u00e9lvezte a beosztottj\u00e1t\u00f3l kapott rendszeres kritik\u00e1t, \u00e1m, \u00e1ll\u00edtja, lelkiismerete elevenen tart\u00e1sa miatt sz\u00fcks\u00e9ge volt a meg nem alkuv\u00f3 erk\u00f6lcsis\u00e9gre. Vagyis azt akarta, hogy legal\u00e1bb megjelenjen gondolkod\u00e1s\u00e1ban az idealista verzi\u00f3, hiszen az seg\u00edt a k\u00e9pzelet megnyit\u00e1s\u00e1ban. Ez az\u00e9rt fontos, mert a realizmus a k\u00e9pzelet tagad\u00e1s\u00e1val k\u00e9pes alternat\u00edva n\u00e9lk\u00fclis\u00e9gre sz\u0171k\u00edteni a d\u00f6nt\u00e9si helyzeteket. Amikor pedig megsz\u00fcletik a meggy\u0151z\u0151d\u00e9s, hogy nem lehet m\u00e1sk\u00e9nt, akkor\u00a0 nem t\u00f6rt\u00e9nik er\u0151fesz\u00edt\u00e9s a jobb el\u00e9r\u00e9s\u00e9re.\r\n\r\nGuardiola val\u00f3j\u00e1ban annak az \u00edg\u00e9rete, hogy a futball nem engedi el az igazs\u00e1goss\u00e1g eszm\u00e9j\u00e9t, azaz k\u00eds\u00e9rletet tesz a vil\u00e1g jobb\u00e1 t\u00e9tel\u00e9re. Erre kiv\u00e9teles lehet\u0151s\u00e9ge van, mert f\u00f6lfoghatatlan a hat\u00e1sa, \u00e9ppen ez\u00e9rt lesz a tr\u00e9ner a legnagyobb befoly\u00e1s\u00fa filoz\u00f3fusok egyike. \u00c9s p\u00e1ly\u00e1ja persze t\u00f6k\u00e9letes p\u00e9ld\u00e1ja annak, hogy mi\u00e9rt nem \u00e9rdemes a West Winget \u00fcnnepelni a House of Cards n\u00e9lk\u00fcl, \u00e9s ford\u00edtva. Mi\u00e9rt nem \u00e9rdemes az idealizmust abszurdit\u00e1sig k\u00e9pviselni, s elvetni a realizmust, \u00e9s ford\u00edtva.\r\n\r\nHiszen Josep Guardiola jelenleg a Manchester City tr\u00e9nere. Az idealizmus\u00e1val a seni elm\u00e9let szerint l\u00e9nyeg\u00e9ben sz\u00fcks\u00e9gszer\u0171en az igazs\u00e1gtalans\u00e1gok ellen k\u00fczd\u0151 futballfiloz\u00f3fus az arab sejkek futballegyenl\u0151tlens\u00e9get \u00e9s -igazs\u00e1gtalans\u00e1got kimaxol\u00f3 klubj\u00e1n\u00e1l dolgozik.\r\n\r\nEz a val\u00f3s\u00e1g, \u00e1m ett\u0151l a futball m\u00e9g a rem\u00e9ny, \u00edgy az idealizmus j\u00e1t\u00e9ka marad.\r\n\r\n\u00c9s aki nem hiszi, gondoljon arra, hogy a <strong>Christian Eriksen\u00a0<\/strong><a href=\"https:\/\/eb2020.24.hu\/hirek\/2021\/06\/12\/foci-eb-2020-dania-christian-eriksen-ujraelesztes\/\">dr\u00e1mai esete<\/a> ut\u00e1n f\u00f6lt\u00e1mad\u00f3, az Eur\u00f3pa-bajnoks\u00e1g leginnovat\u00edvabb, -eredetibb futballj\u00e1t mutat\u00f3 d\u00e1nok sz\u00f6vets\u00e9gi kapit\u00e1nya <strong>Kasper Hjulmand\u00a0<\/strong>filoz\u00f3fi\u00e1t v\u00e9gzett, a politika \u00e9rdekl\u0151d\u00e9se f\u00f3kusz\u00e1ban \u00e1ll, a m\u0171v\u00e9szetek rajong\u00f3ja. \u00c9s amikor a d\u00e1n futballr\u00f3l gondolkodik, mint arra a <a href=\"https:\/\/bunteto.com\/labdarugas\/eb-2021-nyerhet-ujra-europa-bajnoksagot-dania\/\">bunteto.com eml\u00e9keztet,<\/a> ilyen alapvet\u00e9sekr\u0151l nyilatkozik:\r\n<blockquote>Ha meg akarjuk tal\u00e1lni azt a versenyel\u0151nyt, amire ilyen orsz\u00e1gk\u00e9nt t\u00e1maszkodhatunk, akkor tudnunk kell, hogy kik vagyunk.<\/blockquote>\r\nIlyen m\u00e9lyen tekinti identit\u00e1snak, eszm\u00e9nek a j\u00e1t\u00e9k alapjait.\r\n\r\n\u00c9s aki nem hiszi, n\u00e9zegessen\u00a0<strong>Sch\u00e4fer Andr\u00e1s<\/strong>-fejeseket, azt\u00e1n meg azt a k\u00fcl\u00f6nleges, felemel\u0151 k\u00e9pet, amelyen a mosolyg\u00f3 <strong>Marco Rossi<\/strong>\u00a0sz\u00f6vets\u00e9gi kapit\u00e1ny \u00f6leli k\u00f6nnyez\u0151 j\u00e1t\u00e9kos\u00e1t a m\u00e9rk\u0151z\u00e9s ut\u00e1n.\r\n\r\n\u00c9s mindebb\u0151l vil\u00e1gos is lesz, mi\u00e9rt nem lehet eszm\u00e9r\u0151l, igazs\u00e1gr\u00f3l\u00a0\u00e9s vil\u00e1gr\u00f3l besz\u00e9lni \u00fagy, hogy nem besz\u00e9l\u00fcnk a futballr\u00f3l.\r\n\r\n[prefabricated_shortcode in_app=\"0\" code=\"%3Cdiv%20class%3D%22article_box_border%22%20style%3D%22background%3A%20url%28%27https%3A%2F%2F24.p3k.hu%2Fapp%2Fuploads%2Fsites%2F24%2F2021%2F05%2Fsport24-pattern.png%27%29%20no-repeat%20left%20-16px%20%23f3f3f4%3B%20border%3A%20none%3B%22%3E%0D%0A%3Cdiv%20class%3D%22article_solidheader%22%3E%0D%0A%3Ch2%20style%3D%22color%3A%20%23111115%21important%3B%20font-size%3A%2036px%3B%20font-weight%3A%20bold%3B%20margin-bottom%3A%2030px%3B%20margin-top%3A%2020px%3B%20text-align%3A%20center%3B%20line-height%3A%2036px%3B%22%3E%3Cimg%20class%3D%22aligncenter%20size-full%20wp-image-141%22%20src%3D%22https%3A%2F%2F24.p3k.hu%2Fapp%2Fuploads%2Fsites%2F24%2F2021%2F05%2Fs24-logo-dt.png%22%20alt%3D%22%22%20width%3D%22408%22%20height%3D%2290%22%20%2F%3E%3C%2Fh2%3E%0D%0A%3Ch2%20style%3D%22color%3A%20%23111115%21important%3B%20font-size%3A%2036px%3B%20font-weight%3A%20bold%3B%20margin-bottom%3A%2030px%3B%20margin-top%3A%2020px%3B%20text-align%3A%20center%3B%20line-height%3A%2040px%3B%22%3ECsatlakozz%20a%20Sport24%20k%C3%B6z%C3%B6ss%C3%A9ghez%2C%20mondd%20el%20v%C3%A9lem%C3%A9nyedet%20z%C3%A1rt%20Facebook-csoportunkban%2C%20%C3%A9s%20vegy%C3%A9l%20r%C3%A9szt%20csak%20el%C5%91fizet%C5%91knek%20el%C3%A9rhet%C5%91%20exkluz%C3%ADv%20esem%C3%A9nyeinken.%3C%2Fh2%3E%0D%0A%3C%2Fdiv%3E%0D%0A%3Cp%20style%3D%22background%3A%20%2357A600%3B%20margin-top%3A%2020px%3B%20padding%3A%2020px%3B%20text-align%3A%20center%3B%22%3E%3Ca%20style%3D%22color%3A%20%23ffffff%3B%20font-size%3A%2026px%3B%20font-weight%3A%20600%3B%22%20href%3D%22https%3A%2F%2Fwww.facebook.com%2Fgroups%2F212344460412327%22%3ECSATLAKOZOM%3C%2Fa%3E%3C%2Fp%3E%0D%0A%0D%0A%3C%2Fdiv%3E\"]","type":"rich","thumbnail_url":"https:\/\/s.24.hu\/app\/uploads\/sites\/24\/2021\/06\/gettyimages-1308129910-150x150.jpg","thumbnail_width":150,"thumbnail_height":150}