{"version":"1.0","provider_name":"Sport24","provider_url":"https:\/\/sport24.24.hu","author_name":"Bruckner G\u00e1bor","author_url":"https:\/\/sport24.24.hu\/author\/brucknerg\/","title":"N\u00e9met\u2013magyar: az igazi csoda elmaradt, de \u00edgy is az eddigi legjobbj\u00e1t ny\u00fajtotta a csapat","html":"Alig sz\u0171k t\u00edz perc v\u00e1lasztotta el a magyar v\u00e1logatottat att\u00f3l, hogy tov\u00e1bbjusson az Eur\u00f3pa-bajnoki csoportj\u00e1b\u00f3l a legjobb tizenhat k\u00f6z\u00e9. Abb\u00f3l a n\u00e9gyesb\u0151l, amelyben ott volt a c\u00edmv\u00e9d\u0151 \u00e9s a legut\u00f3bbi k\u00e9t vil\u00e1gbajnok. \u00c9ppen ez\u00e9rt\r\n\r\n<span class=\"highlight-block-small\">a torna kezdete el\u0151tt semmif\u00e9le, vagy csak nagyon minim\u00e1lis elv\u00e1r\u00e1sokat lehetett t\u00e1masztani a csapattal szemben, amely v\u00e9g\u00fcl nem csak g\u00f3lt \u00e9s pontot szerzett, hanem val\u00f3ban k\u00f6zel j\u00e1rt ahhoz, hogy az elm\u00falt \u00e9vtizedek legnagyobb siker\u00e9t \u00e9rje el.<\/span>\r\n\r\nR\u00e1ad\u00e1sul a h\u00e1rom lej\u00e1tszott m\u00e9rk\u0151z\u00e9sen az is vil\u00e1gosan l\u00e1tsz\u00f3dott, hogy <strong>Marco Rossi<\/strong> csapata egyre jobb \u00e9s jobb lesz. Az els\u0151, portug\u00e1lok elleni meccsen t\u00f6bbnyire m\u00e9g csak a stabil, j\u00f3l megszervezett v\u00e9dekez\u00e9st lehetett kiemelni, mik\u00f6zben val\u00f3di helyzetet egy\u00e1ltal\u00e1n nem siker\u00fclt kidolgozni egy les miatt jogosan elvett g\u00f3lon k\u00edv\u00fcl. A franci\u00e1kkal szemben szint\u00e9n j\u00f3l m\u0171k\u00f6d\u00f6tt a rendszerszint\u0171 v\u00e9dekez\u00e9s, de m\u00e1r labd\u00e1s j\u00e1t\u00e9kban is siker\u00fclt el\u0151re l\u00e9pni, s a tetej\u00e9be az ellenf\u00e9l szerkezeti hi\u00e1nyoss\u00e1gait is k\u00f6ny\u00f6rtelen\u00fcl megb\u00fcntette a magyar csapat.\r\n\r\nV\u00e9g\u00fcl pedig el\u00e9rkezt\u00fcnk a n\u00e9metek elleni, utols\u00f3 meccshez, amelyen m\u00e1r nem csup\u00e1n k\u00e9t g\u00f3lig siker\u00fclt eljutni: a h\u00e1rom k\u00f6z\u00fcl ezen a tal\u00e1lkoz\u00f3n adtunk a legkev\u00e9sb\u00e9 es\u00e9lyt az ellenf\u00e9lnek a g\u00f3lszerz\u00e9sre. Az xG-mutat\u00f3 szerint a portug\u00e1lok ellen 2,4 (+ 1 tizenegyes), a franci\u00e1k ellen 2,2, m\u00edg a n\u00e9metek ellen 1,9 volt az ellenf\u00e9l v\u00e1rhat\u00f3 g\u00f3ljainak sz\u00e1ma a kialak\u00edtott helyzetek mennyis\u00e9g\u00e9t \u00e9s min\u0151s\u00e9g\u00e9t figyelembe v\u00e9ve. Ugyanakkor a magyar v\u00e1logatott v\u00e1rhat\u00f3 g\u00f3ljainak sz\u00e1ma az els\u0151 meccsen 0,2, a m\u00e1sodikon 0,5 m\u00edg a harmadik \u00f6sszecsap\u00e1son m\u00e1r 0,6 volt.\r\n\r\n<img class=\"alignnone size-full wp-image-971\" src=\"https:\/\/sport24.24.hu\/app\/uploads\/sites\/24\/2021\/06\/1-kep-4.png\" alt=\"\" width=\"625\" height=\"753\" \/>\r\n<div class=\"payable-content-section\"><\/div>\r\nR\u00e1ad\u00e1sul az utols\u00f3 m\u00e9rk\u0151z\u00e9s el\u0151tt a n\u00e9metek is pontosan tiszt\u00e1ban lehettek vele, hogy a magyarok ellen (b\u00e1rmilyen furcs\u00e1nak t\u0171nik ez m\u00e9g ut\u00f3lag is) sokkal nehezebb dolguk lesz, mint a sz\u00e9leket v\u00e9dekez\u00e9sben szinte teljesen szabadon hagy\u00f3 portug\u00e1lokkal szemben, ennek ellen\u00e9re <strong>Joachim L\u00f6w<\/strong> nem v\u00e1ltoztatott drasztikusan a kezd\u0151csapat\u00e1n. Egyetlen j\u00e1t\u00e9koscser\u00e9t hajtott v\u00e9gre az el\u0151z\u0151, 4-2-es gy\u0151zelemmel z\u00e1rult tal\u00e1lkoz\u00f3hoz k\u00e9pest, \u00e9s azt is k\u00e9nyszer\u0171s\u00e9gb\u0151l.\r\n\r\nA n\u00e9met kapuban <strong>Neuer<\/strong> kezdett, el\u0151tte <strong>Ginter, Hummels<\/strong> \u00e9s <strong>R\u00fcdiger<\/strong> alkotta a 3-4-2-1-es fel\u00e1ll\u00e1sban a v\u00e9delem belsej\u00e9t, a k\u00e9t sz\u00e9len pedig ism\u00e9t a portug\u00e1lokat darabokra szed\u0151 <strong>Kimmich<\/strong> \u00e9s <strong>Gosens<\/strong> kapott helyet. A p\u00e1lya k\u00f6zep\u00e9n a n\u00e9metek sz\u00f6vets\u00e9gi kapit\u00e1nya <strong>Goretzka<\/strong> fel\u00e9p\u00fcl\u00e9se ellen\u00e9re is kitartott a <strong>Kroos, G\u00fcndogan<\/strong> du\u00f3 mellett, a t\u00e1mad\u00f3sorban pedig <strong>Gnabryn<\/strong> \u00e9s <strong>Havertzen<\/strong> k\u00edv\u00fcl \u2013 a s\u00e9r\u00fcl\u00e9se nyom\u00e1n csak a kispadon helyet kap\u00f3 <strong>Thomas M\u00fcller<\/strong> helyett \u2013 <strong>San\u00e9<\/strong> kezdett.\r\n\r\nMarco Rossi a franci\u00e1k elleni d\u00f6ntetlent k\u00f6vet\u0151en joggal \u00e9rezhette, hogy\r\n\r\n<span class=\"highlight-block\">nem kell v\u00e1ltoztatni a kezd\u0151csapaton az utols\u00f3 csoportmeccsre, <\/span>\r\n\r\n\u00edgy <strong>Gul\u00e1csi<\/strong> el\u0151tt k\u00f6z\u00e9pen ez\u00fattal is <strong>Botka, Orb\u00e1n<\/strong>, valamint <strong>Szalai Attila<\/strong>, m\u00edg a k\u00e9t sz\u00e9len <strong>Fiola<\/strong> \u00e9s <strong>Nego<\/strong> kapott helyet. A k\u00f6z\u00e9pp\u00e1ly\u00e1s h\u00e1rmas <strong>Nagy \u00c1d\u00e1mb\u00f3l, Kleinheislerb\u0151l<\/strong> \u00e9s <strong>Sch\u00e4ferb\u0151l<\/strong> \u00e1llt, el\u0151l pedig <strong>Sallai<\/strong> mellett a csapatkapit\u00e1ny <strong>Szalai \u00c1d\u00e1m<\/strong> kezdett. A Mainzn\u00e1l a napokban hivatalosan is szerz\u0151d\u00e9st hosszabb\u00edt\u00f3 csat\u00e1r j\u00e1t\u00e9ka volt az egyed\u00fcli k\u00e9rd\u00e9ses pont az \u00f6ssze\u00e1ll\u00edt\u00e1s kapcs\u00e1n, miut\u00e1n Franciaorsz\u00e1g ellen \u2013 fejs\u00e9r\u00fcl\u00e9s miatt \u2013 m\u00e1r az els\u0151 f\u00e9lid\u0151ben le kellett cser\u00e9lni, de v\u00e9g\u00fcl sz\u00e1zsz\u00e1zal\u00e9kosan helyrej\u00f6tt, \u00e9s ezt teljes\u00edtm\u00e9ny\u00e9vel be is bizony\u00edtotta.\r\n\r\nA k\u00e9t csapat keret\u00e9nek ereje \u00e9s az el\u0151z\u0151 meccsek alapj\u00e1n a j\u00e1t\u00e9k \u00e1ltal\u00e1nos k\u00e9p\u00e9t m\u00e1r el\u0151re meg lehetett j\u00f3solni. Ennek megfelel\u0151en a n\u00e9metek j\u00f3val t\u00f6bbet is birtokolt\u00e1k a labd\u00e1t, de a tal\u00e1lkoz\u00f3 nagy r\u00e9sz\u00e9ben komoly helyzeteket \u2013 pl\u00e1ne nagy mennyis\u00e9gben \u2013 nem tudtak kialak\u00edtani.\r\n\r\n\u201eEz volt az egyik legnehezebb meccs\u00fcnk, de erre is sz\u00e1m\u00edtottunk. Nem hagytak sok ter\u00fcletet, nagyon j\u00f3l v\u00e9dekeztek\u201d \u2013 nyilatkozta Joachim L\u00f6w a m\u00e9rk\u0151z\u00e9st k\u00f6vet\u0151en. \u00c9s a k\u00fcl\u00f6nbs\u00e9get a n\u00e9metek el\u0151z\u0151 m\u00e9rk\u0151z\u00e9s\u00e9hez k\u00e9pest val\u00f3ban az jelentette, hogy am\u00edg a portug\u00e1l v\u00e1logatott 4-3-3-as fel\u00e1ll\u00e1sban rengeteg ter\u00fcletet hagyott a sz\u00e9leken a Gosens, Kimmich kett\u0151snek, addig a magyar csapat az 5-3-2-es v\u00e9dekez\u0151 alakzat\u00e1ban nem csak a p\u00e1lya k\u00f6zep\u00e9t z\u00e1rta le. A n\u00e9metek \u2013 az \u00f6ttag\u00fa v\u00e9d\u0151sornak k\u00f6sz\u00f6nhet\u0151en \u2013 sz\u00e9less\u00e9gben sem tudtak l\u00e9tsz\u00e1mf\u00f6l\u00e9nyt kialak\u00edtani a h\u00e1ts\u00f3 alakzatunkkal szemben.\r\n\r\n<img class=\"alignnone size-full wp-image-972\" src=\"https:\/\/sport24.24.hu\/app\/uploads\/sites\/24\/2021\/06\/2-kep-4.png\" alt=\"\" width=\"3905\" height=\"2197\" \/>\r\n\r\nEnn\u00e9l a jelenetn\u00e9l ki is rajzol\u00f3dik, hogy a n\u00e9metek h\u00e1rom bels\u0151 v\u00e9d\u0151vel, \u00e9s magasra tolt sz\u00e1rnyv\u00e9d\u0151kkel, gyakorlatilag 3-2-5-\u00f6s alakzatban t\u00e1madtak, mik\u00f6zben a magyarok 5-3-2-ben a saj\u00e1t t\u00e9rfel\u00fck\u00f6n v\u00e9dekeztek. A k\u00e9t csat\u00e1r, Sallai \u00e9s Szalai lez\u00e1rta a passzs\u00e1vokat Kroos \u00e9s G\u00fcndogan fel\u00e9, \u00edgy a labda el\u0151rejuttat\u00e1s\u00e1ra az egyetlen opci\u00f3 a jobb oldali k\u00f6z\u00e9ph\u00e1tv\u00e9d Ginter maradt, aki a t\u00e1rsain\u00e1l magasabb \u00e9s sz\u00e9lesebb poz\u00edci\u00f3t vett fel. \u00c1m amint a M\u00f6nchengladbach j\u00e1t\u00e9kosa megkapta a labd\u00e1t, a k\u00f6z\u00e9pp\u00e1lya bal oldal\u00e1r\u00f3l Sch\u00e4fer azonnal kil\u00e9pett a szabad emberre, ezzel \u00e1tmenetileg 5-2-3-ra alak\u00edtva a magyar csapat szerkezet\u00e9t labda n\u00e9lk\u00fcl, teljesen let\u00fckr\u00f6zve a n\u00e9metek form\u00e1ci\u00f3j\u00e1t, \u00e9s biztos\u00edtva, hogy sehol ne alakulhasson ki l\u00e9tsz\u00e1mf\u00f6l\u00e9ny az ellenf\u00e9l jav\u00e1ra.\r\n\r\n<img class=\"alignnone size-full wp-image-973\" src=\"https:\/\/sport24.24.hu\/app\/uploads\/sites\/24\/2021\/06\/3-kep-4.png\" alt=\"\" width=\"3905\" height=\"2197\" \/>\r\n\r\nMivel a k\u00e9t magyar csat\u00e1r ilyenkor tov\u00e1bbra is tartotta a poz\u00edci\u00f3j\u00e1t a k\u00e9t n\u00e9met k\u00f6z\u00e9pp\u00e1ly\u00e1s mellett, Nagy \u00e9s Kleinheisler ter\u00fcletet tudott v\u00e9deni a h\u00e1ts\u00f3 sor el\u0151tt, \u00e9s sz\u00fcks\u00e9g eset\u00e9n fel tudta venni a t\u00e1mad\u00f3sorb\u00f3l visszal\u00e9p\u0151 n\u00e9met j\u00e1t\u00e9kosokat.\r\n\r\n<img class=\"alignnone size-full wp-image-974\" src=\"https:\/\/sport24.24.hu\/app\/uploads\/sites\/24\/2021\/06\/4-kep-4.png\" alt=\"\" width=\"3905\" height=\"2197\" \/>\r\n\r\nK\u00f6zvetlen\u00fcl ennek a mintaszer\u0171 v\u00e9dekez\u00e9snek a k\u00f6vetkezm\u00e9nye volt az els\u0151 magyar g\u00f3l is. Rossi egy\u00fcttese ezen a meccsen kevesebb stabil labdabirtokl\u00e1si peri\u00f3dust tudott felmutatni, mint a franci\u00e1k elleni \u00f6sszecsap\u00e1son, viszont labdaszerz\u00e9st k\u00f6vet\u0151en az \u00e1tmeneti f\u00e1zisokban rendszeresen pr\u00f3b\u00e1lt gyorsan eljutni a n\u00e9met kapuig. \u00c9s ez a 11. percben t\u00f6k\u00e9letesen siker\u00fclt is. A n\u00e9metek nem l\u00e9ptek fel el\u00e9gg\u00e9 agressz\u00edvan a labdaveszt\u00e9st k\u00f6vet\u0151en, Szalai p\u00e9ld\u00e1ul k\u00f6nnyed\u00e9n tudta megtartani a labd\u00e1t G\u00fcndogan mellett, majd pedig Kleinheisler szabad emberk\u00e9nt kaphatta meg azt, mivel Kroos t\u00fals\u00e1gosan t\u00e1vol helyezkedett t\u0151le, \u00e9s nem is iparkodott k\u00fcl\u00f6n\u00f6sebben, hogy cs\u00f6kkentse a kettej\u00fck k\u00f6z\u00f6tti t\u00e1vols\u00e1got \u00e9s idej\u00e9ben nyom\u00e1s al\u00e1 helyezze a magyar j\u00e1t\u00e9kost.\r\n\r\n<img class=\"alignnone size-full wp-image-976\" src=\"https:\/\/sport24.24.hu\/app\/uploads\/sites\/24\/2021\/06\/5-kep-4.png\" alt=\"\" width=\"3905\" height=\"2197\" \/>\r\n\r\nAz \u00edgy kibontakoz\u00f3 akci\u00f3ban a kulcsmozzanat Sallai visszamozg\u00e1sa volt: a Freiburg t\u00e1mad\u00f3ja el\u0151sz\u00f6r a csapatt\u00e1rsaihoz hasonl\u00f3an a kapu fel\u00e9 indult, k\u00e9s\u0151bb viszont visszal\u00e9pett a labd\u00e1\u00e9rt, hogy passzopci\u00f3t tudjon ny\u00fajtani Neg\u00f3nak, amivel le is tudta mag\u00e1r\u00f3l r\u00e1zni a saj\u00e1t kapuja fel\u00e9 sprintel\u0151 R\u00fcdigert.\r\n\r\n<img class=\"alignnone size-full wp-image-977\" src=\"https:\/\/sport24.24.hu\/app\/uploads\/sites\/24\/2021\/06\/6-kep-4.png\" alt=\"\" width=\"3905\" height=\"2197\" \/>\r\n\r\nEzt k\u00f6vet\u0151en R\u00fcdiger \u00e9s a visszaz\u00e1r\u00f3 Toni Kroos egym\u00e1sra v\u00e1rt, vagyis v\u00e9g\u00fcl senki sem helyezte nyom\u00e1s al\u00e1 Sallait, akinek b\u0151ven volt ideje. \u00c9s hajsz\u00e1lpontosan odatekerte a labd\u00e1t Szalai \u00c1d\u00e1m fej\u00e9re.\r\n\r\n<img class=\"alignnone size-full wp-image-978\" src=\"https:\/\/sport24.24.hu\/app\/uploads\/sites\/24\/2021\/06\/7-kep-4.png\" alt=\"\" width=\"3905\" height=\"2197\" \/>\r\n\r\nA m\u00e9rk\u0151z\u00e9st jelent\u0151s r\u00e9szben pontosan az a s\u00e9ma jellemezte, amit a magyar v\u00e1logatott els\u0151 g\u00f3lja el\u0151tt is l\u00e1thattunk. A hazaiak t\u00f6bbnyire a v\u00e9d\u0151 sorban j\u00e1ratt\u00e1k a labd\u00e1t, ak\u00e1r a m\u00e9lyre visszamozg\u00f3 k\u00f6z\u00e9pp\u00e1ly\u00e1sokat bevonva, de igaz\u00e1n vesz\u00e9lyes helyre juttatniuk ritk\u00e1n siker\u00fclt azt. A fenti k\u00e9pen ism\u00e9t l\u00e1tsz\u00f3dik, ahogyan Ginter pr\u00f3b\u00e1lt feljebb menni a labd\u00e1val, de Sch\u00e4fer kil\u00e9pett r\u00e1, mik\u00f6zben Szalai visszaz\u00e1rt a k\u00f6z\u00e9pp\u00e1ly\u00e1s m\u00f6g\u00f6tt megny\u00edl\u00f3 ter\u00fcleten G\u00fcndoganra, \u00edgy az egyetlen lehet\u0151s\u00e9g a visszapassz maradt.\r\n\r\n<img class=\"alignnone size-full wp-image-979\" src=\"https:\/\/sport24.24.hu\/app\/uploads\/sites\/24\/2021\/06\/8-kep-3.png\" alt=\"\" width=\"3905\" height=\"2197\" \/>\r\n\r\nHa pedig a labda \u00e1tker\u00fclt a m\u00e1sik oldalra, akkor hasonl\u00f3 s\u00e9m\u00e1t figyelhett\u00fcnk meg: itt Kleinheisler volt az, aki nyom\u00e1s al\u00e1 helyezte a labd\u00e1t felcipel\u0151 v\u00e9d\u0151t, mik\u00f6zben sz\u00e1rnyv\u00e9d\u0151k\u00e9nt Nego az ellenf\u00e9l sz\u00e1rnyv\u00e9d\u0151j\u00e9re, Gosensre figyelt, Botka a v\u00e9delemb\u0151l kil\u00e9pve k\u00f6vette Havertzet, m\u00edg Nagy \u00c1d\u00e1m szabad emberk\u00e9nt fel tudta venni a csat\u00e1rsorb\u00f3l visszal\u00e9p\u0151 Gnabryt.\r\n\r\nA n\u00e9metek lass\u00fa t\u00e1mad\u00f3j\u00e1t\u00e9k\u00e1t remek\u00fcl \u00e1br\u00e1zolja a meccs passzt\u00e9rk\u00e9pe, amin j\u00f3l l\u00e1tszik, hogy t\u00f6bbnyire nagyon h\u00e1tul, \u00e9s oldalir\u00e1nyba siker\u00fclt csak j\u00e1ratniuk a labd\u00e1t, mik\u00f6zben a t\u00e1mad\u00f3k a centrumban alig tudtak j\u00e1t\u00e9kba avatkozni.\r\n\r\nhttps:\/\/twitter.com\/honigstein\/status\/1408006350324465666\r\n\r\nEnnek megfelel\u0151en a n\u00e9met v\u00e1logatott az els\u0151 f\u00e9lid\u0151ben csak egy sz\u00f6gletet k\u00f6vet\u0151en, \u00e9s k\u00f6zvetlen\u00fcl ut\u00e1na, egy k\u00f6z\u00e9pre visszatekert labd\u00e1b\u00f3l tudott vesz\u00e9lyes lehet\u0151s\u00e9gig eljutni. Akci\u00f3b\u00f3l maradtak az alacsony min\u0151s\u00e9g\u0171 pr\u00f3b\u00e1lkoz\u00e1sok.\r\n\r\n<img class=\"alignnone size-full wp-image-980\" src=\"https:\/\/sport24.24.hu\/app\/uploads\/sites\/24\/2021\/06\/9-kep-2.png\" alt=\"\" width=\"3905\" height=\"2197\" \/>\r\n\r\nAz ugyan ritk\u00e1n t\u00f6rt\u00e9nt meg, hogy a magyar v\u00e1logatott magasan presszingeljen, de ha volt erre lehet\u0151s\u00e9g, akkor Rossi egy\u00fcttese ezt is j\u00f3l oldotta meg a m\u00e9ly v\u00e9dekez\u00e9s sor\u00e1n is haszn\u00e1lt s\u00e9m\u00e1k alapj\u00e1n. Ilyenkor Szalai \u00e9s Sallai nem a m\u00e9lyen helyezked\u0151 k\u00f6z\u00e9pp\u00e1ly\u00e1sokra figyelt, hanem k\u00f6zvetlen\u00fcl R\u00fcdigert \u00e9s Hummelst t\u00e1madta, Sch\u00e4fer pedig csatlakozott hozz\u00e1juk, ism\u00e9t kialak\u00edtva az 5-2-3-as alakzatot, amelyben mindenkinek egy az egyben kellett v\u00e9dekeznie az ellenfel\u00e9vel szemben.\r\n\r\n<img class=\"alignnone size-full wp-image-982\" src=\"https:\/\/sport24.24.hu\/app\/uploads\/sites\/24\/2021\/06\/10-kep-2.png\" alt=\"\" width=\"3905\" height=\"2197\" \/>\r\n\r\nMagasan teh\u00e1t a magyar csapat let\u00e1mad\u00e1sn\u00e1l h\u00e1rom a h\u00e1rom elleni szitu\u00e1ci\u00f3t alak\u00edtott ki a n\u00e9metek bels\u0151 v\u00e9d\u0151ivel szemben, Kleinheisler \u00e9s Nagy feljebb l\u00e9pett Kroosra \u00e9s G\u00fcndoganra, m\u00edg a k\u00e9t sz\u00e1rnyv\u00e9d\u0151, Fiola \u00e9s Nego az ellenf\u00e9l k\u00e9t sz\u00e1rnyv\u00e9d\u0151j\u00e9t, Kimmichet \u00e9s Gosenst helyezte nyom\u00e1s al\u00e1.\r\n\r\nNem szabad m\u00e9g megfeledkezn\u00fcnk a meccs kapcs\u00e1n arr\u00f3l sem: a n\u00e9metek mik\u00e9nt \u00e9rt\u00e9k el azt, hogy a magyar csapat t\u00f6bbnyire csak \u00e1tmenetekb\u0151l tudjon vesz\u00e9lyes lenni?\r\n\r\n<img class=\"alignnone size-full wp-image-985\" src=\"https:\/\/sport24.24.hu\/app\/uploads\/sites\/24\/2021\/06\/11-kep-2.png\" alt=\"\" width=\"3905\" height=\"2197\" \/>\r\n\r\nArr\u00f3l m\u00e1r volt sz\u00f3 kor\u00e1bban, hogy a portug\u00e1lok 4-3-3-as form\u00e1ci\u00f3j\u00e1hoz k\u00e9pest a magyar v\u00e1logatott 5-3-2-je milyen el\u0151ny\u00f6kkel b\u00edr a n\u00e9met 3-4-2-1-es alakzat\u00e1val szemben v\u00e9dekez\u00e9sben, de tov\u00e1bbi fontos k\u00e9rd\u00e9s: a n\u00e9meteknek mik\u00e9ppen kellett m\u00f3dos\u00edt\u00e1sokat v\u00e9grehajtaniuk a saj\u00e1t v\u00e9dekez\u00e9s\u00fckben a magyar csapat miatt? Amennyiben a h\u00e1rom n\u00e9met t\u00e1mad\u00f3 egy az egyben v\u00e9dekezett volna a h\u00e1rom magyar bels\u0151 v\u00e9d\u0151vel szemben, akkor a Nagy, Kleinheisler, Sch\u00e4fer tri\u00f3 h\u00e1rom a kett\u0151 elleni l\u00e9tsz\u00e1mf\u00f6l\u00e9nyt tudott volna kialak\u00edtani a G\u00fcndogan, Kroos p\u00e1rossal szemben. Ezt L\u00f6w azzal ellens\u00falyozhatta volna, hogy Ginter vagy R\u00fcdiger magasra fell\u00e9p a v\u00e9delem k\u00f6zep\u00e9r\u0151l az egyik k\u00f6z\u00e9pp\u00e1ly\u00e1sra, de ezzel azt kock\u00e1ztatta volna, amit az el\u0151z\u0151 meccsen Rossi csapata ellen a franci\u00e1k is: n\u00e9gy v\u00e9d\u0151nek kellett volna egy az egyben v\u00e9dekeznie k\u00e9t magyar csat\u00e1rral \u00e9s k\u00e9t sz\u00e1rnyv\u00e9d\u0151vel szemben.\r\n\r\n\u00cdgy a fenti k\u00e9pen l\u00e1that\u00f3 m\u00f3don a t\u00e1mad\u00f3k k\u00f6z\u00fcl t\u00f6bbnyire San\u00e9 volt az, aki magasabban v\u00e9dekezett, Havertz pedig k\u00f6z\u00e9pre h\u00faz\u00f3dott harmadik k\u00f6z\u00e9pp\u00e1ly\u00e1snak, Gnabry feladata pedig az volt, hogy lez\u00e1rja a v\u00e9d\u0151k k\u00f6z\u00f6tti passzs\u00e1vokat.\r\n\r\nAz eddig felv\u00e1zolt meccsk\u00e9pb\u0151l Joachim L\u00f6w nagyon sok\u00e1ig (s\u0151t tulajdonk\u00e9ppen a meccs v\u00e9g\u00e9ig) nem tudott kiszakadni. A m\u00e1sodik f\u00e9lid\u0151ben ugyan megpr\u00f3b\u00e1lt v\u00e1ltoztatni azzal, hogy Kimmichet visszarendelte a k\u00f6z\u00e9pp\u00e1ly\u00e1ra Kroos mell\u00e9, \u00e9s a vonalak k\u00f6z\u00f6tt, kis ter\u00fcleten pocs\u00e9k teljes\u00edtm\u00e9nyt ny\u00fajt\u00f3 San\u00e9t tolta ki a sz\u00e1rnyv\u00e9d\u0151 poz\u00edci\u00f3j\u00e1ba, hogy Fiol\u00e1val egy az egyeket v\u00e1llaljon el (hasonl\u00f3t h\u00fazott <strong>Dider Deschamps<\/strong> is az el\u0151z\u0151 meccsen <strong>Demb\u00e9l\u00e9<\/strong> becser\u00e9l\u00e9s\u00e9vel), ek\u00f6zben G\u00fcndogan foglalta el a bal oldali t\u00e1mad\u00f3 szerepk\u00f6r\u00e9t.\r\n\r\nVal\u00f3di v\u00e1ltoz\u00e1st azonban ez sem hozott, \u00e9s v\u00e9g\u00fcl a n\u00e9met egyenl\u00edt\u00e9shez is egy ritk\u00e1n l\u00e1that\u00f3 Gul\u00e1csi-hiba kellett.\r\n\r\nA magyar csapat \u201e\u00e9less\u00e9g\u00e9t\u201d ugyanakkor j\u00f3l mutatja: egy, a r\u00f6gt\u00f6n a k\u00f6z\u00e9pkezd\u00e9st k\u00f6vet\u0151en fel\u00edvelt labd\u00e1n\u00e1l t\u00f6bben is remek poz\u00edci\u00f3ban helyezkedtek, hogy begy\u0171jts\u00e9k a lecsorg\u00f3t, minek nyom\u00e1n Szalai \u00c1d\u00e1m remek passzal ugrathatta ki a labd\u00e1t a h\u00e1l\u00f3ba fejel\u0151 Sch\u00e4fert.\r\n\r\n\u00c1m miut\u00e1n L\u00f6w az utols\u00f3 t\u00edz percre \u2013 mindent egy lapra felt\u00e9ve \u2013 bek\u00fcldte el\u0151re <strong>Vollandot, Wernert<\/strong> a bal oldali sz\u00e1rnyv\u00e9d\u0151 poz\u00edci\u00f3j\u00e1ra \u00e1ll\u00edtotta, tov\u00e1bb\u00e1 a 18 \u00e9ves <strong>Jamal Musiala<\/strong> szem\u00e9ly\u00e9ben egy kreat\u00edv k\u00f6z\u00e9pp\u00e1ly\u00e1st is feltett a p\u00e1ly\u00e1ra, \u00e9ppen a nagyszer\u0171en bemutatkoz\u00f3, fiatal j\u00e1t\u00e9kos visszatett labd\u00e1ja ut\u00e1n siker\u00fclt egy \u00fctemmel lemaradni a m\u00e9g kor\u00e1bban be\u00e1ll\u00f3 Goretzk\u00e1r\u00f3l, aki p\u00e1lyafut\u00e1sa sor\u00e1n m\u00e1r sz\u00e1mos a mostanihoz hasonl\u00f3 g\u00f3lt szerzett.\r\n\r\n<span class=\"highlight-block\">Az Eur\u00f3pa-bajnoks\u00e1g legnagyobb szenz\u00e1ci\u00f3ja \u00edgy elmaradt, <\/span>\r\n\r\na magyar v\u00e1logatott pedig \u2013 a pap\u00edrform\u00e1nak megfelel\u0151en \u2013 utols\u00f3k\u00e9nt v\u00e9gzett a csoportj\u00e1ban, \u00edgy nem jutott be a legjobb tizenhat k\u00f6z\u00e9. A torna eddigi k\u00e9t legmeglep\u0151bb eredm\u00e9ny\u00e9t ezzel egy\u00fctt \u00edgy is a mieink sz\u00e1ll\u00edtott\u00e1k a Franciaorsz\u00e1g \u00e9s N\u00e9metorsz\u00e1g elleni d\u00f6ntetlennel. S csup\u00e1n alig t\u00edz perc v\u00e1lasztotta el Marco Rossi csapat\u00e1t att\u00f3l, hogy ott legyen a k\u00f6vetkez\u0151 k\u00f6rben, mik\u00f6zben a h\u00e1rom meccsen \u00f6sszesen 6 (azaz hat!) percet t\u00f6lt\u00f6tt h\u00e1tr\u00e1nyban. Mindezen t\u00falmen\u0151en a csapat m\u00e9rk\u0151z\u00e9sre m\u00e9rk\u0151z\u00e9sre k\u00e9pes volt fejl\u0151d\u00e9st bemutatni. Ez pedig ilyen szint\u0171 ellenfelekkel szemben, csakis kiv\u00e1l\u00f3 szakmai munk\u00e1val \u00e9rhet\u0151 el.\r\n\r\nAm\u00edg az \u00f6t \u00e9vvel ezel\u0151tti Eur\u00f3pa-bajnoks\u00e1g <strong>Kir\u00e1ly G\u00e1borral, Juh\u00e1sz Rolanddal<\/strong> \u00e9s <strong>Gera Zolt\u00e1nnal<\/strong> ink\u00e1bb \u00e9rz\u0151d\u00f6tt egy gener\u00e1ci\u00f3 utols\u00f3 dob\u00e1s\u00e1nak, a mostani csapatban Gul\u00e1csi P\u00e9ter \u00e9s Willi Orb\u00e1n m\u00e9g \u00e9vekig nemzetk\u00f6zi szint\u0171 j\u00e1t\u00e9kos lesz, mik\u00f6zben a v\u00e9delemb\u0151l Szalai Attil\u00e1val kapcsolatban m\u00e1r csak az a k\u00e9rd\u00e9s, hogy mikor csap le r\u00e1 egy toplig\u00e1s klub. A k\u00f6z\u00e9pp\u00e1ly\u00e1n a m\u00e9g mindig csak 26 \u00e9ves Nagy \u00c1d\u00e1m mellett a k\u00e9nyszer\u0171s\u00e9gb\u0151l beker\u00fcl\u0151 Sch\u00e4fer Andr\u00e1s szint\u00e9n bizony\u00edtotta, hogy magasabban jegyzett bajnoks\u00e1gban van a helye, ahogyan a t\u00e1mad\u00f3k k\u00f6z\u00fcl a Bundeslig\u00e1ban is remek id\u00e9nyt fut\u00f3 Sallai Roland szint\u00e9n hossz\u00fa \u00e9vekig megold\u00e1st jelenthet. Nem is besz\u00e9lve persze a torn\u00e1t kihagy\u00f3, de klasszis potenci\u00e1llal rendelkez\u0151 <strong>Szoboszlai Dominikr\u0151l<\/strong>, \u00e9s az \u0151t els\u0151sorban kiv\u00e1ltani k\u00e9pes <strong>Kalm\u00e1r Zsoltr\u00f3l<\/strong>.\r\n\r\nA jelenlegi csapat meghat\u00e1roz\u00f3, \u00e9vek \u00f3ta magas szinten j\u00e1tsz\u00f3 j\u00e1t\u00e9kosai k\u00f6z\u00fcl kiz\u00e1r\u00f3lag a N\u00e9metorsz\u00e1g elleni meccsen is kiemelked\u0151en teljes\u00edt\u0151, lassan 34 \u00e9ves Szalai \u00c1d\u00e1m az, akivel t\u00fal sok\u00e1ig m\u00e1r nem sz\u00e1molhat Marco Rossi, \u00e9s egyel\u0151re az sem l\u00e1tszik, hogy ki tudn\u00e1 \u00e1tvenni a szerep\u00e9t.\r\n\r\n<span class=\"highlight-block-small\">A csapat magja viszont m\u00e9g \u00e9vekig egy\u00fctt j\u00e1tszhat, s ez a t\u00e9ny kiv\u00e1l\u00f3 alapot k\u00e9pezhet a Rossi-st\u00e1bnak arra, hogy a mostanihoz hasonl\u00f3, sz\u00e9p eredm\u00e9nyeket \u00e9rjen el a j\u00f6v\u0151ben is.<\/span>\r\n\r\n[prefabricated_shortcode in_app=\"0\" code=\"%3Cdiv%20class%3D%22article_box_border%22%20style%3D%22background%3A%20url%28%27https%3A%2F%2F24.p3k.hu%2Fapp%2Fuploads%2Fsites%2F24%2F2021%2F05%2Fsport24-pattern.png%27%29%20no-repeat%20left%20-16px%20%23f3f3f4%3B%20border%3A%20none%3B%22%3E%0D%0A%3Cdiv%20class%3D%22article_solidheader%22%3E%0D%0A%3Ch2%20style%3D%22color%3A%20%23111115%21important%3B%20font-size%3A%2036px%3B%20font-weight%3A%20bold%3B%20margin-bottom%3A%2030px%3B%20margin-top%3A%2020px%3B%20text-align%3A%20center%3B%20line-height%3A%2036px%3B%22%3E%3Cimg%20class%3D%22aligncenter%20size-full%20wp-image-141%22%20src%3D%22https%3A%2F%2F24.p3k.hu%2Fapp%2Fuploads%2Fsites%2F24%2F2021%2F05%2Fs24-logo-dt.png%22%20alt%3D%22%22%20width%3D%22408%22%20height%3D%2290%22%20%2F%3E%3C%2Fh2%3E%0D%0A%3Ch2%20style%3D%22color%3A%20%23111115%21important%3B%20font-size%3A%2036px%3B%20font-weight%3A%20bold%3B%20margin-bottom%3A%2030px%3B%20margin-top%3A%2020px%3B%20text-align%3A%20center%3B%20line-height%3A%2040px%3B%22%3ECsatlakozz%20a%20Sport24%20k%C3%B6z%C3%B6ss%C3%A9ghez%2C%20mondd%20el%20v%C3%A9lem%C3%A9nyedet%20z%C3%A1rt%20Facebook-csoportunkban%2C%20%C3%A9s%20vegy%C3%A9l%20r%C3%A9szt%20csak%20el%C5%91fizet%C5%91knek%20el%C3%A9rhet%C5%91%20exkluz%C3%ADv%20esem%C3%A9nyeinken.%3C%2Fh2%3E%0D%0A%3C%2Fdiv%3E%0D%0A%3Cp%20style%3D%22background%3A%20%2357A600%3B%20margin-top%3A%2020px%3B%20padding%3A%2020px%3B%20text-align%3A%20center%3B%22%3E%3Ca%20style%3D%22color%3A%20%23ffffff%3B%20font-size%3A%2026px%3B%20font-weight%3A%20600%3B%22%20href%3D%22https%3A%2F%2Fwww.facebook.com%2Fgroups%2F212344460412327%22%3ECSATLAKOZOM%3C%2Fa%3E%3C%2Fp%3E%0D%0A%0D%0A%3C%2Fdiv%3E\"]","type":"rich","thumbnail_url":"https:\/\/s.24.hu\/app\/uploads\/sites\/24\/2021\/06\/d__as20210623118-150x150.jpg","thumbnail_width":150,"thumbnail_height":150}