{"version":"1.0","provider_name":"Sport24","provider_url":"https:\/\/sport24.24.hu","author_name":"Bruckner G\u00e1bor","author_url":"https:\/\/sport24.24.hu\/author\/brucknerg\/","title":"Magyarorsz\u00e1g\u2013Franciaorsz\u00e1g: a sz\u00edv \u00e9s a felk\u00e9sz\u00fclts\u00e9g diadala","html":"N\u00e9h\u00e1ny nappal ezel\u0151tt m\u00e9g csak n\u00e9h\u00e1ny m\u00e1sodpercig \u00f6r\u00fclhettek a magyar szurkol\u00f3k, miel\u0151tt a partjelz\u0151 a magasba emelte a z\u00e1szl\u00f3j\u00e1t <strong>Sch\u00f6n Szabolcs<\/strong> portug\u00e1loknak l\u0151tt g\u00f3lja ut\u00e1n, de szombat d\u00e9lut\u00e1n m\u00e1r val\u00f3ban \u201efelrobbanhatott\u201d a Pusk\u00e1s Ar\u00e9na, miut\u00e1n <strong>Fiola Attila<\/strong> ler\u00e1zta mag\u00e1r\u00f3l <strong>Benjamin Pavard-t<\/strong>, \u00e9s higgadtan gur\u00edtott a jobb als\u00f3 sarokba <strong>Hugo Lloris<\/strong> mellett.\r\n\r\nB\u00e1r a magyar v\u00e1logatott v\u00e9g\u00fcl nem tudta megszerezni mind a h\u00e1rom pontot a vil\u00e1gbajnok francia csapat ellen, m\u00e1r a pontszerz\u00e9ssel is fel\u00fclm\u00falt szinte minden v\u00e1rakoz\u00e1st.\r\n\r\n<strong>Marco Rossi<\/strong> egy\u00fcttese abb\u00f3l a szempontb\u00f3l szerencs\u00e9s helyzetben volt, hogy noha a portug\u00e1lokhoz hasonl\u00f3an a franci\u00e1knak is kiemelked\u0151en j\u00f3 a keret\u00fck, <strong>Fernando Santoshoz<\/strong> hasonl\u00f3an <strong>Didier Deschamps<\/strong> sem \u00e9ppen a megalkuv\u00e1st nem t\u0171r\u0151 t\u00e1mad\u00f3futball h\u00edve. \u00cdgy a labda n\u00e9lk\u00fcl els\u0151sorban a saj\u00e1t t\u00e9rfel\u00e9re berendezked\u0151 magyar csapat ellen a legink\u00e1bb kontraj\u00e1t\u00e9kban er\u0151s riv\u00e1lisnak valami m\u00e1st kellett ny\u00fajtania.\r\n\r\n<img class=\"alignnone size-full wp-image-884\" src=\"https:\/\/sport24.24.hu\/app\/uploads\/sites\/24\/2021\/06\/1-kep-3.png\" alt=\"\" width=\"599\" height=\"759\" \/>\r\n\r\nTal\u00e1n ennek is k\u00f6sz\u00f6nhet\u0151, hogy Rossi mind\u00f6ssze egyetlen helyen v\u00e1ltoztatott az el\u0151z\u0151 m\u00e9rk\u0151z\u00e9sen l\u00e1tott kezd\u0151csapaton, \u00e9s<strong> Gul\u00e1csi P\u00e9ter<\/strong> el\u0151tt ism\u00e9t a <strong>Botka, Orb\u00e1n, Szalai Attila<\/strong> h\u00e1rmas kezdett a v\u00e9delemben, a bal oldali sz\u00e1rnyv\u00e9d\u0151 poz\u00edci\u00f3j\u00e1ban pedig tov\u00e1bbra is a jobb l\u00e1bas Fiola Attila futballozott. Az egyetlen k\u00fcl\u00f6nbs\u00e9get a sz\u00fcl\u0151haz\u00e1ja ellen p\u00e1ly\u00e1ra l\u00e9p\u0151, \u00e9s az el\u0151z\u0151 meccsen a k\u00f6z\u00e9pp\u00e1ly\u00e1ra besz\u00e1ll\u00f3 <strong>Loic Nego<\/strong> szerepeltet\u00e9se jelentette a jobb oldali sz\u00e1rnyv\u00e9d\u0151 poz\u00edci\u00f3j\u00e1ban. \u00cdgy a k\u00f6z\u00e9pp\u00e1ly\u00e1n is \u00fajb\u00f3l <strong>Kleinheisler, Nagy<\/strong> \u00e9s <strong>Sch\u00e4fer<\/strong> kezdett, el\u0151tt\u00fck <strong>Sallai Roland<\/strong> \u00e9s<strong> Szalai \u00c1d\u00e1m<\/strong> j\u00e1tszott. Igaz, ut\u00f3bbit egy fejs\u00e9r\u00fcl\u00e9s miatt sajnos m\u00e1r kor\u00e1n, az els\u0151 f\u00e9lid\u0151ben le kellett cser\u00e9lni \u2013 \u0151t <strong>Nikolics Nemanja<\/strong> v\u00e1ltotta.\r\n\r\nA n\u00e9metek ellen megnyert rangad\u00f3 ut\u00e1n Deschamps sem gondolta \u00fagy, hogy alapjaiban kellett volna felforgatnia a kezd\u0151csapat\u00e1t, \u00edgy Rossihoz hasonl\u00f3an csup\u00e1n egyetlen cser\u00e9t hajtott v\u00e9gre az el\u0151z\u0151 meccshez k\u00e9pest. Csapatkapit\u00e1nyk\u00e9nt ez\u00fattal is Hugo Lloris \u00e1llt a kapuban, jobbh\u00e1tv\u00e9dk\u00e9nt Benjamin Pavard, k\u00f6z\u00e9pen pedig <strong>Raphael Varane<\/strong> \u00e9s <strong>Presnel Kimpemb<\/strong>e p\u00e1rosa jutott sz\u00f3hoz. Ak\u00e1rcsak Rossi, Deschamps is a v\u00e9delem sz\u00e9l\u00e9n v\u00e1ltoztatott, \u00edgy a n\u00e9metek elleni els\u0151 g\u00f3lban kulcsszerepet v\u00e1llal\u00f3 <strong>Lucas Hernandes<\/strong> hely\u00e9re az Everton j\u00e1t\u00e9kosa, <strong>Lucas Digne<\/strong> ker\u00fclt. A k\u00f6z\u00e9pp\u00e1ly\u00e1ssort most is a <strong>Kant\u00e9, Rabiot, Pogba<\/strong> h\u00e1rmas alkotta, m\u00edg el\u00f6l pedig <strong>Griezman, Mbapp\u00e9 <\/strong>\u00e9s <strong>Benzema<\/strong> kapott helyet.\r\n\r\n<img class=\"alignnone size-full wp-image-885\" src=\"https:\/\/sport24.24.hu\/app\/uploads\/sites\/24\/2021\/06\/2-kep-3.png\" alt=\"\" width=\"3905\" height=\"2197\" \/>\r\n\r\nHogy mennyire m\u00e1s feladatot kellett volna megoldania a francia v\u00e1logatottnak, mint az els\u0151 k\u00f6rben, N\u00e9metorsz\u00e1ggal szemben, azt j\u00f3l mutatja, hogy annak a meccsnek az elej\u00e9n Pogb\u00e1\u00e9k j\u00f3form\u00e1n alig \u00e9rtek labd\u00e1ba, az els\u0151 f\u00e9lid\u0151ben pedig 56-os PPDA-mutat\u00f3t produk\u00e1ltak. Vagyis \u00e1tlagosan 56 \u00e1tad\u00e1st enged\u00e9lyeztek az ellenfel\u00fcknek, miel\u0151tt k\u00eds\u00e9rletet tettek volna a labda megszerz\u00e9s\u00e9re.\r\n\r\n<span class=\"highlight-block-small\">A magyarok ellen viszont domin\u00e1lniuk kellett a franci\u00e1knak, \u00e9s b\u00e1r a mez\u0151nyf\u00f6l\u00e9ny\u00fck val\u00f3ban megvolt, Rossi egy\u00fcttese ism\u00e9t megvillantotta azt a szervezetts\u00e9get, amit m\u00e1r a Portug\u00e1lia elleni meccs j\u00f3r\u00e9sz\u00e9ben is l\u00e1thattunk.<\/span>\r\n<div class=\"payable-content-section\"><\/div>\r\nA fenti k\u00e9pen kirajzol\u00f3dik, hogyan pr\u00f3b\u00e1lt a magyar v\u00e1logatott a m\u00e1r megszokott, 5-3-2-es alakzatban reag\u00e1lni a franci\u00e1k 4-3-3-as t\u00e1mad\u00e1s\u00e9p\u00edt\u00e9s\u00e9re. A k\u00e9t csat\u00e1r, Sallai \u00e9s Szalai eg\u00e9szen a saj\u00e1t t\u00e9rfel\u00e9re z\u00e1rt vissza, \u00e9s kiiktatta a j\u00e1t\u00e9kb\u00f3l N\u2019Golo Kant\u00e9t. Fiola pedig bal oldali sz\u00e1rnyv\u00e9d\u0151k\u00e9nt \u2013 amint a labda a sz\u00e9lre ker\u00fclt Pavardhoz \u2013 azonnal nyom\u00e1st helyezett r\u00e1. Ek\u00f6zben Sch\u00e4fer felvette a k\u00f6z\u00e9pp\u00e1ly\u00e1n Pogb\u00e1t, m\u00edg Nagy \u00c1d\u00e1m a t\u00e1mad\u00f3sorb\u00f3l visszamozg\u00f3 Griezmannt \u0151rizte.\r\n\r\n<img class=\"alignnone size-full wp-image-886\" src=\"https:\/\/sport24.24.hu\/app\/uploads\/sites\/24\/2021\/06\/3-kep-3.png\" alt=\"\" width=\"3905\" height=\"2197\" \/>\r\n\r\nMivel a magyar v\u00e1logatott kiz\u00e1rta az \u00f6sszes lehets\u00e9ges opci\u00f3t a labda el\u0151rejuttat\u00e1s\u00e1ra, a franci\u00e1k az akci\u00f3 folytat\u00e1s\u00e1ban a k\u00f6z\u00e9ph\u00e1tv\u00e9dek mozg\u00f3s\u00edt\u00e1s\u00e1val megj\u00e1ratt\u00e1k a labd\u00e1t, \u00e9s a m\u00e1sik oldalon pr\u00f3b\u00e1lkoztak. Ahol szint\u00e9n sz\u00e9pen kirajzol\u00f3dott a magyarok s\u00e9m\u00e1ja a labda ellen: ahogyan Sch\u00e4fer a mi bal oldalunkon Pogb\u00e1t \u0151rizte, a jobb oldalon Kleinheisler feladata volt nyom\u00e1s al\u00e1 helyezni Rabiot-t, Nego figyelt Digne-re, Botka pedig a v\u00e9delemb\u0151l kil\u00e9pve a visszamozg\u00f3 Mbapp\u00e9t pr\u00f3b\u00e1lta hat\u00e1stalan\u00edtani.\r\n\r\n<img class=\"alignnone size-full wp-image-887\" src=\"https:\/\/sport24.24.hu\/app\/uploads\/sites\/24\/2021\/06\/4-kep-3.png\" alt=\"\" width=\"3905\" height=\"2197\" \/>\r\n\r\nA franci\u00e1k term\u00e9szetesen pr\u00f3b\u00e1ltak vari\u00e1lni a t\u00e1mad\u00e1saik fel\u00e9p\u00edt\u00e9s\u00e9nek m\u00f3dj\u00e1n, de a magyar v\u00e1logatott t\u00f6bbnyire ezekre a h\u00faz\u00e1sokra is j\u00f3l reag\u00e1lt: ebben az esetben Griezmann sz\u00e9les poz\u00edci\u00f3t vett fel, lek\u00f6tve ezzel Fiola figyelm\u00e9t, ami azt is eredm\u00e9nyezhette volna, hogy Pavard szabadon hozhatja fel a labd\u00e1t. Sch\u00e4fer azonban Pogba \u0151rz\u00e9se helyett megt\u00e1madta a jobbh\u00e1tv\u00e9det, \u00e9s Szalai \u00c1d\u00e1m a csat\u00e1rsorb\u00f3l visszal\u00e9pve vette fel a Manchester United klasszis\u00e1t, mik\u00f6zben Sallai Roland tov\u00e1bbra is Kant\u00e9 mellett helyezkedett.\r\n\r\n<img class=\"alignnone size-full wp-image-888\" src=\"https:\/\/sport24.24.hu\/app\/uploads\/sites\/24\/2021\/06\/5-kep-3.png\" alt=\"\" width=\"3905\" height=\"2197\" \/>\r\n\r\nA l\u00e9tsz\u00e1mf\u00f6l\u00e9ny kialak\u00edt\u00e1sa \u00e9rdek\u00e9ben Benzema is visszal\u00e9pett a k\u00f6z\u00e9pcsat\u00e1r hely\u00e9r\u0151l, de Szalai Attila k\u00f6nnyed\u00e9n le tudta k\u00f6vetni a mozg\u00e1s\u00e1t, \u00e9s Pogba ugyan j\u00f3l \u00e9rz\u00e9kelte, hogy \u00edgy hatalmas ter\u00fclet ny\u00edlt meg a magyar v\u00e9delemben, az addig szabad emberk\u00e9nt funkcion\u00e1l\u00f3 Nagy \u00c1d\u00e1m remek\u00fcl vette \u00e1t Szalai \u00c1d\u00e1mt\u00f3l a beindul\u00f3 j\u00e1t\u00e9kost.\r\n\r\n<img class=\"alignnone size-full wp-image-889\" src=\"https:\/\/sport24.24.hu\/app\/uploads\/sites\/24\/2021\/06\/6-kep-3.png\" alt=\"\" width=\"3905\" height=\"2197\" \/>\r\n\r\nA francia v\u00e1logatott csak eseti jelleggel tudta szerkezetileg megbontani a magyar csapatot, \u00e9s pontosan ez t\u00f6rt\u00e9nt az els\u0151 f\u00e9lid\u0151 legnagyobb helyzet\u00e9n\u00e9l is, amikor Gul\u00e1csinak kellett brav\u00farral h\u00e1r\u00edtania Griezmann k\u00f6zelr\u0151l leadott l\u00f6v\u00e9s\u00e9t. Az akci\u00f3 elej\u00e9n Kant\u00e9 visszal\u00e9p\u00e9se miatt \u00e1tmenetileg h\u00e1rom j\u00e1t\u00e9kossal \u00e9p\u00edtkezett a francia csapat, ami l\u00e9tsz\u00e1mf\u00f6l\u00e9nyt eredm\u00e9nyezett a k\u00e9t csat\u00e1rral szemben, \u00e9s Presnel Kimpembe el\u0151tt megny\u00edlt az \u00fat a labda felcipel\u00e9s\u00e9re.\r\n\r\nErre az eddig \u00e1ltal\u00e1ban Rabiot-ra figyel\u0151 Kleinheislernek kellett reag\u00e1lnia, amivel egy id\u0151ben a franci\u00e1k ellent\u00e9tes ir\u00e1ny\u00fa mozg\u00e1ssal teremtettek \u00fcres ter\u00fcletet Mbapp\u00e9nak: Rabiot magas poz\u00edci\u00f3t vett fel, lefoglalva ezzel Botk\u00e1t, aki \u00edgy nem tudta k\u00f6vetni a visszal\u00e9p\u0151 Mbapp\u00e9t. A Paris Saint-Germain klasszisa \u00edgy zavartalanul fordulhatott a kapu fel\u00e9 a k\u00e9t v\u00e9delmi vonal k\u00f6z\u00f6tt.\r\n\r\n<img class=\"alignnone size-full wp-image-890\" src=\"https:\/\/sport24.24.hu\/app\/uploads\/sites\/24\/2021\/06\/7-kep-3.png\" alt=\"\" width=\"3905\" height=\"2197\" \/>\r\n\r\nA magyar v\u00e9dekez\u00e9s \u00edgy teljesen elcs\u00faszott, \u00e9s a szabadon l\u00e9v\u0151 Mbapp\u00e9ra Szalai Attil\u00e1nak kellett beljebb l\u00e9pnie, \u00edgy viszont m\u00e1r a visszal\u00e9p\u0151 Benzema el\u0151tt ny\u00edlt \u00fcres ter\u00fclet. Fontos elem volt m\u00e9g az akci\u00f3 sor\u00e1n Griezmann keresztbemozg\u00e1sa a Szalai m\u00f6g\u00f6tti ter\u00fcletre; erre Fiol\u00e1nak kellett \u201ev\u00e1laszolnia\u201d, \u00edgy a szabad folyos\u00f3ban Benzema l\u0151hetett, a kipattan\u00f3ra pedig m\u00e1r k\u00f6zvetlen\u00fcl a kapu el\u0151tt \u00e9rhetett oda Griezmann.\r\n\r\n\u00c1m az ilyen \u00f6sszehangolt, csapatszint\u0171 bont\u00e1sok nagyon ritk\u00e1n jelentek meg a francia csapat j\u00e1t\u00e9k\u00e1ban, \u00edgy vesz\u00e9lyt t\u00f6bbnyire akkor tudtak kialak\u00edtani, ha valamelyik klasszis (legink\u00e1bb Mbapp\u00e9) kis ter\u00fcleten, egy az egyben \u201ele tudott venni\u201d egy ellenfelet a p\u00e1ly\u00e1r\u00f3l.\r\n\r\nA legnagyobb probl\u00e9m\u00e1t tal\u00e1n az jelentette Deschamps csapat\u00e1nak, hogy a jobb oldalon Pavard nem tudta kell\u0151 hat\u00e9konys\u00e1ggal seg\u00edteni a t\u00e1mad\u00e1sokat. \u00cdgy a m\u00e1sodik f\u00e9lid\u0151ben <strong>Ousmane Demb\u00e9l\u00e9<\/strong> \u00e1llt be, hogy tartani tudja a sz\u00e9less\u00e9get a jobb oldalon, \u00e9s egy az egyben pr\u00f3b\u00e1lja megverni Fiol\u00e1t, mik\u00f6zben egy 3-2-5\/2-3-5-\u00f6s szerkezetben Pavard t\u00f6bbnyire egyel beljebb, a f\u00e9lter\u00fcletben helyezkedett.\r\n\r\nhttps:\/\/twitter.com\/EricLaurie\/status\/1406261847175610368\r\n\r\nFiola viszont j\u00f3l \u00e1llta a sarat, a magyar v\u00e1logatott pedig rendk\u00edv\u00fcl bosszant\u00f3 m\u00f3don nem is egy fel\u00e9p\u00edtett akci\u00f3 v\u00e9g\u00e9n, hanem a saj\u00e1t szabadr\u00fag\u00e1s\u00e1t k\u00f6vet\u0151en, egy Lloris \u00e1ltal el\u0151rer\u00fagott labd\u00e1t k\u00f6vet\u0151en kapott g\u00f3lt. Tal\u00e1n kiss\u00e9 meggondolatlan m\u00f3don a pontr\u00fag\u00e1sn\u00e1l Nagy \u00c1d\u00e1mot \u00e9s Loic Neg\u00f3t egy az egyben siker\u00fclt hagyni az ellenf\u00e9l k\u00e9t leggyorsabb j\u00e1t\u00e9kos\u00e1val, Demb\u00e9l\u00e9vel meg Mbapp\u00e9val, \u00e9s v\u00e9g\u00fcl az ut\u00f3bbi haszn\u00e1lta ki elk\u00e9peszt\u0151 sebess\u00e9g\u00e9t, tov\u00e1bb\u00e1 a v\u00e9d\u0151k hat\u00e1rozatlans\u00e1g\u00e1t.\r\n\r\n<span class=\"highlight-block-small\">Csakhogy Griezmann g\u00f3lja el\u0151tt, az els\u0151 f\u00e9lid\u0151 v\u00e9g\u00e9n a magyar csapat Fiola r\u00e9v\u00e9n m\u00e1r vezet\u00e9shez jutott. <\/span>\r\n\r\nA Portug\u00e1lia elleni meccshez k\u00e9pest siker\u00fclt \u00e1lland\u00f3s\u00edtani a t\u00f6bbnyire szil\u00e1rd \u00e9s j\u00f3l szervezett v\u00e9dekez\u00e9st, s emellett labd\u00e1s j\u00e1t\u00e9kban is siker\u00fclt el\u0151rel\u00e9pnie Rossi csapat\u00e1nak. R\u00e9szben a saj\u00e1t kidolgozott s\u00e9m\u00e1inak, r\u00e9szben a franci\u00e1k szerkezetb\u00e9li hi\u00e1nyoss\u00e1gainak k\u00f6sz\u00f6nhet\u0151en.\r\n\r\n<img class=\"alignnone size-full wp-image-891\" src=\"https:\/\/sport24.24.hu\/app\/uploads\/sites\/24\/2021\/06\/8-kep-2.png\" alt=\"\" width=\"3905\" height=\"2197\" \/>\r\n\r\nA francia v\u00e1logatott 4-3-3-as alakzatban v\u00e9dekezett, ami azt jelentette, hogy a h\u00e1rom t\u00e1mad\u00f3 egy az egyben pr\u00f3b\u00e1lta t\u00e1madni a magyarok k\u00f6z\u00e9ph\u00e1tv\u00e9dj\u00e9t. Erre v\u00e1laszul Nagy \u00c1d\u00e1m a p\u00e1lya k\u00f6zep\u00e9r\u0151l gyakran visszal\u00e9pett a jobb oldali bels\u0151 v\u00e9d\u0151 poz\u00edci\u00f3j\u00e1ba, a jobb oldalon pedig \u00edgy Nego magasabb poz\u00edci\u00f3t vehetett fel, m\u00edg Botka szinte a hagyom\u00e1nyos jobbh\u00e1tv\u00e9d poz\u00edci\u00f3j\u00e1t foglalta el.\r\n\r\nMindez lehet\u0151v\u00e9 tette a magyar csapat sz\u00e1m\u00e1ra, hogy l\u00e9tsz\u00e1mf\u00f6l\u00e9nyt alak\u00edtson ki a h\u00e1rom francia t\u00e1mad\u00f3val szemben, ami egyr\u00e9szt seg\u00edtette a labda el\u0151rejuttat\u00e1s\u00e1t, a m\u00e9rk\u0151z\u00e9s v\u00e9ge fel\u00e9 k\u00f6zeledve pedig nyom\u00e1s alatt is siker\u00fclt az el\u0151z\u0151 meccshez k\u00e9pest hat\u00e9konyan megtartani a labd\u00e1t.\r\n\r\n<img class=\"alignnone size-full wp-image-892\" src=\"https:\/\/sport24.24.hu\/app\/uploads\/sites\/24\/2021\/06\/9-kep-1.png\" alt=\"\" width=\"3905\" height=\"2197\" \/>\r\n\r\nAz el\u0151z\u0151 jelenet folytat\u00e1s\u00e1ban Orban volt az, aki v\u00e9g\u00fcl szabad emberk\u00e9nt hozhatta ki a v\u00e9delemb\u0151l a labd\u00e1t, \u00e9s j\u00e1tszhatta meg az oldalvonal mellett magasan helyezked\u0151 Fiol\u00e1t, s a magyar v\u00e1logatott k\u00f6nnyed\u00e9n jutott el a franci\u00e1k t\u00e9rfel\u00e9re.\r\n\r\n<img class=\"alignnone size-full wp-image-893\" src=\"https:\/\/sport24.24.hu\/app\/uploads\/sites\/24\/2021\/06\/10-kep-1.png\" alt=\"\" width=\"3905\" height=\"2197\" \/>\r\n\r\nFiol\u00e1t\u00f3l pedig azonnal kapta az ind\u00edt\u00e1st Sallai Roland, akit a minden t\u00e9ren pokolian rossz meccset z\u00e1r\u00f3 Pavard csak szab\u00e1lytalanul tudott meg\u00e1ll\u00edtani, \u00e9s vesz\u00e9lyes helyr\u0151l j\u00f6hetett szabadr\u00fag\u00e1ssal a magyar v\u00e1logatott.\r\n\r\n<img class=\"alignnone size-full wp-image-894\" src=\"https:\/\/sport24.24.hu\/app\/uploads\/sites\/24\/2021\/06\/11-kep-1.png\" alt=\"\" width=\"3905\" height=\"2197\" \/>\r\n\r\nNagy \u00c1d\u00e1mnak r\u00e1ad\u00e1sul nem is kellett mindig visszal\u00e9pnie a v\u00e9delemben a sikeres labdakihozatalhoz; \u00a0itt p\u00e9ld\u00e1ul egy sz\u00e9lre kitett labd\u00e1t k\u00f6vet\u0151en Sch\u00e4fer nyit passzfolyos\u00f3t Nagynak az \u00fcres ter\u00fcletre beindul\u00e1ssal. \u00c9rdemes kiemelni, hogy az el\u0151z\u0151 m\u00e9rk\u0151z\u00e9sen a portug\u00e1lok <strong>Bruno Fernandes<\/strong> szem\u00e9ly\u00e9ben folyamatosan \u00e1ll\u00edtottak embert Nagy \u00c1d\u00e1mra a 4-2-1-3-as alakzatban, a francia csapatban viszont a 4-3-3-ban Kant\u00e9nak kellett volna m\u00e9lyr\u0151l feljebb l\u00e9pnie a magyarok hatos\u00e1ra, amit Sallai vagy Szalai, valamint a k\u00e9s\u0151bb az ut\u00f3bbi hely\u00e9re be\u00e1ll\u00f3 Nikolics m\u00e9lyebb helyezked\u00e9se tett kock\u00e1zatoss\u00e1.\r\n\r\n<img class=\"alignnone size-full wp-image-895\" src=\"https:\/\/sport24.24.hu\/app\/uploads\/sites\/24\/2021\/06\/12-kep.png\" alt=\"\" width=\"3905\" height=\"2197\" \/>\r\n\r\nAz tal\u00e1n az eddigi meccsjelenetekb\u0151l is l\u00e1tszik, hogy a h\u00e1rom magasan helyezked\u0151 francia t\u00e1mad\u00f3t sokszor k\u00fcl\u00f6n\u00f6sebb gond n\u00e9lk\u00fcl j\u00e1tszotta \u00e1t a magyar csapat, de a helyezked\u00e9s\u00fcknek ezen fel\u00fcl, a v\u00e9d\u0151 harmadban is komoly k\u00f6vetkezm\u00e9nye volt.\r\n\r\nM\u00e1r a harmadik percben kialakult egy olyan szitu\u00e1ci\u00f3, amely v\u00e9g\u00fcl a magyar v\u00e1logatott g\u00f3lj\u00e1t is eredm\u00e9nyezte. Mivel Mbapp\u00e9, Benzema \u00e9s Griezmann egy az egyben t\u00e1madta a magyar bels\u0151 v\u00e9d\u0151ket, ez\u00e9rt a sz\u00e9len Pavardnak kellett folyamatosan kil\u00e9pnie Fiol\u00e1ra, ami azt jelentette, hogy a k\u00e9t magyar csat\u00e1r egy az egyben j\u00e1tszhatott a francia bels\u0151 v\u00e9d\u0151kkel szemben. A zseni\u00e1lisan j\u00e1tsz\u00f3 Sallai a fenti k\u00e9pen l\u00e1that\u00f3 akci\u00f3n\u00e1l is beindul a Fiol\u00e1ra kil\u00e9p\u0151 Pavard m\u00f6g\u00e9, Varane pedig csak szab\u00e1lytalanul tudta meg\u00e1ll\u00edtani.\r\n\r\n<img class=\"alignnone size-full wp-image-896\" src=\"https:\/\/sport24.24.hu\/app\/uploads\/sites\/24\/2021\/06\/13-kep.png\" alt=\"\" width=\"3905\" height=\"2197\" \/>\r\n\r\nV\u00e9g\u00fcl pedig a magyar g\u00f3ln\u00e1l is hasonl\u00f3 szitu\u00e1ci\u00f3 alakult ki: Griezmann magas helyezked\u00e9se miatt Pavardnak kellett t\u00e1madnia Fiol\u00e1t, m\u00edg Varane k\u00e9nytelen volt k\u00f6vetni a csapatt\u00e1rs\u00e1t t\u00e1mogatni igyekv\u0151 Sallait. A k\u00e9nyszer\u00edt\u0151 v\u00e9g\u00e9n azt\u00e1n Fiola \u00e9ppen a Varane m\u00f6g\u00f6tt megny\u00edl\u00f3 folyos\u00f3t tudta befutni, miel\u0151tt Lloris mellett a kapuba gur\u00edtott.\r\n\r\nMarco Rossi k\u00f6zvetlen\u00fcl a m\u00e9rk\u0151z\u00e9s ut\u00e1n a magyar csapat brav\u00faros pontszerz\u00e9se kapcs\u00e1n azt emelte ki, hogy <a href=\"https:\/\/eb2020.24.hu\/hirek\/2021\/06\/19\/magyar-francia-foci-eb-marco-rossi\/?fbclid=IwAR0Z8C1zid7ylXLZS_etTp81CfXCABuQsa7boGuRWfy5h9q3bjQ5MYZk7bo\" target=\"_blank\" rel=\"noopener noreferrer\">j\u00e1t\u00e9kosai kell\u0151 b\u00e1tors\u00e1ggal \u00e9s sz\u00edvvel futballoztak<\/a>. Val\u00f3ban t\u00e9ny, hogy a m\u00e9rk\u0151z\u00e9sek v\u00e9gkimenetel\u00e9t m\u00e1r els\u0151sorban a j\u00e1t\u00e9kosok d\u00f6ntik el (ezt vallja t\u00f6bbek k\u00f6z\u00f6tt a vil\u00e1g egyik legjobb edz\u0151jek\u00e9nt sz\u00e1mon tartott <strong>Pep Guardiola<\/strong> is), de hi\u00e1ba tett volna meg mindent a magyar csapat, hogyha ez nem p\u00e1rosul megfelel\u0151 felk\u00e9sz\u00fclts\u00e9ggel.\r\n\r\n<span class=\"highlight-block\">\u00d3ri\u00e1si a kontraszt Rossi edz\u0151i tev\u00e9kenys\u00e9ge, \u00e9s el\u0151dje, Georges Leekens\u00e9 k\u00f6z\u00f6tt. <\/span>\r\n\r\nA belga tr\u00e9ner n\u00e9h\u00e1ny meccses regn\u00e1l\u00e1sa alatt a magyar v\u00e1logatottnak semmif\u00e9le elk\u00e9pzel\u00e9se nem volt a saj\u00e1t \u00e9s ellenfelei j\u00e1t\u00e9k\u00e1r\u00f3l, m\u00edg az olasz mester \u00e9rkez\u00e9se \u00f3ta alig akadt olyan meccse a v\u00e1logatottnak, amelyen ne lett volna vil\u00e1gos terve. S azt a j\u00e1t\u00e9kosoknak m\u00e1r csak kellett megval\u00f3s\u00edtaniuk; az egy\u00e9ni k\u00e9pess\u00e9gek mellett itt kap szerepet az akarater\u0151.\r\n\r\nFranciaorsz\u00e1g ellen a magyar v\u00e1logatott nemcsak megtartotta az er\u0151ss\u00e9geit a labda n\u00e9lk\u00fcli szervezetts\u00e9gben, hanem a labd\u00e1s j\u00e1t\u00e9k\u00e1val kihaszn\u00e1lta az ellenf\u00e9l szerkezet\u00e9nek gyenges\u00e9geit. \u00c9s ez v\u00e9g\u00fcl az Eur\u00f3pa-bajnoks\u00e1g eddigi legnagyobb brav\u00farj\u00e1t eredm\u00e9nyezte.\r\n\r\n[prefabricated_shortcode in_app=\"0\" code=\"%3Cdiv%20class%3D%22article_box_border%22%20style%3D%22background%3A%20url%28%27https%3A%2F%2F24.p3k.hu%2Fapp%2Fuploads%2Fsites%2F24%2F2021%2F05%2Fsport24-pattern.png%27%29%20no-repeat%20left%20-16px%20%23f3f3f4%3B%20border%3A%20none%3B%22%3E%0D%0A%3Cdiv%20class%3D%22article_solidheader%22%3E%0D%0A%3Ch2%20style%3D%22color%3A%20%23111115%21important%3B%20font-size%3A%2036px%3B%20font-weight%3A%20bold%3B%20margin-bottom%3A%2030px%3B%20margin-top%3A%2020px%3B%20text-align%3A%20center%3B%20line-height%3A%2036px%3B%22%3E%3Cimg%20class%3D%22aligncenter%20size-full%20wp-image-141%22%20src%3D%22https%3A%2F%2F24.p3k.hu%2Fapp%2Fuploads%2Fsites%2F24%2F2021%2F05%2Fs24-logo-dt.png%22%20alt%3D%22%22%20width%3D%22408%22%20height%3D%2290%22%20%2F%3E%3C%2Fh2%3E%0D%0A%3Ch2%20style%3D%22color%3A%20%23111115%21important%3B%20font-size%3A%2036px%3B%20font-weight%3A%20bold%3B%20margin-bottom%3A%2030px%3B%20margin-top%3A%2020px%3B%20text-align%3A%20center%3B%20line-height%3A%2040px%3B%22%3ECsatlakozz%20a%20Sport24%20k%C3%B6z%C3%B6ss%C3%A9ghez%2C%20mondd%20el%20v%C3%A9lem%C3%A9nyedet%20z%C3%A1rt%20Facebook-csoportunkban%2C%20%C3%A9s%20vegy%C3%A9l%20r%C3%A9szt%20csak%20el%C5%91fizet%C5%91knek%20el%C3%A9rhet%C5%91%20exkluz%C3%ADv%20esem%C3%A9nyeinken.%3C%2Fh2%3E%0D%0A%3C%2Fdiv%3E%0D%0A%3Cp%20style%3D%22background%3A%20%2357A600%3B%20margin-top%3A%2020px%3B%20padding%3A%2020px%3B%20text-align%3A%20center%3B%22%3E%3Ca%20style%3D%22color%3A%20%23ffffff%3B%20font-size%3A%2026px%3B%20font-weight%3A%20600%3B%22%20href%3D%22https%3A%2F%2Fwww.facebook.com%2Fgroups%2F212344460412327%22%3ECSATLAKOZOM%3C%2Fa%3E%3C%2Fp%3E%0D%0A%0D%0A%3C%2Fdiv%3E\"]","type":"rich","thumbnail_url":"https:\/\/s.24.hu\/app\/uploads\/sites\/24\/2021\/06\/dszzs20210619116-150x150.jpg","thumbnail_width":150,"thumbnail_height":150}