{"version":"1.0","provider_name":"Sport24","provider_url":"https:\/\/sport24.24.hu","author_name":"Fut\u00f3 Csaba","author_url":"https:\/\/sport24.24.hu\/author\/futocs\/","title":"Vajon mi lesz Eriksen n\u00e9lk\u00fcl a d\u00e1nokkal?","html":"[central_article_recommendation title=\"Kapcsol\u00f3d\u00f3\" url=\"https:\/\/eb2020.24.hu\/kozvetites\/2021\/06\/17\/foci-eb-2020-dania-belgium-b-csoport-meccs-elo\/\" image=\"1\" lead=\"1\"]","type":"rich","thumbnail_url":"https:\/\/s.24.hu\/app\/uploads\/sites\/24\/2021\/06\/dania-150x150.jpg","thumbnail_width":150,"thumbnail_height":150}